{"id":89,"date":"2014-07-24T22:17:44","date_gmt":"2014-07-24T21:17:44","guid":{"rendered":"http:\/\/blog.uclm.es\/teresasantamaria\/?page_id=89"},"modified":"2014-07-24T22:17:44","modified_gmt":"2014-07-24T21:17:44","slug":"gestion","status":"publish","type":"page","link":"https:\/\/blog.uclm.es\/teresasantamaria\/gestion\/","title":{"rendered":"GESTI\u00d3N"},"content":{"rendered":"<p>1. Directora de la <a href=\"http:\/\/escueladetraductores.uclm.es\/\">Escuela de Traductores de Toledo<\/a> desde marzo de 2017.<\/p>\n<p>2. Investigadora Principal de la Red de Excelencia \u00ab<a href=\"https:\/\/blog.uclm.es\/repeme\/2018\/05\/02\/workshop-internacional-de-investigacion\/\"><em>Opera Medica<\/em>: Recuperaci\u00f3n del patrimonio textual grecolatino de la Medicina europea<\/a>\u00bb (<a href=\"https:\/\/sede.micinn.gob.es\/stfls\/eSede\/Ficheros\/2017\/RD-Redes-Excelencia-2016.pdf\">FFI2016-81769-REDT, MEC<\/a>) en 2017-2018, y \u201cOpera Medica: Recuperaci\u00f3n del patrimonio textual grecolatino de la Medicina europea II\u201d (RED2018-102781-T, MICIU), en 2019-2021 del Programa Estatal de Investigaci\u00f3n Cient\u00edfica y T\u00e9cnica de Excelencia.<\/p>\n<p>3. Investigadora Principal del Proyecto \u00abGalenus Latinus II: Recuperaci\u00f3n del Patrimonio de la Medicina Europea II\u201d, FFI2016-77240-P, MICIU \/ FEDER, 2017-2021.<\/p>\n<p>4. Investigadora Principal del Proyecto \u201cGalenus Latinus I: Recuperaci\u00f3n del Patrimonio Escrito de la Medicina Europea: ediciones cr\u00edticas e interpretaci\u00f3n de libros medicinales de \u00e9poca medieval y moderna\u201d, <a href=\"https:\/\/sede.micinn.gob.es\/stfls\/eSede\/Ficheros\/2014\/Anexo_Preseleccionados_PRP_Proyectos_Excelencia_2013.pdf\">FFI2013-42904-P-MINECO<\/a> &#8211;\u00a0 2014-2016.<\/p>\n<p>5. Investigadora Principal del Proyecto \u201cDos manuscritos toledanos con textos m\u00e9dicos latinos tardoantiguos y medievales\u201d (<a href=\"https:\/\/www.fecyt.es\/es\/convocatoria\/5576\/5385\">POII-2014-019-P<\/a>), Consejer\u00eda de Educaci\u00f3n, Ciencia y Cultura \u2013 Junta de Comunidades de Castilla-La Mancha, 2014-2016.<\/p>\n<p>6. Directora del Grupo de Investigaci\u00f3n consolidado <a href=\"https:\/\/blog.uclm.es\/repeme\/equipos\">Interpretes Medicinae<\/a>.<\/p>\n<p>7. Directora de <a href=\"https:\/\/blog.uclm.es\/proyectospeculum\/equipo\/?lang=en\">SPECULUM: Observatory for European Cultural Identity<\/a>.<\/p>\n<p>8. Presidenta de la <a href=\"http:\/\/www.estudiosclasicos.org\/secciones-de-la-seec\/seec-castilla-la-mancha\/\">Delegaci\u00f3n de Castilla-La Mancha de la Sociedad Espa\u00f1ola de Estudios Cl\u00e1sicos<\/a> desde 2016.<\/p>\n<p>9. Organizadora de la exposici\u00f3n virtual \u00ab<a href=\"https:\/\/europainterpres.eu\"><em>Europa Interpres<\/em>: Translators, Builders of Europe<\/a>\u00ab.<\/p>\n<p>10. Secretaria de la Facultad de Humanidades de Albacete: 8\/10\/2007 a 31\/01\/2009.<\/p>\n<p>11. Directora del Proyecto de Innovaci\u00f3n docente \u201cAplicaciones docentes en Filolog\u00eda Cl\u00e1sica, Hisp\u00e1nica y Filolog\u00eda Inglesa-Arte en la Facultad de Humanidades de Albacete\u201d (subvencionado con una Ayuda para Proyectos de Innovaci\u00f3n docente e implantaci\u00f3n de ECTS de la Universidad de Castilla-La Mancha, del Vicerrectorado de Convergencia Europea y Ordenaci\u00f3n Acad\u00e9mica), curso 2005\/06.<\/p>\n<p>12. Miembro de la Junta de Facultad de la Facultad de Humanidades de Albacete desde octubre de 2007.<\/p>\n<p>13. Vicepresidenta Segunda del Comit\u00e9 Ejecutivo de la <a href=\"http:\/\/ianls.com\/index2.html?top0.html&amp;0:home.html&amp;2\">International Association for Neolatin Studies<\/a>\u00a0(2015-2018).<\/p>\n<p>14. Vicepresidenta de la Delegaci\u00f3n de Castilla-La Mancha de la Sociedad Espa\u00f1ola de Estudios Cl\u00e1sicos desde 2004 hasta 2016.<\/p>\n<p>15. Miembro de la Comisi\u00f3n de Doctorado y Promoci\u00f3n de la Investigaci\u00f3n de la Facultad de Humanidades de Albacete en los cursos 2005\/06, 2006\/07.<\/p>\n<p>16. Miembro de la Comisi\u00f3n para la elaboraci\u00f3n del nuevo Plan de Estudios de M\u00e1ster de la Facultad de Humanidades de Albacete en el curso 2009\/2010.<\/p>\n<p>17. Miembro de la Comisi\u00f3n para la elaboraci\u00f3n del nuevo Plan de Estudios de Grado de la Facultad de Humanidades de Albacete, de mayo de 2008 a junio de 2009.<\/p>\n<p>18. Miembro de la Comisi\u00f3n de Convalidaci\u00f3n de la Facultad de Humanidades de Albacete, cursos 2003\/04, 2004\/05, 2005\/06, 2009\/2010 y 2010\/2011.<\/p>\n<p>19. Miembro de la Comisi\u00f3n de Docencia de la Facultad de Humanidades de Albacete en el curso 2006\/07.<\/p>\n<p>20. Miembro del Grupo Docente de primer curso de la Licenciatura de Humanidades de Albacete, constituido en abril de 2005 para la implantaci\u00f3n piloto de Cr\u00e9ditos ECTS. Coordinadora en los cursos 2005\/06 y 2006\/07.<\/p>\n<p>21. Miembro del Comit\u00e9 de Autoevaluaci\u00f3n para la Evaluaci\u00f3n por la ANECA de la Facultad de Humanidades de Albacete (mayo de 2004 \u2013 noviembre de 2005).<\/p>\n","protected":false},"excerpt":{"rendered":"<p>1. Directora de la Escuela de Traductores de Toledo desde marzo de 2017. 2. Investigadora Principal de la Red de Excelencia \u00abOpera Medica: Recuperaci\u00f3n del patrimonio textual grecolatino de la Medicina europea\u00bb (FFI2016-81769-REDT, MEC) en 2017-2018, y \u201cOpera Medica: Recuperaci\u00f3n del patrimonio textual grecolatino de la Medicina europea II\u201d (RED2018-102781-T, MICIU), en 2019-2021 del Programa &hellip; <a href=\"https:\/\/blog.uclm.es\/teresasantamaria\/gestion\/\" class=\"more-link\">Seguir leyendo <span class=\"screen-reader-text\">GESTI\u00d3N<\/span> <span class=\"meta-nav\">&rarr;<\/span><\/a><\/p>\n","protected":false},"author":31,"featured_media":0,"parent":0,"menu_order":0,"comment_status":"closed","ping_status":"open","template":"","meta":{"footnotes":""},"class_list":["post-89","page","type-page","status-publish","hentry"],"_links":{"self":[{"href":"https:\/\/blog.uclm.es\/teresasantamaria\/wp-json\/wp\/v2\/pages\/89","targetHints":{"allow":["GET"]}}],"collection":[{"href":"https:\/\/blog.uclm.es\/teresasantamaria\/wp-json\/wp\/v2\/pages"}],"about":[{"href":"https:\/\/blog.uclm.es\/teresasantamaria\/wp-json\/wp\/v2\/types\/page"}],"author":[{"embeddable":true,"href":"https:\/\/blog.uclm.es\/teresasantamaria\/wp-json\/wp\/v2\/users\/31"}],"replies":[{"embeddable":true,"href":"https:\/\/blog.uclm.es\/teresasantamaria\/wp-json\/wp\/v2\/comments?post=89"}],"version-history":[{"count":0,"href":"https:\/\/blog.uclm.es\/teresasantamaria\/wp-json\/wp\/v2\/pages\/89\/revisions"}],"wp:attachment":[{"href":"https:\/\/blog.uclm.es\/teresasantamaria\/wp-json\/wp\/v2\/media?parent=89"}],"curies":[{"name":"wp","href":"https:\/\/api.w.org\/{rel}","templated":true}]}}