{"id":83,"date":"2014-07-24T22:11:53","date_gmt":"2014-07-24T21:11:53","guid":{"rendered":"http:\/\/blog.uclm.es\/teresasantamaria\/?page_id=83"},"modified":"2014-07-24T22:11:53","modified_gmt":"2014-07-24T21:11:53","slug":"congresos","status":"publish","type":"page","link":"https:\/\/blog.uclm.es\/teresasantamaria\/congresos\/","title":{"rendered":"CONGRESOS"},"content":{"rendered":"<p><strong>I. PONENCIAS Y CONFERENCIAS POR INVITACI\u00d3N EN:<\/strong><\/p>\n<p>Congreso Internacional de Arte y Literatura Di\u00e1logos en torno al libro: texto e imagen, Facultad de Humanidades de Albacete, 28-30 de octubre de 2020: \u201cPalabra e imagen en un manual de fitoterapia de origen tardoantiguo: Medicina, magia y superstici\u00f3n en el <em>Herbario<\/em> de Pseudo Apuleyo\u201d.<\/p>\n<p>I Congreso Internacional de Medicina Antigua \u201cA la sombra de Hip\u00f3crates. Salud, medicina en el mundo antiguo y su pervivencia en Occidente\u201d, Universidades de Granada, C\u00e1diz y Aut\u00f3noma de Barcelona, 10-12 junio 2020: \u201cTraduciendo e interpretando a Hip\u00f3crates: las\u00a0<i>Epidemias<\/i> en el humanismo m\u00e9dico europeo\u201d.<\/p>\n<p>II Jornadas Doctorales de la Escuela de Traductores de Toledo, 11 de diciembre de 2020: \u201cLexicograf\u00eda y fijaci\u00f3n del texto: el caso de la <em>Mulomedicina Chironis<\/em>\u201d.<\/p>\n<p>\u201cLengua y traducci\u00f3n como factores de integraci\u00f3n\u201d, Coloquio online para celebrar el D\u00eda Europeo de las Lenguas, 24\/09\/2020: \u201cLatinidad y cohesi\u00f3n\u201d.<\/p>\n<p><a href=\"http:\/\/www.colveto.org\/web\/wp-content\/uploads\/2019\/03\/PROGRAMA.pdf\">XXV Congreso Nacional y XVI Congreso Iberoamericano de Historia\u00a0 de la Veterinaria: <span style=\"font-size: 13.0pt;color: black;background: white\">\u201c<\/span>Las ciencias veterinarias al servicio de la sociedad<\/a><span style=\"font-size: 13.0pt;color: black;background: white\">\u201d. Toledo, 15 al 17 de noviembre de 2019. Ponencia \u201cDe la Antig\u00fcedad al siglo XII toledano: la compleja transmisi\u00f3n de la &#8216;enfermedad bovina&#8217;\u201d.<\/span><\/p>\n<p>Curso de especializaci\u00f3n <em>El lat\u00edn en el discurso intelectual de la Edad Moderna: ciencia, religi\u00f3n, filosof\u00eda<\/em>, CSIC (CCHS), Madrid, 14-18\/10\/2019. \u00abClaves para interpretar el lat\u00edn de la Medicina renacentista\u201d.<\/p>\n<p style=\"text-align: justify\"><span style=\"font-size: 13.0pt;color: black;background: white\"><a href=\"http:\/\/www.uco.es\/servicios\/comunicacion\/actualidad\/noticias\/item\/download\/107091\">Workshop Internacional Technical Knowledge Europe 2018: Recetarios cient\u00edficos y t\u00e9cnicos de la Europa Medieval<\/a>. C\u00f3rdoba, 30 de noviembre de 2018. Ponencia sobre \u201c<\/span>Estructura y contenido de un recetario altomedieval; la Teraupetica (sic)<span style=\"font-size: 13.0pt;color: black;background: white\">\u201d.<\/span><\/p>\n<p><a href=\"http:\/\/www.scienzeantichita.unina.it\/index.php?lang=en\">Seminari del gruppo di ricerca Multiculturalismo, Retorica e Scienza nel Mondo Antico<\/a>. N\u00e1poles, 7 de noviembre de 2018. Conferencia sobre \u00ab<a href=\"http:\/\/www.scienzeantichita.unina.it\/materiali\/convegni\/2018\/Santamaria.pdf\">Humanismo renacentista y lat\u00edn m\u00e9dico: una renovaci\u00f3n desde la Antig\u00fcedad<\/a><em>\u00ab.<\/em><\/p>\n<p><a href=\"http:\/\/sapereantico.uniroma2.it\/xvi-colloquium-hippocraticum\/?lang=en\">XVI.\u00a0Colloquium Hippocraticum: Hippocrates and the others<\/a>. Roma, 25-27 de octubre de 2018. Ponencia sobre \u00ab<em>El De augmento humorum pseudohipocr\u00e1tico: estructura, fuentes y funci\u00f3n en la Medicina altomedieval<\/em>\u00ab.<\/p>\n<p><a href=\"https:\/\/ec.europa.eu\/spain\/events\/20180928-edlangs2018_es\">Los Traductores, Constructores de Europa: de la Escuela de Traductores de Toledo a nuestros d\u00edas<\/a>, Jornadas de la Comisi\u00f3n Europea en el D\u00eda Europeo de las Lenguas, Toledo, Cobertizo de San Pedro M\u00e1rtir, 28-29 de septiembre de 2018. Ponencia sobre \u00abLa Escuela de Traductores de Toledo y la Medicina: las versiones de Gerardo de Cremona en el siglo XXI\u00bb.<\/p>\n<p><a href=\"https:\/\/f-origin.hypotheses.org\/wp-content\/blogs.dir\/1449\/files\/2018\/09\/programme-XIII-e-colloque-220918-VFINALE-1.pdf\">XIII<sup>e<\/sup>\u00a0Colloque International sur les Textes M\u00e9dicaux Latins<\/a>. Reims, 20-22 de septiembre de 2018. Ponencia sobre \u00abLa <em>uirtus attractiua<\/em> de los purgantes en el <em>De catarticis<\/em> pseudogal\u00e9nico: entre el s\u00edmil y la explicaci\u00f3n racional\u00bb.<\/p>\n<p><a href=\"https:\/\/formacion.funge.uva.es\/media\/cursos\/895\/triptico.pdf\">Historia, Juda\u00edsmo y Medicina Pr\u00e1ctica en el Renacimiento<\/a>. <a href=\"http:\/\/eventos.uva.es\/agenda\/show_event\/14131\/congreso-internacional-andquot;amato-lusitano.-judaismo-y-medicina-practica-en-el-renacimientoandqu.html\">Congreso Internacional Amato Lusitano<\/a>. Valladolid, 19-21 de octubre de 2017. Ponencia sobre \u00abLa modernizaci\u00f3n de un escrito m\u00e9dico: extractos humanistas en la obra medievalizante del converso toledano \u00c1lvaro de Castro\u00bb.<\/p>\n<p><a href=\"http:\/\/www.fasticongressuum.com\/single-post\/2017\/03\/10\/Collection-and-Fragmentation-Medical-Compilations-from-the-Orient-and-Occident-and-their-Sources--29-30-0109-102017-Berlin-Germany\">Collection and Fragmentation: Medical Compilations from the Orient and Occident and their Sources<\/a>. Berlin, 39 de septiembre al 2 de octubre de 2017. Ponencia sobre \u00abTres compilaciones medievales atribuidas a Oribasio (De dynamidiis, Practica y Excerpta ex libro decimo): transmisi\u00f3n y fuentes\u00bb.<\/p>\n<p><a href=\"http:\/\/caas-cw.org\/wp\/2016\/10\/18\/1510\/\">XIV Conventus Internationalis Academiae Latinitati Fovendae<\/a>. <a href=\"https:\/\/academialatinitatifovendae.com\/conventus\/\">Lexington (Kentucky), 27-31 de julio de 2017<\/a>. Ponencia\u00a0<em>De paeoniae usu in navigationibus ex Herbarii pseudo-Apuleiani praescriptione.<\/em><\/p>\n<p>Seminario <a href=\"http:\/\/institucional.us.es\/seecsehu\/wp-content\/uploads\/2017\/04\/Programa-Docere-Delectare-B.pdf\"><em>Docere et delectare<\/em>: hablar y escribir lat\u00edn en el siglo XXI.<\/a>\u00a0Sevilla, 10 y 12 de mayo de 2017. Ponencia\u00a0sobre \u00abEl empleo del lat\u00edn en la redacci\u00f3n de diccionarios actuales\u00bb.<\/p>\n<p><a href=\"http:\/\/www.fasticongressuum.com\/single-post\/2017\/02\/21\/V-Interdisziplin%C3%A4ren-Kolloquium-zur-antiken-Tiermedizin-Tierheilkunde-in-Antike-und-Mittelalter-Texte-und-Praxis---29-30-31032017-Munich-Germany\">V Interdisziplin\u00e4ren Kollokium zur antiken Tiermedizin: Tierheilkunde in Antike und Mittelalter. Texte und Praxis. M\u00fcnchen<\/a>, \u00a029-31 de marzo de 2017. Ponencia sobre \u00abL\u00e9xico incomprendido en la<em> Mulomedicina Chironis<\/em>: an\u00e1lisis de conjeturas y de contexto\u00bb.<\/p>\n<p><a href=\"http:\/\/convegnointernazionaletmedlatxii.unime.it\/comitato-scientifico\/\">XII Convegno Internazionale <em>Testi Medici Latini Antichi<\/em><\/a><a href=\"http:\/\/www2.warwick.ac.uk\/fac\/arts\/ren\/news_and_events\/conferencesannouncements\/ianlsvacationschool\/programme\/\">. Messina, 22-24 septiembre de 2016. Ponencia sobre \u00abLa tradici\u00f3n de escritos <em>De catarticis<\/em> en la Antig\u00fcedad y la Alta Edad Media: principios de composici\u00f3n y transmisi\u00f3n textual\u00bb.<\/a><\/p>\n<p><a href=\"http:\/\/www2.warwick.ac.uk\/fac\/arts\/ren\/news_and_events\/conferencesannouncements\/ianlsvacationschool\/programme\/\">IANLS-Vacation School. Neo-Latin Studies Today: Tools, Trends and Methodologies<\/a>. University of Warwick en Venecia, 7-9 de julio de 2016. Conferencia sobre \u00abContributions of Medical Humanism to Renaissance Latin: Tradition and Modernity\u00bb.<\/p>\n<p><a href=\"http:\/\/www.orient-mediterranee.com\/spip.php?article2765&amp;lang=fr\">15th Colloque Hippocratique: The Hippocratic Corpus and its Commentators: East and West<\/a>. Manchester, 28-30 de octubre de 2015. Ponencia sobre \u00abEl comentario latino de Pedro Jaime Esteve del libro segundo de las Epidemias hipocr\u00e1ticas (Valencia, 1551): principios program\u00e1ticos y contextualizaci\u00f3n\u00bb.<\/p>\n<p><a href=\"https:\/\/docplayer.es\/25126216-Ciudad-real-29-y-30-de-septiembre-y-1-de-octubre-de-2015-facultad-de-letras-universidad-de-castilla-la-mancha-patrocinan.html\">Congreso Internacional \u00abSpinoza y la Antropolog\u00eda en la Modernidad\u00bb<\/a>. Ciudad Real, 29 de septiembre a 1 de octubre de 2015. Ponencia sobre \u00ab<a href=\"https:\/\/previa.uclm.es\/actividades\/repositorio\/pdf\/doc_5981_8163.pdf\">Salud y enfermedad en la medicina del siglo XVII: entre la tradici\u00f3n y la ruptura<\/a>\u00ab<a href=\"http:\/\/www.fasticongressuum.com\/single-post\/2017\/02\/21\/V-Interdisziplin%C3%A4ren-Kolloquium-zur-antiken-Tiermedizin-Tierheilkunde-in-Antike-und-Mittelalter-Texte-und-Praxis---29-30-31032017-Munich-Germany\">.<\/a><\/p>\n<p>Instituto de Estudios Sijenenses \u00abMiguel Servet\u00bb. Villanueva de Sijena, 31 de mayo de 2015. Lecci\u00f3n magistral sobre \u00ab<a href=\"http:\/\/www.miguelservet.org\/noticias\/previsualizacion.php?ID=981\">El humanismo m\u00e9dico de Miguel Servet<\/a>\u00ab.<\/p>\n<p>International Conference \u00ab<a href=\"http:\/\/www.unipa.it\/dipartimenti\/cultureesocieta\/.content\/documenti\/call_meg2015.pdf\">Medical Terminology and Epistemology for a Dictionary of Genetics and its Degenerations\u00a0from Hippocrates to ICD-10<\/a>\u00ab. Palermo, 4-6 de mayo de 2015. Ponencia sobre \u00abGenetics and Generation in <em>Fundamenta medicorum<\/em> of \u00c1lvaro de Castro: Evaluation of Terminology and Sources\u00bb.<\/p>\n<p>Ludwig Botzmann Institute f\u00fcr Neulateinische Studien. Zentrum f\u00fcr Alte Kulturen, Universit\u00e4t Innsbruck, 15 enero 2015. Conferencia con Joaqu\u00edn Pascual Barea sobre \u00ab<a title=\"Poetry, Medicine and Science\" href=\"http:\/\/neolatin.lbg.ac.at\/news\/joaquin-pascual-barea-teresa-santamaria-hernandez-poetry-medicine-and-science\" target=\"_blank\" rel=\"noopener noreferrer\">Poetry, Medicine and Science: Research Projects on Neolatin Studies and their Spanish Context<\/a>\u00ab.<\/p>\n<p><a title=\"trousse\" href=\"http:\/\/www.histoire-medecine-veterinaire.fr\/ive-colloque-international-de-medecine-veterinaire-antique-lyon-10-13-juin-2014\/\" target=\"_blank\" rel=\"noopener noreferrer\">IVe Colloque International de M\u00e9decine V\u00e9t\u00e9rinaire Antique<\/a>: La trousse du v\u00e9t\u00e9rinaire dans l\u2019Antiquit\u00e9 et au Moyen \u00c2ge\u00a0: instruments, m\u00e9dicaments, pratiques, Universit\u00e9 Lumi\u00e8re Lyon 2 CNRS, 10-13 junio 2014, sobre \u00abTransmision altomedieval de una recetta <i>ad uermes<\/i> <i>in homine aut in caballo<\/i>\u00ab.<\/p>\n<p>Sociedad de Medicina y Cirug\u00eda de Albacete, sobre \u201cTextos m\u00e9dicos grecolatinos antiguos: metodolog\u00eda y problem\u00e1tica de estudio\u201d, 10\/01\/2012.<\/p>\n<p>Universit\u00e0 di Siena, Certosa di Pontignano, <a href=\"http:\/\/opac.regesta-imperii.de\/lang_en\/anzeige.php?sammelwerk=Sulla+tradizione+indiretta+dei+testi+medici+greci+%282011%29\">IV Seminario Internazionale Sulla tradizione indiretta dei testi medici greci: i commenti<\/a>, 3-4 giugno 2011, organizato nel contesto del progetto COFIN 2008 \u201cLa medicina greca: tradizione e influenza\u201d, sobre \u201cEl comentario de Pedro Jaime Esteve a los Theriaca de Nicandro (Valencia, 1552): conjetura y traducci\u00f3n por transmisi\u00f3n indirecta\u201d.<\/p>\n<p>Universit\u00e9 Catholique de Louvain \u2013 Centre d\u2019\u00c9tudes du Moyen Age et de la Renaissance \u2013 Centre-Institut orientaliste \u2013 Centre d\u2019 histoire du m\u00e9dicament et de la Pharmacie, <a href=\"https:\/\/medecine-ancienne.com\/actu-expo6.php\">Colloque International Chevaux, chiens, faucons. L\u2019art v\u00e9t\u00e9rinaire antique et m\u00e9di\u00e9val \u00e0 travers les sources \u00e9crites, arch\u00e9ologiques et iconographiques<\/a>, 24-26 marzo 2011, con \u201c<a href=\"http:\/\/www.fmv.uliege.be\/upload\/docs\/application\/pdf\/2011-03\/collvetdepliant.pdf\"><em>Ne canes latrent<\/em>: fragmentos sobre el cuidado de animales en escritos latinos tardoantiguos de Medicina y su posible origen herm\u00e9tico<\/a>\u201d.<\/p>\n<p>Universit\u00e0 di Messina, Facolt\u00e0 di Lettere e Filosofia, Congreso Internacional <em>Il bilinguismo medico fra Tardoantico e Medioevo<\/em> (14-15\/10\/2010), sobre \u201cTraducci\u00f3n y reelaboraci\u00f3n de fuentes: fragmentos latinos relacionados con las <em>Cyranides<\/em> en el <em>Liber medicinae ex animalibus<\/em> de Sexto Pl\u00e1cido\u201d.<\/p>\n<p>Universidad de La Coru\u00f1a, 4\u00ba Seminario Internacional Textos t\u00e9cnicos grecolatinos: \u201cLas <em>Quaestiones medicinales<\/em> de Pseudo-Sorano\u201d (14-15\/05\/2010, La Coru\u00f1a-Las M\u00e9dulas de Carucedo, Le\u00f3n), Mesa Redonda.<\/p>\n<p>CSIC, Madrid (Instituto de Lenguas y Culturas del Mediterr\u00e1neo y Oriente Pr\u00f3ximo), Curso de Posgrado \u201cTradici\u00f3n Latina en el Patrimonio Europeo II\u201d 21\/10\/ 2009), sobre \u201cLos escritos m\u00e9dicos latinos de Miguel Servet: tradici\u00f3n e innovaci\u00f3n en la medicina renacentista\u201d.<\/p>\n<p>CSIC, Madrid (Instituto de Lenguas y Culturas del Mediterr\u00e1neo y Oriente Pr\u00f3ximo), Curso de Posgrado \u201cTradici\u00f3n Latina en el Patrimonio Europeo\u201d (22\/10\/ 2008), sobre \u201cLa toxicolog\u00eda grecolatina y su pervivencia en la Edad Moderna\u201d.<\/p>\n<p>Universidad de La Coru\u00f1a, 3er Seminario Internacional Textos t\u00e9cnicos grecolatinos: \u201cL\u00e9xico t\u00e9cnico latino\u201d (18-20\/10\/2007), sobre \u201cLos fragmentos latinos de la obra de T\u00e9salo de Tralles en el Herbario de Pseudo-Apuleyo: coincidencias y variaciones l\u00e9xicas en relaci\u00f3n con los testimonios de la antigua traducci\u00f3n\u201d.<\/p>\n<p>Facultad de Humanidades de Toledo (UCLM), Seminario \u201cDisidentes, perseguidos y exiliados en la Espa\u00f1a del siglo XVI\u201d (20-28\/11\/2006), sobre \u201cDisidencia y ortodoxia en los escritos m\u00e9dicos de Miguel Servet\u201d.<\/p>\n<p>Ayuntamiento de Sant Mateu (Castell\u00f3n) \u2013 Patronato Municipal de Cultura y Patrimonio Hist\u00f3rico-Art\u00edstico, Jornadas Culturales 2006 \u201cHumanistes, m\u00fasics, literats i pol\u00edtics: els personatges de Sant Mateu a l\u2019edat moderna\u201d (8-10\/12\/2006), sobre \u201cPedro Jaime Esteve, un m\u00e9dico fil\u00f3logo en la Universidad valenciana del Quinientos\u201d.<\/p>\n<p>Universidad de La Coru\u00f1a, 2\u00ba Seminario Internacional Textos t\u00e9cnicos grecolatinos: \u201cFito-zooterapia antigua y altomedieval: textos y doctrinas\u201d (21-22\/10\/2005), sobre \u201cLa tradici\u00f3n de la toxicolog\u00eda grecolatina en el Herbario de Ps. Apuleyo\u201d.<\/p>\n<p><strong>II. COMUNICACIONES<br \/>\n<\/strong><br \/>\nAsistencia y participaci\u00f3n en numerosos congresos, seminarios, y reuniones cient\u00edficas, como los trienales internacionales sobre Textos m\u00e9dicos latinos antiguos (Santiago de Compostela 2001, Trieste 2004), las tres \u00faltimas ediciones del Seminario Internacional \u201cTextos t\u00e9cnicos grecolatinos (2005, 2007, 2010, Univ. de La Coru\u00f1a), y otros organizados, entre otras instituciones, por la Sociedad Espa\u00f1ola de Estudios Cl\u00e1sicos (1999, 2003, 2019), la Sociedad de Estudios Latinos (1997, 2000, 2003, 2006, 2009, 2012, 2016, 2019), la International Association for Neo-Latin Studies (Bonn 2003, Budapest 2006, Uppsala 2009, Viena 2015, Albacete 2018), la Academia Latinitati Fovendae (Amposta 2006, Regensburg 2009), y el Instituto de Estudios Human\u00edsticos (Alca\u00f1iz 2000, 2005, 2015).<\/p>\n<p><strong>III. ORGANIZACI\u00d3N<br \/>\n<\/strong><\/p>\n<p>&#8211; Coorganizadora del Coloquio Virtual \u00abLengua y traducci\u00f3n como factores de integraci\u00f3n\u00bb, para celebrar el D\u00eda Europeo de las Lenguas, dentro de las actividades de la <a href=\"http:\/\/eunic-espana.eu\/eunic-espana-celebra-la-v-semana-europea-de-las-lenguas\/\">V Semana Europea de las Lenguas<\/a> organizadas por EUNIC y la Representaci\u00f3n de la Comisi\u00f3n Europea en Espa\u00f1a, 24 de septiembre de 2020.<\/p>\n<p>&#8211; Organizadora del <a href=\"https:\/\/diariosanitario.com\/textos-medicos-grecolatinos\/\">VI Seminario Internacional de Investigaci\u00f3n sobre Textos M\u00e9dicos Grecolatinos<\/a>: <a href=\"https:\/\/www.uclm.es\/noticias\/noticias2019\/junio\/albacete\/textos_grecolatinos\">El patrimonio textual de la ciencia europea<\/a>. Albacete, Facultad de Humanidades, 6-7 de junio de 2019.<\/p>\n<p>&#8211; Organizadora de<a href=\"http:\/\/humanidadesab.uclm.es\/actividades\/2019\/05\/02\/las-claves-culturales-de-la-identidad-europea\/\"> Las Claves Culturales de la Identidad Europea<\/a>: Jornadas para celebrar el D\u00eda de Europa. Albacete, Facultad de Humanidades, 9-10 de mayo de 2019.<\/p>\n<p>&#8211; Coorganizadora de <a href=\"https:\/\/ec.europa.eu\/spain\/events\/20180928-edlangs2018_es\">Los Traductores, Constructores de Europa: de la Escuela de Traductores de Toledo a nuestros d\u00edas<\/a>, <a href=\"http:\/\/www.lacerca.com\/noticias\/universidad\/director-instituto-cervantes-uclm-respeto-consideracion-figura-traductor-438761-1.html\">Jornadas promovidas por la Comisi\u00f3n Europea en el D\u00eda Europeo de las Lenguas<\/a>, Toledo, Cobertizo de San Pedro M\u00e1rtir, 28-29 de septiembre de 2018.<\/p>\n<p>&#8211; Presidenta del Comit\u00e9 Organizador del\u00a0<a href=\"http:\/\/eventos.uclm.es\/go\/IANLS-albacete2018\">XVII Congreso Internacional de la International Association for Neo-Latin Studies<\/a>, Albacete (Facultad de Humanidades), 29 de julio al 3 de agosto de 2018.<\/p>\n<p>&#8211; Organizadora del <a href=\"http:\/\/escueladetraductores.uclm.es\/2018\/05\/02\/jornada-del-workshop-internacional-de-investigacion-patrimonio-textual-grecolatino-de-la-medicina-europea-en-la-escuela-de-traductores-de-toledo\/\">Workshop <\/a><i>Patrimonio Textual Grecolatino de la Medicina Europea: investigaci\u00f3n actual y perspectivas de futuro.\u00a0<\/i><a href=\"http:\/\/www.dclm.es\/noticias\/71431\/recuperacion-de-escritos-grecolatinos-sobre-medicina-en-la-uclm\">Albacete y Toledo, 2-4 de mayo de 2018<\/a>.<\/p>\n<p>&#8211; Organizadora del \u00a0<a href=\"http:\/\/escueladetraductores.uclm.es\/2017\/12\/04\/v-seminario-internacional-textos-medicos-grecolatinos\/\"><i>V Seminario Internacional Textos M\u00e9dicos Grecolatinos<\/i>: El texto restaurado y las v\u00edas de recuperaci\u00f3n<\/a><i>. <\/i>Toledo,\u00a0<a href=\"https:\/\/www.clm24.es\/articulo\/toledo\/investigadores-europeos-debaten-recuperacion-textos-medicos-grecolatinos\/20171214191305184884.html\">13-15 de diciembre de 2017<\/a>.<\/p>\n<p>&#8211; Organizadora del <a href=\"http:\/\/www.aguilas.es\/detalle-mes.php?id=234\" target=\"_blank\" rel=\"noopener noreferrer\">\u00a0<\/a><a href=\"http:\/\/www.uclm.es\/gabinete\/ver_noticias.asp?id_noticia=13335\"><i>IV Seminario Internacional de Investigaci\u00f3n sobre Textos M\u00e9dicos Grecolatinos<\/i><\/a>: <a href=\"http:\/\/www.aguilas.es\/detalle-mes.php?id=234\"><em>A<\/em><\/a><i>limentaci\u00f3n y Medicina: productos de la tierra y del mar.\u00a0<\/i>Albacete\u00a0y <a href=\"http:\/\/www.aguilas.es\/detalle-mes.php?id=234\">\u00c1guilas<\/a>,\u00a011-13 de octubre de 2016.<\/p>\n<p>&#8211; Organizadora del <a href=\"http:\/\/www.oretania.es\/un-seminario-internacional-rene-en-la-uclm-a-destacados-expertos-en-textos-mdicos-antiguos\/\" target=\"_blank\" rel=\"noopener noreferrer\">\u00a0<i>III Seminario Internacional de Investigaci\u00f3n sobre Textos M\u00e9dicos Grecolatinos<\/i>: <\/a><i><a href=\"http:\/\/www.oretania.es\/un-seminario-internacional-rene-en-la-uclm-a-destacados-expertos-en-textos-mdicos-antiguos\/\" target=\"_blank\" rel=\"noopener noreferrer\">Las traducciones m\u00e9dicas en la Edad Media y el Renacimiento<\/a>.\u00a0<\/i><a href=\"http:\/\/www.clm24.es\/articulo\/sociedad\/castilla-mancha-investigadores-europeos-participan-seminario-uclm-traducciones-medicas-edad-media-y-renacimiento\/20151001133151095159.html\">Albacete\u00a0y Toledo,\u00a01-3 de octubre de 2015<\/a>.<\/p>\n<p>&#8211; Directora del \u201c<a href=\"https:\/\/previa.uclm.es\/ab\/humanidades\/1415\/latin.asp\">II Seminario Internacional de Investigaci\u00f3n Textos M\u00e9dicos Grecolatinos: perspectivas de edici\u00f3n y estudio de escritos medievales y renacentistas<\/a>\u201d, Albacete (Facultad de Humanidades), 11-12\/12\/2014.<\/p>\n<p>&#8211; Organizadora de la Jornada de Conferencias sobre \u201c<a href=\"https:\/\/previa.uclm.es\/ab\/humanidades\/1415\/botanica.asp\">Bot\u00e1nica y paisaje en la cultura: las plantas al servicio del desarrollo humano<\/a>\u201d, Albacete (Facultad de Humanidades), 26\/11\/2014.<\/p>\n<p>&#8211; Directora del Seminario Internacional de Investigaci\u00f3n \u00ab<a href=\"http:\/\/interclassica.um.es\/de_interes\/eventos\/textos_medicos_grecolatinos_antiguos_y_medievales_procedimientos_de_composicion_y_fuentes\">Textos M\u00e9dicos Grecolatinos Antiguos y Medievales: procedimientos de composici\u00f3n y fuentes<\/a>\u201d, Albacete (Facultad de Humanidades)-Alcaraz, 4-5\/10\/2011.<\/p>\n<p>&#8211; Directora de las \u201cII Jornadas de Estudios Cl\u00e1sicos de Castilla-La Mancha: Profundizaci\u00f3n en los m\u00e9todos para la ense\u00f1anza de las lenguas cl\u00e1sicas: entre el lat\u00edn hablado y las nuevas tecnolog\u00edas\u201d, Delegaci\u00f3n de Castilla-La Mancha de la Sociedad Espa\u00f1ola de Estudios Cl\u00e1sicos, campus de Toledo, noviembre de 2007.<\/p>\n<p>&#8211; Directora de las Jornadas sobre \u201c<a href=\"https:\/\/previa.uclm.es\/ab\/humanidades\/actividad-0607\/transmision.asp\">La Transmisi\u00f3n de la Ciencia desde la Antig\u00fcedad al Renacimiento<\/a>\u201d, Facultad de Humanidades de Albacete, noviembre de 2006.<\/p>\n<p>&#8211; Directora de las \u201cJornadas de Estudios Cl\u00e1sicos de Castilla-La Mancha: M\u00e9todos para la ense\u00f1anza de las lenguas cl\u00e1sicas\u201d, Delegaci\u00f3n de Castilla-La Mancha de la Sociedad Espa\u00f1ola de Estudios Cl\u00e1sicos, Campus de Albacete, mayo de 2006.<\/p>\n<p>&#8211; Organizadora del Curso Monogr\u00e1fico de Humanidades \u201cCurso b\u00e1sico de lat\u00edn y t\u00e9cnicas para su autoaprendizaje\u201d, 2 cr\u00e9ditos de libre configuraci\u00f3n, Facultad de Humanidades de Albacete, 3-7\/10\/2005.<\/p>\n<p>&#8211; Coordinadora de la Mesa Tem\u00e1tica \u201cFilolog\u00eda Cl\u00e1sica y textos m\u00e9dicos: trabajos y l\u00edneas de investigaci\u00f3n\u201d, en el XII Congreso Nacional de Historia de la Medicina, Albacete, Facultad de Medicina, 7-9 de febrero de 2002.<\/p>\n<p>&#8211; Coordinadora en la Universidad del Curso para Profesores de Ense\u00f1anza Secundaria y Bachillerato \u201cPervivencia de los cl\u00e1sicos griegos y latinos\u201d 3 cr\u00e9ditos\/30 horas), en el convenio de Cooperaci\u00f3n entre la Junta de Comunidades de Castilla-La Mancha y la Universidad de Castilla-La Mancha, Centro de Profesores y Recursos de Albacete, 15\/04\/2002-02\/05\/2002.<\/p>\n<p>&#8211; Organizadora del Curso Monogr\u00e1fico de Humanidades \u201cEl mundo cl\u00e1sico en el Humanismo latino renacentista\u201d, 2 cr\u00e9ditos de libre configuraci\u00f3n, Facultad de Humanidades de Albacete, noviembre de 2001.<\/p>\n","protected":false},"excerpt":{"rendered":"<p>I. PONENCIAS Y CONFERENCIAS POR INVITACI\u00d3N EN: Congreso Internacional de Arte y Literatura Di\u00e1logos en torno al libro: texto e imagen, Facultad de Humanidades de Albacete, 28-30 de octubre de 2020: \u201cPalabra e imagen en un manual de fitoterapia de origen tardoantiguo: Medicina, magia y superstici\u00f3n en el Herbario de Pseudo Apuleyo\u201d. I Congreso Internacional &hellip; <a href=\"https:\/\/blog.uclm.es\/teresasantamaria\/congresos\/\" class=\"more-link\">Seguir leyendo <span class=\"screen-reader-text\">CONGRESOS<\/span> <span class=\"meta-nav\">&rarr;<\/span><\/a><\/p>\n","protected":false},"author":31,"featured_media":0,"parent":0,"menu_order":0,"comment_status":"closed","ping_status":"open","template":"","meta":{"footnotes":""},"class_list":["post-83","page","type-page","status-publish","hentry"],"_links":{"self":[{"href":"https:\/\/blog.uclm.es\/teresasantamaria\/wp-json\/wp\/v2\/pages\/83","targetHints":{"allow":["GET"]}}],"collection":[{"href":"https:\/\/blog.uclm.es\/teresasantamaria\/wp-json\/wp\/v2\/pages"}],"about":[{"href":"https:\/\/blog.uclm.es\/teresasantamaria\/wp-json\/wp\/v2\/types\/page"}],"author":[{"embeddable":true,"href":"https:\/\/blog.uclm.es\/teresasantamaria\/wp-json\/wp\/v2\/users\/31"}],"replies":[{"embeddable":true,"href":"https:\/\/blog.uclm.es\/teresasantamaria\/wp-json\/wp\/v2\/comments?post=83"}],"version-history":[{"count":0,"href":"https:\/\/blog.uclm.es\/teresasantamaria\/wp-json\/wp\/v2\/pages\/83\/revisions"}],"wp:attachment":[{"href":"https:\/\/blog.uclm.es\/teresasantamaria\/wp-json\/wp\/v2\/media?parent=83"}],"curies":[{"name":"wp","href":"https:\/\/api.w.org\/{rel}","templated":true}]}}