{"id":81,"date":"2014-07-24T22:10:57","date_gmt":"2014-07-24T21:10:57","guid":{"rendered":"http:\/\/blog.uclm.es\/teresasantamaria\/?page_id=81"},"modified":"2014-07-24T22:10:57","modified_gmt":"2014-07-24T21:10:57","slug":"publicaciones","status":"publish","type":"page","link":"https:\/\/blog.uclm.es\/teresasantamaria\/publicaciones\/","title":{"rendered":"ART\u00cdCULOS Y CAP\u00cdTULOS"},"content":{"rendered":"<p><strong>I. Art\u00edculos en revistas y cap\u00edtulos de libros:<br \/>\n<\/strong><\/p>\n<p>&#8211; <span style=\"font-size: 13.0pt;color: black;background: white\">\u201cLa tradici\u00f3n de escritos latinos <em>De catarticis<\/em> en la Antig\u00fcedad Tard\u00eda y la Alta Edad Media: principios de composici\u00f3n y transmisi\u00f3n textual\u201d. <\/span><em>Pallas. R\u00e9vue d&#8217;\u00c9tudes Antiques<\/em><span style=\"font-size: 13.0pt;color: black;background: white\">, 113 (2020), 93-108.<\/span><\/p>\n<p>&#8211; <span style=\"font-size: 13.0pt;color: black;background: white\">\u201cRecursos de modernizaci\u00f3n de un escrito m\u00e9dico: los <em>Fundamenta medicorum<\/em> del converso toledano \u00c1lvaro de Castro. Con edici\u00f3n y traducci\u00f3n al espa\u00f1ol de la ep\u00edstola del licenciado De Ca\u00f1ete\u201d, en Miguel \u00c1ngel Gonz\u00e1lez Manjarr\u00e9s (ed.), <em>Praxi theoremata coniungamus: Amato Lusitano y la medicina de su tiempo, <\/em>Madrid: Guillermo Escolar, 2019,\u00a035-45.<\/span><\/p>\n<p><span style=\"font-size: 13.0pt;color: black;background: white\">&#8211; \u201cDe la <em>vena medeni<\/em> a los <em>vermes sub cute<\/em>: transmisi\u00f3n \u00e1rabo-latina de dos enfermedades cut\u00e1neas procedentes de textos m\u00e9dicos antiguos\u201d. <a href=\"https:\/\/www.medicinaneisecoli.it\/index.php\/MedSecoli\/issue\/view\/152\" target=\"_blank\" rel=\"noopener noreferrer\"><i>Medicina nei Secoli-Arte e Scienza.\u00a0 Journal of History of Medicine,\u00a0<\/i>31.3<\/a> (2019), 867-886.<\/span><\/p>\n<p><span style=\"font-size: 13.0pt;color: black;background: white\">&#8211; \u201cDe la Antig\u00fcedad al siglo XII toledano: la compleja transmisi\u00f3n de la &#8216;enfermedad bovina&#8217; y su confusi\u00f3n con el muermo equino\u201d. <\/span><em>XXV Congreso Nacional y XVI Congreso Iberoamericano de Historia\u00a0 de la Veterinaria: <span style=\"font-size: 13.0pt;color: black;background: white\">\u201c<\/span>Las Ciencias Veterinarias al servicio de la Sociedad<\/em><span style=\"font-size: 13.0pt;color: black;background: white\"><em>\u201d<\/em>. Toledo: Ilustre Colegio de Veterinarios de Toledo, 2019), 41-55.<\/span><\/p>\n<p>&#8211; \u201c<a href=\"https:\/\/poj.peeters-leuven.be\/content.php?id=3286525&amp;url=article\">Origen y significado de <em>draconatio<\/em> (<em>Mulomedicina Chironis<\/em>) a la luz de otros t\u00e9rminos relacionados<\/a><em>\u201d, <a href=\"https:\/\/www.latomus.be\/Revue.html\">Latomus<\/a>,\u00a0<\/em>78 (2019), 141-169.<\/p>\n<p>&#8211; \u201cLa <em>Ianua vitae<\/em> de \u00c1lvaro de Castro (\u20201544): un testimonio de la formaci\u00f3n de su autor (con edici\u00f3n cr\u00edtica y traducci\u00f3n de las dos ep\u00edstolas nuncupatorias)<em>\u201d<\/em>,<a href=\"https:\/\/www.ehumanista.ucsb.edu\/sites\/default\/files\/sitefiles\/conversos\/volume7\/monografico%20Amato.revisada.pdf\"><em> eHumanista \/ Conversos<\/em><\/a>, 7 (2019), 1-13.<\/p>\n<p>&#8211; \u201c<a href=\"http:\/\/www.commentariaclassica.altervista.org\/santamaria.pdf\">L\u00e9xico incomprendido en la\u00a0<em>Mulomedicina<\/em> <em>Chironis<\/em>:\u00a0an\u00e1lisis de conjeturas y propuesta de enmiendas<\/a><em>\u201d<\/em>,\u00a0<em>Morborum et signa et causas praedicere curasque monstrare<\/em>:\u00a0<em><i><a href=\"http:\/\/www.commentariaclassica.altervista.org\/Commentaria_Classica\/V_-_2018_%28Supplemento%29.html\">La medicina veterinaria nel mondo antico e medievale. Atti del V Convegno Internazionale\u00a0(Monaco di Baviera, 29-31 marzo 2017)<\/a>.\u00a0<\/i><\/em>Ed. Lisa Sannicandro &#8211; Martina Schwarzenberger.<i> <\/i>Commentaria Classica, Supplemento\u00a0V (Catania: <em><i>Litterae Press<\/i><\/em>,\u00a02019), 153-177.<\/p>\n<p>&#8211; 92 art\u00edculos en\u00a0\u00a0<i><a href=\"http:\/\/www.brepols.net\/Pages\/ShowProduct.aspx?prod_id=IS-9782503581637-1\">Dictionarium Latinum Andrologiae, Gynecologiae et Embryologiae ab Antiquitate usque ad XVI saeculum <\/a><a href=\"http:\/\/www.brepols.net\/Pages\/ShowProduct.aspx?prod_id=IS-9782503581637-1\">(DILAGE)<\/a><a href=\"http:\/\/www.brepols.net\/Pages\/ShowProduct.aspx?prod_id=IS-9782503581637-1\">. Diccionario latino de Androlog\u00eda, Ginecolog\u00eda y Embriolog\u00eda desde la Antig\u00fcedad hasta el siglo XVI (DILAGE)<\/a><\/i>. Ed.\u00a0Enrique Montero Cartelle (director),\u00a0<span lang=\"EN-US\">Miguel \u00c1ngel Gonz\u00e1lez Manjarr\u00e9s (revisor),\u00a0<i>et al<\/i>.<\/span><span lang=\"EN-US\">\u00a0<\/span>Textes et \u00c9tudes du Moyen \u00c2ge, 74. Roma: F\u00e9d\u00e9ration Internationale des Instituts d\u2019\u00c9tudes M\u00e9di\u00e9vales &#8211; Brepols, 2018.<\/p>\n<p>&#8211;\u00a0\u201c<a href=\"https:\/\/revistas.uva.es\/index.php\/minerva\/article\/view\/2552\">El lat\u00edn de la medicina human\u00edstica y la\u00a0 barbarie m\u00e9dica: claves ling\u00fc\u00edsticas de un enfrentamiento parcial<\/a>\u201d, en\u00a0\u00a0<i><a href=\"https:\/\/books.google.es\/books?id=qHtTDwAAQBAJ&amp;pg=PA584&amp;dq=%22turpius+deformatum%22&amp;hl=es&amp;sa=X&amp;ved=0ahUKEwjyrenIhanaAhUCXRQKHdjxBx8Q6AEINTAC#v=onepage&amp;q=%22turpius%20deformatum%22&amp;f=false\">Acta Conventus Neo-Latini Vindobonensis: Proceedings of the Sixteenth International Congress of Neo-Latin Studies (Vienna 2015)<\/a>.<\/i>\u00a0Ed. Astrid Steiner-Weber, Franz R\u00f6mer\u00a0<i>et alii<\/i>\u00a0(Leiden\/Boston: Brill, 2018), 581-590.<\/p>\n<p>&#8211; \u201cLa pol\u00e9mica sobre los purgantes en el\u00a0<i>De catharticis<\/i>\u00a0pseudogal\u00e9nico: un comentario latino sobre doctrina m\u00e9dica griega\u201d,\u00a0<i>Medicina nei Secoli<\/i>, 29\/3 (2017), 971-998.<\/p>\n<p>&#8211; \u201cUna acepci\u00f3n medieval de <em>uermis<\/em> en Medicina humana y veterinaria a partir del <em>morbus<\/em> <em>farciminosus<\/em> tardoantiguo\u201d, <a href=\"http:\/\/www.aibl.fr\/publications\/autres-collections\/archivum-latinitatis-medii-aevi\/article\/archivum-latinitatis-medii-aevi-75?lang=fr\"><em>Archivum Latinitatis Medii Aevi<\/em> (<em>ALMA<\/em>), 75 (2017)<\/a>, 149-186.<\/p>\n<p><strong>\u00a0<\/strong>&#8211; \u201c<em>Ne canes latrent<\/em>: fragmentos sobre el cuidado de animales en escritos latinos tardoantiguos de Medicina y su posible origen herm\u00e9tico\u201d, <a href=\"http:\/\/www.brepols.net\/Pages\/ShowProduct.aspx?prod_id=IS-9782960076998-1\"><em>Chevaux, chiens, faucons: L\u2019art v\u00e9t\u00e9rinaire antique et m\u00e9di\u00e9val \u00e0 travers les sources \u00e9crites, arch\u00e9ologiques et iconographiques<\/em><\/a>, Ed. A. M. Doyen &#8211; B. Van den Abeele; TEC 28 (Louvain-la-Neuve: Brepols, 2017).<\/p>\n<p>&#8211;\u00a0\u201cSalud y enfermedad en la medicina del siglo XVII: entre la tradici\u00f3n y la ruptura. Con un apunte sobre la enfermedad de Spinoza\u201d, en Mar\u00eda Luisa de la C\u00e1mara y Juli\u00e1n Carvajal (eds.), <a href=\"https:\/\/dialnet.unirioja.es\/servlet\/libro?codigo=717773\"><em>Spinoza y la Antropolog\u00eda en la Modernidad<\/em><\/a>; Europaea Memoria: Studien und Texte zur Geschichte der europ\u00e4ischen Ideen, Band 123 (Hildesheim\/Z\u00fcrich\/New York: Georg Olms Verlag, 2017), 55-63.<\/p>\n<p>&#8211; \u201c<a href=\"https:\/\/www.medicinaneisecoli.it\/index.php\/MedSecoli\/article\/view\/704\">Genetics and Generation in the\u00a0<i>Fundamenta Medicorum<\/i>\u00a0of \u00c1lvaro de Castro: Evaluation of the Terminology and Sources<\/a>\u201d,\u00a0<i>Medicina nei Secoli<\/i>, 28\/3 (2016), 939-956.<\/p>\n<p>&#8211; \u201c<a href=\"https:\/\/revistas.ucm.es\/index.php\/CFCL\/article\/download\/54273\/49625\">De Avicena a Galeno: un epigrama latino del m\u00e9dico valenciano Miguel Jer\u00f3nimo Ledesma (1547)<\/a>\u201d, <em>Cuadernos de Filolog\u00eda Cl\u00e1sica. Estudios Latinos<\/em>, 36.2 (2016), 279-290. <a href=\"https:\/\/core.ac.uk\/download\/pdf\/81230349.pdf\">Texto completo<\/a>.<\/p>\n<p>&#8211; \u201c<a href=\"https:\/\/books.google.es\/books?id=g2AuDwAAQBAJ&amp;pg=PA67&amp;lpg=PA67&amp;dq=%22Las+traducciones+en+los+Fundamenta+medicorum+de+%C3%81lvaro+de+Castro%E2%80%9D&amp;source=bl&amp;ots=0bwM8lSyPe&amp;sig=9pDZNGf3nXUjG4EZ26-UcN3zS-E&amp;hl=es&amp;sa=X&amp;ved=2ahUKEwjcz7_to83eAhVMCsAKHcjJCS0Q6AEwAXoECAcQAQ#v=onepage&amp;q=%22Las%20traducciones%20en%20los%20Fundamenta%20medicorum%20de%20%C3%81lvaro%20de%20Castro%E2%80%9D&amp;f=false\">Las traducciones en los <em>Fundamenta medicorum<\/em> de \u00c1lvaro de Castro<\/a>\u00ab,\u00a0<i>Traducci\u00f3n y transmisi\u00f3n doctrinal de la Medicina grecolatina desde la Antig\u00fcedad hasta el Mundo Moderno: nuevas aportaciones sobre autores y textos<\/i>. Ed. Mar\u00eda Teresa Santamar\u00eda Hern\u00e1ndez. Colecci\u00f3n Escuela de Traductores de Toledo, 17<i>\u00a0<\/i>(Cuenca: Universidad de Castilla-La Mancha, 2016), 67-83.<\/p>\n<p>&#8211; <a href=\"https:\/\/journals.openedition.org\/pallas\/3937\">\u201cTransmisi\u00f3n altomedieval de una receta <\/a><em>ad uermes in homine aut in caballo\u201d<\/em>, <em>Pallas . R\u00e9vue d&#8217;\u00c9tudes Antiques<\/em> 101 (2016), 249-258. <a href=\"https:\/\/journals.openedition.org\/pallas\/3937\">Texto completo<\/a>.<\/p>\n<p>&#8211; <a href=\"http:\/\/revistas.um.es\/myrtia\/article\/view\/249961\">\u201cTestimonios de la traducci\u00f3n latina antigua del <em>De plantis<\/em> atribuido a T\u00e9salo de Tralles en la versi\u00f3n del Herbario pseudoapuleyano del manuscrito de Wroc\u0142aw, Biblioteka Uniwersytecka, III F. 19<\/a><a href=\"http:\/\/revistas.um.es\/myrtia\/article\/view\/249961\">\u201d,<\/a>\u00a0<a href=\"http:\/\/revistas.um.es\/myrtia\/issue\/view\/14561\/showToc\"><em>Myrtia<\/em>\u00a030 (2015)<\/a>, 99-117. <a href=\"http:\/\/revistas.um.es\/myrtia\/article\/view\/249961\">Texto completo<\/a>.<\/p>\n<p>&#8211; \u201c<a href=\"https:\/\/www.degruyter.com\/view\/j\/phil.2014.158.issue-2\/phil-2014-0021\/phil-2014-0021.xml\">Transmisi\u00f3n indirecta en un compendio altomedieval de toxicolog\u00eda: extractos de la <em>Medicina Plinii<\/em>, fragmentos desconocidos de Diosc\u00f3rides B, y una nueva versi\u00f3n del cap\u00edtulo sobre la hierba basilisca<\/a>\u201d, <em>Philologus. Zeitschrift f\u00fcr antike Literatur und ihre Rezeption<\/em> 158.2 (2014), 331-352.<\/p>\n<p>&#8211; \u201c<a href=\"https:\/\/www.academia.edu\/16541212\/Isidoro_de_Sevilla_sobre_las_serpientes_entre_la_Medicina_y_la_Historia_Natural_Baetica_Renascens_J._M._Maestre_Maestre_et_al._eds._vol._2_1271-1278_C%C3%A1diz_-_M%C3%A1laga_2014_2015_\">Isidoro de Sevilla sobre las serpientes: entre la Medicina y la Historia Natural<\/a>\u201d, en\u00a0<em>Baetica Renascens<\/em>, J. M. Maestre et al., eds. C\u00e1diz-M\u00e1laga: Federaci\u00f3n Andaluza de Estudios Cl\u00e1sicos-Instituto de Estudios Human\u00edstico-Grupo Editorial 33, 2014, II, 1279-1286.<\/p>\n<p>&#8211; \u201c<a href=\"https:\/\/www.academia.edu\/25232593\/Transmisi%C3%B3n_altomedieval_de_fragmentos_de_Oribasio_latino_La_con_el_De_catharticis_pseudogal%C3%A9nico_Galenos_7_2013_33-44\">Transmisi\u00f3n altomedieval de fragmentos de Oribasio latino (La) con el <em>De catharticis<\/em> pseudogal\u00e9nico<\/a>\u201d.\u00a0<a href=\"https:\/\/www.libraweb.net\/articoli.php?chiave=201320501&amp;rivista=205\"><em>Galenos. Rivista di Filologia dei testi Medici Antichi<\/em> 7<\/a> (2013), 33-44.<\/p>\n<p>&#8211; \u201c<a href=\"https:\/\/www.academia.edu\/25296216\/Traducci%C3%B3n_y_reelaboraci%C3%B3n_de_fuentes_fragmentos_latinos_relacionados_con_las_Cyranides_en_el_Liber_medicinae_ex_animalibus_de_Sexto_Pl%C3%A1cido_in_Il_bilinguismo_medico_fra_Tardoantico_e_Medioevo_Anna_Maria_Urso_ed._47_-_66_Messina_Univ._2012\">Traducci\u00f3n y reelaboraci\u00f3n de fuentes: fragmentos latinos relacionados con las <em>Cyranides<\/em> en el <em>Liber medicinae ex animalibus<\/em> de Sexto Pl\u00e1cido<\/a>\u201d, <em>Il bilinguismo medico fra Tardoantico e Medioevo<\/em> (Anna Maria Urso, ed.). Universit\u00e0 degli Studi di Messina, 2012, 47-66.<\/p>\n<p>&#8211; \u201c<a href=\"https:\/\/www.academia.edu\/25235285\/El_comentario_de_Pedro_Jaime_Esteve_a_los_Theriaca_de_Nicandro_Valencia_1552_conjetura_y_traducci%C3%B3n_o_transmisi%C3%B3n_latina_de_los_escolios_griegos_in_Sulla_tradizione_indiretta_dei_testi_medici_greci_i_commenti_S._Fortuna_et_al._eds._Pisa_-_Roma_2012_149_-_185\">El comentario de Pedro Jaime Esteve a los <em>Theriaca<\/em> de Nicandro (Valencia, 1552): conjetura y traducci\u00f3n, o transmisi\u00f3n latina de los escolios griegos<\/a>\u201d,<a href=\"https:\/\/www.ibs.it\/sulla-tradizione-indiretta-dei-testi-libro-vari\/e\/9788862275408\"> S<em>ulla tradizione indiretta dei testi medici greci: i commenti<\/em>, <em>Atti del IV seminario internazionale di Siena, Certosa di Pontignano, 3-4 giugno 2011 organizato nel contesto del progetto COFIN 2008 \u201cLa medicina greca: tradizione e influenza\u201d, Siena, Certosa di Pontignano, 3-4 junio 2011<\/em><\/a>, a cura di Stefania Fortuna, Ivan Garofalo, Alessandro Lami e Amneris Roselli, Biblioteca di Galenos.Pisa \u2013 Roma: Fabrizio Serra Editore, 2012, 149-185.<\/p>\n<p>&#8211; \u201c<a href=\"https:\/\/books.google.es\/books?id=hdkyAQAAQBAJ&amp;pg=PA924&amp;lpg=PA924&amp;dq=%E2%80%9CLa+elecci%C3%B3n+del+l%C3%A9xico+t%C3%A9cnico+en+la+Syruporum%22&amp;source=bl&amp;ots=DpSIBuBAJB&amp;sig=l-apqphL1e0dKsJl16uPytxnz4U&amp;hl=es&amp;sa=X&amp;ved=2ahUKEwiVqsGXps3eAhUJThoKHTqTCJUQ6AEwBXoECAMQAQ#v=onepage&amp;q=%E2%80%9CLa%20elecci%C3%B3n%20del%20l%C3%A9xico%20t%C3%A9cnico%20en%20la%20Syruporum%22&amp;f=false\">La elecci\u00f3n del l\u00e9xico t\u00e9cnico en la Syruporum uniuersa ratio de Miguel Servet: entre la necesidad y la imitaci\u00f3n<\/a>\u201d, <em>Acta Conventus Neo-Latini Upsaliensis: Proceedings of the Forteenth International Congress of Neo-Latin Studies (Uppsala 2009)<\/em>. General editor Astrid Steiner-Weber. Leiden \/ Boston: <a href=\"https:\/\/brill.com\/abstract\/book\/edcoll\/9789004227439\/B9789004227439_079.xml\">Brill<\/a>, 2012, , vol. 2, 925-932.<\/p>\n<p>&#8211; \u201c<a href=\"https:\/\/dialnet.unirioja.es\/servlet\/articulo?codigo=4772099\">El carmen <em>De quadruplici medicorum vultu<\/em> del <em>Dialogus de re medica<\/em> de Pedro Jimeno (1549), edici\u00f3n, traducci\u00f3n y estudio<\/a>\u201d,<em> Dulces Camenae: Po\u00e9tica y Poes\u00eda Latinas<\/em> (J. Luque \/ M\u00aa D. Rinc\u00f3n \/ I. Vel\u00e1zquez, eds.). Granada: Universidad, 2012, 1033-1045. <a href=\"https:\/\/www.academia.edu\/25292587\/El_carmen_De_quadruplici_medicorum_vultu_del_Dialogus_de_re_medica_de_Pedro_Jimeno_1549_edici%C3%B3n_traducci%C3%B3n_y_estudio_in_Dulces_Camenae_Po%C3%A9tica_y_Poes%C3%ADa_Latinas_J._Luque_Ma_D._Rinc%C3%B3n_I._Vel%C3%A1zquez_eds._1033_-_1045_Granada_2012\">Texto completo<\/a>.<\/p>\n<p>&#8211; \u201c<a href=\"https:\/\/books.google.es\/books?id=avH1nx1WpgEC&amp;pg=PA151&amp;dq=%E2%80%9Canimalibus+de+Sexto+Pl%C3%A1cido*+mar%C3%ADa+teresa+santamar%C3%ADa%22&amp;hl=es&amp;sa=X&amp;ved=0ahUKEwjovoTCp83eAhWUiaYKHbXGBF0Q6AEIKTAA#v=onepage&amp;q=%E2%80%9Canimalibus%20de%20Sexto%20Pl%C3%A1cido*%20mar%C3%ADa%20teresa%20santamar%C3%ADa%22&amp;f=false\">Establecimiento de fuentes y enmiendas textuales en el <em>Liber medicinae ex animalibus<\/em> de Sexto Pl\u00e1cido<\/a>\u201d, en T<em>extos m\u00e9dicos grecolatinos antiguos y medievales: estudios sobre composici\u00f3n y fuentes<\/em>, M\u00aa Teresa Santamar\u00eda Hern\u00e1ndez ed. Cuenca: UCLM, 2012.<\/p>\n<p>&#8211; \u201c<a href=\"https:\/\/www.academia.edu\/30868822\/_Esteve_Pedro_Jaime_1556_in_Diccionario_biogr%C3%A1fico_y_bibliogr%C3%A1fico_del_humanismo_espa%C3%B1ol_siglos_XV-XVII_J._F._Dom%C3%ADnguez_Dom%C3%ADnguez_ed._Madrid_Ediciones_Cl%C3%A1sicas_2012_287-290\">Pedro Jaime Esteve<\/a>\u201d, en <em>Diccionario biogr\u00e1fico y bibliogr\u00e1fico del humanismo espa\u00f1ol (siglos XV-XVII)<\/em>, ed. J. F. Dom\u00ednguez Dom\u00ednguez. Madrid: Ediciones Cl\u00e1sicas, 2012, 287-290. ISBN: 84-7882-760-9<\/p>\n<p>&#8211; \u201c<a href=\"https:\/\/www.academia.edu\/30868776\/_Collado_Luis_1589_in_Diccionario_biogr%C3%A1fico_y_bibliogr%C3%A1fico_del_humanismo_espa%C3%B1ol_siglos_XV-XVII_J._F._Dom%C3%ADnguez_Dom%C3%ADnguez_ed._Madrid_Ediciones_Cl%C3%A1sicas_2012_224-228\">Luis Collado<\/a>\u201d, en <em>Diccionario biogr\u00e1fico y bibliogr\u00e1fico del humanismo espa\u00f1ol (siglos XV-XVII)<\/em>, ed. J. F. Dom\u00ednguez Dom\u00ednguez. Madrid: Ediciones Cl\u00e1sicas, 2012, 224-228. ISBN: 84-7882-760-9<\/p>\n<p>&#8211; \u201c<a href=\"https:\/\/www.academia.edu\/30868795\/_Jimeno_Pedro_ca._1518-ca._1551_in_Diccionario_biogr%C3%A1fico_y_bibliogr%C3%A1fico_del_humanismo_espa%C3%B1ol_siglos_XV-XVII_J._F._Dom%C3%ADnguez_Dom%C3%ADnguez_ed._Madrid_Ediciones_Cl%C3%A1sicas_2012_450-452\">Pedro Jimeno<\/a>\u201d, en <em>Diccionario biogr\u00e1fico y bibliogr\u00e1fico del humanismo espa\u00f1ol (siglos XV-XVII)<\/em>, ed. J. F. Dom\u00ednguez Dom\u00ednguez. Madrid: Ediciones Cl\u00e1sicas, 2012, 450-452. ISBN: 84-7882-760-9<\/p>\n<p>&#8211; \u201c<a href=\"https:\/\/www.academia.edu\/30868734\/_Ledesma_Miguel_Jer%C3%B3nimo_1547_in_Diccionario_biogr%C3%A1fico_y_bibliogr%C3%A1fico_del_humanismo_espa%C3%B1ol_siglos_XV-XVII_J._F._Dom%C3%ADnguez_Dom%C3%ADnguez_ed._Madrid_Ediciones_Cl%C3%A1sicas_2012_469-471\">Miguel Jer\u00f3nimo Ledesma<\/a>\u201d, en <em>Diccionario biogr\u00e1fico y bibliogr\u00e1fico del humanismo espa\u00f1ol (siglos XV-XVII)<\/em>, ed. J. F. Dom\u00ednguez Dom\u00ednguez. Madrid: Ediciones Cl\u00e1sicas, 2012, 469-471. ISBN: 84-7882-760-9<\/p>\n<p>&#8211; \u201c<a href=\"https:\/\/www.jstor.org\/stable\/23631379?seq=1#page_scan_tab_contents\">El cap\u00edtulo <em>De uulture<\/em> del<em> Liber medicinae ex animalibus<\/em> de Sexto Pl\u00e1cido: relaci\u00f3n con la zooterapia herm\u00e9tica y propuestas de enmienda al texto<\/a>\u201d.\u00a0<a href=\"https:\/\/www.cambridge.org\/core\/journals\/traditio\/article\/el-capitulo-de-vulture-del-liber-medicinae-ex-animalibus-de-sexto-placido-relacion-con-la-zooterapia-hermetica-y-propuestas-de-enmienda-al-texto\/1C9A44F3E2D78050E5E1B15C59EF62A7\"><em>Traditio. Studies in Ancient and Medieval Thought, History and Religion<\/em><\/a>, 66 (2011), 1-26.<\/p>\n<p>&#8211; \u201c<a href=\"https:\/\/www.torrossa.com\/resources\/an\/2447221\">Testimonios de una traducci\u00f3n latina antigua del <em>Liber Alexandri Magni de septem herbis septem planetarum<\/em> en el Herbario de Pseudo Apuleyo<\/a>\u201d.\u00a0<em>Galenos. Rivista di Filologia dei testi Medici Antichi<\/em> 4 (2010), 149-161.<\/p>\n<p>&#8211; \u201c<a href=\"https:\/\/www.academia.edu\/30687361\/La_interpretaci%C3%B3n_de_los_textos_como_instrumento_de_pol%C3%A9mica_en_la_apolog%C3%ADa_In_Leonardum_Fuchsium_de_Michael_Villanovanus_en_Acta_Conventus_Neo-Latini_Budapestinensis_Proceedings_of_the_13th_International_Congress_of_Neo-Latin_Studies_Budapest_2006_Rhoda_Schnur_et_al._eds._Tempe-AZ_2010\">La interpretaci\u00f3n de los textos como instrumento de pol\u00e9mica en la apolog\u00eda <em>In Leonardum Fuchsium<\/em> de Michael Villanovanus<\/a>\u201d, en <em><a href=\"https:\/\/acmrs.org\/publications\/catalog\/acta-conventus-neo-latini-budapestinensis-proceedings-thirteenth-international\">Acta Conventus Neo-Latini Budapestinensis<\/a>: Proceedings of the Thirteenth International Congress of Neo-Latin Studies (Budapest 2006)<\/em>. Eds.: Rhoda Schnur (general editor); Joaquin Pascual Barea, Karl Enenkel, Amedeo Di Francesco, David Money, Colette Nativel, Howard Norland, and L\u00e1szl\u00f3 Sz\u00f6r\u00e9nyi. Tempe-AZ: MRTS (Medieval and Renaissance Texts and Studies), 2010.<\/p>\n<p>&#8211; \u201c<a href=\"https:\/\/www.academia.edu\/30646509\/La_tradici%C3%B3n_de_la_toxicolog%C3%ADa_grecolatina_en_el_Herbario_de_Ps._Apuleyo_el_cap%C3%ADtulo_sobre_la_hierba_basilisca_en_Fito-zooterapia_antigua_y_altomedieval_textos_y_doctrinas_Arsenio_Ferraces_Rodr%C3%ADguez_ed._Universidad_de_La_Coru%C3%B1a_2009_97_-_119\">La tradici\u00f3n de la toxicolog\u00eda grecolatina en el Herbario de Ps. Apuleyo: el cap\u00edtulo sobre la hierba basilisca<\/a>\u201d, en <em>Fito-zooterapia antigua y altomedieval: textos y doctrinas<\/em> (Arsenio Ferraces Rodr\u00edguez, ed.). La Coru\u00f1a, 2009, 97-119.<\/p>\n<p>&#8211; \u201cLa proyecci\u00f3n de la ret\u00f3rica en la <em>Syruporum uniuersa ratio<\/em> de Miguel Servet, una censura <em>diligenter expolita<\/em>\u201d, <em>Pectora mulcet: Estudios de Ret\u00f3rica y Oratoria Latinas<\/em> (T. Arcos Pereira et al., eds.). Logro\u00f1o, 2009, vol. 2, 1029-1042.<\/p>\n<p>&#8211; \u201c<a href=\"https:\/\/books.google.es\/books?id=9i7uFac3t-MC&amp;pg=PA1508&amp;lpg=PA1508&amp;dq=%E2%80%9CSyruporum+universa+ratio%E2%80%9D+%22teresa+santamar%C3%ADa+hern%C3%A1ndez%22&amp;source=bl&amp;ots=V8iBSOsJRx&amp;sig=4S8hyDm3I5h8Zf0TQLJZ6qQCdQ4&amp;hl=es&amp;sa=X&amp;ved=2ahUKEwiF_uPlq83eAhXoKMAKHR_ND9oQ6AEwBXoECAQQAQ#v=onepage&amp;q=%E2%80%9CSyruporum%20universa%20ratio%E2%80%9D%20%22teresa%20santamar%C3%ADa%20hern%C3%A1ndez%22&amp;f=false\">Antecedentes y g\u00e9nesis de la <em>Syruporum universa ratio<\/em> de Michael Villanovanus<\/a>\u201d, <em>Humanismo y Pervivencia del Mundo Cl\u00e1sico IV. Homenaje al profesor Antonio Prieto (Alca\u00f1iz, 9-14 de mayo de 2005),<\/em> J.M. Maestre Maestre et al., eds. Alca\u00f1iz-Madrid, 2009, 1497-1509.<\/p>\n<p>&#8211; <a href=\"http:\/\/emerita.revistas.csic.es\/index.php\/emerita\/article\/view\/284\">\u201cFuentes griegas en el Herbario de Pseudo-Apuleyo: la cura de la verbena contra la mordedura del perro rabioso<\/a>\u201d.\u00a0<em>Emerita<\/em> 76.1 (2008), 35-53. <a href=\"http:\/\/emerita.revistas.csic.es\/index.php\/emerita\/article\/view\/284\/292\" target=\"_blank\" rel=\"noopener noreferrer\">Texto completo<\/a><\/p>\n<p>&#8211; \u201c<a href=\"https:\/\/books.google.es\/books?id=QMujL2K3JtUC&amp;pg=PA205&amp;lpg=PA205&amp;dq=%22La+recepci%C3%B3n+del+Herbario+de+Ps.+Apuleyo+en+el+Renacimiento%E2%80%9D&amp;source=bl&amp;ots=MEn-ruvLLm&amp;sig=m_wdfVPZPflJsP56t3qIJCXHacY&amp;hl=es&amp;sa=X&amp;ved=2ahUKEwid45qUrM3eAhXQzoUKHUO3BaMQ6AEwA3oECAIQAQ#v=onepage&amp;q=%22La%20recepci%C3%B3n%20del%20Herbario%20de%20Ps.%20Apuleyo%20en%20el%20Renacimiento%E2%80%9D&amp;f=false\">La recepci\u00f3n del Herbario de Ps. Apuleyo en el Renacimiento<\/a>\u201d, en <em>La transmisi\u00f3n de la ciencia desde la Antig\u00fcedad al Renacimiento.<\/em>\u00a0Cuenca: Universidad de Castilla-La Mancha, 2008, 203-222.<\/p>\n<p>&#8211; <a href=\"http:\/\/interclassica.um.es\/investigacion\/hemeroteca\/m\/myrtia\/numero_22_2007\/la_pervivencia_de_la_literatura_griega_sobre_venenos_y_animales_venenosos_en_el_herbario_de_ps_apuleyo_una_tradicion_adaptada\">\u201cLa pervivencia de la literatura griega sobre venenos y animales venenosos en el Herbario de Ps. Apuleyo: una tradici\u00f3n adaptada<\/a>\u201d.\u00a0<em>Myrtia<\/em> 22 (2007), 165-179. <a href=\"http:\/\/revistas.um.es\/myrtia\/article\/view\/70711\" target=\"_blank\" rel=\"noopener noreferrer\">Texto completo\u00a0<\/a><\/p>\n<p>&#8211; <a href=\"https:\/\/ruc.udc.es\/dspace\/bitstream\/handle\/2183\/12796\/CC-90_art_15.pdf?sequence=1&amp;isAllowed=y\">\u201cLa toxicolog\u00eda en los textos m\u00e9dicos latinos de la Antig\u00fcedad\u201d<\/a>, en T<em>radici\u00f3n griega y textos m\u00e9dicos latinos en el per\u00edodo presalernitano. Actas del VIII Coloquio Internacional \u2018Textos m\u00e9dicos latinos antiguos<\/em>\u2019 (A. Ferraces Rodr\u00edguez, ed.). La Coru\u00f1a, 2007, 289-316. <a href=\"https:\/\/core.ac.uk\/download\/pdf\/61911462.pdf\">Texto completo<\/a><\/p>\n<p>&#8211; \u201c<a href=\"https:\/\/www.academia.edu\/30726433\/La_difusi%C3%B3n_del_humanismo_m%C3%A9dico_el_boticario_Lorenzo_P%C3%A9rez_contra_los_deprauata_nomina_o_las_demonum_appellationes_Acta_Conventus_Neo-Latini_Bonnensis_Proceedings_of_the_Twelfth_International_Congress_of_Neo-Latin_Studies_Bonn_2003_Rhoda_Schnur_et_al._eds._Tempe_AZ_2006_717-725\">La difusi\u00f3n del humanismo m\u00e9dico: el boticario Lorenzo P\u00e9rez contra los <em>deprauata nomina<\/em> o las <em>demonum appellationes<\/em><\/a>\u201d, en <em>Acta conventus neo-latini Bonnensis. Proceedings of the Twelfth International Congress of Neo-Latin Studies. <\/em>Tempe, Arizona: Medieval and Renaissance Texts and Studies, 2006, 717-125.<\/p>\n<p>&#8211; \u201c<a href=\"https:\/\/www.academia.edu\/30755737\/Textos_m%C3%A9dicos_antiguos_y_tradici%C3%B3n_literaria_en_el_Libro_de_los_Quadrupedes_y_Serpientes_terrestres_del_boticario_V%C3%A9lez_de_Arciniega_1597_en_Actas_del_XI_Congreso_de_la_Sociedad_Espa%C3%B1ola_de_Estudios_Cl%C3%A1sicos_2003_J._F._Gonz%C3%A1lez_Castro_et_al._eds._3_Madrid_2006_585_-_594\">Textos m\u00e9dicos antiguos y tradici\u00f3n literaria en el <em>Libro de los Quadrupedes y Serpientes terrestres<\/em> del boticario V\u00e9lez de Arciniega (1597)<\/a>\u201d, en <em>Actas del XI Congreso de la Sociedad Espa\u00f1ola de Estudios Cl\u00e1sicos.<\/em>\u00a0 Madrid, 2006, vol.\u00a03, 585-594.<\/p>\n<p>&#8211; \u201c<a href=\"http:\/\/interclassica.um.es\/var\/plain\/storage\/original\/application\/cd0ab7598f108b91258ea74406725cde.pdf\">La medicina filol\u00f3gica de Miguel de Villanueva<\/a>\u201d, <em>Koin\u00f2s l\u00f3gos. Homenaje al profesor Jos\u00e9 Garc\u00eda L\u00f3pez<\/em> (E. Calder\u00f3n Dorda et al., eds.). Murcia, 2006, 963-972. <a href=\"http:\/\/interclassica.um.es\/var\/plain\/storage\/original\/application\/cd0ab7598f108b91258ea74406725cde.pdf\">Texto completo<\/a>.<\/p>\n<p>&#8211; \u201c<a href=\"https:\/\/www.academia.edu\/30748249\/L%C3%ADneas_generales_de_los_textos_latinos_de_la_medicina_toledana_renacentista_in_La_Filolog%C3%ADa_Latina_mil_a%C3%B1os_m%C3%A1s_P._P._Conde_Parrado_-_I._Vel%C3%A1zquez_eds._vol._2_Burgos_-_Madrid_2009_1475_-_1492\">L\u00edneas generales de los textos latinos de la medicina toledana renacentista<\/a>\u201d, <em>La Filolog\u00eda Latina. Mil a\u00f1os m\u00e1s. Actas del IV Congreso de la Sociedad de Estudios Latinos (Medina del Campo, 22-24 de mayo de 2003)<\/em>, P. P. Conde Parrado \u2013 I. Vel\u00e1zquez, eds. Madrid, 2005, 1475-1492.<\/p>\n<p>&#8211; <a href=\"https:\/\/www.academia.edu\/30730223\/El_l%C3%A9xico_de_Celso_en_una_traducci%C3%B3n_de_Hip%C3%B3crates_del_siglo_XVI_el_libro_II_de_las_Epidemias_de_Pedro_Jaime_Esteve_in_Testi_medici_latini_antichi._Le_parole_della_medicina_l%C3%A9xico_e_storia._Atti_del_VII_Convegno_Internazionale_S._Sconocchia_et_al._eds._Bologna_2004_353_-_373\">\u201cEl l\u00e9xico de Celso en una traducci\u00f3n de Hip\u00f3crates del siglo XVI: el libro II de las Epidemias de Pedro Jaime Esteve<\/a>\u201d, en <em>Testi medici latini antichi (le parole della medicina: l\u00e9xico e storia): Atti del VII Convegno<\/em> (S. Sconocchia, F. Cavalli, eds.). Bolonia, 2004, 353-373.<\/p>\n<p>&#8211; <a href=\"https:\/\/www.academia.edu\/30714051\/La_recuperaci%C3%B3n_de_los_escolios_a_Nicandro_en_la_ex%C3%A9gesis_renacentista_del_poeta_in_Charisterion_Francisco_Mart%C3%ADn_oblatum_S._Talavera_I._Garc%C3%ADa_Pinilla_eds._Cuenca_Universidad_de_Castilla-La_Mancha_2004_363_-_384\">\u201cLa recuperaci\u00f3n de los escolios a Nicandro en la ex\u00e9gesis renacentista del poeta\u201d<\/a>, en <em>Charisterion Francisco Mart\u00edn oblatum<\/em> (S. Talavera, I. Garc\u00eda Pinilla, eds.). Cuenca, 2004, 363-384.<\/p>\n<p>&#8211; \u201c<a href=\"https:\/\/www.jstor.org\/stable\/23974183?seq=1#page_scan_tab_contents\">Nicander Latinus: la difusi\u00f3n latina de Nicandro en el siglo XVI<\/a>\u201d.\u00a0<em>Humanistica Lovaniensia<\/em> 53 (2004), 125-173.<\/p>\n<p>&#8211; <a href=\"https:\/\/books.google.es\/books?id=sfjU15poLwQC&amp;pg=PA823&amp;lpg=PA823&amp;dq=%E2%80%9CLa+tradici%C3%B3n+latina+de+Nicandro+en+el+Renacimiento%E2%80%9D&amp;source=bl&amp;ots=_N5W00dkdg&amp;sig=_waI523pNn_NH6PZVEjBk-VPDwQ&amp;hl=es&amp;sa=X&amp;ved=2ahUKEwjvysO1rs3eAhXsKMAKHa8eBXsQ6AEwA3oECAIQAQ#v=onepage&amp;q=%E2%80%9CLa%20tradici%C3%B3n%20latina%20de%20Nicandro%20en%20el%20Renacimiento%E2%80%9D&amp;f=false\">\u201cLa tradici\u00f3n latina de Nicandro en el Renacimiento\u201d<\/a>, <a href=\"https:\/\/books.google.es\/books?id=h2uSAgAAQBAJ&amp;pg=PA821&amp;lpg=PA821&amp;dq=%22de+nuevo+en+colonia+en+1530+por%22&amp;source=bl&amp;ots=bZh_pcWL2J&amp;sig=ACfU3U2r3_ZEqmChsgg-jJ95PNSB9DeVbw&amp;hl=es&amp;sa=X&amp;ved=2ahUKEwijtIHjoIzgAhWhAWMBHaUvBNMQ6AEwAHoECAAQAQ#v=onepage&amp;q=%22de%20nuevo%20en%20colonia%20en%201530%20por%22&amp;f=false\"><em>La Medicina ante el nuevo mileno: una perspectiva hist\u00f3rica.<\/em> <em>Actas del XII Congreso Nacional de Historia de la Medicina, Albacete, 7-9 de febrero de 2002<\/em><\/a>\u00a0(J. Mart\u00ednez P\u00e9rez et al., eds.). Cuenca, 2004, 821-833.<\/p>\n<p>&#8211; \u201c<a href=\"https:\/\/www.academia.edu\/30755827\/La_valoraci%C3%B3n_de_la_lengua_en_los_escritos_del_humanismo_m%C3%A9dico_valenciano_lat%C3%ADn_griego_y_vulgar_in_La_Universitat_de_Val%C3%A8ncia_i_l_Humanime_Studia_Humanitatis_y_renovaci%C3%B3_cultural_a_Europa_i_el_Nou_M%C3%B3n_Valencia_Abril_2000_F._Grau_Codina_et_al._eds._Valencia_Universidad_2003_731_-_740\">La valoraci\u00f3n de la lengua en los escritos del humanismo m\u00e9dico valenciano: lat\u00edn, griego y vulgar<\/a>\u201d, A<em>ctas del Congreso Internacional La Universitat de Val\u00e8ncia i l\u2019 Humanime: Studia Humanitatis y renovaci\u00f3 cultural a Europa i el Nou M\u00f3n, Valencia, Abril 2000<\/em>, (F. Grau Codina et al.., eds.). Valencia, 2003, 731-740.<\/p>\n<p>&#8211; <a href=\"https:\/\/www.academia.edu\/30756413\/Fuentes_literarias_del_mundo_cl%C3%A1sico_en_textos_m%C3%A9dicos_latinos_del_siglo_XVI_in_Noua_et_vetera_nuevos_horizontes_de_la_Filolog%C3%ADa_Latina_A.M._Aldama_et_al._eds._Actas_del_III_Congreso_de_la_Sociedad_de_estudios_Latinos_2_Madrid_2002_1103_-_1114\">\u201cFuentes literarias del mundo cl\u00e1sico en textos m\u00e9dicos latinos del siglo XVI\u201d<\/a>, en <em>Noua et vetera: nuevos horizontes de la Filolog\u00eda Latina.<\/em>\u00a0Madrid, 2002, 1103-1114.<\/p>\n<p>&#8211;<a href=\"https:\/\/www.academia.edu\/30755883\/El_l%C3%A9xico_latino_de_la_Fisiolog%C3%ADa_en_los_textos_del_humanismo_m%C3%A9dico_renacentista_la_tradici%C3%B3n_de_coctio_concoctio_y_digestio_desde_la_Antig%C3%BCedad_in_Actas_del_X_Congreso_Espa%C3%B1ol_de_Estudios_Cl%C3%A1sicos_J.F._Gonz%C3%A1lez_Castro_-_J.L._Vidal_eds._3_Madrid_Ediciones_Cl%C3%A1sicas_2002_407_-_414\">\u201dEl l\u00e9xico latino de la Fisiolog\u00eda en los textos del humanismo m\u00e9dico renacentista: la tradici\u00f3n de <em>coctio, concoctio<\/em> y <em>digestio<\/em> desde la Antig\u00fcedad\u201d<\/a>, en <em>Actas del X Congreso Espa\u00f1ol de Estudios Cl\u00e1sicos III.<\/em>\u00a0Madrid 2002, 407-414.<\/p>\n<p>&#8211; \u201c<a href=\"https:\/\/books.google.es\/books?id=cg15gBSDlf4C&amp;pg=PA2583&amp;lpg=PA2583&amp;dq=%E2%80%9CNicandro+latino+en+el+humanismo+m%C3%A9dico+valenciano%22&amp;source=bl&amp;ots=g9DxeI6Y7t&amp;sig=gIO4JSkDS9W0BoT6tsbLrlVK_z8&amp;hl=es&amp;sa=X&amp;ved=2ahUKEwi1jqnmr83eAhVIJsAKHUNADT8Q6AEwAnoECAQQAQ#v=onepage&amp;q=%E2%80%9CNicandro%20latino%20en%20el%20humanismo%20m%C3%A9dico%20valenciano%22&amp;f=false\">Nicandro latino en el humanismo m\u00e9dico valenciano: Pedro Jaime Esteve, traductor de los <em>Theriaca<\/em><\/a>\u201d, <em>Humanismo y Pervivencia del Mundo Cl\u00e1sico III. Homenaje al profesor Antonio Font\u00e1n<\/em> (J.M. Maestre Maestre et al., eds.). Alca\u00f1iz-Madrid, 2002, vol. 5, 2579-2571.<\/p>\n<p>&#8211; <a href=\"https:\/\/www.academia.edu\/30756352\/El_humanismo_m%C3%A9dico_en_la_Universidad_de_Valencia_in_Andr%C3%A9s_Laguna._Humanismo_ciencia_y_pol%C3%ADtica_en_la_Europa_renacentista_J.L._Garc%C3%ADa_Hourcade_-_J.M._Moreno_Yuste_eds._Valladolid_Junta_de_Castilla_y_Le%C3%B3n_2001_293_-_308\">\u201cEl humanismo m\u00e9dico en la Universidad de Valencia\u201d<\/a>, <em>Andr\u00e9s Laguna. Humanismo, ciencia y pol\u00edtica en la Europa renacentista<\/em> (J.L. Garc\u00eda Hourcade-J.M. Moreno Yuste, coords.). Valladolid, 2001, 293-308.<\/p>\n<p>&#8211; \u201c<a href=\"https:\/\/revistas.um.es\/myrtia\/article\/view\/38121\">El l\u00e9xico t\u00e9cnico latino de la fisiolog\u00eda en los textos del humanismo m\u00e9dico valenciano: la tradici\u00f3n de <em>spiritus<\/em><\/a>\u201d.\u00a0<em>Myrtia<\/em> 14 (1999), 119-142. <a href=\"http:\/\/revistas.um.es\/myrtia\/article\/view\/38121\" target=\"_blank\" rel=\"noopener noreferrer\">Texto completo<\/a><\/p>\n<p>&#8211; \u201c<a href=\"https:\/\/dialnet.unirioja.es\/servlet\/articulo?codigo=119234\">El discurso sobre la defensa de la Tau del m\u00e9dico valenciano Miguel Jer\u00f3nimo Ledesma: un testimonio de griego renacentista<\/a>\u201d.\u00a0<em>Minerva<\/em> 13 (1999), 259-281. <a href=\"https:\/\/dialnet.unirioja.es\/servlet\/articulo?codigo=119234\">Texto completo<\/a>.<\/p>\n<p>&#8211; \u201cE<a href=\"https:\/\/dialnet.unirioja.es\/servlet\/articulo?codigo=2292625\">l juego ling\u00fc\u00edstico entre lat\u00edn y griego en los comentarios did\u00e1cticos de la medicina humanista: los <em>Theriak\u00e1<\/em> de P. J. Esteve (Valencia 1552)<\/a>\u201d.\u00a0<em>Ensayos<\/em> 13 (1998), 167-181. <a href=\"https:\/\/dialnet.unirioja.es\/descarga\/articulo\/2292625.pdf\">Texto completo<\/a>.<\/p>\n<p>&#8211; <a href=\"https:\/\/www.academia.edu\/30755978\/La_denominaci%C3%B3n_verbal_de_las_cualidades_humorales_in_Tradici%C3%B3n_e_innovaci%C3%B3n_de_la_Medicina_Latina_de_la_Antig%C3%BCedad_y_de_la_Alta_Edad_Media_Actas_del_IV_Coloquio_Internacional_textos_m%C3%A9dicos_latinos_antiguos_M.E._V%C3%A1zquez_Buj%C3%A1n_ed._Santiago_de_Compostela_1994_297_-_315\">\u201cLa denominaci\u00f3n verbal de las cualidades humorales\u201d<\/a>, en <em>Tradici\u00f3n e innovaci\u00f3n de la Medicina Latina de la Antig\u00fcedad y de la Alta Edad Media, Actas del IV Coloquio Internacional sobre los \u201ctextos m\u00e9dicos latinos antiguos\u201d<\/em> (M.E. V\u00e1zquez Buj\u00e1n, ed.). Santiago de Compostela, 1994, 297-315.<\/p>\n<p>&#8211; (con E. Montero Cartelle), <a href=\"https:\/\/dialnet.unirioja.es\/servlet\/articulo?codigo=315957\">\u201c<em>Nec elegantius quam Celso<\/em> (Colum. IX 2,1). Sobre la Elegantia del <em>De Medicina<\/em> de A. Cornelio Celso\u201d<\/a>.\u00a0<em>Helmantica<\/em> 133-135 (1993), 477-488.<\/p>\n<p><strong>II. Rese\u00f1as:<br \/>\n<\/strong><br \/>\n&#8211; \u201cJos\u00e9 Carlos Santos Paz,\u00a0<em>Pseudo-Sexto Pl\u00e1cido. Liber medicine ex quadrupedibus. Magos y doctores. La Medicina en la Alta Edad Media<\/em>. Edici\u00f3n, traducci\u00f3n y estudio, Firenze: Sismel-Edizioni del Galluzzo per la Fondazione Ezio Franceschini, 2018 (Per Verba. Testi mediolatini con traduzione, 34), CXX + 100 pp.\u201d <a href=\"https:\/\/revistas.uva.es\/index.php\/minerva\/article\/view\/4817\/3560\"><em>Minerva. Revista de Filolog\u00eda Cl\u00e1sica<\/em>, 33 (2020), 261-276<\/a>. <a href=\"https:\/\/revistas.uva.es\/index.php\/minerva\/article\/view\/4817\">Texto completo<\/a>.<\/p>\n<p>&#8211; \u201c<em>La Practica de Plateario. Edici\u00f3n cr\u00edtica, traducci\u00f3n y estudio de Victoria Recio Mu\u00f1oz<\/em>. Firenze: SISMEL &#8211; Edizioni del Galluzzo, 2016, 882 pp. + 12\u201d. <a href=\"https:\/\/revistas.uva.es\/index.php\/minerva\/article\/view\/1184\"><em>Minerva. Revista de Filolog\u00eda Cl\u00e1sica de la Universidad de Valladolid<\/em>, 30 (2017), 379-381<\/a>. <a href=\"https:\/\/revistas.uva.es\/index.php\/minerva\/article\/view\/4817\">Texto completo<\/a>.<\/p>\n<p>&#8211; \u201cObras completas, vol. 6: Escritos varios. Por Pedro de Valencia. Jes\u00fas Mar\u00eda Nieto Ib\u00e1\u00f1ez, coordinador). Le\u00f3n: Universidad \/ Instituto de Humanismo y Tradici\u00f3n Cl\u00e1sica, 2012, 661 pp.\u201d <a href=\"https:\/\/www.academia.edu\/30700701\/_Obras_completas_vol._6_Escritos_varios._Por_Pedro_de_Valencia._Jes%C3%BAs_Mar%C3%ADa_Nieto_Ib%C3%A1%C3%B1ez_coordinador_._Le%C3%B3n_Universidad_Instituto_de_Humanismo_y_Tradici%C3%B3n_Cl%C3%A1sica_2012_661p._The_Neo-Latin_News_61_2013_63_-_65\"><em>The Neo-Latin News<\/em> 61 (2013), American Association for Neo-Latin Studies-Texas AM University, pp. 63 \u2013 65<\/a>.<\/p>\n<p>&#8211; \u201cAna Isabel Mart\u00edn Ferreira (ed.), <em>Medicina y Filolog\u00eda: Estudios de l\u00e9xico m\u00e9dico latino en la Edad Media<\/em>, Oporto, F\u00e9d\u00e9ration Internationale des Instituts d\u2019\u00c9tudes M\u00e9di\u00e9vales, 2010 (Textes et \u00c9tudes du Moyen \u00c2ge, 56), 258 pp. ISBN: 978-2-503-53895-2\u201d. <a href=\"https:\/\/www.academia.edu\/30698074\/_Medicina_y_Filolog%C3%ADa_Estudios_de_l%C3%A9xico_m%C3%A9dico_latino_en_la_Edad_Media._Ed._Ana_Isabel_Mart%C3%ADn_Ferreira_Textes_et_%C3%89tudes_du_Moyen_%C3%82ge_56._Porto_FIDEM_2010._258_pp._ISBN_978-2-503-53895-2_Minerva._Revista_de_Filolog%C3%ADa_Cl%C3%A1sica_de_la_Universidad_de_Valladolid_26_2013_351_-_353\"><em>Minerva. Revista de Filolog\u00eda Cl\u00e1sica de la Universidad de Valladolid,<\/em>\u00a026 (2013), 349-351<\/a>. <a href=\"https:\/\/revistas.uva.es\/index.php\/minerva\/article\/view\/2552\">Texto completo<\/a>.<\/p>\n<p>&#8211; \u201cJos\u00e9 Pablo Barrag\u00e1n Nieto, <em>El<\/em> De secretis mulierum <em>atribuido a Alberto Magno: Estudio, Edici\u00f3n cr\u00edtica y traducci\u00f3n<\/em>, F\u00e9d\u00e9ration Internationale des Instituts d\u2019\u00c9tudes M\u00e9di\u00e9vales, Textes et \u00c9tudes du Moyen \u00c2ge, 63, Porto, 2012, 600 pp., ISBN 978-2-503-54392-5\u201d. <a href=\"http:\/\/rabida.uhu.es\/dspace\/bitstream\/handle\/10272\/9693\/19-Santamaria.pdf;sequence=2\"><em>Exemplaria Classica. Journal of Classical Philology<\/em> 17 (2013), 503-506<\/a>.<\/p>\n<p>&#8211; \u201cM. del Amo Lozano, <em>Aelii Antonii Nebrissensis grammatici in A. Persium Flaccum, poetam satyricum,interpretatio. Edici\u00f3n y estudio<\/em>, Frankfurt am Main, Peter Lang, 2011\u201d, <a href=\"https:\/\/www.academia.edu\/30700749\/_Milagros_del_Amo_Lozano_Aelii_Antonii_Nebrissensis_grammatici_in_A._Persium_Flaccum_poetam_satyricum_interpretatio_Edici%C3%B3n_y_estudio_Frankfurt_am_Main_Peter_Lang_2011_XXIV_527_pp._Minerva._Revista_de_Filolog%C3%ADa_Cl%C3%A1sica_de_la_Universidad_de_Valladolid_25_2012_291_-_295\"><em>Minerva<\/em> 25 (2012), 291-295<\/a>.<\/p>\n<p>&#8211; \u201c<em>Il bilinguismo medico fra Tardoantico e Medioevo<\/em>: Messina, Universit\u00e0 degli Studi, 14-15 ottobre 2010\u201d, <a href=\"https:\/\/www.academia.edu\/30704132\/_Il_bilinguismo_medico_fra_Tardoantico_e_Medioevo_Messina_Universit%C3%A0_degli_Studi_14-15_ottobre_2010_Bolletino_di_Studi_Latini_41_2011_230_-_231\"><em>Bolletino di Studi Latini<\/em> 41 (2011), 230-231<\/a>.<\/p>\n<p>&#8211; \u201cLuis Gil Fern\u00e1ndez. <em>Formas y tendencias del humanismo valenciano quinientista<\/em>. Pr\u00f3logo de Antonio Mestre. Palmyrenus: Colecci\u00f3n de Textos y Estudios Human\u00edsticos (Serie Estudios). Alca\u00f1iz-Madrid 2003. 190 pp.\u201d, <a href=\"https:\/\/www.academia.edu\/30711676\/_Luis_Gil_Fern%C3%A1ndez_Formas_y_tendencias_del_humanismo_valenciano_quinientista._Pr%C3%B3logo_de_Antonio_Mestre._Palmyrenus_Colecci%C3%B3n_de_Textos_y_Estudios_Human%C3%ADsticos_Serie_Estudios_._Alca%C3%B1iz-Madrid_2003._190_pp._Myrtia._Revista_de_Filolog%C3%ADa_Cl%C3%A1sica_de_la_Universidad_de_Murcia_21_2006_349-353\"><em>Myrtia<\/em> 21 (2006), 349-353<\/a>.<\/p>\n<p>&#8211; \u201cAA.VV., <em>L\u2019 Officina Ellenistica. Poesia dotta e popolare in Grecia e a Roma<\/em> (L. Belloni et al., eds.), Trento, Universit\u00e0 degli Studi, 2003\u201d.\u00a0<a href=\"http:\/\/emerita.revistas.csic.es\/index.php\/emerita\/article\/view\/60\/61\"><em>Emerita<\/em> 73.1 (2005),171-172<\/a>. <a href=\"http:\/\/emerita.revistas.csic.es\/index.php\/emerita\/article\/viewFile\/60\/61\">Texto completo<\/a>.<\/p>\n<p>&#8211; \u201cNicandre. <em>Oeuvres. Tome II: Les th\u00e9riaques. Fragments iologiques ant\u00e9rieurs \u00e0 Nicandre<\/em>. Texte \u00e9tabli et traduit par Jean-Marie Jacques, Par\u00eds, Les Belles Lettres, 2002, CCVIII+313 pp.\u201d\u00a0<a href=\"http:\/\/emerita.revistas.csic.es\/index.php\/emerita\/article\/view\/71\/72\"><em>Emerita<\/em> 72.2 (2004), 352-354<\/a>. <a href=\"http:\/\/emerita.revistas.csic.es\/index.php\/emerita\/article\/viewFile\/71\/72\">Texto completo<\/a>.<\/p>\n<p>&#8211; \u201c<em>Les textes m\u00e9dicaux latins comme litt\u00e9rature<\/em> (A. et J. Pigeaud, eds.), Universit\u00e9 de Nantes 2000\u201d.\u00a0<a href=\"http:\/\/emerita.revistas.csic.es\/index.php\/emerita\/article\/view\/117\/118\"><em>Emerita<\/em> 70.2 (2002), 378-381<\/a>. <a href=\"http:\/\/emerita.revistas.csic.es\/index.php\/emerita\/article\/viewFile\/117\/118\">Texto completo<\/a>.<\/p>\n<p><strong>III. Publicaci\u00f3n digital:<br \/>\n<\/strong><br \/>\n&#8211; Ficha para Biblioteca Digital S\u00e9neca-Interclassica (Universidad de Murcia) sobre la edici\u00f3n de A. Cornelio Celso <em>De arte medica libri octo<\/em> (Basilea: Juan Oporino, 1552), 2009. <a href=\"http:\/\/interclassica.um.es\/biblioteca_digital_seneca\/siglo_xvi\/de_arte_medica_libri_octo\">Texto completo<\/a><\/p>\n","protected":false},"excerpt":{"rendered":"<p>I. Art\u00edculos en revistas y cap\u00edtulos de libros: &#8211; \u201cLa tradici\u00f3n de escritos latinos De catarticis en la Antig\u00fcedad Tard\u00eda y la Alta Edad Media: principios de composici\u00f3n y transmisi\u00f3n textual\u201d. Pallas. R\u00e9vue d&#8217;\u00c9tudes Antiques, 113 (2020), 93-108. &#8211; \u201cRecursos de modernizaci\u00f3n de un escrito m\u00e9dico: los Fundamenta medicorum del converso toledano \u00c1lvaro de Castro. &hellip; <a href=\"https:\/\/blog.uclm.es\/teresasantamaria\/publicaciones\/\" class=\"more-link\">Seguir leyendo <span class=\"screen-reader-text\">ART\u00cdCULOS Y CAP\u00cdTULOS<\/span> <span class=\"meta-nav\">&rarr;<\/span><\/a><\/p>\n","protected":false},"author":31,"featured_media":0,"parent":0,"menu_order":0,"comment_status":"closed","ping_status":"closed","template":"","meta":{"footnotes":""},"class_list":["post-81","page","type-page","status-publish","hentry"],"_links":{"self":[{"href":"https:\/\/blog.uclm.es\/teresasantamaria\/wp-json\/wp\/v2\/pages\/81","targetHints":{"allow":["GET"]}}],"collection":[{"href":"https:\/\/blog.uclm.es\/teresasantamaria\/wp-json\/wp\/v2\/pages"}],"about":[{"href":"https:\/\/blog.uclm.es\/teresasantamaria\/wp-json\/wp\/v2\/types\/page"}],"author":[{"embeddable":true,"href":"https:\/\/blog.uclm.es\/teresasantamaria\/wp-json\/wp\/v2\/users\/31"}],"replies":[{"embeddable":true,"href":"https:\/\/blog.uclm.es\/teresasantamaria\/wp-json\/wp\/v2\/comments?post=81"}],"version-history":[{"count":0,"href":"https:\/\/blog.uclm.es\/teresasantamaria\/wp-json\/wp\/v2\/pages\/81\/revisions"}],"wp:attachment":[{"href":"https:\/\/blog.uclm.es\/teresasantamaria\/wp-json\/wp\/v2\/media?parent=81"}],"curies":[{"name":"wp","href":"https:\/\/api.w.org\/{rel}","templated":true}]}}