{"id":866,"date":"2021-11-10T12:28:13","date_gmt":"2021-11-10T11:28:13","guid":{"rendered":"https:\/\/blog.uclm.es\/saramago-toledo\/?page_id=866"},"modified":"2026-04-27T11:03:56","modified_gmt":"2026-04-27T10:03:56","slug":"actividades-21-22","status":"publish","type":"page","link":"https:\/\/blog.uclm.es\/saramago-toledo\/actividades-21-22\/","title":{"rendered":"Actividades 2021-22"},"content":{"rendered":"<p><img loading=\"lazy\" decoding=\"async\" class=\"aligncenter size-full wp-image-1205\" src=\"https:\/\/blog.uclm.es\/saramago-toledo\/wp-content\/uploads\/sites\/206\/2022\/06\/MicrosoftTeams-image-15-e1654597750696.jpg\" alt=\"\" width=\"888\" height=\"720\" srcset=\"https:\/\/blog.uclm.es\/saramago-toledo\/wp-content\/uploads\/sites\/206\/2022\/06\/MicrosoftTeams-image-15-e1654597750696.jpg 888w, https:\/\/blog.uclm.es\/saramago-toledo\/wp-content\/uploads\/sites\/206\/2022\/06\/MicrosoftTeams-image-15-e1654597750696-300x243.jpg 300w, https:\/\/blog.uclm.es\/saramago-toledo\/wp-content\/uploads\/sites\/206\/2022\/06\/MicrosoftTeams-image-15-e1654597750696-768x623.jpg 768w, https:\/\/blog.uclm.es\/saramago-toledo\/wp-content\/uploads\/sites\/206\/2022\/06\/MicrosoftTeams-image-15-e1654597750696-370x300.jpg 370w\" sizes=\"auto, (max-width: 888px) 100vw, 888px\" \/> <strong>Exposici\u00f3n \u00abLa cultura de la Her\u00e1ldica. Linajes y blasones\u00bb del Archivo Hist\u00f3rico de la Nobleza &#8211; Hospital de Tavera.<\/strong> Organizada por Eugenio Serrano y los alumnos de 4\u00b0 de Espec\u00edfico.<\/p>\n<p><img loading=\"lazy\" decoding=\"async\" class=\"aligncenter size-full wp-image-1186\" src=\"https:\/\/blog.uclm.es\/saramago-toledo\/wp-content\/uploads\/sites\/206\/2022\/06\/MicrosoftTeams-image-13.png\" alt=\"\" width=\"881\" height=\"657\" srcset=\"https:\/\/blog.uclm.es\/saramago-toledo\/wp-content\/uploads\/sites\/206\/2022\/06\/MicrosoftTeams-image-13.png 881w, https:\/\/blog.uclm.es\/saramago-toledo\/wp-content\/uploads\/sites\/206\/2022\/06\/MicrosoftTeams-image-13-300x224.png 300w, https:\/\/blog.uclm.es\/saramago-toledo\/wp-content\/uploads\/sites\/206\/2022\/06\/MicrosoftTeams-image-13-768x573.png 768w, https:\/\/blog.uclm.es\/saramago-toledo\/wp-content\/uploads\/sites\/206\/2022\/06\/MicrosoftTeams-image-13-402x300.png 402w\" sizes=\"auto, (max-width: 881px) 100vw, 881px\" \/><br \/>\n<strong>Ruta de Cervantes &#8211; Toledo<\/strong> (junio 2022). Dirigida por la profesora M.\u00aa Humildad Mu\u00f1oz Resinocon con los alumnos de 1\u00ba de Espec\u00edfico.<\/p>\n<p><img loading=\"lazy\" decoding=\"async\" class=\"aligncenter size-full wp-image-1176\" src=\"https:\/\/blog.uclm.es\/saramago-toledo\/wp-content\/uploads\/sites\/206\/2022\/05\/MicrosoftTeams-image-8.png\" alt=\"\" width=\"876\" height=\"660\" srcset=\"https:\/\/blog.uclm.es\/saramago-toledo\/wp-content\/uploads\/sites\/206\/2022\/05\/MicrosoftTeams-image-8.png 876w, https:\/\/blog.uclm.es\/saramago-toledo\/wp-content\/uploads\/sites\/206\/2022\/05\/MicrosoftTeams-image-8-300x226.png 300w, https:\/\/blog.uclm.es\/saramago-toledo\/wp-content\/uploads\/sites\/206\/2022\/05\/MicrosoftTeams-image-8-768x579.png 768w, https:\/\/blog.uclm.es\/saramago-toledo\/wp-content\/uploads\/sites\/206\/2022\/05\/MicrosoftTeams-image-8-398x300.png 398w\" sizes=\"auto, (max-width: 876px) 100vw, 876px\" \/><br \/>\n<strong>Graduaci\u00f3n XV\u00aa Promoci\u00f3n del Ciclo Espec\u00edfico del Programa Universitario Jos\u00e9 Saramago 50 Plus &#8211; Toledo<\/strong> (mayo 2022)<\/p>\n<p><img loading=\"lazy\" decoding=\"async\" class=\"aligncenter size-full wp-image-1175\" src=\"https:\/\/blog.uclm.es\/saramago-toledo\/wp-content\/uploads\/sites\/206\/2022\/05\/MicrosoftTeams-image-11.png\" alt=\"\" width=\"1328\" height=\"606\" srcset=\"https:\/\/blog.uclm.es\/saramago-toledo\/wp-content\/uploads\/sites\/206\/2022\/05\/MicrosoftTeams-image-11.png 1328w, https:\/\/blog.uclm.es\/saramago-toledo\/wp-content\/uploads\/sites\/206\/2022\/05\/MicrosoftTeams-image-11-300x137.png 300w, https:\/\/blog.uclm.es\/saramago-toledo\/wp-content\/uploads\/sites\/206\/2022\/05\/MicrosoftTeams-image-11-1024x467.png 1024w, https:\/\/blog.uclm.es\/saramago-toledo\/wp-content\/uploads\/sites\/206\/2022\/05\/MicrosoftTeams-image-11-768x350.png 768w, https:\/\/blog.uclm.es\/saramago-toledo\/wp-content\/uploads\/sites\/206\/2022\/05\/MicrosoftTeams-image-11-500x228.png 500w\" sizes=\"auto, (max-width: 1328px) 100vw, 1328px\" \/><br \/>\n<strong>Ruta saludable de cigarrales y ermitas &#8211; Toledo<\/strong> (mayo 2022). Actividad de la Semana Cultural.<\/p>\n<p><img loading=\"lazy\" decoding=\"async\" class=\"aligncenter size-full wp-image-1180\" src=\"https:\/\/blog.uclm.es\/saramago-toledo\/wp-content\/uploads\/sites\/206\/2022\/05\/MicrosoftTeams-image-12.png\" alt=\"\" width=\"1547\" height=\"773\" srcset=\"https:\/\/blog.uclm.es\/saramago-toledo\/wp-content\/uploads\/sites\/206\/2022\/05\/MicrosoftTeams-image-12.png 1547w, https:\/\/blog.uclm.es\/saramago-toledo\/wp-content\/uploads\/sites\/206\/2022\/05\/MicrosoftTeams-image-12-300x150.png 300w, https:\/\/blog.uclm.es\/saramago-toledo\/wp-content\/uploads\/sites\/206\/2022\/05\/MicrosoftTeams-image-12-1024x512.png 1024w, https:\/\/blog.uclm.es\/saramago-toledo\/wp-content\/uploads\/sites\/206\/2022\/05\/MicrosoftTeams-image-12-768x384.png 768w, https:\/\/blog.uclm.es\/saramago-toledo\/wp-content\/uploads\/sites\/206\/2022\/05\/MicrosoftTeams-image-12-1536x768.png 1536w, https:\/\/blog.uclm.es\/saramago-toledo\/wp-content\/uploads\/sites\/206\/2022\/05\/MicrosoftTeams-image-12-500x250.png 500w\" sizes=\"auto, (max-width: 1547px) 100vw, 1547px\" \/><br \/>\n<strong>Degustaci\u00f3n de vinos y tapas guiada por experta en\u00f3loga &#8211; Toledo<\/strong> (mayo 2022). Guiada por Ana Morales.<\/p>\n<p><img loading=\"lazy\" decoding=\"async\" class=\"aligncenter size-full wp-image-1174\" src=\"https:\/\/blog.uclm.es\/saramago-toledo\/wp-content\/uploads\/sites\/206\/2022\/05\/MicrosoftTeams-image-7.png\" alt=\"\" width=\"408\" height=\"612\" srcset=\"https:\/\/blog.uclm.es\/saramago-toledo\/wp-content\/uploads\/sites\/206\/2022\/05\/MicrosoftTeams-image-7.png 408w, https:\/\/blog.uclm.es\/saramago-toledo\/wp-content\/uploads\/sites\/206\/2022\/05\/MicrosoftTeams-image-7-200x300.png 200w\" sizes=\"auto, (max-width: 408px) 100vw, 408px\" \/><br \/>\n<strong>Viaje a Salamanca &#8211; mayo 2022.<\/strong> Organizada por Jaime Moraleda para los alumnos de 3\u00ba de Espec\u00edfico.<\/p>\n<p><img loading=\"lazy\" decoding=\"async\" class=\"aligncenter size-full wp-image-1177\" src=\"https:\/\/blog.uclm.es\/saramago-toledo\/wp-content\/uploads\/sites\/206\/2022\/05\/MicrosoftTeams-image-9.jpg\" alt=\"\" width=\"2016\" height=\"1512\" srcset=\"https:\/\/blog.uclm.es\/saramago-toledo\/wp-content\/uploads\/sites\/206\/2022\/05\/MicrosoftTeams-image-9.jpg 2016w, https:\/\/blog.uclm.es\/saramago-toledo\/wp-content\/uploads\/sites\/206\/2022\/05\/MicrosoftTeams-image-9-300x225.jpg 300w, https:\/\/blog.uclm.es\/saramago-toledo\/wp-content\/uploads\/sites\/206\/2022\/05\/MicrosoftTeams-image-9-1024x768.jpg 1024w, https:\/\/blog.uclm.es\/saramago-toledo\/wp-content\/uploads\/sites\/206\/2022\/05\/MicrosoftTeams-image-9-768x576.jpg 768w, https:\/\/blog.uclm.es\/saramago-toledo\/wp-content\/uploads\/sites\/206\/2022\/05\/MicrosoftTeams-image-9-1536x1152.jpg 1536w, https:\/\/blog.uclm.es\/saramago-toledo\/wp-content\/uploads\/sites\/206\/2022\/05\/MicrosoftTeams-image-9-400x300.jpg 400w\" sizes=\"auto, (max-width: 2016px) 100vw, 2016px\" \/><br \/>\n<img loading=\"lazy\" decoding=\"async\" class=\"aligncenter size-full wp-image-1178\" src=\"https:\/\/blog.uclm.es\/saramago-toledo\/wp-content\/uploads\/sites\/206\/2022\/05\/MicrosoftTeams-image-10.jpg\" alt=\"\" width=\"1280\" height=\"960\" srcset=\"https:\/\/blog.uclm.es\/saramago-toledo\/wp-content\/uploads\/sites\/206\/2022\/05\/MicrosoftTeams-image-10.jpg 1280w, https:\/\/blog.uclm.es\/saramago-toledo\/wp-content\/uploads\/sites\/206\/2022\/05\/MicrosoftTeams-image-10-300x225.jpg 300w, https:\/\/blog.uclm.es\/saramago-toledo\/wp-content\/uploads\/sites\/206\/2022\/05\/MicrosoftTeams-image-10-1024x768.jpg 1024w, https:\/\/blog.uclm.es\/saramago-toledo\/wp-content\/uploads\/sites\/206\/2022\/05\/MicrosoftTeams-image-10-768x576.jpg 768w, https:\/\/blog.uclm.es\/saramago-toledo\/wp-content\/uploads\/sites\/206\/2022\/05\/MicrosoftTeams-image-10-400x300.jpg 400w\" sizes=\"auto, (max-width: 1280px) 100vw, 1280px\" \/><br \/>\n<strong>Cine F\u00f3rum: \u201cEuropa, cine y segunda juventud\u201d &#8211; Toledo<\/strong> (mayo 2022). Actividad de la Semana Cultural<\/p>\n<p><img loading=\"lazy\" decoding=\"async\" class=\"aligncenter size-full wp-image-1170\" src=\"https:\/\/blog.uclm.es\/saramago-toledo\/wp-content\/uploads\/sites\/206\/2022\/05\/WhatsApp-Image-2022-05-18-at-12.34.51-PM.jpeg\" alt=\"\" width=\"718\" height=\"1065\" srcset=\"https:\/\/blog.uclm.es\/saramago-toledo\/wp-content\/uploads\/sites\/206\/2022\/05\/WhatsApp-Image-2022-05-18-at-12.34.51-PM.jpeg 718w, https:\/\/blog.uclm.es\/saramago-toledo\/wp-content\/uploads\/sites\/206\/2022\/05\/WhatsApp-Image-2022-05-18-at-12.34.51-PM-202x300.jpeg 202w, https:\/\/blog.uclm.es\/saramago-toledo\/wp-content\/uploads\/sites\/206\/2022\/05\/WhatsApp-Image-2022-05-18-at-12.34.51-PM-690x1024.jpeg 690w\" sizes=\"auto, (max-width: 718px) 100vw, 718px\" \/><br \/>\n<strong>Visita al Museo Sefard\u00ed y Sinagoga del Tr\u00e1nsito &#8211; Toledo<\/strong> (mayo 2022). Actividad de la Semana Cultural.<\/p>\n<p><img loading=\"lazy\" decoding=\"async\" class=\"aligncenter size-full wp-image-1163\" src=\"https:\/\/blog.uclm.es\/saramago-toledo\/wp-content\/uploads\/sites\/206\/2022\/05\/WhatsApp-Image-2022-05-18-at-10.31.14-AM.jpeg\" alt=\"\" width=\"719\" height=\"1599\" srcset=\"https:\/\/blog.uclm.es\/saramago-toledo\/wp-content\/uploads\/sites\/206\/2022\/05\/WhatsApp-Image-2022-05-18-at-10.31.14-AM.jpeg 719w, https:\/\/blog.uclm.es\/saramago-toledo\/wp-content\/uploads\/sites\/206\/2022\/05\/WhatsApp-Image-2022-05-18-at-10.31.14-AM-135x300.jpeg 135w, https:\/\/blog.uclm.es\/saramago-toledo\/wp-content\/uploads\/sites\/206\/2022\/05\/WhatsApp-Image-2022-05-18-at-10.31.14-AM-460x1024.jpeg 460w, https:\/\/blog.uclm.es\/saramago-toledo\/wp-content\/uploads\/sites\/206\/2022\/05\/WhatsApp-Image-2022-05-18-at-10.31.14-AM-691x1536.jpeg 691w\" sizes=\"auto, (max-width: 719px) 100vw, 719px\" \/><br \/>\n<strong>Conferencia \u00abAlfonso X: luces y sombras de un reinado\u00ab &#8211; Toledo<\/strong> (mayo 2022). Actividad de la Semana Cultural.<\/p>\n<p><img loading=\"lazy\" decoding=\"async\" class=\"aligncenter size-full wp-image-1164\" src=\"https:\/\/blog.uclm.es\/saramago-toledo\/wp-content\/uploads\/sites\/206\/2022\/05\/WhatsApp-Image-2022-05-18-at-10.21.45-AM.jpeg\" alt=\"\" width=\"900\" height=\"1600\" srcset=\"https:\/\/blog.uclm.es\/saramago-toledo\/wp-content\/uploads\/sites\/206\/2022\/05\/WhatsApp-Image-2022-05-18-at-10.21.45-AM.jpeg 900w, https:\/\/blog.uclm.es\/saramago-toledo\/wp-content\/uploads\/sites\/206\/2022\/05\/WhatsApp-Image-2022-05-18-at-10.21.45-AM-169x300.jpeg 169w, https:\/\/blog.uclm.es\/saramago-toledo\/wp-content\/uploads\/sites\/206\/2022\/05\/WhatsApp-Image-2022-05-18-at-10.21.45-AM-576x1024.jpeg 576w, https:\/\/blog.uclm.es\/saramago-toledo\/wp-content\/uploads\/sites\/206\/2022\/05\/WhatsApp-Image-2022-05-18-at-10.21.45-AM-768x1365.jpeg 768w, https:\/\/blog.uclm.es\/saramago-toledo\/wp-content\/uploads\/sites\/206\/2022\/05\/WhatsApp-Image-2022-05-18-at-10.21.45-AM-864x1536.jpeg 864w\" sizes=\"auto, (max-width: 900px) 100vw, 900px\" \/><br \/>\n<strong>\u00abLa historia de las flores en la cer\u00e1mica\u00ab &#8211; Toledo<\/strong> (mayo 2022). Exposici\u00f3n realizada por Esperanza Montero, alumna de 4\u00ba del ciclo Espec\u00edfico.<\/p>\n<p><img loading=\"lazy\" decoding=\"async\" class=\"aligncenter size-full wp-image-1165\" src=\"https:\/\/blog.uclm.es\/saramago-toledo\/wp-content\/uploads\/sites\/206\/2022\/05\/WhatsApp-Image-2022-05-18-at-10.20.51-AM-e1652870485139.jpeg\" alt=\"\" width=\"1256\" height=\"792\" srcset=\"https:\/\/blog.uclm.es\/saramago-toledo\/wp-content\/uploads\/sites\/206\/2022\/05\/WhatsApp-Image-2022-05-18-at-10.20.51-AM-e1652870485139.jpeg 1256w, https:\/\/blog.uclm.es\/saramago-toledo\/wp-content\/uploads\/sites\/206\/2022\/05\/WhatsApp-Image-2022-05-18-at-10.20.51-AM-e1652870485139-300x189.jpeg 300w, https:\/\/blog.uclm.es\/saramago-toledo\/wp-content\/uploads\/sites\/206\/2022\/05\/WhatsApp-Image-2022-05-18-at-10.20.51-AM-e1652870485139-1024x646.jpeg 1024w, https:\/\/blog.uclm.es\/saramago-toledo\/wp-content\/uploads\/sites\/206\/2022\/05\/WhatsApp-Image-2022-05-18-at-10.20.51-AM-e1652870485139-768x484.jpeg 768w, https:\/\/blog.uclm.es\/saramago-toledo\/wp-content\/uploads\/sites\/206\/2022\/05\/WhatsApp-Image-2022-05-18-at-10.20.51-AM-e1652870485139-476x300.jpeg 476w\" sizes=\"auto, (max-width: 1256px) 100vw, 1256px\" \/><br \/>\n<strong>Ruta guiada en la F\u00e1brica de Armas &#8211; Toledo<\/strong> (mayo 2022). Actividad de la Semana Cultural.<br \/>\n<img loading=\"lazy\" decoding=\"async\" class=\"aligncenter size-full wp-image-1166\" src=\"https:\/\/blog.uclm.es\/saramago-toledo\/wp-content\/uploads\/sites\/206\/2022\/05\/Graduacion-de-la-XVI-promocion-Saramago-50-plus-_-Noticias-La-Tribuna-de-Toledo-Google-Chrome-18_05_2022-12_30_15-e1652870208653.png\" alt=\"\" width=\"979\" height=\"657\" srcset=\"https:\/\/blog.uclm.es\/saramago-toledo\/wp-content\/uploads\/sites\/206\/2022\/05\/Graduacion-de-la-XVI-promocion-Saramago-50-plus-_-Noticias-La-Tribuna-de-Toledo-Google-Chrome-18_05_2022-12_30_15-e1652870208653.png 979w, https:\/\/blog.uclm.es\/saramago-toledo\/wp-content\/uploads\/sites\/206\/2022\/05\/Graduacion-de-la-XVI-promocion-Saramago-50-plus-_-Noticias-La-Tribuna-de-Toledo-Google-Chrome-18_05_2022-12_30_15-e1652870208653-300x201.png 300w, https:\/\/blog.uclm.es\/saramago-toledo\/wp-content\/uploads\/sites\/206\/2022\/05\/Graduacion-de-la-XVI-promocion-Saramago-50-plus-_-Noticias-La-Tribuna-de-Toledo-Google-Chrome-18_05_2022-12_30_15-e1652870208653-768x515.png 768w, https:\/\/blog.uclm.es\/saramago-toledo\/wp-content\/uploads\/sites\/206\/2022\/05\/Graduacion-de-la-XVI-promocion-Saramago-50-plus-_-Noticias-La-Tribuna-de-Toledo-Google-Chrome-18_05_2022-12_30_15-e1652870208653-447x300.png 447w\" sizes=\"auto, (max-width: 979px) 100vw, 979px\" \/><br \/>\n<strong>Graduaci\u00f3n XVI\u00aa Promoci\u00f3n del Ciclo Espec\u00edfico del Programa Universitario Jos\u00e9 Saramago 50 Plus<\/strong> \u2013 Toledo (mayo 2022)<\/p>\n<p><img loading=\"lazy\" decoding=\"async\" class=\"aligncenter size-full wp-image-1153\" src=\"https:\/\/blog.uclm.es\/saramago-toledo\/wp-content\/uploads\/sites\/206\/2022\/05\/MicrosoftTeams-image-2.png\" alt=\"\" width=\"1406\" height=\"648\" srcset=\"https:\/\/blog.uclm.es\/saramago-toledo\/wp-content\/uploads\/sites\/206\/2022\/05\/MicrosoftTeams-image-2.png 1406w, https:\/\/blog.uclm.es\/saramago-toledo\/wp-content\/uploads\/sites\/206\/2022\/05\/MicrosoftTeams-image-2-300x138.png 300w, https:\/\/blog.uclm.es\/saramago-toledo\/wp-content\/uploads\/sites\/206\/2022\/05\/MicrosoftTeams-image-2-1024x472.png 1024w, https:\/\/blog.uclm.es\/saramago-toledo\/wp-content\/uploads\/sites\/206\/2022\/05\/MicrosoftTeams-image-2-768x354.png 768w, https:\/\/blog.uclm.es\/saramago-toledo\/wp-content\/uploads\/sites\/206\/2022\/05\/MicrosoftTeams-image-2-500x230.png 500w\" sizes=\"auto, (max-width: 1406px) 100vw, 1406px\" \/><strong>Ayuntamiento &#8211; Toledo<\/strong> (mayo 2022). Organizada por los alumnos de segundo de Espec\u00edfico.<\/p>\n<p><img loading=\"lazy\" decoding=\"async\" class=\"aligncenter size-full wp-image-1154\" src=\"https:\/\/blog.uclm.es\/saramago-toledo\/wp-content\/uploads\/sites\/206\/2022\/05\/MicrosoftTeams-image-3.png\" alt=\"\" width=\"600\" height=\"613\" srcset=\"https:\/\/blog.uclm.es\/saramago-toledo\/wp-content\/uploads\/sites\/206\/2022\/05\/MicrosoftTeams-image-3.png 600w, https:\/\/blog.uclm.es\/saramago-toledo\/wp-content\/uploads\/sites\/206\/2022\/05\/MicrosoftTeams-image-3-294x300.png 294w\" sizes=\"auto, (max-width: 600px) 100vw, 600px\" \/><br \/>\n<strong>Orgaz<\/strong> &#8211; <strong>Toledo<\/strong> (marzo 2022). Organizada por los alumnos de cuarto de Espec\u00edfico.<br \/>\n<img loading=\"lazy\" decoding=\"async\" class=\"aligncenter size-full wp-image-1157\" src=\"https:\/\/blog.uclm.es\/saramago-toledo\/wp-content\/uploads\/sites\/206\/2022\/05\/MicrosoftTeams-image-6.png\" alt=\"\" width=\"1439\" height=\"636\" srcset=\"https:\/\/blog.uclm.es\/saramago-toledo\/wp-content\/uploads\/sites\/206\/2022\/05\/MicrosoftTeams-image-6.png 1439w, https:\/\/blog.uclm.es\/saramago-toledo\/wp-content\/uploads\/sites\/206\/2022\/05\/MicrosoftTeams-image-6-300x133.png 300w, https:\/\/blog.uclm.es\/saramago-toledo\/wp-content\/uploads\/sites\/206\/2022\/05\/MicrosoftTeams-image-6-1024x453.png 1024w, https:\/\/blog.uclm.es\/saramago-toledo\/wp-content\/uploads\/sites\/206\/2022\/05\/MicrosoftTeams-image-6-768x339.png 768w, https:\/\/blog.uclm.es\/saramago-toledo\/wp-content\/uploads\/sites\/206\/2022\/05\/MicrosoftTeams-image-6-500x221.png 500w\" sizes=\"auto, (max-width: 1439px) 100vw, 1439px\" \/><br \/>\n<strong>Viaje a C\u00f3rdoba y Granada<\/strong> &#8211; (abril 2022). Organizada por la asociaci\u00f3n ADAUM<\/p>\n<p><img loading=\"lazy\" decoding=\"async\" class=\"aligncenter size-full wp-image-1129\" src=\"https:\/\/blog.uclm.es\/saramago-toledo\/wp-content\/uploads\/sites\/206\/2022\/04\/MicrosoftTeams-image.png\" alt=\"\" width=\"887\" height=\"656\" srcset=\"https:\/\/blog.uclm.es\/saramago-toledo\/wp-content\/uploads\/sites\/206\/2022\/04\/MicrosoftTeams-image.png 887w, https:\/\/blog.uclm.es\/saramago-toledo\/wp-content\/uploads\/sites\/206\/2022\/04\/MicrosoftTeams-image-300x222.png 300w, https:\/\/blog.uclm.es\/saramago-toledo\/wp-content\/uploads\/sites\/206\/2022\/04\/MicrosoftTeams-image-768x568.png 768w, https:\/\/blog.uclm.es\/saramago-toledo\/wp-content\/uploads\/sites\/206\/2022\/04\/MicrosoftTeams-image-406x300.png 406w\" sizes=\"auto, (max-width: 887px) 100vw, 887px\" \/><\/p>\n<p><strong>Palacio de la Sisla y Sif\u00f3n romano &#8211; Toledo<\/strong> (abril 2022). Organizada por los alumnos de segundo de Espec\u00edfico.<\/p>\n<p><img loading=\"lazy\" decoding=\"async\" class=\"aligncenter size-large wp-image-969\" src=\"https:\/\/blog.uclm.es\/saramago-toledo\/wp-content\/uploads\/sites\/206\/2022\/02\/WhatsApp-Image-2022-02-09-at-12.48.45-1024x461.jpeg\" alt=\"\" width=\"584\" height=\"263\" srcset=\"https:\/\/blog.uclm.es\/saramago-toledo\/wp-content\/uploads\/sites\/206\/2022\/02\/WhatsApp-Image-2022-02-09-at-12.48.45-1024x461.jpeg 1024w, https:\/\/blog.uclm.es\/saramago-toledo\/wp-content\/uploads\/sites\/206\/2022\/02\/WhatsApp-Image-2022-02-09-at-12.48.45-300x135.jpeg 300w, https:\/\/blog.uclm.es\/saramago-toledo\/wp-content\/uploads\/sites\/206\/2022\/02\/WhatsApp-Image-2022-02-09-at-12.48.45-768x345.jpeg 768w, https:\/\/blog.uclm.es\/saramago-toledo\/wp-content\/uploads\/sites\/206\/2022\/02\/WhatsApp-Image-2022-02-09-at-12.48.45-1536x691.jpeg 1536w, https:\/\/blog.uclm.es\/saramago-toledo\/wp-content\/uploads\/sites\/206\/2022\/02\/WhatsApp-Image-2022-02-09-at-12.48.45-500x225.jpeg 500w, https:\/\/blog.uclm.es\/saramago-toledo\/wp-content\/uploads\/sites\/206\/2022\/02\/WhatsApp-Image-2022-02-09-at-12.48.45.jpeg 2048w\" sizes=\"auto, (max-width: 584px) 100vw, 584px\" \/><\/p>\n<p><strong>Visita a Guadamur &#8211; Toledo<\/strong> (enero 2022). Organizada por los alumnos de segundo del ciclo espec\u00edfico.<\/p>\n<p><img loading=\"lazy\" decoding=\"async\" class=\"alignnone wp-image-938 size-large\" src=\"https:\/\/blog.uclm.es\/saramago-toledo\/wp-content\/uploads\/sites\/206\/2022\/02\/SantoTome22-1-1024x472.jpg\" alt=\"\" width=\"584\" height=\"269\" srcset=\"https:\/\/blog.uclm.es\/saramago-toledo\/wp-content\/uploads\/sites\/206\/2022\/02\/SantoTome22-1-1024x472.jpg 1024w, https:\/\/blog.uclm.es\/saramago-toledo\/wp-content\/uploads\/sites\/206\/2022\/02\/SantoTome22-1-300x138.jpg 300w, https:\/\/blog.uclm.es\/saramago-toledo\/wp-content\/uploads\/sites\/206\/2022\/02\/SantoTome22-1-768x354.jpg 768w, https:\/\/blog.uclm.es\/saramago-toledo\/wp-content\/uploads\/sites\/206\/2022\/02\/SantoTome22-1-1536x708.jpg 1536w, https:\/\/blog.uclm.es\/saramago-toledo\/wp-content\/uploads\/sites\/206\/2022\/02\/SantoTome22-1-500x231.jpg 500w, https:\/\/blog.uclm.es\/saramago-toledo\/wp-content\/uploads\/sites\/206\/2022\/02\/SantoTome22-1.jpg 2000w\" sizes=\"auto, (max-width: 584px) 100vw, 584px\" \/><img loading=\"lazy\" decoding=\"async\" class=\"alignnone wp-image-937 size-large\" src=\"https:\/\/blog.uclm.es\/saramago-toledo\/wp-content\/uploads\/sites\/206\/2022\/02\/SantoTome22-2-1024x461.jpeg\" alt=\"\" width=\"584\" height=\"263\" srcset=\"https:\/\/blog.uclm.es\/saramago-toledo\/wp-content\/uploads\/sites\/206\/2022\/02\/SantoTome22-2-1024x461.jpeg 1024w, https:\/\/blog.uclm.es\/saramago-toledo\/wp-content\/uploads\/sites\/206\/2022\/02\/SantoTome22-2-300x135.jpeg 300w, https:\/\/blog.uclm.es\/saramago-toledo\/wp-content\/uploads\/sites\/206\/2022\/02\/SantoTome22-2-768x346.jpeg 768w, https:\/\/blog.uclm.es\/saramago-toledo\/wp-content\/uploads\/sites\/206\/2022\/02\/SantoTome22-2-1536x692.jpeg 1536w, https:\/\/blog.uclm.es\/saramago-toledo\/wp-content\/uploads\/sites\/206\/2022\/02\/SantoTome22-2-500x225.jpeg 500w, https:\/\/blog.uclm.es\/saramago-toledo\/wp-content\/uploads\/sites\/206\/2022\/02\/SantoTome22-2.jpeg 2016w\" sizes=\"auto, (max-width: 584px) 100vw, 584px\" \/><\/p>\n<p><strong>Visita al obrador de Santo Tom\u00e9 &#8211; Toledo<\/strong> (febrero 2021). Organizada por la profesora Yolanda Salinero para los alumnos de 1\u00ba Espec\u00edfico<\/p>\n<p><img loading=\"lazy\" decoding=\"async\" class=\"alignnone wp-image-903 size-large\" src=\"https:\/\/blog.uclm.es\/saramago-toledo\/wp-content\/uploads\/sites\/206\/2021\/12\/JulianDic21-1024x473.jpg\" alt=\"\" width=\"584\" height=\"270\" srcset=\"https:\/\/blog.uclm.es\/saramago-toledo\/wp-content\/uploads\/sites\/206\/2021\/12\/JulianDic21-1024x473.jpg 1024w, https:\/\/blog.uclm.es\/saramago-toledo\/wp-content\/uploads\/sites\/206\/2021\/12\/JulianDic21-300x139.jpg 300w, https:\/\/blog.uclm.es\/saramago-toledo\/wp-content\/uploads\/sites\/206\/2021\/12\/JulianDic21-768x355.jpg 768w, https:\/\/blog.uclm.es\/saramago-toledo\/wp-content\/uploads\/sites\/206\/2021\/12\/JulianDic21-1536x710.jpg 1536w, https:\/\/blog.uclm.es\/saramago-toledo\/wp-content\/uploads\/sites\/206\/2021\/12\/JulianDic21-500x231.jpg 500w, https:\/\/blog.uclm.es\/saramago-toledo\/wp-content\/uploads\/sites\/206\/2021\/12\/JulianDic21.jpg 2048w\" sizes=\"auto, (max-width: 584px) 100vw, 584px\" \/><\/p>\n<p><strong>Visita a la Iglesia de San Lorenzo &#8211; Toledo<\/strong> (diciembre 2021). Organizada por el profesor Juli\u00e1n Garc\u00eda S\u00e1nchez de Pedro para los alumnos de Espec\u00edfico<\/p>\n<p><img loading=\"lazy\" decoding=\"async\" class=\"alignnone wp-image-904 size-large\" src=\"https:\/\/blog.uclm.es\/saramago-toledo\/wp-content\/uploads\/sites\/206\/2021\/12\/Eugenio1-dic21-1024x576.jpg\" alt=\"\" width=\"584\" height=\"329\" srcset=\"https:\/\/blog.uclm.es\/saramago-toledo\/wp-content\/uploads\/sites\/206\/2021\/12\/Eugenio1-dic21-1024x576.jpg 1024w, https:\/\/blog.uclm.es\/saramago-toledo\/wp-content\/uploads\/sites\/206\/2021\/12\/Eugenio1-dic21-300x169.jpg 300w, https:\/\/blog.uclm.es\/saramago-toledo\/wp-content\/uploads\/sites\/206\/2021\/12\/Eugenio1-dic21-768x432.jpg 768w, https:\/\/blog.uclm.es\/saramago-toledo\/wp-content\/uploads\/sites\/206\/2021\/12\/Eugenio1-dic21-1536x864.jpg 1536w, https:\/\/blog.uclm.es\/saramago-toledo\/wp-content\/uploads\/sites\/206\/2021\/12\/Eugenio1-dic21-500x281.jpg 500w, https:\/\/blog.uclm.es\/saramago-toledo\/wp-content\/uploads\/sites\/206\/2021\/12\/Eugenio1-dic21.jpg 1600w\" sizes=\"auto, (max-width: 584px) 100vw, 584px\" \/> <img loading=\"lazy\" decoding=\"async\" class=\"alignnone wp-image-905 size-large\" src=\"https:\/\/blog.uclm.es\/saramago-toledo\/wp-content\/uploads\/sites\/206\/2021\/12\/Eugenio2-dic21-1024x768.jpg\" alt=\"\" width=\"584\" height=\"438\" srcset=\"https:\/\/blog.uclm.es\/saramago-toledo\/wp-content\/uploads\/sites\/206\/2021\/12\/Eugenio2-dic21-1024x768.jpg 1024w, https:\/\/blog.uclm.es\/saramago-toledo\/wp-content\/uploads\/sites\/206\/2021\/12\/Eugenio2-dic21-300x225.jpg 300w, https:\/\/blog.uclm.es\/saramago-toledo\/wp-content\/uploads\/sites\/206\/2021\/12\/Eugenio2-dic21-768x576.jpg 768w, https:\/\/blog.uclm.es\/saramago-toledo\/wp-content\/uploads\/sites\/206\/2021\/12\/Eugenio2-dic21-1536x1152.jpg 1536w, https:\/\/blog.uclm.es\/saramago-toledo\/wp-content\/uploads\/sites\/206\/2021\/12\/Eugenio2-dic21-400x300.jpg 400w, https:\/\/blog.uclm.es\/saramago-toledo\/wp-content\/uploads\/sites\/206\/2021\/12\/Eugenio2-dic21.jpg 2000w\" sizes=\"auto, (max-width: 584px) 100vw, 584px\" \/><\/p>\n<p><strong>Visita al Archivo Hist\u00f3rico Provincial de Toledo<\/strong> (diciembre 2021). Organizada por el profesor Eugenio Serrano para los alumnos de 3\u00ba de Espec\u00edfico<\/p>\n<p><img loading=\"lazy\" decoding=\"async\" class=\"alignnone wp-image-891 size-large\" src=\"https:\/\/blog.uclm.es\/saramago-toledo\/wp-content\/uploads\/sites\/206\/2021\/12\/CircoRomano-1024x473.jpeg\" alt=\"\" width=\"584\" height=\"270\" srcset=\"https:\/\/blog.uclm.es\/saramago-toledo\/wp-content\/uploads\/sites\/206\/2021\/12\/CircoRomano-1024x473.jpeg 1024w, https:\/\/blog.uclm.es\/saramago-toledo\/wp-content\/uploads\/sites\/206\/2021\/12\/CircoRomano-300x139.jpeg 300w, https:\/\/blog.uclm.es\/saramago-toledo\/wp-content\/uploads\/sites\/206\/2021\/12\/CircoRomano-768x355.jpeg 768w, https:\/\/blog.uclm.es\/saramago-toledo\/wp-content\/uploads\/sites\/206\/2021\/12\/CircoRomano-1536x710.jpeg 1536w, https:\/\/blog.uclm.es\/saramago-toledo\/wp-content\/uploads\/sites\/206\/2021\/12\/CircoRomano-500x231.jpeg 500w, https:\/\/blog.uclm.es\/saramago-toledo\/wp-content\/uploads\/sites\/206\/2021\/12\/CircoRomano.jpeg 2048w\" sizes=\"auto, (max-width: 584px) 100vw, 584px\" \/><\/p>\n<p><strong>Excursi\u00f3n al Circo Romano de Toledo<\/strong> (noviembre 2021). Organizada por el profesor Juli\u00e1n Garc\u00eda S\u00e1nchez de Pedro para los alumnos de 2\u00ba y 4\u00ba de Espec\u00edfico<\/p>\n<p><img loading=\"lazy\" decoding=\"async\" class=\"alignnone wp-image-867 size-large\" src=\"https:\/\/blog.uclm.es\/saramago-toledo\/wp-content\/uploads\/sites\/206\/2021\/11\/Ajofrin-Nov21-1024x708.jpeg\" alt=\"\" width=\"584\" height=\"404\" srcset=\"https:\/\/blog.uclm.es\/saramago-toledo\/wp-content\/uploads\/sites\/206\/2021\/11\/Ajofrin-Nov21-1024x708.jpeg 1024w, https:\/\/blog.uclm.es\/saramago-toledo\/wp-content\/uploads\/sites\/206\/2021\/11\/Ajofrin-Nov21-300x207.jpeg 300w, https:\/\/blog.uclm.es\/saramago-toledo\/wp-content\/uploads\/sites\/206\/2021\/11\/Ajofrin-Nov21-768x531.jpeg 768w, https:\/\/blog.uclm.es\/saramago-toledo\/wp-content\/uploads\/sites\/206\/2021\/11\/Ajofrin-Nov21-1536x1062.jpeg 1536w, https:\/\/blog.uclm.es\/saramago-toledo\/wp-content\/uploads\/sites\/206\/2021\/11\/Ajofrin-Nov21-434x300.jpeg 434w, https:\/\/blog.uclm.es\/saramago-toledo\/wp-content\/uploads\/sites\/206\/2021\/11\/Ajofrin-Nov21.jpeg 1868w\" sizes=\"auto, (max-width: 584px) 100vw, 584px\" \/><\/p>\n<p><strong>Excursi\u00f3n a la Finca del Casta\u00f1ar, la Presa de la Alcantarilla y la fortaleza prisi\u00f3n de Ajofr\u00edn<\/strong> (noviembre 2021). Organizada por alumnos de 2\u00ba de Espec\u00edfico<\/p>\n<p><img loading=\"lazy\" decoding=\"async\" class=\"alignnone wp-image-868 size-large\" src=\"https:\/\/blog.uclm.es\/saramago-toledo\/wp-content\/uploads\/sites\/206\/2021\/11\/RutaSaludable-Oct21-1024x455.jpeg\" alt=\"\" width=\"584\" height=\"259\" srcset=\"https:\/\/blog.uclm.es\/saramago-toledo\/wp-content\/uploads\/sites\/206\/2021\/11\/RutaSaludable-Oct21-1024x455.jpeg 1024w, https:\/\/blog.uclm.es\/saramago-toledo\/wp-content\/uploads\/sites\/206\/2021\/11\/RutaSaludable-Oct21-300x133.jpeg 300w, https:\/\/blog.uclm.es\/saramago-toledo\/wp-content\/uploads\/sites\/206\/2021\/11\/RutaSaludable-Oct21-768x341.jpeg 768w, https:\/\/blog.uclm.es\/saramago-toledo\/wp-content\/uploads\/sites\/206\/2021\/11\/RutaSaludable-Oct21-1536x682.jpeg 1536w, https:\/\/blog.uclm.es\/saramago-toledo\/wp-content\/uploads\/sites\/206\/2021\/11\/RutaSaludable-Oct21-500x222.jpeg 500w, https:\/\/blog.uclm.es\/saramago-toledo\/wp-content\/uploads\/sites\/206\/2021\/11\/RutaSaludable-Oct21.jpeg 2048w\" sizes=\"auto, (max-width: 584px) 100vw, 584px\" \/><\/p>\n<p><strong>Ruta saludable por la Ribera del Tajo (octubre 2021) .<\/strong> Organizada por alumnos de 2\u00ba de Espec\u00edfico<\/p>\n","protected":false},"excerpt":{"rendered":"<p>Exposici\u00f3n \u00abLa cultura de la Her\u00e1ldica. Linajes y blasones\u00bb del Archivo Hist\u00f3rico de la Nobleza &#8211; Hospital de Tavera. Organizada por Eugenio Serrano y los alumnos de 4\u00b0 de Espec\u00edfico. Ruta de Cervantes &#8211; Toledo (junio 2022). Dirigida por la &hellip; <a href=\"https:\/\/blog.uclm.es\/saramago-toledo\/actividades-21-22\/\">Sigue leyendo <span class=\"meta-nav\">&rarr;<\/span><\/a><\/p>\n","protected":false},"author":324,"featured_media":0,"parent":0,"menu_order":0,"comment_status":"closed","ping_status":"closed","template":"","meta":{"footnotes":""},"class_list":["post-866","page","type-page","status-publish","hentry"],"_links":{"self":[{"href":"https:\/\/blog.uclm.es\/saramago-toledo\/wp-json\/wp\/v2\/pages\/866","targetHints":{"allow":["GET"]}}],"collection":[{"href":"https:\/\/blog.uclm.es\/saramago-toledo\/wp-json\/wp\/v2\/pages"}],"about":[{"href":"https:\/\/blog.uclm.es\/saramago-toledo\/wp-json\/wp\/v2\/types\/page"}],"author":[{"embeddable":true,"href":"https:\/\/blog.uclm.es\/saramago-toledo\/wp-json\/wp\/v2\/users\/324"}],"replies":[{"embeddable":true,"href":"https:\/\/blog.uclm.es\/saramago-toledo\/wp-json\/wp\/v2\/comments?post=866"}],"version-history":[{"count":2,"href":"https:\/\/blog.uclm.es\/saramago-toledo\/wp-json\/wp\/v2\/pages\/866\/revisions"}],"predecessor-version":[{"id":3434,"href":"https:\/\/blog.uclm.es\/saramago-toledo\/wp-json\/wp\/v2\/pages\/866\/revisions\/3434"}],"wp:attachment":[{"href":"https:\/\/blog.uclm.es\/saramago-toledo\/wp-json\/wp\/v2\/media?parent=866"}],"curies":[{"name":"wp","href":"https:\/\/api.w.org\/{rel}","templated":true}]}}