{"id":2632,"date":"2024-11-20T10:13:08","date_gmt":"2024-11-20T09:13:08","guid":{"rendered":"https:\/\/blog.uclm.es\/saramago-toledo\/?page_id=2632"},"modified":"2025-06-10T15:01:01","modified_gmt":"2025-06-10T14:01:01","slug":"actividades-2024-25","status":"publish","type":"page","link":"https:\/\/blog.uclm.es\/saramago-toledo\/actividades-2024-25\/","title":{"rendered":"Actividades 2024-25"},"content":{"rendered":"\n<figure class=\"wp-block-gallery has-nested-images columns-default is-cropped wp-block-gallery-1 is-layout-flex wp-block-gallery-is-layout-flex\">\n<figure class=\"wp-block-image size-large\"><img loading=\"lazy\" decoding=\"async\" width=\"748\" height=\"1024\" data-id=\"2962\" src=\"https:\/\/blog.uclm.es\/saramago-toledo\/wp-content\/uploads\/sites\/206\/2025\/06\/shared-image-1-1-748x1024.png\" alt=\"\" class=\"wp-image-2962\" srcset=\"https:\/\/blog.uclm.es\/saramago-toledo\/wp-content\/uploads\/sites\/206\/2025\/06\/shared-image-1-1-748x1024.png 748w, https:\/\/blog.uclm.es\/saramago-toledo\/wp-content\/uploads\/sites\/206\/2025\/06\/shared-image-1-1-219x300.png 219w, https:\/\/blog.uclm.es\/saramago-toledo\/wp-content\/uploads\/sites\/206\/2025\/06\/shared-image-1-1-768x1052.png 768w, https:\/\/blog.uclm.es\/saramago-toledo\/wp-content\/uploads\/sites\/206\/2025\/06\/shared-image-1-1-1121x1536.png 1121w, https:\/\/blog.uclm.es\/saramago-toledo\/wp-content\/uploads\/sites\/206\/2025\/06\/shared-image-1-1.png 1168w\" sizes=\"auto, (max-width: 748px) 100vw, 748px\" \/><\/figure>\n\n\n\n<figure class=\"wp-block-image size-large\"><img loading=\"lazy\" decoding=\"async\" width=\"1024\" height=\"679\" data-id=\"2961\" src=\"https:\/\/blog.uclm.es\/saramago-toledo\/wp-content\/uploads\/sites\/206\/2025\/06\/imagen-2-1024x679.png\" alt=\"\" class=\"wp-image-2961\" srcset=\"https:\/\/blog.uclm.es\/saramago-toledo\/wp-content\/uploads\/sites\/206\/2025\/06\/imagen-2-1024x679.png 1024w, https:\/\/blog.uclm.es\/saramago-toledo\/wp-content\/uploads\/sites\/206\/2025\/06\/imagen-2-300x199.png 300w, https:\/\/blog.uclm.es\/saramago-toledo\/wp-content\/uploads\/sites\/206\/2025\/06\/imagen-2-768x509.png 768w, https:\/\/blog.uclm.es\/saramago-toledo\/wp-content\/uploads\/sites\/206\/2025\/06\/imagen-2-453x300.png 453w, https:\/\/blog.uclm.es\/saramago-toledo\/wp-content\/uploads\/sites\/206\/2025\/06\/imagen-2.png 1302w\" sizes=\"auto, (max-width: 1024px) 100vw, 1024px\" \/><\/figure>\n<figcaption class=\"blocks-gallery-caption wp-element-caption\">Intercampus y Acto de Clausura del curso acad\u00e9mico 2024-25 del Programa Universitario Jos\u00e9 Saramago 50 Plus. 6 de junio, Albacete.<\/figcaption><\/figure>\n\n\n\n<figure class=\"wp-block-image size-full\"><img loading=\"lazy\" decoding=\"async\" width=\"800\" height=\"571\" src=\"https:\/\/blog.uclm.es\/saramago-toledo\/wp-content\/uploads\/sites\/206\/2025\/06\/imagen.png\" alt=\"\" class=\"wp-image-2949\" srcset=\"https:\/\/blog.uclm.es\/saramago-toledo\/wp-content\/uploads\/sites\/206\/2025\/06\/imagen.png 800w, https:\/\/blog.uclm.es\/saramago-toledo\/wp-content\/uploads\/sites\/206\/2025\/06\/imagen-300x214.png 300w, https:\/\/blog.uclm.es\/saramago-toledo\/wp-content\/uploads\/sites\/206\/2025\/06\/imagen-768x548.png 768w, https:\/\/blog.uclm.es\/saramago-toledo\/wp-content\/uploads\/sites\/206\/2025\/06\/imagen-420x300.png 420w\" sizes=\"auto, (max-width: 800px) 100vw, 800px\" \/><figcaption class=\"wp-element-caption\">Visita a Jorquera (Albacete), organizada por ADAUM.<\/figcaption><\/figure>\n\n\n\n<figure class=\"wp-block-image size-large\"><img loading=\"lazy\" decoding=\"async\" width=\"1024\" height=\"480\" src=\"https:\/\/blog.uclm.es\/saramago-toledo\/wp-content\/uploads\/sites\/206\/2025\/06\/imagen-4-1024x480.png\" alt=\"\" class=\"wp-image-2946\" srcset=\"https:\/\/blog.uclm.es\/saramago-toledo\/wp-content\/uploads\/sites\/206\/2025\/06\/imagen-4-1024x480.png 1024w, https:\/\/blog.uclm.es\/saramago-toledo\/wp-content\/uploads\/sites\/206\/2025\/06\/imagen-4-300x141.png 300w, https:\/\/blog.uclm.es\/saramago-toledo\/wp-content\/uploads\/sites\/206\/2025\/06\/imagen-4-768x360.png 768w, https:\/\/blog.uclm.es\/saramago-toledo\/wp-content\/uploads\/sites\/206\/2025\/06\/imagen-4-500x234.png 500w, https:\/\/blog.uclm.es\/saramago-toledo\/wp-content\/uploads\/sites\/206\/2025\/06\/imagen-4.png 1336w\" sizes=\"auto, (max-width: 1024px) 100vw, 1024px\" \/><figcaption class=\"wp-element-caption\">Visita a Alarc\u00f3n (Cuenca), organizada por ADAUM.<\/figcaption><\/figure>\n\n\n\n<figure class=\"wp-block-image size-full\"><img loading=\"lazy\" decoding=\"async\" width=\"770\" height=\"586\" src=\"https:\/\/blog.uclm.es\/saramago-toledo\/wp-content\/uploads\/sites\/206\/2025\/05\/representatnes.png\" alt=\"\" class=\"wp-image-2937\" srcset=\"https:\/\/blog.uclm.es\/saramago-toledo\/wp-content\/uploads\/sites\/206\/2025\/05\/representatnes.png 770w, https:\/\/blog.uclm.es\/saramago-toledo\/wp-content\/uploads\/sites\/206\/2025\/05\/representatnes-300x228.png 300w, https:\/\/blog.uclm.es\/saramago-toledo\/wp-content\/uploads\/sites\/206\/2025\/05\/representatnes-768x584.png 768w, https:\/\/blog.uclm.es\/saramago-toledo\/wp-content\/uploads\/sites\/206\/2025\/05\/representatnes-394x300.png 394w\" sizes=\"auto, (max-width: 770px) 100vw, 770px\" \/><figcaption class=\"wp-element-caption\">Representantes de la comisi\u00f3n de delegadas\/os y la coordinadora del Programa hicieron entrega del donativo recogido durante la acci\u00f3n solidaria a la responsable del Hogar de Nazaret en Toledo.<\/figcaption><\/figure>\n\n\n\n<figure class=\"wp-block-image size-full\"><img loading=\"lazy\" decoding=\"async\" width=\"764\" height=\"520\" src=\"https:\/\/blog.uclm.es\/saramago-toledo\/wp-content\/uploads\/sites\/206\/2025\/05\/imagen-3-1.png\" alt=\"\" class=\"wp-image-2943\" srcset=\"https:\/\/blog.uclm.es\/saramago-toledo\/wp-content\/uploads\/sites\/206\/2025\/05\/imagen-3-1.png 764w, https:\/\/blog.uclm.es\/saramago-toledo\/wp-content\/uploads\/sites\/206\/2025\/05\/imagen-3-1-300x204.png 300w, https:\/\/blog.uclm.es\/saramago-toledo\/wp-content\/uploads\/sites\/206\/2025\/05\/imagen-3-1-441x300.png 441w\" sizes=\"auto, (max-width: 764px) 100vw, 764px\" \/><figcaption class=\"wp-element-caption\">Conferencias de Ciencia, Arte y Literatura. Coorganizadas con la asociaci\u00f3n ADAUM.<\/figcaption><\/figure>\n\n\n\n<figure class=\"wp-block-image size-large\"><img loading=\"lazy\" decoding=\"async\" width=\"768\" height=\"1024\" src=\"https:\/\/blog.uclm.es\/saramago-toledo\/wp-content\/uploads\/sites\/206\/2025\/05\/WhatsApp-Image-2025-05-22-at-07.32.20-1-768x1024.jpeg\" alt=\"\" class=\"wp-image-2927\" srcset=\"https:\/\/blog.uclm.es\/saramago-toledo\/wp-content\/uploads\/sites\/206\/2025\/05\/WhatsApp-Image-2025-05-22-at-07.32.20-1-768x1024.jpeg 768w, https:\/\/blog.uclm.es\/saramago-toledo\/wp-content\/uploads\/sites\/206\/2025\/05\/WhatsApp-Image-2025-05-22-at-07.32.20-1-225x300.jpeg 225w, https:\/\/blog.uclm.es\/saramago-toledo\/wp-content\/uploads\/sites\/206\/2025\/05\/WhatsApp-Image-2025-05-22-at-07.32.20-1-1152x1536.jpeg 1152w, https:\/\/blog.uclm.es\/saramago-toledo\/wp-content\/uploads\/sites\/206\/2025\/05\/WhatsApp-Image-2025-05-22-at-07.32.20-1.jpeg 1536w\" sizes=\"auto, (max-width: 768px) 100vw, 768px\" \/><figcaption class=\"wp-element-caption\">Visita guiada al Real Colegio de Doncellas Nobles de Toledo, organizada por el profesor D. Javier Moreno para el 1\u00ba curso del ciclo Espec\u00edfico para la asignatura Curso de Apreciaci\u00f3n Musical.<\/figcaption><\/figure>\n\n\n\n<figure class=\"wp-block-image size-large\"><img loading=\"lazy\" decoding=\"async\" width=\"1024\" height=\"780\" src=\"https:\/\/blog.uclm.es\/saramago-toledo\/wp-content\/uploads\/sites\/206\/2025\/05\/shared-image-1-2-1024x780.png\" alt=\"\" class=\"wp-image-2923\" srcset=\"https:\/\/blog.uclm.es\/saramago-toledo\/wp-content\/uploads\/sites\/206\/2025\/05\/shared-image-1-2-1024x780.png 1024w, https:\/\/blog.uclm.es\/saramago-toledo\/wp-content\/uploads\/sites\/206\/2025\/05\/shared-image-1-2-300x228.png 300w, https:\/\/blog.uclm.es\/saramago-toledo\/wp-content\/uploads\/sites\/206\/2025\/05\/shared-image-1-2-768x585.png 768w, https:\/\/blog.uclm.es\/saramago-toledo\/wp-content\/uploads\/sites\/206\/2025\/05\/shared-image-1-2-1536x1169.png 1536w, https:\/\/blog.uclm.es\/saramago-toledo\/wp-content\/uploads\/sites\/206\/2025\/05\/shared-image-1-2-394x300.png 394w, https:\/\/blog.uclm.es\/saramago-toledo\/wp-content\/uploads\/sites\/206\/2025\/05\/shared-image-1-2.png 1730w\" sizes=\"auto, (max-width: 1024px) 100vw, 1024px\" \/><figcaption class=\"wp-element-caption\">Graduaci\u00f3n de la XIX\u00aa Promoci\u00f3n del ciclo Espec\u00edfico, mayo 2025.<\/figcaption><\/figure>\n\n\n\n<figure class=\"wp-block-image size-full\"><img loading=\"lazy\" decoding=\"async\" width=\"800\" height=\"600\" src=\"https:\/\/blog.uclm.es\/saramago-toledo\/wp-content\/uploads\/sites\/206\/2025\/05\/WhatsApp-Image-2025-05-14-at-13.39.08.jpeg\" alt=\"\" class=\"wp-image-2914\" srcset=\"https:\/\/blog.uclm.es\/saramago-toledo\/wp-content\/uploads\/sites\/206\/2025\/05\/WhatsApp-Image-2025-05-14-at-13.39.08.jpeg 800w, https:\/\/blog.uclm.es\/saramago-toledo\/wp-content\/uploads\/sites\/206\/2025\/05\/WhatsApp-Image-2025-05-14-at-13.39.08-300x225.jpeg 300w, https:\/\/blog.uclm.es\/saramago-toledo\/wp-content\/uploads\/sites\/206\/2025\/05\/WhatsApp-Image-2025-05-14-at-13.39.08-768x576.jpeg 768w, https:\/\/blog.uclm.es\/saramago-toledo\/wp-content\/uploads\/sites\/206\/2025\/05\/WhatsApp-Image-2025-05-14-at-13.39.08-400x300.jpeg 400w\" sizes=\"auto, (max-width: 800px) 100vw, 800px\" \/><figcaption class=\"wp-element-caption\">Visita cultural al obrador de Santo Tom\u00e9, Toledo. Organizada por la profesora Yolanda Salinero para los alumnos de 1\u00ba curso del ciclo Espec\u00edfico. (Mayo, 2025)<\/figcaption><\/figure>\n\n\n\n<figure class=\"wp-block-image size-full\"><img loading=\"lazy\" decoding=\"async\" width=\"571\" height=\"800\" src=\"https:\/\/blog.uclm.es\/saramago-toledo\/wp-content\/uploads\/sites\/206\/2025\/05\/WhatsApp-Image-2025-05-14-at-19.37.47.jpeg\" alt=\"\" class=\"wp-image-2912\" srcset=\"https:\/\/blog.uclm.es\/saramago-toledo\/wp-content\/uploads\/sites\/206\/2025\/05\/WhatsApp-Image-2025-05-14-at-19.37.47.jpeg 571w, https:\/\/blog.uclm.es\/saramago-toledo\/wp-content\/uploads\/sites\/206\/2025\/05\/WhatsApp-Image-2025-05-14-at-19.37.47-214x300.jpeg 214w\" sizes=\"auto, (max-width: 571px) 100vw, 571px\" \/><figcaption class=\"wp-element-caption\">Viaje a Segovia de los alumnos de 3\u00ba del ciclo Espec\u00edfico, organizado por el profesor D. Jaime Moraleda.<\/figcaption><\/figure>\n\n\n\n<figure class=\"wp-block-image size-full\"><img loading=\"lazy\" decoding=\"async\" width=\"800\" height=\"600\" src=\"https:\/\/blog.uclm.es\/saramago-toledo\/wp-content\/uploads\/sites\/206\/2025\/05\/WhatsApp-Image-2025-05-15-at-14.43.29.jpeg\" alt=\"\" class=\"wp-image-2911\" srcset=\"https:\/\/blog.uclm.es\/saramago-toledo\/wp-content\/uploads\/sites\/206\/2025\/05\/WhatsApp-Image-2025-05-15-at-14.43.29.jpeg 800w, https:\/\/blog.uclm.es\/saramago-toledo\/wp-content\/uploads\/sites\/206\/2025\/05\/WhatsApp-Image-2025-05-15-at-14.43.29-300x225.jpeg 300w, https:\/\/blog.uclm.es\/saramago-toledo\/wp-content\/uploads\/sites\/206\/2025\/05\/WhatsApp-Image-2025-05-15-at-14.43.29-768x576.jpeg 768w, https:\/\/blog.uclm.es\/saramago-toledo\/wp-content\/uploads\/sites\/206\/2025\/05\/WhatsApp-Image-2025-05-15-at-14.43.29-400x300.jpeg 400w\" sizes=\"auto, (max-width: 800px) 100vw, 800px\" \/><figcaption class=\"wp-element-caption\">Presentaci\u00f3n del documental \u00abEl transparente como nunca lo has visto\u00bb, realizado por Grupo Cadena Media y en colaboraci\u00f3n con C\u00e1ritas Diocesana de Toledo.<\/figcaption><\/figure>\n\n\n\n<figure class=\"wp-block-image size-full\"><img loading=\"lazy\" decoding=\"async\" width=\"800\" height=\"426\" src=\"https:\/\/blog.uclm.es\/saramago-toledo\/wp-content\/uploads\/sites\/206\/2025\/05\/imagen.png\" alt=\"\" class=\"wp-image-2899\" srcset=\"https:\/\/blog.uclm.es\/saramago-toledo\/wp-content\/uploads\/sites\/206\/2025\/05\/imagen.png 800w, https:\/\/blog.uclm.es\/saramago-toledo\/wp-content\/uploads\/sites\/206\/2025\/05\/imagen-300x160.png 300w, https:\/\/blog.uclm.es\/saramago-toledo\/wp-content\/uploads\/sites\/206\/2025\/05\/imagen-768x409.png 768w, https:\/\/blog.uclm.es\/saramago-toledo\/wp-content\/uploads\/sites\/206\/2025\/05\/imagen-500x266.png 500w\" sizes=\"auto, (max-width: 800px) 100vw, 800px\" \/><figcaption class=\"wp-element-caption\">Visita cultural a Sig\u00fcenza (Guadalajara), de los alumnos de 3\u00ba del ciclo Espec\u00edfico. (7 de mayo de 2025)<\/figcaption><\/figure>\n\n\n\n<figure class=\"wp-block-image size-full\"><img loading=\"lazy\" decoding=\"async\" width=\"723\" height=\"481\" src=\"https:\/\/blog.uclm.es\/saramago-toledo\/wp-content\/uploads\/sites\/206\/2025\/05\/imagen-4.png\" alt=\"\" class=\"wp-image-2910\" srcset=\"https:\/\/blog.uclm.es\/saramago-toledo\/wp-content\/uploads\/sites\/206\/2025\/05\/imagen-4.png 723w, https:\/\/blog.uclm.es\/saramago-toledo\/wp-content\/uploads\/sites\/206\/2025\/05\/imagen-4-300x200.png 300w, https:\/\/blog.uclm.es\/saramago-toledo\/wp-content\/uploads\/sites\/206\/2025\/05\/imagen-4-451x300.png 451w\" sizes=\"auto, (max-width: 723px) 100vw, 723px\" \/><figcaption class=\"wp-element-caption\">Participaci\u00f3n en Cybercamp del INCIBE-UCLM. Charla \u00abConcienciaci\u00f3n en ciberseguridad: spam, phising y otros ataques\u00bb, impartida por D. Alberto Ruiz Rodas. (30 de abril)<\/figcaption><\/figure>\n\n\n\n<figure class=\"wp-block-image size-large\"><img loading=\"lazy\" decoding=\"async\" width=\"1024\" height=\"561\" src=\"https:\/\/blog.uclm.es\/saramago-toledo\/wp-content\/uploads\/sites\/206\/2025\/04\/imagen-4-1024x561.png\" alt=\"\" class=\"wp-image-2874\" srcset=\"https:\/\/blog.uclm.es\/saramago-toledo\/wp-content\/uploads\/sites\/206\/2025\/04\/imagen-4-1024x561.png 1024w, https:\/\/blog.uclm.es\/saramago-toledo\/wp-content\/uploads\/sites\/206\/2025\/04\/imagen-4-300x164.png 300w, https:\/\/blog.uclm.es\/saramago-toledo\/wp-content\/uploads\/sites\/206\/2025\/04\/imagen-4-768x420.png 768w, https:\/\/blog.uclm.es\/saramago-toledo\/wp-content\/uploads\/sites\/206\/2025\/04\/imagen-4-1536x841.png 1536w, https:\/\/blog.uclm.es\/saramago-toledo\/wp-content\/uploads\/sites\/206\/2025\/04\/imagen-4-500x274.png 500w, https:\/\/blog.uclm.es\/saramago-toledo\/wp-content\/uploads\/sites\/206\/2025\/04\/imagen-4.png 1613w\" sizes=\"auto, (max-width: 1024px) 100vw, 1024px\" \/><figcaption class=\"wp-element-caption\">Salida cultural a la Central Nuclear de Trillo y Cifuentes (Guadalajara) de los alumnos del ciclo de Actualizaci\u00f3n. (Abril, 2025)<\/figcaption><\/figure>\n\n\n\n<figure class=\"wp-block-image size-large\"><img loading=\"lazy\" decoding=\"async\" width=\"1024\" height=\"519\" src=\"https:\/\/blog.uclm.es\/saramago-toledo\/wp-content\/uploads\/sites\/206\/2025\/04\/imagen-3-2-1024x519.png\" alt=\"\" class=\"wp-image-2876\" srcset=\"https:\/\/blog.uclm.es\/saramago-toledo\/wp-content\/uploads\/sites\/206\/2025\/04\/imagen-3-2-1024x519.png 1024w, https:\/\/blog.uclm.es\/saramago-toledo\/wp-content\/uploads\/sites\/206\/2025\/04\/imagen-3-2-300x152.png 300w, https:\/\/blog.uclm.es\/saramago-toledo\/wp-content\/uploads\/sites\/206\/2025\/04\/imagen-3-2-768x390.png 768w, https:\/\/blog.uclm.es\/saramago-toledo\/wp-content\/uploads\/sites\/206\/2025\/04\/imagen-3-2-500x254.png 500w, https:\/\/blog.uclm.es\/saramago-toledo\/wp-content\/uploads\/sites\/206\/2025\/04\/imagen-3-2.png 1512w\" sizes=\"auto, (max-width: 1024px) 100vw, 1024px\" \/><figcaption class=\"wp-element-caption\">Visita cultural a Motilla del Azuer, Tablas de Daimiel y Daimiel (Ciudad Real) de los alumnos de 1\u00ba de Espec\u00edfico.<\/figcaption><\/figure>\n\n\n\n<figure class=\"wp-block-image size-full\"><img loading=\"lazy\" decoding=\"async\" width=\"898\" height=\"653\" src=\"https:\/\/blog.uclm.es\/saramago-toledo\/wp-content\/uploads\/sites\/206\/2025\/04\/imagen-2.png\" alt=\"\" class=\"wp-image-2866\" srcset=\"https:\/\/blog.uclm.es\/saramago-toledo\/wp-content\/uploads\/sites\/206\/2025\/04\/imagen-2.png 898w, https:\/\/blog.uclm.es\/saramago-toledo\/wp-content\/uploads\/sites\/206\/2025\/04\/imagen-2-300x218.png 300w, https:\/\/blog.uclm.es\/saramago-toledo\/wp-content\/uploads\/sites\/206\/2025\/04\/imagen-2-768x558.png 768w, https:\/\/blog.uclm.es\/saramago-toledo\/wp-content\/uploads\/sites\/206\/2025\/04\/imagen-2-413x300.png 413w\" sizes=\"auto, (max-width: 898px) 100vw, 898px\" \/><figcaption class=\"wp-element-caption\">Visita a Pastrana (Guadalajara) de los alumnos de 4\u00ba de Espec\u00edfico.<\/figcaption><\/figure>\n\n\n\n<figure class=\"wp-block-image size-full\"><img loading=\"lazy\" decoding=\"async\" width=\"653\" height=\"806\" src=\"https:\/\/blog.uclm.es\/saramago-toledo\/wp-content\/uploads\/sites\/206\/2025\/04\/image.png\" alt=\"\" class=\"wp-image-2834\" srcset=\"https:\/\/blog.uclm.es\/saramago-toledo\/wp-content\/uploads\/sites\/206\/2025\/04\/image.png 653w, https:\/\/blog.uclm.es\/saramago-toledo\/wp-content\/uploads\/sites\/206\/2025\/04\/image-243x300.png 243w\" sizes=\"auto, (max-width: 653px) 100vw, 653px\" \/><figcaption class=\"wp-element-caption\">VII Encuentro de M\u00fasica Coral Religiosa. Coro Jos\u00e9 Saramago de la Universidad de Mayores-Toledo junto con la Coral Voces de Gredos (Arenas de San Pedro, \u00c1vila)<\/figcaption><\/figure>\n\n\n\n<figure class=\"wp-block-image size-full\"><img loading=\"lazy\" decoding=\"async\" width=\"800\" height=\"358\" src=\"https:\/\/blog.uclm.es\/saramago-toledo\/wp-content\/uploads\/sites\/206\/2025\/04\/imagen-1.png\" alt=\"\" class=\"wp-image-2830\" srcset=\"https:\/\/blog.uclm.es\/saramago-toledo\/wp-content\/uploads\/sites\/206\/2025\/04\/imagen-1.png 800w, https:\/\/blog.uclm.es\/saramago-toledo\/wp-content\/uploads\/sites\/206\/2025\/04\/imagen-1-300x134.png 300w, https:\/\/blog.uclm.es\/saramago-toledo\/wp-content\/uploads\/sites\/206\/2025\/04\/imagen-1-768x344.png 768w, https:\/\/blog.uclm.es\/saramago-toledo\/wp-content\/uploads\/sites\/206\/2025\/04\/imagen-1-500x224.png 500w\" sizes=\"auto, (max-width: 800px) 100vw, 800px\" \/><figcaption class=\"wp-element-caption\">Visita cultural a la central nuclear de Trillo (Guadalajara) para los alumnos de Actualizaci\u00f3n.<\/figcaption><\/figure>\n\n\n\n<figure class=\"wp-block-image size-full\"><img loading=\"lazy\" decoding=\"async\" width=\"800\" height=\"600\" src=\"https:\/\/blog.uclm.es\/saramago-toledo\/wp-content\/uploads\/sites\/206\/2025\/03\/20250326_180238.jpg\" alt=\"\" class=\"wp-image-2817\" srcset=\"https:\/\/blog.uclm.es\/saramago-toledo\/wp-content\/uploads\/sites\/206\/2025\/03\/20250326_180238.jpg 800w, https:\/\/blog.uclm.es\/saramago-toledo\/wp-content\/uploads\/sites\/206\/2025\/03\/20250326_180238-300x225.jpg 300w, https:\/\/blog.uclm.es\/saramago-toledo\/wp-content\/uploads\/sites\/206\/2025\/03\/20250326_180238-768x576.jpg 768w, https:\/\/blog.uclm.es\/saramago-toledo\/wp-content\/uploads\/sites\/206\/2025\/03\/20250326_180238-400x300.jpg 400w\" sizes=\"auto, (max-width: 800px) 100vw, 800px\" \/><figcaption class=\"wp-element-caption\">Visita a la Real Academia de Bellas Artes y Ciencias Hist\u00f3ricas de Toledo con los alumnos de 2\u00ba del ciclo Espec\u00edfico, organizada por la profesora D\u00f1a. Beatriz Cano.<\/figcaption><\/figure>\n\n\n\n<figure class=\"wp-block-image size-full\"><img loading=\"lazy\" decoding=\"async\" width=\"844\" height=\"498\" src=\"https:\/\/blog.uclm.es\/saramago-toledo\/wp-content\/uploads\/sites\/206\/2025\/02\/image-3.png\" alt=\"\" class=\"wp-image-2789\" srcset=\"https:\/\/blog.uclm.es\/saramago-toledo\/wp-content\/uploads\/sites\/206\/2025\/02\/image-3.png 844w, https:\/\/blog.uclm.es\/saramago-toledo\/wp-content\/uploads\/sites\/206\/2025\/02\/image-3-300x177.png 300w, https:\/\/blog.uclm.es\/saramago-toledo\/wp-content\/uploads\/sites\/206\/2025\/02\/image-3-768x453.png 768w, https:\/\/blog.uclm.es\/saramago-toledo\/wp-content\/uploads\/sites\/206\/2025\/02\/image-3-500x295.png 500w\" sizes=\"auto, (max-width: 844px) 100vw, 844px\" \/><figcaption class=\"wp-element-caption\">Conferencia: \u00abEl aprendizaje en las personas mayores y su influencia en la calidad de vida\u00bb, impartida por D\u00f1a. Carolina Cano Madrid, especialista en educaci\u00f3n de personas mayores, en colaboraci\u00f3n con el profesor D. Juan Lirio Castro, profesor de la UCLM en la Facultad de Ciencias Sociales y Tecnolog\u00edas de la Informaci\u00f3n de Talavera de la Reina y director del Grupo de Investigaci\u00f3n en Gerontolog\u00eda Social y Educativa<\/figcaption><\/figure>\n\n\n\n<figure class=\"wp-block-image size-full\"><img loading=\"lazy\" decoding=\"async\" width=\"442\" height=\"359\" src=\"https:\/\/blog.uclm.es\/saramago-toledo\/wp-content\/uploads\/sites\/206\/2025\/02\/image-1.png\" alt=\"\" class=\"wp-image-2780\" srcset=\"https:\/\/blog.uclm.es\/saramago-toledo\/wp-content\/uploads\/sites\/206\/2025\/02\/image-1.png 442w, https:\/\/blog.uclm.es\/saramago-toledo\/wp-content\/uploads\/sites\/206\/2025\/02\/image-1-300x244.png 300w, https:\/\/blog.uclm.es\/saramago-toledo\/wp-content\/uploads\/sites\/206\/2025\/02\/image-1-369x300.png 369w\" sizes=\"auto, (max-width: 442px) 100vw, 442px\" \/><figcaption class=\"wp-element-caption\">Enhorabuena a nuestra alumna Marta Jord\u00e1n (segunda comenzando por la izquierda), Campeona del XXXIV Trofeo Rector en la modalidad de Tenis de Mesa Femenino. Premio entregado por el Vicerrector de Cultura, Deporte y Compromiso Social, C\u00e9sar S\u00e1nchez Mel\u00e9ndez (cuarto comenzando por la izquierda)<\/figcaption><\/figure>\n\n\n\n<figure class=\"wp-block-image size-full\"><img loading=\"lazy\" decoding=\"async\" width=\"708\" height=\"479\" src=\"https:\/\/blog.uclm.es\/saramago-toledo\/wp-content\/uploads\/sites\/206\/2025\/02\/image.png\" alt=\"\" class=\"wp-image-2779\" srcset=\"https:\/\/blog.uclm.es\/saramago-toledo\/wp-content\/uploads\/sites\/206\/2025\/02\/image.png 708w, https:\/\/blog.uclm.es\/saramago-toledo\/wp-content\/uploads\/sites\/206\/2025\/02\/image-300x203.png 300w, https:\/\/blog.uclm.es\/saramago-toledo\/wp-content\/uploads\/sites\/206\/2025\/02\/image-443x300.png 443w\" sizes=\"auto, (max-width: 708px) 100vw, 708px\" \/><figcaption class=\"wp-element-caption\">Visita al Parque Arqueol\u00f3gico de Carranque. Alumnos de 2\u00ba Espec\u00edfico con el profesor D. Juli\u00e1n Garc\u00eda. 21 de febrero<\/figcaption><\/figure>\n\n\n\n<p><\/p>\n\n\n\n<figure class=\"wp-block-image size-full\"><img loading=\"lazy\" decoding=\"async\" width=\"800\" height=\"577\" src=\"https:\/\/blog.uclm.es\/saramago-toledo\/wp-content\/uploads\/sites\/206\/2025\/02\/Visita-cultura.png\" alt=\"\" class=\"wp-image-2763\" srcset=\"https:\/\/blog.uclm.es\/saramago-toledo\/wp-content\/uploads\/sites\/206\/2025\/02\/Visita-cultura.png 800w, https:\/\/blog.uclm.es\/saramago-toledo\/wp-content\/uploads\/sites\/206\/2025\/02\/Visita-cultura-300x216.png 300w, https:\/\/blog.uclm.es\/saramago-toledo\/wp-content\/uploads\/sites\/206\/2025\/02\/Visita-cultura-768x554.png 768w, https:\/\/blog.uclm.es\/saramago-toledo\/wp-content\/uploads\/sites\/206\/2025\/02\/Visita-cultura-416x300.png 416w\" sizes=\"auto, (max-width: 800px) 100vw, 800px\" \/><figcaption class=\"wp-element-caption\">Visita cultural al Archivo Hist\u00f3rico de Toledo con los alumnos de 3\u00ba Espec\u00edfico. Organizada por el profesor D. Eugenio Serrano.<\/figcaption><\/figure>\n\n\n\n<figure class=\"wp-block-image size-full\"><img loading=\"lazy\" decoding=\"async\" width=\"800\" height=\"394\" src=\"https:\/\/blog.uclm.es\/saramago-toledo\/wp-content\/uploads\/sites\/206\/2025\/01\/Conferencia_EntreElBienYElMal.jpg\" alt=\"\" class=\"wp-image-2739\" srcset=\"https:\/\/blog.uclm.es\/saramago-toledo\/wp-content\/uploads\/sites\/206\/2025\/01\/Conferencia_EntreElBienYElMal.jpg 800w, https:\/\/blog.uclm.es\/saramago-toledo\/wp-content\/uploads\/sites\/206\/2025\/01\/Conferencia_EntreElBienYElMal-300x148.jpg 300w, https:\/\/blog.uclm.es\/saramago-toledo\/wp-content\/uploads\/sites\/206\/2025\/01\/Conferencia_EntreElBienYElMal-768x378.jpg 768w, https:\/\/blog.uclm.es\/saramago-toledo\/wp-content\/uploads\/sites\/206\/2025\/01\/Conferencia_EntreElBienYElMal-500x246.jpg 500w\" sizes=\"auto, (max-width: 800px) 100vw, 800px\" \/><figcaption class=\"wp-element-caption\">Conferencia \u00abEntre el cielo y el infierno: la lucha entre el bien y el mal, como conflicto esc\u00e9nico en el drama rom\u00e1ntico\u00bb. Impartida por el Dr. D. Luis Gonz\u00e1lez Sub\u00edas, organizada por el profesor D. Francisco Crosas para los alumnos y las alumnas de 2\u00ba espec\u00edfico (enero de 2025).<\/figcaption><\/figure>\n\n\n\n<div class=\"wp-block-group\"><div class=\"wp-block-group__inner-container is-layout-constrained wp-block-group-is-layout-constrained\">\n<div class=\"wp-block-group\"><div class=\"wp-block-group__inner-container is-layout-constrained wp-block-group-is-layout-constrained\">\n<figure class=\"wp-block-image size-large\"><img loading=\"lazy\" decoding=\"async\" width=\"1024\" height=\"484\" src=\"https:\/\/blog.uclm.es\/saramago-toledo\/wp-content\/uploads\/sites\/206\/2025\/01\/Conferencia-1-1024x484.jpg\" alt=\"\" class=\"wp-image-2721\" srcset=\"https:\/\/blog.uclm.es\/saramago-toledo\/wp-content\/uploads\/sites\/206\/2025\/01\/Conferencia-1-1024x484.jpg 1024w, https:\/\/blog.uclm.es\/saramago-toledo\/wp-content\/uploads\/sites\/206\/2025\/01\/Conferencia-1-300x142.jpg 300w, https:\/\/blog.uclm.es\/saramago-toledo\/wp-content\/uploads\/sites\/206\/2025\/01\/Conferencia-1-768x363.jpg 768w, https:\/\/blog.uclm.es\/saramago-toledo\/wp-content\/uploads\/sites\/206\/2025\/01\/Conferencia-1-1536x726.jpg 1536w, https:\/\/blog.uclm.es\/saramago-toledo\/wp-content\/uploads\/sites\/206\/2025\/01\/Conferencia-1-500x236.jpg 500w, https:\/\/blog.uclm.es\/saramago-toledo\/wp-content\/uploads\/sites\/206\/2025\/01\/Conferencia-1.jpg 1560w\" sizes=\"auto, (max-width: 1024px) 100vw, 1024px\" \/><figcaption class=\"wp-element-caption\">Conferencia: \u00abArte de masas: Pop art\u00bb. Impartida por Rosario Romero Escribano el 14 de enero, coorganizada con&nbsp;ADAUM.<\/figcaption><\/figure>\n<\/div><\/div>\n<\/div><\/div>\n\n\n\n<figure class=\"wp-block-image size-full\"><img loading=\"lazy\" decoding=\"async\" width=\"800\" height=\"576\" src=\"https:\/\/blog.uclm.es\/saramago-toledo\/wp-content\/uploads\/sites\/206\/2024\/12\/imagen-7.jpeg\" alt=\"\" class=\"wp-image-2681\" srcset=\"https:\/\/blog.uclm.es\/saramago-toledo\/wp-content\/uploads\/sites\/206\/2024\/12\/imagen-7.jpeg 800w, https:\/\/blog.uclm.es\/saramago-toledo\/wp-content\/uploads\/sites\/206\/2024\/12\/imagen-7-300x216.jpeg 300w, https:\/\/blog.uclm.es\/saramago-toledo\/wp-content\/uploads\/sites\/206\/2024\/12\/imagen-7-768x553.jpeg 768w, https:\/\/blog.uclm.es\/saramago-toledo\/wp-content\/uploads\/sites\/206\/2024\/12\/imagen-7-417x300.jpeg 417w\" sizes=\"auto, (max-width: 800px) 100vw, 800px\" \/><figcaption class=\"wp-element-caption\">Visita al Archivo Hist\u00f3rico Provincial de Toledo, organizada por el profesor Eugenio Serrano con los estudiantes de 3\u00b0 Espec\u00edfico (18 de diciembre)<\/figcaption><\/figure>\n\n\n\n<figure class=\"wp-block-image size-full\"><img loading=\"lazy\" decoding=\"async\" width=\"794\" height=\"589\" src=\"https:\/\/blog.uclm.es\/saramago-toledo\/wp-content\/uploads\/sites\/206\/2024\/12\/imagen.png\" alt=\"\" class=\"wp-image-2677\" srcset=\"https:\/\/blog.uclm.es\/saramago-toledo\/wp-content\/uploads\/sites\/206\/2024\/12\/imagen.png 794w, https:\/\/blog.uclm.es\/saramago-toledo\/wp-content\/uploads\/sites\/206\/2024\/12\/imagen-300x223.png 300w, https:\/\/blog.uclm.es\/saramago-toledo\/wp-content\/uploads\/sites\/206\/2024\/12\/imagen-768x570.png 768w, https:\/\/blog.uclm.es\/saramago-toledo\/wp-content\/uploads\/sites\/206\/2024\/12\/imagen-404x300.png 404w\" sizes=\"auto, (max-width: 794px) 100vw, 794px\" \/><figcaption class=\"wp-element-caption\">Viaje cultural a Villanueva de los Infantes. Estudiantes de 1\u00ba Espec\u00edfico<\/figcaption><\/figure>\n\n\n\n<figure class=\"wp-block-image size-full\"><img loading=\"lazy\" decoding=\"async\" width=\"800\" height=\"455\" src=\"https:\/\/blog.uclm.es\/saramago-toledo\/wp-content\/uploads\/sites\/206\/2024\/12\/imagen-4.jpeg\" alt=\"\" class=\"wp-image-2675\" srcset=\"https:\/\/blog.uclm.es\/saramago-toledo\/wp-content\/uploads\/sites\/206\/2024\/12\/imagen-4.jpeg 800w, https:\/\/blog.uclm.es\/saramago-toledo\/wp-content\/uploads\/sites\/206\/2024\/12\/imagen-4-300x171.jpeg 300w, https:\/\/blog.uclm.es\/saramago-toledo\/wp-content\/uploads\/sites\/206\/2024\/12\/imagen-4-768x437.jpeg 768w, https:\/\/blog.uclm.es\/saramago-toledo\/wp-content\/uploads\/sites\/206\/2024\/12\/imagen-4-500x284.jpeg 500w\" sizes=\"auto, (max-width: 800px) 100vw, 800px\" \/><figcaption class=\"wp-element-caption\">Visita cultural a Belmonte y Mota del Cuervo (10 diciembre). Estudiantes de Actualizaci\u00f3n.<\/figcaption><\/figure>\n\n\n<div class=\"wp-block-image\">\n<figure class=\"aligncenter size-full is-resized\"><img loading=\"lazy\" decoding=\"async\" width=\"800\" height=\"367\" src=\"https:\/\/blog.uclm.es\/saramago-toledo\/wp-content\/uploads\/sites\/206\/2024\/12\/imagen-3.jpeg\" alt=\"\" class=\"wp-image-2672\" style=\"width:547px;height:auto\" srcset=\"https:\/\/blog.uclm.es\/saramago-toledo\/wp-content\/uploads\/sites\/206\/2024\/12\/imagen-3.jpeg 800w, https:\/\/blog.uclm.es\/saramago-toledo\/wp-content\/uploads\/sites\/206\/2024\/12\/imagen-3-300x138.jpeg 300w, https:\/\/blog.uclm.es\/saramago-toledo\/wp-content\/uploads\/sites\/206\/2024\/12\/imagen-3-768x352.jpeg 768w, https:\/\/blog.uclm.es\/saramago-toledo\/wp-content\/uploads\/sites\/206\/2024\/12\/imagen-3-500x229.jpeg 500w\" sizes=\"auto, (max-width: 800px) 100vw, 800px\" \/><figcaption class=\"wp-element-caption\">Conferencia \u00abEl Sue\u00f1o Americano: El expresionismo abstracto\u00bb.<br>Impartida por Rosario Romero Escribano el 11 de diciembre, coorganizado con&nbsp;Adaum&nbsp;<\/figcaption><\/figure>\n<\/div>\n\n<div class=\"wp-block-image\">\n<figure class=\"aligncenter size-full is-resized\"><img loading=\"lazy\" decoding=\"async\" width=\"844\" height=\"630\" src=\"https:\/\/blog.uclm.es\/saramago-toledo\/wp-content\/uploads\/sites\/206\/2024\/12\/imagen-14.png\" alt=\"\" class=\"wp-image-2669\" style=\"width:451px;height:auto\" srcset=\"https:\/\/blog.uclm.es\/saramago-toledo\/wp-content\/uploads\/sites\/206\/2024\/12\/imagen-14.png 844w, https:\/\/blog.uclm.es\/saramago-toledo\/wp-content\/uploads\/sites\/206\/2024\/12\/imagen-14-300x224.png 300w, https:\/\/blog.uclm.es\/saramago-toledo\/wp-content\/uploads\/sites\/206\/2024\/12\/imagen-14-768x573.png 768w, https:\/\/blog.uclm.es\/saramago-toledo\/wp-content\/uploads\/sites\/206\/2024\/12\/imagen-14-402x300.png 402w\" sizes=\"auto, (max-width: 844px) 100vw, 844px\" \/><figcaption class=\"wp-element-caption\">Creaciones del \u00abTaller de decoraci\u00f3n floral navide\u00f1a\u00bb, dirigido por Sagrario Alonso y M\u00aa Luz Garc\u00eda<\/figcaption><\/figure>\n<\/div>\n\n<div class=\"wp-block-image\">\n<figure class=\"aligncenter size-full is-resized\"><img loading=\"lazy\" decoding=\"async\" width=\"464\" height=\"487\" src=\"https:\/\/blog.uclm.es\/saramago-toledo\/wp-content\/uploads\/sites\/206\/2024\/12\/imagen-13.png\" alt=\"\" class=\"wp-image-2668\" style=\"width:433px;height:auto\" srcset=\"https:\/\/blog.uclm.es\/saramago-toledo\/wp-content\/uploads\/sites\/206\/2024\/12\/imagen-13.png 464w, https:\/\/blog.uclm.es\/saramago-toledo\/wp-content\/uploads\/sites\/206\/2024\/12\/imagen-13-286x300.png 286w\" sizes=\"auto, (max-width: 464px) 100vw, 464px\" \/><figcaption class=\"wp-element-caption\">Acci\u00f3n Solidaria Noviembre 2024: Recogida de productos y donativos para el Hogar de Nazaret<\/figcaption><\/figure>\n<\/div>\n\n<div class=\"wp-block-image\">\n<figure class=\"aligncenter size-full is-resized\"><img loading=\"lazy\" decoding=\"async\" width=\"842\" height=\"645\" src=\"https:\/\/blog.uclm.es\/saramago-toledo\/wp-content\/uploads\/sites\/206\/2024\/12\/imagen-12.png\" alt=\"\" class=\"wp-image-2664\" style=\"width:543px;height:auto\" srcset=\"https:\/\/blog.uclm.es\/saramago-toledo\/wp-content\/uploads\/sites\/206\/2024\/12\/imagen-12.png 842w, https:\/\/blog.uclm.es\/saramago-toledo\/wp-content\/uploads\/sites\/206\/2024\/12\/imagen-12-300x230.png 300w, https:\/\/blog.uclm.es\/saramago-toledo\/wp-content\/uploads\/sites\/206\/2024\/12\/imagen-12-768x588.png 768w, https:\/\/blog.uclm.es\/saramago-toledo\/wp-content\/uploads\/sites\/206\/2024\/12\/imagen-12-392x300.png 392w\" sizes=\"auto, (max-width: 842px) 100vw, 842px\" \/><figcaption class=\"wp-element-caption\">Ruta cultural a El Viso del Marqu\u00e9s y Castillo de Calatrava. Estudiantes de 4\u00ba Espec\u00edfico.<\/figcaption><\/figure>\n<\/div>\n\n<div class=\"wp-block-image\">\n<figure class=\"aligncenter size-full is-resized\"><img loading=\"lazy\" decoding=\"async\" width=\"567\" height=\"792\" src=\"https:\/\/blog.uclm.es\/saramago-toledo\/wp-content\/uploads\/sites\/206\/2024\/12\/imagen-2.jpeg\" alt=\"\" class=\"wp-image-2662\" style=\"width:450px;height:auto\" srcset=\"https:\/\/blog.uclm.es\/saramago-toledo\/wp-content\/uploads\/sites\/206\/2024\/12\/imagen-2.jpeg 567w, https:\/\/blog.uclm.es\/saramago-toledo\/wp-content\/uploads\/sites\/206\/2024\/12\/imagen-2-215x300.jpeg 215w\" sizes=\"auto, (max-width: 567px) 100vw, 567px\" \/><figcaption class=\"wp-element-caption\">Viaje cultural a Guadalaja y Sig\u00fcenza. Estudiantes de 2\u00ba Espec\u00edfico<\/figcaption><\/figure>\n<\/div>\n\n\n<figure class=\"wp-block-image size-large is-resized\"><img loading=\"lazy\" decoding=\"async\" width=\"1024\" height=\"554\" src=\"https:\/\/blog.uclm.es\/saramago-toledo\/wp-content\/uploads\/sites\/206\/2024\/11\/IMG20241122WA0003_2135153590-1024x554.jpg\" alt=\"\" class=\"wp-image-2659\" style=\"width:630px;height:auto\" srcset=\"https:\/\/blog.uclm.es\/saramago-toledo\/wp-content\/uploads\/sites\/206\/2024\/11\/IMG20241122WA0003_2135153590-1024x554.jpg 1024w, https:\/\/blog.uclm.es\/saramago-toledo\/wp-content\/uploads\/sites\/206\/2024\/11\/IMG20241122WA0003_2135153590-300x162.jpg 300w, https:\/\/blog.uclm.es\/saramago-toledo\/wp-content\/uploads\/sites\/206\/2024\/11\/IMG20241122WA0003_2135153590-768x416.jpg 768w, https:\/\/blog.uclm.es\/saramago-toledo\/wp-content\/uploads\/sites\/206\/2024\/11\/IMG20241122WA0003_2135153590-1536x831.jpg 1536w, https:\/\/blog.uclm.es\/saramago-toledo\/wp-content\/uploads\/sites\/206\/2024\/11\/IMG20241122WA0003_2135153590-500x271.jpg 500w, https:\/\/blog.uclm.es\/saramago-toledo\/wp-content\/uploads\/sites\/206\/2024\/11\/IMG20241122WA0003_2135153590.jpg 2048w\" sizes=\"auto, (max-width: 1024px) 100vw, 1024px\" \/><figcaption class=\"wp-element-caption\">Viaje a Noheda y Erc\u00e1vica, d\u00eda 22 de Noviembre.&nbsp;Adaum<\/figcaption><\/figure>\n\n\n<div class=\"wp-block-image\">\n<figure class=\"aligncenter size-large is-resized\"><img loading=\"lazy\" decoding=\"async\" width=\"768\" height=\"1024\" src=\"https:\/\/blog.uclm.es\/saramago-toledo\/wp-content\/uploads\/sites\/206\/2024\/11\/IMG20241120WA0001_2135153590-768x1024.jpg\" alt=\"\" class=\"wp-image-2660\" style=\"width:467px;height:auto\" srcset=\"https:\/\/blog.uclm.es\/saramago-toledo\/wp-content\/uploads\/sites\/206\/2024\/11\/IMG20241120WA0001_2135153590-768x1024.jpg 768w, https:\/\/blog.uclm.es\/saramago-toledo\/wp-content\/uploads\/sites\/206\/2024\/11\/IMG20241120WA0001_2135153590-225x300.jpg 225w, https:\/\/blog.uclm.es\/saramago-toledo\/wp-content\/uploads\/sites\/206\/2024\/11\/IMG20241120WA0001_2135153590-1152x1536.jpg 1152w, https:\/\/blog.uclm.es\/saramago-toledo\/wp-content\/uploads\/sites\/206\/2024\/11\/IMG20241120WA0001_2135153590.jpg 1200w\" sizes=\"auto, (max-width: 768px) 100vw, 768px\" \/><figcaption class=\"wp-element-caption\">5\u00aa Exposici\u00f3n de Carteles Cient\u00edficos, en el Hospital Nacional de Parapl\u00e9jicos, organizada por la profesora Sagrario G\u00f3mez Cantarino.<\/figcaption><\/figure>\n<\/div>\n\n\n<figure class=\"wp-block-image size-full\"><img loading=\"lazy\" decoding=\"async\" width=\"800\" height=\"444\" src=\"https:\/\/blog.uclm.es\/saramago-toledo\/wp-content\/uploads\/sites\/206\/2024\/11\/imagen.jpeg\" alt=\"\" class=\"wp-image-2633\" srcset=\"https:\/\/blog.uclm.es\/saramago-toledo\/wp-content\/uploads\/sites\/206\/2024\/11\/imagen.jpeg 800w, https:\/\/blog.uclm.es\/saramago-toledo\/wp-content\/uploads\/sites\/206\/2024\/11\/imagen-300x167.jpeg 300w, https:\/\/blog.uclm.es\/saramago-toledo\/wp-content\/uploads\/sites\/206\/2024\/11\/imagen-768x426.jpeg 768w, https:\/\/blog.uclm.es\/saramago-toledo\/wp-content\/uploads\/sites\/206\/2024\/11\/imagen-500x278.jpeg 500w\" sizes=\"auto, (max-width: 800px) 100vw, 800px\" \/><figcaption class=\"wp-element-caption\">Inicio de clases. Estudiantes de 3\u00ba curso de Espec\u00edfico<\/figcaption><\/figure>\n\n\n\n<figure class=\"wp-block-image size-full\"><img loading=\"lazy\" decoding=\"async\" width=\"800\" height=\"401\" src=\"https:\/\/blog.uclm.es\/saramago-toledo\/wp-content\/uploads\/sites\/206\/2024\/11\/imagen-1.jpeg\" alt=\"\" class=\"wp-image-2637\" srcset=\"https:\/\/blog.uclm.es\/saramago-toledo\/wp-content\/uploads\/sites\/206\/2024\/11\/imagen-1.jpeg 800w, https:\/\/blog.uclm.es\/saramago-toledo\/wp-content\/uploads\/sites\/206\/2024\/11\/imagen-1-300x150.jpeg 300w, https:\/\/blog.uclm.es\/saramago-toledo\/wp-content\/uploads\/sites\/206\/2024\/11\/imagen-1-768x385.jpeg 768w, https:\/\/blog.uclm.es\/saramago-toledo\/wp-content\/uploads\/sites\/206\/2024\/11\/imagen-1-500x251.jpeg 500w\" sizes=\"auto, (max-width: 800px) 100vw, 800px\" \/><figcaption class=\"wp-element-caption\">Inicio de clases. Estudiantes de Actualizado, turno A<\/figcaption><\/figure>\n\n\n\n<figure class=\"wp-block-image size-full\"><img loading=\"lazy\" decoding=\"async\" width=\"1003\" height=\"546\" src=\"https:\/\/blog.uclm.es\/saramago-toledo\/wp-content\/uploads\/sites\/206\/2024\/11\/imagen-10.png\" alt=\"\" class=\"wp-image-2638\" srcset=\"https:\/\/blog.uclm.es\/saramago-toledo\/wp-content\/uploads\/sites\/206\/2024\/11\/imagen-10.png 1003w, https:\/\/blog.uclm.es\/saramago-toledo\/wp-content\/uploads\/sites\/206\/2024\/11\/imagen-10-300x163.png 300w, https:\/\/blog.uclm.es\/saramago-toledo\/wp-content\/uploads\/sites\/206\/2024\/11\/imagen-10-768x418.png 768w, https:\/\/blog.uclm.es\/saramago-toledo\/wp-content\/uploads\/sites\/206\/2024\/11\/imagen-10-500x272.png 500w\" sizes=\"auto, (max-width: 1003px) 100vw, 1003px\" \/><figcaption class=\"wp-element-caption\">Inicio de clases. Estudiantes de Actualizado, turno B<\/figcaption><\/figure>\n\n\n\n<figure class=\"wp-block-image size-full\"><img loading=\"lazy\" decoding=\"async\" width=\"952\" height=\"577\" src=\"https:\/\/blog.uclm.es\/saramago-toledo\/wp-content\/uploads\/sites\/206\/2024\/11\/imagen-11.png\" alt=\"\" class=\"wp-image-2639\" srcset=\"https:\/\/blog.uclm.es\/saramago-toledo\/wp-content\/uploads\/sites\/206\/2024\/11\/imagen-11.png 952w, https:\/\/blog.uclm.es\/saramago-toledo\/wp-content\/uploads\/sites\/206\/2024\/11\/imagen-11-300x182.png 300w, https:\/\/blog.uclm.es\/saramago-toledo\/wp-content\/uploads\/sites\/206\/2024\/11\/imagen-11-768x465.png 768w, https:\/\/blog.uclm.es\/saramago-toledo\/wp-content\/uploads\/sites\/206\/2024\/11\/imagen-11-495x300.png 495w\" sizes=\"auto, (max-width: 952px) 100vw, 952px\" \/><figcaption class=\"wp-element-caption\">Inicio de clases. Estudiantes de Actualizado, turno C<\/figcaption><\/figure>\n\n\n\n<p><\/p>\n\n\n\n<p><\/p>\n\n\n\n<p><\/p>\n\n\n\n\n\n<figure class=\"wp-block-gallery has-nested-images columns-default is-cropped wp-block-gallery-2 is-layout-flex wp-block-gallery-is-layout-flex\"><\/figure>\n\n\n\n\n\n\n\n<figure class=\"wp-block-gallery has-nested-images columns-default is-cropped wp-block-gallery-3 is-layout-flex wp-block-gallery-is-layout-flex\"><\/figure>\n","protected":false},"excerpt":{"rendered":"","protected":false},"author":369,"featured_media":0,"parent":0,"menu_order":0,"comment_status":"closed","ping_status":"closed","template":"","meta":{"footnotes":""},"class_list":["post-2632","page","type-page","status-publish","hentry"],"_links":{"self":[{"href":"https:\/\/blog.uclm.es\/saramago-toledo\/wp-json\/wp\/v2\/pages\/2632","targetHints":{"allow":["GET"]}}],"collection":[{"href":"https:\/\/blog.uclm.es\/saramago-toledo\/wp-json\/wp\/v2\/pages"}],"about":[{"href":"https:\/\/blog.uclm.es\/saramago-toledo\/wp-json\/wp\/v2\/types\/page"}],"author":[{"embeddable":true,"href":"https:\/\/blog.uclm.es\/saramago-toledo\/wp-json\/wp\/v2\/users\/369"}],"replies":[{"embeddable":true,"href":"https:\/\/blog.uclm.es\/saramago-toledo\/wp-json\/wp\/v2\/comments?post=2632"}],"version-history":[{"count":54,"href":"https:\/\/blog.uclm.es\/saramago-toledo\/wp-json\/wp\/v2\/pages\/2632\/revisions"}],"predecessor-version":[{"id":2964,"href":"https:\/\/blog.uclm.es\/saramago-toledo\/wp-json\/wp\/v2\/pages\/2632\/revisions\/2964"}],"wp:attachment":[{"href":"https:\/\/blog.uclm.es\/saramago-toledo\/wp-json\/wp\/v2\/media?parent=2632"}],"curies":[{"name":"wp","href":"https:\/\/api.w.org\/{rel}","templated":true}]}}