{"id":62,"date":"2023-03-22T09:40:45","date_gmt":"2023-03-22T09:40:45","guid":{"rendered":"https:\/\/blog.uclm.es\/proyectofyp\/?page_id=62"},"modified":"2025-01-17T09:31:20","modified_gmt":"2025-01-17T09:31:20","slug":"la-pornografia-un-analisis-desde-la-critica-cultural","status":"publish","type":"page","link":"https:\/\/blog.uclm.es\/proyectofyp\/la-pornografia-un-analisis-desde-la-critica-cultural\/","title":{"rendered":"An\u00e1lisis cultural del discurso pornogr\u00e1fico"},"content":{"rendered":"\n<figure class=\"wp-block-image alignfull size-large has-custom-border\"><img loading=\"lazy\" decoding=\"async\" width=\"1024\" height=\"296\" src=\"https:\/\/blog.uclm.es\/proyectofyp\/wp-content\/uploads\/sites\/255\/2023\/04\/15-1024x296.png\" alt=\"\" class=\"wp-image-762\" style=\"border-style:none;border-width:0px\" srcset=\"https:\/\/blog.uclm.es\/proyectofyp\/wp-content\/uploads\/sites\/255\/2023\/04\/15-1024x296.png 1024w, https:\/\/blog.uclm.es\/proyectofyp\/wp-content\/uploads\/sites\/255\/2023\/04\/15-300x87.png 300w, https:\/\/blog.uclm.es\/proyectofyp\/wp-content\/uploads\/sites\/255\/2023\/04\/15-768x222.png 768w, https:\/\/blog.uclm.es\/proyectofyp\/wp-content\/uploads\/sites\/255\/2023\/04\/15-1536x444.png 1536w, https:\/\/blog.uclm.es\/proyectofyp\/wp-content\/uploads\/sites\/255\/2023\/04\/15-2048x593.png 2048w\" sizes=\"auto, (max-width: 1024px) 100vw, 1024px\" \/><\/figure>\n\n\n\n<h1 class=\"wp-block-heading alignwide has-foreground-color has-text-color\" style=\"font-size:55px\"><strong>An\u00e1lisis cultural del discurso pornogr\u00e1fico<\/strong><\/h1>\n\n\n\n<p class=\"has-tertiary-background-color has-background\">El an\u00e1lisis cultural del discurso pornogr\u00e1fico pretende comprender mejor las expresiones actuales de la pornograf\u00eda en atenci\u00f3n a aspectos culturales, hist\u00f3ricos, est\u00e9ticos y sociol\u00f3gicos, as\u00ed como al examen de distintas variables de \u00edndole socio-cultural.&nbsp; Se identificar\u00e1n as\u00ed algunas condiciones b\u00e1sicas (sociales, culturales, econ\u00f3micas y psicol\u00f3gicas, etc.) que inciden en el impacto actual de la pornograf\u00eda. Entre ellas, las nuevas tecnolog\u00edas de la red, los dispositivos m\u00f3viles como soporte estrechamente conectado a una fase del proceso de sobre-individualizaci\u00f3n (\u00c9ric Sadin, Terry Eagleton y otros), algunas se\u00f1as de la posmodernidad y el estadio actual del modelo de globalizaci\u00f3n.&nbsp;Se trata de una perspectiva cr\u00edtica e interdisciplinar desde la que, a modo de ejemplo, se exploran fen\u00f3menos como los de la extensi\u00f3n de webcams er\u00f3ticas, formatos de pornograf\u00eda amateur o distintas \u00abcomunidades virtuales\u00bb con pago por visi\u00f3n a partir de la evoluci\u00f3n tanto de la \u00abgig economy (econom\u00eda de plataformas) y la extensi\u00f3n de la l\u00f3gica mercantilizadora como lo que algunos autores como&nbsp;Byung-Chul Han&nbsp;llaman \u00absociedad de la transparencia\u00bb.&nbsp;Pensadoras como Susan Sontag profundizaron en su d\u00eda sobre el significado&nbsp;&nbsp;de la imaginaci\u00f3n pornogr\u00e1fica, mientras que hoy, estudios m\u00e1s recientes ligan el discurso de la pornograf\u00eda mainstream con el actual estadio capitalista y el modelo econ\u00f3mico.&nbsp;Entre el costado expresivo y el m\u00e1s cercano al consumo, otras aproximaciones en t\u00e9rminos de comunicaci\u00f3n, discurso, imaginarios del deseo, psicolog\u00eda contempor\u00e1nea y marcos socio-afectivos se realizar\u00e1n desde la nueva perspectiva de g\u00e9nero, el an\u00e1lisis del discurso, la cr\u00edtica cultural y la sociolog\u00eda de la imagen.<\/p>\n\n\n\n<div class=\"wp-block-group alignfull has-tertiary-background-color has-background is-layout-flow wp-block-group-is-layout-flow\" style=\"padding-top:1rem;padding-right:0px;padding-bottom:1rem;padding-left:0px\"><\/div>\n\n\n\n<h2 class=\"wp-block-heading has-large-font-size\"><strong>Bibliograf\u00eda para la l\u00ednea de investigaci\u00f3n \u00abAn\u00e1lisis cultural de la pornograf\u00eda\u00bb.<\/strong><\/h2>\n\n\n\n<div data-wp-interactive=\"core\/file\" class=\"wp-block-file\"><object data-wp-bind--hidden=\"!state.hasPdfPreview\" hidden class=\"wp-block-file__embed\" data=\"https:\/\/blog.uclm.es\/proyectofyp\/wp-content\/uploads\/sites\/255\/2023\/04\/BIBLIOGRAFIA-linea-Analisis-cultural-del-discurso.pdf\" type=\"application\/pdf\" style=\"width:100%;height:600px\" aria-label=\"Incrustado de BIBLIOGRAF\u00cdA l\u00ednea An\u00e1lisis cultural del discurso.\"><\/object><a id=\"wp-block-file--media-cbc574e4-9542-41ed-99b5-665d6a84aeaf\" href=\"https:\/\/blog.uclm.es\/proyectofyp\/wp-content\/uploads\/sites\/255\/2023\/04\/BIBLIOGRAFIA-linea-Analisis-cultural-del-discurso.pdf\">BIBLIOGRAF\u00cdA l\u00ednea An\u00e1lisis cultural del discurso<\/a><a href=\"https:\/\/blog.uclm.es\/proyectofyp\/wp-content\/uploads\/sites\/255\/2023\/04\/BIBLIOGRAFIA-linea-Analisis-cultural-del-discurso.pdf\" class=\"wp-block-file__button wp-element-button\" download aria-describedby=\"wp-block-file--media-cbc574e4-9542-41ed-99b5-665d6a84aeaf\">Descarga<\/a><\/div>\n\n\n\n<div class=\"wp-block-group alignfull has-tertiary-background-color has-background is-layout-flow wp-block-group-is-layout-flow\" style=\"padding-top:1rem;padding-right:0px;padding-bottom:1rem;padding-left:0px\"><\/div>\n\n\n\n<h1 class=\"wp-block-heading has-large-font-size\"><strong>Investigadoras e investigadores<\/strong><\/h1>\n\n\n\n<p class=\"has-text-align-left has-background-background-color has-background has-small-font-size\" style=\"padding-top:0;padding-right:0;padding-bottom:0;padding-left:0\">Mar Antonino, Universitat Aut\u00f3noma de Madrid<\/p>\n\n\n\n<p class=\"has-background-background-color has-background has-small-font-size\" style=\"padding-top:0;padding-right:0;padding-bottom:0;padding-left:0\">Miguel \u00c1lvarez, Universidad de Sevilla<\/p>\n\n\n\n<p class=\"has-small-font-size\">Marc Carrillo, Universitat Pompeu Fabra de Barcelona<\/p>\n\n\n\n<p class=\"has-small-font-size\">Jes\u00fas Garc\u00eda C\u00edvico, Universitat Jaume I de Castell\u00f3n<\/p>\n\n\n\n<p class=\"has-small-font-size\">V\u00edctor V\u00e1zquez, Universidad de Sevilla<\/p>\n\n\n\n<p class=\"has-small-font-size\">Hubert Alcaraz, Universit\u00e9 de Pau<\/p>\n\n\n\n<p class=\"has-small-font-size\">Marta Reig Gonz\u00e1lez, UCLM<\/p>\n\n\n\n<figure class=\"wp-block-image size-large\"><img loading=\"lazy\" decoding=\"async\" width=\"1024\" height=\"63\" src=\"https:\/\/blog.uclm.es\/proyectofyp\/wp-content\/uploads\/sites\/255\/2024\/04\/unnamed-1024x63.png\" alt=\"\" class=\"wp-image-937\" srcset=\"https:\/\/blog.uclm.es\/proyectofyp\/wp-content\/uploads\/sites\/255\/2024\/04\/unnamed-1024x63.png 1024w, https:\/\/blog.uclm.es\/proyectofyp\/wp-content\/uploads\/sites\/255\/2024\/04\/unnamed-300x19.png 300w, https:\/\/blog.uclm.es\/proyectofyp\/wp-content\/uploads\/sites\/255\/2024\/04\/unnamed-768x48.png 768w, https:\/\/blog.uclm.es\/proyectofyp\/wp-content\/uploads\/sites\/255\/2024\/04\/unnamed-1536x95.png 1536w, https:\/\/blog.uclm.es\/proyectofyp\/wp-content\/uploads\/sites\/255\/2024\/04\/unnamed-2048x127.png 2048w\" sizes=\"auto, (max-width: 1024px) 100vw, 1024px\" \/><\/figure>\n\n\n\n<div class=\"wp-block-columns is-layout-flex wp-container-core-columns-is-layout-28f84493 wp-block-columns-is-layout-flex\">\n<div class=\"wp-block-column is-layout-flow wp-block-column-is-layout-flow\">\n<figure class=\"wp-block-image alignright size-large is-resized\"><img loading=\"lazy\" decoding=\"async\" width=\"1024\" height=\"640\" src=\"https:\/\/blog.uclm.es\/proyectofyp\/wp-content\/uploads\/sites\/255\/2025\/01\/logo-uclm-1024x640.jpg\" alt=\"\" class=\"wp-image-976\" style=\"width:74px;height:auto\" srcset=\"https:\/\/blog.uclm.es\/proyectofyp\/wp-content\/uploads\/sites\/255\/2025\/01\/logo-uclm-1024x640.jpg 1024w, https:\/\/blog.uclm.es\/proyectofyp\/wp-content\/uploads\/sites\/255\/2025\/01\/logo-uclm-300x187.jpg 300w, https:\/\/blog.uclm.es\/proyectofyp\/wp-content\/uploads\/sites\/255\/2025\/01\/logo-uclm-768x480.jpg 768w, https:\/\/blog.uclm.es\/proyectofyp\/wp-content\/uploads\/sites\/255\/2025\/01\/logo-uclm.jpg 1132w\" sizes=\"auto, (max-width: 1024px) 100vw, 1024px\" \/><\/figure>\n<\/div>\n\n\n\n<div class=\"wp-block-column is-layout-flow wp-block-column-is-layout-flow\">\n<figure class=\"wp-block-image size-full is-resized\"><img loading=\"lazy\" decoding=\"async\" width=\"200\" height=\"148\" src=\"https:\/\/blog.uclm.es\/proyectofyp\/wp-content\/uploads\/sites\/255\/2025\/01\/educacion_y_formacion-e1737104760433.png\" alt=\"\" class=\"wp-image-975\" style=\"width:55px;height:auto\" \/><\/figure>\n<\/div>\n<\/div>\n\n\n\n<p><\/p>\n","protected":false},"excerpt":{"rendered":"<p>An\u00e1lisis cultural del discurso pornogr\u00e1fico El an\u00e1lisis cultural del discurso pornogr\u00e1fico pretende comprender mejor las expresiones actuales de la pornograf\u00eda en atenci\u00f3n a aspectos culturales, hist\u00f3ricos, est\u00e9ticos y sociol\u00f3gicos, as\u00ed como al examen de distintas variables de \u00edndole socio-cultural.&nbsp; Se identificar\u00e1n as\u00ed algunas condiciones b\u00e1sicas (sociales, culturales, econ\u00f3micas y psicol\u00f3gicas, etc.) que inciden en el [&hellip;]<\/p>\n","protected":false},"author":415,"featured_media":0,"parent":0,"menu_order":0,"comment_status":"closed","ping_status":"closed","template":"","meta":{"footnotes":""},"class_list":["post-62","page","type-page","status-publish","hentry"],"_links":{"self":[{"href":"https:\/\/blog.uclm.es\/proyectofyp\/wp-json\/wp\/v2\/pages\/62","targetHints":{"allow":["GET"]}}],"collection":[{"href":"https:\/\/blog.uclm.es\/proyectofyp\/wp-json\/wp\/v2\/pages"}],"about":[{"href":"https:\/\/blog.uclm.es\/proyectofyp\/wp-json\/wp\/v2\/types\/page"}],"author":[{"embeddable":true,"href":"https:\/\/blog.uclm.es\/proyectofyp\/wp-json\/wp\/v2\/users\/415"}],"replies":[{"embeddable":true,"href":"https:\/\/blog.uclm.es\/proyectofyp\/wp-json\/wp\/v2\/comments?post=62"}],"version-history":[{"count":32,"href":"https:\/\/blog.uclm.es\/proyectofyp\/wp-json\/wp\/v2\/pages\/62\/revisions"}],"predecessor-version":[{"id":990,"href":"https:\/\/blog.uclm.es\/proyectofyp\/wp-json\/wp\/v2\/pages\/62\/revisions\/990"}],"wp:attachment":[{"href":"https:\/\/blog.uclm.es\/proyectofyp\/wp-json\/wp\/v2\/media?parent=62"}],"curies":[{"name":"wp","href":"https:\/\/api.w.org\/{rel}","templated":true}]}}