{"id":37,"date":"2023-03-22T09:29:06","date_gmt":"2023-03-22T09:29:06","guid":{"rendered":"https:\/\/blog.uclm.es\/proyectofyp\/?page_id=37"},"modified":"2025-03-05T12:16:09","modified_gmt":"2025-03-05T12:16:09","slug":"prensa","status":"publish","type":"page","link":"https:\/\/blog.uclm.es\/proyectofyp\/prensa\/","title":{"rendered":"Prensa"},"content":{"rendered":"\n<div class=\"wp-block-group alignfull is-layout-flow wp-block-group-is-layout-flow\">\n<figure class=\"wp-block-image alignfull size-large\"><img loading=\"lazy\" decoding=\"async\" width=\"1024\" height=\"296\" src=\"https:\/\/blog.uclm.es\/proyectofyp\/wp-content\/uploads\/sites\/255\/2023\/04\/18-1024x296.png\" alt=\"\" class=\"wp-image-765\" srcset=\"https:\/\/blog.uclm.es\/proyectofyp\/wp-content\/uploads\/sites\/255\/2023\/04\/18-1024x296.png 1024w, https:\/\/blog.uclm.es\/proyectofyp\/wp-content\/uploads\/sites\/255\/2023\/04\/18-300x87.png 300w, https:\/\/blog.uclm.es\/proyectofyp\/wp-content\/uploads\/sites\/255\/2023\/04\/18-768x222.png 768w, https:\/\/blog.uclm.es\/proyectofyp\/wp-content\/uploads\/sites\/255\/2023\/04\/18-1536x444.png 1536w, https:\/\/blog.uclm.es\/proyectofyp\/wp-content\/uploads\/sites\/255\/2023\/04\/18-2048x593.png 2048w\" sizes=\"auto, (max-width: 1024px) 100vw, 1024px\" \/><\/figure>\n<\/div>\n\n\n\n<h3 class=\"wp-block-heading alignfull has-text-align-center\"><strong>Prensa<\/strong> <strong>y medios de comunicaci\u00f3n<\/strong><\/h3>\n\n\n\n<div class=\"wp-block-columns alignwide is-layout-flex wp-container-core-columns-is-layout-28f84493 wp-block-columns-is-layout-flex\">\n<div class=\"wp-block-column has-text-color has-background has-link-color wp-elements-9c6fdb67c061908f784245d8c1985235 is-layout-flow wp-block-column-is-layout-flow\" style=\"color:#000000;background-color:#d1d1e1;padding-top:2em;padding-right:2em;padding-bottom:2em;padding-left:2em\">\n<h3 class=\"wp-block-heading has-text-align-left has-large-font-size\" id=\"single\">\u00ab<strong>La UCLM analiza la educaci\u00f3n afectivo-sexual y la pornograf\u00eda desde una perspectiva constitucional<\/strong>\u00ab<strong><br><\/strong><a href=\"https:\/\/www.youtube.com\/@rtvdtoledo\"><\/a><\/h3>\n\n\n\n<p class=\"has-normal-font-size\" style=\"line-height:1.5\">UCLM Actualidad<\/p>\n\n\n\n<hr class=\"wp-block-separator has-text-color has-css-opacity has-background is-style-wide\" style=\"background-color:#000000;color:#000000\" \/>\n\n\n\n<figure class=\"wp-block-image size-large\"><img loading=\"lazy\" decoding=\"async\" width=\"1024\" height=\"581\" src=\"https:\/\/blog.uclm.es\/proyectofyp\/wp-content\/uploads\/sites\/255\/2025\/03\/Captura-de-pantalla-2025-03-05-a-las-13.12.11-1024x581.png\" alt=\"\" class=\"wp-image-1068\" srcset=\"https:\/\/blog.uclm.es\/proyectofyp\/wp-content\/uploads\/sites\/255\/2025\/03\/Captura-de-pantalla-2025-03-05-a-las-13.12.11-1024x581.png 1024w, https:\/\/blog.uclm.es\/proyectofyp\/wp-content\/uploads\/sites\/255\/2025\/03\/Captura-de-pantalla-2025-03-05-a-las-13.12.11-300x170.png 300w, https:\/\/blog.uclm.es\/proyectofyp\/wp-content\/uploads\/sites\/255\/2025\/03\/Captura-de-pantalla-2025-03-05-a-las-13.12.11-768x436.png 768w, https:\/\/blog.uclm.es\/proyectofyp\/wp-content\/uploads\/sites\/255\/2025\/03\/Captura-de-pantalla-2025-03-05-a-las-13.12.11-1536x872.png 1536w, https:\/\/blog.uclm.es\/proyectofyp\/wp-content\/uploads\/sites\/255\/2025\/03\/Captura-de-pantalla-2025-03-05-a-las-13.12.11-2048x1163.png 2048w\" sizes=\"auto, (max-width: 1024px) 100vw, 1024px\" \/><\/figure>\n\n\n\n<div class=\"wp-block-buttons is-layout-flex wp-block-buttons-is-layout-flex\">\n<div class=\"wp-block-button\"><a class=\"wp-block-button__link has-background-color has-foreground-background-color has-text-color has-background wp-element-button\" href=\"https:\/\/www.uclm.es\/noticias\/noticias2025\/marzo\/toledo\/jornadas_pornografia_constitucion\" target=\"_blank\" rel=\"noreferrer noopener\">Lee la noticia<\/a><\/div>\n<\/div>\n\n\n\n<p class=\"has-small-font-size\">La UCLM ha recogido en su seccion\u00e9moste de actualidad la celebraci\u00f3n de las jornadas &#8216;Educaci\u00f3n afectivo-sexual, pornograf\u00eda y Constituci\u00f3n&#8217;, organizadas por este proyecto.<\/p>\n<\/div>\n\n\n\n<div class=\"wp-block-column has-text-color has-background has-link-color wp-elements-b7d28ee7929be07acff98e0dde86c06e is-layout-flow wp-block-column-is-layout-flow\" style=\"color:#000000;background-color:#f6f6f6;padding-top:2em;padding-right:2em;padding-bottom:2em;padding-left:2em\">\n<h3 class=\"wp-block-heading has-text-align-left has-large-font-size\" id=\"single\"><strong>\u00abPornograf\u00eda y educaci\u00f3n afectivo sexual, a debate en la UCLM\u00bb<\/strong><a href=\"https:\/\/www.youtube.com\/@rtvdtoledo\"><\/a><\/h3>\n\n\n\n<p class=\"has-normal-font-size\" style=\"line-height:1.5\">Radio Televisi\u00f3n Diocesana de toledo<\/p>\n\n\n\n<hr class=\"wp-block-separator has-text-color has-css-opacity has-background is-style-wide\" style=\"background-color:#000000;color:#000000\" \/>\n\n\n\n<figure class=\"wp-block-image size-large\"><img loading=\"lazy\" decoding=\"async\" width=\"1024\" height=\"512\" src=\"https:\/\/blog.uclm.es\/proyectofyp\/wp-content\/uploads\/sites\/255\/2025\/03\/Captura-de-pantalla-2025-03-05-a-las-13.03.23-e1741176273324-1024x512.png\" alt=\"\" class=\"wp-image-1062\" srcset=\"https:\/\/blog.uclm.es\/proyectofyp\/wp-content\/uploads\/sites\/255\/2025\/03\/Captura-de-pantalla-2025-03-05-a-las-13.03.23-e1741176273324-1024x512.png 1024w, https:\/\/blog.uclm.es\/proyectofyp\/wp-content\/uploads\/sites\/255\/2025\/03\/Captura-de-pantalla-2025-03-05-a-las-13.03.23-e1741176273324-300x150.png 300w, https:\/\/blog.uclm.es\/proyectofyp\/wp-content\/uploads\/sites\/255\/2025\/03\/Captura-de-pantalla-2025-03-05-a-las-13.03.23-e1741176273324-768x384.png 768w, https:\/\/blog.uclm.es\/proyectofyp\/wp-content\/uploads\/sites\/255\/2025\/03\/Captura-de-pantalla-2025-03-05-a-las-13.03.23-e1741176273324-1536x768.png 1536w, https:\/\/blog.uclm.es\/proyectofyp\/wp-content\/uploads\/sites\/255\/2025\/03\/Captura-de-pantalla-2025-03-05-a-las-13.03.23-e1741176273324-2048x1024.png 2048w\" sizes=\"auto, (max-width: 1024px) 100vw, 1024px\" \/><\/figure>\n\n\n\n<div class=\"wp-block-buttons is-layout-flex wp-block-buttons-is-layout-flex\">\n<div class=\"wp-block-button\"><a class=\"wp-block-button__link has-background-color has-foreground-background-color has-text-color has-background wp-element-button\" href=\"https:\/\/www.youtube.com\/watch?v=AQSz62kabFE\" target=\"_blank\" rel=\"noreferrer noopener\">Mira el reportaje<\/a><\/div>\n<\/div>\n\n\n\n<p class=\"has-small-font-size\">La Televisi\u00f3n Diocesana de Toledo ha informado sobre las jornadas &#8216;Educaci\u00f3n afectivo-sexual, pornograf\u00eda y Constituci\u00f3n&#8217; y ha entrevistado a Adriana Trave-Valls, Elena Rebato y Javier D\u00edaz Reborio, algunos de los investigadores de este proyecto que han organizado y participado en estas jornadas.<\/p>\n<\/div>\n\n\n\n<div class=\"wp-block-column has-text-color has-background has-link-color wp-elements-4033aac8b4d8682eb63344d1ff24b00b is-layout-flow wp-block-column-is-layout-flow\" style=\"color:#000000;background-color:#d1d1e1;padding-top:2em;padding-right:2em;padding-bottom:2em;padding-left:2em\">\n<h3 class=\"wp-block-heading has-text-align-left has-large-font-size\" id=\"single\"><strong>\u00abPornograf\u00eda y educaci\u00f3n afectivo sexual, a debate en la UCLM\u00bb<\/strong><a href=\"https:\/\/www.youtube.com\/@rtvdtoledo\"><\/a><\/h3>\n\n\n\n<p class=\"has-normal-font-size\" style=\"line-height:1.5\">Radio television Diocesana de toledo<\/p>\n\n\n\n<hr class=\"wp-block-separator has-text-color has-css-opacity has-background is-style-wide\" style=\"background-color:#000000;color:#000000\" \/>\n\n\n\n<figure class=\"wp-block-image size-large\"><img loading=\"lazy\" decoding=\"async\" width=\"1024\" height=\"755\" src=\"https:\/\/blog.uclm.es\/proyectofyp\/wp-content\/uploads\/sites\/255\/2025\/03\/Captura-de-pantalla-2025-03-05-a-las-12.58.27-1024x755.png\" alt=\"\" class=\"wp-image-1059\" srcset=\"https:\/\/blog.uclm.es\/proyectofyp\/wp-content\/uploads\/sites\/255\/2025\/03\/Captura-de-pantalla-2025-03-05-a-las-12.58.27-1024x755.png 1024w, https:\/\/blog.uclm.es\/proyectofyp\/wp-content\/uploads\/sites\/255\/2025\/03\/Captura-de-pantalla-2025-03-05-a-las-12.58.27-300x221.png 300w, https:\/\/blog.uclm.es\/proyectofyp\/wp-content\/uploads\/sites\/255\/2025\/03\/Captura-de-pantalla-2025-03-05-a-las-12.58.27-768x567.png 768w, https:\/\/blog.uclm.es\/proyectofyp\/wp-content\/uploads\/sites\/255\/2025\/03\/Captura-de-pantalla-2025-03-05-a-las-12.58.27-1536x1133.png 1536w, https:\/\/blog.uclm.es\/proyectofyp\/wp-content\/uploads\/sites\/255\/2025\/03\/Captura-de-pantalla-2025-03-05-a-las-12.58.27.png 2040w\" sizes=\"auto, (max-width: 1024px) 100vw, 1024px\" \/><\/figure>\n\n\n\n<div class=\"wp-block-buttons is-layout-flex wp-block-buttons-is-layout-flex\">\n<div class=\"wp-block-button\"><a class=\"wp-block-button__link has-background-color has-foreground-background-color has-text-color has-background wp-element-button\" href=\"https:\/\/www.latribunadetoledo.es\/noticia\/zd3fc9a9f-acd0-0925-b71464d3b05e83cd\/202503\/la-uclm-analiza-el-limite-a-la-pornografia-con-la-constitucion\" target=\"_blank\" rel=\"noreferrer noopener\">Lee la noticia<\/a><\/div>\n<\/div>\n\n\n\n<p class=\"has-small-font-size\">La Tribuna de Toledo recoge la celebraci\u00f3n de las jornadas &nbsp;&#8216;Educaci\u00f3n afectivo-sexual, pornograf\u00eda y Constituci\u00f3n&#8217; celebradas en el Aula Magna de la Facultad de Ciencias Sociales y Jur\u00eddicas de la Universidad de Castilla-La Mancha y organizadas desde el Poryecto \u00abLa pornograf\u00eda como asunto constitucional\u00bb.<\/p>\n<\/div>\n<\/div>\n\n\n\n<div class=\"wp-block-columns alignwide is-layout-flex wp-container-core-columns-is-layout-28f84493 wp-block-columns-is-layout-flex\">\n<div class=\"wp-block-column has-text-color has-background has-link-color wp-elements-3ac2f109b1fdebcae05affc03a640c73 is-layout-flow wp-block-column-is-layout-flow\" style=\"color:#000000;background-color:#f6f6f6;padding-top:2em;padding-right:2em;padding-bottom:2em;padding-left:2em\">\n<h3 class=\"wp-block-heading has-text-align-left has-large-font-size\" id=\"single\"><strong>\u00abLa UCLM analiza el l\u00edmite a la pornograf\u00eda con la Constituci\u00f3n\u00bb<\/strong><\/h3>\n\n\n\n<p class=\"has-normal-font-size\" style=\"line-height:1.5\">La Tribuna de Toledo (5-03-2025)<\/p>\n\n\n\n<hr class=\"wp-block-separator has-text-color has-css-opacity has-background is-style-wide\" style=\"background-color:#000000;color:#000000\" \/>\n\n\n\n<figure class=\"wp-block-image size-large\"><img loading=\"lazy\" decoding=\"async\" width=\"1024\" height=\"755\" src=\"https:\/\/blog.uclm.es\/proyectofyp\/wp-content\/uploads\/sites\/255\/2025\/03\/Captura-de-pantalla-2025-03-05-a-las-12.58.27-1024x755.png\" alt=\"\" class=\"wp-image-1059\" srcset=\"https:\/\/blog.uclm.es\/proyectofyp\/wp-content\/uploads\/sites\/255\/2025\/03\/Captura-de-pantalla-2025-03-05-a-las-12.58.27-1024x755.png 1024w, https:\/\/blog.uclm.es\/proyectofyp\/wp-content\/uploads\/sites\/255\/2025\/03\/Captura-de-pantalla-2025-03-05-a-las-12.58.27-300x221.png 300w, https:\/\/blog.uclm.es\/proyectofyp\/wp-content\/uploads\/sites\/255\/2025\/03\/Captura-de-pantalla-2025-03-05-a-las-12.58.27-768x567.png 768w, https:\/\/blog.uclm.es\/proyectofyp\/wp-content\/uploads\/sites\/255\/2025\/03\/Captura-de-pantalla-2025-03-05-a-las-12.58.27-1536x1133.png 1536w, https:\/\/blog.uclm.es\/proyectofyp\/wp-content\/uploads\/sites\/255\/2025\/03\/Captura-de-pantalla-2025-03-05-a-las-12.58.27.png 2040w\" sizes=\"auto, (max-width: 1024px) 100vw, 1024px\" \/><\/figure>\n\n\n\n<div class=\"wp-block-buttons is-layout-flex wp-block-buttons-is-layout-flex\">\n<div class=\"wp-block-button\"><a class=\"wp-block-button__link has-background-color has-foreground-background-color has-text-color has-background wp-element-button\" href=\"https:\/\/www.latribunadetoledo.es\/noticia\/zd3fc9a9f-acd0-0925-b71464d3b05e83cd\/202503\/la-uclm-analiza-el-limite-a-la-pornografia-con-la-constitucion\" target=\"_blank\" rel=\"noreferrer noopener\">Lee la noticia<\/a><\/div>\n<\/div>\n\n\n\n<p class=\"has-small-font-size\">La Tribuna de Toledo recoge la celebraci\u00f3n de las jornadas &nbsp;&#8216;Educaci\u00f3n afectivo-sexual, pornograf\u00eda y Constituci\u00f3n&#8217; celebradas en el Aula Magna de la Facultad de Ciencias Sociales y Jur\u00eddicas de la Universidad de Castilla-La Mancha y organizadas desde el Poryecto \u00abLa pornograf\u00eda como asunto constitucional\u00bb.<\/p>\n<\/div>\n\n\n\n<div class=\"wp-block-column has-text-color has-background has-link-color wp-elements-fde11f7bb4ae6a53865f2ca6d640e7b9 is-layout-flow wp-block-column-is-layout-flow\" style=\"color:#000000;background-color:#d1d1e1;padding-top:2em;padding-right:2em;padding-bottom:2em;padding-left:2em\">\n<h3 class=\"wp-block-heading has-text-align-left has-large-font-size\" id=\"single\">\u00ab<strong>Pornograf\u00eda, Inteligencia<\/strong> <strong>Artificial y Deepfakes\u00bb \/ Di\u00e1logos Ca\u00f1ada Blanch<\/strong><\/h3>\n\n\n\n<p class=\"has-normal-font-size\" style=\"line-height:1.5\">Fundaci\u00f3n Ca\u00f1ada Blanch (12-4-2024)<\/p>\n\n\n\n<hr class=\"wp-block-separator has-text-color has-css-opacity has-background is-style-wide\" style=\"background-color:#000000;color:#000000\" \/>\n\n\n\n<figure class=\"wp-block-image size-large\"><img loading=\"lazy\" decoding=\"async\" width=\"1024\" height=\"577\" src=\"https:\/\/blog.uclm.es\/proyectofyp\/wp-content\/uploads\/sites\/255\/2024\/04\/Captura-de-pantalla-2024-04-16-a-las-13.04.04-1024x577.png\" alt=\"\" class=\"wp-image-909\" srcset=\"https:\/\/blog.uclm.es\/proyectofyp\/wp-content\/uploads\/sites\/255\/2024\/04\/Captura-de-pantalla-2024-04-16-a-las-13.04.04-1024x577.png 1024w, https:\/\/blog.uclm.es\/proyectofyp\/wp-content\/uploads\/sites\/255\/2024\/04\/Captura-de-pantalla-2024-04-16-a-las-13.04.04-300x169.png 300w, https:\/\/blog.uclm.es\/proyectofyp\/wp-content\/uploads\/sites\/255\/2024\/04\/Captura-de-pantalla-2024-04-16-a-las-13.04.04-768x433.png 768w, https:\/\/blog.uclm.es\/proyectofyp\/wp-content\/uploads\/sites\/255\/2024\/04\/Captura-de-pantalla-2024-04-16-a-las-13.04.04-1536x866.png 1536w, https:\/\/blog.uclm.es\/proyectofyp\/wp-content\/uploads\/sites\/255\/2024\/04\/Captura-de-pantalla-2024-04-16-a-las-13.04.04-2048x1154.png 2048w\" sizes=\"auto, (max-width: 1024px) 100vw, 1024px\" \/><\/figure>\n\n\n\n<div class=\"wp-block-buttons is-layout-flex wp-block-buttons-is-layout-flex\">\n<div class=\"wp-block-button\"><a class=\"wp-block-button__link has-background-color has-foreground-background-color has-text-color has-background wp-element-button\" href=\"https:\/\/www.youtube.com\/watch?v=0iseBwZOsLQ\" target=\"_blank\" rel=\"noreferrer noopener\">Mira el Di\u00e1logo de Ca\u00f1ada Blanch<\/a><\/div>\n<\/div>\n\n\n\n<p class=\"has-small-font-size\"> Ana Valero, IP del proyecto <strong>\u00abLa pornograf\u00eda como asunto constitucional\u00bb<\/strong>, participa en este Di\u00e1logo de la Ca\u00f1ada Blanch sobre pornograf\u00eda, Inteligencia Artificiall y Deepfakes, junto con Paz Lloria, Catedr\u00e1tica de Derecho Penal de la Universitat de Val\u00e8ncia.<\/p>\n<\/div>\n\n\n\n<div class=\"wp-block-column has-tertiary-background-color has-text-color has-background has-link-color wp-elements-7545cfc4d1dcd6ad7551ceaa3a67991e is-layout-flow wp-block-column-is-layout-flow\" style=\"color:#000000;padding-top:2em;padding-right:2em;padding-bottom:2em;padding-left:2em\">\n<h3 class=\"wp-block-heading has-text-align-left has-large-font-size\" id=\"single\"><strong>\u00abLa respuesta a un porno malo no es prohibir el porno\u00bb: la reflexi\u00f3n de la autora del libro &#8216;La libertad de la pornograf\u00eda&#8217;<\/strong><\/h3>\n\n\n\n<p class=\"has-normal-font-size\" style=\"line-height:1.5\">Hora 25 \/ Cadena Ser (6-2-2024)<\/p>\n\n\n\n<hr class=\"wp-block-separator has-text-color has-css-opacity has-background is-style-wide\" style=\"background-color:#000000;color:#000000\" \/>\n\n\n\n<figure class=\"wp-block-image size-large\"><img loading=\"lazy\" decoding=\"async\" width=\"1024\" height=\"563\" src=\"https:\/\/blog.uclm.es\/proyectofyp\/wp-content\/uploads\/sites\/255\/2024\/02\/Captura-de-pantalla-2024-02-08-a-las-9.50.26-1024x563.png\" alt=\"\" class=\"wp-image-903\" srcset=\"https:\/\/blog.uclm.es\/proyectofyp\/wp-content\/uploads\/sites\/255\/2024\/02\/Captura-de-pantalla-2024-02-08-a-las-9.50.26-1024x563.png 1024w, https:\/\/blog.uclm.es\/proyectofyp\/wp-content\/uploads\/sites\/255\/2024\/02\/Captura-de-pantalla-2024-02-08-a-las-9.50.26-300x165.png 300w, https:\/\/blog.uclm.es\/proyectofyp\/wp-content\/uploads\/sites\/255\/2024\/02\/Captura-de-pantalla-2024-02-08-a-las-9.50.26-768x423.png 768w, https:\/\/blog.uclm.es\/proyectofyp\/wp-content\/uploads\/sites\/255\/2024\/02\/Captura-de-pantalla-2024-02-08-a-las-9.50.26-1536x845.png 1536w, https:\/\/blog.uclm.es\/proyectofyp\/wp-content\/uploads\/sites\/255\/2024\/02\/Captura-de-pantalla-2024-02-08-a-las-9.50.26-2048x1127.png 2048w\" sizes=\"auto, (max-width: 1024px) 100vw, 1024px\" \/><\/figure>\n\n\n\n<div class=\"wp-block-buttons is-layout-flex wp-block-buttons-is-layout-flex\">\n<div class=\"wp-block-button\"><a class=\"wp-block-button__link has-background-color has-foreground-background-color has-text-color has-background wp-element-button\" href=\"https:\/\/cadenaser.com\/nacional\/2024\/02\/06\/la-respuesta-a-un-porno-malo-no-es-prohibir-el-porno-la-reflexion-de-la-autora-del-libro-la-libertad-de-la-pornografia-cadena-ser\/\" target=\"_blank\" rel=\"noreferrer noopener\">Escucha la entrevista<\/a><\/div>\n<\/div>\n\n\n\n<p class=\"has-small-font-size\">El periodista Aimar Bretos entrevista a Ana Valero, IP del proyecto <strong>\u00abLa pornograf\u00eda como asunto constitucional\u00bb<\/strong>, en Hora 25, para hablar sobre la pornograf\u00eda, sus efectos, las posibles v\u00edas de regulaci\u00f3n legislativa y la preocupaci\u00f3n por los y las menores.<\/p>\n<\/div>\n<\/div>\n\n\n\n<div class=\"wp-block-columns alignwide is-layout-flex wp-container-core-columns-is-layout-28f84493 wp-block-columns-is-layout-flex\">\n<div class=\"wp-block-column has-text-color has-background has-link-color wp-elements-acf3d0bd1c8b0662ed49544287ea5e07 is-layout-flow wp-block-column-is-layout-flow\" style=\"color:#000000;background-color:#d1d1e1;padding-top:2em;padding-right:2em;padding-bottom:2em;padding-left:2em\">\n<h3 class=\"wp-block-heading has-text-align-left has-large-font-size\" id=\"single\">\u00ab<strong>Pornograf\u00eda y Derechos: un curso para mirar el encaje de la pornograf\u00eda en la sociedad, sus limitaciones y sus efectos<\/strong>\u00ab<\/h3>\n\n\n\n<p class=\"has-normal-font-size\" style=\"line-height:1.5\">InfoLibre (13-10-2023)<\/p>\n\n\n\n<hr class=\"wp-block-separator has-text-color has-css-opacity has-background is-style-wide\" style=\"background-color:#000000;color:#000000\" \/>\n\n\n\n<figure class=\"wp-block-image size-large\"><img loading=\"lazy\" decoding=\"async\" width=\"1024\" height=\"724\" src=\"https:\/\/blog.uclm.es\/proyectofyp\/wp-content\/uploads\/sites\/255\/2023\/10\/Triptico-digital-PORNOGRAFIA-Y-DERECHOS-1024x724.png\" alt=\"\" class=\"wp-image-899\" srcset=\"https:\/\/blog.uclm.es\/proyectofyp\/wp-content\/uploads\/sites\/255\/2023\/10\/Triptico-digital-PORNOGRAFIA-Y-DERECHOS-1024x724.png 1024w, https:\/\/blog.uclm.es\/proyectofyp\/wp-content\/uploads\/sites\/255\/2023\/10\/Triptico-digital-PORNOGRAFIA-Y-DERECHOS-300x212.png 300w, https:\/\/blog.uclm.es\/proyectofyp\/wp-content\/uploads\/sites\/255\/2023\/10\/Triptico-digital-PORNOGRAFIA-Y-DERECHOS-768x543.png 768w, https:\/\/blog.uclm.es\/proyectofyp\/wp-content\/uploads\/sites\/255\/2023\/10\/Triptico-digital-PORNOGRAFIA-Y-DERECHOS-1536x1086.png 1536w, https:\/\/blog.uclm.es\/proyectofyp\/wp-content\/uploads\/sites\/255\/2023\/10\/Triptico-digital-PORNOGRAFIA-Y-DERECHOS.png 2000w\" sizes=\"auto, (max-width: 1024px) 100vw, 1024px\" \/><\/figure>\n\n\n\n<div class=\"wp-block-buttons is-layout-flex wp-block-buttons-is-layout-flex\">\n<div class=\"wp-block-button\"><a class=\"wp-block-button__link has-background-color has-foreground-background-color has-text-color has-background wp-element-button\" href=\"https:\/\/www.infolibre.es\/opinion\/blogs\/al-reves-al-derecho\/pornografia-derechos-curso-pornografia_132_1613001.html\" target=\"_blank\" rel=\"noreferrer noopener\">Lee el art\u00edculo<\/a><\/div>\n<\/div>\n\n\n\n<p class=\"has-small-font-size\">\u00bfQu\u00e9 es la pornograf\u00eda?, \u00bfdebe ser prohibida?, \u00bfes moralmente objetable?, \u00bfdebe ser sometida a restricciones legales que no son aplicadas a otro tipo de materiales?, \u00bfsu producci\u00f3n y consumo causa da\u00f1o real a las mujeres y a los j\u00f3venes?, \u00bfdebe ser censurada, regulada o protegida como una forma de libertad de expresi\u00f3n?\u201d<\/p>\n<\/div>\n\n\n\n<div class=\"wp-block-column has-text-color has-background has-link-color wp-elements-2fc54f8def35927e95de1bfd35c3d1bc is-layout-flow wp-block-column-is-layout-flow\" style=\"color:#000000;background-color:#f6f6f6;padding-top:2em;padding-right:2em;padding-bottom:2em;padding-left:2em\">\n<h3 class=\"wp-block-heading has-text-align-left has-large-font-size\" id=\"single\"><strong><strong>\u00ab<strong>Enfoque 03 \/ Pornograf\u00eda y Derecho constitucional<\/strong>\u00bb <\/strong><\/strong><\/h3>\n\n\n\n<p class=\"has-normal-font-size\" style=\"line-height:1.5\">Radiotelevisi\u00f3n diocesana de <em><em>Toledo<\/em><\/em> (11-10-2023)<\/p>\n\n\n\n<hr class=\"wp-block-separator has-text-color has-css-opacity has-background is-style-wide\" style=\"background-color:#000000;color:#000000\" \/>\n\n\n\n<figure class=\"wp-block-image size-large\"><img loading=\"lazy\" decoding=\"async\" width=\"1024\" height=\"538\" src=\"https:\/\/blog.uclm.es\/proyectofyp\/wp-content\/uploads\/sites\/255\/2023\/10\/Captura-de-pantalla-2023-10-11-a-las-12.33.17-1024x538.png\" alt=\"\" class=\"wp-image-896\" srcset=\"https:\/\/blog.uclm.es\/proyectofyp\/wp-content\/uploads\/sites\/255\/2023\/10\/Captura-de-pantalla-2023-10-11-a-las-12.33.17-1024x538.png 1024w, https:\/\/blog.uclm.es\/proyectofyp\/wp-content\/uploads\/sites\/255\/2023\/10\/Captura-de-pantalla-2023-10-11-a-las-12.33.17-300x158.png 300w, https:\/\/blog.uclm.es\/proyectofyp\/wp-content\/uploads\/sites\/255\/2023\/10\/Captura-de-pantalla-2023-10-11-a-las-12.33.17-768x403.png 768w, https:\/\/blog.uclm.es\/proyectofyp\/wp-content\/uploads\/sites\/255\/2023\/10\/Captura-de-pantalla-2023-10-11-a-las-12.33.17-1536x806.png 1536w, https:\/\/blog.uclm.es\/proyectofyp\/wp-content\/uploads\/sites\/255\/2023\/10\/Captura-de-pantalla-2023-10-11-a-las-12.33.17-2048x1075.png 2048w\" sizes=\"auto, (max-width: 1024px) 100vw, 1024px\" \/><\/figure>\n\n\n\n<div class=\"wp-block-buttons is-layout-flex wp-block-buttons-is-layout-flex\">\n<div class=\"wp-block-button\"><a class=\"wp-block-button__link has-background-color has-foreground-background-color has-text-color has-background wp-element-button\" href=\"https:\/\/www.youtube.com\/watch?v=LfOiXeIIVHk&amp;t=19s\" target=\"_blank\" rel=\"noreferrer noopener\">Mira la entrevista<\/a><\/div>\n<\/div>\n\n\n\n<p class=\"has-small-font-size\">La Universidad de Castilla-La Mancha organiza un curso de verano sobre Pornograf\u00eda y Derecho Constitucional. Un abordaje multidisciplinar para debatir en torno a libertades y derechos y teniendo en cuenta siempre la protecci\u00f3n del menor.<\/p>\n<\/div>\n\n\n\n<div class=\"wp-block-column has-text-color has-background has-link-color wp-elements-e8d23ec21825bf126d594b3196207981 is-layout-flow wp-block-column-is-layout-flow\" style=\"color:#000000;background-color:#d1d1e1;padding-top:2em;padding-right:2em;padding-bottom:2em;padding-left:2em\">\n<h3 class=\"wp-block-heading has-text-align-left has-large-font-size\" id=\"single\">\u00ab<strong>Pornograf\u00eda y derechos a debate en la UCLM<\/strong>\u00ab<\/h3>\n\n\n\n<p class=\"has-normal-font-size\" style=\"line-height:1.5\"><em>Radiotelevisi\u00f3n diocesana de Toledo<\/em> (05-10-2023)<\/p>\n\n\n\n<hr class=\"wp-block-separator has-text-color has-css-opacity has-background is-style-wide\" style=\"background-color:#000000;color:#000000\" \/>\n\n\n\n<figure class=\"wp-block-image size-large\"><img loading=\"lazy\" decoding=\"async\" width=\"1024\" height=\"542\" src=\"https:\/\/blog.uclm.es\/proyectofyp\/wp-content\/uploads\/sites\/255\/2023\/10\/Captura-de-pantalla-2023-10-06-a-las-9.24.08-1024x542.png\" alt=\"\" class=\"wp-image-889\" srcset=\"https:\/\/blog.uclm.es\/proyectofyp\/wp-content\/uploads\/sites\/255\/2023\/10\/Captura-de-pantalla-2023-10-06-a-las-9.24.08-1024x542.png 1024w, https:\/\/blog.uclm.es\/proyectofyp\/wp-content\/uploads\/sites\/255\/2023\/10\/Captura-de-pantalla-2023-10-06-a-las-9.24.08-300x159.png 300w, https:\/\/blog.uclm.es\/proyectofyp\/wp-content\/uploads\/sites\/255\/2023\/10\/Captura-de-pantalla-2023-10-06-a-las-9.24.08-768x407.png 768w, https:\/\/blog.uclm.es\/proyectofyp\/wp-content\/uploads\/sites\/255\/2023\/10\/Captura-de-pantalla-2023-10-06-a-las-9.24.08-1536x814.png 1536w, https:\/\/blog.uclm.es\/proyectofyp\/wp-content\/uploads\/sites\/255\/2023\/10\/Captura-de-pantalla-2023-10-06-a-las-9.24.08-2048x1085.png 2048w\" sizes=\"auto, (max-width: 1024px) 100vw, 1024px\" \/><\/figure>\n\n\n\n<div class=\"wp-block-buttons is-layout-flex wp-block-buttons-is-layout-flex\">\n<div class=\"wp-block-button\"><a class=\"wp-block-button__link has-background-color has-foreground-background-color has-text-color has-background wp-element-button\" href=\"https:\/\/www.youtube.com\/watch?v=TpVtZcSu-1M\" target=\"_blank\" rel=\"noreferrer noopener\">Mira la entrevista<\/a><\/div>\n<\/div>\n\n\n\n<p class=\"has-small-font-size\">Expertos en Derecho constitucional, psic\u00f3logos y profesionales que trabajan con menores debaten en Albacete sobre la pornograf\u00eda y el respeto a los derechos fundamentales. A debate los pr\u00f3ximos 16 y 17 de octubre en Cuenca.<\/p>\n<\/div>\n<\/div>\n\n\n\n<div class=\"wp-block-columns alignwide is-layout-flex wp-container-core-columns-is-layout-28f84493 wp-block-columns-is-layout-flex\">\n<div class=\"wp-block-column has-text-color has-background has-link-color wp-elements-ab08b8522c00fcc77920c243ce703c9e is-layout-flow wp-block-column-is-layout-flow\" style=\"color:#000000;background-color:#f6f6f6;padding-top:2em;padding-right:2em;padding-bottom:2em;padding-left:2em\">\n<h3 class=\"wp-block-heading has-text-align-left has-large-font-size\" id=\"single\"><strong><strong>\u00ab<strong>Entrevista a Ana Valero en CMM<\/strong>\u00bb <\/strong><\/strong><\/h3>\n\n\n\n<p class=\"has-normal-font-size\" style=\"line-height:1.5\"><em>CMM<\/em> (24-03-2023)<\/p>\n\n\n\n<hr class=\"wp-block-separator has-text-color has-css-opacity has-background is-style-wide\" style=\"background-color:#000000;color:#000000\" \/>\n\n\n\n<figure class=\"wp-block-image size-large\"><img loading=\"lazy\" decoding=\"async\" width=\"1024\" height=\"571\" src=\"https:\/\/blog.uclm.es\/proyectofyp\/wp-content\/uploads\/sites\/255\/2023\/05\/Captura-de-pantalla-2023-05-24-a-las-12.50.33-1024x571.png\" alt=\"\" class=\"wp-image-877\" srcset=\"https:\/\/blog.uclm.es\/proyectofyp\/wp-content\/uploads\/sites\/255\/2023\/05\/Captura-de-pantalla-2023-05-24-a-las-12.50.33-1024x571.png 1024w, https:\/\/blog.uclm.es\/proyectofyp\/wp-content\/uploads\/sites\/255\/2023\/05\/Captura-de-pantalla-2023-05-24-a-las-12.50.33-300x167.png 300w, https:\/\/blog.uclm.es\/proyectofyp\/wp-content\/uploads\/sites\/255\/2023\/05\/Captura-de-pantalla-2023-05-24-a-las-12.50.33-768x428.png 768w, https:\/\/blog.uclm.es\/proyectofyp\/wp-content\/uploads\/sites\/255\/2023\/05\/Captura-de-pantalla-2023-05-24-a-las-12.50.33-1536x857.png 1536w, https:\/\/blog.uclm.es\/proyectofyp\/wp-content\/uploads\/sites\/255\/2023\/05\/Captura-de-pantalla-2023-05-24-a-las-12.50.33-2048x1142.png 2048w\" sizes=\"auto, (max-width: 1024px) 100vw, 1024px\" \/><\/figure>\n\n\n\n<div class=\"wp-block-buttons is-layout-flex wp-block-buttons-is-layout-flex\">\n<div class=\"wp-block-button\"><a class=\"wp-block-button__link has-background-color has-foreground-background-color has-text-color has-background wp-element-button\" href=\"https:\/\/www.cmmedia.es\/play\/tv\/castilla-la-mancha-despierta\/entrevista-ana-valero-24-3-2023.html\" target=\"_blank\" rel=\"noreferrer noopener\">Mira la entrevista<\/a><\/div>\n<\/div>\n\n\n\n<p class=\"has-small-font-size\">Entrevista a Ana Valero en Castilla-La Mancha Media sobre este proyecto de investigaci\u00f3n cient\u00edfica y transferencia tecnol\u00f3gica, <strong><em>La pornograf\u00eda como asunto constitucional<\/em><\/strong>, de la Universidad de Castilla-La Mancha.<\/p>\n<\/div>\n\n\n\n<div class=\"wp-block-column has-text-color has-background has-link-color wp-elements-9048da1f4f5e0b9ac9bd12fa0e658aa3 is-layout-flow wp-block-column-is-layout-flow\" style=\"color:#000000;background-color:#d1d1e1;padding-top:2em;padding-right:2em;padding-bottom:2em;padding-left:2em\">\n<h3 class=\"wp-block-heading has-text-align-left has-large-font-size\" id=\"single\">\u00ab<strong>Concentraci\u00f3n por la violaci\u00f3n a dos menores de edad<\/strong>\u00ab<\/h3>\n\n\n\n<p class=\"has-normal-font-size\" style=\"line-height:1.5\">Canal 24 h RTVE (18-04-2023)<\/p>\n\n\n\n<hr class=\"wp-block-separator has-text-color has-css-opacity has-background is-style-wide\" style=\"background-color:#000000;color:#000000\" \/>\n\n\n\n<figure class=\"wp-block-image size-large\"><a href=\"https:\/\/www.youtube.com\/watch?v=_oVReusqg6E\"><img loading=\"lazy\" decoding=\"async\" width=\"1024\" height=\"545\" src=\"https:\/\/blog.uclm.es\/proyectofyp\/wp-content\/uploads\/sites\/255\/2023\/04\/RTVE-Ana-Valero-1024x545.png\" alt=\"\" class=\"wp-image-800\" srcset=\"https:\/\/blog.uclm.es\/proyectofyp\/wp-content\/uploads\/sites\/255\/2023\/04\/RTVE-Ana-Valero-1024x545.png 1024w, https:\/\/blog.uclm.es\/proyectofyp\/wp-content\/uploads\/sites\/255\/2023\/04\/RTVE-Ana-Valero-300x160.png 300w, https:\/\/blog.uclm.es\/proyectofyp\/wp-content\/uploads\/sites\/255\/2023\/04\/RTVE-Ana-Valero-768x409.png 768w, https:\/\/blog.uclm.es\/proyectofyp\/wp-content\/uploads\/sites\/255\/2023\/04\/RTVE-Ana-Valero-1536x817.png 1536w, https:\/\/blog.uclm.es\/proyectofyp\/wp-content\/uploads\/sites\/255\/2023\/04\/RTVE-Ana-Valero-2048x1089.png 2048w\" sizes=\"auto, (max-width: 1024px) 100vw, 1024px\" \/><\/a><\/figure>\n\n\n\n<div class=\"wp-block-buttons is-layout-flex wp-block-buttons-is-layout-flex\">\n<div class=\"wp-block-button\"><a class=\"wp-block-button__link has-background-color has-foreground-background-color has-text-color has-background wp-element-button\" href=\"https:\/\/www.youtube.com\/watch?v=_oVReusqg6E\" target=\"_blank\" rel=\"noreferrer noopener\">Mira la entrevista<\/a><\/div>\n<\/div>\n\n\n\n<p class=\"has-small-font-size\">Ana Valero habla para el Canal 24 h de RTVE sobre los riesgos del acceso temprano al porno y c\u00f3mo controlarlo.<\/p>\n<\/div>\n\n\n\n<div class=\"wp-block-column has-tertiary-background-color has-text-color has-background has-link-color wp-elements-7d0593f31093c37dc6e2b7ab5874f470 is-layout-flow wp-block-column-is-layout-flow\" style=\"color:#000000;padding-top:2em;padding-right:2em;padding-bottom:2em;padding-left:2em\">\n<h3 class=\"wp-block-heading has-text-align-left has-large-font-size\" id=\"single\"><strong><strong>\u00abHay que controlar el acceso de menores al porno en internet\u00bb<\/strong><\/strong><\/h3>\n\n\n\n<p class=\"has-normal-font-size\" style=\"line-height:1.5\">La Tribuna de Cuenca (15-05-2023)<\/p>\n\n\n\n<hr class=\"wp-block-separator has-text-color has-css-opacity has-background is-style-wide\" style=\"background-color:#000000;color:#000000\" \/>\n\n\n\n<figure class=\"wp-block-image size-large\"><img loading=\"lazy\" decoding=\"async\" width=\"1024\" height=\"815\" src=\"https:\/\/blog.uclm.es\/proyectofyp\/wp-content\/uploads\/sites\/255\/2023\/05\/Captura-de-pantalla-2023-05-15-a-las-11.19.46-1024x815.png\" alt=\"\" class=\"wp-image-856\" srcset=\"https:\/\/blog.uclm.es\/proyectofyp\/wp-content\/uploads\/sites\/255\/2023\/05\/Captura-de-pantalla-2023-05-15-a-las-11.19.46-1024x815.png 1024w, https:\/\/blog.uclm.es\/proyectofyp\/wp-content\/uploads\/sites\/255\/2023\/05\/Captura-de-pantalla-2023-05-15-a-las-11.19.46-300x239.png 300w, https:\/\/blog.uclm.es\/proyectofyp\/wp-content\/uploads\/sites\/255\/2023\/05\/Captura-de-pantalla-2023-05-15-a-las-11.19.46-768x611.png 768w, https:\/\/blog.uclm.es\/proyectofyp\/wp-content\/uploads\/sites\/255\/2023\/05\/Captura-de-pantalla-2023-05-15-a-las-11.19.46-1536x1222.png 1536w, https:\/\/blog.uclm.es\/proyectofyp\/wp-content\/uploads\/sites\/255\/2023\/05\/Captura-de-pantalla-2023-05-15-a-las-11.19.46.png 2023w\" sizes=\"auto, (max-width: 1024px) 100vw, 1024px\" \/><\/figure>\n\n\n\n<div class=\"wp-block-buttons is-layout-flex wp-block-buttons-is-layout-flex\">\n<div class=\"wp-block-button\"><a class=\"wp-block-button__link has-background-color has-foreground-background-color has-text-color has-background wp-element-button\" href=\"https:\/\/www.latribunadecuenca.es\/Noticia\/ZA4F03A1E-0E6A-A1CB-9536B0750DFC4940\/202305\/Hay-que-controlar-el-acceso-de-menores-al-porno-en-internet\" target=\"_blank\" rel=\"noreferrer noopener\">Lee la entrevista<\/a><\/div>\n<\/div>\n\n\n\n<p class=\"has-small-font-size\">La profesora de Derecho Constitucional y autora del ensayo &#8216;La Libertad de la pornograf\u00eda&#8217; dirige el Curso de Verano de la UCLM que se celebrar\u00e1 en Cuenca sobre un asunto que est\u00e1 de actualidad.<\/p>\n<\/div>\n<\/div>\n\n\n\n<div class=\"wp-block-columns alignwide is-layout-flex wp-container-core-columns-is-layout-28f84493 wp-block-columns-is-layout-flex\">\n<div class=\"wp-block-column has-tertiary-background-color has-text-color has-background has-link-color wp-elements-11d8be8ef09d4d262c22859651eba7bf is-layout-flow wp-block-column-is-layout-flow\" style=\"color:#000000;padding-top:2em;padding-right:2em;padding-bottom:2em;padding-left:2em\">\n<h3 class=\"wp-block-heading has-text-align-left has-large-font-size\" id=\"single\">\u00ab<strong>Pornograf\u00eda y Constituci\u00f3n<\/strong>\u00ab<\/h3>\n\n\n\n<p class=\"has-normal-font-size\" style=\"line-height:1.5\">La Tribuna de Toledo (5-05-2023)<\/p>\n\n\n\n<hr class=\"wp-block-separator has-text-color has-css-opacity has-background is-style-wide\" style=\"background-color:#000000;color:#000000\" \/>\n\n\n\n<figure class=\"wp-block-image size-large\"><img loading=\"lazy\" decoding=\"async\" width=\"1024\" height=\"601\" src=\"https:\/\/blog.uclm.es\/proyectofyp\/wp-content\/uploads\/sites\/255\/2023\/05\/Captura-de-pantalla-2023-05-05-a-las-12.24.22-1024x601.png\" alt=\"\" class=\"wp-image-839\" srcset=\"https:\/\/blog.uclm.es\/proyectofyp\/wp-content\/uploads\/sites\/255\/2023\/05\/Captura-de-pantalla-2023-05-05-a-las-12.24.22-1024x601.png 1024w, https:\/\/blog.uclm.es\/proyectofyp\/wp-content\/uploads\/sites\/255\/2023\/05\/Captura-de-pantalla-2023-05-05-a-las-12.24.22-300x176.png 300w, https:\/\/blog.uclm.es\/proyectofyp\/wp-content\/uploads\/sites\/255\/2023\/05\/Captura-de-pantalla-2023-05-05-a-las-12.24.22-768x451.png 768w, https:\/\/blog.uclm.es\/proyectofyp\/wp-content\/uploads\/sites\/255\/2023\/05\/Captura-de-pantalla-2023-05-05-a-las-12.24.22-1536x901.png 1536w, https:\/\/blog.uclm.es\/proyectofyp\/wp-content\/uploads\/sites\/255\/2023\/05\/Captura-de-pantalla-2023-05-05-a-las-12.24.22-2048x1202.png 2048w\" sizes=\"auto, (max-width: 1024px) 100vw, 1024px\" \/><\/figure>\n\n\n\n<p class=\"has-small-font-size\">Javier D\u00edaz Revorio reflexiona sobre el arte er\u00f3tico y la libertad de expresi\u00f3n con motivo de la celebraci\u00f3n del curso \u00abPornograf\u00eda y Derechos\u00bb.<\/p>\n\n\n\n<div class=\"wp-block-buttons alignfull is-horizontal is-content-justification-center is-layout-flex wp-container-core-buttons-is-layout-03627597 wp-block-buttons-is-layout-flex\">\n<div class=\"wp-block-button has-custom-width wp-block-button__width-100\"><a class=\"wp-block-button__link has-white-color has-text-color has-background no-border-radius wp-element-button\" href=\"https:\/\/www.latribunadetoledo.es\/Noticia\/Z1368CA85-916A-58D2-CD4A6948FB470D4F\/202305\/Pornografia-y-Constitucion\" style=\"background-color:#000000\" target=\"_blank\" rel=\"noreferrer noopener\">Lee el art\u00edculo<\/a><\/div>\n<\/div>\n<\/div>\n\n\n\n<div class=\"wp-block-column has-text-color has-background has-link-color wp-elements-039a2c50c0b1e1277cf75240e866db3f is-layout-flow wp-block-column-is-layout-flow\" style=\"color:#000000;background-color:#d1d1e1;padding-top:2em;padding-right:2em;padding-bottom:2em;padding-left:2em\">\n<h3 class=\"wp-block-heading has-text-align-left has-large-font-size\" id=\"single\">\u00ab<strong>El acceso de los menores a la pornograf\u00eda, con Daniel Gasc\u00f3n, y Ana Valero; Tertulia: con Pablo Iglesias<\/strong>\u00ab<\/h3>\n\n\n\n<p class=\"has-normal-font-size\" style=\"line-height:1.5\">La Tarde &#8211; Cope (24-04-2023)<\/p>\n\n\n\n<hr class=\"wp-block-separator has-text-color has-css-opacity has-background is-style-wide\" style=\"background-color:#000000;color:#000000\" \/>\n\n\n\n<figure class=\"wp-block-image size-large\"><img loading=\"lazy\" decoding=\"async\" width=\"1024\" height=\"724\" src=\"https:\/\/blog.uclm.es\/proyectofyp\/wp-content\/uploads\/sites\/255\/2023\/04\/Captura-de-pantalla-2023-04-26-a-las-12.49.36-1024x724.png\" alt=\"\" class=\"wp-image-832\" srcset=\"https:\/\/blog.uclm.es\/proyectofyp\/wp-content\/uploads\/sites\/255\/2023\/04\/Captura-de-pantalla-2023-04-26-a-las-12.49.36-1024x724.png 1024w, https:\/\/blog.uclm.es\/proyectofyp\/wp-content\/uploads\/sites\/255\/2023\/04\/Captura-de-pantalla-2023-04-26-a-las-12.49.36-300x212.png 300w, https:\/\/blog.uclm.es\/proyectofyp\/wp-content\/uploads\/sites\/255\/2023\/04\/Captura-de-pantalla-2023-04-26-a-las-12.49.36-768x543.png 768w, https:\/\/blog.uclm.es\/proyectofyp\/wp-content\/uploads\/sites\/255\/2023\/04\/Captura-de-pantalla-2023-04-26-a-las-12.49.36-1536x1086.png 1536w, https:\/\/blog.uclm.es\/proyectofyp\/wp-content\/uploads\/sites\/255\/2023\/04\/Captura-de-pantalla-2023-04-26-a-las-12.49.36.png 2014w\" sizes=\"auto, (max-width: 1024px) 100vw, 1024px\" \/><\/figure>\n\n\n\n<p class=\"has-small-font-size\">Ana Valero, IP de este proyecto, habla en el programa La tarde, con Daniel Gasc\u00f3n, sobre el acceso de los menores a la pornograf\u00eda y sus consecuencias.<\/p>\n\n\n\n<div class=\"wp-block-buttons alignfull is-horizontal is-content-justification-center is-layout-flex wp-container-core-buttons-is-layout-03627597 wp-block-buttons-is-layout-flex\">\n<div class=\"wp-block-button has-custom-width wp-block-button__width-100\"><a class=\"wp-block-button__link has-white-color has-text-color has-background no-border-radius wp-element-button\" href=\"https:\/\/www.cope.es\/programas\/la-tarde\/audios\/escucha-tarde-24-04-2023-16h-17h-20230424_2240490\" style=\"background-color:#000000\" target=\"_blank\" rel=\"noreferrer noopener\">Escucha el programa<\/a><\/div>\n<\/div>\n<\/div>\n\n\n\n<div class=\"wp-block-column has-tertiary-background-color has-text-color has-background has-link-color wp-elements-407da18a7acb170c20b55197c77e93c1 is-layout-flow wp-block-column-is-layout-flow\" style=\"color:#000000;padding-top:2em;padding-right:2em;padding-bottom:2em;padding-left:2em\">\n<h3 class=\"wp-block-heading has-text-align-left has-large-font-size\" id=\"single\">\u00ab<strong>Pornograf\u00eda y violencia, de hoy para ma\u00f1ana<\/strong>\u00ab<\/h3>\n\n\n\n<p class=\"has-normal-font-size\" style=\"line-height:1.5\">El Pa\u00eds (25-04-2023)<\/p>\n\n\n\n<hr class=\"wp-block-separator has-text-color has-css-opacity has-background is-style-wide\" style=\"background-color:#000000;color:#000000\" \/>\n\n\n\n<figure class=\"wp-block-image size-large\"><img loading=\"lazy\" decoding=\"async\" width=\"1024\" height=\"584\" src=\"https:\/\/blog.uclm.es\/proyectofyp\/wp-content\/uploads\/sites\/255\/2023\/04\/Captura-de-pantalla-2023-04-25-a-las-9.53.48-1024x584.png\" alt=\"\" class=\"wp-image-806\" srcset=\"https:\/\/blog.uclm.es\/proyectofyp\/wp-content\/uploads\/sites\/255\/2023\/04\/Captura-de-pantalla-2023-04-25-a-las-9.53.48-1024x584.png 1024w, https:\/\/blog.uclm.es\/proyectofyp\/wp-content\/uploads\/sites\/255\/2023\/04\/Captura-de-pantalla-2023-04-25-a-las-9.53.48-300x171.png 300w, https:\/\/blog.uclm.es\/proyectofyp\/wp-content\/uploads\/sites\/255\/2023\/04\/Captura-de-pantalla-2023-04-25-a-las-9.53.48-768x438.png 768w, https:\/\/blog.uclm.es\/proyectofyp\/wp-content\/uploads\/sites\/255\/2023\/04\/Captura-de-pantalla-2023-04-25-a-las-9.53.48-1536x876.png 1536w, https:\/\/blog.uclm.es\/proyectofyp\/wp-content\/uploads\/sites\/255\/2023\/04\/Captura-de-pantalla-2023-04-25-a-las-9.53.48-2048x1168.png 2048w\" sizes=\"auto, (max-width: 1024px) 100vw, 1024px\" \/><\/figure>\n\n\n\n<p class=\"has-small-font-size\">Tribuna de Ana Valero para El Pa\u00eds sobre la atribuci\u00f3n de causalidad del incremento de la violencia contra las mujeres a la pornograf\u00eda.<\/p>\n\n\n\n<div class=\"wp-block-buttons alignfull is-horizontal is-content-justification-center is-layout-flex wp-container-core-buttons-is-layout-03627597 wp-block-buttons-is-layout-flex\">\n<div class=\"wp-block-button has-custom-width wp-block-button__width-100\"><a class=\"wp-block-button__link has-white-color has-text-color has-background no-border-radius wp-element-button\" href=\"https:\/\/elpais.com\/opinion\/2023-04-25\/pornografia-y-violencia-de-hoy-para-manana.html\" style=\"background-color:#000000\" target=\"_blank\" rel=\"noreferrer noopener\">Lee el art\u00edculo<\/a><\/div>\n<\/div>\n<\/div>\n<\/div>\n\n\n\n<div class=\"wp-block-columns alignwide is-layout-flex wp-container-core-columns-is-layout-28f84493 wp-block-columns-is-layout-flex\">\n<div class=\"wp-block-column has-tertiary-background-color has-text-color has-background has-link-color wp-elements-ef0682a2503541c54c1d64bf16ed1520 is-layout-flow wp-block-column-is-layout-flow\" style=\"color:#000000;padding-top:2em;padding-right:2em;padding-bottom:2em;padding-left:2em\">\n<h3 class=\"wp-block-heading has-text-align-left has-large-font-size\" id=\"single\">\u00ab<strong>\u00bfEs posible regular el porno? La batalla por cerrar a los menores una puerta peligrosa al sexo<\/strong>\u00ab<\/h3>\n\n\n\n<p class=\"has-normal-font-size\" style=\"line-height:1.5\">El Pa\u00eds (12-04-2023)<\/p>\n\n\n\n<hr class=\"wp-block-separator has-text-color has-css-opacity has-background is-style-wide\" style=\"background-color:#000000;color:#000000\" \/>\n\n\n\n<figure class=\"wp-block-image size-large\"><img loading=\"lazy\" decoding=\"async\" width=\"1024\" height=\"627\" src=\"https:\/\/blog.uclm.es\/proyectofyp\/wp-content\/uploads\/sites\/255\/2023\/04\/Captura-de-pantalla-2023-04-14-a-las-10.22.20-1024x627.png\" alt=\"\" class=\"wp-image-608\" srcset=\"https:\/\/blog.uclm.es\/proyectofyp\/wp-content\/uploads\/sites\/255\/2023\/04\/Captura-de-pantalla-2023-04-14-a-las-10.22.20-1024x627.png 1024w, https:\/\/blog.uclm.es\/proyectofyp\/wp-content\/uploads\/sites\/255\/2023\/04\/Captura-de-pantalla-2023-04-14-a-las-10.22.20-300x184.png 300w, https:\/\/blog.uclm.es\/proyectofyp\/wp-content\/uploads\/sites\/255\/2023\/04\/Captura-de-pantalla-2023-04-14-a-las-10.22.20-768x470.png 768w, https:\/\/blog.uclm.es\/proyectofyp\/wp-content\/uploads\/sites\/255\/2023\/04\/Captura-de-pantalla-2023-04-14-a-las-10.22.20-1536x941.png 1536w, https:\/\/blog.uclm.es\/proyectofyp\/wp-content\/uploads\/sites\/255\/2023\/04\/Captura-de-pantalla-2023-04-14-a-las-10.22.20-2048x1255.png 2048w\" sizes=\"auto, (max-width: 1024px) 100vw, 1024px\" \/><\/figure>\n\n\n\n<p class=\"has-small-font-size\">Ana Valero, IP de este proyecto, participa en esta informaci\u00f3n que reflexiona sobre la regulaci\u00f3n de la pornograf\u00eda y lo efectos que esta tiene en la sociedad.<\/p>\n\n\n\n<div class=\"wp-block-buttons alignfull is-horizontal is-content-justification-center is-layout-flex wp-container-core-buttons-is-layout-03627597 wp-block-buttons-is-layout-flex\">\n<div class=\"wp-block-button has-custom-width wp-block-button__width-100\"><a class=\"wp-block-button__link has-white-color has-text-color has-background no-border-radius wp-element-button\" href=\"https:\/\/elpais.com\/sociedad\/2023-04-12\/es-posible-regular-el-porno-la-batalla-por-cerrar-a-los-menores-una-puerta-peligrosa-al-sexo.html\" style=\"background-color:#000000\" target=\"_blank\" rel=\"noreferrer noopener\">Lee el art\u00edculo<\/a><\/div>\n<\/div>\n<\/div>\n\n\n\n<div class=\"wp-block-column has-text-color has-background has-link-color wp-elements-f29d831b64a2353dfa312dc30209edad is-layout-flow wp-block-column-is-layout-flow\" style=\"color:#000000;background-color:#d1d1e1;padding-top:2em;padding-right:2em;padding-bottom:2em;padding-left:2em\">\n<h3 class=\"wp-block-heading has-text-align-left has-large-font-size\" id=\"single\">\u00ab<strong>A\u00efllament, depressi\u00f3, addicci\u00f3 o distorsi\u00f3 de la realitat: els danys del consum de pornografia en joves<\/strong>\u00ab<\/h3>\n\n\n\n<p class=\"has-normal-font-size\" style=\"line-height:1.5\">Cadena Ser (27-03-2023)<\/p>\n\n\n\n<hr class=\"wp-block-separator has-text-color has-css-opacity has-background is-style-wide\" style=\"background-color:#000000;color:#000000\" \/>\n\n\n\n<figure class=\"wp-block-image size-large\"><img loading=\"lazy\" decoding=\"async\" width=\"1024\" height=\"738\" src=\"https:\/\/blog.uclm.es\/proyectofyp\/wp-content\/uploads\/sites\/255\/2023\/03\/Captura-de-pantalla-2023-03-29-a-las-10.16.31-1024x738.png\" alt=\"\" class=\"wp-image-283\" srcset=\"https:\/\/blog.uclm.es\/proyectofyp\/wp-content\/uploads\/sites\/255\/2023\/03\/Captura-de-pantalla-2023-03-29-a-las-10.16.31-1024x738.png 1024w, https:\/\/blog.uclm.es\/proyectofyp\/wp-content\/uploads\/sites\/255\/2023\/03\/Captura-de-pantalla-2023-03-29-a-las-10.16.31-300x216.png 300w, https:\/\/blog.uclm.es\/proyectofyp\/wp-content\/uploads\/sites\/255\/2023\/03\/Captura-de-pantalla-2023-03-29-a-las-10.16.31-768x553.png 768w, https:\/\/blog.uclm.es\/proyectofyp\/wp-content\/uploads\/sites\/255\/2023\/03\/Captura-de-pantalla-2023-03-29-a-las-10.16.31-1536x1106.png 1536w, https:\/\/blog.uclm.es\/proyectofyp\/wp-content\/uploads\/sites\/255\/2023\/03\/Captura-de-pantalla-2023-03-29-a-las-10.16.31-2048x1475.png 2048w\" sizes=\"auto, (max-width: 1024px) 100vw, 1024px\" \/><\/figure>\n\n\n\n<p class=\"has-small-font-size\">Ana Valero, IP de este proyecto, habla de las consecuencias del consumo de pornograf\u00eda en la juventud.<\/p>\n\n\n\n<div class=\"wp-block-buttons alignfull is-horizontal is-content-justification-center is-layout-flex wp-container-core-buttons-is-layout-03627597 wp-block-buttons-is-layout-flex\">\n<div class=\"wp-block-button has-custom-width wp-block-button__width-100\"><a class=\"wp-block-button__link has-white-color has-text-color has-background no-border-radius wp-element-button\" href=\"https:\/\/cadenaser.com\/cataluna\/2023\/03\/27\/aillament-depressio-addiccio-o-distorsio-de-la-realitat-els-danys-del-consum-de-pornografia-en-joves-sercat\/\" style=\"background-color:#000000\" target=\"_blank\" rel=\"noreferrer noopener\">Escucha el programa<\/a><\/div>\n<\/div>\n<\/div>\n\n\n\n<div class=\"wp-block-column has-tertiary-background-color has-text-color has-background has-link-color wp-elements-21b578d09e3cff106d8c1b5b2eb00771 is-layout-flow wp-block-column-is-layout-flow\" style=\"color:#000000;padding-top:2em;padding-right:2em;padding-bottom:2em;padding-left:2em\">\n<h3 class=\"wp-block-heading has-text-align-left has-large-font-size\" id=\"single\">\u00ab<strong>El \u00c1gora. <em>Pornograf\u00eda, Adolescencia y Relaciones Sexo-afectivas\u00bb <\/em><\/strong><\/h3>\n\n\n\n<p class=\"has-small-font-size\" style=\"line-height:1.5\">Universidad de Castilla- La Mancha (20-03-2023)<\/p>\n\n\n\n<hr class=\"wp-block-separator has-text-color has-css-opacity has-background is-style-wide\" style=\"background-color:#000000;color:#000000\" \/>\n\n\n\n<figure class=\"wp-block-image size-full\"><img loading=\"lazy\" decoding=\"async\" width=\"936\" height=\"527\" src=\"https:\/\/blog.uclm.es\/proyectofyp\/wp-content\/uploads\/sites\/255\/2023\/03\/636118aaa9b11.jpg\" alt=\"\" class=\"wp-image-148\" srcset=\"https:\/\/blog.uclm.es\/proyectofyp\/wp-content\/uploads\/sites\/255\/2023\/03\/636118aaa9b11.jpg 936w, https:\/\/blog.uclm.es\/proyectofyp\/wp-content\/uploads\/sites\/255\/2023\/03\/636118aaa9b11-300x169.jpg 300w, https:\/\/blog.uclm.es\/proyectofyp\/wp-content\/uploads\/sites\/255\/2023\/03\/636118aaa9b11-768x432.jpg 768w\" sizes=\"auto, (max-width: 936px) 100vw, 936px\" \/><\/figure>\n\n\n\n<p class=\"has-small-font-size\">Participa Ana Valero, profesora de Derecho Constitucional en la UCLM y autora del ensayo <em><strong>La libertad de la pornograf\u00eda.<\/strong><\/em><\/p>\n\n\n\n<div class=\"wp-block-buttons alignfull is-horizontal is-content-justification-center is-layout-flex wp-container-core-buttons-is-layout-03627597 wp-block-buttons-is-layout-flex\">\n<div class=\"wp-block-button has-custom-width wp-block-button__width-100\"><a class=\"wp-block-button__link has-white-color has-text-color has-background no-border-radius wp-element-button\" href=\"https:\/\/www.ivoox.com\/agora-pornografia-adolescencia-relaciones-sexo-afectivas-20-03-2023-audios-mp3_rf_104898918_1.html\" style=\"background-color:#000000\" target=\"_blank\" rel=\"noreferrer noopener\">Escucha el programa<\/a><\/div>\n<\/div>\n<\/div>\n<\/div>\n\n\n\n<div class=\"wp-block-group alignfull has-tertiary-background-color has-background is-layout-flow wp-block-group-is-layout-flow\" style=\"padding-top:1rem;padding-right:0px;padding-bottom:1rem;padding-left:0px\"><\/div>\n\n\n\n<h5 class=\"wp-block-heading alignwide\" style=\"font-size:25px\"><strong>NOTICIAS SOBRE EL<\/strong> <strong>ENSAYO <em>LA LIBERTAD DE LA PORNOGRAF\u00cdA<\/em><\/strong> DE <strong>Ana Valero<\/strong> (IP)<\/h5>\n\n\n\n<div class=\"wp-block-columns alignwide is-layout-flex wp-container-core-columns-is-layout-28f84493 wp-block-columns-is-layout-flex\">\n<div class=\"wp-block-column is-layout-flow wp-block-column-is-layout-flow\" style=\"flex-basis:33.33%\">\n<figure class=\"wp-block-image size-large is-resized\"><a href=\"https:\/\/www.athenaica.com\/libro\/la-libertad-de-la-pornografia_139757\/\"><img loading=\"lazy\" decoding=\"async\" width=\"683\" height=\"1024\" src=\"https:\/\/blog.uclm.es\/proyectofyp\/wp-content\/uploads\/sites\/255\/2023\/04\/Portada-libro-Ana-683x1024.jpg\" alt=\"\" class=\"wp-image-723\" style=\"width:255px;height:381px\" srcset=\"https:\/\/blog.uclm.es\/proyectofyp\/wp-content\/uploads\/sites\/255\/2023\/04\/Portada-libro-Ana-683x1024.jpg 683w, https:\/\/blog.uclm.es\/proyectofyp\/wp-content\/uploads\/sites\/255\/2023\/04\/Portada-libro-Ana-200x300.jpg 200w, https:\/\/blog.uclm.es\/proyectofyp\/wp-content\/uploads\/sites\/255\/2023\/04\/Portada-libro-Ana-768x1152.jpg 768w, https:\/\/blog.uclm.es\/proyectofyp\/wp-content\/uploads\/sites\/255\/2023\/04\/Portada-libro-Ana-1024x1536.jpg 1024w, https:\/\/blog.uclm.es\/proyectofyp\/wp-content\/uploads\/sites\/255\/2023\/04\/Portada-libro-Ana-1366x2048.jpg 1366w, https:\/\/blog.uclm.es\/proyectofyp\/wp-content\/uploads\/sites\/255\/2023\/04\/Portada-libro-Ana.jpg 1654w\" sizes=\"auto, (max-width: 683px) 100vw, 683px\" \/><\/a><\/figure>\n<\/div>\n\n\n\n<div class=\"wp-block-column is-layout-flow wp-block-column-is-layout-flow\" style=\"flex-basis:66.66%\">\n<p style=\"font-size:12px\">\u00bfQu\u00e9 es la pornograf\u00eda?, \u00bfdebe ser prohibida?, \u00bfes moralmente objetable?, \u00bfdebe ser sometida a restricciones legales que no son aplicadas a otro tipo de materiales?, \u00bfsu producci\u00f3n y consumo causa da\u00f1o real a las mujeres?, \u00bfdebe ser censurada, regulada o protegida como una forma de libertad de expresi\u00f3n? Al inteligente y s\u00f3lido escrutinio de estas preguntas se dedica Ana Valero Heredia en este pionero ensayo sobre un debate fundamental que hasta ahora no contaba con literatura experta en espa\u00f1ol. La palabra pornograf\u00eda nace en la Antig\u00fcedad y es tanto una forma cultural cuyo significado ha ido variando en cada \u00e9poca en funci\u00f3n de las convenciones sociales, pol\u00edticas o de g\u00e9nero, como una categor\u00eda legal con la que los tribunales se han enfrentado una y otra vez sin llegar a conclusiones definitivas. En la actualidad la pornograf\u00eda digital mayoritaria, el llamado porno&nbsp;<em>mainstream<\/em>, carece de cualquier ambici\u00f3n art\u00edstica y no ejerce la funci\u00f3n desafiante que ha caracterizado tradicionalmente a la representaci\u00f3n de la sexualidad humana. Esta clase de porno, convertido por internet en la v\u00eda de iniciaci\u00f3n a la sexualidad para los m\u00e1s j\u00f3venes, no sale gratis en t\u00e9rminos de igualdad entre hombres y mujeres. Pero \u00bfse podr\u00eda cambiar de signo una producci\u00f3n tan marcadamente patriarcal para que juegue a favor de los derechos sexuales de las personas? \u00bfEs posible una pornograf\u00eda que en vez de propaganda sea b\u00fasqueda?<\/p>\n\n\n\n<p style=\"font-size:12px\">\u00abLa estupenda investigaci\u00f3n que Ana Valero ha llevado a cabo desde su condici\u00f3n de acad\u00e9mica y jurista, ayuda enormemente en nuestra misi\u00f3n de recolocar y cambiar positivamente la manera en que miramos el placer, a partir de una mayor consciencia de sus representaciones medi\u00e1ticas\u00bb.<\/p>\n\n\n\n<p style=\"font-size:11px\">Valero Heredia, Ana,<em> La libertad de la pornograf\u00eda<\/em>, Sevilla, Athenaica Ediciones, 2022.<\/p>\n<\/div>\n<\/div>\n\n\n\n<div class=\"wp-block-columns alignwide is-layout-flex wp-container-core-columns-is-layout-28f84493 wp-block-columns-is-layout-flex\">\n<div class=\"wp-block-column has-tertiary-background-color has-text-color has-background has-link-color wp-elements-1d6fbec074441193bab4a3160e03ce0d is-layout-flow wp-block-column-is-layout-flow\" style=\"color:#000000;padding-top:2em;padding-right:2em;padding-bottom:2em;padding-left:2em\">\n<h3 class=\"wp-block-heading has-text-align-left has-large-font-size\" id=\"single\"><strong>Ana Valero:<em>&nbsp;\u00abLa pornografia sol prioritzar el desig mascul\u00ed estereotipat i violent\u00bb<\/em><\/strong><\/h3>\n\n\n\n<p class=\"has-normal-font-size\" style=\"line-height:1.5\"><em>ARA <\/em>(13-01-2023)<\/p>\n\n\n\n<hr class=\"wp-block-separator has-text-color has-css-opacity has-background is-style-wide\" style=\"background-color:#000000;color:#000000\" \/>\n\n\n\n<figure class=\"wp-block-image size-large\"><img loading=\"lazy\" decoding=\"async\" width=\"1024\" height=\"871\" src=\"https:\/\/blog.uclm.es\/proyectofyp\/wp-content\/uploads\/sites\/255\/2023\/03\/Diseno-sin-titulo-copia-1024x871.png\" alt=\"\" class=\"wp-image-155\" srcset=\"https:\/\/blog.uclm.es\/proyectofyp\/wp-content\/uploads\/sites\/255\/2023\/03\/Diseno-sin-titulo-copia-1024x871.png 1024w, https:\/\/blog.uclm.es\/proyectofyp\/wp-content\/uploads\/sites\/255\/2023\/03\/Diseno-sin-titulo-copia-300x255.png 300w, https:\/\/blog.uclm.es\/proyectofyp\/wp-content\/uploads\/sites\/255\/2023\/03\/Diseno-sin-titulo-copia-768x653.png 768w, https:\/\/blog.uclm.es\/proyectofyp\/wp-content\/uploads\/sites\/255\/2023\/03\/Diseno-sin-titulo-copia.png 1395w\" sizes=\"auto, (max-width: 1024px) 100vw, 1024px\" \/><\/figure>\n\n\n\n<p class=\"has-small-font-size\">Participa Ana Valero, profesora de Derecho Constitucional en la UCLM y autora del ensayo \u201cLa libertad de la pornograf\u00eda\u201d.<\/p>\n\n\n\n<div class=\"wp-block-buttons alignfull is-horizontal is-content-justification-center is-layout-flex wp-container-core-buttons-is-layout-03627597 wp-block-buttons-is-layout-flex\">\n<div class=\"wp-block-button has-custom-width wp-block-button__width-100\"><a class=\"wp-block-button__link has-white-color has-text-color has-background no-border-radius wp-element-button\" href=\"https:\/\/diumenge.ara.cat\/diumenge\/pornografia-prioritza-desig-masculi-estereotipat-violent-subordinacio-dona_128_4594531.html\" style=\"background-color:#000000\" target=\"_blank\" rel=\"noreferrer noopener\">Lee el art\u00edculo<\/a><\/div>\n<\/div>\n<\/div>\n\n\n\n<div class=\"wp-block-column has-text-color has-background has-link-color wp-elements-eacd4cc649dd3095717134d1a0d8e428 is-layout-flow wp-block-column-is-layout-flow\" style=\"color:#000000;background-color:#d1d1e1;padding-top:2em;padding-right:2em;padding-bottom:2em;padding-left:2em\">\n<h3 class=\"wp-block-heading has-large-font-size\" id=\"family\">\u00ab<strong>La libertad de la pornograf\u00eda<\/strong>\u00ab<\/h3>\n\n\n\n<p class=\"has-normal-font-size\" style=\"line-height:1.5\"><em>La biblioteca de Alonso Quijano<\/em>. Rese\u00f1as (17\/12\/2022)<\/p>\n\n\n\n<hr class=\"wp-block-separator has-css-opacity is-style-wide\" \/>\n\n\n\n<figure class=\"wp-block-image size-large is-resized\"><img loading=\"lazy\" decoding=\"async\" width=\"1024\" height=\"649\" src=\"https:\/\/blog.uclm.es\/proyectofyp\/wp-content\/uploads\/sites\/255\/2023\/03\/Captura-de-pantalla-2023-03-23-a-las-11.36.59-1024x649.png\" alt=\"\" class=\"wp-image-156\" style=\"width:245px;height:155px\" srcset=\"https:\/\/blog.uclm.es\/proyectofyp\/wp-content\/uploads\/sites\/255\/2023\/03\/Captura-de-pantalla-2023-03-23-a-las-11.36.59-1024x649.png 1024w, https:\/\/blog.uclm.es\/proyectofyp\/wp-content\/uploads\/sites\/255\/2023\/03\/Captura-de-pantalla-2023-03-23-a-las-11.36.59-300x190.png 300w, https:\/\/blog.uclm.es\/proyectofyp\/wp-content\/uploads\/sites\/255\/2023\/03\/Captura-de-pantalla-2023-03-23-a-las-11.36.59-768x487.png 768w, https:\/\/blog.uclm.es\/proyectofyp\/wp-content\/uploads\/sites\/255\/2023\/03\/Captura-de-pantalla-2023-03-23-a-las-11.36.59-1536x974.png 1536w, https:\/\/blog.uclm.es\/proyectofyp\/wp-content\/uploads\/sites\/255\/2023\/03\/Captura-de-pantalla-2023-03-23-a-las-11.36.59.png 1736w\" sizes=\"auto, (max-width: 1024px) 100vw, 1024px\" \/><\/figure>\n\n\n\n<p class=\"has-small-font-size\">Carlos Gil Gand\u00eda hace una rese\u00f1a del ensayo<em> La libertad de la pornograf\u00eda<\/em> escrito por la profesora de Derecho Constitucional, Ana Valero.<\/p>\n\n\n\n<div class=\"wp-block-buttons alignfull is-horizontal is-content-justification-center is-layout-flex wp-container-core-buttons-is-layout-03627597 wp-block-buttons-is-layout-flex\">\n<div class=\"wp-block-button has-custom-width wp-block-button__width-100 is-style-fill\"><a class=\"wp-block-button__link has-white-color has-text-color has-background no-border-radius wp-element-button\" href=\"https:\/\/elcoloquiodelosperros.weebly.com\/la-biblioteca-de-alonso-quijano\/la-libertad-de-la-pornografia\" style=\"background-color:#000000\" target=\"_blank\" rel=\"noreferrer noopener\">Lee el art\u00edculo<\/a><\/div>\n<\/div>\n<\/div>\n\n\n\n<div class=\"wp-block-column has-tertiary-background-color has-text-color has-background has-link-color wp-elements-fffe4e7d57be5f47d45178022ce0f6a8 is-layout-flow wp-block-column-is-layout-flow\" style=\"color:#000000;padding-top:2em;padding-right:2em;padding-bottom:2em;padding-left:2em\">\n<h3 class=\"wp-block-heading has-large-font-size\" id=\"patron\">\u00ab<strong>Discurso, industria, sexo: sobre libertad y pornograf\u00eda<\/strong>\u00ab<\/h3>\n\n\n\n<p class=\"has-normal-font-size\"><em>Contexto y acci\u00f3n<\/em> (26\/11\/2022)<\/p>\n\n\n\n<hr class=\"wp-block-separator has-css-opacity is-style-wide\" \/>\n\n\n\n<figure class=\"wp-block-image size-large\"><img loading=\"lazy\" decoding=\"async\" width=\"1024\" height=\"697\" src=\"https:\/\/blog.uclm.es\/proyectofyp\/wp-content\/uploads\/sites\/255\/2023\/03\/Captura-de-pantalla-2023-03-23-a-las-11.44.53-1024x697.png\" alt=\"\" class=\"wp-image-157\" srcset=\"https:\/\/blog.uclm.es\/proyectofyp\/wp-content\/uploads\/sites\/255\/2023\/03\/Captura-de-pantalla-2023-03-23-a-las-11.44.53-1024x697.png 1024w, https:\/\/blog.uclm.es\/proyectofyp\/wp-content\/uploads\/sites\/255\/2023\/03\/Captura-de-pantalla-2023-03-23-a-las-11.44.53-300x204.png 300w, https:\/\/blog.uclm.es\/proyectofyp\/wp-content\/uploads\/sites\/255\/2023\/03\/Captura-de-pantalla-2023-03-23-a-las-11.44.53-768x522.png 768w, https:\/\/blog.uclm.es\/proyectofyp\/wp-content\/uploads\/sites\/255\/2023\/03\/Captura-de-pantalla-2023-03-23-a-las-11.44.53-1536x1045.png 1536w, https:\/\/blog.uclm.es\/proyectofyp\/wp-content\/uploads\/sites\/255\/2023\/03\/Captura-de-pantalla-2023-03-23-a-las-11.44.53-2048x1393.png 2048w\" sizes=\"auto, (max-width: 1024px) 100vw, 1024px\" \/><\/figure>\n\n\n\n<p>Tribuna de Julia C\u00e1mara acerca de la pornograf\u00eda y del ensayo <strong><em>La libertad de la pornograf\u00eda<\/em><\/strong> de Ana Valero, Investigadora principal del Proyecto <strong><em>La pornograf\u00eda como un asunto constitucional<\/em><\/strong>. <\/p>\n\n\n\n<div class=\"wp-block-buttons alignfull is-horizontal is-content-justification-center is-layout-flex wp-container-core-buttons-is-layout-03627597 wp-block-buttons-is-layout-flex\">\n<div class=\"wp-block-button has-custom-width wp-block-button__width-100\"><a class=\"wp-block-button__link has-white-color has-text-color has-background no-border-radius wp-element-button\" href=\"https:\/\/ctxt.es\/es\/20221101\/Firmas\/41367\/julia-camara-pornografia-trabajadoras-sexuales-derechos-abusos-moralismo-paternalismo-feminismo.htm?utm_campaign=twitter\" style=\"background-color:#000000\" target=\"_blank\" rel=\"noreferrer noopener\">Lee el art\u00edculo<\/a><\/div>\n<\/div>\n<\/div>\n<\/div>\n\n\n\n<div class=\"wp-block-columns alignwide is-layout-flex wp-container-core-columns-is-layout-28f84493 wp-block-columns-is-layout-flex\">\n<div class=\"wp-block-column has-text-color has-background has-link-color wp-elements-e6b0a693e9705416b7ac609c941848fc is-layout-flow wp-block-column-is-layout-flow\" style=\"color:#000000;background-color:#d1d1e1;padding-top:2em;padding-right:2em;padding-bottom:2em;padding-left:2em\">\n<h3 class=\"wp-block-heading has-text-align-left has-large-font-size\" id=\"single\">\u00ab<strong>La pornograf\u00eda y la libertad de expresi\u00f3n, a debate en la RACAL<\/strong>\u00ab<\/h3>\n\n\n\n<p class=\"has-normal-font-size\" style=\"line-height:1.5\"><em>Onda Cero<\/em> (15\/11\/2022)<\/p>\n\n\n\n<hr class=\"wp-block-separator has-text-color has-css-opacity has-background is-style-wide\" style=\"background-color:#000000;color:#000000\" \/>\n\n\n\n<figure class=\"wp-block-image size-large\"><img loading=\"lazy\" decoding=\"async\" width=\"1024\" height=\"715\" src=\"https:\/\/blog.uclm.es\/proyectofyp\/wp-content\/uploads\/sites\/255\/2023\/03\/Captura-de-pantalla-2023-03-23-a-las-11.52.03-1024x715.png\" alt=\"\" class=\"wp-image-159\" srcset=\"https:\/\/blog.uclm.es\/proyectofyp\/wp-content\/uploads\/sites\/255\/2023\/03\/Captura-de-pantalla-2023-03-23-a-las-11.52.03-1024x715.png 1024w, https:\/\/blog.uclm.es\/proyectofyp\/wp-content\/uploads\/sites\/255\/2023\/03\/Captura-de-pantalla-2023-03-23-a-las-11.52.03-300x209.png 300w, https:\/\/blog.uclm.es\/proyectofyp\/wp-content\/uploads\/sites\/255\/2023\/03\/Captura-de-pantalla-2023-03-23-a-las-11.52.03-768x536.png 768w, https:\/\/blog.uclm.es\/proyectofyp\/wp-content\/uploads\/sites\/255\/2023\/03\/Captura-de-pantalla-2023-03-23-a-las-11.52.03-1536x1072.png 1536w, https:\/\/blog.uclm.es\/proyectofyp\/wp-content\/uploads\/sites\/255\/2023\/03\/Captura-de-pantalla-2023-03-23-a-las-11.52.03.png 2034w\" sizes=\"auto, (max-width: 1024px) 100vw, 1024px\" \/><\/figure>\n\n\n\n<p class=\"has-small-font-size\">Entrevista a Ana Valero con motivo de la presentaci\u00f3n de su ensayo, La libertad de la Pornograf\u00eda.<\/p>\n\n\n\n<div class=\"wp-block-buttons alignfull is-horizontal is-content-justification-center is-layout-flex wp-container-core-buttons-is-layout-03627597 wp-block-buttons-is-layout-flex\">\n<div class=\"wp-block-button has-custom-width wp-block-button__width-100\"><a class=\"wp-block-button__link has-white-color has-text-color has-background no-border-radius wp-element-button\" href=\"https:\/\/diumenge.ara.cat\/diumenge\/pornografia-prioritza-desig-masculi-estereotipat-violent-subordinacio-dona_128_4594531.html\" style=\"background-color:#000000\" target=\"_blank\" rel=\"noreferrer noopener\">Escucha el programa<\/a><\/div>\n<\/div>\n<\/div>\n\n\n\n<div class=\"wp-block-column has-tertiary-background-color has-text-color has-background has-link-color wp-elements-c5425f73fcfda1a771949535c85ccc85 is-layout-flow wp-block-column-is-layout-flow\" style=\"color:#000000;padding-top:2em;padding-right:2em;padding-bottom:2em;padding-left:2em\">\n<h3 class=\"wp-block-heading has-large-font-size\" id=\"family\">\u00ab<strong>Pornograf\u00eda, mujeres e infancia<\/strong>\u00ab<\/h3>\n\n\n\n<p class=\"has-normal-font-size\" style=\"line-height:1.5\">El Heraldo de Arag\u00f3n <\/p>\n\n\n\n<hr class=\"wp-block-separator has-css-opacity is-style-wide\" \/>\n\n\n\n<figure class=\"wp-block-image size-large\"><img loading=\"lazy\" decoding=\"async\" width=\"1024\" height=\"688\" src=\"https:\/\/blog.uclm.es\/proyectofyp\/wp-content\/uploads\/sites\/255\/2023\/03\/Captura-de-pantalla-2023-03-24-a-las-10.58.23-1024x688.png\" alt=\"\" class=\"wp-image-182\" srcset=\"https:\/\/blog.uclm.es\/proyectofyp\/wp-content\/uploads\/sites\/255\/2023\/03\/Captura-de-pantalla-2023-03-24-a-las-10.58.23-1024x688.png 1024w, https:\/\/blog.uclm.es\/proyectofyp\/wp-content\/uploads\/sites\/255\/2023\/03\/Captura-de-pantalla-2023-03-24-a-las-10.58.23-300x202.png 300w, https:\/\/blog.uclm.es\/proyectofyp\/wp-content\/uploads\/sites\/255\/2023\/03\/Captura-de-pantalla-2023-03-24-a-las-10.58.23-768x516.png 768w, https:\/\/blog.uclm.es\/proyectofyp\/wp-content\/uploads\/sites\/255\/2023\/03\/Captura-de-pantalla-2023-03-24-a-las-10.58.23-1536x1032.png 1536w, https:\/\/blog.uclm.es\/proyectofyp\/wp-content\/uploads\/sites\/255\/2023\/03\/Captura-de-pantalla-2023-03-24-a-las-10.58.23.png 1981w\" sizes=\"auto, (max-width: 1024px) 100vw, 1024px\" \/><\/figure>\n\n\n\n<p class=\"has-small-font-size\">Eva S\u00e1enz Royo escribe un art\u00edculo de opini\u00f3n sobre el ensayo <em>La libertad de la pornograf\u00eda<\/em> de Ana Valero.<\/p>\n\n\n\n<div class=\"wp-block-buttons alignfull is-horizontal is-content-justification-center is-layout-flex wp-container-core-buttons-is-layout-03627597 wp-block-buttons-is-layout-flex\">\n<div class=\"wp-block-button has-custom-width wp-block-button__width-100 is-style-fill\"><a class=\"wp-block-button__link has-white-color has-text-color has-background no-border-radius wp-element-button\" href=\"https:\/\/www.heraldo.es\/noticias\/opinion\/2022\/11\/13\/pornografia-mujeres-e-infancia-eva-saenz-royo-1611528.html?utm_source=twitter.com&amp;utm_medium=socialshare&amp;utm_campaign=desktop\" style=\"background-color:#000000\" target=\"_blank\" rel=\"noreferrer noopener\">Lee el art\u00edculo<\/a><\/div>\n<\/div>\n<\/div>\n\n\n\n<div class=\"wp-block-column has-text-color has-background has-link-color wp-elements-449e8429245a171eb8f80e313ccf1eb1 is-layout-flow wp-block-column-is-layout-flow\" style=\"color:#000000;background-color:#d1d1e1;padding-top:2em;padding-right:2em;padding-bottom:2em;padding-left:2em\">\n<h3 class=\"wp-block-heading has-large-font-size\" id=\"patron\"><strong>Ana Valero: \u201cDefender la limitaci\u00f3n de la pornograf\u00eda porque da\u00f1a a todas las mujeres es un discurso peligroso\u201d<\/strong><\/h3>\n\n\n\n<p class=\"has-normal-font-size\">Eldiario.es (28\/08\/2022)<\/p>\n\n\n\n<hr class=\"wp-block-separator has-css-opacity is-style-wide\" \/>\n\n\n\n<figure class=\"wp-block-image size-large\"><img loading=\"lazy\" decoding=\"async\" width=\"1024\" height=\"792\" src=\"https:\/\/blog.uclm.es\/proyectofyp\/wp-content\/uploads\/sites\/255\/2023\/03\/Captura-de-pantalla-2023-03-24-a-las-11.03.20-1024x792.png\" alt=\"\" class=\"wp-image-184\" srcset=\"https:\/\/blog.uclm.es\/proyectofyp\/wp-content\/uploads\/sites\/255\/2023\/03\/Captura-de-pantalla-2023-03-24-a-las-11.03.20-1024x792.png 1024w, https:\/\/blog.uclm.es\/proyectofyp\/wp-content\/uploads\/sites\/255\/2023\/03\/Captura-de-pantalla-2023-03-24-a-las-11.03.20-300x232.png 300w, https:\/\/blog.uclm.es\/proyectofyp\/wp-content\/uploads\/sites\/255\/2023\/03\/Captura-de-pantalla-2023-03-24-a-las-11.03.20-768x594.png 768w, https:\/\/blog.uclm.es\/proyectofyp\/wp-content\/uploads\/sites\/255\/2023\/03\/Captura-de-pantalla-2023-03-24-a-las-11.03.20-1536x1188.png 1536w, https:\/\/blog.uclm.es\/proyectofyp\/wp-content\/uploads\/sites\/255\/2023\/03\/Captura-de-pantalla-2023-03-24-a-las-11.03.20-2048x1584.png 2048w\" sizes=\"auto, (max-width: 1024px) 100vw, 1024px\" \/><\/figure>\n\n\n\n<p>La periodista Ana Requeno, hace una entrevista a Ana Valero por la publicaci\u00f3n de  <em>La libertad de la pornograf\u00eda<\/em>.<\/p>\n\n\n\n<div class=\"wp-block-buttons alignfull is-horizontal is-content-justification-center is-layout-flex wp-container-core-buttons-is-layout-03627597 wp-block-buttons-is-layout-flex\">\n<div class=\"wp-block-button has-custom-width wp-block-button__width-100\"><a class=\"wp-block-button__link has-white-color has-text-color has-background no-border-radius wp-element-button\" href=\"https:\/\/www.eldiario.es\/sociedad\/ana-valero-defender-limitacion-pornografia-dana-mujeres-discurso-peligroso_128_9263627.html\" style=\"background-color:#000000\" target=\"_blank\" rel=\"noreferrer noopener\">Lee el art\u00edculo<\/a><\/div>\n<\/div>\n<\/div>\n<\/div>\n\n\n\n<div class=\"wp-block-columns alignwide is-layout-flex wp-container-core-columns-is-layout-28f84493 wp-block-columns-is-layout-flex\">\n<div class=\"wp-block-column has-tertiary-background-color has-text-color has-background has-link-color wp-elements-8082cc5a01cec0ecd924a1f70a3bd221 is-layout-flow wp-block-column-is-layout-flow\" style=\"color:#000000;padding-top:2em;padding-right:2em;padding-bottom:2em;padding-left:2em\">\n<h3 class=\"wp-block-heading has-text-align-left has-large-font-size\" id=\"single\">\u00ab<strong>Subido de tono. El debate que crece en el mundo sobre la industria del porno y la libertad de expresi\u00f3n<\/strong>\u00ab<\/h3>\n\n\n\n<p class=\"has-normal-font-size\" style=\"line-height:1.5\"><em>La Naci\u00f3n<\/em> (24\/08\/2022)<\/p>\n\n\n\n<figure class=\"wp-block-image size-large\"><img loading=\"lazy\" decoding=\"async\" width=\"1024\" height=\"555\" src=\"https:\/\/blog.uclm.es\/proyectofyp\/wp-content\/uploads\/sites\/255\/2023\/03\/Captura-de-pantalla-2023-03-24-a-las-11.34.21-1024x555.png\" alt=\"\" class=\"wp-image-185\" srcset=\"https:\/\/blog.uclm.es\/proyectofyp\/wp-content\/uploads\/sites\/255\/2023\/03\/Captura-de-pantalla-2023-03-24-a-las-11.34.21-1024x555.png 1024w, https:\/\/blog.uclm.es\/proyectofyp\/wp-content\/uploads\/sites\/255\/2023\/03\/Captura-de-pantalla-2023-03-24-a-las-11.34.21-300x163.png 300w, https:\/\/blog.uclm.es\/proyectofyp\/wp-content\/uploads\/sites\/255\/2023\/03\/Captura-de-pantalla-2023-03-24-a-las-11.34.21-768x416.png 768w, https:\/\/blog.uclm.es\/proyectofyp\/wp-content\/uploads\/sites\/255\/2023\/03\/Captura-de-pantalla-2023-03-24-a-las-11.34.21-1536x833.png 1536w, https:\/\/blog.uclm.es\/proyectofyp\/wp-content\/uploads\/sites\/255\/2023\/03\/Captura-de-pantalla-2023-03-24-a-las-11.34.21-2048x1110.png 2048w\" sizes=\"auto, (max-width: 1024px) 100vw, 1024px\" \/><\/figure>\n\n\n\n<hr class=\"wp-block-separator has-text-color has-css-opacity has-background is-style-wide\" style=\"background-color:#000000;color:#000000\" \/>\n\n\n\n<p class=\"has-small-font-size\">Noticia por la publicaci\u00f3n de <em>La libertad de la Pornograf\u00eda<\/em> de Ana Valero.<\/p>\n\n\n\n<div class=\"wp-block-buttons alignfull is-horizontal is-content-justification-center is-layout-flex wp-container-core-buttons-is-layout-03627597 wp-block-buttons-is-layout-flex\">\n<div class=\"wp-block-button has-custom-width wp-block-button__width-100\"><a class=\"wp-block-button__link has-white-color has-text-color has-background no-border-radius wp-element-button\" href=\"https:\/\/www.lanacion.com.ar\/la-nacion-revista\/debate-xxx-el-porno-debe-ser-protegido-como-cualquier-otra-libertad-de-expresion-nid21082022\/\" style=\"background-color:#000000\" target=\"_blank\" rel=\"noreferrer noopener\">Lee el art\u00edculo<\/a><\/div>\n<\/div>\n<\/div>\n\n\n\n<div class=\"wp-block-column has-text-color has-background has-link-color wp-elements-0947d17d5ee7778844c9c897de2831c9 is-layout-flow wp-block-column-is-layout-flow\" style=\"color:#000000;background-color:#d1d1e1;padding-top:2em;padding-right:2em;padding-bottom:2em;padding-left:2em\">\n<h3 class=\"wp-block-heading has-large-font-size\" id=\"family\">\u00ab<strong>Pornograf\u00eda: claves de la industria que genera el 25% de las b\u00fasquedas en Google<\/strong>\u00ab<\/h3>\n\n\n\n<p class=\"has-normal-font-size\" style=\"line-height:1.5\">Infobae (11\/08\/2022)<\/p>\n\n\n\n<hr class=\"wp-block-separator has-css-opacity is-style-wide\" \/>\n\n\n\n<figure class=\"wp-block-image size-large\"><img loading=\"lazy\" decoding=\"async\" width=\"1024\" height=\"484\" src=\"https:\/\/blog.uclm.es\/proyectofyp\/wp-content\/uploads\/sites\/255\/2023\/03\/Captura-de-pantalla-2023-03-24-a-las-11.37.37-1024x484.png\" alt=\"\" class=\"wp-image-186\" srcset=\"https:\/\/blog.uclm.es\/proyectofyp\/wp-content\/uploads\/sites\/255\/2023\/03\/Captura-de-pantalla-2023-03-24-a-las-11.37.37-1024x484.png 1024w, https:\/\/blog.uclm.es\/proyectofyp\/wp-content\/uploads\/sites\/255\/2023\/03\/Captura-de-pantalla-2023-03-24-a-las-11.37.37-300x142.png 300w, https:\/\/blog.uclm.es\/proyectofyp\/wp-content\/uploads\/sites\/255\/2023\/03\/Captura-de-pantalla-2023-03-24-a-las-11.37.37-768x363.png 768w, https:\/\/blog.uclm.es\/proyectofyp\/wp-content\/uploads\/sites\/255\/2023\/03\/Captura-de-pantalla-2023-03-24-a-las-11.37.37-1536x726.png 1536w, https:\/\/blog.uclm.es\/proyectofyp\/wp-content\/uploads\/sites\/255\/2023\/03\/Captura-de-pantalla-2023-03-24-a-las-11.37.37-2048x968.png 2048w\" sizes=\"auto, (max-width: 1024px) 100vw, 1024px\" \/><\/figure>\n\n\n\n<p class=\"has-small-font-size\">Bel\u00e9n Marinone escribe sobre la industria de la pornograf\u00eda y sobre el ensayo de Ana Valero, <em>La libertad de la pornograf\u00eda<\/em>.<\/p>\n\n\n\n<div class=\"wp-block-buttons alignfull is-horizontal is-content-justification-center is-layout-flex wp-container-core-buttons-is-layout-03627597 wp-block-buttons-is-layout-flex\">\n<div class=\"wp-block-button has-custom-width wp-block-button__width-100 is-style-fill\"><a class=\"wp-block-button__link has-white-color has-text-color has-background no-border-radius wp-element-button\" href=\"https:\/\/www.infobae.com\/leamos\/2022\/08\/11\/pornografia-claves-de-la-industria-que-genera-el-25-de-las-busquedas-en-google\/\" style=\"background-color:#000000\" target=\"_blank\" rel=\"noreferrer noopener\">Lee el art\u00edculo<\/a><\/div>\n<\/div>\n<\/div>\n\n\n\n<div class=\"wp-block-column has-tertiary-background-color has-text-color has-background has-link-color wp-elements-63b5929fcae0890d681baa6c2db97937 is-layout-flow wp-block-column-is-layout-flow\" style=\"color:#000000;padding-top:2em;padding-right:2em;padding-bottom:2em;padding-left:2em\">\n<h3 class=\"wp-block-heading has-large-font-size\" id=\"patron\">\u00ab<strong>Educaci\u00f3n sexual para saber que el porno es ficci\u00f3n<\/strong>\u00ab<\/h3>\n\n\n\n<p class=\"has-normal-font-size\">Babelia Elpais.com (16\/07\/2022)<\/p>\n\n\n\n<hr class=\"wp-block-separator has-css-opacity is-style-wide\" \/>\n\n\n\n<figure class=\"wp-block-image size-large\"><img loading=\"lazy\" decoding=\"async\" width=\"1024\" height=\"700\" src=\"https:\/\/blog.uclm.es\/proyectofyp\/wp-content\/uploads\/sites\/255\/2023\/03\/Captura-de-pantalla-2023-03-24-a-las-11.42.44-1024x700.png\" alt=\"\" class=\"wp-image-187\" srcset=\"https:\/\/blog.uclm.es\/proyectofyp\/wp-content\/uploads\/sites\/255\/2023\/03\/Captura-de-pantalla-2023-03-24-a-las-11.42.44-1024x700.png 1024w, https:\/\/blog.uclm.es\/proyectofyp\/wp-content\/uploads\/sites\/255\/2023\/03\/Captura-de-pantalla-2023-03-24-a-las-11.42.44-300x205.png 300w, https:\/\/blog.uclm.es\/proyectofyp\/wp-content\/uploads\/sites\/255\/2023\/03\/Captura-de-pantalla-2023-03-24-a-las-11.42.44-768x525.png 768w, https:\/\/blog.uclm.es\/proyectofyp\/wp-content\/uploads\/sites\/255\/2023\/03\/Captura-de-pantalla-2023-03-24-a-las-11.42.44-1536x1050.png 1536w, https:\/\/blog.uclm.es\/proyectofyp\/wp-content\/uploads\/sites\/255\/2023\/03\/Captura-de-pantalla-2023-03-24-a-las-11.42.44-2048x1400.png 2048w\" sizes=\"auto, (max-width: 1024px) 100vw, 1024px\" \/><\/figure>\n\n\n\n<p>Ana Valero explica las contradicciones a la hora de censurar y prohibir la pornograf\u00eda.<\/p>\n\n\n\n<div class=\"wp-block-buttons alignfull is-horizontal is-content-justification-center is-layout-flex wp-container-core-buttons-is-layout-03627597 wp-block-buttons-is-layout-flex\">\n<div class=\"wp-block-button has-custom-width wp-block-button__width-100\"><a class=\"wp-block-button__link has-white-color has-text-color has-background no-border-radius wp-element-button\" href=\"https:\/\/elpais.com\/babelia\/2022-07-16\/educacion-sexual-para-saber-que-el-porno-es-ficcion.html\" style=\"background-color:#000000\" target=\"_blank\" rel=\"noreferrer noopener\">Lee el art\u00edculo<\/a><\/div>\n<\/div>\n<\/div>\n<\/div>\n\n\n\n<div class=\"wp-block-columns alignwide is-layout-flex wp-container-core-columns-is-layout-28f84493 wp-block-columns-is-layout-flex\">\n<div class=\"wp-block-column has-text-color has-background has-link-color wp-elements-bbd208a4dd4751b1af0f13f482872f57 is-layout-flow wp-block-column-is-layout-flow\" style=\"color:#000000;background-color:#d1d1e1;padding-top:2em;padding-right:2em;padding-bottom:2em;padding-left:2em\">\n<h3 class=\"wp-block-heading has-large-font-size\" id=\"family\"><strong><strong>Entrevista con Ana Valero autora de \u00abLa Libertad de la pornograf\u00eda<\/strong>\u00ab<\/strong><\/h3>\n\n\n\n<p class=\"has-normal-font-size\" style=\"line-height:1.5\"><em>Pistas Sonoras<\/em> (julio 2022)<\/p>\n\n\n\n<hr class=\"wp-block-separator has-css-opacity is-style-wide\" \/>\n\n\n\n<figure class=\"wp-block-image size-large\"><img loading=\"lazy\" decoding=\"async\" width=\"1024\" height=\"543\" src=\"https:\/\/blog.uclm.es\/proyectofyp\/wp-content\/uploads\/sites\/255\/2023\/04\/Captura-de-pantalla-2023-04-24-a-las-10.35.45-1024x543.png\" alt=\"\" class=\"wp-image-786\" srcset=\"https:\/\/blog.uclm.es\/proyectofyp\/wp-content\/uploads\/sites\/255\/2023\/04\/Captura-de-pantalla-2023-04-24-a-las-10.35.45-1024x543.png 1024w, https:\/\/blog.uclm.es\/proyectofyp\/wp-content\/uploads\/sites\/255\/2023\/04\/Captura-de-pantalla-2023-04-24-a-las-10.35.45-300x159.png 300w, https:\/\/blog.uclm.es\/proyectofyp\/wp-content\/uploads\/sites\/255\/2023\/04\/Captura-de-pantalla-2023-04-24-a-las-10.35.45-768x408.png 768w, https:\/\/blog.uclm.es\/proyectofyp\/wp-content\/uploads\/sites\/255\/2023\/04\/Captura-de-pantalla-2023-04-24-a-las-10.35.45-1536x815.png 1536w, https:\/\/blog.uclm.es\/proyectofyp\/wp-content\/uploads\/sites\/255\/2023\/04\/Captura-de-pantalla-2023-04-24-a-las-10.35.45-2048x1087.png 2048w\" sizes=\"auto, (max-width: 1024px) 100vw, 1024px\" \/><\/figure>\n\n\n\n<p>Entrevista a Ana Valero en el Podcast Pistas Sonoras sobre la publicaci\u00f3n del ensayo \u00abLa libertad de la pornograf\u00eda\u00bb.<\/p>\n\n\n\n<div class=\"wp-block-buttons alignfull is-horizontal is-content-justification-center is-layout-flex wp-container-core-buttons-is-layout-03627597 wp-block-buttons-is-layout-flex\">\n<div class=\"wp-block-button has-custom-width wp-block-button__width-100 is-style-fill\"><a class=\"wp-block-button__link has-white-color has-text-color has-background no-border-radius wp-element-button\" href=\"https:\/\/open.spotify.com\/episode\/4LpgnYv3VDK8x0rQbfPldZ?si=e5962284315743f9\" style=\"background-color:#000000\" target=\"_blank\" rel=\"noreferrer noopener\">Escucha el programa<\/a><\/div>\n<\/div>\n<\/div>\n\n\n\n<div class=\"wp-block-column has-tertiary-background-color has-text-color has-background has-link-color wp-elements-3c2a50ee06a6805ca31380d5610a2fab is-layout-flow wp-block-column-is-layout-flow\" style=\"color:#000000;padding-top:2em;padding-right:2em;padding-bottom:2em;padding-left:2em\">\n<h3 class=\"wp-block-heading has-text-align-left has-large-font-size\" id=\"single\">\u00ab<strong>Pornograf\u00eda: batalla entre libertad y prohibici\u00f3n<\/strong>\u00ab<\/h3>\n\n\n\n<p class=\"has-normal-font-size\" style=\"line-height:1.5\"><em>elmundo.es<\/em><\/p>\n\n\n\n<figure class=\"wp-block-image size-large\"><img loading=\"lazy\" decoding=\"async\" width=\"1024\" height=\"787\" src=\"https:\/\/blog.uclm.es\/proyectofyp\/wp-content\/uploads\/sites\/255\/2023\/03\/Captura-de-pantalla-2023-03-24-a-las-11.44.06-1024x787.png\" alt=\"\" class=\"wp-image-189\" srcset=\"https:\/\/blog.uclm.es\/proyectofyp\/wp-content\/uploads\/sites\/255\/2023\/03\/Captura-de-pantalla-2023-03-24-a-las-11.44.06-1024x787.png 1024w, https:\/\/blog.uclm.es\/proyectofyp\/wp-content\/uploads\/sites\/255\/2023\/03\/Captura-de-pantalla-2023-03-24-a-las-11.44.06-300x231.png 300w, https:\/\/blog.uclm.es\/proyectofyp\/wp-content\/uploads\/sites\/255\/2023\/03\/Captura-de-pantalla-2023-03-24-a-las-11.44.06-768x590.png 768w, https:\/\/blog.uclm.es\/proyectofyp\/wp-content\/uploads\/sites\/255\/2023\/03\/Captura-de-pantalla-2023-03-24-a-las-11.44.06-1536x1180.png 1536w, https:\/\/blog.uclm.es\/proyectofyp\/wp-content\/uploads\/sites\/255\/2023\/03\/Captura-de-pantalla-2023-03-24-a-las-11.44.06-2048x1574.png 2048w\" sizes=\"auto, (max-width: 1024px) 100vw, 1024px\" \/><\/figure>\n\n\n\n<hr class=\"wp-block-separator has-text-color has-css-opacity has-background is-style-wide\" style=\"background-color:#000000;color:#000000\" \/>\n\n\n\n<p class=\"has-small-font-size\">La secci\u00f3n de La Lectura de El Mundo dedica una secci\u00f3n a hablar del ensayo <em>La libertad de la pornograf\u00eda <\/em>de Ana Valero.<\/p>\n\n\n\n<div class=\"wp-block-buttons alignfull is-horizontal is-content-justification-center is-layout-flex wp-container-core-buttons-is-layout-03627597 wp-block-buttons-is-layout-flex\">\n<div class=\"wp-block-button has-custom-width wp-block-button__width-100\"><a class=\"wp-block-button__link has-white-color has-text-color has-background no-border-radius wp-element-button\" href=\"https:\/\/www.elmundo.es\/la-lectura\/2022\/06\/09\/629f2f62fdddffad0c8b45c3.html\" style=\"background-color:#000000\" target=\"_blank\" rel=\"noreferrer noopener\">Lee el art\u00edculo<\/a><\/div>\n<\/div>\n<\/div>\n\n\n\n<div class=\"wp-block-column has-text-color has-background has-link-color wp-elements-6d2f189283abc347ffd16e07dc730751 is-layout-flow wp-block-column-is-layout-flow\" style=\"color:#000000;background-color:#d1d1e1;padding-top:2em;padding-right:2em;padding-bottom:2em;padding-left:2em\">\n<h3 class=\"wp-block-heading has-large-font-size\" id=\"family\"><strong>Ana Valero: \u00abLa respuesta al porno malo no es la prohibici\u00f3n del porno, sino hacer un mejor porno\u00bb<\/strong><\/h3>\n\n\n\n<p class=\"has-normal-font-size\" style=\"line-height:1.5\"><em>Infolibre<\/em> (1\/06\/2022)<\/p>\n\n\n\n<hr class=\"wp-block-separator has-css-opacity is-style-wide\" \/>\n\n\n\n<figure class=\"wp-block-image size-large\"><img loading=\"lazy\" decoding=\"async\" width=\"1024\" height=\"820\" src=\"https:\/\/blog.uclm.es\/proyectofyp\/wp-content\/uploads\/sites\/255\/2023\/03\/Captura-de-pantalla-2023-03-24-a-las-11.49.47-1024x820.png\" alt=\"\" class=\"wp-image-190\" srcset=\"https:\/\/blog.uclm.es\/proyectofyp\/wp-content\/uploads\/sites\/255\/2023\/03\/Captura-de-pantalla-2023-03-24-a-las-11.49.47-1024x820.png 1024w, https:\/\/blog.uclm.es\/proyectofyp\/wp-content\/uploads\/sites\/255\/2023\/03\/Captura-de-pantalla-2023-03-24-a-las-11.49.47-300x240.png 300w, https:\/\/blog.uclm.es\/proyectofyp\/wp-content\/uploads\/sites\/255\/2023\/03\/Captura-de-pantalla-2023-03-24-a-las-11.49.47-768x615.png 768w, https:\/\/blog.uclm.es\/proyectofyp\/wp-content\/uploads\/sites\/255\/2023\/03\/Captura-de-pantalla-2023-03-24-a-las-11.49.47-1536x1230.png 1536w\" sizes=\"auto, (max-width: 1024px) 100vw, 1024px\" \/><\/figure>\n\n\n\n<p>David Gallardo habla con Ana Valero sobre la publicaci\u00f3n de su ensayo <em>La libertad de la pornograf\u00eda<\/em>.<\/p>\n\n\n\n<div class=\"wp-block-buttons alignfull is-horizontal is-content-justification-center is-layout-flex wp-container-core-buttons-is-layout-03627597 wp-block-buttons-is-layout-flex\">\n<div class=\"wp-block-button has-custom-width wp-block-button__width-100 is-style-fill\"><a class=\"wp-block-button__link has-white-color has-text-color has-background no-border-radius wp-element-button\" href=\"https:\/\/www.infolibre.es\/cultura\/los-diablos-azules\/porno_1_1247980.html?utm_campaign=twitter\" style=\"background-color:#000000\" target=\"_blank\" rel=\"noreferrer noopener\">Lee el art\u00edculo<\/a><\/div>\n<\/div>\n<\/div>\n<\/div>\n\n\n\n<figure class=\"wp-block-image size-large\"><img loading=\"lazy\" decoding=\"async\" width=\"1024\" height=\"63\" src=\"https:\/\/blog.uclm.es\/proyectofyp\/wp-content\/uploads\/sites\/255\/2024\/04\/unnamed-1024x63.png\" alt=\"\" class=\"wp-image-937\" srcset=\"https:\/\/blog.uclm.es\/proyectofyp\/wp-content\/uploads\/sites\/255\/2024\/04\/unnamed-1024x63.png 1024w, https:\/\/blog.uclm.es\/proyectofyp\/wp-content\/uploads\/sites\/255\/2024\/04\/unnamed-300x19.png 300w, https:\/\/blog.uclm.es\/proyectofyp\/wp-content\/uploads\/sites\/255\/2024\/04\/unnamed-768x48.png 768w, https:\/\/blog.uclm.es\/proyectofyp\/wp-content\/uploads\/sites\/255\/2024\/04\/unnamed-1536x95.png 1536w, https:\/\/blog.uclm.es\/proyectofyp\/wp-content\/uploads\/sites\/255\/2024\/04\/unnamed-2048x127.png 2048w\" sizes=\"auto, (max-width: 1024px) 100vw, 1024px\" \/><\/figure>\n\n\n\n<div class=\"wp-block-columns is-layout-flex wp-container-core-columns-is-layout-28f84493 wp-block-columns-is-layout-flex\">\n<div class=\"wp-block-column is-layout-flow wp-block-column-is-layout-flow\">\n<figure class=\"wp-block-image alignright size-large is-resized\"><img loading=\"lazy\" decoding=\"async\" width=\"1024\" height=\"640\" src=\"https:\/\/blog.uclm.es\/proyectofyp\/wp-content\/uploads\/sites\/255\/2025\/01\/logo-uclm-1024x640.jpg\" alt=\"\" class=\"wp-image-976\" style=\"width:80px;height:auto\" srcset=\"https:\/\/blog.uclm.es\/proyectofyp\/wp-content\/uploads\/sites\/255\/2025\/01\/logo-uclm-1024x640.jpg 1024w, https:\/\/blog.uclm.es\/proyectofyp\/wp-content\/uploads\/sites\/255\/2025\/01\/logo-uclm-300x187.jpg 300w, https:\/\/blog.uclm.es\/proyectofyp\/wp-content\/uploads\/sites\/255\/2025\/01\/logo-uclm-768x480.jpg 768w, https:\/\/blog.uclm.es\/proyectofyp\/wp-content\/uploads\/sites\/255\/2025\/01\/logo-uclm.jpg 1132w\" sizes=\"auto, (max-width: 1024px) 100vw, 1024px\" \/><\/figure>\n<\/div>\n\n\n\n<div class=\"wp-block-column is-layout-flow wp-block-column-is-layout-flow\">\n<figure class=\"wp-block-image size-full is-resized\"><img loading=\"lazy\" decoding=\"async\" width=\"200\" height=\"148\" src=\"https:\/\/blog.uclm.es\/proyectofyp\/wp-content\/uploads\/sites\/255\/2025\/01\/educacion_y_formacion-e1737104760433.png\" alt=\"\" class=\"wp-image-975\" style=\"width:73px;height:auto\" \/><\/figure>\n<\/div>\n<\/div>\n","protected":false},"excerpt":{"rendered":"<p>Prensa y medios de comunicaci\u00f3n \u00abLa UCLM analiza la educaci\u00f3n afectivo-sexual y la pornograf\u00eda desde una perspectiva constitucional\u00ab UCLM Actualidad La UCLM ha recogido en su seccion\u00e9moste de actualidad la celebraci\u00f3n de las jornadas &#8216;Educaci\u00f3n afectivo-sexual, pornograf\u00eda y Constituci\u00f3n&#8217;, organizadas por este proyecto. \u00abPornograf\u00eda y educaci\u00f3n afectivo sexual, a debate en la UCLM\u00bb Radio Televisi\u00f3n [&hellip;]<\/p>\n","protected":false},"author":415,"featured_media":148,"parent":0,"menu_order":0,"comment_status":"closed","ping_status":"closed","template":"","meta":{"footnotes":""},"class_list":["post-37","page","type-page","status-publish","has-post-thumbnail","hentry"],"_links":{"self":[{"href":"https:\/\/blog.uclm.es\/proyectofyp\/wp-json\/wp\/v2\/pages\/37","targetHints":{"allow":["GET"]}}],"collection":[{"href":"https:\/\/blog.uclm.es\/proyectofyp\/wp-json\/wp\/v2\/pages"}],"about":[{"href":"https:\/\/blog.uclm.es\/proyectofyp\/wp-json\/wp\/v2\/types\/page"}],"author":[{"embeddable":true,"href":"https:\/\/blog.uclm.es\/proyectofyp\/wp-json\/wp\/v2\/users\/415"}],"replies":[{"embeddable":true,"href":"https:\/\/blog.uclm.es\/proyectofyp\/wp-json\/wp\/v2\/comments?post=37"}],"version-history":[{"count":97,"href":"https:\/\/blog.uclm.es\/proyectofyp\/wp-json\/wp\/v2\/pages\/37\/revisions"}],"predecessor-version":[{"id":1065,"href":"https:\/\/blog.uclm.es\/proyectofyp\/wp-json\/wp\/v2\/pages\/37\/revisions\/1065"}],"wp:featuredmedia":[{"embeddable":true,"href":"https:\/\/blog.uclm.es\/proyectofyp\/wp-json\/wp\/v2\/media\/148"}],"wp:attachment":[{"href":"https:\/\/blog.uclm.es\/proyectofyp\/wp-json\/wp\/v2\/media?parent=37"}],"curies":[{"name":"wp","href":"https:\/\/api.w.org\/{rel}","templated":true}]}}