{"id":226,"date":"2023-03-28T10:05:02","date_gmt":"2023-03-28T10:05:02","guid":{"rendered":"https:\/\/blog.uclm.es\/proyectofyp\/?page_id=226"},"modified":"2025-01-17T09:30:41","modified_gmt":"2025-01-17T09:30:41","slug":"quienes-somos","status":"publish","type":"page","link":"https:\/\/blog.uclm.es\/proyectofyp\/quienes-somos\/","title":{"rendered":"Qui\u00e9n somos"},"content":{"rendered":"\n<figure class=\"wp-block-image alignfull size-large has-custom-border is-style-default\"><img loading=\"lazy\" decoding=\"async\" width=\"1024\" height=\"296\" src=\"https:\/\/blog.uclm.es\/proyectofyp\/wp-content\/uploads\/sites\/255\/2023\/04\/16-1024x296.png\" alt=\"\" class=\"wp-image-763\" style=\"border-style:none;border-width:0px;border-radius:0px\" srcset=\"https:\/\/blog.uclm.es\/proyectofyp\/wp-content\/uploads\/sites\/255\/2023\/04\/16-1024x296.png 1024w, https:\/\/blog.uclm.es\/proyectofyp\/wp-content\/uploads\/sites\/255\/2023\/04\/16-300x87.png 300w, https:\/\/blog.uclm.es\/proyectofyp\/wp-content\/uploads\/sites\/255\/2023\/04\/16-768x222.png 768w, https:\/\/blog.uclm.es\/proyectofyp\/wp-content\/uploads\/sites\/255\/2023\/04\/16-1536x444.png 1536w, https:\/\/blog.uclm.es\/proyectofyp\/wp-content\/uploads\/sites\/255\/2023\/04\/16-2048x593.png 2048w\" sizes=\"auto, (max-width: 1024px) 100vw, 1024px\" \/><\/figure>\n\n\n\n<h2 class=\"wp-block-heading alignwide has-text-align-left\" style=\"font-size:55px\"><strong>Investigadoras e investigadores<\/strong><\/h2>\n\n\n\n<div class=\"wp-block-group alignwide is-layout-flow wp-container-core-group-is-layout-a77db08e wp-block-group-is-layout-flow\" id=\"Ana-Valero\" style=\"border-style:none;border-width:0px\">\n<div class=\"wp-block-columns is-layout-flex wp-container-core-columns-is-layout-28f84493 wp-block-columns-is-layout-flex\">\n<div class=\"wp-block-column is-layout-flow wp-block-column-is-layout-flow\">\n<figure class=\"wp-block-image alignleft size-large is-resized\"><img loading=\"lazy\" decoding=\"async\" width=\"1024\" height=\"1024\" src=\"https:\/\/blog.uclm.es\/proyectofyp\/wp-content\/uploads\/sites\/255\/2023\/03\/1-1024x1024.png\" alt=\"\" class=\"wp-image-253\" style=\"width:327px;height:327px\" srcset=\"https:\/\/blog.uclm.es\/proyectofyp\/wp-content\/uploads\/sites\/255\/2023\/03\/1-1024x1024.png 1024w, https:\/\/blog.uclm.es\/proyectofyp\/wp-content\/uploads\/sites\/255\/2023\/03\/1-300x300.png 300w, https:\/\/blog.uclm.es\/proyectofyp\/wp-content\/uploads\/sites\/255\/2023\/03\/1-150x150.png 150w, https:\/\/blog.uclm.es\/proyectofyp\/wp-content\/uploads\/sites\/255\/2023\/03\/1-768x768.png 768w, https:\/\/blog.uclm.es\/proyectofyp\/wp-content\/uploads\/sites\/255\/2023\/03\/1.png 1080w\" sizes=\"auto, (max-width: 1024px) 100vw, 1024px\" \/><\/figure>\n<\/div>\n\n\n\n<div class=\"wp-block-column is-layout-constrained wp-block-column-is-layout-constrained\">\n<h2 class=\"wp-block-heading has-large-font-size\"><strong>Ana Valero Heredia\/ IP<\/strong><\/h2>\n\n\n\n<p style=\"font-size:13px\">Investigadora Principal del Proyecto, es doctora por la Universitat de Val\u00e8ncia con la tesis&nbsp;<em>La Libertad de Conciencia del Menor de edad<\/em>, CEPC<em>&nbsp;<\/em>(Premio Extraordinario de Doctorado y Premio Nicol\u00e1s P\u00e9rez Serrano del CEPC). En la actualidad es profesora de Derecho Constitucional en la UCLM. Entre sus principales l\u00edneas de investigaci\u00f3n se encuentran el estudio de la laicidad del Estado, la minor\u00eda de edad, la libertad de conciencia, la libertad de expresi\u00f3n, la integridad f\u00edsica, la igualdad y el feminismo, el parlamentarismo y los partidos pol\u00edticos. Su \u00faltima l\u00ednea de investigaci\u00f3n es la pornograf\u00eda como asunto constitucional de la que deriva su \u00faltimo libro&nbsp;<a href=\"https:\/\/www.athenaica.com\/libro\/la-libertad-de-la-pornografia_139757\/\" target=\"_blank\" rel=\"noreferrer noopener\"><em>La Libertad de la Pornograf\u00eda<\/em><\/a>, Athenaica, 2022.<\/p>\n\n\n\n<p style=\"font-size:13px\">Ha realizado estancias de investigaci\u00f3n y ha sido profesora invitada en Northwestern University de Chicago (USA), California State University (USA), La Sorbonne de Par\u00eds (Francia), el Trinity College de Dubl\u00edn (Irlanda), La Sapienza de Roma (Italia), la Universit\u00e0 di Palermo (Italia) y la Universidad de Buenos Aires (Argentina), entre otras.<\/p>\n\n\n\n<p style=\"font-size:13px\">Entre sus principales publicaciones destacan:&nbsp;<em>La libertad de conciencia del menor de edad<\/em>&nbsp;(CEPC),&nbsp;<em>El principio de neutralidad del Estado<\/em>&nbsp;(Ministerio de la Presidencia, Espa\u00f1a), \u201c<em>Citizens United<\/em>&nbsp;y la financiaci\u00f3n de las campa\u00f1as electorales en el derecho norteamericano\u201d,&nbsp;<em>Teor\u00eda y Realidad Constitucional<\/em>&nbsp;y&nbsp;\u201cIdeario educativo constitucional y&nbsp;<em>homeschooling<\/em>\u201d,&nbsp;<em>Revista Espa\u00f1ola de Derecho Constitucional.<\/em><\/p>\n\n\n\n<p style=\"font-size:13px\">Contribuye con numerosos medios de comunicaci\u00f3n como infoLibre, El Diario, El Pa\u00eds, La Ser, Letras Libres, P\u00fablico, etc.<\/p>\n<\/div>\n<\/div>\n<\/div>\n\n\n\n<div class=\"wp-block-group alignfull has-tertiary-background-color has-background is-layout-flow wp-container-core-group-is-layout-8a368f38 wp-block-group-is-layout-flow\" style=\"border-style:none;border-width:0px\"><\/div>\n\n\n\n<div class=\"wp-block-group alignwide is-layout-flow wp-block-group-is-layout-flow\" id=\"Ana-Valero\" style=\"border-style:none;border-width:0px\">\n<div class=\"wp-block-columns is-layout-flex wp-container-core-columns-is-layout-28f84493 wp-block-columns-is-layout-flex\">\n<div class=\"wp-block-column is-layout-flow wp-block-column-is-layout-flow\">\n<figure class=\"wp-block-image size-large is-resized\"><img loading=\"lazy\" decoding=\"async\" width=\"1024\" height=\"1024\" src=\"https:\/\/blog.uclm.es\/proyectofyp\/wp-content\/uploads\/sites\/255\/2023\/03\/Diseno-sin-titulo-copia-1-1024x1024.png\" alt=\"\" class=\"wp-image-395\" style=\"width:325px;height:325px\" srcset=\"https:\/\/blog.uclm.es\/proyectofyp\/wp-content\/uploads\/sites\/255\/2023\/03\/Diseno-sin-titulo-copia-1-1024x1024.png 1024w, https:\/\/blog.uclm.es\/proyectofyp\/wp-content\/uploads\/sites\/255\/2023\/03\/Diseno-sin-titulo-copia-1-300x300.png 300w, https:\/\/blog.uclm.es\/proyectofyp\/wp-content\/uploads\/sites\/255\/2023\/03\/Diseno-sin-titulo-copia-1-150x150.png 150w, https:\/\/blog.uclm.es\/proyectofyp\/wp-content\/uploads\/sites\/255\/2023\/03\/Diseno-sin-titulo-copia-1-768x768.png 768w, https:\/\/blog.uclm.es\/proyectofyp\/wp-content\/uploads\/sites\/255\/2023\/03\/Diseno-sin-titulo-copia-1.png 1080w\" sizes=\"auto, (max-width: 1024px) 100vw, 1024px\" \/><\/figure>\n<\/div>\n\n\n\n<div class=\"wp-block-column is-layout-flow wp-block-column-is-layout-flow\">\n<h2 class=\"wp-block-heading has-large-font-size\"><strong>V\u00edctor J. V\u00e1zquez<\/strong><\/h2>\n\n\n\n<p style=\"font-size:13px\">Es doctor en derecho constitucional por la Universidad de Salamanca con un tesis sobre Laicidad y Constituci\u00f3n. En la actualidad es profesor titular de Derecho Constitucional en la Universidad de Sevilla. Entre sus principales l\u00edneas de investigaci\u00f3n se encuentran el estudio de la neutralidad del Estado, el federalismo del Estado del bienestar y las libertades de expresi\u00f3n e informaci\u00f3n en la sociedad digital.&nbsp;<\/p>\n\n\n\n<p style=\"font-size:13px\">Ha realizado estancias de investigaci\u00f3n en centros como la Universidad de Bolonia, la Cardozzo School of Law, la Universidad de Fordham, la Universidad de Paris o el Trinity College y ha sido profesor invitado en distintos centros como la Universidad de Palermo, la Universidad de M\u00fcnster, la Universidad de Pisa, la Iberoamericana de Rep\u00fablica Dominicana, la Universidad de Azuay (Ecuador), Columbia ( Paraguay) o la Santo Tom\u00e1s&nbsp; (Chile).&nbsp;<\/p>\n\n\n\n<p style=\"font-size:13px\">Ha sido coordinador de diversas obras colectivas y es miembro del consejo editorial de distintas revistas, como la Revista Andaluza de Administraci\u00f3n P\u00fablica, la Ley, La Revista Chilena de Derecho y Ciencia Pol\u00edtica, La revista general de la abogacia del Estado (Brasil) y fundador de la Colecci\u00f3n de Derecho de la Editorial Athenaica. Entre sus principales publicaciones, destacan, Laicidad y Constituci\u00f3n (CEPC), Welfare State y Judicial Review (Comares), \u00abLa neutralidad del Estado y el problema del government Speech\u00bb, Revista de Estudios Pol\u00edticos, o Libertad de expresi\u00f3n y religi\u00f3n en la cultura liberal. De la moralidad cristiana al miedo postsecular.&nbsp;<\/p>\n<\/div>\n<\/div>\n<\/div>\n\n\n\n<div class=\"wp-block-group alignfull has-tertiary-background-color has-background is-layout-flow wp-block-group-is-layout-flow\" style=\"padding-top:1rem;padding-right:0px;padding-bottom:1rem;padding-left:0px\"><\/div>\n\n\n\n<div class=\"wp-block-group alignwide is-layout-flow wp-block-group-is-layout-flow\" id=\"Ana-Valero\" style=\"border-style:none;border-width:0px\">\n<div class=\"wp-block-columns is-layout-flex wp-container-core-columns-is-layout-28f84493 wp-block-columns-is-layout-flex\">\n<div class=\"wp-block-column is-layout-flow wp-block-column-is-layout-flow\">\n<figure class=\"wp-block-image size-large is-resized\"><img loading=\"lazy\" decoding=\"async\" width=\"1024\" height=\"1024\" src=\"https:\/\/blog.uclm.es\/proyectofyp\/wp-content\/uploads\/sites\/255\/2023\/03\/3-1024x1024.png\" alt=\"\" class=\"wp-image-255\" style=\"width:334px;height:334px\" srcset=\"https:\/\/blog.uclm.es\/proyectofyp\/wp-content\/uploads\/sites\/255\/2023\/03\/3-1024x1024.png 1024w, https:\/\/blog.uclm.es\/proyectofyp\/wp-content\/uploads\/sites\/255\/2023\/03\/3-300x300.png 300w, https:\/\/blog.uclm.es\/proyectofyp\/wp-content\/uploads\/sites\/255\/2023\/03\/3-150x150.png 150w, https:\/\/blog.uclm.es\/proyectofyp\/wp-content\/uploads\/sites\/255\/2023\/03\/3-768x768.png 768w, https:\/\/blog.uclm.es\/proyectofyp\/wp-content\/uploads\/sites\/255\/2023\/03\/3.png 1080w\" sizes=\"auto, (max-width: 1024px) 100vw, 1024px\" \/><\/figure>\n<\/div>\n\n\n\n<div class=\"wp-block-column is-layout-flow wp-block-column-is-layout-flow\">\n<h2 class=\"wp-block-heading has-large-font-size\"><strong>Mar\u00eda Valvidares<\/strong><\/h2>\n\n\n\n<p style=\"font-size:13px\">Mar\u00eda L. Valvidares Su\u00e1rez es profesora contratada doctora de Derecho Constitucional en la Universidad de Oviedo, en la que coordina el M\u00e1ster en Protecci\u00f3n Jur\u00eddica de las Personas y los Grupos Vulnerables. Actualmente codirige la revista&nbsp;<em>Di\u00e1logos Jur\u00eddicos<\/em>: Anuario de la Facultad de Derecho de la Universidad de Oviedo.&nbsp;<\/p>\n\n\n\n<p style=\"font-size:13px\">Ha sido Directora de \u00c1rea de Responsabilidad Social, Apoyo a la Inclusi\u00f3n e Igualdad de la Universidad de Oviedo (octubre 2018 \u2013 febrero 2021). En 2018 fue t\u00e9cnica de asesoramiento cient\u00edfico en la iniciativa&nbsp;<em>Ciencia en el Parlamento<\/em>. Es miembro de la ONG&nbsp;<em>acci\u00f3n en red Asturies<\/em>.<\/p>\n\n\n\n<p style=\"font-size:13px\">Sus l\u00edneas de investigaci\u00f3n se centran en el estudio de la construcci\u00f3n europea y de los derechos fundamentales, con particular atenci\u00f3n a los temas de igualdad y g\u00e9nero. Entre sus art\u00edculos recientes destacan: Covid-19, trabajadoras sexuales y personas&nbsp;<em>trans<\/em>: en los m\u00e1rgenes del Estado social (2022), Apuntes para una reflexi\u00f3n sobre la educaci\u00f3n en igualdad y diversidad de g\u00e9nero durante la minor\u00eda de edad (2021); Constitutional reform: reflections from the principle of equality between men and women in the framework of the 1978 Spanish Constitution (2021); y Trabajo sexual, constituci\u00f3n, derechos y feminismo(s) (2020).&nbsp;<\/p>\n\n\n\n<p style=\"font-size:13px\">Contacto:&nbsp;<a href=\"mailto:valvidaresmaria@uniovi.es\">valvidaresmaria@uniovi.es<\/a><\/p>\n<\/div>\n<\/div>\n<\/div>\n\n\n\n<div class=\"wp-block-group alignfull has-tertiary-background-color has-background is-layout-flow wp-block-group-is-layout-flow\" style=\"padding-top:1rem;padding-right:0px;padding-bottom:1rem;padding-left:0px\"><\/div>\n\n\n\n<div class=\"wp-block-group alignwide is-layout-flow wp-block-group-is-layout-flow\" id=\"Ana-Valero\" style=\"border-style:none;border-width:0px\">\n<div class=\"wp-block-columns is-layout-flex wp-container-core-columns-is-layout-28f84493 wp-block-columns-is-layout-flex\">\n<div class=\"wp-block-column is-layout-flow wp-block-column-is-layout-flow\">\n<figure class=\"wp-block-image size-large is-resized\"><img loading=\"lazy\" decoding=\"async\" width=\"1024\" height=\"1024\" src=\"https:\/\/blog.uclm.es\/proyectofyp\/wp-content\/uploads\/sites\/255\/2023\/03\/Diseno-sin-titulo-2-1024x1024.png\" alt=\"\" class=\"wp-image-397\" style=\"width:317px;height:317px\" srcset=\"https:\/\/blog.uclm.es\/proyectofyp\/wp-content\/uploads\/sites\/255\/2023\/03\/Diseno-sin-titulo-2-1024x1024.png 1024w, https:\/\/blog.uclm.es\/proyectofyp\/wp-content\/uploads\/sites\/255\/2023\/03\/Diseno-sin-titulo-2-300x300.png 300w, https:\/\/blog.uclm.es\/proyectofyp\/wp-content\/uploads\/sites\/255\/2023\/03\/Diseno-sin-titulo-2-150x150.png 150w, https:\/\/blog.uclm.es\/proyectofyp\/wp-content\/uploads\/sites\/255\/2023\/03\/Diseno-sin-titulo-2-768x768.png 768w, https:\/\/blog.uclm.es\/proyectofyp\/wp-content\/uploads\/sites\/255\/2023\/03\/Diseno-sin-titulo-2.png 1080w\" sizes=\"auto, (max-width: 1024px) 100vw, 1024px\" \/><\/figure>\n<\/div>\n\n\n\n<div class=\"wp-block-column is-layout-flow wp-block-column-is-layout-flow\">\n<h2 class=\"wp-block-heading has-large-font-size\"><strong>Marc Carrillo<\/strong><\/h2>\n\n\n\n<p style=\"font-size:13px\">Es catedr\u00e1tico de Derecho Constitucional de la&nbsp;<em>Universidad Pompeu Fabra (Barcelona).<\/em>&nbsp;Y Diploma de \u00c9tudes Approfond\u00edas del&nbsp;<em>Instituto de \u00c9tudes Pol\u00edticas de Par\u00eds ( Fondation National des Sciences Pol\u00edticas )<\/em>. Ha sido Director del \u00c1rea de Derecho Constitucional (desde 1990 hasta 2008) y del Curso de Doctorado en Derecho P\u00fablico de la Universidad Pompeu Fabra (1992-2008). Fue miembro del grupo de asesores del Consell de les Valls d\u2019Andorra, durante el per\u00edodo constituyente que condujo a la aprobaci\u00f3n de la Constituci\u00f3n del Principado de 28 de abril de 1993.<\/p>\n\n\n\n<p style=\"font-size:13px\">Es profesor visitante en las Universidades de: Pau y Aix -En- Provence [ Francia ]; La Sapienza (Roma), Roma Tre , Pisa, Federico II (N\u00e1poles) y El Molise ( Campobasso ) [ Italia ]. Asimismo, frecuenta su docencia en diversas universidades de Latinoam\u00e9rica (en especial, UNAM de M\u00e9xico, Costa Rica, Porto Alegre [Brasil] y Buenos Aires [Argentina]). Ha sido miembro del: el Consejo de Garant\u00edas Estatutarias de Catalu\u00f1a (2009-2019); del Consejo Consultivo de la Generalidad de Catalu\u00f1a (2005 &#8211; 2009); miembro de la Comisi\u00f3n Jur\u00eddica Asesora de la Generalidad de Catalu\u00f1a (1991-2005); vocal de la Junta Electoral Central de Espa\u00f1a (1994-1997) y del Consejo de la Informaci\u00f3n de Catalu\u00f1a (desde su creaci\u00f3n hasta 2009). <\/p>\n\n\n\n<p style=\"font-size:13px\">Sus actuales l\u00edneas de investigaci\u00f3n son: el del r\u00e9gimen jur\u00eddico de los derechos y libertades; el derecho europeo y el sistema de distribuci\u00f3n de competencias entre el Estado y las comunidades aut\u00f3nomas. Es autor de diversas monograf\u00edas y numerosos art\u00edculos de Derecho Constitucional y colabora en la prensa espa\u00f1ola y catalana con art\u00edculos de divulgaci\u00f3n jur\u00eddica (en especial, \u00abEL PA\u00cdS\u00bb y \u00abEL PERI\u00d3DICO\u00bb).<\/p>\n<\/div>\n<\/div>\n<\/div>\n\n\n\n<div class=\"wp-block-group alignfull has-tertiary-background-color has-background is-layout-flow wp-block-group-is-layout-flow\" style=\"padding-top:1rem;padding-right:0px;padding-bottom:1rem;padding-left:0px\"><\/div>\n\n\n\n<div class=\"wp-block-group alignwide is-layout-flow wp-block-group-is-layout-flow\" id=\"Ana-Valero\" style=\"border-style:none;border-width:0px\">\n<div class=\"wp-block-columns is-layout-flex wp-container-core-columns-is-layout-28f84493 wp-block-columns-is-layout-flex\">\n<div class=\"wp-block-column is-layout-flow wp-block-column-is-layout-flow\">\n<figure class=\"wp-block-image size-large is-resized\"><img loading=\"lazy\" decoding=\"async\" width=\"1024\" height=\"1024\" src=\"https:\/\/blog.uclm.es\/proyectofyp\/wp-content\/uploads\/sites\/255\/2023\/03\/la-pornografia-1-1024x1024.png\" alt=\"\" class=\"wp-image-442\" style=\"width:351px;height:351px\" srcset=\"https:\/\/blog.uclm.es\/proyectofyp\/wp-content\/uploads\/sites\/255\/2023\/03\/la-pornografia-1-1024x1024.png 1024w, https:\/\/blog.uclm.es\/proyectofyp\/wp-content\/uploads\/sites\/255\/2023\/03\/la-pornografia-1-300x300.png 300w, https:\/\/blog.uclm.es\/proyectofyp\/wp-content\/uploads\/sites\/255\/2023\/03\/la-pornografia-1-150x150.png 150w, https:\/\/blog.uclm.es\/proyectofyp\/wp-content\/uploads\/sites\/255\/2023\/03\/la-pornografia-1-768x768.png 768w, https:\/\/blog.uclm.es\/proyectofyp\/wp-content\/uploads\/sites\/255\/2023\/03\/la-pornografia-1.png 1080w\" sizes=\"auto, (max-width: 1024px) 100vw, 1024px\" \/><\/figure>\n<\/div>\n\n\n\n<div class=\"wp-block-column is-layout-flow wp-block-column-is-layout-flow\">\n<h2 class=\"wp-block-heading has-large-font-size\"><strong><strong>Elena Rebato Pe\u00f1o<\/strong><\/strong><\/h2>\n\n\n\n<p style=\"font-size:13px\">Profesora Titular de Derecho Constitucional de la UCLM en la Facultad de Ciencias Jur\u00eddicas y Sociales de Toledo. Licenciada y doctora en Derecho por la Universidad de Castilla-La Mancha, con la tesis doctoral La detenci\u00f3n desde la Constituci\u00f3n, publicada por el CEC en 2006.&nbsp;&nbsp;Ampli\u00f3 sus investigaciones en la Universidad de Bolonia, Italia.<\/p>\n\n\n\n<p style=\"font-size:13px\">Autora de varias monograf\u00edas, numerosos art\u00edculos y cap\u00edtulos de libros en materia de Derechos Fundamentales, Protecci\u00f3n multinivel y Justicia Constitucional, siendo los estudios en materia de g\u00e9nero una de sus \u00faltimas l\u00edneas de investigaci\u00f3n en los \u00faltimos a\u00f1os, destacando:&nbsp;&nbsp;<\/p>\n\n\n\n<p style=\"font-size:13px\">&#8211; Direcci\u00f3n e impartici\u00f3n del curso \u201c<em>Visi\u00f3n multidisciplinar de la perspectiva de g\u00e9nero: construcci\u00f3n y evoluci\u00f3n de la igualdad de g\u00e9nero\u201d,&nbsp;<\/em>en la Comisi\u00f3n Nacional de los Derechos Humanos de M\u00e9xico (4\u00aa visitadur\u00eda)<\/p>\n\n\n\n<p style=\"font-size:13px\">&#8211; Docencia en el M\u00e1ster en Igualdad de g\u00e9nero: formaci\u00f3n de agentes para la igualdad, UCLM.<\/p>\n\n\n\n<p style=\"font-size:13px\">&#8211; Co- direcci\u00f3n del M\u00e1ster en Derechos Humanos con perspectiva de g\u00e9nero y paridad pol\u00edtico-electoral en la que tambi\u00e9n es docente<\/p>\n\n\n\n<p style=\"font-size:13px\">Ha integrado Tribunales de Trabajos de Investigaci\u00f3n de Doctorado, Diploma de Estudios Avanzados, Trabajos Fin de M\u00e1ster, Trabajos Fin de Grado y Tesis Doctorales. He tutorizado trabajos de postgrado, fin de M\u00e1ster y de Grado, pudiendo acreditar casi un centenar de trabajos de esta \u00edndole dirigidos. Ha dirigido m\u00e1s de una decena de tesis doctorales en distintas l\u00edneas de investigaci\u00f3n, como justicia constitucional, derechos fundamentales, organizaci\u00f3n territorial y g\u00e9nero y pol\u00edticas p\u00fablicas.<\/p>\n\n\n\n<p style=\"font-size:13px\">Ha participado como evaluadora externa de las siguientes Revistas jur\u00eddicas: &#8211; Revista General de Derecho Constitucional de Iustel; &#8211; Revista de Derecho Pol\u00edtico, febrero ; Revista Prospectiva Jur\u00eddica ; Anuario Iberoamericano de Justicia Constitucional e Historia y Pol\u00edtica.<\/p>\n<\/div>\n<\/div>\n<\/div>\n\n\n\n<div class=\"wp-block-group alignfull has-tertiary-background-color has-background is-layout-flow wp-block-group-is-layout-flow\">\n<p><\/p>\n<\/div>\n\n\n\n<div class=\"wp-block-group alignwide is-layout-flow wp-block-group-is-layout-flow\" id=\"Ana-Valero\" style=\"border-style:none;border-width:0px\">\n<div class=\"wp-block-columns is-layout-flex wp-container-core-columns-is-layout-28f84493 wp-block-columns-is-layout-flex\">\n<div class=\"wp-block-column is-layout-flow wp-block-column-is-layout-flow\">\n<figure class=\"wp-block-image size-large is-resized\"><img loading=\"lazy\" decoding=\"async\" width=\"1024\" height=\"1024\" src=\"https:\/\/blog.uclm.es\/proyectofyp\/wp-content\/uploads\/sites\/255\/2023\/03\/Diseno-sin-titulo-1-1024x1024.png\" alt=\"\" class=\"wp-image-368\" style=\"width:319px;height:319px\" srcset=\"https:\/\/blog.uclm.es\/proyectofyp\/wp-content\/uploads\/sites\/255\/2023\/03\/Diseno-sin-titulo-1-1024x1024.png 1024w, https:\/\/blog.uclm.es\/proyectofyp\/wp-content\/uploads\/sites\/255\/2023\/03\/Diseno-sin-titulo-1-300x300.png 300w, https:\/\/blog.uclm.es\/proyectofyp\/wp-content\/uploads\/sites\/255\/2023\/03\/Diseno-sin-titulo-1-150x150.png 150w, https:\/\/blog.uclm.es\/proyectofyp\/wp-content\/uploads\/sites\/255\/2023\/03\/Diseno-sin-titulo-1-768x768.png 768w, https:\/\/blog.uclm.es\/proyectofyp\/wp-content\/uploads\/sites\/255\/2023\/03\/Diseno-sin-titulo-1.png 1080w\" sizes=\"auto, (max-width: 1024px) 100vw, 1024px\" \/><\/figure>\n<\/div>\n\n\n\n<div class=\"wp-block-column is-layout-flow wp-block-column-is-layout-flow\">\n<h2 class=\"wp-block-heading has-large-font-size\"><strong>Francisco Javier D\u00edaz Revorio<\/strong><\/h2>\n\n\n\n<p style=\"font-size:13px\">Catedr\u00e1tico&nbsp;de Derecho Constitucional de la Universidad de Castilla-La Mancha (Espa\u00f1a). Vicedecano de Ense\u00f1anzas Jur\u00eddicas de la Facultad de Ciencias Jur\u00eddicas y Sociales de Toledo (2004-2009). Director del Departamento de Ciencia Jur\u00eddica y Derecho P\u00fablico de la UCLM (2010-2012). Vocal de la Junta Electoral de Castilla-La Mancha (2011). Consejero del Consejo Consultivo de Castilla-La Mancha (2012-2016). Acad\u00e9mico correspondiente de la Real Academia de Jurisprudencia y Legislaci\u00f3n (2012). Premio Nacional \u201cNicol\u00e1s P\u00e9rez Serrano\u201d a la mejor tesis doctoral en materia de Ciencia Pol\u00edtica y Derecho Constitucional (1996), entre otros premios relacionados con aspectos jur\u00eddicos. Doctor honoris causa y profesor honorario en diversas universidades iberoamericanas, as\u00ed como abogado honorario en distintos colegios. Autor de m\u00e1s de cien publicaciones cient\u00edficas en materia de Derecho Constitucional. Entre las m\u00e1s recientes,&nbsp;<em>Valores superiores e interpretaci\u00f3n constitucional&nbsp;<\/em>(3\u00aa ed., 2018),&nbsp;<em>Fundamentos actuales para una Teor\u00eda de la Constituci\u00f3n<\/em>&nbsp;(2018), o&nbsp;<a><em>El coste econ\u00f3mico de los derechos, su interpretaci\u00f3n y garant\u00eda,&nbsp;<\/em>Tribunal Electoral del Poder Judicial de la Federaci\u00f3n (2020),<\/a>&nbsp;o la codirecci\u00f3n y autor\u00eda parcial de&nbsp;las obras colectivas&nbsp;<em>Interculturalidad, paz, derechos de la naturaleza. Valores para un nuevo constitucionalismo&nbsp;<\/em>(2020),&nbsp;<em>80 a\u00f1os del exilio de juristas espa\u00f1oles acogidos en M\u00e9xico<\/em>&nbsp;(2020),&nbsp;<em>Ense\u00f1ar la Constituci\u00f3n, educar en democracia<\/em>&nbsp;(2021).&nbsp;<\/p>\n\n\n\n<p style=\"font-size:13px\">Ha realizado estancias de investigaci\u00f3n en diversas universidades e instituciones europeas y americanas, y ha participado y dirigido muy diversos proyectos de investigaci\u00f3n financiados por instituciones nacionales e internacionales. Ha realizado labores de asesoramiento, estudio o cooperaci\u00f3n para varias instituciones espa\u00f1olas e iberoamericanas, destacando el Tribunal Constitucional de Per\u00fa o el Tribunal Electoral del Poder Judicial de la Federaci\u00f3n en M\u00e9xico. Igualmente ha impartido docencia en nivel de grado y de postgrado en varias decenas de Universidades en Europa y Am\u00e9rica, as\u00ed como numerosas conferencias y cursos. Es coordinador del M\u00e1ster Universitario en Derecho Constitucional, de la Especialidad en Justicia Constitucional y de varios programas de postgrado. Evaluador, miembro de diversos Comit\u00e9s acad\u00e9micos y director de varias publicaciones cient\u00edficas.&nbsp;<\/p>\n<\/div>\n<\/div>\n<\/div>\n\n\n\n<div class=\"wp-block-group alignfull has-tertiary-background-color has-background is-layout-flow wp-block-group-is-layout-flow\" style=\"padding-top:1rem;padding-right:0px;padding-bottom:1rem;padding-left:0px\"><\/div>\n\n\n\n<div class=\"wp-block-group alignwide is-layout-flow wp-block-group-is-layout-flow\" id=\"Ana-Valero\" style=\"border-style:none;border-width:0px\">\n<div class=\"wp-block-columns is-layout-flex wp-container-core-columns-is-layout-28f84493 wp-block-columns-is-layout-flex\">\n<div class=\"wp-block-column is-layout-flow wp-block-column-is-layout-flow\">\n<figure class=\"wp-block-image size-large is-resized\"><img loading=\"lazy\" decoding=\"async\" width=\"1024\" height=\"1024\" src=\"https:\/\/blog.uclm.es\/proyectofyp\/wp-content\/uploads\/sites\/255\/2023\/04\/Instagram-pornografia-2-1024x1024.png\" alt=\"\" class=\"wp-image-477\" style=\"width:330px;height:330px\" srcset=\"https:\/\/blog.uclm.es\/proyectofyp\/wp-content\/uploads\/sites\/255\/2023\/04\/Instagram-pornografia-2-1024x1024.png 1024w, https:\/\/blog.uclm.es\/proyectofyp\/wp-content\/uploads\/sites\/255\/2023\/04\/Instagram-pornografia-2-300x300.png 300w, https:\/\/blog.uclm.es\/proyectofyp\/wp-content\/uploads\/sites\/255\/2023\/04\/Instagram-pornografia-2-150x150.png 150w, https:\/\/blog.uclm.es\/proyectofyp\/wp-content\/uploads\/sites\/255\/2023\/04\/Instagram-pornografia-2-768x768.png 768w, https:\/\/blog.uclm.es\/proyectofyp\/wp-content\/uploads\/sites\/255\/2023\/04\/Instagram-pornografia-2.png 1080w\" sizes=\"auto, (max-width: 1024px) 100vw, 1024px\" \/><\/figure>\n<\/div>\n\n\n\n<div class=\"wp-block-column is-layout-flow wp-block-column-is-layout-flow\">\n<h2 class=\"wp-block-heading has-large-font-size\"><strong>Giuliana Giuseppina Carboni<\/strong><\/h2>\n\n\n\n<p style=\"font-size:13px\">(Fonni (NU), 1966) Es Catedratica en Derecho publico comparado por la Universidad de Sassari.&nbsp;<\/p>\n\n\n\n<p style=\"font-size:13px\">Sus l\u00edneas de investigaci\u00f3n son, especialmente, las regiones y autonom\u00edas territoriales, la constituci\u00f3n econ\u00f3mica, la libertad de expresi\u00f3n y art\u00edstica, la salud.&nbsp;Coordina un proyecto sobre insularidad y es miembro de un grupo de investigaci\u00f3n en turismo y patrimonio cultural.<\/p>\n\n\n\n<p style=\"font-size:13px\">Es miembro de la Asociaci\u00f3n de Derecho P\u00fablico Comparado, de Devolution Club; Coordina el Doctorado en Ciencias Jur\u00eddicas de la Universidad de Sassari; es vicedirector de Departamento de ciencias econ\u00f3micas y empresariales; delegado rectoral para el deporte.<\/p>\n\n\n\n<p style=\"font-size:13px\">Es miembro del consejo de redacci\u00f3n de la revista Percorsi costituzionali y de la revista DPCE.<\/p>\n\n\n\n<p style=\"font-size:13px\">Ha colaborado con numerosas revistas: Quaderni costituzionali, Diritto pubblico comparato ed europeo, Federalismi, Percorsi costituzionali, Rassegna parlamentare.<\/p>\n\n\n\n<p style=\"font-size:13px\">Es autor de de tres libros: La oposici\u00f3n parlamentaria; La responsabilidad patrimonial en el derecho constitucional europeo, Federalismo fiscal. Sus contribuciones m\u00e1s recientes versan sobre el estatuto de las islas, la autonom\u00eda financiera, las medidas de lucha contra el Covid. <\/p>\n<\/div>\n<\/div>\n<\/div>\n\n\n\n<div class=\"wp-block-group alignfull has-tertiary-background-color has-background is-layout-flow wp-block-group-is-layout-flow\" style=\"padding-top:1rem;padding-right:0px;padding-bottom:1rem;padding-left:0px\"><\/div>\n\n\n\n<div class=\"wp-block-group alignwide is-layout-flow wp-block-group-is-layout-flow\" id=\"Ana-Valero\" style=\"border-style:none;border-width:0px\">\n<div class=\"wp-block-columns is-layout-flex wp-container-core-columns-is-layout-28f84493 wp-block-columns-is-layout-flex\">\n<div class=\"wp-block-column is-layout-flow wp-block-column-is-layout-flow\">\n<figure class=\"wp-block-image size-large is-resized\"><img loading=\"lazy\" decoding=\"async\" width=\"1024\" height=\"1024\" src=\"https:\/\/blog.uclm.es\/proyectofyp\/wp-content\/uploads\/sites\/255\/2023\/03\/la-pornografia-copia-1024x1024.png\" alt=\"\" class=\"wp-image-426\" style=\"width:333px;height:333px\" srcset=\"https:\/\/blog.uclm.es\/proyectofyp\/wp-content\/uploads\/sites\/255\/2023\/03\/la-pornografia-copia-1024x1024.png 1024w, https:\/\/blog.uclm.es\/proyectofyp\/wp-content\/uploads\/sites\/255\/2023\/03\/la-pornografia-copia-300x300.png 300w, https:\/\/blog.uclm.es\/proyectofyp\/wp-content\/uploads\/sites\/255\/2023\/03\/la-pornografia-copia-150x150.png 150w, https:\/\/blog.uclm.es\/proyectofyp\/wp-content\/uploads\/sites\/255\/2023\/03\/la-pornografia-copia-768x768.png 768w, https:\/\/blog.uclm.es\/proyectofyp\/wp-content\/uploads\/sites\/255\/2023\/03\/la-pornografia-copia.png 1080w\" sizes=\"auto, (max-width: 1024px) 100vw, 1024px\" \/><\/figure>\n<\/div>\n\n\n\n<div class=\"wp-block-column is-layout-flow wp-block-column-is-layout-flow\">\n<h2 class=\"wp-block-heading has-large-font-size\"><strong><strong>Miguel \u00c1lvarez<\/strong><\/strong><\/h2>\n\n\n\n<p style=\"font-size:13px\">Prof. Miguel \u00c1lvarez Ortega has an academic background in Legal Studies and Linguistics. After completing his PhD in Philosophy of Law with a dissertation on the Legal Thinking of contemporary philosopher E. Garz\u00f3n Vald\u00e9s, he pursued studies in Buddhist Philosophy and Tibetan language at Rangjung Yeshe Institute in Kathmandu. <\/p>\n\n\n\n<p style=\"font-size:13px\">His main research focuses on Buddhist approaches to law and politics with a focus on the Himalayas. He is currently based in Kyoto, working as an associate professor at Kyoto University, where he teaches Jurisprudence, Theories of Justice and Human Rights, Religion and Law, and Legal Anthropology in East Asia.<\/p>\n<\/div>\n<\/div>\n<\/div>\n\n\n\n<div class=\"wp-block-group alignfull has-tertiary-background-color has-background is-layout-flow wp-block-group-is-layout-flow\">\n<p><\/p>\n<\/div>\n\n\n\n<div class=\"wp-block-group alignwide is-layout-flow wp-block-group-is-layout-flow\" id=\"Ana-Valero\" style=\"border-style:none;border-width:0px\">\n<div class=\"wp-block-columns is-layout-flex wp-container-core-columns-is-layout-28f84493 wp-block-columns-is-layout-flex\">\n<div class=\"wp-block-column is-layout-flow wp-block-column-is-layout-flow\">\n<figure class=\"wp-block-image size-large is-resized\"><img loading=\"lazy\" decoding=\"async\" width=\"1024\" height=\"1024\" src=\"https:\/\/blog.uclm.es\/proyectofyp\/wp-content\/uploads\/sites\/255\/2023\/03\/la-pornografia-copia-2-1024x1024.png\" alt=\"\" class=\"wp-image-427\" style=\"width:326px;height:326px\" srcset=\"https:\/\/blog.uclm.es\/proyectofyp\/wp-content\/uploads\/sites\/255\/2023\/03\/la-pornografia-copia-2-1024x1024.png 1024w, https:\/\/blog.uclm.es\/proyectofyp\/wp-content\/uploads\/sites\/255\/2023\/03\/la-pornografia-copia-2-300x300.png 300w, https:\/\/blog.uclm.es\/proyectofyp\/wp-content\/uploads\/sites\/255\/2023\/03\/la-pornografia-copia-2-150x150.png 150w, https:\/\/blog.uclm.es\/proyectofyp\/wp-content\/uploads\/sites\/255\/2023\/03\/la-pornografia-copia-2-768x768.png 768w, https:\/\/blog.uclm.es\/proyectofyp\/wp-content\/uploads\/sites\/255\/2023\/03\/la-pornografia-copia-2.png 1080w\" sizes=\"auto, (max-width: 1024px) 100vw, 1024px\" \/><\/figure>\n<\/div>\n\n\n\n<div class=\"wp-block-column is-layout-flow wp-block-column-is-layout-flow\">\n<h2 class=\"wp-block-heading has-large-font-size\"><strong>Maria Esmeralda Bucalo<\/strong><\/h2>\n\n\n\n<p style=\"font-size:13px\">Profesora titular de derecho constitucional en la Universidad de Palermo. Abogada defensora en los tribunales superiores. Doctora en Justicia Constitucional y Derechos Fundamentales. Integrante de la junta doctoral de la Universidad de Tuscia titulada Sociedad en cambio: pol\u00edticas, derechos y seguridad; de la Asociaci\u00f3n Italiana de Constitucionalistas; la revista cient\u00edfica Le Regioni \u2013 Observatorio de Sicilia y de la Revista Cient\u00edfica de Derechos Regionales.<\/p>\n\n\n\n<p style=\"font-size:13px\">Profesora de Derecho Constitucional, Derecho Constitucional Europeo y Derecho Constitucional y Libertades Fundamentales en la Universidad de Palermo.<\/p>\n\n\n\n<p style=\"font-size:13px\">Autora de numerosas publicaciones (incluidas dos monograf\u00edas) sobre el tema de la inmunidad de los \u00f3rganos institucionales, el final de la vida, la igualdad de oportunidades, los derechos fundamentales, las fuentes del derecho, las autoridades administrativas independientes, el derecho blando, el derecho de las plataformas en l\u00ednea, la libertad de expresi\u00f3n y la expresi\u00f3n del pensamiento. <\/p>\n\n\n\n<p style=\"font-size:13px\">Ganadora del Premio de Investigaci\u00f3n del Departamento de Derecho de la Universidad de Palermo para el a\u00f1o 2021-2022 con un proyecto sobre el tema de libertad de expresi\u00f3n en l\u00ednea.<\/p>\n<\/div>\n<\/div>\n<\/div>\n\n\n\n<div class=\"wp-block-group alignfull has-tertiary-background-color has-background is-layout-flow wp-block-group-is-layout-flow\" style=\"padding-top:1rem;padding-right:0px;padding-bottom:1rem;padding-left:0px\">\n<p><\/p>\n<\/div>\n\n\n\n<div class=\"wp-block-group alignwide is-layout-flow wp-block-group-is-layout-flow\" id=\"Ana-Valero\" style=\"border-style:none;border-width:0px\">\n<div class=\"wp-block-columns is-layout-flex wp-container-core-columns-is-layout-28f84493 wp-block-columns-is-layout-flex\">\n<div class=\"wp-block-column is-layout-flow wp-block-column-is-layout-flow\">\n<figure class=\"wp-block-image size-large is-resized\"><img loading=\"lazy\" decoding=\"async\" width=\"1024\" height=\"1024\" src=\"https:\/\/blog.uclm.es\/proyectofyp\/wp-content\/uploads\/sites\/255\/2023\/04\/Instagram-pornografia-3-1024x1024.png\" alt=\"\" class=\"wp-image-487\" style=\"width:322px;height:322px\" srcset=\"https:\/\/blog.uclm.es\/proyectofyp\/wp-content\/uploads\/sites\/255\/2023\/04\/Instagram-pornografia-3-1024x1024.png 1024w, https:\/\/blog.uclm.es\/proyectofyp\/wp-content\/uploads\/sites\/255\/2023\/04\/Instagram-pornografia-3-300x300.png 300w, https:\/\/blog.uclm.es\/proyectofyp\/wp-content\/uploads\/sites\/255\/2023\/04\/Instagram-pornografia-3-150x150.png 150w, https:\/\/blog.uclm.es\/proyectofyp\/wp-content\/uploads\/sites\/255\/2023\/04\/Instagram-pornografia-3-768x768.png 768w, https:\/\/blog.uclm.es\/proyectofyp\/wp-content\/uploads\/sites\/255\/2023\/04\/Instagram-pornografia-3.png 1080w\" sizes=\"auto, (max-width: 1024px) 100vw, 1024px\" \/><\/figure>\n<\/div>\n\n\n\n<div class=\"wp-block-column is-layout-flow wp-block-column-is-layout-flow\">\n<h2 class=\"wp-block-heading has-large-font-size\"><strong>Hubert Alcaraz<\/strong><\/h2>\n\n\n\n<p style=\"font-size:13px\">Catedr\u00e1tico de Derecho P\u00fablico en la Universidad de Pau y des pays de l\u2019Adour (Francia) y miembro del Institut d\u2019\u00e9tudes ib\u00e9riques et ib\u00e9rico-am\u00e9ricaines (IE2IA CNRS UMR 17318). Es doctor de Aix Marsella Universidad (AMU) con la tesis&nbsp;<em>Le droit au respect de l\u2019intimit\u00e9 devant les juges constitutionnels fran\u00e7ais et espagnol<\/em>&nbsp;y disc\u00edpulo de Louis Favoreu. Entre sus principales l\u00edneas de investigaci\u00f3n se encuentran la justicia constitucional, los derechos fundamentales, los derechos de la personalidad y el derecho p\u00fablico comparado.<\/p>\n\n\n\n<p style=\"font-size:13px\">Es profesor invitado en las universidades de Sevilla, Carlos III de Madrid (Espa\u00f1a), APEC (Santo Domingo), Pontifica Universidad Cat\u00f3lica (Chile), Chuo University (Jap\u00f3n), Roma III (Italia), en el Colegio de abogados de Costa Rica, en la Procuraci\u00f3n del Tesoro de la Naci\u00f3n (Argentina), entre otras.<\/p>\n\n\n\n<p style=\"font-size:13px\">Entre sus \u00faltimas publicaciones encontramos&nbsp;<em>Syst\u00e8mes de contr\u00f4le de constitutionnalit\u00e9 par voie pr\u00e9judicielle et protection des personnes en situation de vuln\u00e9rabilit\u00e9 &#8211; Approche de droit compar\u00e9<\/em>&nbsp;(Confluence des droits, Francia), \u201cLas inmunidades de los miembros de los poderes ejecutivo y legislativo franc\u00e9s\u00bfUn equilibrio imposible&nbsp;?\u201d,&nbsp;<em>Teor\u00eda y Derecho<\/em>o \u201cLes pouvoirs de crise en crise&nbsp;: l\u2019\u00e9tat d\u2019alarme devant le juge constitutionnel espagnol\u201d,&nbsp;<em>Constitutions, peuples et territoires. M\u00e9langes en l\u2019honneur du professeur Andr\u00e9 Roux<\/em>&nbsp;(Dalloz, Francia).<\/p>\n<\/div>\n<\/div>\n<\/div>\n\n\n\n<div class=\"wp-block-group alignfull has-tertiary-background-color has-background is-layout-flow wp-block-group-is-layout-flow\" style=\"padding-top:1rem;padding-right:0px;padding-bottom:1rem;padding-left:0px\">\n<p><\/p>\n<\/div>\n\n\n\n<div class=\"wp-block-group alignwide is-layout-flow wp-block-group-is-layout-flow\" id=\"Ana-Valero\" style=\"border-style:none;border-width:0px\">\n<div class=\"wp-block-columns is-layout-flex wp-container-core-columns-is-layout-28f84493 wp-block-columns-is-layout-flex\">\n<div class=\"wp-block-column is-layout-flow wp-block-column-is-layout-flow\">\n<figure class=\"wp-block-image size-large is-resized\"><img loading=\"lazy\" decoding=\"async\" width=\"1024\" height=\"1024\" src=\"https:\/\/blog.uclm.es\/proyectofyp\/wp-content\/uploads\/sites\/255\/2023\/04\/Instagram-pornografia-copia-2-1024x1024.png\" alt=\"\" class=\"wp-image-468\" style=\"width:305px;height:305px\" srcset=\"https:\/\/blog.uclm.es\/proyectofyp\/wp-content\/uploads\/sites\/255\/2023\/04\/Instagram-pornografia-copia-2-1024x1024.png 1024w, https:\/\/blog.uclm.es\/proyectofyp\/wp-content\/uploads\/sites\/255\/2023\/04\/Instagram-pornografia-copia-2-300x300.png 300w, https:\/\/blog.uclm.es\/proyectofyp\/wp-content\/uploads\/sites\/255\/2023\/04\/Instagram-pornografia-copia-2-150x150.png 150w, https:\/\/blog.uclm.es\/proyectofyp\/wp-content\/uploads\/sites\/255\/2023\/04\/Instagram-pornografia-copia-2-768x768.png 768w, https:\/\/blog.uclm.es\/proyectofyp\/wp-content\/uploads\/sites\/255\/2023\/04\/Instagram-pornografia-copia-2.png 1080w\" sizes=\"auto, (max-width: 1024px) 100vw, 1024px\" \/><\/figure>\n<\/div>\n\n\n\n<div class=\"wp-block-column is-layout-flow wp-block-column-is-layout-flow\">\n<h2 class=\"wp-block-heading has-large-font-size\"><strong>Silvia Romboli<\/strong><\/h2>\n\n\n\n<p style=\"font-size:13px\">Doctora&nbsp;<em>cum laude<\/em>&nbsp;en Derecho Constitucional por la Universidad de Pisa y la Universidad de Sevilla, donde recibi\u00f3 el Premio Extraordinario de Doctorado en 2017. Ha sido Personal Docente Investigador en la Universidad de Sevilla, Personal Docente en la Universidad Europea de Madrid y ha trabajado en el Servicio de Doctrina del Tribunal Constitucional entre 2016 y 2018. Ha realizado varias estancias de investigaci\u00f3n en Francia (Universidad Paris 1, Pantheon Sorbonne), en Italia (Universit\u00e0 di Pisa) y en Estados Unidos (Fordham University). Colabora desde 2018 como docente y ponente en la Academia Interamericana de Derechos Humanos (AIDH), M\u00e9xico. Actualmente es Profesora Titular (AQU) de Derecho Constitucional en ESADE, Universidad Ramon Llull de Barcelona, en la que se incorpor\u00f3 en 2018. Sus l\u00edneas de investigaci\u00f3n principales tienen como objeto la protecci\u00f3n de los colectivos vulnerables frente a la discriminaci\u00f3n, tanto a nivel nacional como europeo e internacional, la justicia constitucional y el di\u00e1logo entre tribunales.&nbsp;<\/p>\n\n\n\n<p style=\"font-size:13px\">Sus publicaciones m\u00e1s relevantes pueden consultarse en las p\u00e1ginas:&nbsp;<a href=\"https:\/\/dialnet.unirioja.es\/servlet\/autor?codigo=4301631\">https:\/\/dialnet.unirioja.es\/servlet\/autor?codigo=4301631<\/a>&nbsp;y&nbsp;<a href=\"https:\/\/orcid.org\/0000-0003-3466-4158\">https:\/\/orcid.org\/0000-0003-3466-4158<\/a>.&nbsp;<\/p>\n<\/div>\n<\/div>\n<\/div>\n\n\n\n<div class=\"wp-block-group alignfull has-tertiary-background-color has-background is-layout-flow wp-block-group-is-layout-flow\" style=\"padding-top:1rem;padding-right:0px;padding-bottom:1rem;padding-left:0px\"><\/div>\n\n\n\n<div class=\"wp-block-group alignwide is-layout-flow wp-container-core-group-is-layout-a77db08e wp-block-group-is-layout-flow\" id=\"Ana-Valero\" style=\"border-style:none;border-width:0px\">\n<div class=\"wp-block-columns is-layout-flex wp-container-core-columns-is-layout-28f84493 wp-block-columns-is-layout-flex\">\n<div class=\"wp-block-column is-layout-flow wp-block-column-is-layout-flow\">\n<figure class=\"wp-block-image size-large is-resized\"><img loading=\"lazy\" decoding=\"async\" width=\"1080\" height=\"1080\" src=\"https:\/\/blog.uclm.es\/proyectofyp\/wp-content\/uploads\/sites\/255\/2023\/03\/4-1024x1024.png\" alt=\"\" class=\"wp-image-256\" style=\"width:330px;height:330px\" srcset=\"https:\/\/blog.uclm.es\/proyectofyp\/wp-content\/uploads\/sites\/255\/2023\/03\/4-1024x1024.png 1024w, https:\/\/blog.uclm.es\/proyectofyp\/wp-content\/uploads\/sites\/255\/2023\/03\/4-300x300.png 300w, https:\/\/blog.uclm.es\/proyectofyp\/wp-content\/uploads\/sites\/255\/2023\/03\/4-150x150.png 150w, https:\/\/blog.uclm.es\/proyectofyp\/wp-content\/uploads\/sites\/255\/2023\/03\/4-768x768.png 768w, https:\/\/blog.uclm.es\/proyectofyp\/wp-content\/uploads\/sites\/255\/2023\/03\/4.png 1080w\" sizes=\"auto, (max-width: 1080px) 100vw, 1080px\" \/><\/figure>\n<\/div>\n\n\n\n<div class=\"wp-block-column is-layout-flow wp-block-column-is-layout-flow\">\n<h2 class=\"wp-block-heading has-large-font-size\"><strong>Enrique Belda<\/strong><\/h2>\n\n\n\n<p style=\"font-size:13px\">Enrique Belda es&nbsp;Doctor en Derecho y&nbsp; Catedr\u00e1tico de Derecho Constitucional (UCLM). Codirige tambi\u00e9n la C\u00e1tedra Discapacidad y Dependencia (DyD). Sus l\u00edneas de investigaci\u00f3n son, adem\u00e1s del derecho de las personas con discapacidad, los \u00f3rganos del Estado, especialmente La Corona, la reforma constitucional, la representaci\u00f3n pol\u00edtica, los derechos de las minor\u00edas, y las instituciones locales.<\/p>\n\n\n\n<p style=\"font-size:13px\">Autor de un centenar de publicaciones en su \u00e1mbito, destacando libros como Los representantes locales en Espa\u00f1a. Centro de Estudios Pol\u00edticos y Constitucionales. Madrid, 2000; El Poder del Rey: alcance constitucional efectivo de las atribuciones de la Corona. Senado. Madrid, 2003; La protecci\u00f3n constitucional y legal de la lengua de signos. Fundaci\u00f3n Lex Nova, Valladolid, 2012; Los derechos de las personas y las funciones del Estado como l\u00edmite a la supresi\u00f3n de instituciones. La crisis econ\u00f3mica y la reforma del Estado. Centro de Estudios Pol\u00edticos y Constitucionales, Madrid, 2014; Dignidad y Discapacidad: una perspectiva desde los derechos humanos, Tirant lo Blanch, Ciudad de M\u00e9xico, 2019; o El derecho a la educaci\u00f3n y la ense\u00f1anza de los derechos como llave de la ciudadan\u00eda democr\u00e1tica, Tecnos, Madrid, 2021.&nbsp;<\/p>\n\n\n\n<p style=\"font-size:13px\">Imparte con regularidad docencia de posgrado nacional e internacional. Es tambi\u00e9n Investigador del Centro de Normalizaci\u00f3n Ling\u00fc\u00edstica de la Lengua de Signos Espa\u00f1ola.&nbsp;<\/p>\n\n\n\n<p style=\"font-size:13px\">Fue Consejero del Consejo Consultivo de Castilla-La Mancha (2006-2019) y Diputado al Congreso de Espa\u00f1a en la VII Legislatura (2000-2004), donde desempe\u00f1\u00f3 diversas funciones entre ellas la de Secretario segundo de la Comisi\u00f3n Constitucional del Congreso.&nbsp;<\/p>\n<\/div>\n<\/div>\n<\/div>\n\n\n\n<div class=\"wp-block-group alignfull has-tertiary-background-color has-background is-layout-flow wp-block-group-is-layout-flow\" style=\"padding-top:1rem;padding-right:0px;padding-bottom:1rem;padding-left:0px\">\n<p><\/p>\n<\/div>\n\n\n\n<div class=\"wp-block-group alignwide is-layout-flow wp-block-group-is-layout-flow\" id=\"Ana-Valero\" style=\"border-style:none;border-width:0px\">\n<div class=\"wp-block-columns is-layout-flex wp-container-core-columns-is-layout-28f84493 wp-block-columns-is-layout-flex\">\n<div class=\"wp-block-column is-layout-flow wp-block-column-is-layout-flow\">\n<figure class=\"wp-block-image size-large is-resized\"><img loading=\"lazy\" decoding=\"async\" width=\"1024\" height=\"1024\" src=\"https:\/\/blog.uclm.es\/proyectofyp\/wp-content\/uploads\/sites\/255\/2023\/03\/la-pornografia-copia-1-1024x1024.png\" alt=\"\" class=\"wp-image-436\" style=\"width:276px;height:276px\" srcset=\"https:\/\/blog.uclm.es\/proyectofyp\/wp-content\/uploads\/sites\/255\/2023\/03\/la-pornografia-copia-1-1024x1024.png 1024w, https:\/\/blog.uclm.es\/proyectofyp\/wp-content\/uploads\/sites\/255\/2023\/03\/la-pornografia-copia-1-300x300.png 300w, https:\/\/blog.uclm.es\/proyectofyp\/wp-content\/uploads\/sites\/255\/2023\/03\/la-pornografia-copia-1-150x150.png 150w, https:\/\/blog.uclm.es\/proyectofyp\/wp-content\/uploads\/sites\/255\/2023\/03\/la-pornografia-copia-1-768x768.png 768w, https:\/\/blog.uclm.es\/proyectofyp\/wp-content\/uploads\/sites\/255\/2023\/03\/la-pornografia-copia-1.png 1080w\" sizes=\"auto, (max-width: 1024px) 100vw, 1024px\" \/><\/figure>\n<\/div>\n\n\n\n<div class=\"wp-block-column is-layout-flow wp-block-column-is-layout-flow\">\n<h2 class=\"wp-block-heading has-large-font-size\"><strong><strong>Marta Reig Gonz\u00e1lez<\/strong><\/strong><\/h2>\n\n\n\n<p style=\"font-size:13px\">Graduada en Periodismo por la Universidad Complutense de Madrid (UCM),<br>M\u00e1ster en Estudios de G\u00e9nero por la Universidad Complutense de Madrid (UCM) y Estudios de Arte Dram\u00e1tico en el Laboratorio William Layton de Madrid.<\/p>\n\n\n\n<p style=\"font-size:13px\">Es directora de la revista de divulgaci\u00f3n feminista&nbsp;<strong><em>Iguales &amp; Diferentes<\/em><\/strong>, profesora de pensamiento feminista en el T\u00edtulo Experto \u201cAn\u00e1lisis de la conducta con perspectiva feminista\u201d y los cursos \u201cPsicolog\u00eda y g\u00e9nero\u201d de \u00cdtaco psicolog\u00eda; colabora y es docente en la C\u00e1tedra Extraordinaria de Valores Democr\u00e1ticos y G\u00e9nero de la Universidad Complutense y el Instituto de las Mujeres y en la Unidad de Igualdad de la misma Universidad.<\/p>\n\n\n\n<p style=\"font-size:13px\">Ha sido secretaria del curso \u201cMedios de comunicaci\u00f3n, valores democr\u00e1ticos y g\u00e9nero\u201d&nbsp;de la UCM de El Escorial (UCM), ha trabajado en comunicaci\u00f3n en la Unidad de Igualdad de la UCM, ha dirigido el documental&nbsp;<strong><em>MAESTRA, la depuraci\u00f3n de las maestras republicanas<\/em><\/strong>&nbsp;(2018), Premio del P\u00fablico y Premio a la Mejor Fotograf\u00eda en el FESCIMED (Festival de Cine por la Memoria Democr\u00e1tica). Ha fundado la compa\u00f1\u00eda de teatro&nbsp;<em>Pared con Pared<\/em>, donde ha escrito y dirigido la obra&nbsp;<em>Trilog\u00eda de las mujeres imposibles<\/em>&nbsp;(2020).<\/p>\n<\/div>\n<\/div>\n<\/div>\n\n\n\n<div class=\"wp-block-group alignfull has-tertiary-background-color has-background is-layout-flow wp-block-group-is-layout-flow\" style=\"padding-top:1rem;padding-right:0px;padding-bottom:1rem;padding-left:0px\"><\/div>\n\n\n\n<div class=\"wp-block-group alignwide is-layout-flow wp-block-group-is-layout-flow\" id=\"Ana-Valero\" style=\"border-style:none;border-width:0px\">\n<div class=\"wp-block-columns is-layout-flex wp-container-core-columns-is-layout-28f84493 wp-block-columns-is-layout-flex\">\n<div class=\"wp-block-column is-layout-flow wp-block-column-is-layout-flow\">\n<figure class=\"wp-block-image size-large is-resized\"><img loading=\"lazy\" decoding=\"async\" width=\"1024\" height=\"1024\" src=\"https:\/\/blog.uclm.es\/proyectofyp\/wp-content\/uploads\/sites\/255\/2023\/03\/2-1024x1024.png\" alt=\"\" class=\"wp-image-254\" style=\"width:317px;height:317px\" srcset=\"https:\/\/blog.uclm.es\/proyectofyp\/wp-content\/uploads\/sites\/255\/2023\/03\/2-1024x1024.png 1024w, https:\/\/blog.uclm.es\/proyectofyp\/wp-content\/uploads\/sites\/255\/2023\/03\/2-300x300.png 300w, https:\/\/blog.uclm.es\/proyectofyp\/wp-content\/uploads\/sites\/255\/2023\/03\/2-150x150.png 150w, https:\/\/blog.uclm.es\/proyectofyp\/wp-content\/uploads\/sites\/255\/2023\/03\/2-768x768.png 768w, https:\/\/blog.uclm.es\/proyectofyp\/wp-content\/uploads\/sites\/255\/2023\/03\/2.png 1080w\" sizes=\"auto, (max-width: 1024px) 100vw, 1024px\" \/><\/figure>\n<\/div>\n\n\n\n<div class=\"wp-block-column is-layout-flow wp-block-column-is-layout-flow\">\n<h2 class=\"wp-block-heading has-large-font-size\"><strong>Jes\u00fas Garc\u00eda C\u00edvico<\/strong><\/h2>\n\n\n\n<p style=\"font-size:13px\">Es Licenciado en Filosof\u00eda, M\u00e1ster en Literatura Comparada y Cr\u00edtica Cultural, Licenciado en Derecho, Doctor en Derecho en la especialidad \u00abFilosof\u00eda del derecho, moral y pol\u00edtica\u00bb por la Universidad de Valencia (programa \u00abDerechos humanos, \u00e9tica y democracia\u00bb). Investigador de Filosof\u00eda y Sociolog\u00eda del derecho invitado en centros extranjeros (Universidad de Heidelberg, Centro de Estudios Sociales de Coimbra, Universidad de Buenos Aires y otras), en la actualidad es Profesor Titular en la Facultad de Ciencias Jur\u00eddicas y Econ\u00f3micas de la Universitat Jaume I. Dirige el proyecto sobre pol\u00edtica y est\u00e9tica, iconograf\u00eda legal, literatura y derecho, \u00abLa norma y la imagen\u00bb. <\/p>\n\n\n\n<p style=\"font-size:13px\">Sus campos de inter\u00e9s son, especialmente, la dimensi\u00f3n cultural del derecho, el an\u00e1lisis de la idea de m\u00e9rito y meritocracia desde una perspectiva cultural; arte, literatura y derecho. <\/p>\n\n\n\n<p style=\"font-size:13px\">Cr\u00edtico literario y cinematogr\u00e1fico, secretario de la Asociaci\u00f3n Espa\u00f1ola de la Prensa Cinematogr\u00e1fica (AEPRECI), ha colaborado en medios como&nbsp;<em>El Estado Mental<\/em>, (EEM),&nbsp;<em>Revista de Arte, Literatura y Filosof\u00eda (del bolsillo) Canibaal<\/em>, en el blog colectivo \u00abAl rev\u00e9s y al derecho\u00bb en Infolibre, en la revista de literatura y pensamiento&nbsp;<em>Bostezo<\/em>, en la revista de cultura gr\u00e1fica&nbsp;<em>Tebeosfera<\/em>, en la secci\u00f3n de cr\u00edtica de libros de&nbsp;<em>Le Monde Diplomatique<\/em>&nbsp;(edici\u00f3n espa\u00f1ola), en La bolsa de Pipas (Mallorca), en la revista de filosof\u00eda&nbsp;<em>Pasajes del pensamiento contempor\u00e1neo<\/em>,&nbsp;<em>Dirty Rock<\/em>, Revista de artes visuales y cultura contempor\u00e1nea, cr\u00edtica literaria en&nbsp;<em>Quimer<\/em>a,&nbsp;<em>MAKMA<\/em>, en la revista digital de cultura y entretenimiento&nbsp;<em>El Hype<\/em>, en la secci\u00f3n de cr\u00edtica de libros de Revista de Letras. Es autor de libros de ficci\u00f3n como&nbsp;<em>Una casa holandesa<\/em>&nbsp;(Canibaal, 2014) o&nbsp;<em>Singular<\/em>&nbsp;(Che Books, 2018) o de los ensayos \u00a1<em>Ficciones las justas!<\/em>&nbsp;(Contrabando) o&nbsp;<em>La condici\u00f3n despistada<\/em>&nbsp;(Candaya, 2022) y dirige la colecic\u00f3n \u00abGris\u00bb de pensamiento y ensayo de la editorial valencia Contrabando.<\/p>\n<\/div>\n<\/div>\n<\/div>\n\n\n\n<div class=\"wp-block-group alignfull has-tertiary-background-color has-background is-layout-flow wp-block-group-is-layout-flow\" style=\"padding-top:1rem;padding-right:0px;padding-bottom:1rem;padding-left:0px\"><\/div>\n\n\n\n<div class=\"wp-block-group alignwide is-layout-flow wp-block-group-is-layout-flow\" id=\"Ana-Valero\" style=\"border-style:none;border-width:0px\">\n<div class=\"wp-block-columns is-layout-flex wp-container-core-columns-is-layout-28f84493 wp-block-columns-is-layout-flex\">\n<div class=\"wp-block-column is-layout-flow wp-block-column-is-layout-flow\">\n<figure class=\"wp-block-image size-large is-resized\"><img loading=\"lazy\" decoding=\"async\" width=\"1024\" height=\"1024\" src=\"https:\/\/blog.uclm.es\/proyectofyp\/wp-content\/uploads\/sites\/255\/2023\/04\/Instagram-pornografia-copia-1024x1024.png\" alt=\"\" class=\"wp-image-455\" style=\"width:329px;height:329px\" srcset=\"https:\/\/blog.uclm.es\/proyectofyp\/wp-content\/uploads\/sites\/255\/2023\/04\/Instagram-pornografia-copia-1024x1024.png 1024w, https:\/\/blog.uclm.es\/proyectofyp\/wp-content\/uploads\/sites\/255\/2023\/04\/Instagram-pornografia-copia-300x300.png 300w, https:\/\/blog.uclm.es\/proyectofyp\/wp-content\/uploads\/sites\/255\/2023\/04\/Instagram-pornografia-copia-150x150.png 150w, https:\/\/blog.uclm.es\/proyectofyp\/wp-content\/uploads\/sites\/255\/2023\/04\/Instagram-pornografia-copia-768x768.png 768w, https:\/\/blog.uclm.es\/proyectofyp\/wp-content\/uploads\/sites\/255\/2023\/04\/Instagram-pornografia-copia.png 1080w\" sizes=\"auto, (max-width: 1024px) 100vw, 1024px\" \/><\/figure>\n<\/div>\n\n\n\n<div class=\"wp-block-column is-layout-flow wp-block-column-is-layout-flow\">\n<h2 class=\"wp-block-heading has-large-font-size\"><strong>Mar<\/strong> <strong>Antonino<\/strong> <strong>de la C\u00e1mara<\/strong><\/h2>\n\n\n\n<p style=\"font-size:13px\">Licenciada en Derecho y licenciada en Filosof\u00eda por la Universidad Complutense de Madrid y m\u00e1ster en Gobernanza y Derechos Humanos por la Universidad Aut\u00f3noma de Madrid. Ha realizado una pasant\u00eda en la Corte Interamericana de Derechos Humanos y ha disfrutado de una beca de doctrina en el Tribunal Constitucional.&nbsp;<\/p>\n\n\n\n<p style=\"font-size:13px\">En la actualidad realiza una tesis doctoral en la Universidad Aut\u00f3noma de Madrid sobre el derecho a la cultura en la Constituci\u00f3n espa\u00f1ola. Ha realizado distintas estancias de investigaci\u00f3n en la Universidad de Pisa y en el Tribunal Europeo de Derechos Humanos, as\u00ed como en el Centro de Derechos Humanos de la Universidad de Essex. Ha impartido clases de derechos fundamentales y derechos humanos en grado y distintos posgrados.<\/p>\n\n\n\n<p style=\"font-size:13px\">Forma parte del consejo de redacci\u00f3n de la Revista Jur\u00eddica de la Universidad Aut\u00f3noma de Madrid. Ha participado en distintas obras colectivas y revistas cient\u00edficas con publicaciones&nbsp;&nbsp;vinculadas a la protecci\u00f3n constitucional de la participaci\u00f3n en la vida cultural en varias de sus manifestaciones: las libertades informativas, el derecho a la educaci\u00f3n o los derechos de grupos minoritarios.&nbsp;Entre sus publicaciones m\u00e1s recientes se encuentra&nbsp;<em>Urgenda Foundation v. State of the Netherlands<\/em>: Desaf\u00edos del constitucionalismo global, en la&nbsp;<em>Revista Espa\u00f1ola de Derecho Constitucional<\/em>.&nbsp;<\/p>\n<\/div>\n<\/div>\n<\/div>\n\n\n\n<div class=\"wp-block-group alignfull has-tertiary-background-color has-background is-layout-flow wp-block-group-is-layout-flow\" style=\"padding-top:1rem;padding-right:0px;padding-bottom:1rem;padding-left:0px\"><\/div>\n\n\n\n<div class=\"wp-block-group alignwide is-layout-flow wp-block-group-is-layout-flow\" id=\"Ana-Valero\">\n<div class=\"wp-block-columns is-layout-flex wp-container-core-columns-is-layout-28f84493 wp-block-columns-is-layout-flex\">\n<div class=\"wp-block-column is-layout-flow wp-block-column-is-layout-flow\">\n<figure class=\"wp-block-image size-large is-resized\"><img loading=\"lazy\" decoding=\"async\" width=\"1024\" height=\"1024\" src=\"https:\/\/blog.uclm.es\/proyectofyp\/wp-content\/uploads\/sites\/255\/2023\/04\/Instagram-pornografia-4-1024x1024.png\" alt=\"\" class=\"wp-image-489\" style=\"width:318px;height:318px\" srcset=\"https:\/\/blog.uclm.es\/proyectofyp\/wp-content\/uploads\/sites\/255\/2023\/04\/Instagram-pornografia-4-1024x1024.png 1024w, https:\/\/blog.uclm.es\/proyectofyp\/wp-content\/uploads\/sites\/255\/2023\/04\/Instagram-pornografia-4-300x300.png 300w, https:\/\/blog.uclm.es\/proyectofyp\/wp-content\/uploads\/sites\/255\/2023\/04\/Instagram-pornografia-4-150x150.png 150w, https:\/\/blog.uclm.es\/proyectofyp\/wp-content\/uploads\/sites\/255\/2023\/04\/Instagram-pornografia-4-768x768.png 768w, https:\/\/blog.uclm.es\/proyectofyp\/wp-content\/uploads\/sites\/255\/2023\/04\/Instagram-pornografia-4.png 1080w\" sizes=\"auto, (max-width: 1024px) 100vw, 1024px\" \/><\/figure>\n<\/div>\n\n\n\n<div class=\"wp-block-column is-layout-flow wp-block-column-is-layout-flow\">\n<h2 class=\"wp-block-heading has-large-font-size\"><strong>Beatriz L\u00f3pez Lorca<\/strong><\/h2>\n\n\n\n<p style=\"font-size:13px\">Profesora de Derecho penal en la Facultad de Ciencias Sociales de la Universidad de Castilla-La Mancha. Sus l\u00edneas de investigaci\u00f3n principales el Derecho penitenciario y la Penolog\u00eda, donde se ha centrado principalmente en las penas de prisi\u00f3n de larga duraci\u00f3n y cadena perpetua a trav\u00e9s de diferentes publicaciones, proyectos de investigaci\u00f3n e intervenciones en foros especializados; el Derecho penal internacional, siendo especialista en delitos contra la seguridad mar\u00edtima y a\u00e9rea y su intersecci\u00f3n con la gobernanza global de los espacios mar\u00edtimo y a\u00e9reo; y el Derecho penal militar, \u00e1mbito en el que ha publicado numerosos art\u00edculos y ha desarrollado una labor de asesor\u00eda a varios grupos parlamentarios durante la reforma del actual C\u00f3digo Penal Militar. <\/p>\n\n\n\n<p style=\"font-size:13px\">Tambi\u00e9n ha abordado la cuesti\u00f3n de la violencia de g\u00e9nero desde la perspectiva del Derecho Penal as\u00ed como la problem\u00e1tica de la violaci\u00f3n de derechos humanos por parte de empresas, con especial atenci\u00f3n a las empresas militares y de seguridad privada.<\/p>\n<\/div>\n<\/div>\n<\/div>\n\n\n\n<div class=\"wp-block-group alignfull has-tertiary-background-color has-background is-layout-flow wp-block-group-is-layout-flow\" style=\"padding-top:1rem;padding-right:0px;padding-bottom:1rem;padding-left:0px\"><\/div>\n\n\n\n<div class=\"wp-block-group alignwide is-layout-flow wp-block-group-is-layout-flow\" id=\"Ana-Valero\" style=\"border-style:none;border-width:0px\">\n<div class=\"wp-block-columns is-layout-flex wp-container-core-columns-is-layout-28f84493 wp-block-columns-is-layout-flex\">\n<div class=\"wp-block-column is-layout-flow wp-block-column-is-layout-flow\">\n<figure class=\"wp-block-image size-large is-resized\"><img loading=\"lazy\" decoding=\"async\" width=\"1024\" height=\"1024\" src=\"https:\/\/blog.uclm.es\/proyectofyp\/wp-content\/uploads\/sites\/255\/2023\/03\/Diseno-sin-titulo-3-1024x1024.png\" alt=\"\" class=\"wp-image-400\" style=\"width:312px;height:312px\" srcset=\"https:\/\/blog.uclm.es\/proyectofyp\/wp-content\/uploads\/sites\/255\/2023\/03\/Diseno-sin-titulo-3-1024x1024.png 1024w, https:\/\/blog.uclm.es\/proyectofyp\/wp-content\/uploads\/sites\/255\/2023\/03\/Diseno-sin-titulo-3-300x300.png 300w, https:\/\/blog.uclm.es\/proyectofyp\/wp-content\/uploads\/sites\/255\/2023\/03\/Diseno-sin-titulo-3-150x150.png 150w, https:\/\/blog.uclm.es\/proyectofyp\/wp-content\/uploads\/sites\/255\/2023\/03\/Diseno-sin-titulo-3-768x768.png 768w, https:\/\/blog.uclm.es\/proyectofyp\/wp-content\/uploads\/sites\/255\/2023\/03\/Diseno-sin-titulo-3.png 1080w\" sizes=\"auto, (max-width: 1024px) 100vw, 1024px\" \/><\/figure>\n<\/div>\n\n\n\n<div class=\"wp-block-column is-layout-flow wp-block-column-is-layout-flow\">\n<h2 class=\"wp-block-heading has-large-font-size\"><strong>Beatriz Ranea Trivi\u00f1o<\/strong><\/h2>\n\n\n\n<p style=\"font-size:13px\">Profesora ayudante doctora en el departamento de Sociolog\u00eda Aplicada de la Facultad de Ciencias de la Informaci\u00f3n de la Universidad Complutense de Madrid.<br>Doctora en Sociolog\u00eda y Antropolog\u00eda por la Universidad Complutense de Madrid, Premio extraordinario de doctorado curso 2018\/2019 con su tesis \u201cMasculinidad hegem\u00f3nica y prostituci\u00f3n femenina: (re)construcciones del orden de g\u00e9nero en los espacios de prostituci\u00f3n en el Estado espa\u00f1ol\u201d. M\u00e1ster Erasmus Mundus en Estudios de las Mujeres y de G\u00e9nero por la University of Hull (Reino Unido) y la Universidad de Granada. Licenciada en Ciencias Pol\u00edticas. Es docente en diferentes cursos y posgrados: curso Historia de la teor\u00eda Feminista de la Universidade da Coru\u00f1a; Master Igualdad y Equidad en el Desarrollo de la Universitat de Vic; y el T\u00edtulo Universitario Especialista en Masculinidades, G\u00e9nero e Igualdad de la Universidad Miguel Hern\u00e1ndez. Autora del libro \u201cDesarmar la masculinidad. Los hombres ante la era del feminismo\u201d (2021); ha editado \u00abFeminismos. Antolog\u00eda de textos feministas para uso de las generaciones m\u00e1s j\u00f3venes, y las que no lo son tanto\u00bb (2019) y coordinadora junto a Rosa Cobo de \u201cBreve Diccionario de Feminismo\u201d en la editorial Los Libros de la Catarata. Sus l\u00edneas de investigaci\u00f3n giran en torno a la explotaci\u00f3n sexual; violencias de g\u00e9nero; y masculinidades y cambio social.&nbsp;<\/p>\n\n\n\n<p style=\"font-size:13px\">Ha recibido diversos premios de investigaci\u00f3n: en 2021 el Premio de Investigaci\u00f3n Mar\u00eda Isidra de Guzm\u00e1n; en 2020 recibi\u00f3 el Acc\u00e9sit Premio \u00c1ngeles Dur\u00e1n de Innovaci\u00f3n Cient\u00edfica y 2016 el Primer premio a la investigaci\u00f3n feminista en materia de igualdad, convocado por el Instituto Aragon\u00e9s de la Mujer y la Universidad de Zaragoza.<\/p>\n<\/div>\n<\/div>\n<\/div>\n\n\n\n<div class=\"wp-block-group alignfull has-tertiary-background-color has-background is-layout-flow wp-block-group-is-layout-flow\" style=\"padding-top:1rem;padding-right:0px;padding-bottom:1rem;padding-left:0px\"><\/div>\n\n\n\n<div class=\"wp-block-group alignwide is-layout-flow wp-block-group-is-layout-flow\" id=\"Ana-Valero\">\n<div class=\"wp-block-columns is-layout-flex wp-container-core-columns-is-layout-28f84493 wp-block-columns-is-layout-flex\">\n<div class=\"wp-block-column is-layout-flow wp-block-column-is-layout-flow\">\n<figure class=\"wp-block-image size-large is-resized\"><img loading=\"lazy\" decoding=\"async\" width=\"1024\" height=\"1024\" src=\"https:\/\/blog.uclm.es\/proyectofyp\/wp-content\/uploads\/sites\/255\/2023\/04\/Instagram-pornografia-copia-3-1024x1024.png\" alt=\"\" class=\"wp-image-484\" style=\"width:305px;height:305px\" srcset=\"https:\/\/blog.uclm.es\/proyectofyp\/wp-content\/uploads\/sites\/255\/2023\/04\/Instagram-pornografia-copia-3-1024x1024.png 1024w, https:\/\/blog.uclm.es\/proyectofyp\/wp-content\/uploads\/sites\/255\/2023\/04\/Instagram-pornografia-copia-3-300x300.png 300w, https:\/\/blog.uclm.es\/proyectofyp\/wp-content\/uploads\/sites\/255\/2023\/04\/Instagram-pornografia-copia-3-150x150.png 150w, https:\/\/blog.uclm.es\/proyectofyp\/wp-content\/uploads\/sites\/255\/2023\/04\/Instagram-pornografia-copia-3-768x768.png 768w, https:\/\/blog.uclm.es\/proyectofyp\/wp-content\/uploads\/sites\/255\/2023\/04\/Instagram-pornografia-copia-3.png 1080w\" sizes=\"auto, (max-width: 1024px) 100vw, 1024px\" \/><\/figure>\n<\/div>\n\n\n\n<div class=\"wp-block-column is-layout-flow wp-block-column-is-layout-flow\">\n<h2 class=\"wp-block-heading has-large-font-size\"><strong>Mar\u00eda Mart\u00edn S\u00e1nchez<\/strong><\/h2>\n\n\n\n<p style=\"font-size:13px\">Profesora Titular de Derecho Constitucional de la Universidad de Castilla- La Mancha. Doctora en Derecho por la UCLM y Especialista en Derecho Europeo por la Universidad Montesquieu-Bordeaux IV (Francia). Investigadora en la Facolt\u00e0 di Giurisprudenza, Universidad de Pisa (2014, Italia). Sus principales l\u00edneas de investigaci\u00f3n se centran en: (1) la igualdad y la no discriminaci\u00f3n: sobre prohibici\u00f3n de discriminaci\u00f3n por orientaci\u00f3n sexual y derecho a la identidad sexual; sobre protecci\u00f3n de las minor\u00edas; y sobre los derechos de la mujer. (2) Tribunal Europeo de Derechos Humanos y el derecho internacional de los derechos humanos. (3) matrimonio, menores y familia.<\/p>\n\n\n\n<p style=\"font-size:13px\">Autora de cuatro monograf\u00edas, y coautora y directora de otras dos, la m\u00e1s reciente:&nbsp;<em>La perspectiva de g\u00e9nero en la protecci\u00f3n internacional de los derechos humanos (2021, Tirant lo Blanch), y&nbsp;<\/em>de una treintena de art\u00edculos cient\u00edficos y cap\u00edtulos de libro sobre el derecho a la vida, el Tribunal Europeo de Derechos Humanos, la educaci\u00f3n, la dignidad, los derechos de las mujeres, o la justicia constitucional. Miembro de proyectos de investigaci\u00f3n de car\u00e1cter nacional e internacional; participante en Congresos nacionales e internacionales; y profesora visitante en distintas Universidades extranjeras. Ha sido coordinadora y\/o secretaria de diferentes cursos de Doctorado y T\u00edtulos Propios en universidades e instituciones espa\u00f1olas y extranjeras: U. de Costa Rica, Suprema Corte de Costa Rica, Universidad Tecnol\u00f3gica de El Salvador, U. de Baja California; Y ha impartido docencia en otras tantas: Comisi\u00f3n Nacional de Derechos Humanos de M\u00e9xico, Tribunal Electoral Federal de M\u00e9xico, Pontificia U. Cat\u00f3lica de Per\u00fa, Centro de Administraci\u00f3n P\u00fablica de la Habana, entre otros.<\/p>\n\n\n\n<p style=\"font-size:13px\">En la actualidad pertenece a la Comisi\u00f3n Acad\u00e9mica del M\u00e1ster Universitario de Derecho Constitucional (UCLM); dirige el Curso de Formaci\u00f3n Universitaria Avanzada \u201cIncluye e Inserta&nbsp;Ciudad Real\u201d dirigido a personas con discapacidad; y desempe\u00f1a el cargo de Vicedecana de Derecho en la Facultad de Derecho y Ciencias Sociales de la UCLM, en el Campus de Ciudad Real.<\/p>\n<\/div>\n<\/div>\n<\/div>\n\n\n\n<div class=\"wp-block-group alignfull has-tertiary-background-color has-background is-layout-flow wp-block-group-is-layout-flow\" style=\"padding-top:1rem;padding-right:0px;padding-bottom:1rem;padding-left:0px\"><\/div>\n\n\n\n<div class=\"wp-block-group alignwide is-layout-flow wp-block-group-is-layout-flow\" id=\"Ana-Valero\" style=\"border-style:none;border-width:0px\">\n<div class=\"wp-block-columns is-layout-flex wp-container-core-columns-is-layout-28f84493 wp-block-columns-is-layout-flex\">\n<div class=\"wp-block-column is-layout-flow wp-block-column-is-layout-flow\">\n<figure class=\"wp-block-image size-large is-resized\"><img loading=\"lazy\" decoding=\"async\" width=\"1024\" height=\"1024\" src=\"https:\/\/blog.uclm.es\/proyectofyp\/wp-content\/uploads\/sites\/255\/2023\/04\/Instagram-pornografia-5-1024x1024.png\" alt=\"\" class=\"wp-image-492\" style=\"width:329px;height:329px\" srcset=\"https:\/\/blog.uclm.es\/proyectofyp\/wp-content\/uploads\/sites\/255\/2023\/04\/Instagram-pornografia-5-1024x1024.png 1024w, https:\/\/blog.uclm.es\/proyectofyp\/wp-content\/uploads\/sites\/255\/2023\/04\/Instagram-pornografia-5-300x300.png 300w, https:\/\/blog.uclm.es\/proyectofyp\/wp-content\/uploads\/sites\/255\/2023\/04\/Instagram-pornografia-5-150x150.png 150w, https:\/\/blog.uclm.es\/proyectofyp\/wp-content\/uploads\/sites\/255\/2023\/04\/Instagram-pornografia-5-768x768.png 768w, https:\/\/blog.uclm.es\/proyectofyp\/wp-content\/uploads\/sites\/255\/2023\/04\/Instagram-pornografia-5.png 1080w\" sizes=\"auto, (max-width: 1024px) 100vw, 1024px\" \/><\/figure>\n<\/div>\n\n\n\n<div class=\"wp-block-column is-layout-flow wp-block-column-is-layout-flow\">\n<h2 class=\"wp-block-heading has-large-font-size\"><strong>Tom\u00e1s Vidal<\/strong> <strong>Mar\u00edn<\/strong><\/h2>\n\n\n\n<p style=\"font-size:0.8em\">Licenciado en CC. Pol\u00edticas por la UCM. Licenciado y Doctor en Derecho por la UCLM. Es Profesor Titular de Derecho Constitucional (Catedr\u00e1tico acreditado de Derecho Constitucional por ANECA) en la Facultad de Derecho y CC. Sociales de la UCLM.<\/p>\n\n\n\n<p style=\"font-size:0.8em\">Sus principales l\u00edneas de investigaci\u00f3n se han centrado en derechos fundamentales y libertades p\u00fablicas, deberes constitucionales, Derecho Parlamentario, Poder Judicial, sistemas electorales, t\u00e9cnica legislativa, democracia participativa y procesos constitucionales.&nbsp;&nbsp;Es autor de numerosas publicaciones, entre las que destacan: El derecho al honor y su protecci\u00f3n desde la Constituci\u00f3n Espa\u00f1ola, CEPC, 2000; Un estudio constitucional sobre el deber de contribuir y los principios que lo informan: el art\u00edculo 31.1 CE, Tirant Lo Blanch, 2003; Los Reglamentos de las Asambleas Legislativas, Congreso de los Diputados, 2005; Sistemas electorales y Estado Auton\u00f3mico. Especial consideraci\u00f3n del sistema electoral de Castilla-La Mancha, Cortes de Castilla-La Mancha, 2006 ; La impugnaci\u00f3n de disposiciones sin fuerza de Ley y resoluciones de las Comunidades Aut\u00f3nomas prevista en el art\u00edculo 161.2 de la Constituci\u00f3n, Tirant Lo Blanch, 2020;&nbsp;&nbsp;\u201cEl derecho al honor, a la intimidad y a la propia imagen: La Ley Org\u00e1nica 1\/1982 treinta a\u00f1os despu\u00e9s\u201d, en La protecci\u00f3n jurisdiccional de los derechos fundamentales, Actas del XI Congreso de la Asociaci\u00f3n de constitucionalistas de Espa\u00f1a, Tirant-Lo Blanch, 2015;\u201cIndependencia judicial y composici\u00f3n de los Consejos Superiores de la Magistratura\u201d, Revista General de Derecho P\u00fablico Comparado (IUSTEL), n\u00ba 3, 2008;&nbsp;&nbsp;\u201cDerecho al honor, personas jur\u00eddicas y Tribunal Constitucional\u201d, Actas del V Congreso de la Asociaci\u00f3n de Constitucionalistas de Espa\u00f1a: La reforma del Tribunal Constitucional, Tirant lo Blanch, 2007;\u201dT\u00e9cnica Legislativa, inserci\u00f3n de la norma en el ordenamiento jur\u00eddico y Tribunal Constitucional\u201d, Teor\u00eda y Realidad Constitucional, n\u00ba 31, 2013; \u201cLos errores en las normas y su correcci\u00f3n en el BOE: una pr\u00e1ctica cuestionable\u201d, Revista de Derecho Pol\u00edtico, n\u00ba 90, 2014 y y \u201cRegeneraci\u00f3n democr\u00e1tica e iniciativa legislativa popular\u201d, INDRET, Revista para el an\u00e1lisis del Derecho, n\u00ba 2, 2015.<\/p>\n\n\n\n<p style=\"font-size:13px\">Ha realizado estancias de investigaci\u00f3n en Italia. Ha sido y es miembro de diversos Proyectos de investigaci\u00f3n, tanto europeos, como nacionales y regionales, sobre distintos aspectos relevantes sobre el Derecho Constitucional.<\/p>\n\n\n\n<p style=\"font-size:13px\">Ha impartido conferencias&nbsp;&nbsp;sobre cuestiones atinentes al Derecho Constitucional en Universidades Europeas y Latinoamericanas.&nbsp;<\/p>\n<\/div>\n<\/div>\n<\/div>\n\n\n\n<div class=\"wp-block-group alignfull has-tertiary-background-color has-background is-layout-flow wp-block-group-is-layout-flow\" style=\"padding-top:1rem;padding-right:0px;padding-bottom:1rem;padding-left:0px\"><\/div>\n\n\n\n<div class=\"wp-block-group alignwide is-layout-flow wp-block-group-is-layout-flow\" id=\"Ana-Valero\" style=\"border-style:none;border-width:0px\">\n<div class=\"wp-block-columns is-layout-flex wp-container-core-columns-is-layout-28f84493 wp-block-columns-is-layout-flex\">\n<div class=\"wp-block-column is-layout-flow wp-block-column-is-layout-flow\">\n<figure class=\"wp-block-image size-large is-resized\"><img loading=\"lazy\" decoding=\"async\" width=\"1024\" height=\"1024\" src=\"https:\/\/blog.uclm.es\/proyectofyp\/wp-content\/uploads\/sites\/255\/2023\/04\/Instagram-pornografia-1024x1024.png\" alt=\"\" class=\"wp-image-453\" style=\"width:313px;height:313px\" srcset=\"https:\/\/blog.uclm.es\/proyectofyp\/wp-content\/uploads\/sites\/255\/2023\/04\/Instagram-pornografia-1024x1024.png 1024w, https:\/\/blog.uclm.es\/proyectofyp\/wp-content\/uploads\/sites\/255\/2023\/04\/Instagram-pornografia-300x300.png 300w, https:\/\/blog.uclm.es\/proyectofyp\/wp-content\/uploads\/sites\/255\/2023\/04\/Instagram-pornografia-150x150.png 150w, https:\/\/blog.uclm.es\/proyectofyp\/wp-content\/uploads\/sites\/255\/2023\/04\/Instagram-pornografia-768x768.png 768w, https:\/\/blog.uclm.es\/proyectofyp\/wp-content\/uploads\/sites\/255\/2023\/04\/Instagram-pornografia.png 1080w\" sizes=\"auto, (max-width: 1024px) 100vw, 1024px\" \/><\/figure>\n<\/div>\n\n\n\n<div class=\"wp-block-column is-layout-flow wp-block-column-is-layout-flow\">\n<h2 class=\"wp-block-heading has-large-font-size\"><strong>Maria Antonella Gliatta<\/strong><\/h2>\n\n\n\n<p style=\"font-size:13px\">Investigadora de Derecho Constitucional de la Universidad de Molise, tiene entre sus principales l\u00edneas de investigaci\u00f3n: el estudio de la forma de gobierno y el procedimiento legislativo, la legislaci\u00f3n italiana y europea sobre derecho de inmigraci\u00f3n y asilo, el derecho constitucional judicial y las t\u00e9cnicas de interpretaci\u00f3n conforme con la constituci\u00f3n.&nbsp;<\/p>\n\n\n\n<p style=\"font-size:13px\">Ha obtenido financiaci\u00f3n europea en base a convocatorias de selecciones competitivas entre pares en materia de derecho de asilo europeo y ha formado parte de proyectos regionales.&nbsp;<\/p>\n\n\n\n<p style=\"font-size:13px\">Ha sido investigadora visitante en el Departamento de Derecho de la Universidad Pompeu Fabra de Barcelona y en el Departamento de Derecho de la Universidad Fordham de New York.<\/p>\n\n\n\n<p style=\"font-size:13px\">Su \u00faltima obra monogr\u00e1fica es:&nbsp;<em>La dialettica della centralit\u00e0. Studio sull\u2019iniziativa legislativa del Governo<\/em>, Editoriale Scientifica, Napoli, 2020.<\/p>\n\n\n\n<p style=\"font-size:13px\">Tiene publicaciones en muchas revistas de clase A: Constitucionalismo.it, Federalismi.it, Democrazia e Diritto, Le Regioni.<\/p>\n<\/div>\n<\/div>\n<\/div>\n\n\n\n<div class=\"wp-block-group alignfull has-tertiary-background-color has-background is-layout-flow wp-block-group-is-layout-flow\" style=\"padding-top:1rem;padding-right:0px;padding-bottom:1rem;padding-left:0px\"><\/div>\n\n\n\n<div class=\"wp-block-group alignwide is-layout-flow wp-block-group-is-layout-flow\" id=\"Ana-Valero\" style=\"border-style:none;border-width:0px\">\n<div class=\"wp-block-columns is-layout-flex wp-container-core-columns-is-layout-28f84493 wp-block-columns-is-layout-flex\">\n<div class=\"wp-block-column is-layout-flow wp-block-column-is-layout-flow\">\n<figure class=\"wp-block-image size-large is-resized\"><img loading=\"lazy\" decoding=\"async\" width=\"1024\" height=\"1024\" src=\"https:\/\/blog.uclm.es\/proyectofyp\/wp-content\/uploads\/sites\/255\/2023\/04\/Instagram-pornografia-1-1024x1024.png\" alt=\"\" class=\"wp-image-457\" style=\"width:314px;height:314px\" srcset=\"https:\/\/blog.uclm.es\/proyectofyp\/wp-content\/uploads\/sites\/255\/2023\/04\/Instagram-pornografia-1-1024x1024.png 1024w, https:\/\/blog.uclm.es\/proyectofyp\/wp-content\/uploads\/sites\/255\/2023\/04\/Instagram-pornografia-1-300x300.png 300w, https:\/\/blog.uclm.es\/proyectofyp\/wp-content\/uploads\/sites\/255\/2023\/04\/Instagram-pornografia-1-150x150.png 150w, https:\/\/blog.uclm.es\/proyectofyp\/wp-content\/uploads\/sites\/255\/2023\/04\/Instagram-pornografia-1-768x768.png 768w, https:\/\/blog.uclm.es\/proyectofyp\/wp-content\/uploads\/sites\/255\/2023\/04\/Instagram-pornografia-1.png 1080w\" sizes=\"auto, (max-width: 1024px) 100vw, 1024px\" \/><\/figure>\n<\/div>\n\n\n\n<div class=\"wp-block-column is-layout-flow wp-block-column-is-layout-flow\">\n<h2 class=\"wp-block-heading has-large-font-size\"><strong>Adriana Trav\u00e9 Valls<\/strong><\/h2>\n\n\n\n<p style=\"font-size:13px\">Adriana Trav\u00e9, miembro del equipo de trabajo del Proyecto, es abogada y profesora asociada de Derecho Constitucional en la Universidad de Castilla-La Mancha.&nbsp;<\/p>\n\n\n\n<p style=\"font-size:13px\">Actualmente doctoranda en la misma Universidad donde ejerce tambi\u00e9n los cargos de secretar\u00eda acad\u00e9mica delCurso Especialista en Justicia Constitucional, interpretaci\u00f3n y tutela de los Derechos Fundamentales de la Universidad de Castilla La Mancha; M\u00e1ster en Derechos Humanos, g\u00e9nero y Derecho antidiscriminatorio&nbsp;&nbsp;de la Universidad de Castilla -La Mancha; M\u00e1ster en Derecho Electoral, Parlamentario y T\u00e9cnica Legislativa de la Universidad de Castilla-La Mancha.<\/p>\n\n\n\n<p style=\"font-size:13px\">Ponente en distintos foros acad\u00e9micos de relevancia en la Universidad de Castilla-La Mancha, Universidad Francisco de Vitoria, Tribunal Electoral de la Federaci\u00f3n de M\u00e9xico entre otros.&nbsp;&nbsp;<\/p>\n\n\n\n<p style=\"font-size:13px\">Entre sus publicaciones destacan Estudio&nbsp;<a>\u201cMujer y Constituci\u00f3n: pasado y presente del contenido jur\u00eddico de igualdad de mujeres y hombres\u201d publicado en 2018 en la Revista jur\u00eddica Anuario. Parlamento y Constituci\u00f3n;&nbsp;\u201cEl incidente de nulidad de actuaciones como mecanismo de protecci\u00f3n de los derechos fundamentales: \u00bfuna realidad o una ficci\u00f3n?\u201d en la obra colectiva anual \u201c<em>La tutela dei diritti fondamentali: esperienze a confronto<\/em>\u201d publicado en 2019;<\/a><strong>&nbsp;<\/strong>\u201cEl pluralismo jur\u00eddico: de la multiculturalidad a la interculturalidad como par\u00e1metros determinantes\u201d, en la obra colectiva&nbsp;<strong>,&nbsp;&nbsp;<\/strong><em>Interculturalidad, Derechos de la naturaleza, Paz: Valores para un nuevo constitucionalismo, o&nbsp;<\/em>del art\u00edculo en la Revista de Derecho Civil: \u201cNuevos escenarios, misma doctrina: derecho a la propia imagen y derecho a la informaci\u00f3n con ocasi\u00f3n del uso de las redes sociales STC 27\/2020 de 24 de febrero\u201d en 2022; \u201cLa ense\u00f1anza de la Constituci\u00f3n en Catalu\u00f1a\u201d en la obra colectiva&nbsp;<em>La educaci\u00f3n c\u00edvica en Espa\u00f1a y en perspectiva internacional<\/em>&nbsp;en 2023.<\/p>\n\n\n\n<p style=\"font-size:13px\">Miembro de Proyectos de Investigaci\u00f3n finalizados o en curso como el PROYECTO ERASMUS OPT-IN, Proyecto ERASMUS \u201cRemove\u201d o \u00abEnse\u00f1ar la Constituci\u00f3n, educar en democracia<a>\u00bb (Ministerio de Educaci\u00f3n-UNED)<\/a>,&nbsp;\u201cEducar en valores, construir ciudadan\u00edas\u201d (Ministerio de Educaci\u00f3n-UNED). Secretaria del la Revista Jur\u00eddica Anuario. \u201cParlamento y Constituci\u00f3n\u201d.<\/p>\n<\/div>\n<\/div>\n<\/div>\n\n\n\n<div class=\"wp-block-group alignfull has-tertiary-background-color has-background is-layout-flow wp-block-group-is-layout-flow\" style=\"padding-top:1rem;padding-right:0px;padding-bottom:1rem;padding-left:0px\"><\/div>\n\n\n\n<div class=\"wp-block-group alignwide is-layout-flow wp-block-group-is-layout-flow\" id=\"Ana-Valero\" style=\"border-style:none;border-width:0px\">\n<div class=\"wp-block-columns is-layout-flex wp-container-core-columns-is-layout-28f84493 wp-block-columns-is-layout-flex\">\n<div class=\"wp-block-column is-layout-flow wp-block-column-is-layout-flow\">\n<figure class=\"wp-block-image size-large is-resized\"><img loading=\"lazy\" decoding=\"async\" width=\"1024\" height=\"1024\" src=\"https:\/\/blog.uclm.es\/proyectofyp\/wp-content\/uploads\/sites\/255\/2023\/03\/la-pornografia-1024x1024.png\" alt=\"\" class=\"wp-image-425\" style=\"width:333px;height:333px\" srcset=\"https:\/\/blog.uclm.es\/proyectofyp\/wp-content\/uploads\/sites\/255\/2023\/03\/la-pornografia-1024x1024.png 1024w, https:\/\/blog.uclm.es\/proyectofyp\/wp-content\/uploads\/sites\/255\/2023\/03\/la-pornografia-300x300.png 300w, https:\/\/blog.uclm.es\/proyectofyp\/wp-content\/uploads\/sites\/255\/2023\/03\/la-pornografia-150x150.png 150w, https:\/\/blog.uclm.es\/proyectofyp\/wp-content\/uploads\/sites\/255\/2023\/03\/la-pornografia-768x768.png 768w, https:\/\/blog.uclm.es\/proyectofyp\/wp-content\/uploads\/sites\/255\/2023\/03\/la-pornografia.png 1080w\" sizes=\"auto, (max-width: 1024px) 100vw, 1024px\" \/><\/figure>\n<\/div>\n\n\n\n<div class=\"wp-block-column is-layout-flow wp-block-column-is-layout-flow\">\n<h2 class=\"wp-block-heading has-large-font-size\"><strong>Mar\u00eda del Pilar Molero Salas<\/strong><\/h2>\n\n\n\n<p style=\"font-size:13px\">Profesora Doctora de Derecho Constitucional de la Universidad de Castilla-La Mancha. Licenciada y Doctora en Derecho con menci\u00f3n europea por la misma Universidad, ampliando sus estudios pre y post doctorales en la Universidad de Pisa, Italia. Ha sido Vicedecana de Ordenaci\u00f3n Acad\u00e9mica y Comunicaci\u00f3n de la Facultad de Ciencias Sociales de Cuenca (UCLM), y Coordinadora del Grado de Derecho en la misma Facultad, donde ejerce su labor como profesora de Derecho Constitucional.<\/p>\n\n\n\n<p style=\"font-size:13px\">Su principal l\u00ednea de investigaci\u00f3n se centra en la&nbsp;<em>disposici\u00f3n de la propia vida y salud<\/em>, decisiones en cuanto a tratamientos m\u00e9dicos, y las t\u00e9cnicas de reproducci\u00f3n asistida.&nbsp;<\/p>\n\n\n\n<p style=\"font-size:13px\">Otra de sus l\u00edneas de investigaci\u00f3n es en materia electoral, violencia pol\u00edtica e igualdad de g\u00e9nero. En general, a lo largo de su trayectoria profesional, su investigaci\u00f3n se ha centrado en la regulaci\u00f3n y protecci\u00f3n de los derechos humanos.<\/p>\n\n\n\n<p style=\"font-size:13px\">En total cuenta con m\u00e1s de 40 publicaciones, y es secretaria de la Revista Parlamento y Constituci\u00f3n, editada conjuntamente por las Cortes de Castilla-La Mancha y la UCLM.<\/p>\n\n\n\n<p style=\"font-size:13px\">Ha participado en numerosos congresos y seminarios, de \u00e1mbito nacional e internacional, pudiendo destacarse su participaci\u00f3n en la Facultad de Jurisprudencia de Pisa (Italia),&nbsp;Centro de Estudios de Derecho Espa\u00f1ol y Europeo de la Facultad de Derecho y Administraci\u00f3n de la Universidad de Varsovia (Polonia),&nbsp;Comisi\u00f3n Nacional de Derechos Humanos de Ciudad de M\u00e9xico y de Puebla, y en el Tribunal Electoral de la Federaci\u00f3n de M\u00e9xico, Universidad de Baja California, M\u00e9xico, Universidad de Costa Rica,&nbsp;Universidad Nacional de C\u00f3rdoba y Universidad Nacional de Tucum\u00e1n, ambas de Argentina, Universidad de Tumbes (Per\u00fa), Instituto Palestra de Lima (Per\u00fa), Universidad de La Habana (Cuba)\u2026<\/p>\n<\/div>\n<\/div>\n<\/div>\n\n\n\n<figure class=\"wp-block-image size-large\"><img loading=\"lazy\" decoding=\"async\" width=\"1024\" height=\"63\" src=\"https:\/\/blog.uclm.es\/proyectofyp\/wp-content\/uploads\/sites\/255\/2024\/04\/unnamed-1024x63.png\" alt=\"\" class=\"wp-image-937\" srcset=\"https:\/\/blog.uclm.es\/proyectofyp\/wp-content\/uploads\/sites\/255\/2024\/04\/unnamed-1024x63.png 1024w, https:\/\/blog.uclm.es\/proyectofyp\/wp-content\/uploads\/sites\/255\/2024\/04\/unnamed-300x19.png 300w, https:\/\/blog.uclm.es\/proyectofyp\/wp-content\/uploads\/sites\/255\/2024\/04\/unnamed-768x48.png 768w, https:\/\/blog.uclm.es\/proyectofyp\/wp-content\/uploads\/sites\/255\/2024\/04\/unnamed-1536x95.png 1536w, https:\/\/blog.uclm.es\/proyectofyp\/wp-content\/uploads\/sites\/255\/2024\/04\/unnamed-2048x127.png 2048w\" sizes=\"auto, (max-width: 1024px) 100vw, 1024px\" \/><\/figure>\n\n\n\n<div class=\"wp-block-columns is-layout-flex wp-container-core-columns-is-layout-28f84493 wp-block-columns-is-layout-flex\">\n<div class=\"wp-block-column is-layout-flow wp-block-column-is-layout-flow\">\n<figure class=\"wp-block-image alignright size-large is-resized\"><img loading=\"lazy\" decoding=\"async\" width=\"1024\" height=\"640\" src=\"https:\/\/blog.uclm.es\/proyectofyp\/wp-content\/uploads\/sites\/255\/2025\/01\/logo-uclm-1024x640.jpg\" alt=\"\" class=\"wp-image-976\" style=\"width:90px;height:auto\" srcset=\"https:\/\/blog.uclm.es\/proyectofyp\/wp-content\/uploads\/sites\/255\/2025\/01\/logo-uclm-1024x640.jpg 1024w, https:\/\/blog.uclm.es\/proyectofyp\/wp-content\/uploads\/sites\/255\/2025\/01\/logo-uclm-300x187.jpg 300w, https:\/\/blog.uclm.es\/proyectofyp\/wp-content\/uploads\/sites\/255\/2025\/01\/logo-uclm-768x480.jpg 768w, https:\/\/blog.uclm.es\/proyectofyp\/wp-content\/uploads\/sites\/255\/2025\/01\/logo-uclm.jpg 1132w\" sizes=\"auto, (max-width: 1024px) 100vw, 1024px\" \/><\/figure>\n<\/div>\n\n\n\n<div class=\"wp-block-column is-layout-flow wp-block-column-is-layout-flow\">\n<figure class=\"wp-block-image alignleft size-full is-resized\"><img loading=\"lazy\" decoding=\"async\" width=\"200\" height=\"148\" src=\"https:\/\/blog.uclm.es\/proyectofyp\/wp-content\/uploads\/sites\/255\/2025\/01\/educacion_y_formacion-e1737104760433.png\" alt=\"\" class=\"wp-image-975\" style=\"width:84px;height:auto\" \/><\/figure>\n<\/div>\n<\/div>\n","protected":false},"excerpt":{"rendered":"<p>Investigadoras e investigadores Ana Valero Heredia\/ IP Investigadora Principal del Proyecto, es doctora por la Universitat de Val\u00e8ncia con la tesis&nbsp;La Libertad de Conciencia del Menor de edad, CEPC&nbsp;(Premio Extraordinario de Doctorado y Premio Nicol\u00e1s P\u00e9rez Serrano del CEPC). En la actualidad es profesora de Derecho Constitucional en la UCLM. Entre sus principales l\u00edneas de [&hellip;]<\/p>\n","protected":false},"author":415,"featured_media":0,"parent":0,"menu_order":0,"comment_status":"closed","ping_status":"closed","template":"","meta":{"footnotes":""},"class_list":["post-226","page","type-page","status-publish","hentry"],"_links":{"self":[{"href":"https:\/\/blog.uclm.es\/proyectofyp\/wp-json\/wp\/v2\/pages\/226","targetHints":{"allow":["GET"]}}],"collection":[{"href":"https:\/\/blog.uclm.es\/proyectofyp\/wp-json\/wp\/v2\/pages"}],"about":[{"href":"https:\/\/blog.uclm.es\/proyectofyp\/wp-json\/wp\/v2\/types\/page"}],"author":[{"embeddable":true,"href":"https:\/\/blog.uclm.es\/proyectofyp\/wp-json\/wp\/v2\/users\/415"}],"replies":[{"embeddable":true,"href":"https:\/\/blog.uclm.es\/proyectofyp\/wp-json\/wp\/v2\/comments?post=226"}],"version-history":[{"count":70,"href":"https:\/\/blog.uclm.es\/proyectofyp\/wp-json\/wp\/v2\/pages\/226\/revisions"}],"predecessor-version":[{"id":989,"href":"https:\/\/blog.uclm.es\/proyectofyp\/wp-json\/wp\/v2\/pages\/226\/revisions\/989"}],"wp:attachment":[{"href":"https:\/\/blog.uclm.es\/proyectofyp\/wp-json\/wp\/v2\/media?parent=226"}],"curies":[{"name":"wp","href":"https:\/\/api.w.org\/{rel}","templated":true}]}}