{"id":1030,"date":"2025-01-29T10:34:03","date_gmt":"2025-01-29T10:34:03","guid":{"rendered":"https:\/\/blog.uclm.es\/proyectofyp\/?page_id=1030"},"modified":"2025-03-28T08:48:31","modified_gmt":"2025-03-28T08:48:31","slug":"publicaciones","status":"publish","type":"page","link":"https:\/\/blog.uclm.es\/proyectofyp\/publicaciones\/","title":{"rendered":"Publicaciones"},"content":{"rendered":"\n<figure class=\"wp-block-image alignfull size-large\"><img loading=\"lazy\" decoding=\"async\" width=\"1024\" height=\"296\" src=\"https:\/\/blog.uclm.es\/proyectofyp\/wp-content\/uploads\/sites\/255\/2025\/01\/Brief-1024x296.png\" alt=\"\" class=\"wp-image-1031\" srcset=\"https:\/\/blog.uclm.es\/proyectofyp\/wp-content\/uploads\/sites\/255\/2025\/01\/Brief-1024x296.png 1024w, https:\/\/blog.uclm.es\/proyectofyp\/wp-content\/uploads\/sites\/255\/2025\/01\/Brief-300x87.png 300w, https:\/\/blog.uclm.es\/proyectofyp\/wp-content\/uploads\/sites\/255\/2025\/01\/Brief-768x222.png 768w, https:\/\/blog.uclm.es\/proyectofyp\/wp-content\/uploads\/sites\/255\/2025\/01\/Brief-1536x444.png 1536w, https:\/\/blog.uclm.es\/proyectofyp\/wp-content\/uploads\/sites\/255\/2025\/01\/Brief-2048x593.png 2048w\" sizes=\"auto, (max-width: 1024px) 100vw, 1024px\" \/><\/figure>\n\n\n\n<h2 class=\"wp-block-heading\"><strong>Publicaciones acad\u00e9micas, libros y monogr\u00e1ficos<\/strong><\/h2>\n\n\n\n<h3 class=\"wp-block-heading has-tertiary-background-color has-background\"><strong><em>Pornograf\u00eda y Derechos<\/em><\/strong><\/h3>\n\n\n\n<div class=\"wp-block-media-text is-stacked-on-mobile\" style=\"grid-template-columns:33% auto\"><figure class=\"wp-block-media-text__media\"><img loading=\"lazy\" decoding=\"async\" width=\"360\" height=\"516\" src=\"https:\/\/blog.uclm.es\/proyectofyp\/wp-content\/uploads\/sites\/255\/2025\/03\/Pornografia-y-Derechos.webp\" alt=\"\" class=\"wp-image-1072 size-full\" srcset=\"https:\/\/blog.uclm.es\/proyectofyp\/wp-content\/uploads\/sites\/255\/2025\/03\/Pornografia-y-Derechos.webp 360w, https:\/\/blog.uclm.es\/proyectofyp\/wp-content\/uploads\/sites\/255\/2025\/03\/Pornografia-y-Derechos-209x300.webp 209w\" sizes=\"auto, (max-width: 360px) 100vw, 360px\" \/><\/figure><div class=\"wp-block-media-text__content\">\n<p class=\"has-small-font-size\"><em>El presente libro es fruto de las reflexiones y debates en torno al fen\u00f3meno pornogr\u00e1fico\u00a0desarrolladas en el marco de las jornadas \u00abPornograf\u00eda y Derechos\u00bb, del Proyecto de\u00a0Investigaci\u00f3n y Transferencia Tecnol\u00f3gica, \u00abLa pornograf\u00eda como un asunto constitucional\u00bb, dirigido por la profesora Ana Valero.<\/em><\/p>\n\n\n\n<p class=\"has-small-font-size\">Dirigido por Ana Valero Heredia <\/p>\n\n\n\n<p class=\"has-small-font-size\">Coordinado por Marta Reig Gonz\u00e1lez<\/p>\n\n\n\n<p class=\"has-small-font-size\">Editado por Tirant lo Blanch<\/p>\n<\/div><\/div>\n\n\n\n<h4 class=\"wp-block-heading has-tertiary-background-color has-background\"><strong>Link a la publicaci\u00f3n<\/strong><\/h4>\n\n\n\n<p><a href=\"https:\/\/editorial.tirant.com\/es\/libro\/pornografia-y-derechos-victor-manuel-rojas-amandi-9788410955004\">https:\/\/editorial.tirant.com\/es\/libro\/pornografia-y-derechos-victor-manuel-rojas-amandi-9788410955004<\/a><\/p>\n\n\n\n<h4 class=\"wp-block-heading has-tertiary-background-color has-background\"><strong>Contenido del libro<\/strong><\/h4>\n\n\n\n<ul class=\"wp-block-list has-small-font-size\">\n<li>La pornograf\u00eda en el siglo XXI: Un diagn\u00f3stico desde la cr\u00edtica cultural, Jes\u00fas Garc\u00eda C\u00edvico<\/li>\n\n\n\n<li>Pornograf\u00eda y heterodoxia: La libertad art\u00edstica y el derecho, Marc Carrillo L\u00f3pez<\/li>\n\n\n\n<li>C\u00f3mo definir los l\u00edmites a la libertad de creaci\u00f3n y difusi\u00f3n del \u00abDiscurso pornogr\u00e1fico\u00bb, Itziar G\u00f3mez Fern\u00e1ndez<\/li>\n\n\n\n<li>\u00c9tica y pedagog\u00eda sexual en los debates sobre pornograf\u00eda y consentimiento, Agust\u00edn Mal\u00f3n Marco<\/li>\n\n\n\n<li>Perspectivas feministas sobre la regulaci\u00f3n de la industria pornogr\u00e1fica,  Mar Antonino de la C\u00e1mara<\/li>\n\n\n\n<li>Teor\u00eda feminista en torno a la mirada masculina (Male Gaze): El cine y la pornograf\u00eda, Marta Reig Gonz\u00e1lez<\/li>\n\n\n\n<li>El derecho a la integridad f\u00edsica y moral de las mujeres en la pornograf\u00eda: La necesidad de un equilibrio consentido, M\u00aa Elena Rebato Pe\u00f1o<\/li>\n\n\n\n<li>Inteligencia artificial y Deepfakes: Medidas jur\u00eddicas ante las nuevas formas de discriminaci\u00f3n de g\u00e9nero, Maria Esmeralda Bucalo<\/li>\n\n\n\n<li>El libre desarrollo de la sexualidad: Una relectura de los art\u00edculos 10.1 y 27.2 CE (m\u00e1s all\u00e1 de la pornograf\u00eda), Octavio Salazar Ben\u00edtez<\/li>\n\n\n\n<li>Repensando el modelo de educaci\u00f3n sexual integral. Una medida educativa necesaria para contrarrestar la desigualdad, Mar\u00eda Teresa Bejarano franco<\/li>\n\n\n\n<li>Personas con discapacidad, derecho y pornograf\u00eda: Protecci\u00f3n, sexualidad y perspectiva de la creaci\u00f3n del producto de consumo, Enrique Belda P\u00e9rez-Pedrero<\/li>\n<\/ul>\n\n\n\n<figure class=\"wp-block-image size-full\"><img loading=\"lazy\" decoding=\"async\" width=\"3376\" height=\"209\" src=\"https:\/\/blog.uclm.es\/proyectofyp\/wp-content\/uploads\/sites\/255\/2024\/04\/unnamed.png\" alt=\"\" class=\"wp-image-937\" srcset=\"https:\/\/blog.uclm.es\/proyectofyp\/wp-content\/uploads\/sites\/255\/2024\/04\/unnamed.png 3376w, https:\/\/blog.uclm.es\/proyectofyp\/wp-content\/uploads\/sites\/255\/2024\/04\/unnamed-300x19.png 300w, https:\/\/blog.uclm.es\/proyectofyp\/wp-content\/uploads\/sites\/255\/2024\/04\/unnamed-1024x63.png 1024w, https:\/\/blog.uclm.es\/proyectofyp\/wp-content\/uploads\/sites\/255\/2024\/04\/unnamed-768x48.png 768w, https:\/\/blog.uclm.es\/proyectofyp\/wp-content\/uploads\/sites\/255\/2024\/04\/unnamed-1536x95.png 1536w, https:\/\/blog.uclm.es\/proyectofyp\/wp-content\/uploads\/sites\/255\/2024\/04\/unnamed-2048x127.png 2048w\" sizes=\"auto, (max-width: 3376px) 100vw, 3376px\" \/><\/figure>\n\n\n\n<div class=\"wp-block-columns is-layout-flex wp-container-core-columns-is-layout-28f84493 wp-block-columns-is-layout-flex\">\n<div class=\"wp-block-column is-layout-flow wp-block-column-is-layout-flow\">\n<figure class=\"wp-block-image alignright size-large is-resized\"><img loading=\"lazy\" decoding=\"async\" width=\"1024\" height=\"640\" src=\"https:\/\/blog.uclm.es\/proyectofyp\/wp-content\/uploads\/sites\/255\/2025\/01\/logo-uclm-1024x640.jpg\" alt=\"\" class=\"wp-image-976\" style=\"width:66px;height:auto\" srcset=\"https:\/\/blog.uclm.es\/proyectofyp\/wp-content\/uploads\/sites\/255\/2025\/01\/logo-uclm-1024x640.jpg 1024w, https:\/\/blog.uclm.es\/proyectofyp\/wp-content\/uploads\/sites\/255\/2025\/01\/logo-uclm-300x187.jpg 300w, https:\/\/blog.uclm.es\/proyectofyp\/wp-content\/uploads\/sites\/255\/2025\/01\/logo-uclm-768x480.jpg 768w, https:\/\/blog.uclm.es\/proyectofyp\/wp-content\/uploads\/sites\/255\/2025\/01\/logo-uclm.jpg 1132w\" sizes=\"auto, (max-width: 1024px) 100vw, 1024px\" \/><\/figure>\n<\/div>\n\n\n\n<div class=\"wp-block-column is-layout-flow wp-block-column-is-layout-flow\">\n<figure class=\"wp-block-image size-full is-resized\"><img loading=\"lazy\" decoding=\"async\" width=\"200\" height=\"148\" src=\"https:\/\/blog.uclm.es\/proyectofyp\/wp-content\/uploads\/sites\/255\/2025\/01\/educacion_y_formacion-e1737104760433.png\" alt=\"\" class=\"wp-image-975\" style=\"width:57px;height:auto\" \/><\/figure>\n<\/div>\n<\/div>\n","protected":false},"excerpt":{"rendered":"<p>Publicaciones acad\u00e9micas, libros y monogr\u00e1ficos Pornograf\u00eda y Derechos El presente libro es fruto de las reflexiones y debates en torno al fen\u00f3meno pornogr\u00e1fico\u00a0desarrolladas en el marco de las jornadas \u00abPornograf\u00eda y Derechos\u00bb, del Proyecto de\u00a0Investigaci\u00f3n y Transferencia Tecnol\u00f3gica, \u00abLa pornograf\u00eda como un asunto constitucional\u00bb, dirigido por la profesora Ana Valero. Dirigido por Ana Valero Heredia [&hellip;]<\/p>\n","protected":false},"author":415,"featured_media":0,"parent":0,"menu_order":0,"comment_status":"closed","ping_status":"closed","template":"","meta":{"footnotes":""},"class_list":["post-1030","page","type-page","status-publish","hentry"],"_links":{"self":[{"href":"https:\/\/blog.uclm.es\/proyectofyp\/wp-json\/wp\/v2\/pages\/1030","targetHints":{"allow":["GET"]}}],"collection":[{"href":"https:\/\/blog.uclm.es\/proyectofyp\/wp-json\/wp\/v2\/pages"}],"about":[{"href":"https:\/\/blog.uclm.es\/proyectofyp\/wp-json\/wp\/v2\/types\/page"}],"author":[{"embeddable":true,"href":"https:\/\/blog.uclm.es\/proyectofyp\/wp-json\/wp\/v2\/users\/415"}],"replies":[{"embeddable":true,"href":"https:\/\/blog.uclm.es\/proyectofyp\/wp-json\/wp\/v2\/comments?post=1030"}],"version-history":[{"count":6,"href":"https:\/\/blog.uclm.es\/proyectofyp\/wp-json\/wp\/v2\/pages\/1030\/revisions"}],"predecessor-version":[{"id":1074,"href":"https:\/\/blog.uclm.es\/proyectofyp\/wp-json\/wp\/v2\/pages\/1030\/revisions\/1074"}],"wp:attachment":[{"href":"https:\/\/blog.uclm.es\/proyectofyp\/wp-json\/wp\/v2\/media?parent=1030"}],"curies":[{"name":"wp","href":"https:\/\/api.w.org\/{rel}","templated":true}]}}