{"id":2010,"date":"2022-11-04T07:51:39","date_gmt":"2022-11-04T07:51:39","guid":{"rendered":"https:\/\/blog.uclm.es\/proyectofelice\/?page_id=2010"},"modified":"2023-03-03T13:11:51","modified_gmt":"2023-03-03T13:11:51","slug":"ana-maria-relano-pastor","status":"publish","type":"page","link":"https:\/\/blog.uclm.es\/proyectofelice\/ana-maria-relano-pastor\/?lang=es","title":{"rendered":"Ana Mar\u00eda Rela\u00f1o Pastor"},"content":{"rendered":"\n<figure class=\"wp-block-table\"><table><tbody><tr><td><strong><a href=\"\/proyectofelice?page_id=234\">Javier E. D\u00edaz Vera<\/a><\/strong><\/td><td><strong><a href=\"\/proyectofelice?page_id=239\">M\u00aa Rosario Caballero Rodr\u00edguez<\/a><\/strong><\/td><td><strong>Ana M\u00aa Rela\u00f1o Pastor<\/strong><\/td><\/tr><\/tbody><\/table><\/figure>\n\n\n\n<h3 class=\"wp-block-heading\">Ana Mar\u00eda Rela\u00f1o Pastor<\/h3>\n\n\n\n<figure class=\"wp-block-image\"><img loading=\"lazy\" decoding=\"async\" width=\"300\" height=\"291\" src=\"https:\/\/blog.uclm.es\/proyectofelice\/wp-content\/uploads\/sites\/40\/2015\/09\/ProfileApril16-300x291.jpg\" alt=\"\" class=\"wp-image-895\" srcset=\"https:\/\/blog.uclm.es\/proyectofelice\/wp-content\/uploads\/sites\/40\/2015\/09\/ProfileApril16-300x291.jpg 300w, https:\/\/blog.uclm.es\/proyectofelice\/wp-content\/uploads\/sites\/40\/2015\/09\/ProfileApril16-624x605.jpg 624w, https:\/\/blog.uclm.es\/proyectofelice\/wp-content\/uploads\/sites\/40\/2015\/09\/ProfileApril16.jpg 640w\" sizes=\"auto, (max-width: 300px) 100vw, 300px\" \/><\/figure>\n\n\n\n<p>Profesora Titular<br>Universidad de Castilla-La Mancha<br><a href=\"mailto:AnaMaria.Relano@uclm.es\">AnaMaria.Relano@uclm.es<\/a><\/p>\n\n\n\n<p><small><strong>Temas de docencia:<\/strong> Educaci\u00f3n multiling\u00fce, Lengua e identidad, Inclusi\u00f3n social.<br><strong>Temas de investigaci\u00f3n:<\/strong> Etnograf\u00eda ling\u00fc\u00edstica, Educaci\u00f3n multiling\u00fce, Lengua e identidad, Narrativa y emociones, Socializaci\u00f3n ling\u00fc\u00edstica.<\/small><\/p>\n","protected":false},"excerpt":{"rendered":"<p>Javier E. D\u00edaz Vera M\u00aa Rosario Caballero Rodr\u00edguez Ana M\u00aa Rela\u00f1o Pastor Ana Mar\u00eda Rela\u00f1o Pastor Profesora TitularUniversidad de Castilla-La ManchaAnaMaria.Relano@uclm.es Temas de docencia: Educaci\u00f3n multiling\u00fce, Lengua e identidad, Inclusi\u00f3n social.Temas de investigaci\u00f3n: Etnograf\u00eda ling\u00fc\u00edstica, Educaci\u00f3n multiling\u00fce, Lengua e identidad, Narrativa y emociones, Socializaci\u00f3n ling\u00fc\u00edstica.<\/p>\n","protected":false},"author":163,"featured_media":0,"parent":0,"menu_order":0,"comment_status":"closed","ping_status":"closed","template":"","meta":{"footnotes":""},"class_list":["post-2010","page","type-page","status-publish","hentry"],"_links":{"self":[{"href":"https:\/\/blog.uclm.es\/proyectofelice\/wp-json\/wp\/v2\/pages\/2010","targetHints":{"allow":["GET"]}}],"collection":[{"href":"https:\/\/blog.uclm.es\/proyectofelice\/wp-json\/wp\/v2\/pages"}],"about":[{"href":"https:\/\/blog.uclm.es\/proyectofelice\/wp-json\/wp\/v2\/types\/page"}],"author":[{"embeddable":true,"href":"https:\/\/blog.uclm.es\/proyectofelice\/wp-json\/wp\/v2\/users\/163"}],"replies":[{"embeddable":true,"href":"https:\/\/blog.uclm.es\/proyectofelice\/wp-json\/wp\/v2\/comments?post=2010"}],"version-history":[{"count":1,"href":"https:\/\/blog.uclm.es\/proyectofelice\/wp-json\/wp\/v2\/pages\/2010\/revisions"}],"predecessor-version":[{"id":2011,"href":"https:\/\/blog.uclm.es\/proyectofelice\/wp-json\/wp\/v2\/pages\/2010\/revisions\/2011"}],"wp:attachment":[{"href":"https:\/\/blog.uclm.es\/proyectofelice\/wp-json\/wp\/v2\/media?parent=2010"}],"curies":[{"name":"wp","href":"https:\/\/api.w.org\/{rel}","templated":true}]}}