{"id":70,"date":"2021-02-17T09:18:11","date_gmt":"2021-02-17T08:18:11","guid":{"rendered":"http:\/\/blog.uclm.es\/omromol\/?page_id=70"},"modified":"2022-10-14T08:55:32","modified_gmt":"2022-10-14T08:55:32","slug":"novedades","status":"publish","type":"page","link":"https:\/\/blog.uclm.es\/ordenesmilitaresyreligiosidad\/novedades\/","title":{"rendered":"Novedades"},"content":{"rendered":"\n<div class=\"wp-block-cover alignwide\" style=\"min-height:172px;aspect-ratio:unset;\"><span aria-hidden=\"true\" class=\"wp-block-cover__background has-vivid-red-background-color has-background-dim-100 has-background-dim\"><\/span><div class=\"wp-block-cover__inner-container is-layout-flow wp-block-cover-is-layout-flow\">\n<p class=\"has-text-align-center\" style=\"font-size:50px\">Novedades<\/p>\n<\/div><\/div>\n\n\n\n<div class=\"wp-block-columns alignwide is-layout-flex wp-container-core-columns-is-layout-28f84493 wp-block-columns-is-layout-flex\">\n<div class=\"wp-block-column is-layout-flow wp-block-column-is-layout-flow\" style=\"flex-basis:66.66%\">\n<div class=\"wp-block-query alignwide is-layout-constrained wp-block-query-is-layout-constrained\"><ul class=\"alignwide wp-block-post-template is-layout-flow wp-block-post-template-is-layout-flow\"><li class=\"wp-block-post post-697 post type-post status-publish format-standard has-post-thumbnail hentry category-eventos\">\n<h2 style=\"font-style:normal;font-weight:600;\" class=\"has-link-color alignwide wp-elements-4501684dff54cfae7e5cd7062ab779ca wp-block-post-title has-text-color has-vivid-red-color has-large-font-size has-system-font-font-family\"><a href=\"https:\/\/blog.uclm.es\/ordenesmilitaresyreligiosidad\/2024\/02\/16\/proxima-celebracion-del-coloquio-internacional-juego-de-escalas-de-lo-regional-a-lo-global-en-las-sociedades-medievales-homenaje-a-francisco-ruiz-gomez\/\" target=\"_self\" >Pr\u00f3xima celebraci\u00f3n del Coloquio Internacional \u00abJuego de escalas: De lo regional a lo global en las sociedades medievales. Homenaje a Francisco Ruiz G\u00f3mez<\/a><\/h2>\n\n\n<div class=\"wp-block-columns is-layout-flex wp-container-core-columns-is-layout-28f84493 wp-block-columns-is-layout-flex\">\n<div class=\"wp-block-column is-layout-flow wp-block-column-is-layout-flow\" style=\"flex-basis:33.33%\"><figure style=\"margin-top:calc(1.75 * var(--wp--style--block-gap));\" class=\"alignwide wp-block-post-featured-image\"><a href=\"https:\/\/blog.uclm.es\/ordenesmilitaresyreligiosidad\/2024\/02\/16\/proxima-celebracion-del-coloquio-internacional-juego-de-escalas-de-lo-regional-a-lo-global-en-las-sociedades-medievales-homenaje-a-francisco-ruiz-gomez\/\" target=\"_self\"  ><img loading=\"lazy\" decoding=\"async\" width=\"2560\" height=\"1810\" src=\"https:\/\/blog.uclm.es\/ordenesmilitaresyreligiosidad\/wp-content\/uploads\/sites\/63\/2024\/02\/Cartel_coloquio_final-scaled.jpg\" class=\"attachment-post-thumbnail size-post-thumbnail wp-post-image\" alt=\"Pr\u00f3xima celebraci\u00f3n del Coloquio Internacional \u00abJuego de escalas: De lo regional a lo global en las sociedades medievales. Homenaje a Francisco Ruiz G\u00f3mez\" style=\"object-fit:cover;\" srcset=\"https:\/\/blog.uclm.es\/ordenesmilitaresyreligiosidad\/wp-content\/uploads\/sites\/63\/2024\/02\/Cartel_coloquio_final-scaled.jpg 2560w, https:\/\/blog.uclm.es\/ordenesmilitaresyreligiosidad\/wp-content\/uploads\/sites\/63\/2024\/02\/Cartel_coloquio_final-300x212.jpg 300w, https:\/\/blog.uclm.es\/ordenesmilitaresyreligiosidad\/wp-content\/uploads\/sites\/63\/2024\/02\/Cartel_coloquio_final-1024x724.jpg 1024w, https:\/\/blog.uclm.es\/ordenesmilitaresyreligiosidad\/wp-content\/uploads\/sites\/63\/2024\/02\/Cartel_coloquio_final-768x543.jpg 768w, https:\/\/blog.uclm.es\/ordenesmilitaresyreligiosidad\/wp-content\/uploads\/sites\/63\/2024\/02\/Cartel_coloquio_final-1536x1086.jpg 1536w, https:\/\/blog.uclm.es\/ordenesmilitaresyreligiosidad\/wp-content\/uploads\/sites\/63\/2024\/02\/Cartel_coloquio_final-2048x1448.jpg 2048w\" sizes=\"auto, (max-width: 2560px) 100vw, 2560px\" \/><\/a><\/figure><\/div>\n\n\n\n<div class=\"wp-block-column is-layout-flow wp-block-column-is-layout-flow\" style=\"flex-basis:66.66%\"><div class=\"wp-block-post-excerpt\"><p class=\"wp-block-post-excerpt__excerpt\">Organiza: Poridad, Grupo consolidado de investigaci\u00f3n en Historia Medieval, de la Universidad de Castilla-La Mancha Colaboran: Facultad de Letras y Departamento de Historia Coordinaci\u00f3n: &nbsp;&nbsp;&nbsp;&nbsp;&nbsp;&nbsp; Jes\u00fas Molero Garc\u00eda, \u00c1ngela Mu\u00f1oz Fern\u00e1ndez y Raquel Torres Jim\u00e9nez Secretar\u00eda: David Gallego Valle y Jaime Garc\u00eda-Carpintero L\u00f3pez de Mota Apoyo t\u00e9cnico: Rub\u00e9n Alonso L\u00f3pez y Javier Mej\u00edas Espa\u00f1a PROGRAMA&hellip; <\/p><\/div>\n\n<div style=\"font-style:italic;font-weight:400;\" class=\"wp-block-post-date has-small-font-size\"><time datetime=\"2024-02-16T10:39:27+00:00\"><a href=\"https:\/\/blog.uclm.es\/ordenesmilitaresyreligiosidad\/2024\/02\/16\/proxima-celebracion-del-coloquio-internacional-juego-de-escalas-de-lo-regional-a-lo-global-en-las-sociedades-medievales-homenaje-a-francisco-ruiz-gomez\/\">febrero 16, 2024<\/a><\/time><\/div><\/div>\n<\/div>\n\n\n\n<hr class=\"wp-block-separator has-alpha-channel-opacity\" \/>\n\n<\/li><li class=\"wp-block-post post-729 post type-post status-publish format-standard has-post-thumbnail hentry category-eventos\">\n<h2 style=\"font-style:normal;font-weight:600;\" class=\"has-link-color alignwide wp-elements-4501684dff54cfae7e5cd7062ab779ca wp-block-post-title has-text-color has-vivid-red-color has-large-font-size has-system-font-font-family\"><a href=\"https:\/\/blog.uclm.es\/ordenesmilitaresyreligiosidad\/2026\/02\/03\/seminario-arqueologia-de-las-ordenes-militares-y-la-guerra-12-de-febrero-de-2026-facultad-de-letras-ciudad-real\/\" target=\"_self\" >Seminario \u00abArqueolog\u00eda de las \u00d3rdenes Militares y la Guerra\u00bb &#8211; 12 de febrero de 2026 &#8211; Facultad de Letras (Ciudad Real)<\/a><\/h2>\n\n\n<div class=\"wp-block-columns is-layout-flex wp-container-core-columns-is-layout-28f84493 wp-block-columns-is-layout-flex\">\n<div class=\"wp-block-column is-layout-flow wp-block-column-is-layout-flow\" style=\"flex-basis:33.33%\"><figure style=\"margin-top:calc(1.75 * var(--wp--style--block-gap));\" class=\"alignwide wp-block-post-featured-image\"><a href=\"https:\/\/blog.uclm.es\/ordenesmilitaresyreligiosidad\/2026\/02\/03\/seminario-arqueologia-de-las-ordenes-militares-y-la-guerra-12-de-febrero-de-2026-facultad-de-letras-ciudad-real\/\" target=\"_self\"  ><img loading=\"lazy\" decoding=\"async\" width=\"1811\" height=\"2560\" src=\"https:\/\/blog.uclm.es\/ordenesmilitaresyreligiosidad\/wp-content\/uploads\/sites\/63\/2026\/02\/cartel_AOM_2-scaled.jpg\" class=\"attachment-post-thumbnail size-post-thumbnail wp-post-image\" alt=\"Seminario \u00abArqueolog\u00eda de las \u00d3rdenes Militares y la Guerra\u00bb &#8211; 12 de febrero de 2026 &#8211; Facultad de Letras (Ciudad Real)\" style=\"object-fit:cover;\" srcset=\"https:\/\/blog.uclm.es\/ordenesmilitaresyreligiosidad\/wp-content\/uploads\/sites\/63\/2026\/02\/cartel_AOM_2-scaled.jpg 1811w, https:\/\/blog.uclm.es\/ordenesmilitaresyreligiosidad\/wp-content\/uploads\/sites\/63\/2026\/02\/cartel_AOM_2-212x300.jpg 212w, https:\/\/blog.uclm.es\/ordenesmilitaresyreligiosidad\/wp-content\/uploads\/sites\/63\/2026\/02\/cartel_AOM_2-724x1024.jpg 724w, https:\/\/blog.uclm.es\/ordenesmilitaresyreligiosidad\/wp-content\/uploads\/sites\/63\/2026\/02\/cartel_AOM_2-768x1086.jpg 768w, https:\/\/blog.uclm.es\/ordenesmilitaresyreligiosidad\/wp-content\/uploads\/sites\/63\/2026\/02\/cartel_AOM_2-1086x1536.jpg 1086w, https:\/\/blog.uclm.es\/ordenesmilitaresyreligiosidad\/wp-content\/uploads\/sites\/63\/2026\/02\/cartel_AOM_2-1448x2048.jpg 1448w\" sizes=\"auto, (max-width: 1811px) 100vw, 1811px\" \/><\/a><\/figure><\/div>\n\n\n\n<div class=\"wp-block-column is-layout-flow wp-block-column-is-layout-flow\" style=\"flex-basis:66.66%\"><div class=\"wp-block-post-excerpt\"><p class=\"wp-block-post-excerpt__excerpt\">El pr\u00f3ximo 12 de febrero de 2026 se celebrar\u00e1 en la Facultad de Letras de Ciudad Real, de la Universidad de Castilla-La Mancha, un seminario titulado \u00abArqueolog\u00eda de las \u00d3rdenes Militares y la Guerra\u00bb. Coordinado por los profesores Jes\u00fas Molero Garc\u00eda, David Gallego Valle y Jaime Garc\u00eda Carpintero L\u00f3pez de Mota, el evento acoger\u00e1 todo&hellip; <\/p><\/div>\n\n<div style=\"font-style:italic;font-weight:400;\" class=\"wp-block-post-date has-small-font-size\"><time datetime=\"2026-02-03T07:33:22+00:00\"><a href=\"https:\/\/blog.uclm.es\/ordenesmilitaresyreligiosidad\/2026\/02\/03\/seminario-arqueologia-de-las-ordenes-militares-y-la-guerra-12-de-febrero-de-2026-facultad-de-letras-ciudad-real\/\">febrero 3, 2026<\/a><\/time><\/div><\/div>\n<\/div>\n\n\n\n<hr class=\"wp-block-separator has-alpha-channel-opacity\" \/>\n\n<\/li><li class=\"wp-block-post post-719 post type-post status-publish format-standard has-post-thumbnail hentry category-eventos\">\n<h2 style=\"font-style:normal;font-weight:600;\" class=\"has-link-color alignwide wp-elements-4501684dff54cfae7e5cd7062ab779ca wp-block-post-title has-text-color has-vivid-red-color has-large-font-size has-system-font-font-family\"><a href=\"https:\/\/blog.uclm.es\/ordenesmilitaresyreligiosidad\/2025\/01\/29\/coloquio-internacional-ordenes-militares-y-fenomenos-socio-religiosos-en-perspectiva-comparada-siglos-xii-1-2-xvi-6-y-7-de-marzo-de-2025\/\" target=\"_self\" >Coloquio Internacional \u00d3rdenes militares y fen\u00f3menos socio-religiosos en perspectiva comparada (siglos XII-1\/2 XVI) &#8211; 6 y 7 de marzo de 2025<\/a><\/h2>\n\n\n<div class=\"wp-block-columns is-layout-flex wp-container-core-columns-is-layout-28f84493 wp-block-columns-is-layout-flex\">\n<div class=\"wp-block-column is-layout-flow wp-block-column-is-layout-flow\" style=\"flex-basis:33.33%\"><figure style=\"margin-top:calc(1.75 * var(--wp--style--block-gap));\" class=\"alignwide wp-block-post-featured-image\"><a href=\"https:\/\/blog.uclm.es\/ordenesmilitaresyreligiosidad\/2025\/01\/29\/coloquio-internacional-ordenes-militares-y-fenomenos-socio-religiosos-en-perspectiva-comparada-siglos-xii-1-2-xvi-6-y-7-de-marzo-de-2025\/\" target=\"_self\"  ><img loading=\"lazy\" decoding=\"async\" width=\"1810\" height=\"2560\" src=\"https:\/\/blog.uclm.es\/ordenesmilitaresyreligiosidad\/wp-content\/uploads\/sites\/63\/2025\/01\/Cartel-OOMM-25_4-scaled.jpg\" class=\"attachment-post-thumbnail size-post-thumbnail wp-post-image\" alt=\"Coloquio Internacional \u00d3rdenes militares y fen\u00f3menos socio-religiosos en perspectiva comparada (siglos XII-1\/2 XVI) &#8211; 6 y 7 de marzo de 2025\" style=\"object-fit:cover;\" srcset=\"https:\/\/blog.uclm.es\/ordenesmilitaresyreligiosidad\/wp-content\/uploads\/sites\/63\/2025\/01\/Cartel-OOMM-25_4-scaled.jpg 1810w, https:\/\/blog.uclm.es\/ordenesmilitaresyreligiosidad\/wp-content\/uploads\/sites\/63\/2025\/01\/Cartel-OOMM-25_4-212x300.jpg 212w, https:\/\/blog.uclm.es\/ordenesmilitaresyreligiosidad\/wp-content\/uploads\/sites\/63\/2025\/01\/Cartel-OOMM-25_4-724x1024.jpg 724w, https:\/\/blog.uclm.es\/ordenesmilitaresyreligiosidad\/wp-content\/uploads\/sites\/63\/2025\/01\/Cartel-OOMM-25_4-768x1086.jpg 768w, https:\/\/blog.uclm.es\/ordenesmilitaresyreligiosidad\/wp-content\/uploads\/sites\/63\/2025\/01\/Cartel-OOMM-25_4-1086x1536.jpg 1086w, https:\/\/blog.uclm.es\/ordenesmilitaresyreligiosidad\/wp-content\/uploads\/sites\/63\/2025\/01\/Cartel-OOMM-25_4-1448x2048.jpg 1448w\" sizes=\"auto, (max-width: 1810px) 100vw, 1810px\" \/><\/a><\/figure><\/div>\n\n\n\n<div class=\"wp-block-column is-layout-flow wp-block-column-is-layout-flow\" style=\"flex-basis:66.66%\"><div class=\"wp-block-post-excerpt\"><p class=\"wp-block-post-excerpt__excerpt\">Facultad de Letras de Ciudad Real &#8211; Aula Magna Avenida Camilo Jos\u00e9 Cela, s\/n. Campus Universitario 13071 Ciudad Real Programa Jueves 6 de marzo 9:30&nbsp;&nbsp;&nbsp;&nbsp;&nbsp;&nbsp;&nbsp;&nbsp;&nbsp;&nbsp;&nbsp;&nbsp;&nbsp;&nbsp;&nbsp;&nbsp; Apertura del coloquio SESI\u00d3N I Modera: Jes\u00fas Molero Garc\u00eda 10:00&nbsp;&nbsp;&nbsp;&nbsp;&nbsp;&nbsp;&nbsp;&nbsp;&nbsp;&nbsp;&nbsp;&nbsp;&nbsp; Paula Pinto Costa y Joana Lencart (Universidade do Porto): Calatrava, Cristo e Avis: bases normativas de converg\u00eancias religiosas (1468-1546). 10:30&nbsp;&nbsp;&nbsp;&nbsp;&nbsp;&nbsp;&nbsp;&nbsp;&nbsp;&nbsp;&nbsp;&nbsp;&nbsp;&hellip; <\/p><\/div>\n\n<div style=\"font-style:italic;font-weight:400;\" class=\"wp-block-post-date has-small-font-size\"><time datetime=\"2025-01-29T14:25:00+00:00\"><a href=\"https:\/\/blog.uclm.es\/ordenesmilitaresyreligiosidad\/2025\/01\/29\/coloquio-internacional-ordenes-militares-y-fenomenos-socio-religiosos-en-perspectiva-comparada-siglos-xii-1-2-xvi-6-y-7-de-marzo-de-2025\/\">enero 29, 2025<\/a><\/time><\/div><\/div>\n<\/div>\n\n\n\n<hr class=\"wp-block-separator has-alpha-channel-opacity\" \/>\n\n<\/li><li class=\"wp-block-post post-714 post type-post status-publish format-standard has-post-thumbnail hentry category-eventos\">\n<h2 style=\"font-style:normal;font-weight:600;\" class=\"has-link-color alignwide wp-elements-4501684dff54cfae7e5cd7062ab779ca wp-block-post-title has-text-color has-vivid-red-color has-large-font-size has-system-font-font-family\"><a href=\"https:\/\/blog.uclm.es\/ordenesmilitaresyreligiosidad\/2024\/10\/31\/coloquio-del-castillo-al-palacio-continuidades-y-rupturas-en-las-fortalezas-de-ordenes-militares-en-la-corona-de-castilla-siglos-xv-y-xvi\/\" target=\"_self\" >Coloquio \u00abDel castillo al palacio: Continuidades y rupturas en las fortalezas de \u00f3rdenes militares en la Corona de Castilla (Siglos XV y XVI)\u00bb<\/a><\/h2>\n\n\n<div class=\"wp-block-columns is-layout-flex wp-container-core-columns-is-layout-28f84493 wp-block-columns-is-layout-flex\">\n<div class=\"wp-block-column is-layout-flow wp-block-column-is-layout-flow\" style=\"flex-basis:33.33%\"><figure style=\"margin-top:calc(1.75 * var(--wp--style--block-gap));\" class=\"alignwide wp-block-post-featured-image\"><a href=\"https:\/\/blog.uclm.es\/ordenesmilitaresyreligiosidad\/2024\/10\/31\/coloquio-del-castillo-al-palacio-continuidades-y-rupturas-en-las-fortalezas-de-ordenes-militares-en-la-corona-de-castilla-siglos-xv-y-xvi\/\" target=\"_self\"  ><img loading=\"lazy\" decoding=\"async\" width=\"1810\" height=\"2560\" src=\"https:\/\/blog.uclm.es\/ordenesmilitaresyreligiosidad\/wp-content\/uploads\/sites\/63\/2024\/10\/Cartel_coloquio_castillo_palacio_1_pdf_page-0001-scaled.jpg\" class=\"attachment-post-thumbnail size-post-thumbnail wp-post-image\" alt=\"Coloquio \u00abDel castillo al palacio: Continuidades y rupturas en las fortalezas de \u00f3rdenes militares en la Corona de Castilla (Siglos XV y XVI)\u00bb\" style=\"object-fit:cover;\" srcset=\"https:\/\/blog.uclm.es\/ordenesmilitaresyreligiosidad\/wp-content\/uploads\/sites\/63\/2024\/10\/Cartel_coloquio_castillo_palacio_1_pdf_page-0001-scaled.jpg 1810w, https:\/\/blog.uclm.es\/ordenesmilitaresyreligiosidad\/wp-content\/uploads\/sites\/63\/2024\/10\/Cartel_coloquio_castillo_palacio_1_pdf_page-0001-212x300.jpg 212w, https:\/\/blog.uclm.es\/ordenesmilitaresyreligiosidad\/wp-content\/uploads\/sites\/63\/2024\/10\/Cartel_coloquio_castillo_palacio_1_pdf_page-0001-724x1024.jpg 724w, https:\/\/blog.uclm.es\/ordenesmilitaresyreligiosidad\/wp-content\/uploads\/sites\/63\/2024\/10\/Cartel_coloquio_castillo_palacio_1_pdf_page-0001-768x1086.jpg 768w, https:\/\/blog.uclm.es\/ordenesmilitaresyreligiosidad\/wp-content\/uploads\/sites\/63\/2024\/10\/Cartel_coloquio_castillo_palacio_1_pdf_page-0001-1086x1536.jpg 1086w, https:\/\/blog.uclm.es\/ordenesmilitaresyreligiosidad\/wp-content\/uploads\/sites\/63\/2024\/10\/Cartel_coloquio_castillo_palacio_1_pdf_page-0001-1448x2048.jpg 1448w\" sizes=\"auto, (max-width: 1810px) 100vw, 1810px\" \/><\/a><\/figure><\/div>\n\n\n\n<div class=\"wp-block-column is-layout-flow wp-block-column-is-layout-flow\" style=\"flex-basis:66.66%\"><div class=\"wp-block-post-excerpt\"><p class=\"wp-block-post-excerpt__excerpt\">Los pr\u00f3ximos d\u00edas 13 y 14 de noviembre de 2024 la Facultad de Letras de Ciudad Real acoger\u00e1 la celebraci\u00f3n del Coloquio \u00abDel castillo al palacio: Continuidades y rupturas en las fortalezas de \u00f3rdenes militares en la Corona de Castilla (Siglos XV y XVI)\u00bb. El primer d\u00eda se desarrollar\u00e1 en el Aula Magna de la&hellip; <\/p><\/div>\n\n<div style=\"font-style:italic;font-weight:400;\" class=\"wp-block-post-date has-small-font-size\"><time datetime=\"2024-10-31T10:57:11+00:00\"><a href=\"https:\/\/blog.uclm.es\/ordenesmilitaresyreligiosidad\/2024\/10\/31\/coloquio-del-castillo-al-palacio-continuidades-y-rupturas-en-las-fortalezas-de-ordenes-militares-en-la-corona-de-castilla-siglos-xv-y-xvi\/\">octubre 31, 2024<\/a><\/time><\/div><\/div>\n<\/div>\n\n\n\n<hr class=\"wp-block-separator has-alpha-channel-opacity\" \/>\n\n<\/li><li class=\"wp-block-post post-708 post type-post status-publish format-standard has-post-thumbnail hentry category-eventos\">\n<h2 style=\"font-style:normal;font-weight:600;\" class=\"has-link-color alignwide wp-elements-4501684dff54cfae7e5cd7062ab779ca wp-block-post-title has-text-color has-vivid-red-color has-large-font-size has-system-font-font-family\"><a href=\"https:\/\/blog.uclm.es\/ordenesmilitaresyreligiosidad\/2024\/05\/22\/celebracion-del-850-aniversario-de-la-donacion-de-ucles-a-la-orden-de-santiago-exposicion-del-tumbo-menor-de-castilla-ucles-14-a-16-de-junio\/\" target=\"_self\" >Celebraci\u00f3n del 850 aniversario de la donaci\u00f3n de Ucl\u00e9s a la Orden de Santiago: Exposici\u00f3n del Tumbo Menor de Castilla (Ucl\u00e9s, 14 a 16 de junio)<\/a><\/h2>\n\n\n<div class=\"wp-block-columns is-layout-flex wp-container-core-columns-is-layout-28f84493 wp-block-columns-is-layout-flex\">\n<div class=\"wp-block-column is-layout-flow wp-block-column-is-layout-flow\" style=\"flex-basis:33.33%\"><figure style=\"margin-top:calc(1.75 * var(--wp--style--block-gap));\" class=\"alignwide wp-block-post-featured-image\"><a href=\"https:\/\/blog.uclm.es\/ordenesmilitaresyreligiosidad\/2024\/05\/22\/celebracion-del-850-aniversario-de-la-donacion-de-ucles-a-la-orden-de-santiago-exposicion-del-tumbo-menor-de-castilla-ucles-14-a-16-de-junio\/\" target=\"_self\"  ><img loading=\"lazy\" decoding=\"async\" width=\"1020\" height=\"791\" src=\"https:\/\/blog.uclm.es\/ordenesmilitaresyreligiosidad\/wp-content\/uploads\/sites\/63\/2024\/05\/Captura-de-pantalla-2024-05-22-174132.png\" class=\"attachment-post-thumbnail size-post-thumbnail wp-post-image\" alt=\"Celebraci\u00f3n del 850 aniversario de la donaci\u00f3n de Ucl\u00e9s a la Orden de Santiago: Exposici\u00f3n del Tumbo Menor de Castilla (Ucl\u00e9s, 14 a 16 de junio)\" style=\"object-fit:cover;\" srcset=\"https:\/\/blog.uclm.es\/ordenesmilitaresyreligiosidad\/wp-content\/uploads\/sites\/63\/2024\/05\/Captura-de-pantalla-2024-05-22-174132.png 1020w, https:\/\/blog.uclm.es\/ordenesmilitaresyreligiosidad\/wp-content\/uploads\/sites\/63\/2024\/05\/Captura-de-pantalla-2024-05-22-174132-300x233.png 300w, https:\/\/blog.uclm.es\/ordenesmilitaresyreligiosidad\/wp-content\/uploads\/sites\/63\/2024\/05\/Captura-de-pantalla-2024-05-22-174132-768x596.png 768w\" sizes=\"auto, (max-width: 1020px) 100vw, 1020px\" \/><\/a><\/figure><\/div>\n\n\n\n<div class=\"wp-block-column is-layout-flow wp-block-column-is-layout-flow\" style=\"flex-basis:66.66%\"><div class=\"wp-block-post-excerpt\"><p class=\"wp-block-post-excerpt__excerpt\">Este a\u00f1o se conmemora el 850 aniversario de la donaci\u00f3n del castillo y villa de Ucl\u00e9s a la Orden Militar de Santiago por parte de Alfonso VIII. Este hecho fue clave para la instalaci\u00f3n de la milicia de origen leon\u00e9s en el reino de Castilla donde acabar\u00eda estableciendo un se\u00f1or\u00edo fundamental para la conquista y&hellip; <\/p><\/div>\n\n<div style=\"font-style:italic;font-weight:400;\" class=\"wp-block-post-date has-small-font-size\"><time datetime=\"2024-05-22T15:44:23+00:00\"><a href=\"https:\/\/blog.uclm.es\/ordenesmilitaresyreligiosidad\/2024\/05\/22\/celebracion-del-850-aniversario-de-la-donacion-de-ucles-a-la-orden-de-santiago-exposicion-del-tumbo-menor-de-castilla-ucles-14-a-16-de-junio\/\">mayo 22, 2024<\/a><\/time><\/div><\/div>\n<\/div>\n\n\n\n<hr class=\"wp-block-separator has-alpha-channel-opacity\" \/>\n\n<\/li><\/ul>\n\n<nav class=\"alignwide wp-block-query-pagination is-content-justification-space-between is-layout-flex wp-container-core-query-pagination-is-layout-b2891da8 wp-block-query-pagination-is-layout-flex\" aria-label=\"Paginaci\u00f3n\">\n\n\n<div class=\"wp-block-query-pagination-numbers\"><span aria-current=\"page\" class=\"page-numbers current\">1<\/span>\n<a class=\"page-numbers\" href=\"?query-69-page=2\">2<\/a>\n<a class=\"page-numbers\" href=\"?query-69-page=3\">3<\/a><\/div>\n\n<a href=\"\/ordenesmilitaresyreligiosidad\/wp-json\/wp\/v2\/pages\/70?query-69-page=2\" class=\"wp-block-query-pagination-next has-small-font-size\">P\u00e1gina siguiente<span class='wp-block-query-pagination-next-arrow is-arrow-arrow' aria-hidden='true'>\u2192<\/span><\/a>\n<\/nav><\/div>\n<\/div>\n\n\n\n<div class=\"wp-block-column is-layout-flow wp-block-column-is-layout-flow\" style=\"flex-basis:33.33%\">\n<div class=\"wp-block-group is-layout-flow wp-block-group-is-layout-flow\">\n<p class=\"has-text-align-center has-vivid-red-color has-text-color\">Archivos<\/p>\n\n\n<ul class=\"wp-block-archives-list alignleft wp-block-archives\">\t<li><a href='https:\/\/blog.uclm.es\/ordenesmilitaresyreligiosidad\/2026\/02\/'>febrero 2026<\/a><\/li>\n\t<li><a href='https:\/\/blog.uclm.es\/ordenesmilitaresyreligiosidad\/2025\/01\/'>enero 2025<\/a><\/li>\n\t<li><a href='https:\/\/blog.uclm.es\/ordenesmilitaresyreligiosidad\/2024\/10\/'>octubre 2024<\/a><\/li>\n\t<li><a href='https:\/\/blog.uclm.es\/ordenesmilitaresyreligiosidad\/2024\/05\/'>mayo 2024<\/a><\/li>\n\t<li><a href='https:\/\/blog.uclm.es\/ordenesmilitaresyreligiosidad\/2024\/02\/'>febrero 2024<\/a><\/li>\n\t<li><a href='https:\/\/blog.uclm.es\/ordenesmilitaresyreligiosidad\/2022\/11\/'>noviembre 2022<\/a><\/li>\n\t<li><a href='https:\/\/blog.uclm.es\/ordenesmilitaresyreligiosidad\/2022\/10\/'>octubre 2022<\/a><\/li>\n\t<li><a href='https:\/\/blog.uclm.es\/ordenesmilitaresyreligiosidad\/2022\/04\/'>abril 2022<\/a><\/li>\n\t<li><a href='https:\/\/blog.uclm.es\/ordenesmilitaresyreligiosidad\/2022\/03\/'>marzo 2022<\/a><\/li>\n\t<li><a href='https:\/\/blog.uclm.es\/ordenesmilitaresyreligiosidad\/2021\/04\/'>abril 2021<\/a><\/li>\n\t<li><a href='https:\/\/blog.uclm.es\/ordenesmilitaresyreligiosidad\/2021\/02\/'>febrero 2021<\/a><\/li>\n<\/ul>\n\n\n<div style=\"height:21px\" aria-hidden=\"true\" class=\"wp-block-spacer\"><\/div>\n\n\n\n<p class=\"has-text-align-center has-vivid-red-color has-text-color\">Categor\u00edas<\/p>\n\n\n<ul class=\"wp-block-categories-list alignleft wp-block-categories\">\t<li class=\"cat-item cat-item-7\"><a href=\"https:\/\/blog.uclm.es\/ordenesmilitaresyreligiosidad\/category\/eventos\/\">Eventos<\/a>\n<\/li>\n\t<li class=\"cat-item cat-item-10\"><a href=\"https:\/\/blog.uclm.es\/ordenesmilitaresyreligiosidad\/category\/tesis\/\">Tesis doctorales<\/a>\n<\/li>\n<\/ul>\n\n\n<div style=\"height:22px\" aria-hidden=\"true\" class=\"wp-block-spacer\"><\/div>\n\n\n\n<p class=\"has-text-align-center has-vivid-red-color has-text-color\">Entradas Recientes<\/p>\n\n\n<ul class=\"wp-block-latest-posts__list has-dates wp-block-latest-posts\"><li><a class=\"wp-block-latest-posts__post-title\" href=\"https:\/\/blog.uclm.es\/ordenesmilitaresyreligiosidad\/2026\/02\/03\/seminario-arqueologia-de-las-ordenes-militares-y-la-guerra-12-de-febrero-de-2026-facultad-de-letras-ciudad-real\/\">Seminario \u00abArqueolog\u00eda de las \u00d3rdenes Militares y la Guerra\u00bb &#8211; 12 de febrero de 2026 &#8211; Facultad de Letras (Ciudad Real)<\/a><time datetime=\"2026-02-03T07:33:22+00:00\" class=\"wp-block-latest-posts__post-date\">3 de febrero de 2026<\/time><\/li>\n<li><a class=\"wp-block-latest-posts__post-title\" href=\"https:\/\/blog.uclm.es\/ordenesmilitaresyreligiosidad\/2025\/01\/29\/coloquio-internacional-ordenes-militares-y-fenomenos-socio-religiosos-en-perspectiva-comparada-siglos-xii-1-2-xvi-6-y-7-de-marzo-de-2025\/\">Coloquio Internacional \u00d3rdenes militares y fen\u00f3menos socio-religiosos en perspectiva comparada (siglos XII-1\/2 XVI) &#8211; 6 y 7 de marzo de 2025<\/a><time datetime=\"2025-01-29T14:25:00+00:00\" class=\"wp-block-latest-posts__post-date\">29 de enero de 2025<\/time><\/li>\n<li><a class=\"wp-block-latest-posts__post-title\" href=\"https:\/\/blog.uclm.es\/ordenesmilitaresyreligiosidad\/2024\/10\/31\/coloquio-del-castillo-al-palacio-continuidades-y-rupturas-en-las-fortalezas-de-ordenes-militares-en-la-corona-de-castilla-siglos-xv-y-xvi\/\">Coloquio \u00abDel castillo al palacio: Continuidades y rupturas en las fortalezas de \u00f3rdenes militares en la Corona de Castilla (Siglos XV y XVI)\u00bb<\/a><time datetime=\"2024-10-31T10:57:11+00:00\" class=\"wp-block-latest-posts__post-date\">31 de octubre de 2024<\/time><\/li>\n<li><a class=\"wp-block-latest-posts__post-title\" href=\"https:\/\/blog.uclm.es\/ordenesmilitaresyreligiosidad\/2024\/05\/22\/celebracion-del-850-aniversario-de-la-donacion-de-ucles-a-la-orden-de-santiago-exposicion-del-tumbo-menor-de-castilla-ucles-14-a-16-de-junio\/\">Celebraci\u00f3n del 850 aniversario de la donaci\u00f3n de Ucl\u00e9s a la Orden de Santiago: Exposici\u00f3n del Tumbo Menor de Castilla (Ucl\u00e9s, 14 a 16 de junio)<\/a><time datetime=\"2024-05-22T15:44:23+00:00\" class=\"wp-block-latest-posts__post-date\">22 de mayo de 2024<\/time><\/li>\n<li><a class=\"wp-block-latest-posts__post-title\" href=\"https:\/\/blog.uclm.es\/ordenesmilitaresyreligiosidad\/2024\/02\/16\/proxima-celebracion-del-coloquio-internacional-juego-de-escalas-de-lo-regional-a-lo-global-en-las-sociedades-medievales-homenaje-a-francisco-ruiz-gomez\/\">Pr\u00f3xima celebraci\u00f3n del Coloquio Internacional \u00abJuego de escalas: De lo regional a lo global en las sociedades medievales. Homenaje a Francisco Ruiz G\u00f3mez<\/a><time datetime=\"2024-02-16T10:39:27+00:00\" class=\"wp-block-latest-posts__post-date\">16 de febrero de 2024<\/time><\/li>\n<\/ul><\/div>\n<\/div>\n<\/div>\n","protected":false},"excerpt":{"rendered":"<p>Archivos Categor\u00edas Entradas Recientes<\/p>\n","protected":false},"author":205,"featured_media":0,"parent":0,"menu_order":0,"comment_status":"closed","ping_status":"closed","template":"page-no-separators","meta":{"footnotes":""},"class_list":["post-70","page","type-page","status-publish","hentry"],"_links":{"self":[{"href":"https:\/\/blog.uclm.es\/ordenesmilitaresyreligiosidad\/wp-json\/wp\/v2\/pages\/70","targetHints":{"allow":["GET"]}}],"collection":[{"href":"https:\/\/blog.uclm.es\/ordenesmilitaresyreligiosidad\/wp-json\/wp\/v2\/pages"}],"about":[{"href":"https:\/\/blog.uclm.es\/ordenesmilitaresyreligiosidad\/wp-json\/wp\/v2\/types\/page"}],"author":[{"embeddable":true,"href":"https:\/\/blog.uclm.es\/ordenesmilitaresyreligiosidad\/wp-json\/wp\/v2\/users\/205"}],"replies":[{"embeddable":true,"href":"https:\/\/blog.uclm.es\/ordenesmilitaresyreligiosidad\/wp-json\/wp\/v2\/comments?post=70"}],"version-history":[{"count":16,"href":"https:\/\/blog.uclm.es\/ordenesmilitaresyreligiosidad\/wp-json\/wp\/v2\/pages\/70\/revisions"}],"predecessor-version":[{"id":641,"href":"https:\/\/blog.uclm.es\/ordenesmilitaresyreligiosidad\/wp-json\/wp\/v2\/pages\/70\/revisions\/641"}],"wp:attachment":[{"href":"https:\/\/blog.uclm.es\/ordenesmilitaresyreligiosidad\/wp-json\/wp\/v2\/media?parent=70"}],"curies":[{"name":"wp","href":"https:\/\/api.w.org\/{rel}","templated":true}]}}