{"id":685,"date":"2025-09-03T16:04:51","date_gmt":"2025-09-03T16:04:51","guid":{"rendered":"https:\/\/blog.uclm.es\/igualdadfcjsto\/?page_id=685"},"modified":"2026-02-09T22:30:34","modified_gmt":"2026-02-09T22:30:34","slug":"noticias","status":"publish","type":"page","link":"https:\/\/blog.uclm.es\/igualdadfcjsto\/noticias\/","title":{"rendered":"NOTICIAS Y RECURSOS"},"content":{"rendered":"\n<p>&#8211;<strong>ACTIVIDADES Y JORNADAS INTERSANTES<\/strong>:<\/p>\n\n\n\n<p>\u2728 <strong>Un placer participar en las Jornadas del 11F en la UCLM<\/strong> \u2728<\/p>\n\n\n\n<p>Como presidenta de la Comisi\u00f3n de Igualdad y diversidad ha sido un honor formar parte del grupo de investigadores e investigadoras de la UCLM que hemos contribuido a estas Jornadas del D\u00eda Internacional de la Mujer y la Ni\u00f1a en la Ciencia, analizando la <strong>perspectiva de g\u00e9nero en el \u00e1mbito financiero<\/strong>.<\/p>\n\n\n\n<p>Un espacio inspirador para compartir conocimiento, visibilizar el talento cient\u00edfico y seguir avanzando hacia unas finanzas m\u00e1s igualitarias, inclusivas y responsables.<\/p>\n\n\n\n<p>Gracias a la organizaci\u00f3n por contar conmigo y por crear un entorno tan enriquecedor y necesario. \ud83d\udc9c\ud83d\udcca\ud83d\udd0d<\/p>\n\n\n\n<p><a href=\"https:\/\/www.uclm.es\/noticias\/noticias2026\/febrero\/toledo\/jornada_11f_toledo\">Alumnado preuniversitario celebra en la UCLM el D\u00eda Internacional de la Mujer y la Ni\u00f1a en la Ciencia<\/a><\/p>\n\n\n\n<p>&#8211;<strong>PUBLICACIONES DESTACADAS: <\/strong><\/p>\n\n\n\n<p>-Escribano G\u00e1mir, M. C. (2024).<br>El acceso de las mujeres a los consejos de administraci\u00f3n de las sociedades mercantiles. Ley Org\u00e1nica 2\/2024, de 1 de agosto, de Representaci\u00f3n Paritaria y Presencia Equilibrada de Mujeres y Hombres. IgualdadES, 11, 255-286 <\/p>\n\n\n\n<p><strong>doi: https:\/\/doi.org\/10.18042\/cepc\/IgdES.11.09<\/strong><\/p>\n\n\n\n<p><strong>-Jornadas sobre la brecha salarial en Castilla-La Mancha. 12 de diciembre FCJS Toledo<\/strong>. <\/p>\n\n\n\n<p><strong>-Asistencia al acto Mujeres por la Libertad, 50 a\u00f1os en democracia<\/strong> <\/p>\n\n\n\n<p>\ud83d\udd39&nbsp;<strong>Jornadas gratuitas \u201cIgualdad frente a Violencia contra las Mujeres\u201d<\/strong>&nbsp;organizadas por la UCLM con motivo del&nbsp;<em>D\u00eda Internacional de la Eliminaci\u00f3n de la Violencia contra la Mujer<\/em>:<\/p>\n\n\n\n<ul class=\"wp-block-list\">\n<li><strong>Albacete (4 noviembre)<\/strong>:&nbsp;<em>Justicia con perspectiva de g\u00e9nero<\/em>&nbsp;\u2013 Facultad de Ciencias Jur\u00eddico-Sociales.<\/li>\n\n\n\n<li><strong>Cuenca (6 noviembre)<\/strong>:&nbsp;<em>Aspectos socio-sanitarios de la violencia de g\u00e9nero<\/em>&nbsp;\u2013 Facultad de Enfermer\u00eda.<br>\u27a1\ufe0f&nbsp;<em>No se requiere inscripci\u00f3n previa.<\/em><\/li>\n<\/ul>\n\n\n\n<p>\ud83d\udd39&nbsp;<strong>Convocatoria de ayudas<\/strong>&nbsp;a los mejores&nbsp;<strong>p\u00f3steres cient\u00edficos sobre Investigaci\u00f3n en Violencia de G\u00e9nero<\/strong>, promovida por la&nbsp;<strong>C\u00e1tedra de Igualdad de G\u00e9nero de la UCLM (2025)<\/strong>. M\u00e1s informaci\u00f3n:&nbsp;<a href=\"https:\/\/www.uclm.es\/global\/promotores\/organos-de-gobierno\/delegada-rector-igualdad\/convocatoriasigualdad\/concurso-ciencia-violeta\">https:\/\/www.uclm.es\/global\/promotores\/organos-de-gobierno\/delegada-rector-igualdad\/convocatoriasigualdad\/concurso-ciencia-violeta<\/a><\/p>\n\n\n\n<p>&#8211;<strong>22 de octubre<\/strong>: Jornada sobre Masculinidades positivas frente a la Violencia sobre la mujer. <\/p>\n\n\n\n<figure class=\"wp-block-image size-large is-resized\"><img loading=\"lazy\" decoding=\"async\" width=\"512\" height=\"1024\" src=\"https:\/\/blog.uclm.es\/igualdadfcjsto\/wp-content\/uploads\/sites\/229\/2025\/10\/image-4-512x1024.png\" alt=\"\" class=\"wp-image-774\" style=\"width:349px;height:auto\" srcset=\"https:\/\/blog.uclm.es\/igualdadfcjsto\/wp-content\/uploads\/sites\/229\/2025\/10\/image-4-512x1024.png 512w, https:\/\/blog.uclm.es\/igualdadfcjsto\/wp-content\/uploads\/sites\/229\/2025\/10\/image-4-150x300.png 150w, https:\/\/blog.uclm.es\/igualdadfcjsto\/wp-content\/uploads\/sites\/229\/2025\/10\/image-4-768x1536.png 768w, https:\/\/blog.uclm.es\/igualdadfcjsto\/wp-content\/uploads\/sites\/229\/2025\/10\/image-4.png 788w\" sizes=\"auto, (max-width: 512px) 100vw, 512px\" \/><\/figure>\n\n\n\n<p>&#8211;<strong>Octubre 2025:<\/strong> CIMA presenta su 10\u00ba Informe Anual: una d\u00e9cada de evoluci\u00f3n y estado actual de la representatividad de la mujer en el largometraje espa\u00f1ol. <\/p>\n\n\n\n<p><a href=\"https:\/\/cimamujerescineastas.us3.list-manage.com\/track\/click?u=71ab0c7928e7f28fa2c06b87d&amp;id=557d143083&amp;e=6b83bb7520\">Descarga aqu\u00ed el Informe Anual CIMA 2024<\/a><\/p>\n\n\n\n<p><strong>25\/09\/2025<\/strong>: se ha constituido en Toledo la <strong>Mesa Regional contra la Trata con Fines de Explotaci\u00f3n Sexual<\/strong>, impulsada por el Gobierno de Castilla-La Mancha. Este nuevo \u00f3rgano tiene como objetivo coordinar acciones para <strong>prevenir, detectar y atender casos de trata<\/strong>, garantizando un enfoque especializado centrado en los derechos de las v\u00edctimas.<\/p>\n\n\n\n<p>Durante la jornada, celebrada en el Archivo Regional, se iniciaron los trabajos para redactar la <strong>Estrategia Regional contra la Trata<\/strong>, que incluir\u00e1 un protocolo de actuaci\u00f3n com\u00fan entre instituciones. La Mesa tambi\u00e9n evaluar\u00e1 pol\u00edticas p\u00fablicas, elaborar\u00e1 informes, asesorar\u00e1 y fomentar\u00e1 la investigaci\u00f3n sobre esta problem\u00e1tica.<\/p>\n\n\n\n<p>La Mesa est\u00e1 presidida por la consejera de Igualdad, Sara Sim\u00f3n, y cuenta con una amplia representaci\u00f3n institucional, judicial, policial, acad\u00e9mica y de entidades sociales, incluyendo organizaciones como M\u00e9dicos del Mundo, C\u00e1ritas, Movimiento por la Paz y varias universidades. La secretaria ser\u00e1 Pilar Fern\u00e1ndez Jim\u00e9nez.<\/p>\n\n\n\n<p><a href=\"https:\/\/fundaciongeneraluclm.es\/clm-trabaja-en-una-estrategia-regional-coordinada-contra-la-trata-con-fines-de-explotacion-sexual\/\">CLM trabaja en una estrategia regional coordinada contra la trata con fines de explotaci\u00f3n sexual &#8211; Fundaci\u00f3n UCLM<\/a><\/p>\n\n\n\n<figure class=\"wp-block-image size-full\"><img loading=\"lazy\" decoding=\"async\" width=\"382\" height=\"603\" src=\"https:\/\/blog.uclm.es\/igualdadfcjsto\/wp-content\/uploads\/sites\/229\/2025\/10\/image-1.png\" alt=\"\" class=\"wp-image-758\" srcset=\"https:\/\/blog.uclm.es\/igualdadfcjsto\/wp-content\/uploads\/sites\/229\/2025\/10\/image-1.png 382w, https:\/\/blog.uclm.es\/igualdadfcjsto\/wp-content\/uploads\/sites\/229\/2025\/10\/image-1-190x300.png 190w\" sizes=\"auto, (max-width: 382px) 100vw, 382px\" \/><\/figure>\n\n\n\n<p>&#8211;<strong>PROGRAMA REGIONAL DE PREVENCI\u00d3N DE LA TRATA Y EXPLOTACI\u00d3N SEXUAL ENTRE J\u00d3VENES DE CASTILLA-LA MANCHA (FUNDACI\u00d3N UCLM)<\/strong><\/p>\n\n\n\n<p><a href=\"https:\/\/fundaciongeneraluclm.es\/programa-regional-de-prevencion-de-la-trata-y-explotacion-sexual-entre-jovenes-de-castilla-la-mancha\/\">Programa regional de prevenci\u00f3n de la trata y explotaci\u00f3n sexual entre j\u00f3venes de Castilla-La Mancha &#8211; Fundaci\u00f3n UCLM<\/a><\/p>\n\n\n\n<figure class=\"wp-block-image size-full\"><img loading=\"lazy\" decoding=\"async\" width=\"355\" height=\"579\" src=\"https:\/\/blog.uclm.es\/igualdadfcjsto\/wp-content\/uploads\/sites\/229\/2025\/10\/image-2.png\" alt=\"\" class=\"wp-image-761\" srcset=\"https:\/\/blog.uclm.es\/igualdadfcjsto\/wp-content\/uploads\/sites\/229\/2025\/10\/image-2.png 355w, https:\/\/blog.uclm.es\/igualdadfcjsto\/wp-content\/uploads\/sites\/229\/2025\/10\/image-2-184x300.png 184w\" sizes=\"auto, (max-width: 355px) 100vw, 355px\" \/><\/figure>\n\n\n\n<p id=\"x_x_d1e38-1-1\">&#8211;<strong>Resoluci\u00f3n del Comit\u00e9 Econ\u00f3mico y Social Europeo.<\/strong> Hoja de ruta sobre los derechos de la mujer (Apoyo a la Declaraci\u00f3n de principios para una sociedad igualitaria en materia de g\u00e9nero<strong>)<\/strong> (agosto de 2025)<\/p>\n\n\n\n<p><a href=\"https:\/\/eur-lex.europa.eu\/legal-content\/ES\/TXT\/HTML\/?uri=OJ:C_202504201\">https:\/\/eur-lex.europa.eu\/legal-content\/ES\/TXT\/HTML\/?uri=OJ:C_202504201<\/a><\/p>\n\n\n\n<p><strong>-IV concurso de fotograf\u00eda \u2018Eliminaci\u00f3n de la violencia contra las mujeres-25N<\/strong> (marzo 2025)<\/p>\n\n\n\n<p><a href=\"https:\/\/fundaciongeneraluclm.es\/la-uclm-convoca-su-iv-concurso-de-fotografia-eliminacion-de-la-violencia-contra-las-mujeres-25n\/\">La UCLM convoca su IV concurso de fotograf\u00eda &#8216;Eliminaci\u00f3n de la violencia contra las mujeres-25N &#8211; Fundaci\u00f3n UCLM<\/a><\/p>\n\n\n\n<p>&#8211;<strong>PROGRAMAS DE VOLUNTARIADO RELACIONADOS CON LA IGUADAD UCLM:<\/strong><\/p>\n\n\n\n<p><a href=\"https:\/\/fundaciongeneraluclm.es\/otros-programas\/programa-de-voluntariado\/voluntariado-regional\/ofertas-de-voluntariado\/#?ods__pxid_erxzasmecinjwgb_0=Igualdad%20de%20g%C3%A9nero\">https:\/\/fundaciongeneraluclm.es\/otros-programas\/programa-de-voluntariado\/voluntariado-regional\/ofertas-de-voluntariado\/#?ods__pxid_erxzasmecinjwgb_0=Igualdad%20de%20g%C3%A9nero<\/a><\/p>\n\n\n\n<p>&#8211;<strong>CURSOS PARA LA COMUNIDAD UNIVERSITARIA SOBRE IGUALDAD Y DIVERSIDAD<\/strong><\/p>\n\n\n\n<figure class=\"wp-block-video\"><video height=\"720\" style=\"aspect-ratio: 1280 \/ 720;\" width=\"1280\" controls src=\"https:\/\/blog.uclm.es\/igualdadfcjsto\/wp-content\/uploads\/sites\/229\/2025\/09\/Promocion-curso-Igualdad-ACT-UCLM-curso-24-25.mp4\"><\/video><\/figure>\n\n\n\n<div data-wp-interactive=\"core\/file\" class=\"wp-block-file\"><object data-wp-bind--hidden=\"!state.hasPdfPreview\" hidden class=\"wp-block-file__embed\" data=\"https:\/\/blog.uclm.es\/igualdadfcjsto\/wp-content\/uploads\/sites\/229\/2025\/09\/GUIA_DOCENTE_curso-G9_Igualdad-de-genero-y-Diversidad_UCLM.pdf\" type=\"application\/pdf\" style=\"width:100%;height:600px\" aria-label=\"Incrustado de GUIA_DOCENTE_curso G9_Igualdad de g\u00e9nero y Diversidad_UCLM.\"><\/object><a id=\"wp-block-file--media-466e138f-717f-4a42-8fb0-580f4bb8d75b\" href=\"https:\/\/blog.uclm.es\/igualdadfcjsto\/wp-content\/uploads\/sites\/229\/2025\/09\/GUIA_DOCENTE_curso-G9_Igualdad-de-genero-y-Diversidad_UCLM.pdf\">GUIA_DOCENTE_curso G9_Igualdad de g\u00e9nero y Diversidad_UCLM<\/a><a href=\"https:\/\/blog.uclm.es\/igualdadfcjsto\/wp-content\/uploads\/sites\/229\/2025\/09\/GUIA_DOCENTE_curso-G9_Igualdad-de-genero-y-Diversidad_UCLM.pdf\" class=\"wp-block-file__button wp-element-button\" download aria-describedby=\"wp-block-file--media-466e138f-717f-4a42-8fb0-580f4bb8d75b\">Descarga<\/a><\/div>\n","protected":false},"excerpt":{"rendered":"<p>&#8211;ACTIVIDADES Y JORNADAS INTERSANTES: \u2728 Un placer participar en las Jornadas del 11F en la UCLM \u2728 Como presidenta de la Comisi\u00f3n de Igualdad y diversidad ha sido un honor formar parte del grupo de investigadores e investigadoras de la &hellip; <a href=\"https:\/\/blog.uclm.es\/igualdadfcjsto\/noticias\/\">Sigue leyendo <span class=\"meta-nav\">&rarr;<\/span><\/a><\/p>\n","protected":false},"author":261,"featured_media":0,"parent":0,"menu_order":0,"comment_status":"closed","ping_status":"closed","template":"","meta":{"footnotes":""},"class_list":["post-685","page","type-page","status-publish","hentry"],"_links":{"self":[{"href":"https:\/\/blog.uclm.es\/igualdadfcjsto\/wp-json\/wp\/v2\/pages\/685","targetHints":{"allow":["GET"]}}],"collection":[{"href":"https:\/\/blog.uclm.es\/igualdadfcjsto\/wp-json\/wp\/v2\/pages"}],"about":[{"href":"https:\/\/blog.uclm.es\/igualdadfcjsto\/wp-json\/wp\/v2\/types\/page"}],"author":[{"embeddable":true,"href":"https:\/\/blog.uclm.es\/igualdadfcjsto\/wp-json\/wp\/v2\/users\/261"}],"replies":[{"embeddable":true,"href":"https:\/\/blog.uclm.es\/igualdadfcjsto\/wp-json\/wp\/v2\/comments?post=685"}],"version-history":[{"count":28,"href":"https:\/\/blog.uclm.es\/igualdadfcjsto\/wp-json\/wp\/v2\/pages\/685\/revisions"}],"predecessor-version":[{"id":804,"href":"https:\/\/blog.uclm.es\/igualdadfcjsto\/wp-json\/wp\/v2\/pages\/685\/revisions\/804"}],"wp:attachment":[{"href":"https:\/\/blog.uclm.es\/igualdadfcjsto\/wp-json\/wp\/v2\/media?parent=685"}],"curies":[{"name":"wp","href":"https:\/\/api.w.org\/{rel}","templated":true}]}}