{"id":459,"date":"2023-11-16T14:11:46","date_gmt":"2023-11-16T14:11:46","guid":{"rendered":"https:\/\/blog.uclm.es\/igualdadfcjsto\/?page_id=459"},"modified":"2026-03-27T21:59:46","modified_gmt":"2026-03-27T21:59:46","slug":"galeria-fotografica","status":"publish","type":"page","link":"https:\/\/blog.uclm.es\/igualdadfcjsto\/galeria-fotografica\/","title":{"rendered":"GALER\u00cdA FOTOGR\u00c1FICA"},"content":{"rendered":"\n<p>A lo largo de estos diecis\u00e9is a\u00f1os, la actividad de la Comisi\u00f3n de Igualdad en im\u00e1genes.<\/p>\n\n\n\n<figure class=\"wp-block-image size-large\"><img loading=\"lazy\" decoding=\"async\" width=\"1024\" height=\"771\" src=\"https:\/\/blog.uclm.es\/igualdadfcjsto\/wp-content\/uploads\/sites\/229\/2026\/03\/IMG-20260326-WA0018-1024x771.jpg\" alt=\"\" class=\"wp-image-820\" srcset=\"https:\/\/blog.uclm.es\/igualdadfcjsto\/wp-content\/uploads\/sites\/229\/2026\/03\/IMG-20260326-WA0018-1024x771.jpg 1024w, https:\/\/blog.uclm.es\/igualdadfcjsto\/wp-content\/uploads\/sites\/229\/2026\/03\/IMG-20260326-WA0018-300x226.jpg 300w, https:\/\/blog.uclm.es\/igualdadfcjsto\/wp-content\/uploads\/sites\/229\/2026\/03\/IMG-20260326-WA0018-768x578.jpg 768w, https:\/\/blog.uclm.es\/igualdadfcjsto\/wp-content\/uploads\/sites\/229\/2026\/03\/IMG-20260326-WA0018-1536x1157.jpg 1536w, https:\/\/blog.uclm.es\/igualdadfcjsto\/wp-content\/uploads\/sites\/229\/2026\/03\/IMG-20260326-WA0018-398x300.jpg 398w, https:\/\/blog.uclm.es\/igualdadfcjsto\/wp-content\/uploads\/sites\/229\/2026\/03\/IMG-20260326-WA0018.jpg 2040w\" sizes=\"auto, (max-width: 1024px) 100vw, 1024px\" \/><\/figure>\n\n\n\n<figure class=\"wp-block-image size-large\"><img loading=\"lazy\" decoding=\"async\" width=\"1024\" height=\"768\" src=\"https:\/\/blog.uclm.es\/igualdadfcjsto\/wp-content\/uploads\/sites\/229\/2026\/03\/IMG-20260326-WA0014-1024x768.jpg\" alt=\"\" class=\"wp-image-819\" srcset=\"https:\/\/blog.uclm.es\/igualdadfcjsto\/wp-content\/uploads\/sites\/229\/2026\/03\/IMG-20260326-WA0014-1024x768.jpg 1024w, https:\/\/blog.uclm.es\/igualdadfcjsto\/wp-content\/uploads\/sites\/229\/2026\/03\/IMG-20260326-WA0014-300x225.jpg 300w, https:\/\/blog.uclm.es\/igualdadfcjsto\/wp-content\/uploads\/sites\/229\/2026\/03\/IMG-20260326-WA0014-768x576.jpg 768w, https:\/\/blog.uclm.es\/igualdadfcjsto\/wp-content\/uploads\/sites\/229\/2026\/03\/IMG-20260326-WA0014-1536x1152.jpg 1536w, https:\/\/blog.uclm.es\/igualdadfcjsto\/wp-content\/uploads\/sites\/229\/2026\/03\/IMG-20260326-WA0014-400x300.jpg 400w, https:\/\/blog.uclm.es\/igualdadfcjsto\/wp-content\/uploads\/sites\/229\/2026\/03\/IMG-20260326-WA0014.jpg 1600w\" sizes=\"auto, (max-width: 1024px) 100vw, 1024px\" \/><\/figure>\n\n\n\n<figure class=\"wp-block-image size-large\"><img loading=\"lazy\" decoding=\"async\" width=\"1024\" height=\"870\" src=\"https:\/\/blog.uclm.es\/igualdadfcjsto\/wp-content\/uploads\/sites\/229\/2025\/11\/20251118_193421-1024x870.jpg\" alt=\"\" class=\"wp-image-790\" srcset=\"https:\/\/blog.uclm.es\/igualdadfcjsto\/wp-content\/uploads\/sites\/229\/2025\/11\/20251118_193421-1024x870.jpg 1024w, https:\/\/blog.uclm.es\/igualdadfcjsto\/wp-content\/uploads\/sites\/229\/2025\/11\/20251118_193421-300x255.jpg 300w, https:\/\/blog.uclm.es\/igualdadfcjsto\/wp-content\/uploads\/sites\/229\/2025\/11\/20251118_193421-768x653.jpg 768w, https:\/\/blog.uclm.es\/igualdadfcjsto\/wp-content\/uploads\/sites\/229\/2025\/11\/20251118_193421-1536x1305.jpg 1536w, https:\/\/blog.uclm.es\/igualdadfcjsto\/wp-content\/uploads\/sites\/229\/2025\/11\/20251118_193421-353x300.jpg 353w, https:\/\/blog.uclm.es\/igualdadfcjsto\/wp-content\/uploads\/sites\/229\/2025\/11\/20251118_193421.jpg 1770w\" sizes=\"auto, (max-width: 1024px) 100vw, 1024px\" \/><\/figure>\n\n\n\n<figure class=\"wp-block-image size-large\"><img loading=\"lazy\" decoding=\"async\" width=\"1024\" height=\"472\" src=\"https:\/\/blog.uclm.es\/igualdadfcjsto\/wp-content\/uploads\/sites\/229\/2025\/09\/20250311_121021-1024x472.jpg\" alt=\"\" class=\"wp-image-749\" srcset=\"https:\/\/blog.uclm.es\/igualdadfcjsto\/wp-content\/uploads\/sites\/229\/2025\/09\/20250311_121021-1024x472.jpg 1024w, https:\/\/blog.uclm.es\/igualdadfcjsto\/wp-content\/uploads\/sites\/229\/2025\/09\/20250311_121021-300x138.jpg 300w, https:\/\/blog.uclm.es\/igualdadfcjsto\/wp-content\/uploads\/sites\/229\/2025\/09\/20250311_121021-768x354.jpg 768w, https:\/\/blog.uclm.es\/igualdadfcjsto\/wp-content\/uploads\/sites\/229\/2025\/09\/20250311_121021-1536x708.jpg 1536w, https:\/\/blog.uclm.es\/igualdadfcjsto\/wp-content\/uploads\/sites\/229\/2025\/09\/20250311_121021-2048x944.jpg 2048w, https:\/\/blog.uclm.es\/igualdadfcjsto\/wp-content\/uploads\/sites\/229\/2025\/09\/20250311_121021-500x230.jpg 500w\" sizes=\"auto, (max-width: 1024px) 100vw, 1024px\" \/><\/figure>\n\n\n\n<figure class=\"wp-block-image size-full\"><img loading=\"lazy\" decoding=\"async\" width=\"626\" height=\"358\" src=\"https:\/\/blog.uclm.es\/igualdadfcjsto\/wp-content\/uploads\/sites\/229\/2025\/09\/image-3.png\" alt=\"\" class=\"wp-image-747\" srcset=\"https:\/\/blog.uclm.es\/igualdadfcjsto\/wp-content\/uploads\/sites\/229\/2025\/09\/image-3.png 626w, https:\/\/blog.uclm.es\/igualdadfcjsto\/wp-content\/uploads\/sites\/229\/2025\/09\/image-3-300x172.png 300w, https:\/\/blog.uclm.es\/igualdadfcjsto\/wp-content\/uploads\/sites\/229\/2025\/09\/image-3-500x286.png 500w\" sizes=\"auto, (max-width: 626px) 100vw, 626px\" \/><\/figure>\n\n\n\n<div class=\"wp-block-group\"><div class=\"wp-block-group__inner-container is-layout-constrained wp-block-group-is-layout-constrained\">\n<figure class=\"wp-block-gallery has-nested-images columns-default is-cropped wp-block-gallery-1 is-layout-flex wp-block-gallery-is-layout-flex\">\n<figure class=\"wp-block-image size-large\"><img loading=\"lazy\" decoding=\"async\" width=\"1024\" height=\"768\" data-id=\"476\" src=\"https:\/\/blog.uclm.es\/igualdadfcjsto\/wp-content\/uploads\/sites\/229\/2023\/11\/IMG_1411-1024x768.jpg\" alt=\"\" class=\"wp-image-476\" srcset=\"https:\/\/blog.uclm.es\/igualdadfcjsto\/wp-content\/uploads\/sites\/229\/2023\/11\/IMG_1411-1024x768.jpg 1024w, https:\/\/blog.uclm.es\/igualdadfcjsto\/wp-content\/uploads\/sites\/229\/2023\/11\/IMG_1411-300x225.jpg 300w, https:\/\/blog.uclm.es\/igualdadfcjsto\/wp-content\/uploads\/sites\/229\/2023\/11\/IMG_1411-768x576.jpg 768w, https:\/\/blog.uclm.es\/igualdadfcjsto\/wp-content\/uploads\/sites\/229\/2023\/11\/IMG_1411-1536x1152.jpg 1536w, https:\/\/blog.uclm.es\/igualdadfcjsto\/wp-content\/uploads\/sites\/229\/2023\/11\/IMG_1411-2048x1536.jpg 2048w, https:\/\/blog.uclm.es\/igualdadfcjsto\/wp-content\/uploads\/sites\/229\/2023\/11\/IMG_1411-400x300.jpg 400w\" sizes=\"auto, (max-width: 1024px) 100vw, 1024px\" \/><\/figure>\n\n\n\n<figure class=\"wp-block-image size-large\"><img loading=\"lazy\" decoding=\"async\" width=\"768\" height=\"1024\" data-id=\"474\" src=\"https:\/\/blog.uclm.es\/igualdadfcjsto\/wp-content\/uploads\/sites\/229\/2023\/11\/IMG_1551-768x1024.jpg\" alt=\"\" class=\"wp-image-474\" srcset=\"https:\/\/blog.uclm.es\/igualdadfcjsto\/wp-content\/uploads\/sites\/229\/2023\/11\/IMG_1551-768x1024.jpg 768w, https:\/\/blog.uclm.es\/igualdadfcjsto\/wp-content\/uploads\/sites\/229\/2023\/11\/IMG_1551-225x300.jpg 225w, https:\/\/blog.uclm.es\/igualdadfcjsto\/wp-content\/uploads\/sites\/229\/2023\/11\/IMG_1551-1152x1536.jpg 1152w, https:\/\/blog.uclm.es\/igualdadfcjsto\/wp-content\/uploads\/sites\/229\/2023\/11\/IMG_1551-1536x2048.jpg 1536w, https:\/\/blog.uclm.es\/igualdadfcjsto\/wp-content\/uploads\/sites\/229\/2023\/11\/IMG_1551-scaled.jpg 1920w\" sizes=\"auto, (max-width: 768px) 100vw, 768px\" \/><\/figure>\n\n\n\n<figure class=\"wp-block-image size-large\"><img loading=\"lazy\" decoding=\"async\" width=\"1024\" height=\"768\" data-id=\"475\" src=\"https:\/\/blog.uclm.es\/igualdadfcjsto\/wp-content\/uploads\/sites\/229\/2023\/11\/IMG_2827_Facetune_25-04-2019-12-57-15-1024x768.jpg\" alt=\"\" class=\"wp-image-475\" srcset=\"https:\/\/blog.uclm.es\/igualdadfcjsto\/wp-content\/uploads\/sites\/229\/2023\/11\/IMG_2827_Facetune_25-04-2019-12-57-15-1024x768.jpg 1024w, https:\/\/blog.uclm.es\/igualdadfcjsto\/wp-content\/uploads\/sites\/229\/2023\/11\/IMG_2827_Facetune_25-04-2019-12-57-15-300x225.jpg 300w, https:\/\/blog.uclm.es\/igualdadfcjsto\/wp-content\/uploads\/sites\/229\/2023\/11\/IMG_2827_Facetune_25-04-2019-12-57-15-768x576.jpg 768w, https:\/\/blog.uclm.es\/igualdadfcjsto\/wp-content\/uploads\/sites\/229\/2023\/11\/IMG_2827_Facetune_25-04-2019-12-57-15-1536x1152.jpg 1536w, https:\/\/blog.uclm.es\/igualdadfcjsto\/wp-content\/uploads\/sites\/229\/2023\/11\/IMG_2827_Facetune_25-04-2019-12-57-15-2048x1536.jpg 2048w, https:\/\/blog.uclm.es\/igualdadfcjsto\/wp-content\/uploads\/sites\/229\/2023\/11\/IMG_2827_Facetune_25-04-2019-12-57-15-400x300.jpg 400w\" sizes=\"auto, (max-width: 1024px) 100vw, 1024px\" \/><\/figure>\n<\/figure>\n<\/div><\/div>\n\n\n\n<figure class=\"wp-block-gallery has-nested-images columns-default is-cropped wp-block-gallery-2 is-layout-flex wp-block-gallery-is-layout-flex\">\n<figure class=\"wp-block-image size-large\"><img loading=\"lazy\" decoding=\"async\" width=\"768\" height=\"1024\" data-id=\"478\" src=\"https:\/\/blog.uclm.es\/igualdadfcjsto\/wp-content\/uploads\/sites\/229\/2023\/11\/IMG_7222-1-768x1024.jpg\" alt=\"\" class=\"wp-image-478\" srcset=\"https:\/\/blog.uclm.es\/igualdadfcjsto\/wp-content\/uploads\/sites\/229\/2023\/11\/IMG_7222-1-768x1024.jpg 768w, https:\/\/blog.uclm.es\/igualdadfcjsto\/wp-content\/uploads\/sites\/229\/2023\/11\/IMG_7222-1-225x300.jpg 225w, https:\/\/blog.uclm.es\/igualdadfcjsto\/wp-content\/uploads\/sites\/229\/2023\/11\/IMG_7222-1-1152x1536.jpg 1152w, https:\/\/blog.uclm.es\/igualdadfcjsto\/wp-content\/uploads\/sites\/229\/2023\/11\/IMG_7222-1-1536x2048.jpg 1536w, https:\/\/blog.uclm.es\/igualdadfcjsto\/wp-content\/uploads\/sites\/229\/2023\/11\/IMG_7222-1-scaled.jpg 1920w\" sizes=\"auto, (max-width: 768px) 100vw, 768px\" \/><\/figure>\n\n\n\n<figure class=\"wp-block-image size-large\"><img loading=\"lazy\" decoding=\"async\" width=\"768\" height=\"1024\" data-id=\"477\" src=\"https:\/\/blog.uclm.es\/igualdadfcjsto\/wp-content\/uploads\/sites\/229\/2023\/11\/IMG_7473-1-768x1024.jpg\" alt=\"\" class=\"wp-image-477\" srcset=\"https:\/\/blog.uclm.es\/igualdadfcjsto\/wp-content\/uploads\/sites\/229\/2023\/11\/IMG_7473-1-768x1024.jpg 768w, https:\/\/blog.uclm.es\/igualdadfcjsto\/wp-content\/uploads\/sites\/229\/2023\/11\/IMG_7473-1-225x300.jpg 225w, https:\/\/blog.uclm.es\/igualdadfcjsto\/wp-content\/uploads\/sites\/229\/2023\/11\/IMG_7473-1-1152x1536.jpg 1152w, https:\/\/blog.uclm.es\/igualdadfcjsto\/wp-content\/uploads\/sites\/229\/2023\/11\/IMG_7473-1-1536x2048.jpg 1536w, https:\/\/blog.uclm.es\/igualdadfcjsto\/wp-content\/uploads\/sites\/229\/2023\/11\/IMG_7473-1-scaled.jpg 1920w\" sizes=\"auto, (max-width: 768px) 100vw, 768px\" \/><\/figure>\n<\/figure>\n\n\n\n<figure class=\"wp-block-gallery has-nested-images columns-default is-cropped wp-block-gallery-3 is-layout-flex wp-block-gallery-is-layout-flex\">\n<figure class=\"wp-block-image size-large\"><img loading=\"lazy\" decoding=\"async\" width=\"768\" height=\"1024\" data-id=\"482\" src=\"https:\/\/blog.uclm.es\/igualdadfcjsto\/wp-content\/uploads\/sites\/229\/2023\/11\/IMG_7687-1-768x1024.jpg\" alt=\"\" class=\"wp-image-482\" srcset=\"https:\/\/blog.uclm.es\/igualdadfcjsto\/wp-content\/uploads\/sites\/229\/2023\/11\/IMG_7687-1-768x1024.jpg 768w, https:\/\/blog.uclm.es\/igualdadfcjsto\/wp-content\/uploads\/sites\/229\/2023\/11\/IMG_7687-1-225x300.jpg 225w, https:\/\/blog.uclm.es\/igualdadfcjsto\/wp-content\/uploads\/sites\/229\/2023\/11\/IMG_7687-1-1152x1536.jpg 1152w, https:\/\/blog.uclm.es\/igualdadfcjsto\/wp-content\/uploads\/sites\/229\/2023\/11\/IMG_7687-1-1536x2048.jpg 1536w, https:\/\/blog.uclm.es\/igualdadfcjsto\/wp-content\/uploads\/sites\/229\/2023\/11\/IMG_7687-1-scaled.jpg 1920w\" sizes=\"auto, (max-width: 768px) 100vw, 768px\" \/><\/figure>\n\n\n\n<figure class=\"wp-block-image size-large\"><img loading=\"lazy\" decoding=\"async\" width=\"768\" height=\"1024\" data-id=\"481\" src=\"https:\/\/blog.uclm.es\/igualdadfcjsto\/wp-content\/uploads\/sites\/229\/2023\/11\/IMG_8110-1-768x1024.jpg\" alt=\"\" class=\"wp-image-481\" srcset=\"https:\/\/blog.uclm.es\/igualdadfcjsto\/wp-content\/uploads\/sites\/229\/2023\/11\/IMG_8110-1-768x1024.jpg 768w, https:\/\/blog.uclm.es\/igualdadfcjsto\/wp-content\/uploads\/sites\/229\/2023\/11\/IMG_8110-1-225x300.jpg 225w, https:\/\/blog.uclm.es\/igualdadfcjsto\/wp-content\/uploads\/sites\/229\/2023\/11\/IMG_8110-1-1152x1536.jpg 1152w, https:\/\/blog.uclm.es\/igualdadfcjsto\/wp-content\/uploads\/sites\/229\/2023\/11\/IMG_8110-1-1536x2048.jpg 1536w, https:\/\/blog.uclm.es\/igualdadfcjsto\/wp-content\/uploads\/sites\/229\/2023\/11\/IMG_8110-1-scaled.jpg 1920w\" sizes=\"auto, (max-width: 768px) 100vw, 768px\" \/><\/figure>\n\n\n\n<figure class=\"wp-block-image size-large\"><img loading=\"lazy\" decoding=\"async\" width=\"768\" height=\"1024\" data-id=\"483\" src=\"https:\/\/blog.uclm.es\/igualdadfcjsto\/wp-content\/uploads\/sites\/229\/2023\/11\/IMG_8952-1-768x1024.jpg\" alt=\"\" class=\"wp-image-483\" srcset=\"https:\/\/blog.uclm.es\/igualdadfcjsto\/wp-content\/uploads\/sites\/229\/2023\/11\/IMG_8952-1-768x1024.jpg 768w, https:\/\/blog.uclm.es\/igualdadfcjsto\/wp-content\/uploads\/sites\/229\/2023\/11\/IMG_8952-1-225x300.jpg 225w, https:\/\/blog.uclm.es\/igualdadfcjsto\/wp-content\/uploads\/sites\/229\/2023\/11\/IMG_8952-1-1152x1536.jpg 1152w, https:\/\/blog.uclm.es\/igualdadfcjsto\/wp-content\/uploads\/sites\/229\/2023\/11\/IMG_8952-1-1536x2048.jpg 1536w, https:\/\/blog.uclm.es\/igualdadfcjsto\/wp-content\/uploads\/sites\/229\/2023\/11\/IMG_8952-1-scaled.jpg 1920w\" sizes=\"auto, (max-width: 768px) 100vw, 768px\" \/><\/figure>\n<\/figure>\n\n\n\n<figure class=\"wp-block-gallery has-nested-images columns-default is-cropped wp-block-gallery-4 is-layout-flex wp-block-gallery-is-layout-flex\">\n<figure class=\"wp-block-image size-large\"><img loading=\"lazy\" decoding=\"async\" width=\"768\" height=\"1024\" data-id=\"484\" src=\"https:\/\/blog.uclm.es\/igualdadfcjsto\/wp-content\/uploads\/sites\/229\/2023\/11\/IMG_7472-2-768x1024.jpg\" alt=\"\" class=\"wp-image-484\" srcset=\"https:\/\/blog.uclm.es\/igualdadfcjsto\/wp-content\/uploads\/sites\/229\/2023\/11\/IMG_7472-2-768x1024.jpg 768w, https:\/\/blog.uclm.es\/igualdadfcjsto\/wp-content\/uploads\/sites\/229\/2023\/11\/IMG_7472-2-225x300.jpg 225w, https:\/\/blog.uclm.es\/igualdadfcjsto\/wp-content\/uploads\/sites\/229\/2023\/11\/IMG_7472-2-1152x1536.jpg 1152w, https:\/\/blog.uclm.es\/igualdadfcjsto\/wp-content\/uploads\/sites\/229\/2023\/11\/IMG_7472-2-1536x2048.jpg 1536w, https:\/\/blog.uclm.es\/igualdadfcjsto\/wp-content\/uploads\/sites\/229\/2023\/11\/IMG_7472-2-scaled.jpg 1920w\" sizes=\"auto, (max-width: 768px) 100vw, 768px\" \/><\/figure>\n\n\n\n<figure class=\"wp-block-image size-large\"><img loading=\"lazy\" decoding=\"async\" width=\"768\" height=\"1024\" data-id=\"485\" src=\"https:\/\/blog.uclm.es\/igualdadfcjsto\/wp-content\/uploads\/sites\/229\/2023\/11\/IMG_7475-1-768x1024.jpg\" alt=\"\" class=\"wp-image-485\" srcset=\"https:\/\/blog.uclm.es\/igualdadfcjsto\/wp-content\/uploads\/sites\/229\/2023\/11\/IMG_7475-1-768x1024.jpg 768w, https:\/\/blog.uclm.es\/igualdadfcjsto\/wp-content\/uploads\/sites\/229\/2023\/11\/IMG_7475-1-225x300.jpg 225w, https:\/\/blog.uclm.es\/igualdadfcjsto\/wp-content\/uploads\/sites\/229\/2023\/11\/IMG_7475-1-1152x1536.jpg 1152w, https:\/\/blog.uclm.es\/igualdadfcjsto\/wp-content\/uploads\/sites\/229\/2023\/11\/IMG_7475-1-1536x2048.jpg 1536w, https:\/\/blog.uclm.es\/igualdadfcjsto\/wp-content\/uploads\/sites\/229\/2023\/11\/IMG_7475-1-scaled.jpg 1920w\" sizes=\"auto, (max-width: 768px) 100vw, 768px\" \/><\/figure>\n<\/figure>\n\n\n\n<figure class=\"wp-block-gallery has-nested-images columns-default is-cropped wp-block-gallery-5 is-layout-flex wp-block-gallery-is-layout-flex\">\n<figure class=\"wp-block-image size-large\"><img loading=\"lazy\" decoding=\"async\" width=\"1024\" height=\"768\" data-id=\"488\" src=\"https:\/\/blog.uclm.es\/igualdadfcjsto\/wp-content\/uploads\/sites\/229\/2023\/11\/IMG_7655-1024x768.jpg\" alt=\"\" class=\"wp-image-488\" srcset=\"https:\/\/blog.uclm.es\/igualdadfcjsto\/wp-content\/uploads\/sites\/229\/2023\/11\/IMG_7655-1024x768.jpg 1024w, https:\/\/blog.uclm.es\/igualdadfcjsto\/wp-content\/uploads\/sites\/229\/2023\/11\/IMG_7655-300x225.jpg 300w, https:\/\/blog.uclm.es\/igualdadfcjsto\/wp-content\/uploads\/sites\/229\/2023\/11\/IMG_7655-768x576.jpg 768w, https:\/\/blog.uclm.es\/igualdadfcjsto\/wp-content\/uploads\/sites\/229\/2023\/11\/IMG_7655-1536x1152.jpg 1536w, https:\/\/blog.uclm.es\/igualdadfcjsto\/wp-content\/uploads\/sites\/229\/2023\/11\/IMG_7655-2048x1536.jpg 2048w, https:\/\/blog.uclm.es\/igualdadfcjsto\/wp-content\/uploads\/sites\/229\/2023\/11\/IMG_7655-400x300.jpg 400w\" sizes=\"auto, (max-width: 1024px) 100vw, 1024px\" \/><\/figure>\n\n\n\n<figure class=\"wp-block-image size-large\"><img loading=\"lazy\" decoding=\"async\" width=\"1024\" height=\"768\" data-id=\"489\" src=\"https:\/\/blog.uclm.es\/igualdadfcjsto\/wp-content\/uploads\/sites\/229\/2023\/11\/IMG_8805-1024x768.jpg\" alt=\"\" class=\"wp-image-489\" srcset=\"https:\/\/blog.uclm.es\/igualdadfcjsto\/wp-content\/uploads\/sites\/229\/2023\/11\/IMG_8805-1024x768.jpg 1024w, https:\/\/blog.uclm.es\/igualdadfcjsto\/wp-content\/uploads\/sites\/229\/2023\/11\/IMG_8805-300x225.jpg 300w, https:\/\/blog.uclm.es\/igualdadfcjsto\/wp-content\/uploads\/sites\/229\/2023\/11\/IMG_8805-768x576.jpg 768w, https:\/\/blog.uclm.es\/igualdadfcjsto\/wp-content\/uploads\/sites\/229\/2023\/11\/IMG_8805-1536x1152.jpg 1536w, https:\/\/blog.uclm.es\/igualdadfcjsto\/wp-content\/uploads\/sites\/229\/2023\/11\/IMG_8805-2048x1536.jpg 2048w, https:\/\/blog.uclm.es\/igualdadfcjsto\/wp-content\/uploads\/sites\/229\/2023\/11\/IMG_8805-400x300.jpg 400w\" sizes=\"auto, (max-width: 1024px) 100vw, 1024px\" \/><\/figure>\n\n\n\n<figure class=\"wp-block-image size-large\"><img loading=\"lazy\" decoding=\"async\" width=\"1024\" height=\"768\" data-id=\"490\" src=\"https:\/\/blog.uclm.es\/igualdadfcjsto\/wp-content\/uploads\/sites\/229\/2023\/11\/IMG_8820-1024x768.jpg\" alt=\"\" class=\"wp-image-490\" srcset=\"https:\/\/blog.uclm.es\/igualdadfcjsto\/wp-content\/uploads\/sites\/229\/2023\/11\/IMG_8820-1024x768.jpg 1024w, https:\/\/blog.uclm.es\/igualdadfcjsto\/wp-content\/uploads\/sites\/229\/2023\/11\/IMG_8820-300x225.jpg 300w, https:\/\/blog.uclm.es\/igualdadfcjsto\/wp-content\/uploads\/sites\/229\/2023\/11\/IMG_8820-768x576.jpg 768w, https:\/\/blog.uclm.es\/igualdadfcjsto\/wp-content\/uploads\/sites\/229\/2023\/11\/IMG_8820-1536x1152.jpg 1536w, https:\/\/blog.uclm.es\/igualdadfcjsto\/wp-content\/uploads\/sites\/229\/2023\/11\/IMG_8820-2048x1536.jpg 2048w, https:\/\/blog.uclm.es\/igualdadfcjsto\/wp-content\/uploads\/sites\/229\/2023\/11\/IMG_8820-400x300.jpg 400w\" sizes=\"auto, (max-width: 1024px) 100vw, 1024px\" \/><\/figure>\n<\/figure>\n\n\n\n<figure class=\"wp-block-gallery has-nested-images columns-default is-cropped wp-block-gallery-6 is-layout-flex wp-block-gallery-is-layout-flex\">\n<figure class=\"wp-block-image size-large\"><img loading=\"lazy\" decoding=\"async\" width=\"576\" height=\"1024\" data-id=\"491\" src=\"https:\/\/blog.uclm.es\/igualdadfcjsto\/wp-content\/uploads\/sites\/229\/2023\/11\/IMG_1494-576x1024.jpg\" alt=\"\" class=\"wp-image-491\" srcset=\"https:\/\/blog.uclm.es\/igualdadfcjsto\/wp-content\/uploads\/sites\/229\/2023\/11\/IMG_1494-576x1024.jpg 576w, https:\/\/blog.uclm.es\/igualdadfcjsto\/wp-content\/uploads\/sites\/229\/2023\/11\/IMG_1494-169x300.jpg 169w, https:\/\/blog.uclm.es\/igualdadfcjsto\/wp-content\/uploads\/sites\/229\/2023\/11\/IMG_1494-768x1366.jpg 768w, https:\/\/blog.uclm.es\/igualdadfcjsto\/wp-content\/uploads\/sites\/229\/2023\/11\/IMG_1494-864x1536.jpg 864w, https:\/\/blog.uclm.es\/igualdadfcjsto\/wp-content\/uploads\/sites\/229\/2023\/11\/IMG_1494.jpg 1115w\" sizes=\"auto, (max-width: 576px) 100vw, 576px\" \/><\/figure>\n<\/figure>\n\n\n\n<figure class=\"wp-block-gallery has-nested-images columns-default is-cropped wp-block-gallery-7 is-layout-flex wp-block-gallery-is-layout-flex\">\n<figure class=\"wp-block-image size-large\"><img loading=\"lazy\" decoding=\"async\" width=\"768\" height=\"1024\" data-id=\"494\" src=\"https:\/\/blog.uclm.es\/igualdadfcjsto\/wp-content\/uploads\/sites\/229\/2023\/11\/IMG_0511-768x1024.jpg\" alt=\"\" class=\"wp-image-494\" srcset=\"https:\/\/blog.uclm.es\/igualdadfcjsto\/wp-content\/uploads\/sites\/229\/2023\/11\/IMG_0511-768x1024.jpg 768w, https:\/\/blog.uclm.es\/igualdadfcjsto\/wp-content\/uploads\/sites\/229\/2023\/11\/IMG_0511-225x300.jpg 225w, https:\/\/blog.uclm.es\/igualdadfcjsto\/wp-content\/uploads\/sites\/229\/2023\/11\/IMG_0511-1152x1536.jpg 1152w, https:\/\/blog.uclm.es\/igualdadfcjsto\/wp-content\/uploads\/sites\/229\/2023\/11\/IMG_0511-1536x2048.jpg 1536w, https:\/\/blog.uclm.es\/igualdadfcjsto\/wp-content\/uploads\/sites\/229\/2023\/11\/IMG_0511-scaled.jpg 1920w\" sizes=\"auto, (max-width: 768px) 100vw, 768px\" \/><\/figure>\n\n\n\n<figure class=\"wp-block-image size-large\"><img loading=\"lazy\" decoding=\"async\" width=\"768\" height=\"1024\" data-id=\"493\" src=\"https:\/\/blog.uclm.es\/igualdadfcjsto\/wp-content\/uploads\/sites\/229\/2023\/11\/IMG_2992-768x1024.jpg\" alt=\"\" class=\"wp-image-493\" srcset=\"https:\/\/blog.uclm.es\/igualdadfcjsto\/wp-content\/uploads\/sites\/229\/2023\/11\/IMG_2992-768x1024.jpg 768w, https:\/\/blog.uclm.es\/igualdadfcjsto\/wp-content\/uploads\/sites\/229\/2023\/11\/IMG_2992-225x300.jpg 225w, https:\/\/blog.uclm.es\/igualdadfcjsto\/wp-content\/uploads\/sites\/229\/2023\/11\/IMG_2992-1152x1536.jpg 1152w, https:\/\/blog.uclm.es\/igualdadfcjsto\/wp-content\/uploads\/sites\/229\/2023\/11\/IMG_2992-1536x2048.jpg 1536w, https:\/\/blog.uclm.es\/igualdadfcjsto\/wp-content\/uploads\/sites\/229\/2023\/11\/IMG_2992-scaled.jpg 1920w\" sizes=\"auto, (max-width: 768px) 100vw, 768px\" \/><\/figure>\n\n\n\n<figure class=\"wp-block-image size-large\"><img loading=\"lazy\" decoding=\"async\" width=\"768\" height=\"1024\" data-id=\"496\" src=\"https:\/\/blog.uclm.es\/igualdadfcjsto\/wp-content\/uploads\/sites\/229\/2023\/11\/IMG_4477-768x1024.jpg\" alt=\"\" class=\"wp-image-496\" srcset=\"https:\/\/blog.uclm.es\/igualdadfcjsto\/wp-content\/uploads\/sites\/229\/2023\/11\/IMG_4477-768x1024.jpg 768w, https:\/\/blog.uclm.es\/igualdadfcjsto\/wp-content\/uploads\/sites\/229\/2023\/11\/IMG_4477-225x300.jpg 225w, https:\/\/blog.uclm.es\/igualdadfcjsto\/wp-content\/uploads\/sites\/229\/2023\/11\/IMG_4477-1152x1536.jpg 1152w, https:\/\/blog.uclm.es\/igualdadfcjsto\/wp-content\/uploads\/sites\/229\/2023\/11\/IMG_4477-1536x2048.jpg 1536w, https:\/\/blog.uclm.es\/igualdadfcjsto\/wp-content\/uploads\/sites\/229\/2023\/11\/IMG_4477-scaled.jpg 1920w\" sizes=\"auto, (max-width: 768px) 100vw, 768px\" \/><\/figure>\n<\/figure>\n\n\n\n<figure class=\"wp-block-gallery has-nested-images columns-default is-cropped wp-block-gallery-8 is-layout-flex wp-block-gallery-is-layout-flex\">\n<figure class=\"wp-block-image size-large\"><img loading=\"lazy\" decoding=\"async\" width=\"768\" height=\"1024\" data-id=\"501\" src=\"https:\/\/blog.uclm.es\/igualdadfcjsto\/wp-content\/uploads\/sites\/229\/2023\/11\/IMG_4484-768x1024.jpg\" alt=\"\" class=\"wp-image-501\" srcset=\"https:\/\/blog.uclm.es\/igualdadfcjsto\/wp-content\/uploads\/sites\/229\/2023\/11\/IMG_4484-768x1024.jpg 768w, https:\/\/blog.uclm.es\/igualdadfcjsto\/wp-content\/uploads\/sites\/229\/2023\/11\/IMG_4484-225x300.jpg 225w, https:\/\/blog.uclm.es\/igualdadfcjsto\/wp-content\/uploads\/sites\/229\/2023\/11\/IMG_4484-1152x1536.jpg 1152w, https:\/\/blog.uclm.es\/igualdadfcjsto\/wp-content\/uploads\/sites\/229\/2023\/11\/IMG_4484-1536x2048.jpg 1536w, https:\/\/blog.uclm.es\/igualdadfcjsto\/wp-content\/uploads\/sites\/229\/2023\/11\/IMG_4484-scaled.jpg 1920w\" sizes=\"auto, (max-width: 768px) 100vw, 768px\" \/><\/figure>\n\n\n\n<figure class=\"wp-block-image size-large\"><img loading=\"lazy\" decoding=\"async\" width=\"768\" height=\"1024\" data-id=\"498\" src=\"https:\/\/blog.uclm.es\/igualdadfcjsto\/wp-content\/uploads\/sites\/229\/2023\/11\/IMG_7227-768x1024.jpg\" alt=\"\" class=\"wp-image-498\" srcset=\"https:\/\/blog.uclm.es\/igualdadfcjsto\/wp-content\/uploads\/sites\/229\/2023\/11\/IMG_7227-768x1024.jpg 768w, https:\/\/blog.uclm.es\/igualdadfcjsto\/wp-content\/uploads\/sites\/229\/2023\/11\/IMG_7227-225x300.jpg 225w, https:\/\/blog.uclm.es\/igualdadfcjsto\/wp-content\/uploads\/sites\/229\/2023\/11\/IMG_7227-1152x1536.jpg 1152w, https:\/\/blog.uclm.es\/igualdadfcjsto\/wp-content\/uploads\/sites\/229\/2023\/11\/IMG_7227-1536x2048.jpg 1536w, https:\/\/blog.uclm.es\/igualdadfcjsto\/wp-content\/uploads\/sites\/229\/2023\/11\/IMG_7227-scaled.jpg 1920w\" sizes=\"auto, (max-width: 768px) 100vw, 768px\" \/><\/figure>\n<\/figure>\n\n\n\n<figure class=\"wp-block-gallery has-nested-images columns-default is-cropped wp-block-gallery-9 is-layout-flex wp-block-gallery-is-layout-flex\">\n<figure class=\"wp-block-image size-large\"><img loading=\"lazy\" decoding=\"async\" width=\"768\" height=\"1024\" data-id=\"504\" src=\"https:\/\/blog.uclm.es\/igualdadfcjsto\/wp-content\/uploads\/sites\/229\/2023\/11\/IMG_7290-1-768x1024.jpg\" alt=\"\" class=\"wp-image-504\" srcset=\"https:\/\/blog.uclm.es\/igualdadfcjsto\/wp-content\/uploads\/sites\/229\/2023\/11\/IMG_7290-1-768x1024.jpg 768w, https:\/\/blog.uclm.es\/igualdadfcjsto\/wp-content\/uploads\/sites\/229\/2023\/11\/IMG_7290-1-225x300.jpg 225w, https:\/\/blog.uclm.es\/igualdadfcjsto\/wp-content\/uploads\/sites\/229\/2023\/11\/IMG_7290-1-1152x1536.jpg 1152w, https:\/\/blog.uclm.es\/igualdadfcjsto\/wp-content\/uploads\/sites\/229\/2023\/11\/IMG_7290-1-1536x2048.jpg 1536w, https:\/\/blog.uclm.es\/igualdadfcjsto\/wp-content\/uploads\/sites\/229\/2023\/11\/IMG_7290-1-scaled.jpg 1920w\" sizes=\"auto, (max-width: 768px) 100vw, 768px\" \/><\/figure>\n\n\n\n<figure class=\"wp-block-image size-large\"><img loading=\"lazy\" decoding=\"async\" width=\"768\" height=\"1024\" data-id=\"503\" src=\"https:\/\/blog.uclm.es\/igualdadfcjsto\/wp-content\/uploads\/sites\/229\/2023\/11\/IMG_8732-768x1024.jpg\" alt=\"\" class=\"wp-image-503\" srcset=\"https:\/\/blog.uclm.es\/igualdadfcjsto\/wp-content\/uploads\/sites\/229\/2023\/11\/IMG_8732-768x1024.jpg 768w, https:\/\/blog.uclm.es\/igualdadfcjsto\/wp-content\/uploads\/sites\/229\/2023\/11\/IMG_8732-225x300.jpg 225w, https:\/\/blog.uclm.es\/igualdadfcjsto\/wp-content\/uploads\/sites\/229\/2023\/11\/IMG_8732-1152x1536.jpg 1152w, https:\/\/blog.uclm.es\/igualdadfcjsto\/wp-content\/uploads\/sites\/229\/2023\/11\/IMG_8732-1536x2048.jpg 1536w, https:\/\/blog.uclm.es\/igualdadfcjsto\/wp-content\/uploads\/sites\/229\/2023\/11\/IMG_8732-scaled.jpg 1920w\" sizes=\"auto, (max-width: 768px) 100vw, 768px\" \/><\/figure>\n\n\n\n<figure class=\"wp-block-image size-large\"><img loading=\"lazy\" decoding=\"async\" width=\"768\" height=\"1024\" data-id=\"502\" src=\"https:\/\/blog.uclm.es\/igualdadfcjsto\/wp-content\/uploads\/sites\/229\/2023\/11\/IMG_8854-768x1024.jpg\" alt=\"\" class=\"wp-image-502\" srcset=\"https:\/\/blog.uclm.es\/igualdadfcjsto\/wp-content\/uploads\/sites\/229\/2023\/11\/IMG_8854-768x1024.jpg 768w, https:\/\/blog.uclm.es\/igualdadfcjsto\/wp-content\/uploads\/sites\/229\/2023\/11\/IMG_8854-225x300.jpg 225w, https:\/\/blog.uclm.es\/igualdadfcjsto\/wp-content\/uploads\/sites\/229\/2023\/11\/IMG_8854-1152x1536.jpg 1152w, https:\/\/blog.uclm.es\/igualdadfcjsto\/wp-content\/uploads\/sites\/229\/2023\/11\/IMG_8854-1536x2048.jpg 1536w, https:\/\/blog.uclm.es\/igualdadfcjsto\/wp-content\/uploads\/sites\/229\/2023\/11\/IMG_8854-scaled.jpg 1920w\" sizes=\"auto, (max-width: 768px) 100vw, 768px\" \/><\/figure>\n<\/figure>\n\n\n\n<figure class=\"wp-block-gallery has-nested-images columns-default is-cropped wp-block-gallery-10 is-layout-flex wp-block-gallery-is-layout-flex\">\n<figure class=\"wp-block-image size-large\"><img decoding=\"async\" data-id=\"506\" src=\"https:\/\/blog.uclm.es\/igualdadfcjsto\/wp-content\/uploads\/sites\/229\/2023\/11\/IMG_8731-768x1024.jpg\" alt=\"\" class=\"wp-image-506\" \/><\/figure>\n\n\n\n<figure class=\"wp-block-image size-large\"><img loading=\"lazy\" decoding=\"async\" width=\"768\" height=\"1024\" data-id=\"507\" src=\"https:\/\/blog.uclm.es\/igualdadfcjsto\/wp-content\/uploads\/sites\/229\/2023\/11\/IMG_9768-768x1024.jpg\" alt=\"\" class=\"wp-image-507\" srcset=\"https:\/\/blog.uclm.es\/igualdadfcjsto\/wp-content\/uploads\/sites\/229\/2023\/11\/IMG_9768-768x1024.jpg 768w, https:\/\/blog.uclm.es\/igualdadfcjsto\/wp-content\/uploads\/sites\/229\/2023\/11\/IMG_9768-225x300.jpg 225w, https:\/\/blog.uclm.es\/igualdadfcjsto\/wp-content\/uploads\/sites\/229\/2023\/11\/IMG_9768-1152x1536.jpg 1152w, https:\/\/blog.uclm.es\/igualdadfcjsto\/wp-content\/uploads\/sites\/229\/2023\/11\/IMG_9768-1536x2048.jpg 1536w, https:\/\/blog.uclm.es\/igualdadfcjsto\/wp-content\/uploads\/sites\/229\/2023\/11\/IMG_9768-scaled.jpg 1920w\" sizes=\"auto, (max-width: 768px) 100vw, 768px\" \/><\/figure>\n\n\n\n<figure class=\"wp-block-image size-large\"><img loading=\"lazy\" decoding=\"async\" width=\"768\" height=\"1024\" data-id=\"505\" src=\"https:\/\/blog.uclm.es\/igualdadfcjsto\/wp-content\/uploads\/sites\/229\/2023\/11\/IMG_9790-768x1024.jpg\" alt=\"\" class=\"wp-image-505\" srcset=\"https:\/\/blog.uclm.es\/igualdadfcjsto\/wp-content\/uploads\/sites\/229\/2023\/11\/IMG_9790-768x1024.jpg 768w, https:\/\/blog.uclm.es\/igualdadfcjsto\/wp-content\/uploads\/sites\/229\/2023\/11\/IMG_9790-225x300.jpg 225w, https:\/\/blog.uclm.es\/igualdadfcjsto\/wp-content\/uploads\/sites\/229\/2023\/11\/IMG_9790-1152x1536.jpg 1152w, https:\/\/blog.uclm.es\/igualdadfcjsto\/wp-content\/uploads\/sites\/229\/2023\/11\/IMG_9790-1536x2048.jpg 1536w, https:\/\/blog.uclm.es\/igualdadfcjsto\/wp-content\/uploads\/sites\/229\/2023\/11\/IMG_9790-scaled.jpg 1920w\" sizes=\"auto, (max-width: 768px) 100vw, 768px\" \/><\/figure>\n<\/figure>\n\n\n\n<figure class=\"wp-block-gallery has-nested-images columns-default is-cropped wp-block-gallery-11 is-layout-flex wp-block-gallery-is-layout-flex\">\n<figure class=\"wp-block-image size-large\"><img loading=\"lazy\" decoding=\"async\" width=\"768\" height=\"1024\" data-id=\"508\" src=\"https:\/\/blog.uclm.es\/igualdadfcjsto\/wp-content\/uploads\/sites\/229\/2023\/11\/IMG_9719-768x1024.jpg\" alt=\"\" class=\"wp-image-508\" srcset=\"https:\/\/blog.uclm.es\/igualdadfcjsto\/wp-content\/uploads\/sites\/229\/2023\/11\/IMG_9719-768x1024.jpg 768w, https:\/\/blog.uclm.es\/igualdadfcjsto\/wp-content\/uploads\/sites\/229\/2023\/11\/IMG_9719-225x300.jpg 225w, https:\/\/blog.uclm.es\/igualdadfcjsto\/wp-content\/uploads\/sites\/229\/2023\/11\/IMG_9719-1152x1536.jpg 1152w, https:\/\/blog.uclm.es\/igualdadfcjsto\/wp-content\/uploads\/sites\/229\/2023\/11\/IMG_9719-1536x2048.jpg 1536w, https:\/\/blog.uclm.es\/igualdadfcjsto\/wp-content\/uploads\/sites\/229\/2023\/11\/IMG_9719-scaled.jpg 1920w\" sizes=\"auto, (max-width: 768px) 100vw, 768px\" \/><\/figure>\n<\/figure>\n\n\n\n<figure class=\"wp-block-gallery has-nested-images columns-default is-cropped wp-block-gallery-12 is-layout-flex wp-block-gallery-is-layout-flex\">\n<figure class=\"wp-block-image size-large\"><img decoding=\"async\" data-id=\"510\" src=\"https:\/\/blog.uclm.es\/igualdadfcjsto\/wp-content\/uploads\/sites\/229\/2023\/11\/IMG_1415-768x1024.jpg\" alt=\"\" class=\"wp-image-510\" \/><\/figure>\n\n\n\n<figure class=\"wp-block-image size-large\"><img loading=\"lazy\" decoding=\"async\" width=\"768\" height=\"1024\" data-id=\"511\" src=\"https:\/\/blog.uclm.es\/igualdadfcjsto\/wp-content\/uploads\/sites\/229\/2023\/11\/IMG_1549-768x1024.jpg\" alt=\"\" class=\"wp-image-511\" srcset=\"https:\/\/blog.uclm.es\/igualdadfcjsto\/wp-content\/uploads\/sites\/229\/2023\/11\/IMG_1549-768x1024.jpg 768w, https:\/\/blog.uclm.es\/igualdadfcjsto\/wp-content\/uploads\/sites\/229\/2023\/11\/IMG_1549-225x300.jpg 225w, https:\/\/blog.uclm.es\/igualdadfcjsto\/wp-content\/uploads\/sites\/229\/2023\/11\/IMG_1549-1152x1536.jpg 1152w, https:\/\/blog.uclm.es\/igualdadfcjsto\/wp-content\/uploads\/sites\/229\/2023\/11\/IMG_1549-1536x2048.jpg 1536w, https:\/\/blog.uclm.es\/igualdadfcjsto\/wp-content\/uploads\/sites\/229\/2023\/11\/IMG_1549-scaled.jpg 1920w\" sizes=\"auto, (max-width: 768px) 100vw, 768px\" \/><\/figure>\n\n\n\n<figure class=\"wp-block-image size-large\"><img loading=\"lazy\" decoding=\"async\" width=\"768\" height=\"1024\" data-id=\"512\" src=\"https:\/\/blog.uclm.es\/igualdadfcjsto\/wp-content\/uploads\/sites\/229\/2023\/11\/IMG_1665-768x1024.jpg\" alt=\"\" class=\"wp-image-512\" srcset=\"https:\/\/blog.uclm.es\/igualdadfcjsto\/wp-content\/uploads\/sites\/229\/2023\/11\/IMG_1665-768x1024.jpg 768w, https:\/\/blog.uclm.es\/igualdadfcjsto\/wp-content\/uploads\/sites\/229\/2023\/11\/IMG_1665-225x300.jpg 225w, https:\/\/blog.uclm.es\/igualdadfcjsto\/wp-content\/uploads\/sites\/229\/2023\/11\/IMG_1665-1152x1536.jpg 1152w, https:\/\/blog.uclm.es\/igualdadfcjsto\/wp-content\/uploads\/sites\/229\/2023\/11\/IMG_1665-1536x2048.jpg 1536w, https:\/\/blog.uclm.es\/igualdadfcjsto\/wp-content\/uploads\/sites\/229\/2023\/11\/IMG_1665-scaled.jpg 1920w\" sizes=\"auto, (max-width: 768px) 100vw, 768px\" \/><\/figure>\n<\/figure>\n\n\n\n<figure class=\"wp-block-gallery has-nested-images columns-default is-cropped wp-block-gallery-13 is-layout-flex wp-block-gallery-is-layout-flex\">\n<figure class=\"wp-block-image size-large\"><img loading=\"lazy\" decoding=\"async\" width=\"768\" height=\"1024\" data-id=\"515\" src=\"https:\/\/blog.uclm.es\/igualdadfcjsto\/wp-content\/uploads\/sites\/229\/2023\/11\/CONFERENCIA-CARMEN-DE-BURGOS.1-768x1024.jpg\" alt=\"\" class=\"wp-image-515\" srcset=\"https:\/\/blog.uclm.es\/igualdadfcjsto\/wp-content\/uploads\/sites\/229\/2023\/11\/CONFERENCIA-CARMEN-DE-BURGOS.1-768x1024.jpg 768w, https:\/\/blog.uclm.es\/igualdadfcjsto\/wp-content\/uploads\/sites\/229\/2023\/11\/CONFERENCIA-CARMEN-DE-BURGOS.1-225x300.jpg 225w, https:\/\/blog.uclm.es\/igualdadfcjsto\/wp-content\/uploads\/sites\/229\/2023\/11\/CONFERENCIA-CARMEN-DE-BURGOS.1-1152x1536.jpg 1152w, https:\/\/blog.uclm.es\/igualdadfcjsto\/wp-content\/uploads\/sites\/229\/2023\/11\/CONFERENCIA-CARMEN-DE-BURGOS.1-1536x2048.jpg 1536w, https:\/\/blog.uclm.es\/igualdadfcjsto\/wp-content\/uploads\/sites\/229\/2023\/11\/CONFERENCIA-CARMEN-DE-BURGOS.1-scaled.jpg 1920w\" sizes=\"auto, (max-width: 768px) 100vw, 768px\" \/><\/figure>\n\n\n\n<figure class=\"wp-block-image size-large\"><img loading=\"lazy\" decoding=\"async\" width=\"1024\" height=\"768\" data-id=\"514\" src=\"https:\/\/blog.uclm.es\/igualdadfcjsto\/wp-content\/uploads\/sites\/229\/2023\/11\/CONFERENCIA-CARMEN-DE-BURGOS.3-1024x768.jpg\" alt=\"\" class=\"wp-image-514\" srcset=\"https:\/\/blog.uclm.es\/igualdadfcjsto\/wp-content\/uploads\/sites\/229\/2023\/11\/CONFERENCIA-CARMEN-DE-BURGOS.3-1024x768.jpg 1024w, https:\/\/blog.uclm.es\/igualdadfcjsto\/wp-content\/uploads\/sites\/229\/2023\/11\/CONFERENCIA-CARMEN-DE-BURGOS.3-300x225.jpg 300w, https:\/\/blog.uclm.es\/igualdadfcjsto\/wp-content\/uploads\/sites\/229\/2023\/11\/CONFERENCIA-CARMEN-DE-BURGOS.3-768x576.jpg 768w, https:\/\/blog.uclm.es\/igualdadfcjsto\/wp-content\/uploads\/sites\/229\/2023\/11\/CONFERENCIA-CARMEN-DE-BURGOS.3-1536x1152.jpg 1536w, https:\/\/blog.uclm.es\/igualdadfcjsto\/wp-content\/uploads\/sites\/229\/2023\/11\/CONFERENCIA-CARMEN-DE-BURGOS.3-2048x1536.jpg 2048w, https:\/\/blog.uclm.es\/igualdadfcjsto\/wp-content\/uploads\/sites\/229\/2023\/11\/CONFERENCIA-CARMEN-DE-BURGOS.3-400x300.jpg 400w\" sizes=\"auto, (max-width: 1024px) 100vw, 1024px\" \/><\/figure>\n\n\n\n<figure class=\"wp-block-image size-large\"><img decoding=\"async\" data-id=\"516\" src=\"https:\/\/blog.uclm.es\/igualdadfcjsto\/wp-content\/uploads\/sites\/229\/2023\/11\/IMG_7499-768x1024.jpg\" alt=\"\" class=\"wp-image-516\" \/><\/figure>\n<\/figure>\n\n\n\n<figure class=\"wp-block-gallery has-nested-images columns-default is-cropped wp-block-gallery-14 is-layout-flex wp-block-gallery-is-layout-flex\">\n<figure class=\"wp-block-image size-large\"><img loading=\"lazy\" decoding=\"async\" width=\"768\" height=\"1024\" data-id=\"521\" src=\"https:\/\/blog.uclm.es\/igualdadfcjsto\/wp-content\/uploads\/sites\/229\/2023\/11\/IMG_7349-768x1024.jpg\" alt=\"\" class=\"wp-image-521\" srcset=\"https:\/\/blog.uclm.es\/igualdadfcjsto\/wp-content\/uploads\/sites\/229\/2023\/11\/IMG_7349-768x1024.jpg 768w, https:\/\/blog.uclm.es\/igualdadfcjsto\/wp-content\/uploads\/sites\/229\/2023\/11\/IMG_7349-225x300.jpg 225w, https:\/\/blog.uclm.es\/igualdadfcjsto\/wp-content\/uploads\/sites\/229\/2023\/11\/IMG_7349-1152x1536.jpg 1152w, https:\/\/blog.uclm.es\/igualdadfcjsto\/wp-content\/uploads\/sites\/229\/2023\/11\/IMG_7349-1536x2048.jpg 1536w, https:\/\/blog.uclm.es\/igualdadfcjsto\/wp-content\/uploads\/sites\/229\/2023\/11\/IMG_7349-scaled.jpg 1920w\" sizes=\"auto, (max-width: 768px) 100vw, 768px\" \/><\/figure>\n\n\n\n<figure class=\"wp-block-image size-large\"><img loading=\"lazy\" decoding=\"async\" width=\"1024\" height=\"768\" data-id=\"517\" src=\"https:\/\/blog.uclm.es\/igualdadfcjsto\/wp-content\/uploads\/sites\/229\/2023\/11\/ponencia-Gloria-Bernal.1-1024x768.jpg\" alt=\"\" class=\"wp-image-517\" srcset=\"https:\/\/blog.uclm.es\/igualdadfcjsto\/wp-content\/uploads\/sites\/229\/2023\/11\/ponencia-Gloria-Bernal.1-1024x768.jpg 1024w, https:\/\/blog.uclm.es\/igualdadfcjsto\/wp-content\/uploads\/sites\/229\/2023\/11\/ponencia-Gloria-Bernal.1-300x225.jpg 300w, https:\/\/blog.uclm.es\/igualdadfcjsto\/wp-content\/uploads\/sites\/229\/2023\/11\/ponencia-Gloria-Bernal.1-768x576.jpg 768w, https:\/\/blog.uclm.es\/igualdadfcjsto\/wp-content\/uploads\/sites\/229\/2023\/11\/ponencia-Gloria-Bernal.1-1536x1152.jpg 1536w, https:\/\/blog.uclm.es\/igualdadfcjsto\/wp-content\/uploads\/sites\/229\/2023\/11\/ponencia-Gloria-Bernal.1-2048x1536.jpg 2048w, https:\/\/blog.uclm.es\/igualdadfcjsto\/wp-content\/uploads\/sites\/229\/2023\/11\/ponencia-Gloria-Bernal.1-400x300.jpg 400w\" sizes=\"auto, (max-width: 1024px) 100vw, 1024px\" \/><\/figure>\n\n\n\n<figure class=\"wp-block-image size-large\"><img loading=\"lazy\" decoding=\"async\" width=\"768\" height=\"1024\" data-id=\"518\" src=\"https:\/\/blog.uclm.es\/igualdadfcjsto\/wp-content\/uploads\/sites\/229\/2023\/11\/ponencia-Gloria-Bernal.2-768x1024.jpg\" alt=\"\" class=\"wp-image-518\" srcset=\"https:\/\/blog.uclm.es\/igualdadfcjsto\/wp-content\/uploads\/sites\/229\/2023\/11\/ponencia-Gloria-Bernal.2-768x1024.jpg 768w, https:\/\/blog.uclm.es\/igualdadfcjsto\/wp-content\/uploads\/sites\/229\/2023\/11\/ponencia-Gloria-Bernal.2-225x300.jpg 225w, https:\/\/blog.uclm.es\/igualdadfcjsto\/wp-content\/uploads\/sites\/229\/2023\/11\/ponencia-Gloria-Bernal.2-1152x1536.jpg 1152w, https:\/\/blog.uclm.es\/igualdadfcjsto\/wp-content\/uploads\/sites\/229\/2023\/11\/ponencia-Gloria-Bernal.2-1536x2048.jpg 1536w, https:\/\/blog.uclm.es\/igualdadfcjsto\/wp-content\/uploads\/sites\/229\/2023\/11\/ponencia-Gloria-Bernal.2-scaled.jpg 1920w\" sizes=\"auto, (max-width: 768px) 100vw, 768px\" \/><\/figure>\n<\/figure>\n\n\n\n<figure class=\"wp-block-gallery has-nested-images columns-default is-cropped wp-block-gallery-15 is-layout-flex wp-block-gallery-is-layout-flex\">\n<figure class=\"wp-block-image size-large\"><img loading=\"lazy\" decoding=\"async\" width=\"768\" height=\"1024\" data-id=\"522\" src=\"https:\/\/blog.uclm.es\/igualdadfcjsto\/wp-content\/uploads\/sites\/229\/2023\/11\/CONFERENCIA-PABLO-DE-LORA.5-1-768x1024.jpg\" alt=\"\" class=\"wp-image-522\" srcset=\"https:\/\/blog.uclm.es\/igualdadfcjsto\/wp-content\/uploads\/sites\/229\/2023\/11\/CONFERENCIA-PABLO-DE-LORA.5-1-768x1024.jpg 768w, https:\/\/blog.uclm.es\/igualdadfcjsto\/wp-content\/uploads\/sites\/229\/2023\/11\/CONFERENCIA-PABLO-DE-LORA.5-1-225x300.jpg 225w, https:\/\/blog.uclm.es\/igualdadfcjsto\/wp-content\/uploads\/sites\/229\/2023\/11\/CONFERENCIA-PABLO-DE-LORA.5-1-1152x1536.jpg 1152w, https:\/\/blog.uclm.es\/igualdadfcjsto\/wp-content\/uploads\/sites\/229\/2023\/11\/CONFERENCIA-PABLO-DE-LORA.5-1-1536x2048.jpg 1536w, https:\/\/blog.uclm.es\/igualdadfcjsto\/wp-content\/uploads\/sites\/229\/2023\/11\/CONFERENCIA-PABLO-DE-LORA.5-1-scaled.jpg 1920w\" sizes=\"auto, (max-width: 768px) 100vw, 768px\" \/><\/figure>\n\n\n\n<figure class=\"wp-block-image size-large\"><img loading=\"lazy\" decoding=\"async\" width=\"673\" height=\"1024\" data-id=\"523\" src=\"https:\/\/blog.uclm.es\/igualdadfcjsto\/wp-content\/uploads\/sites\/229\/2023\/11\/ponencia-Gloria-Bernal.5-1-673x1024.jpg\" alt=\"\" class=\"wp-image-523\" srcset=\"https:\/\/blog.uclm.es\/igualdadfcjsto\/wp-content\/uploads\/sites\/229\/2023\/11\/ponencia-Gloria-Bernal.5-1-673x1024.jpg 673w, https:\/\/blog.uclm.es\/igualdadfcjsto\/wp-content\/uploads\/sites\/229\/2023\/11\/ponencia-Gloria-Bernal.5-1-197x300.jpg 197w, https:\/\/blog.uclm.es\/igualdadfcjsto\/wp-content\/uploads\/sites\/229\/2023\/11\/ponencia-Gloria-Bernal.5-1-768x1169.jpg 768w, https:\/\/blog.uclm.es\/igualdadfcjsto\/wp-content\/uploads\/sites\/229\/2023\/11\/ponencia-Gloria-Bernal.5-1-1009x1536.jpg 1009w, https:\/\/blog.uclm.es\/igualdadfcjsto\/wp-content\/uploads\/sites\/229\/2023\/11\/ponencia-Gloria-Bernal.5-1-1346x2048.jpg 1346w, https:\/\/blog.uclm.es\/igualdadfcjsto\/wp-content\/uploads\/sites\/229\/2023\/11\/ponencia-Gloria-Bernal.5-1-scaled.jpg 1682w\" sizes=\"auto, (max-width: 673px) 100vw, 673px\" \/><\/figure>\n<\/figure>\n\n\n\n<figure class=\"wp-block-image size-large\"><img loading=\"lazy\" decoding=\"async\" width=\"768\" height=\"1024\" src=\"https:\/\/blog.uclm.es\/igualdadfcjsto\/wp-content\/uploads\/sites\/229\/2023\/11\/IMG_2992-1-768x1024.jpg\" alt=\"\" class=\"wp-image-525\" srcset=\"https:\/\/blog.uclm.es\/igualdadfcjsto\/wp-content\/uploads\/sites\/229\/2023\/11\/IMG_2992-1-768x1024.jpg 768w, https:\/\/blog.uclm.es\/igualdadfcjsto\/wp-content\/uploads\/sites\/229\/2023\/11\/IMG_2992-1-225x300.jpg 225w, https:\/\/blog.uclm.es\/igualdadfcjsto\/wp-content\/uploads\/sites\/229\/2023\/11\/IMG_2992-1-1152x1536.jpg 1152w, https:\/\/blog.uclm.es\/igualdadfcjsto\/wp-content\/uploads\/sites\/229\/2023\/11\/IMG_2992-1-1536x2048.jpg 1536w, https:\/\/blog.uclm.es\/igualdadfcjsto\/wp-content\/uploads\/sites\/229\/2023\/11\/IMG_2992-1-scaled.jpg 1920w\" sizes=\"auto, (max-width: 768px) 100vw, 768px\" \/><\/figure>\n\n\n\n<figure class=\"wp-block-image size-large\"><img loading=\"lazy\" decoding=\"async\" width=\"1024\" height=\"768\" src=\"https:\/\/blog.uclm.es\/igualdadfcjsto\/wp-content\/uploads\/sites\/229\/2023\/11\/IMG_1455-1024x768.jpg\" alt=\"\" class=\"wp-image-526\" srcset=\"https:\/\/blog.uclm.es\/igualdadfcjsto\/wp-content\/uploads\/sites\/229\/2023\/11\/IMG_1455-1024x768.jpg 1024w, https:\/\/blog.uclm.es\/igualdadfcjsto\/wp-content\/uploads\/sites\/229\/2023\/11\/IMG_1455-300x225.jpg 300w, https:\/\/blog.uclm.es\/igualdadfcjsto\/wp-content\/uploads\/sites\/229\/2023\/11\/IMG_1455-768x576.jpg 768w, https:\/\/blog.uclm.es\/igualdadfcjsto\/wp-content\/uploads\/sites\/229\/2023\/11\/IMG_1455-1536x1152.jpg 1536w, https:\/\/blog.uclm.es\/igualdadfcjsto\/wp-content\/uploads\/sites\/229\/2023\/11\/IMG_1455-2048x1536.jpg 2048w, https:\/\/blog.uclm.es\/igualdadfcjsto\/wp-content\/uploads\/sites\/229\/2023\/11\/IMG_1455-400x300.jpg 400w\" sizes=\"auto, (max-width: 1024px) 100vw, 1024px\" \/><\/figure>\n\n\n\n<figure class=\"wp-block-image size-large\"><img decoding=\"async\" src=\"https:\/\/blog.uclm.es\/igualdadfcjsto\/wp-content\/uploads\/sites\/229\/2023\/11\/IMG_8110-2-768x1024.jpg\" alt=\"\" class=\"wp-image-527\" \/><\/figure>\n\n\n\n<figure class=\"wp-block-image size-large\"><img loading=\"lazy\" decoding=\"async\" width=\"1024\" height=\"685\" src=\"https:\/\/blog.uclm.es\/igualdadfcjsto\/wp-content\/uploads\/sites\/229\/2023\/11\/alumnos.6-1024x685.jpg\" alt=\"\" class=\"wp-image-529\" srcset=\"https:\/\/blog.uclm.es\/igualdadfcjsto\/wp-content\/uploads\/sites\/229\/2023\/11\/alumnos.6-1024x685.jpg 1024w, https:\/\/blog.uclm.es\/igualdadfcjsto\/wp-content\/uploads\/sites\/229\/2023\/11\/alumnos.6-300x201.jpg 300w, https:\/\/blog.uclm.es\/igualdadfcjsto\/wp-content\/uploads\/sites\/229\/2023\/11\/alumnos.6-768x514.jpg 768w, https:\/\/blog.uclm.es\/igualdadfcjsto\/wp-content\/uploads\/sites\/229\/2023\/11\/alumnos.6-1536x1028.jpg 1536w, https:\/\/blog.uclm.es\/igualdadfcjsto\/wp-content\/uploads\/sites\/229\/2023\/11\/alumnos.6-2048x1371.jpg 2048w, https:\/\/blog.uclm.es\/igualdadfcjsto\/wp-content\/uploads\/sites\/229\/2023\/11\/alumnos.6-448x300.jpg 448w\" sizes=\"auto, (max-width: 1024px) 100vw, 1024px\" \/><figcaption class=\"wp-element-caption\">SONY DSC<\/figcaption><\/figure>\n\n\n\n<div class=\"wp-block-file\"><a id=\"wp-block-file--media-baa3eeed-7389-4481-8e2a-38ac0fd513b0\" href=\"https:\/\/blog.uclm.es\/igualdadfcjsto\/wp-content\/uploads\/sites\/229\/2023\/11\/DIEZ-ANOS-DE-LA-PROMIULGACION-DE-LA-LEY-DE-IGUALDAD-DEL-MARCO-TEORICO-AL-MARCO-PRACTICO.-MESA-REDONDA.-COLOQUIO.docx\">DIEZ-ANOS-DE-LA-PROMIULGACION-DE-LA-LEY-DE-IGUALDAD-DEL-MARCO-TEORICO-AL-MARCO-PRACTICO.-MESA-REDONDA.-COLOQUIO<\/a><a href=\"https:\/\/blog.uclm.es\/igualdadfcjsto\/wp-content\/uploads\/sites\/229\/2023\/11\/DIEZ-ANOS-DE-LA-PROMIULGACION-DE-LA-LEY-DE-IGUALDAD-DEL-MARCO-TEORICO-AL-MARCO-PRACTICO.-MESA-REDONDA.-COLOQUIO.docx\" class=\"wp-block-file__button wp-element-button\" download aria-describedby=\"wp-block-file--media-baa3eeed-7389-4481-8e2a-38ac0fd513b0\">Descarga<\/a><\/div>\n\n\n\n<figure class=\"wp-block-gallery has-nested-images columns-default is-cropped wp-block-gallery-16 is-layout-flex wp-block-gallery-is-layout-flex\">\n<figure class=\"wp-block-image size-large\"><img loading=\"lazy\" decoding=\"async\" width=\"768\" height=\"1024\" data-id=\"533\" src=\"https:\/\/blog.uclm.es\/igualdadfcjsto\/wp-content\/uploads\/sites\/229\/2023\/11\/IMG_4381-768x1024.jpg\" alt=\"\" class=\"wp-image-533\" srcset=\"https:\/\/blog.uclm.es\/igualdadfcjsto\/wp-content\/uploads\/sites\/229\/2023\/11\/IMG_4381-768x1024.jpg 768w, https:\/\/blog.uclm.es\/igualdadfcjsto\/wp-content\/uploads\/sites\/229\/2023\/11\/IMG_4381-225x300.jpg 225w, https:\/\/blog.uclm.es\/igualdadfcjsto\/wp-content\/uploads\/sites\/229\/2023\/11\/IMG_4381-1152x1536.jpg 1152w, https:\/\/blog.uclm.es\/igualdadfcjsto\/wp-content\/uploads\/sites\/229\/2023\/11\/IMG_4381-1536x2048.jpg 1536w, https:\/\/blog.uclm.es\/igualdadfcjsto\/wp-content\/uploads\/sites\/229\/2023\/11\/IMG_4381-scaled.jpg 1920w\" sizes=\"auto, (max-width: 768px) 100vw, 768px\" \/><\/figure>\n\n\n\n<figure class=\"wp-block-image size-large\"><img loading=\"lazy\" decoding=\"async\" width=\"1024\" height=\"768\" data-id=\"534\" src=\"https:\/\/blog.uclm.es\/igualdadfcjsto\/wp-content\/uploads\/sites\/229\/2023\/11\/IMG_8908-1024x768.jpg\" alt=\"\" class=\"wp-image-534\" srcset=\"https:\/\/blog.uclm.es\/igualdadfcjsto\/wp-content\/uploads\/sites\/229\/2023\/11\/IMG_8908-1024x768.jpg 1024w, https:\/\/blog.uclm.es\/igualdadfcjsto\/wp-content\/uploads\/sites\/229\/2023\/11\/IMG_8908-300x225.jpg 300w, https:\/\/blog.uclm.es\/igualdadfcjsto\/wp-content\/uploads\/sites\/229\/2023\/11\/IMG_8908-768x576.jpg 768w, https:\/\/blog.uclm.es\/igualdadfcjsto\/wp-content\/uploads\/sites\/229\/2023\/11\/IMG_8908-1536x1152.jpg 1536w, https:\/\/blog.uclm.es\/igualdadfcjsto\/wp-content\/uploads\/sites\/229\/2023\/11\/IMG_8908-2048x1536.jpg 2048w, https:\/\/blog.uclm.es\/igualdadfcjsto\/wp-content\/uploads\/sites\/229\/2023\/11\/IMG_8908-400x300.jpg 400w\" sizes=\"auto, (max-width: 1024px) 100vw, 1024px\" \/><\/figure>\n<\/figure>\n\n\n\n<p class=\"has-text-align-center\"><strong>24 DE NOVIEMBRE 2023. CONFERENCIA CON MOTIVO DEL D\u00cdA 25 N, INTERNACIONAL PARA LA ELIMINACI\u00d3N DE LA VIOLENCIA CONTRA LA MUJER<\/strong><\/p>\n\n\n\n<figure class=\"wp-block-gallery has-nested-images columns-default is-cropped wp-block-gallery-17 is-layout-flex wp-block-gallery-is-layout-flex\">\n<figure class=\"wp-block-image size-large\"><img loading=\"lazy\" decoding=\"async\" width=\"768\" height=\"1024\" data-id=\"558\" src=\"https:\/\/blog.uclm.es\/igualdadfcjsto\/wp-content\/uploads\/sites\/229\/2023\/11\/IMG_8275.4-3-768x1024.jpg\" alt=\"\" class=\"wp-image-558\" style=\"aspect-ratio:0.75\" srcset=\"https:\/\/blog.uclm.es\/igualdadfcjsto\/wp-content\/uploads\/sites\/229\/2023\/11\/IMG_8275.4-3-768x1024.jpg 768w, https:\/\/blog.uclm.es\/igualdadfcjsto\/wp-content\/uploads\/sites\/229\/2023\/11\/IMG_8275.4-3-225x300.jpg 225w, https:\/\/blog.uclm.es\/igualdadfcjsto\/wp-content\/uploads\/sites\/229\/2023\/11\/IMG_8275.4-3-1152x1536.jpg 1152w, https:\/\/blog.uclm.es\/igualdadfcjsto\/wp-content\/uploads\/sites\/229\/2023\/11\/IMG_8275.4-3-1536x2048.jpg 1536w, https:\/\/blog.uclm.es\/igualdadfcjsto\/wp-content\/uploads\/sites\/229\/2023\/11\/IMG_8275.4-3-scaled.jpg 1920w\" sizes=\"auto, (max-width: 768px) 100vw, 768px\" \/><\/figure>\n\n\n\n<figure class=\"wp-block-image size-large\"><img decoding=\"async\" data-id=\"560\" src=\"https:\/\/blog.uclm.es\/igualdadfcjsto\/wp-content\/uploads\/sites\/229\/2023\/11\/IMG_8282.3-3-768x1024.jpg\" alt=\"\" class=\"wp-image-560\" \/><\/figure>\n\n\n\n<figure class=\"wp-block-image size-large\"><img loading=\"lazy\" decoding=\"async\" width=\"1024\" height=\"768\" data-id=\"559\" src=\"https:\/\/blog.uclm.es\/igualdadfcjsto\/wp-content\/uploads\/sites\/229\/2023\/11\/IMG_8288.2-2-1024x768.jpg\" alt=\"\" class=\"wp-image-559\" srcset=\"https:\/\/blog.uclm.es\/igualdadfcjsto\/wp-content\/uploads\/sites\/229\/2023\/11\/IMG_8288.2-2-1024x768.jpg 1024w, https:\/\/blog.uclm.es\/igualdadfcjsto\/wp-content\/uploads\/sites\/229\/2023\/11\/IMG_8288.2-2-300x225.jpg 300w, https:\/\/blog.uclm.es\/igualdadfcjsto\/wp-content\/uploads\/sites\/229\/2023\/11\/IMG_8288.2-2-768x576.jpg 768w, https:\/\/blog.uclm.es\/igualdadfcjsto\/wp-content\/uploads\/sites\/229\/2023\/11\/IMG_8288.2-2-1536x1152.jpg 1536w, https:\/\/blog.uclm.es\/igualdadfcjsto\/wp-content\/uploads\/sites\/229\/2023\/11\/IMG_8288.2-2-2048x1536.jpg 2048w, https:\/\/blog.uclm.es\/igualdadfcjsto\/wp-content\/uploads\/sites\/229\/2023\/11\/IMG_8288.2-2-400x300.jpg 400w\" sizes=\"auto, (max-width: 1024px) 100vw, 1024px\" \/><\/figure>\n<\/figure>\n\n\n\n<figure class=\"wp-block-image size-large\"><img loading=\"lazy\" decoding=\"async\" width=\"1024\" height=\"709\" src=\"https:\/\/blog.uclm.es\/igualdadfcjsto\/wp-content\/uploads\/sites\/229\/2023\/11\/IMG_8252-1-1024x709.jpg\" alt=\"\" class=\"wp-image-561\" srcset=\"https:\/\/blog.uclm.es\/igualdadfcjsto\/wp-content\/uploads\/sites\/229\/2023\/11\/IMG_8252-1-1024x709.jpg 1024w, https:\/\/blog.uclm.es\/igualdadfcjsto\/wp-content\/uploads\/sites\/229\/2023\/11\/IMG_8252-1-300x208.jpg 300w, https:\/\/blog.uclm.es\/igualdadfcjsto\/wp-content\/uploads\/sites\/229\/2023\/11\/IMG_8252-1-768x532.jpg 768w, https:\/\/blog.uclm.es\/igualdadfcjsto\/wp-content\/uploads\/sites\/229\/2023\/11\/IMG_8252-1-433x300.jpg 433w, https:\/\/blog.uclm.es\/igualdadfcjsto\/wp-content\/uploads\/sites\/229\/2023\/11\/IMG_8252-1.jpg 1125w\" sizes=\"auto, (max-width: 1024px) 100vw, 1024px\" \/><\/figure>\n\n\n\n<p><strong>30 DE NOVIEMBRE. CONFERENCIA DEL PROFESOR JES\u00daS G MAESTRO.<\/strong> CATEDR\u00c1TICO DE LITERATURA Y DE LITERATURA COMPARADA DE LA UNIVERSIDAD DE VIGO.<\/p>\n\n\n\n<p><strong><em>MUJERS SINGULARES Y DECISIVAS EN LA OBRA LITERARIA DE MIGUEL DE CERCANTES.<\/em><\/strong><\/p>\n\n\n\n<div class=\"wp-block-columns is-layout-flex wp-container-core-columns-is-layout-9d6595d7 wp-block-columns-is-layout-flex\">\n<div class=\"wp-block-column is-layout-flow wp-block-column-is-layout-flow\" style=\"flex-basis:100%\">\n<figure class=\"wp-block-image size-large\"><img loading=\"lazy\" decoding=\"async\" width=\"724\" height=\"1024\" src=\"https:\/\/blog.uclm.es\/igualdadfcjsto\/wp-content\/uploads\/sites\/229\/2023\/12\/IMG_8248-724x1024.jpg\" alt=\"\" class=\"wp-image-581\" srcset=\"https:\/\/blog.uclm.es\/igualdadfcjsto\/wp-content\/uploads\/sites\/229\/2023\/12\/IMG_8248-724x1024.jpg 724w, https:\/\/blog.uclm.es\/igualdadfcjsto\/wp-content\/uploads\/sites\/229\/2023\/12\/IMG_8248-212x300.jpg 212w, https:\/\/blog.uclm.es\/igualdadfcjsto\/wp-content\/uploads\/sites\/229\/2023\/12\/IMG_8248-768x1086.jpg 768w, https:\/\/blog.uclm.es\/igualdadfcjsto\/wp-content\/uploads\/sites\/229\/2023\/12\/IMG_8248-1086x1536.jpg 1086w, https:\/\/blog.uclm.es\/igualdadfcjsto\/wp-content\/uploads\/sites\/229\/2023\/12\/IMG_8248-1448x2048.jpg 1448w, https:\/\/blog.uclm.es\/igualdadfcjsto\/wp-content\/uploads\/sites\/229\/2023\/12\/IMG_8248-scaled.jpg 1811w\" sizes=\"auto, (max-width: 724px) 100vw, 724px\" \/><\/figure>\n<\/div>\n<\/div>\n\n\n\n<p><\/p>\n\n\n\n<figure class=\"wp-block-gallery has-nested-images columns-default is-cropped wp-block-gallery-18 is-layout-flex wp-block-gallery-is-layout-flex\">\n<figure class=\"wp-block-image size-large\"><img loading=\"lazy\" decoding=\"async\" width=\"768\" height=\"1024\" data-id=\"582\" src=\"https:\/\/blog.uclm.es\/igualdadfcjsto\/wp-content\/uploads\/sites\/229\/2023\/12\/b29b88f6-8739-4981-839a-602e416b1a02-1-768x1024.jpg\" alt=\"\" class=\"wp-image-582\" srcset=\"https:\/\/blog.uclm.es\/igualdadfcjsto\/wp-content\/uploads\/sites\/229\/2023\/12\/b29b88f6-8739-4981-839a-602e416b1a02-1-768x1024.jpg 768w, https:\/\/blog.uclm.es\/igualdadfcjsto\/wp-content\/uploads\/sites\/229\/2023\/12\/b29b88f6-8739-4981-839a-602e416b1a02-1-225x300.jpg 225w, https:\/\/blog.uclm.es\/igualdadfcjsto\/wp-content\/uploads\/sites\/229\/2023\/12\/b29b88f6-8739-4981-839a-602e416b1a02-1-1152x1536.jpg 1152w, https:\/\/blog.uclm.es\/igualdadfcjsto\/wp-content\/uploads\/sites\/229\/2023\/12\/b29b88f6-8739-4981-839a-602e416b1a02-1.jpg 1500w\" sizes=\"auto, (max-width: 768px) 100vw, 768px\" \/><\/figure>\n\n\n\n<figure class=\"wp-block-image size-large\"><img loading=\"lazy\" decoding=\"async\" width=\"768\" height=\"1024\" data-id=\"583\" src=\"https:\/\/blog.uclm.es\/igualdadfcjsto\/wp-content\/uploads\/sites\/229\/2023\/12\/IMG_8348-1-768x1024.jpg\" alt=\"\" class=\"wp-image-583\" srcset=\"https:\/\/blog.uclm.es\/igualdadfcjsto\/wp-content\/uploads\/sites\/229\/2023\/12\/IMG_8348-1-768x1024.jpg 768w, https:\/\/blog.uclm.es\/igualdadfcjsto\/wp-content\/uploads\/sites\/229\/2023\/12\/IMG_8348-1-225x300.jpg 225w, https:\/\/blog.uclm.es\/igualdadfcjsto\/wp-content\/uploads\/sites\/229\/2023\/12\/IMG_8348-1-1152x1536.jpg 1152w, https:\/\/blog.uclm.es\/igualdadfcjsto\/wp-content\/uploads\/sites\/229\/2023\/12\/IMG_8348-1-1536x2048.jpg 1536w, https:\/\/blog.uclm.es\/igualdadfcjsto\/wp-content\/uploads\/sites\/229\/2023\/12\/IMG_8348-1-scaled.jpg 1920w\" sizes=\"auto, (max-width: 768px) 100vw, 768px\" \/><\/figure>\n<\/figure>\n\n\n\n<figure class=\"wp-block-image size-large\"><img loading=\"lazy\" decoding=\"async\" width=\"768\" height=\"1024\" src=\"https:\/\/blog.uclm.es\/igualdadfcjsto\/wp-content\/uploads\/sites\/229\/2023\/12\/IMG_8341-5-768x1024.jpg\" alt=\"\" class=\"wp-image-589\" srcset=\"https:\/\/blog.uclm.es\/igualdadfcjsto\/wp-content\/uploads\/sites\/229\/2023\/12\/IMG_8341-5-768x1024.jpg 768w, https:\/\/blog.uclm.es\/igualdadfcjsto\/wp-content\/uploads\/sites\/229\/2023\/12\/IMG_8341-5-225x300.jpg 225w, https:\/\/blog.uclm.es\/igualdadfcjsto\/wp-content\/uploads\/sites\/229\/2023\/12\/IMG_8341-5-1152x1536.jpg 1152w, https:\/\/blog.uclm.es\/igualdadfcjsto\/wp-content\/uploads\/sites\/229\/2023\/12\/IMG_8341-5-1536x2048.jpg 1536w, https:\/\/blog.uclm.es\/igualdadfcjsto\/wp-content\/uploads\/sites\/229\/2023\/12\/IMG_8341-5-scaled.jpg 1920w\" sizes=\"auto, (max-width: 768px) 100vw, 768px\" \/><\/figure>\n","protected":false},"excerpt":{"rendered":"<p>A lo largo de estos diecis\u00e9is a\u00f1os, la actividad de la Comisi\u00f3n de Igualdad en im\u00e1genes. 24 DE NOVIEMBRE 2023. CONFERENCIA CON MOTIVO DEL D\u00cdA 25 N, INTERNACIONAL PARA LA ELIMINACI\u00d3N DE LA VIOLENCIA CONTRA LA MUJER 30 DE NOVIEMBRE. &hellip; <a href=\"https:\/\/blog.uclm.es\/igualdadfcjsto\/galeria-fotografica\/\">Sigue leyendo <span class=\"meta-nav\">&rarr;<\/span><\/a><\/p>\n","protected":false},"author":360,"featured_media":0,"parent":0,"menu_order":0,"comment_status":"closed","ping_status":"closed","template":"","meta":{"footnotes":""},"class_list":["post-459","page","type-page","status-publish","hentry"],"_links":{"self":[{"href":"https:\/\/blog.uclm.es\/igualdadfcjsto\/wp-json\/wp\/v2\/pages\/459","targetHints":{"allow":["GET"]}}],"collection":[{"href":"https:\/\/blog.uclm.es\/igualdadfcjsto\/wp-json\/wp\/v2\/pages"}],"about":[{"href":"https:\/\/blog.uclm.es\/igualdadfcjsto\/wp-json\/wp\/v2\/types\/page"}],"author":[{"embeddable":true,"href":"https:\/\/blog.uclm.es\/igualdadfcjsto\/wp-json\/wp\/v2\/users\/360"}],"replies":[{"embeddable":true,"href":"https:\/\/blog.uclm.es\/igualdadfcjsto\/wp-json\/wp\/v2\/comments?post=459"}],"version-history":[{"count":17,"href":"https:\/\/blog.uclm.es\/igualdadfcjsto\/wp-json\/wp\/v2\/pages\/459\/revisions"}],"predecessor-version":[{"id":814,"href":"https:\/\/blog.uclm.es\/igualdadfcjsto\/wp-json\/wp\/v2\/pages\/459\/revisions\/814"}],"wp:attachment":[{"href":"https:\/\/blog.uclm.es\/igualdadfcjsto\/wp-json\/wp\/v2\/media?parent=459"}],"curies":[{"name":"wp","href":"https:\/\/api.w.org\/{rel}","templated":true}]}}