{"id":396,"date":"2015-03-13T13:54:44","date_gmt":"2015-03-13T13:54:44","guid":{"rendered":"http:\/\/blog.uclm.es\/igualdadfcjsto\/?page_id=2"},"modified":"2026-03-27T22:12:31","modified_gmt":"2026-03-27T22:12:31","slug":"pagina-ejemplo-2","status":"publish","type":"page","link":"https:\/\/blog.uclm.es\/igualdadfcjsto\/pagina-ejemplo-2\/","title":{"rendered":"ACTIVIDADES"},"content":{"rendered":"\n<p><strong>CURSO 2025-26:<\/strong><\/p>\n\n\n\n<p>&#8211;<strong>26\/03\/2026: Falling in Law: Una visi\u00f3n jur\u00eddica y social de los matrimonios forzados<\/strong><\/p>\n\n\n\n<div data-wp-interactive=\"core\/file\" class=\"wp-block-file\"><object data-wp-bind--hidden=\"!state.hasPdfPreview\" hidden class=\"wp-block-file__embed\" data=\"https:\/\/blog.uclm.es\/igualdadfcjsto\/wp-content\/uploads\/sites\/229\/2026\/03\/Falling-in-Law-programa-jornada.pdf\" type=\"application\/pdf\" style=\"width:100%;height:600px\" aria-label=\"Incrustado de Falling in Law - programa jornada.\"><\/object><a id=\"wp-block-file--media-fc589dc8-fd88-41c7-a2ed-893b4777c5d5\" href=\"https:\/\/blog.uclm.es\/igualdadfcjsto\/wp-content\/uploads\/sites\/229\/2026\/03\/Falling-in-Law-programa-jornada.pdf\">Falling in Law &#8211; programa jornada<\/a><a href=\"https:\/\/blog.uclm.es\/igualdadfcjsto\/wp-content\/uploads\/sites\/229\/2026\/03\/Falling-in-Law-programa-jornada.pdf\" class=\"wp-block-file__button wp-element-button\" download aria-describedby=\"wp-block-file--media-fc589dc8-fd88-41c7-a2ed-893b4777c5d5\">Descarga<\/a><\/div>\n\n\n\n<p>&#8211;<strong>D\u00eda Internacional de la mujer<\/strong>: Lectura colectiva a partir de Claudia Goldin \u2013 Carrera y familia<br><strong>9 de marzo 2026 \u2013 Frente a la Biblioteca \u2013 12:00 h<\/strong><br>\u00bfDe verdad elegimos?<br>Una reflexio\u0301n sobre desigualdad estructural en la universidad<\/p>\n\n\n\n<div data-wp-interactive=\"core\/file\" class=\"wp-block-file\"><object data-wp-bind--hidden=\"!state.hasPdfPreview\" hidden class=\"wp-block-file__embed\" data=\"https:\/\/blog.uclm.es\/igualdadfcjsto\/wp-content\/uploads\/sites\/229\/2026\/03\/Celebracion-8-de-marzo.pdf\" type=\"application\/pdf\" style=\"width:100%;height:600px\" aria-label=\"Incrustado de Celebraci\u00f3n 8 de marzo.\"><\/object><a id=\"wp-block-file--media-a28c628b-74ba-4fa4-9c5c-2f14689f1186\" href=\"https:\/\/blog.uclm.es\/igualdadfcjsto\/wp-content\/uploads\/sites\/229\/2026\/03\/Celebracion-8-de-marzo.pdf\">Celebraci\u00f3n 8 de marzo<\/a><a href=\"https:\/\/blog.uclm.es\/igualdadfcjsto\/wp-content\/uploads\/sites\/229\/2026\/03\/Celebracion-8-de-marzo.pdf\" class=\"wp-block-file__button wp-element-button\" download aria-describedby=\"wp-block-file--media-a28c628b-74ba-4fa4-9c5c-2f14689f1186\">Descarga<\/a><\/div>\n\n\n\n<p>-Exposici\u00f3n de libros relacionados con referentes feministas en derecho y en ciencias sociales. Biblioteca General del Campus de Toledo en la FCJS (<strong>del 06 al 26 de marzo de 2026)<\/strong><\/p>\n\n\n\n<p>&#8211;<strong>Dia Internacional de la eliminaci\u00f3n de la violencia de g\u00e9nero<\/strong>: exposici\u00f3n bibliogr\u00e1fica, visionado de corto documental \u00absemillas de kivu\u00bb y coloquio posterior con el director y expertos en conflictos y cooperaci\u00f3n internacional. <\/p>\n\n\n\n<figure class=\"wp-block-image size-large\"><img loading=\"lazy\" decoding=\"async\" width=\"724\" height=\"1024\" src=\"https:\/\/blog.uclm.es\/igualdadfcjsto\/wp-content\/uploads\/sites\/229\/2025\/11\/Cartel-Dia-Internacional-Violencia-724x1024.png\" alt=\"\" class=\"wp-image-792\" srcset=\"https:\/\/blog.uclm.es\/igualdadfcjsto\/wp-content\/uploads\/sites\/229\/2025\/11\/Cartel-Dia-Internacional-Violencia-724x1024.png 724w, https:\/\/blog.uclm.es\/igualdadfcjsto\/wp-content\/uploads\/sites\/229\/2025\/11\/Cartel-Dia-Internacional-Violencia-212x300.png 212w, https:\/\/blog.uclm.es\/igualdadfcjsto\/wp-content\/uploads\/sites\/229\/2025\/11\/Cartel-Dia-Internacional-Violencia-768x1086.png 768w, https:\/\/blog.uclm.es\/igualdadfcjsto\/wp-content\/uploads\/sites\/229\/2025\/11\/Cartel-Dia-Internacional-Violencia-1086x1536.png 1086w, https:\/\/blog.uclm.es\/igualdadfcjsto\/wp-content\/uploads\/sites\/229\/2025\/11\/Cartel-Dia-Internacional-Violencia-1448x2048.png 1448w, https:\/\/blog.uclm.es\/igualdadfcjsto\/wp-content\/uploads\/sites\/229\/2025\/11\/Cartel-Dia-Internacional-Violencia.png 1587w\" sizes=\"auto, (max-width: 724px) 100vw, 724px\" \/><\/figure>\n\n\n\n<figure class=\"wp-block-image size-full\"><img loading=\"lazy\" decoding=\"async\" width=\"766\" height=\"937\" src=\"https:\/\/blog.uclm.es\/igualdadfcjsto\/wp-content\/uploads\/sites\/229\/2025\/11\/image.png\" alt=\"\" class=\"wp-image-781\" srcset=\"https:\/\/blog.uclm.es\/igualdadfcjsto\/wp-content\/uploads\/sites\/229\/2025\/11\/image.png 766w, https:\/\/blog.uclm.es\/igualdadfcjsto\/wp-content\/uploads\/sites\/229\/2025\/11\/image-245x300.png 245w\" sizes=\"auto, (max-width: 766px) 100vw, 766px\" \/><\/figure>\n\n\n\n<p><strong>CURSO 2024-25<\/strong><\/p>\n\n\n\n<figure class=\"wp-block-image size-large\"><img loading=\"lazy\" decoding=\"async\" width=\"724\" height=\"1024\" src=\"https:\/\/blog.uclm.es\/igualdadfcjsto\/wp-content\/uploads\/sites\/229\/2025\/03\/25N-4-724x1024.jpg\" alt=\"\" class=\"wp-image-617\" srcset=\"https:\/\/blog.uclm.es\/igualdadfcjsto\/wp-content\/uploads\/sites\/229\/2025\/03\/25N-4-724x1024.jpg 724w, https:\/\/blog.uclm.es\/igualdadfcjsto\/wp-content\/uploads\/sites\/229\/2025\/03\/25N-4-212x300.jpg 212w, https:\/\/blog.uclm.es\/igualdadfcjsto\/wp-content\/uploads\/sites\/229\/2025\/03\/25N-4-768x1086.jpg 768w, https:\/\/blog.uclm.es\/igualdadfcjsto\/wp-content\/uploads\/sites\/229\/2025\/03\/25N-4-1086x1536.jpg 1086w, https:\/\/blog.uclm.es\/igualdadfcjsto\/wp-content\/uploads\/sites\/229\/2025\/03\/25N-4-1448x2048.jpg 1448w, https:\/\/blog.uclm.es\/igualdadfcjsto\/wp-content\/uploads\/sites\/229\/2025\/03\/25N-4-scaled.jpg 1810w\" sizes=\"auto, (max-width: 724px) 100vw, 724px\" \/><\/figure>\n\n\n\n<figure class=\"wp-block-image size-full\"><img loading=\"lazy\" decoding=\"async\" width=\"454\" height=\"627\" src=\"https:\/\/blog.uclm.es\/igualdadfcjsto\/wp-content\/uploads\/sites\/229\/2025\/03\/Cartel-8M-UCLM-2025-1.png\" alt=\"\" class=\"wp-image-619\" srcset=\"https:\/\/blog.uclm.es\/igualdadfcjsto\/wp-content\/uploads\/sites\/229\/2025\/03\/Cartel-8M-UCLM-2025-1.png 454w, https:\/\/blog.uclm.es\/igualdadfcjsto\/wp-content\/uploads\/sites\/229\/2025\/03\/Cartel-8M-UCLM-2025-1-217x300.png 217w\" sizes=\"auto, (max-width: 454px) 100vw, 454px\" \/><\/figure>\n\n\n\n<figure class=\"wp-block-image size-full\"><img loading=\"lazy\" decoding=\"async\" width=\"727\" height=\"1024\" src=\"https:\/\/blog.uclm.es\/igualdadfcjsto\/wp-content\/uploads\/sites\/229\/2025\/09\/image-1.png\" alt=\"\" class=\"wp-image-663\" srcset=\"https:\/\/blog.uclm.es\/igualdadfcjsto\/wp-content\/uploads\/sites\/229\/2025\/09\/image-1.png 727w, https:\/\/blog.uclm.es\/igualdadfcjsto\/wp-content\/uploads\/sites\/229\/2025\/09\/image-1-213x300.png 213w\" sizes=\"auto, (max-width: 727px) 100vw, 727px\" \/><\/figure>\n\n\n\n<p><strong>CURSO 2023-24<\/strong><\/p>\n\n\n\n<p>Con motivo del&nbsp;<strong>D\u00cdA INTERNACIONAL DE LA VIOLENCIA CONTRA LA MUJER Y LA NI\u00d1A<\/strong>, que se conmemora el&nbsp;<strong>25 de noviembre,<\/strong>&nbsp;la Unidad de Igualdad y le Delegada del Rector para pol\u00edticas de Igualdad han organizado los actos:<\/p>\n\n\n\n<figure class=\"wp-block-image\"><img loading=\"lazy\" decoding=\"async\" width=\"1024\" height=\"576\" src=\"https:\/\/blog.uclm.es\/igualdadfcjsto\/wp-content\/uploads\/sites\/229\/2023\/11\/Cartel-lectura-manifiesto-UCLM-2023-Toledo.jpg-1024x576.png\" alt=\"\" class=\"wp-image-436\" srcset=\"https:\/\/blog.uclm.es\/igualdadfcjsto\/wp-content\/uploads\/sites\/229\/2023\/11\/Cartel-lectura-manifiesto-UCLM-2023-Toledo.jpg-1024x576.png 1024w, https:\/\/blog.uclm.es\/igualdadfcjsto\/wp-content\/uploads\/sites\/229\/2023\/11\/Cartel-lectura-manifiesto-UCLM-2023-Toledo.jpg-300x169.png 300w, https:\/\/blog.uclm.es\/igualdadfcjsto\/wp-content\/uploads\/sites\/229\/2023\/11\/Cartel-lectura-manifiesto-UCLM-2023-Toledo.jpg-768x432.png 768w, https:\/\/blog.uclm.es\/igualdadfcjsto\/wp-content\/uploads\/sites\/229\/2023\/11\/Cartel-lectura-manifiesto-UCLM-2023-Toledo.jpg-1536x864.png 1536w, https:\/\/blog.uclm.es\/igualdadfcjsto\/wp-content\/uploads\/sites\/229\/2023\/11\/Cartel-lectura-manifiesto-UCLM-2023-Toledo.jpg-500x281.png 500w, https:\/\/blog.uclm.es\/igualdadfcjsto\/wp-content\/uploads\/sites\/229\/2023\/11\/Cartel-lectura-manifiesto-UCLM-2023-Toledo.jpg.png 1600w\" sizes=\"auto, (max-width: 1024px) 100vw, 1024px\" \/><\/figure>\n\n\n\n<figure class=\"wp-block-image\"><img loading=\"lazy\" decoding=\"async\" width=\"1024\" height=\"709\" src=\"https:\/\/blog.uclm.es\/igualdadfcjsto\/wp-content\/uploads\/sites\/229\/2023\/11\/IMG_8252-1024x709.jpg\" alt=\"\" class=\"wp-image-537\" srcset=\"https:\/\/blog.uclm.es\/igualdadfcjsto\/wp-content\/uploads\/sites\/229\/2023\/11\/IMG_8252-1024x709.jpg 1024w, https:\/\/blog.uclm.es\/igualdadfcjsto\/wp-content\/uploads\/sites\/229\/2023\/11\/IMG_8252-300x208.jpg 300w, https:\/\/blog.uclm.es\/igualdadfcjsto\/wp-content\/uploads\/sites\/229\/2023\/11\/IMG_8252-768x532.jpg 768w, https:\/\/blog.uclm.es\/igualdadfcjsto\/wp-content\/uploads\/sites\/229\/2023\/11\/IMG_8252-433x300.jpg 433w, https:\/\/blog.uclm.es\/igualdadfcjsto\/wp-content\/uploads\/sites\/229\/2023\/11\/IMG_8252.jpg 1125w\" sizes=\"auto, (max-width: 1024px) 100vw, 1024px\" \/><\/figure>\n\n\n\n<figure class=\"wp-block-image\"><img loading=\"lazy\" decoding=\"async\" width=\"768\" height=\"1024\" src=\"https:\/\/blog.uclm.es\/igualdadfcjsto\/wp-content\/uploads\/sites\/229\/2023\/11\/IMG_8275.4-2-768x1024.jpg\" alt=\"\" class=\"wp-image-553\" srcset=\"https:\/\/blog.uclm.es\/igualdadfcjsto\/wp-content\/uploads\/sites\/229\/2023\/11\/IMG_8275.4-2-768x1024.jpg 768w, https:\/\/blog.uclm.es\/igualdadfcjsto\/wp-content\/uploads\/sites\/229\/2023\/11\/IMG_8275.4-2-225x300.jpg 225w, https:\/\/blog.uclm.es\/igualdadfcjsto\/wp-content\/uploads\/sites\/229\/2023\/11\/IMG_8275.4-2-1152x1536.jpg 1152w, https:\/\/blog.uclm.es\/igualdadfcjsto\/wp-content\/uploads\/sites\/229\/2023\/11\/IMG_8275.4-2-1536x2048.jpg 1536w, https:\/\/blog.uclm.es\/igualdadfcjsto\/wp-content\/uploads\/sites\/229\/2023\/11\/IMG_8275.4-2-scaled.jpg 1920w\" sizes=\"auto, (max-width: 768px) 100vw, 768px\" \/><\/figure>\n\n\n\n<figure class=\"wp-block-image\"><img loading=\"lazy\" decoding=\"async\" width=\"768\" height=\"1024\" src=\"https:\/\/blog.uclm.es\/igualdadfcjsto\/wp-content\/uploads\/sites\/229\/2023\/11\/IMG_8282.3-2-768x1024.jpg\" alt=\"\" class=\"wp-image-554\" srcset=\"https:\/\/blog.uclm.es\/igualdadfcjsto\/wp-content\/uploads\/sites\/229\/2023\/11\/IMG_8282.3-2-768x1024.jpg 768w, https:\/\/blog.uclm.es\/igualdadfcjsto\/wp-content\/uploads\/sites\/229\/2023\/11\/IMG_8282.3-2-225x300.jpg 225w, https:\/\/blog.uclm.es\/igualdadfcjsto\/wp-content\/uploads\/sites\/229\/2023\/11\/IMG_8282.3-2-1152x1536.jpg 1152w, https:\/\/blog.uclm.es\/igualdadfcjsto\/wp-content\/uploads\/sites\/229\/2023\/11\/IMG_8282.3-2-1536x2048.jpg 1536w, https:\/\/blog.uclm.es\/igualdadfcjsto\/wp-content\/uploads\/sites\/229\/2023\/11\/IMG_8282.3-2-scaled.jpg 1920w\" sizes=\"auto, (max-width: 768px) 100vw, 768px\" \/><\/figure>\n\n\n\n<p><strong>EL 30 DE NOVIEMBRE,<\/strong>&nbsp;junto con la Comisi\u00f3n de Cultura, hemos organizado la&nbsp;<strong>conferencia del profesor Jes\u00fas G Maestro sobre&nbsp;<em>las mujeres en la obra de Cervantes.<\/em><\/strong><\/p>\n\n\n\n<p><a href=\"https:\/\/www.linkedin.com\/posts\/mar%C3%ADa-cristina-escribano-g%C3%A1mir-a1160843_la-mujer-en-la-obra-de-cervantes-facultad-activity-7129597050572222464-TXMx?utm_source=share&amp;utm_medium=member_desktop\">https:\/\/www.linkedin.com\/posts\/mar%C3%ADa-cristina-escribano-g%C3%A1mir-a1160843_la-mujer-en-la-obra-de-cervantes-facultad-activity-7129597050572222464-TXMx?utm_source=share&amp;utm_medium=member_desktop<\/a><\/p>\n\n\n\n<figure class=\"wp-block-image\"><img loading=\"lazy\" decoding=\"async\" width=\"724\" height=\"1024\" src=\"https:\/\/blog.uclm.es\/igualdadfcjsto\/wp-content\/uploads\/sites\/229\/2023\/11\/IMG_8248-724x1024.jpg\" alt=\"\" class=\"wp-image-539\" srcset=\"https:\/\/blog.uclm.es\/igualdadfcjsto\/wp-content\/uploads\/sites\/229\/2023\/11\/IMG_8248-724x1024.jpg 724w, https:\/\/blog.uclm.es\/igualdadfcjsto\/wp-content\/uploads\/sites\/229\/2023\/11\/IMG_8248-212x300.jpg 212w, https:\/\/blog.uclm.es\/igualdadfcjsto\/wp-content\/uploads\/sites\/229\/2023\/11\/IMG_8248-768x1086.jpg 768w, https:\/\/blog.uclm.es\/igualdadfcjsto\/wp-content\/uploads\/sites\/229\/2023\/11\/IMG_8248-1086x1536.jpg 1086w, https:\/\/blog.uclm.es\/igualdadfcjsto\/wp-content\/uploads\/sites\/229\/2023\/11\/IMG_8248-1448x2048.jpg 1448w, https:\/\/blog.uclm.es\/igualdadfcjsto\/wp-content\/uploads\/sites\/229\/2023\/11\/IMG_8248-scaled.jpg 1811w\" sizes=\"auto, (max-width: 724px) 100vw, 724px\" \/><\/figure>\n\n\n\n<figure class=\"wp-block-image\"><img loading=\"lazy\" decoding=\"async\" width=\"768\" height=\"1024\" src=\"https:\/\/blog.uclm.es\/igualdadfcjsto\/wp-content\/uploads\/sites\/229\/2023\/12\/IMG_8341-768x1024.jpg\" alt=\"\" class=\"wp-image-566\" srcset=\"https:\/\/blog.uclm.es\/igualdadfcjsto\/wp-content\/uploads\/sites\/229\/2023\/12\/IMG_8341-768x1024.jpg 768w, https:\/\/blog.uclm.es\/igualdadfcjsto\/wp-content\/uploads\/sites\/229\/2023\/12\/IMG_8341-225x300.jpg 225w, https:\/\/blog.uclm.es\/igualdadfcjsto\/wp-content\/uploads\/sites\/229\/2023\/12\/IMG_8341-1152x1536.jpg 1152w, https:\/\/blog.uclm.es\/igualdadfcjsto\/wp-content\/uploads\/sites\/229\/2023\/12\/IMG_8341-1536x2048.jpg 1536w, https:\/\/blog.uclm.es\/igualdadfcjsto\/wp-content\/uploads\/sites\/229\/2023\/12\/IMG_8341-scaled.jpg 1920w\" sizes=\"auto, (max-width: 768px) 100vw, 768px\" \/><\/figure>\n\n\n\n<p>El pasado d\u00eda 30 de noviembre, de 11.00 a 13.00 horas, en la Iglesia Paraninfo de la Facultad de CC JJ y Sociales de Toledo, tuvo lugar la&nbsp;<strong>conferencia del profesor, Jes\u00fas G Maestro, Catedr\u00e1tico de Literatura y de Literatura Comparada de la Universidad de Vigo, con el t\u00edtulo&nbsp;<em>Mujeres singulares y decisivas en la obra literaria de Miguel de Cervantes,&nbsp;<\/em><\/strong>con su reflexiones fuimos hasta el Siglo de Oro para hablar de mujeres, de libertad y de la comprensi\u00f3n del mundo que expres\u00f3 Cervantes en su obra.<\/p>\n\n\n\n<p>Lo hizo a trav\u00e9s de dos de &lt;sus mujeres\u00bb, la Pastora Marcela y La Gitanilla. La literatura &lt;va m\u00e1s all\u00e1 de lo que las leyes saben de la libertad&gt;, se\u00f1al\u00f3 Maestro. Cervantes supera la censura de su tiempo, planteando una serie de libertades que no recog\u00edan ni las leyes ni las costumbres de otrora, mostrando un gran respeto por la mujer y las clases humildes.<\/p>\n\n\n\n<p>Una conferencia brillante que atrap\u00f3 al p\u00fablico asistente desde el primer instante.<\/p>\n\n\n\n<figure class=\"wp-block-image\"><img loading=\"lazy\" decoding=\"async\" width=\"768\" height=\"1024\" src=\"https:\/\/blog.uclm.es\/igualdadfcjsto\/wp-content\/uploads\/sites\/229\/2023\/12\/IMG_8357-768x1024.jpg\" alt=\"\" class=\"wp-image-572\" srcset=\"https:\/\/blog.uclm.es\/igualdadfcjsto\/wp-content\/uploads\/sites\/229\/2023\/12\/IMG_8357-768x1024.jpg 768w, https:\/\/blog.uclm.es\/igualdadfcjsto\/wp-content\/uploads\/sites\/229\/2023\/12\/IMG_8357-225x300.jpg 225w, https:\/\/blog.uclm.es\/igualdadfcjsto\/wp-content\/uploads\/sites\/229\/2023\/12\/IMG_8357-1152x1536.jpg 1152w, https:\/\/blog.uclm.es\/igualdadfcjsto\/wp-content\/uploads\/sites\/229\/2023\/12\/IMG_8357-1536x2048.jpg 1536w, https:\/\/blog.uclm.es\/igualdadfcjsto\/wp-content\/uploads\/sites\/229\/2023\/12\/IMG_8357-scaled.jpg 1920w\" sizes=\"auto, (max-width: 768px) 100vw, 768px\" \/><\/figure>\n\n\n\n<figure class=\"wp-block-image\"><img loading=\"lazy\" decoding=\"async\" width=\"768\" height=\"1024\" src=\"https:\/\/blog.uclm.es\/igualdadfcjsto\/wp-content\/uploads\/sites\/229\/2023\/12\/IMG_8348-768x1024.jpg\" alt=\"\" class=\"wp-image-568\" srcset=\"https:\/\/blog.uclm.es\/igualdadfcjsto\/wp-content\/uploads\/sites\/229\/2023\/12\/IMG_8348-768x1024.jpg 768w, https:\/\/blog.uclm.es\/igualdadfcjsto\/wp-content\/uploads\/sites\/229\/2023\/12\/IMG_8348-225x300.jpg 225w, https:\/\/blog.uclm.es\/igualdadfcjsto\/wp-content\/uploads\/sites\/229\/2023\/12\/IMG_8348-1152x1536.jpg 1152w, https:\/\/blog.uclm.es\/igualdadfcjsto\/wp-content\/uploads\/sites\/229\/2023\/12\/IMG_8348-1536x2048.jpg 1536w, https:\/\/blog.uclm.es\/igualdadfcjsto\/wp-content\/uploads\/sites\/229\/2023\/12\/IMG_8348-scaled.jpg 1920w\" sizes=\"auto, (max-width: 768px) 100vw, 768px\" \/><\/figure>\n\n\n\n<figure class=\"wp-block-image\"><img decoding=\"async\" src=\"https:\/\/blog.uclm.es\/igualdadfcjsto\/wp-content\/uploads\/sites\/229\/2023\/12\/b29b88f6-8739-4981-839a-602e416b1a02-768x1024.jpg\" alt=\"\" class=\"wp-image-569\" \/><\/figure>\n\n\n\n<figure class=\"wp-block-image\"><img decoding=\"async\" src=\"https:\/\/blog.uclm.es\/igualdadfcjsto\/wp-content\/uploads\/sites\/229\/2023\/12\/IMG_8342-768x1024.jpg\" alt=\"\" class=\"wp-image-570\" \/><\/figure>\n\n\n\n<figure class=\"wp-block-image\"><img loading=\"lazy\" decoding=\"async\" width=\"768\" height=\"1024\" src=\"https:\/\/blog.uclm.es\/igualdadfcjsto\/wp-content\/uploads\/sites\/229\/2023\/12\/IMG_8361-768x1024.jpg\" alt=\"\" class=\"wp-image-571\" srcset=\"https:\/\/blog.uclm.es\/igualdadfcjsto\/wp-content\/uploads\/sites\/229\/2023\/12\/IMG_8361-768x1024.jpg 768w, https:\/\/blog.uclm.es\/igualdadfcjsto\/wp-content\/uploads\/sites\/229\/2023\/12\/IMG_8361-225x300.jpg 225w, https:\/\/blog.uclm.es\/igualdadfcjsto\/wp-content\/uploads\/sites\/229\/2023\/12\/IMG_8361-1152x1536.jpg 1152w, https:\/\/blog.uclm.es\/igualdadfcjsto\/wp-content\/uploads\/sites\/229\/2023\/12\/IMG_8361-1536x2048.jpg 1536w, https:\/\/blog.uclm.es\/igualdadfcjsto\/wp-content\/uploads\/sites\/229\/2023\/12\/IMG_8361-scaled.jpg 1920w\" sizes=\"auto, (max-width: 768px) 100vw, 768px\" \/><\/figure>\n\n\n\n<p><a href=\"https:\/\/youtube.com\/watch?v=t4cmrQ3_YM0&amp;feature=shared\">https:\/\/youtube.com\/watch?v=t4cmrQ3_YM0&amp;feature=shared<\/a><\/p>\n\n\n\n<p><a href=\"https:\/\/www.linkedin.com\/posts\/mar%C3%ADa-cristina-escribano-g%C3%A1mir-a1160843_si-tras-una-jornada-espl%C3%A9ndida-con-un-conferenciante-activity-7136108115338350592-wQB3?utm_source=share&amp;utm_medium=member_desktop\">https:\/\/www.linkedin.com\/posts\/mar%C3%ADa-cristina-escribano-g%C3%A1mir-a1160843_si-tras-una-jornada-espl%C3%A9ndida-con-un-conferenciante-activity-7136108115338350592-wQB3?utm_source=share&amp;utm_medium=member_desktop<\/a><\/p>\n\n\n\n<p><strong>7 DE MARZO 2024.<\/strong><\/p>\n\n\n\n<p><strong>CONFERENCIA POR EL D\u00cdA INTERNACIONAL DE LA MUJER<\/strong><\/p>\n\n\n\n<p>La jurista y doctoranda del \u00c1rea de Derecho Administrativo de nuestra Facultad, UCLM, Sandra P\u00e1mpanas Aparicio, ha impartido una conferencia brillante. Su preparaci\u00f3n, la pasi\u00f3n por el tema, su capacidad de transmitir al p\u00fablico asistente y su especial conexi\u00f3n con la UCLM, dado que fue alumna de la Jur\u00eddicas y Sociales de Toledo, ha sido para la Comisi\u00f3n de Igualdad y Diversidad, el modo de rendir homenaje y reconocimiento a todas las mujeres en especial situaci\u00f3n de vulnerabilidad por la doble discriminaci\u00f3n que sufren: por sexo y por discapacidad intelectual.<\/p>\n\n\n\n<figure class=\"wp-block-image\"><img loading=\"lazy\" decoding=\"async\" width=\"724\" height=\"1024\" src=\"https:\/\/blog.uclm.es\/igualdadfcjsto\/wp-content\/uploads\/sites\/229\/2024\/03\/Cartel-DIM-8-3-2024-724x1024.png\" alt=\"\" class=\"wp-image-593\" srcset=\"https:\/\/blog.uclm.es\/igualdadfcjsto\/wp-content\/uploads\/sites\/229\/2024\/03\/Cartel-DIM-8-3-2024-724x1024.png 724w, https:\/\/blog.uclm.es\/igualdadfcjsto\/wp-content\/uploads\/sites\/229\/2024\/03\/Cartel-DIM-8-3-2024-212x300.png 212w, https:\/\/blog.uclm.es\/igualdadfcjsto\/wp-content\/uploads\/sites\/229\/2024\/03\/Cartel-DIM-8-3-2024-768x1086.png 768w, https:\/\/blog.uclm.es\/igualdadfcjsto\/wp-content\/uploads\/sites\/229\/2024\/03\/Cartel-DIM-8-3-2024-1086x1536.png 1086w, https:\/\/blog.uclm.es\/igualdadfcjsto\/wp-content\/uploads\/sites\/229\/2024\/03\/Cartel-DIM-8-3-2024-1448x2048.png 1448w, https:\/\/blog.uclm.es\/igualdadfcjsto\/wp-content\/uploads\/sites\/229\/2024\/03\/Cartel-DIM-8-3-2024.png 1587w\" sizes=\"auto, (max-width: 724px) 100vw, 724px\" \/><\/figure>\n\n\n\n<figure class=\"wp-block-image\"><img loading=\"lazy\" decoding=\"async\" width=\"768\" height=\"1024\" src=\"https:\/\/blog.uclm.es\/igualdadfcjsto\/wp-content\/uploads\/sites\/229\/2024\/03\/IMG_9411-1-768x1024.jpg\" alt=\"\" class=\"wp-image-598\" srcset=\"https:\/\/blog.uclm.es\/igualdadfcjsto\/wp-content\/uploads\/sites\/229\/2024\/03\/IMG_9411-1-768x1024.jpg 768w, https:\/\/blog.uclm.es\/igualdadfcjsto\/wp-content\/uploads\/sites\/229\/2024\/03\/IMG_9411-1-225x300.jpg 225w, https:\/\/blog.uclm.es\/igualdadfcjsto\/wp-content\/uploads\/sites\/229\/2024\/03\/IMG_9411-1-1152x1536.jpg 1152w, https:\/\/blog.uclm.es\/igualdadfcjsto\/wp-content\/uploads\/sites\/229\/2024\/03\/IMG_9411-1-1536x2048.jpg 1536w, https:\/\/blog.uclm.es\/igualdadfcjsto\/wp-content\/uploads\/sites\/229\/2024\/03\/IMG_9411-1-scaled.jpg 1920w\" sizes=\"auto, (max-width: 768px) 100vw, 768px\" \/><\/figure>\n\n\n\n<figure class=\"wp-block-image\"><img loading=\"lazy\" decoding=\"async\" width=\"768\" height=\"1024\" src=\"https:\/\/blog.uclm.es\/igualdadfcjsto\/wp-content\/uploads\/sites\/229\/2024\/03\/IMG_9409-768x1024.jpg\" alt=\"\" class=\"wp-image-600\" srcset=\"https:\/\/blog.uclm.es\/igualdadfcjsto\/wp-content\/uploads\/sites\/229\/2024\/03\/IMG_9409-768x1024.jpg 768w, https:\/\/blog.uclm.es\/igualdadfcjsto\/wp-content\/uploads\/sites\/229\/2024\/03\/IMG_9409-225x300.jpg 225w, https:\/\/blog.uclm.es\/igualdadfcjsto\/wp-content\/uploads\/sites\/229\/2024\/03\/IMG_9409-1152x1536.jpg 1152w, https:\/\/blog.uclm.es\/igualdadfcjsto\/wp-content\/uploads\/sites\/229\/2024\/03\/IMG_9409-1536x2048.jpg 1536w, https:\/\/blog.uclm.es\/igualdadfcjsto\/wp-content\/uploads\/sites\/229\/2024\/03\/IMG_9409-scaled.jpg 1920w\" sizes=\"auto, (max-width: 768px) 100vw, 768px\" \/><\/figure>\n\n\n\n<p><strong>10 DE ABRIL 2024. CONFERENCIA<\/strong><\/p>\n\n\n\n<p><strong>ORGANIZA LA COMISI\u00d3N DE IGUALDAD Y DIVERSIDAD Y EL \u00c1REA DE DERECHO INTERNACIONAL P\u00daBLICO.<\/strong><\/p>\n\n\n\n<figure class=\"wp-block-image\"><img loading=\"lazy\" decoding=\"async\" width=\"724\" height=\"1024\" src=\"https:\/\/blog.uclm.es\/igualdadfcjsto\/wp-content\/uploads\/sites\/229\/2024\/03\/CARTEL-CONFERENCIA-10-ABRIL-1-724x1024.jpg\" alt=\"\" class=\"wp-image-605\" srcset=\"https:\/\/blog.uclm.es\/igualdadfcjsto\/wp-content\/uploads\/sites\/229\/2024\/03\/CARTEL-CONFERENCIA-10-ABRIL-1-724x1024.jpg 724w, https:\/\/blog.uclm.es\/igualdadfcjsto\/wp-content\/uploads\/sites\/229\/2024\/03\/CARTEL-CONFERENCIA-10-ABRIL-1-212x300.jpg 212w, https:\/\/blog.uclm.es\/igualdadfcjsto\/wp-content\/uploads\/sites\/229\/2024\/03\/CARTEL-CONFERENCIA-10-ABRIL-1-768x1086.jpg 768w, https:\/\/blog.uclm.es\/igualdadfcjsto\/wp-content\/uploads\/sites\/229\/2024\/03\/CARTEL-CONFERENCIA-10-ABRIL-1-1086x1536.jpg 1086w, https:\/\/blog.uclm.es\/igualdadfcjsto\/wp-content\/uploads\/sites\/229\/2024\/03\/CARTEL-CONFERENCIA-10-ABRIL-1-1448x2048.jpg 1448w, https:\/\/blog.uclm.es\/igualdadfcjsto\/wp-content\/uploads\/sites\/229\/2024\/03\/CARTEL-CONFERENCIA-10-ABRIL-1-scaled.jpg 1810w\" sizes=\"auto, (max-width: 724px) 100vw, 724px\" \/><\/figure>\n\n\n\n<p><strong>8 DE MAYO DE 2024. CONFERENCIA<\/strong><\/p>\n\n\n\n<p><strong>ORGANIZA LA COMISI\u00d3N DE IGUALDAD Y DIVERSIDAD.<\/strong><\/p>\n\n\n\n<p><strong>DIRECTOR: CARLOS JAVIER GONZ\u00c1LEZ VILLA<\/strong><\/p>\n\n\n\n<figure class=\"wp-block-image\"><img loading=\"lazy\" decoding=\"async\" width=\"751\" height=\"1024\" src=\"https:\/\/blog.uclm.es\/igualdadfcjsto\/wp-content\/uploads\/sites\/229\/2024\/05\/CONFERENCIA-CONCEPCION-ANGUITA.-8-DE-MAYO-1-751x1024.jpeg\" alt=\"\" class=\"wp-image-611\" srcset=\"https:\/\/blog.uclm.es\/igualdadfcjsto\/wp-content\/uploads\/sites\/229\/2024\/05\/CONFERENCIA-CONCEPCION-ANGUITA.-8-DE-MAYO-1-751x1024.jpeg 751w, https:\/\/blog.uclm.es\/igualdadfcjsto\/wp-content\/uploads\/sites\/229\/2024\/05\/CONFERENCIA-CONCEPCION-ANGUITA.-8-DE-MAYO-1-220x300.jpeg 220w, https:\/\/blog.uclm.es\/igualdadfcjsto\/wp-content\/uploads\/sites\/229\/2024\/05\/CONFERENCIA-CONCEPCION-ANGUITA.-8-DE-MAYO-1-768x1047.jpeg 768w, https:\/\/blog.uclm.es\/igualdadfcjsto\/wp-content\/uploads\/sites\/229\/2024\/05\/CONFERENCIA-CONCEPCION-ANGUITA.-8-DE-MAYO-1-1126x1536.jpeg 1126w, https:\/\/blog.uclm.es\/igualdadfcjsto\/wp-content\/uploads\/sites\/229\/2024\/05\/CONFERENCIA-CONCEPCION-ANGUITA.-8-DE-MAYO-1.jpeg 1290w\" sizes=\"auto, (max-width: 751px) 100vw, 751px\" \/><\/figure>\n\n\n\n<figure class=\"wp-block-image\"><img loading=\"lazy\" decoding=\"async\" width=\"1024\" height=\"768\" src=\"https:\/\/blog.uclm.es\/igualdadfcjsto\/wp-content\/uploads\/sites\/229\/2024\/05\/FOTO-CONFERENCIA.1-1024x768.jpeg\" alt=\"\" class=\"wp-image-612\" srcset=\"https:\/\/blog.uclm.es\/igualdadfcjsto\/wp-content\/uploads\/sites\/229\/2024\/05\/FOTO-CONFERENCIA.1-1024x768.jpeg 1024w, https:\/\/blog.uclm.es\/igualdadfcjsto\/wp-content\/uploads\/sites\/229\/2024\/05\/FOTO-CONFERENCIA.1-300x225.jpeg 300w, https:\/\/blog.uclm.es\/igualdadfcjsto\/wp-content\/uploads\/sites\/229\/2024\/05\/FOTO-CONFERENCIA.1-768x576.jpeg 768w, https:\/\/blog.uclm.es\/igualdadfcjsto\/wp-content\/uploads\/sites\/229\/2024\/05\/FOTO-CONFERENCIA.1-1536x1152.jpeg 1536w, https:\/\/blog.uclm.es\/igualdadfcjsto\/wp-content\/uploads\/sites\/229\/2024\/05\/FOTO-CONFERENCIA.1-2048x1536.jpeg 2048w, https:\/\/blog.uclm.es\/igualdadfcjsto\/wp-content\/uploads\/sites\/229\/2024\/05\/FOTO-CONFERENCIA.1-400x300.jpeg 400w\" sizes=\"auto, (max-width: 1024px) 100vw, 1024px\" \/><\/figure>\n\n\n\n<figure class=\"wp-block-image\"><img loading=\"lazy\" decoding=\"async\" width=\"1024\" height=\"768\" src=\"https:\/\/blog.uclm.es\/igualdadfcjsto\/wp-content\/uploads\/sites\/229\/2024\/05\/FOTO-CONFERENCIA.2-1024x768.jpeg\" alt=\"\" class=\"wp-image-613\" srcset=\"https:\/\/blog.uclm.es\/igualdadfcjsto\/wp-content\/uploads\/sites\/229\/2024\/05\/FOTO-CONFERENCIA.2-1024x768.jpeg 1024w, https:\/\/blog.uclm.es\/igualdadfcjsto\/wp-content\/uploads\/sites\/229\/2024\/05\/FOTO-CONFERENCIA.2-300x225.jpeg 300w, https:\/\/blog.uclm.es\/igualdadfcjsto\/wp-content\/uploads\/sites\/229\/2024\/05\/FOTO-CONFERENCIA.2-768x576.jpeg 768w, https:\/\/blog.uclm.es\/igualdadfcjsto\/wp-content\/uploads\/sites\/229\/2024\/05\/FOTO-CONFERENCIA.2-1536x1152.jpeg 1536w, https:\/\/blog.uclm.es\/igualdadfcjsto\/wp-content\/uploads\/sites\/229\/2024\/05\/FOTO-CONFERENCIA.2-2048x1536.jpeg 2048w, https:\/\/blog.uclm.es\/igualdadfcjsto\/wp-content\/uploads\/sites\/229\/2024\/05\/FOTO-CONFERENCIA.2-400x300.jpeg 400w\" sizes=\"auto, (max-width: 1024px) 100vw, 1024px\" \/><\/figure>\n\n\n\n<p><strong>CURSO 2022-23<\/strong><\/p>\n\n\n\n<p><a href=\"https:\/\/blog.uclm.es\/igualdadfcjsto\/wp-content\/uploads\/sites\/229\/2023\/11\/PROGRAMA-DEL-CICLO-DE-CONFERENCIAS.-CURSO-2022-2023.docx\">PROGRAMA-DEL-CICLO-DE-CONFERENCIAS.-CURSO-2022-2023<\/a><a href=\"https:\/\/blog.uclm.es\/igualdadfcjsto\/wp-content\/uploads\/sites\/229\/2023\/11\/PROGRAMA-DEL-CICLO-DE-CONFERENCIAS.-CURSO-2022-2023.docx\">Descarga<\/a><\/p>\n\n\n\n<p><a href=\"https:\/\/blog.uclm.es\/igualdadfcjsto\/wp-content\/uploads\/sites\/229\/2023\/11\/CARTEL-CICLO-DE-CONFERENCIAS.-CURSO-2022-2023.docx\">CARTEL-CICLO-DE-CONFERENCIAS.-CURSO-2022-2023<\/a><a href=\"https:\/\/blog.uclm.es\/igualdadfcjsto\/wp-content\/uploads\/sites\/229\/2023\/11\/CARTEL-CICLO-DE-CONFERENCIAS.-CURSO-2022-2023.docx\">Descarga<\/a><\/p>\n\n\n\n<p><a href=\"https:\/\/blog.uclm.es\/igualdadfcjsto\/wp-content\/uploads\/sites\/229\/2023\/11\/Cartel-conferencia-8M-FCJS-Toledo.docx\">Cartel-conferencia-8M-FCJS-Toledo<\/a><a href=\"https:\/\/blog.uclm.es\/igualdadfcjsto\/wp-content\/uploads\/sites\/229\/2023\/11\/Cartel-conferencia-8M-FCJS-Toledo.docx\">Descarga<\/a><\/p>\n\n\n\n<p><a href=\"https:\/\/blog.uclm.es\/igualdadfcjsto\/wp-content\/uploads\/sites\/229\/2023\/11\/cartel-11-F.docx\">cartel-11-F<\/a><a href=\"https:\/\/blog.uclm.es\/igualdadfcjsto\/wp-content\/uploads\/sites\/229\/2023\/11\/cartel-11-F.docx\">Descarga<\/a><\/p>\n\n\n\n<p><strong>CURSO 2021-22<\/strong><\/p>\n\n\n\n<p><a href=\"https:\/\/blog.uclm.es\/igualdadfcjsto\/wp-content\/uploads\/sites\/229\/2023\/11\/CARTEL-DIA-INTERNACIONAL-DE-LA-MUJER.docx\">CARTEL-DIA-INTERNACIONAL-DE-LA-MUJER<\/a><a href=\"https:\/\/blog.uclm.es\/igualdadfcjsto\/wp-content\/uploads\/sites\/229\/2023\/11\/CARTEL-DIA-INTERNACIONAL-DE-LA-MUJER.docx\">Descarga<\/a><\/p>\n\n\n\n<p><a href=\"https:\/\/blog.uclm.es\/igualdadfcjsto\/wp-content\/uploads\/sites\/229\/2023\/11\/CICLO-DE-CONFERENCIAS.-CURSO-2021-2022.docx\">CICLO-DE-CONFERENCIAS.-CURSO-2021-2022<\/a><a href=\"https:\/\/blog.uclm.es\/igualdadfcjsto\/wp-content\/uploads\/sites\/229\/2023\/11\/CICLO-DE-CONFERENCIAS.-CURSO-2021-2022.docx\">Descarga<\/a><\/p>\n\n\n\n<p><strong>CURSO 2019-20<\/strong><\/p>\n\n\n\n<figure class=\"wp-block-image size-full\"><img loading=\"lazy\" decoding=\"async\" width=\"1024\" height=\"768\" src=\"https:\/\/blog.uclm.es\/igualdadfcjsto\/wp-content\/uploads\/sites\/229\/2025\/09\/image.png\" alt=\"\" class=\"wp-image-652\" srcset=\"https:\/\/blog.uclm.es\/igualdadfcjsto\/wp-content\/uploads\/sites\/229\/2025\/09\/image.png 1024w, https:\/\/blog.uclm.es\/igualdadfcjsto\/wp-content\/uploads\/sites\/229\/2025\/09\/image-300x225.png 300w, https:\/\/blog.uclm.es\/igualdadfcjsto\/wp-content\/uploads\/sites\/229\/2025\/09\/image-768x576.png 768w, https:\/\/blog.uclm.es\/igualdadfcjsto\/wp-content\/uploads\/sites\/229\/2025\/09\/image-400x300.png 400w\" sizes=\"auto, (max-width: 1024px) 100vw, 1024px\" \/><\/figure>\n\n\n\n<p><a href=\"https:\/\/blog.uclm.es\/igualdadfcjsto\/wp-content\/uploads\/sites\/229\/2020\/02\/CICLO-DE-CONFERENCIAS.-CURSO-2019-2020.-1.docx\">CICLO DE CONFERENCIAS. CURSO 2019-2020.<\/a><a href=\"https:\/\/blog.uclm.es\/igualdadfcjsto\/wp-content\/uploads\/sites\/229\/2020\/02\/CICLO-DE-CONFERENCIAS.-CURSO-2019-2020.-1.docx\">Descarga<\/a><\/p>\n\n\n\n<p><a href=\"https:\/\/blog.uclm.es\/igualdadfcjsto\/wp-content\/uploads\/sites\/229\/2020\/02\/CARTEL-ACTO-DIA-INTERNACIONAL-DE-LA-MUJER-2020.pdf\">CARTEL ACTO D\u00cdA INTERNACIONAL DE LA MUJER 2020<\/a><a href=\"https:\/\/blog.uclm.es\/igualdadfcjsto\/wp-content\/uploads\/sites\/229\/2020\/02\/CARTEL-ACTO-DIA-INTERNACIONAL-DE-LA-MUJER-2020.pdf\">Descarga<\/a><\/p>\n\n\n\n<p><strong>CURSO 2018-19<\/strong><\/p>\n\n\n\n<p><strong>CICLO&nbsp;DE CONFERENCIAS<\/strong><\/p>\n\n\n\n<p>En el siguiente enlace puede consultarse el programa del ciclo de conferencias<\/p>\n\n\n\n<p><a href=\"https:\/\/blog.uclm.es\/igualdadfcjsto\/wp-content\/uploads\/sites\/229\/2018\/07\/CICLO-DE-CONFERENCIAS-2018-2019.-1.docx\">CICLO DE CONFERENCIAS 2018-2019.<\/a><\/p>\n\n\n\n<p><strong>GALERIA FOTOGR\u00c1FICA<\/strong><\/p>\n\n\n\n<p>&nbsp;&nbsp;&nbsp;&nbsp;&nbsp;&nbsp;&nbsp;&nbsp;&nbsp;&nbsp;&nbsp;&nbsp;&nbsp;&nbsp;&nbsp;&nbsp;&nbsp;&nbsp;&nbsp;&nbsp;&nbsp;&nbsp;&nbsp;&nbsp;&nbsp;&nbsp;&nbsp;&nbsp;&nbsp;&nbsp;&nbsp;&nbsp;<strong>SESI\u00d3N INAGURAL: 2 DE OCTUBRE 2018<\/strong><\/p>\n\n\n\n<p><strong>&nbsp;&nbsp;&nbsp;&nbsp;&nbsp;&nbsp;&nbsp;&nbsp;&nbsp;&nbsp;&nbsp;&nbsp;&nbsp;&nbsp;&nbsp;&nbsp;&nbsp;&nbsp;&nbsp;&nbsp;&nbsp;&nbsp;&nbsp;&nbsp;&nbsp;&nbsp;&nbsp;&nbsp;&nbsp;&nbsp;&nbsp; PONENCIA:&nbsp;<em>La violencia de g\u00e9nero en el conflicto armado colombiano<\/em><\/strong><\/p>\n\n\n\n<p><strong>&nbsp;&nbsp;&nbsp;&nbsp;&nbsp;&nbsp;&nbsp;&nbsp;&nbsp;&nbsp;&nbsp;&nbsp;&nbsp;&nbsp;&nbsp;&nbsp;&nbsp;&nbsp;&nbsp;&nbsp;&nbsp;&nbsp;&nbsp;&nbsp;&nbsp;&nbsp;&nbsp;&nbsp;&nbsp;&nbsp;&nbsp;&nbsp;&nbsp;&nbsp; PONENTE: profesora doctora Gloria Bernal Acevedo<\/strong><\/p>\n\n\n\n<p>\u00abCuando estudiamos el Derecho Penal, estamos tratando del dolor ajeno. Pero esta rama del Derecho no lo soluciona todo\u00bb<\/p>\n\n\n\n<p>Profesor, Eduardo Demetrio Crespo, Catedr\u00e1tico de Derecho Penal de nuestra Facultad. UCLM<\/p>\n\n\n<div class=\"wp-block-image\">\n<figure class=\"aligncenter\"><a href=\"https:\/\/blog.uclm.es\/igualdadfcjsto\/wp-content\/uploads\/sites\/229\/2018\/10\/ponencia-Gloria-Bernal.5.jpg\"><img loading=\"lazy\" decoding=\"async\" width=\"197\" height=\"300\" src=\"https:\/\/blog.uclm.es\/igualdadfcjsto\/wp-content\/uploads\/sites\/229\/2018\/10\/ponencia-Gloria-Bernal.5-197x300.jpg\" alt=\"\" class=\"wp-image-259\" srcset=\"https:\/\/blog.uclm.es\/igualdadfcjsto\/wp-content\/uploads\/sites\/229\/2018\/10\/ponencia-Gloria-Bernal.5-197x300.jpg 197w, https:\/\/blog.uclm.es\/igualdadfcjsto\/wp-content\/uploads\/sites\/229\/2018\/10\/ponencia-Gloria-Bernal.5-673x1024.jpg 673w, https:\/\/blog.uclm.es\/igualdadfcjsto\/wp-content\/uploads\/sites\/229\/2018\/10\/ponencia-Gloria-Bernal.5-768x1169.jpg 768w, https:\/\/blog.uclm.es\/igualdadfcjsto\/wp-content\/uploads\/sites\/229\/2018\/10\/ponencia-Gloria-Bernal.5-1009x1536.jpg 1009w, https:\/\/blog.uclm.es\/igualdadfcjsto\/wp-content\/uploads\/sites\/229\/2018\/10\/ponencia-Gloria-Bernal.5-1346x2048.jpg 1346w, https:\/\/blog.uclm.es\/igualdadfcjsto\/wp-content\/uploads\/sites\/229\/2018\/10\/ponencia-Gloria-Bernal.5-scaled.jpg 1682w\" sizes=\"auto, (max-width: 197px) 100vw, 197px\" \/><\/a><\/figure>\n<\/div>\n\n<div class=\"wp-block-image\">\n<figure class=\"alignleft\"><a href=\"https:\/\/blog.uclm.es\/igualdadfcjsto\/wp-content\/uploads\/sites\/229\/2018\/10\/ponencia-Gloria-Bernal.3.jpg\"><img loading=\"lazy\" decoding=\"async\" width=\"169\" height=\"300\" src=\"https:\/\/blog.uclm.es\/igualdadfcjsto\/wp-content\/uploads\/sites\/229\/2018\/10\/ponencia-Gloria-Bernal.3-169x300.jpg\" alt=\"\" class=\"wp-image-261\" srcset=\"https:\/\/blog.uclm.es\/igualdadfcjsto\/wp-content\/uploads\/sites\/229\/2018\/10\/ponencia-Gloria-Bernal.3-169x300.jpg 169w, https:\/\/blog.uclm.es\/igualdadfcjsto\/wp-content\/uploads\/sites\/229\/2018\/10\/ponencia-Gloria-Bernal.3-576x1024.jpg 576w, https:\/\/blog.uclm.es\/igualdadfcjsto\/wp-content\/uploads\/sites\/229\/2018\/10\/ponencia-Gloria-Bernal.3.jpg 734w\" sizes=\"auto, (max-width: 169px) 100vw, 169px\" \/><\/a><\/figure>\n<\/div>\n\n\n<p><a href=\"https:\/\/blog.uclm.es\/igualdadfcjsto\/wp-content\/uploads\/sites\/229\/2018\/10\/ponencia-Gloria-Bernal.4.jpg\">&nbsp;&nbsp;&nbsp;&nbsp;&nbsp;&nbsp;&nbsp;&nbsp;&nbsp;&nbsp;&nbsp;&nbsp;&nbsp;&nbsp;&nbsp;&nbsp;&nbsp;&nbsp;&nbsp;&nbsp;&nbsp;&nbsp;&nbsp;&nbsp;&nbsp;&nbsp;&nbsp;&nbsp;&nbsp;&nbsp;&nbsp;&nbsp;&nbsp;&nbsp;&nbsp;&nbsp;&nbsp;&nbsp;&nbsp;<\/a><a href=\"https:\/\/blog.uclm.es\/igualdadfcjsto\/wp-content\/uploads\/sites\/229\/2018\/10\/ponencia-Gloria-Bernal.4.jpg\">&nbsp;&nbsp;&nbsp;&nbsp;&nbsp;&nbsp;&nbsp;&nbsp;&nbsp;&nbsp;&nbsp;&nbsp;&nbsp;&nbsp;&nbsp;&nbsp;&nbsp;&nbsp;&nbsp;&nbsp;&nbsp;&nbsp;&nbsp;&nbsp;&nbsp;&nbsp;&nbsp;&nbsp;&nbsp;&nbsp;&nbsp;&nbsp;&nbsp;&nbsp;&nbsp;&nbsp;&nbsp;&nbsp;&nbsp;&nbsp;&nbsp;&nbsp;&nbsp;&nbsp;&nbsp;&nbsp;<\/a><\/p>\n\n\n\n<p>&nbsp;&nbsp;&nbsp;&nbsp;&nbsp;&nbsp;&nbsp;&nbsp;&nbsp;<strong>SESI\u00d3N 9 OCTUBRE<\/strong><\/p>\n\n\n\n<p><strong>&nbsp;&nbsp;&nbsp;&nbsp;&nbsp;&nbsp;&nbsp;&nbsp;&nbsp;&nbsp;&nbsp;&nbsp;&nbsp;&nbsp;PONENCIA:&nbsp;<em>Sexo, g\u00e9nero y feminismo: la mirada liberal<\/em><\/strong><\/p>\n\n\n\n<p><strong>PONENTE: Pablo de Lora Del Toro<\/strong>.<\/p>\n\n\n\n<p><em>\u00abUn derecho es un triunfo frente&nbsp; a la mayor\u00eda\u00bb<\/em><\/p>\n\n\n\n<p><em><strong>Sexo, g\u00e9nero y feminismo: la mirada liberal<\/strong><\/em>, ha sido el t\u00edtulo de la ponencia del doctor&nbsp;<strong>Pablo de Lora,<\/strong>&nbsp;Catedr\u00e1tico acreditado de filosof\u00eda del Derecho de la UAM.<\/p>\n\n\n\n<p>El doctor&nbsp;<strong>Alfonso Garc\u00eda Figueroa<\/strong>, Catedr\u00e1tico acreditado de la misma disciplina en la Facultad de Ciencias Jur\u00eddicas y Sociales de Toledo (UCLM), ha presentado al ponente dando cuenta de su extraordinaria trayectoria acad\u00e9mica.<\/p>\n\n\n\n<p>La magistral conferencia, dentro del Ciclo organizado por la Comisi\u00f3n Mujer y Ciencia, no ha dejado duda acerca de la necesidad de reflexionar; de no abordar los problemas planteados desde visiones que ahorren el imprescindible debate; de que el razonamiento y el an\u00e1lisis importa mucho; que merece la pena echar un cuarto a espadas y no prescindir de marcos te\u00f3ricos esenciales a la hora de analizar los desaf\u00edos ante los que nos enfrentamos desde la justicia, el ordenamiento jur\u00eddico que la pretende y la libertad que hemos logrado conquistar con no poco esfuerzo. Que la ciudadan\u00eda merece y es receptora del pensamiento y no es noble dirigirla hacia el desgarro por mor de intereses de cualquier tipo que oculten el an\u00e1lisis y alienten respuestas desde emociones, comprensibles, desde luego, pero con un soporte de miedo.\u201d<\/p>\n\n\n\n<p>El profesor De Lora, ha desarrollado su ponencia abordando la revoluci\u00f3n sexual en la d\u00e9cada de los sesenta; la concepci\u00f3n casual del sexo; el bien jur\u00eddico protegido detr\u00e1s de los delitos de agresi\u00f3n sexual (como violaci\u00f3n entendida desde el prisma de la violencia patriarcal y la respuesta del feminismo en sus variadas expresiones); la concepci\u00f3n significativa del sexo y la violaci\u00f3n como \u201casesinato del Alma\u201d; el concepto de consentimiento: del #metoo al sexo cl\u00ednico y, por \u00faltimo, una referencia dentro de dicho consentimiento al supuesto de Lucrecia: \u201cfue esta violada?\u201d<\/p>\n\n\n\n<p>En su discurso, el ponente ha abierto el debate para la reflexi\u00f3n:<\/p>\n\n\n\n<p>D\u00f3nde situamos el sintagma moral sexual?<\/p>\n\n\n\n<p>Bajo qu\u00e9 condiciones las relaciones sexuales son aceptables? tener hijos? Por amor? Cuando no van \u201ccontra natura\u201d?, cuando hay placer mutuo? Cuando hay consentimiento?<\/p>\n\n\n\n<p>Es lo cierto que el consentimiento parece ser un transformador normativo, pero es siempre as\u00ed?<\/p>\n\n\n\n<p>La violaci\u00f3n va, realmente, de sexo?<\/p>\n\n\n\n<p>Cual es el bien que se protege frente a la agresi\u00f3n sexual a una mujer?\u2026.<\/p>\n\n\n\n<p>Gracias al profesor De Lora por haber aceptado nuestra invitaci\u00f3n, al profesor Garcia Figueroa por haberlo hecho posible.<\/p>\n\n\n\n<p>Gracias al profesorado que ha estado presente y a los alumnos y a las alumnas que han llenado el Aula Magna de la Facultad y han contribuido al debate expresando su juicio.<\/p>\n\n\n<div class=\"wp-block-image\">\n<figure class=\"aligncenter\"><a href=\"https:\/\/blog.uclm.es\/igualdadfcjsto\/wp-content\/uploads\/sites\/229\/2018\/10\/CONFERENCIA-PABLO-DE-LORA.3-e1539168636248.jpg\"><img loading=\"lazy\" decoding=\"async\" width=\"225\" height=\"300\" src=\"https:\/\/blog.uclm.es\/igualdadfcjsto\/wp-content\/uploads\/sites\/229\/2018\/10\/CONFERENCIA-PABLO-DE-LORA.3-e1539168636248-225x300.jpg\" alt=\"\" class=\"wp-image-264\" srcset=\"https:\/\/blog.uclm.es\/igualdadfcjsto\/wp-content\/uploads\/sites\/229\/2018\/10\/CONFERENCIA-PABLO-DE-LORA.3-e1539168636248-225x300.jpg 225w, https:\/\/blog.uclm.es\/igualdadfcjsto\/wp-content\/uploads\/sites\/229\/2018\/10\/CONFERENCIA-PABLO-DE-LORA.3-e1539168636248-768x1024.jpg 768w, https:\/\/blog.uclm.es\/igualdadfcjsto\/wp-content\/uploads\/sites\/229\/2018\/10\/CONFERENCIA-PABLO-DE-LORA.3-e1539168636248-1152x1536.jpg 1152w, https:\/\/blog.uclm.es\/igualdadfcjsto\/wp-content\/uploads\/sites\/229\/2018\/10\/CONFERENCIA-PABLO-DE-LORA.3-e1539168636248-1536x2048.jpg 1536w, https:\/\/blog.uclm.es\/igualdadfcjsto\/wp-content\/uploads\/sites\/229\/2018\/10\/CONFERENCIA-PABLO-DE-LORA.3-e1539168636248-scaled.jpg 1920w\" sizes=\"auto, (max-width: 225px) 100vw, 225px\" \/><\/a><\/figure>\n<\/div>\n\n\n<figure class=\"wp-block-image\"><img loading=\"lazy\" decoding=\"async\" width=\"225\" height=\"300\" src=\"https:\/\/blog.uclm.es\/igualdadfcjsto\/wp-content\/uploads\/sites\/229\/2018\/10\/CONFERENCIA-PABLO-DE-LORA.2-e1539168677402-225x300.jpg\" alt=\"\" class=\"wp-image-265\" srcset=\"https:\/\/blog.uclm.es\/igualdadfcjsto\/wp-content\/uploads\/sites\/229\/2018\/10\/CONFERENCIA-PABLO-DE-LORA.2-e1539168677402-225x300.jpg 225w, https:\/\/blog.uclm.es\/igualdadfcjsto\/wp-content\/uploads\/sites\/229\/2018\/10\/CONFERENCIA-PABLO-DE-LORA.2-e1539168677402-768x1024.jpg 768w, https:\/\/blog.uclm.es\/igualdadfcjsto\/wp-content\/uploads\/sites\/229\/2018\/10\/CONFERENCIA-PABLO-DE-LORA.2-e1539168677402-1152x1536.jpg 1152w, https:\/\/blog.uclm.es\/igualdadfcjsto\/wp-content\/uploads\/sites\/229\/2018\/10\/CONFERENCIA-PABLO-DE-LORA.2-e1539168677402-1536x2048.jpg 1536w, https:\/\/blog.uclm.es\/igualdadfcjsto\/wp-content\/uploads\/sites\/229\/2018\/10\/CONFERENCIA-PABLO-DE-LORA.2-e1539168677402-scaled.jpg 1920w\" sizes=\"auto, (max-width: 225px) 100vw, 225px\" \/><\/figure>\n\n\n<div class=\"wp-block-image\">\n<figure class=\"alignleft\"><a href=\"https:\/\/blog.uclm.es\/igualdadfcjsto\/wp-content\/uploads\/sites\/229\/2018\/10\/CONFERENCIA-PABLO-DE-LORA.5-e1539168751536.jpg\"><img loading=\"lazy\" decoding=\"async\" width=\"225\" height=\"300\" src=\"https:\/\/blog.uclm.es\/igualdadfcjsto\/wp-content\/uploads\/sites\/229\/2018\/10\/CONFERENCIA-PABLO-DE-LORA.5-e1539168751536-225x300.jpg\" alt=\"\" class=\"wp-image-266\" srcset=\"https:\/\/blog.uclm.es\/igualdadfcjsto\/wp-content\/uploads\/sites\/229\/2018\/10\/CONFERENCIA-PABLO-DE-LORA.5-e1539168751536-225x300.jpg 225w, https:\/\/blog.uclm.es\/igualdadfcjsto\/wp-content\/uploads\/sites\/229\/2018\/10\/CONFERENCIA-PABLO-DE-LORA.5-e1539168751536-768x1024.jpg 768w, https:\/\/blog.uclm.es\/igualdadfcjsto\/wp-content\/uploads\/sites\/229\/2018\/10\/CONFERENCIA-PABLO-DE-LORA.5-e1539168751536-1152x1536.jpg 1152w, https:\/\/blog.uclm.es\/igualdadfcjsto\/wp-content\/uploads\/sites\/229\/2018\/10\/CONFERENCIA-PABLO-DE-LORA.5-e1539168751536-1536x2048.jpg 1536w, https:\/\/blog.uclm.es\/igualdadfcjsto\/wp-content\/uploads\/sites\/229\/2018\/10\/CONFERENCIA-PABLO-DE-LORA.5-e1539168751536-scaled.jpg 1920w\" sizes=\"auto, (max-width: 225px) 100vw, 225px\" \/><\/a><\/figure>\n<\/div>\n\n\n<p><strong>SESI\u00d3N IN MEMORIAM:&nbsp;6 DE NOVIEMBRE 2018<\/strong><\/p>\n\n\n\n<p><strong>&nbsp;&nbsp;&nbsp;&nbsp;&nbsp;&nbsp;&nbsp;&nbsp;&nbsp;&nbsp;&nbsp;&nbsp;&nbsp;&nbsp;&nbsp;&nbsp;&nbsp; PONENCIA:&nbsp;<em>Carmen de Burgos, Colombine, la mujer robada<\/em><\/strong><\/p>\n\n\n\n<p><strong>PONENTE: Covadonga Porr\u00faa Rosa<\/strong><\/p>\n\n\n\n<p><a href=\"https:\/\/blog.uclm.es\/igualdadfcjsto\/wp-content\/uploads\/sites\/229\/2018\/11\/Carmen-de-Burgos-Segui.docx\">Carmen de Burgos Segu\u00ed<\/a><\/p>\n\n\n\n<p><strong><em>\u201cEl progreso verdadero de los pueblos est\u00e1 en la \u00e9tica. Nada de \u00f1o\u00f1eces ni convencionalismos; leyes humanas basadas en la misma Naturaleza, amor de hermanos para todos, que los derechos individuales acaben en donde principie el dolor ajeno. Ser\u00e1 obra de siglos\u201d<\/em><\/strong><\/p>\n\n\n\n<figure class=\"wp-block-image\"><a href=\"https:\/\/blog.uclm.es\/igualdadfcjsto\/wp-content\/uploads\/sites\/229\/2018\/11\/CONFERENCIA-CARMEN-DE-BURGOS.1-e1541596464831.jpg\"><img loading=\"lazy\" decoding=\"async\" width=\"225\" height=\"300\" src=\"https:\/\/blog.uclm.es\/igualdadfcjsto\/wp-content\/uploads\/sites\/229\/2018\/11\/CONFERENCIA-CARMEN-DE-BURGOS.1-e1541596464831-225x300.jpg\" alt=\"\" class=\"wp-image-300\" srcset=\"https:\/\/blog.uclm.es\/igualdadfcjsto\/wp-content\/uploads\/sites\/229\/2018\/11\/CONFERENCIA-CARMEN-DE-BURGOS.1-e1541596464831-225x300.jpg 225w, https:\/\/blog.uclm.es\/igualdadfcjsto\/wp-content\/uploads\/sites\/229\/2018\/11\/CONFERENCIA-CARMEN-DE-BURGOS.1-e1541596464831-768x1024.jpg 768w, https:\/\/blog.uclm.es\/igualdadfcjsto\/wp-content\/uploads\/sites\/229\/2018\/11\/CONFERENCIA-CARMEN-DE-BURGOS.1-e1541596464831-1152x1536.jpg 1152w, https:\/\/blog.uclm.es\/igualdadfcjsto\/wp-content\/uploads\/sites\/229\/2018\/11\/CONFERENCIA-CARMEN-DE-BURGOS.1-e1541596464831-1536x2048.jpg 1536w, https:\/\/blog.uclm.es\/igualdadfcjsto\/wp-content\/uploads\/sites\/229\/2018\/11\/CONFERENCIA-CARMEN-DE-BURGOS.1-e1541596464831-scaled.jpg 1920w\" sizes=\"auto, (max-width: 225px) 100vw, 225px\" \/><\/a><\/figure>\n\n\n\n<figure class=\"wp-block-image\"><a href=\"https:\/\/blog.uclm.es\/igualdadfcjsto\/wp-content\/uploads\/sites\/229\/2018\/11\/CONFERENCIA-CARMEN-DE-BURGOS.2-e1541596506414.jpg\"><img loading=\"lazy\" decoding=\"async\" width=\"225\" height=\"300\" src=\"https:\/\/blog.uclm.es\/igualdadfcjsto\/wp-content\/uploads\/sites\/229\/2018\/11\/CONFERENCIA-CARMEN-DE-BURGOS.2-e1541596506414-225x300.jpg\" alt=\"\" class=\"wp-image-301\" srcset=\"https:\/\/blog.uclm.es\/igualdadfcjsto\/wp-content\/uploads\/sites\/229\/2018\/11\/CONFERENCIA-CARMEN-DE-BURGOS.2-e1541596506414-225x300.jpg 225w, https:\/\/blog.uclm.es\/igualdadfcjsto\/wp-content\/uploads\/sites\/229\/2018\/11\/CONFERENCIA-CARMEN-DE-BURGOS.2-e1541596506414-768x1024.jpg 768w, https:\/\/blog.uclm.es\/igualdadfcjsto\/wp-content\/uploads\/sites\/229\/2018\/11\/CONFERENCIA-CARMEN-DE-BURGOS.2-e1541596506414-1152x1536.jpg 1152w, https:\/\/blog.uclm.es\/igualdadfcjsto\/wp-content\/uploads\/sites\/229\/2018\/11\/CONFERENCIA-CARMEN-DE-BURGOS.2-e1541596506414-1536x2048.jpg 1536w, https:\/\/blog.uclm.es\/igualdadfcjsto\/wp-content\/uploads\/sites\/229\/2018\/11\/CONFERENCIA-CARMEN-DE-BURGOS.2-e1541596506414-scaled.jpg 1920w\" sizes=\"auto, (max-width: 225px) 100vw, 225px\" \/><\/a><\/figure>\n\n\n\n<figure class=\"wp-block-image\"><a href=\"https:\/\/blog.uclm.es\/igualdadfcjsto\/wp-content\/uploads\/sites\/229\/2018\/11\/CONFERENCIA-CARMEN-DE-BURGOS.3.jpg\"><img loading=\"lazy\" decoding=\"async\" width=\"300\" height=\"225\" src=\"https:\/\/blog.uclm.es\/igualdadfcjsto\/wp-content\/uploads\/sites\/229\/2018\/11\/CONFERENCIA-CARMEN-DE-BURGOS.3-300x225.jpg\" alt=\"\" class=\"wp-image-302\" srcset=\"https:\/\/blog.uclm.es\/igualdadfcjsto\/wp-content\/uploads\/sites\/229\/2018\/11\/CONFERENCIA-CARMEN-DE-BURGOS.3-300x225.jpg 300w, https:\/\/blog.uclm.es\/igualdadfcjsto\/wp-content\/uploads\/sites\/229\/2018\/11\/CONFERENCIA-CARMEN-DE-BURGOS.3-1024x768.jpg 1024w, https:\/\/blog.uclm.es\/igualdadfcjsto\/wp-content\/uploads\/sites\/229\/2018\/11\/CONFERENCIA-CARMEN-DE-BURGOS.3-768x576.jpg 768w, https:\/\/blog.uclm.es\/igualdadfcjsto\/wp-content\/uploads\/sites\/229\/2018\/11\/CONFERENCIA-CARMEN-DE-BURGOS.3-1536x1152.jpg 1536w, https:\/\/blog.uclm.es\/igualdadfcjsto\/wp-content\/uploads\/sites\/229\/2018\/11\/CONFERENCIA-CARMEN-DE-BURGOS.3-2048x1536.jpg 2048w, https:\/\/blog.uclm.es\/igualdadfcjsto\/wp-content\/uploads\/sites\/229\/2018\/11\/CONFERENCIA-CARMEN-DE-BURGOS.3-400x300.jpg 400w\" sizes=\"auto, (max-width: 300px) 100vw, 300px\" \/><\/a><\/figure>\n\n\n\n<p><strong>SESI\u00d3N&nbsp;27 de&nbsp;NOVIEMBRE&nbsp;2018<\/strong><\/p>\n\n\n\n<p><strong>&nbsp;PONENCIA:&nbsp;<em>Ser\u00e1s hombre<\/em><\/strong><\/p>\n\n\n\n<p><strong>PONENTE: Isabel de Ocampo<\/strong><\/p>\n\n\n\n<p>\u201cSi\u2026ser\u00e1s un hombre, hijo m\u00edo!\u201d<\/p>\n\n\n\n<p>Con el poema de Kipling ha dado comienzo esta ma\u00f1ana, en la Facultad de Ciencias Jur\u00eddicas y Sociales de Toledo (UCLM), la conferencia \u201cSER\u00c1S HOMBRE\u201d, con motivo del D\u00eda Internacional de la Eliminaci\u00f3n de la Violencia contra la Mujer del pasado 25 de noviembre.<\/p>\n\n\n\n<p>Isabel de Ocampo, directora de cine, guionista y script, ganadora del Premio Goya 2009 al mejor cortometraje de ficci\u00f3n por \u201cMiente\u201d, ha llevado con pulso y, a la vez, con gran cercan\u00eda, la ponencia que llevaba por t\u00edtulo el de su \u00faltimo corto, \u201cSer\u00e1s hombre\u201d, presentado el pasado 21 de octubre en La Seminci de Valladolid y cuyo estreno en salas est\u00e1 previsto para marzo del pr\u00f3ximo a\u00f1o.<\/p>\n\n\n\n<p>Isabel es sobre todo una gran comunicadora y el cine es un medio maravilloso para expresarnos, para contar historias, para ense\u00f1ar la realidad vista con distintas miradas y sensibilidades. Para llevarnos a sentir, a pensar, a imaginar, a so\u00f1ar, a aprender\u2026.<\/p>\n\n\n\n<p>Con este acto, como ha se\u00f1alado nuestro Vicedecano , Ricardo del Estal, la Facultad y la UCLM, junto con la Comisi\u00f3n Mujer y Ciencia, el alumnado y todas aquellas personas que formamos la comunidad universitaria, hemos entablado un di\u00e1logo sobre hombres y mujeres, prostituci\u00f3n, derechos b\u00e1sicos, sufrimiento, no discriminaci\u00f3n, violencia\u2026 pero tambi\u00e9n sobre amor, sobre la dificultad de convivir en una sociedad compleja, sobre nosotros\/as y \u201clos otros\/as\u201d, sobre el da\u00f1o que hace mil pedazos la mente y el alma, y la valent\u00eda, el coraje, la solidaridad, la sororidad\u2026\u2026<\/p>\n\n\n\n<p>El cine ha sido el veh\u00edculo para este viaje, para dar testimonio de donde estamos y, sobre todo, para vislumbrar el destino al que, todos juntos, querr\u00edamos llegar.<\/p>\n\n\n\n<figure class=\"wp-block-image\"><a href=\"https:\/\/blog.uclm.es\/igualdadfcjsto\/wp-content\/uploads\/sites\/229\/2018\/12\/ponencia-Isabel-de-Ocampo.1.jpg\"><img loading=\"lazy\" decoding=\"async\" width=\"300\" height=\"291\" src=\"https:\/\/blog.uclm.es\/igualdadfcjsto\/wp-content\/uploads\/sites\/229\/2018\/12\/ponencia-Isabel-de-Ocampo.1-300x291.jpg\" alt=\"\" class=\"wp-image-308\" srcset=\"https:\/\/blog.uclm.es\/igualdadfcjsto\/wp-content\/uploads\/sites\/229\/2018\/12\/ponencia-Isabel-de-Ocampo.1-300x291.jpg 300w, https:\/\/blog.uclm.es\/igualdadfcjsto\/wp-content\/uploads\/sites\/229\/2018\/12\/ponencia-Isabel-de-Ocampo.1-1024x993.jpg 1024w, https:\/\/blog.uclm.es\/igualdadfcjsto\/wp-content\/uploads\/sites\/229\/2018\/12\/ponencia-Isabel-de-Ocampo.1-768x745.jpg 768w, https:\/\/blog.uclm.es\/igualdadfcjsto\/wp-content\/uploads\/sites\/229\/2018\/12\/ponencia-Isabel-de-Ocampo.1-309x300.jpg 309w, https:\/\/blog.uclm.es\/igualdadfcjsto\/wp-content\/uploads\/sites\/229\/2018\/12\/ponencia-Isabel-de-Ocampo.1.jpg 1242w\" sizes=\"auto, (max-width: 300px) 100vw, 300px\" \/><\/a><\/figure>\n\n\n\n<figure class=\"wp-block-image\"><a href=\"https:\/\/blog.uclm.es\/igualdadfcjsto\/wp-content\/uploads\/sites\/229\/2018\/12\/ponencia-Isabel-de-Ocampo.2.jpg\"><img loading=\"lazy\" decoding=\"async\" width=\"235\" height=\"300\" src=\"https:\/\/blog.uclm.es\/igualdadfcjsto\/wp-content\/uploads\/sites\/229\/2018\/12\/ponencia-Isabel-de-Ocampo.2-235x300.jpg\" alt=\"\" class=\"wp-image-309\" srcset=\"https:\/\/blog.uclm.es\/igualdadfcjsto\/wp-content\/uploads\/sites\/229\/2018\/12\/ponencia-Isabel-de-Ocampo.2-235x300.jpg 235w, https:\/\/blog.uclm.es\/igualdadfcjsto\/wp-content\/uploads\/sites\/229\/2018\/12\/ponencia-Isabel-de-Ocampo.2-801x1024.jpg 801w, https:\/\/blog.uclm.es\/igualdadfcjsto\/wp-content\/uploads\/sites\/229\/2018\/12\/ponencia-Isabel-de-Ocampo.2-768x982.jpg 768w, https:\/\/blog.uclm.es\/igualdadfcjsto\/wp-content\/uploads\/sites\/229\/2018\/12\/ponencia-Isabel-de-Ocampo.2-1201x1536.jpg 1201w, https:\/\/blog.uclm.es\/igualdadfcjsto\/wp-content\/uploads\/sites\/229\/2018\/12\/ponencia-Isabel-de-Ocampo.2.jpg 1242w\" sizes=\"auto, (max-width: 235px) 100vw, 235px\" \/><\/a><\/figure>\n\n\n\n<figure class=\"wp-block-image\"><a href=\"https:\/\/blog.uclm.es\/igualdadfcjsto\/wp-content\/uploads\/sites\/229\/2018\/12\/ponencia-Isabel-de-Ocampo.3.jpg\"><img loading=\"lazy\" decoding=\"async\" width=\"234\" height=\"300\" src=\"https:\/\/blog.uclm.es\/igualdadfcjsto\/wp-content\/uploads\/sites\/229\/2018\/12\/ponencia-Isabel-de-Ocampo.3-234x300.jpg\" alt=\"\" class=\"wp-image-310\" srcset=\"https:\/\/blog.uclm.es\/igualdadfcjsto\/wp-content\/uploads\/sites\/229\/2018\/12\/ponencia-Isabel-de-Ocampo.3-234x300.jpg 234w, https:\/\/blog.uclm.es\/igualdadfcjsto\/wp-content\/uploads\/sites\/229\/2018\/12\/ponencia-Isabel-de-Ocampo.3-800x1024.jpg 800w, https:\/\/blog.uclm.es\/igualdadfcjsto\/wp-content\/uploads\/sites\/229\/2018\/12\/ponencia-Isabel-de-Ocampo.3-768x983.jpg 768w, https:\/\/blog.uclm.es\/igualdadfcjsto\/wp-content\/uploads\/sites\/229\/2018\/12\/ponencia-Isabel-de-Ocampo.3-1200x1536.jpg 1200w, https:\/\/blog.uclm.es\/igualdadfcjsto\/wp-content\/uploads\/sites\/229\/2018\/12\/ponencia-Isabel-de-Ocampo.3.jpg 1242w\" sizes=\"auto, (max-width: 234px) 100vw, 234px\" \/><\/a><\/figure>\n\n\n\n<figure class=\"wp-block-image\"><a href=\"https:\/\/blog.uclm.es\/igualdadfcjsto\/wp-content\/uploads\/sites\/229\/2018\/12\/ponencia-Isabel-de-Ocampo.4.jpg\"><img loading=\"lazy\" decoding=\"async\" width=\"300\" height=\"188\" src=\"https:\/\/blog.uclm.es\/igualdadfcjsto\/wp-content\/uploads\/sites\/229\/2018\/12\/ponencia-Isabel-de-Ocampo.4-300x188.jpg\" alt=\"\" class=\"wp-image-311\" srcset=\"https:\/\/blog.uclm.es\/igualdadfcjsto\/wp-content\/uploads\/sites\/229\/2018\/12\/ponencia-Isabel-de-Ocampo.4-300x188.jpg 300w, https:\/\/blog.uclm.es\/igualdadfcjsto\/wp-content\/uploads\/sites\/229\/2018\/12\/ponencia-Isabel-de-Ocampo.4-1024x640.jpg 1024w, https:\/\/blog.uclm.es\/igualdadfcjsto\/wp-content\/uploads\/sites\/229\/2018\/12\/ponencia-Isabel-de-Ocampo.4-768x480.jpg 768w, https:\/\/blog.uclm.es\/igualdadfcjsto\/wp-content\/uploads\/sites\/229\/2018\/12\/ponencia-Isabel-de-Ocampo.4-480x300.jpg 480w, https:\/\/blog.uclm.es\/igualdadfcjsto\/wp-content\/uploads\/sites\/229\/2018\/12\/ponencia-Isabel-de-Ocampo.4.jpg 1187w\" sizes=\"auto, (max-width: 300px) 100vw, 300px\" \/><\/a><\/figure>\n\n\n\n<p><strong>SESI\u00d3N &nbsp;11 de DICIEMBRE 2018<\/strong><\/p>\n\n\n\n<p><strong>&nbsp;PONENCIA:&nbsp;<em>Por qu\u00e9 no soy feminista<\/em><\/strong><\/p>\n\n\n\n<p><strong>PONENTE: Alfonso Garc\u00eda Figueroa<\/strong><\/p>\n\n\n\n<p>Se puede no ser feminista?<\/p>\n\n\n\n<p>Alfonso Garc\u00eda Figueroa, Catedr\u00e1tico acreditado de Filosof\u00eda del Derecho de la facultad de ciencias jur\u00eddicas y sociales de Toledo (UCLM), ha presentado hoy una brillante y provocadora ponencia en el Ciclo de conferencias de la comisi\u00f3n mujer y ciencia, interp\u00e9landose e interpelando al p\u00fablico acerca de esta cuesti\u00f3n.<\/p>\n\n\n\n<p>Garc\u00eda Figueroa, que ha orientado su investigaci\u00f3n hacia la teor\u00eda del derecho, la teor\u00eda de la argumentaci\u00f3n jur\u00eddica y los derechos humanos, ha abierto un debate ante un centenar de alumnos y profesorado que ha intervenido vivamente en las diversas cuestiones que plantea el feminismo y su evoluci\u00f3n.<\/p>\n\n\n\n<p>Se trata de un C\u00f3digo de conducta sobre qu\u00e9 hacer y que no&nbsp;<strong>hacer?<\/strong><\/p>\n\n\n\n<p>Se trata de un esquema interpretativo del mundo?<\/p>\n\n\n\n<p>Es posible aceptar generalizaciones estigmatizantes y generalistas?<\/p>\n\n\n\n<p>Es posible y deseable tipificar m\u00e1s conductas y aumentar las penas?<\/p>\n\n\n\n<p>El g\u00e9nero es lo sacro y el heteropatriarcado es lo demonizado?<\/p>\n\n\n\n<p>Las identidades colectivas son ficciones peligrosas?<\/p>\n\n\n\n<p>Tus palabras \u201cser\u00e1n puras\u201d y ser\u00e1n aceptadas y normadas para lograr un determinado lenguaje?<\/p>\n\n\n\n<p>El feminismo es hoy un concepto institucional?<\/p>\n\n\n\n<p>Podr\u00eda incurrirse en una obsesi\u00f3n por regular el sexo y la vida privada?<\/p>\n\n\n\n<p>Cual es la alternativa al amor rom\u00e1ntico?<\/p>\n\n\n\n<p>Qu\u00e9 ocurre fuera de nuestro mundo occidental. Hasta d\u00f3nde llegan las reivindicaciones feministas y para qu\u00e9 mujeres?<\/p>\n\n\n\n<p>Estas y otras m\u00e1s, han sido las preguntas formuladas, haciendo un recorrido desde las tesis de muy diversos pensadores, como Durkheim, Arendt, Kolakowski, Beck, Kristeva, Nancy Fraser\u2026<\/p>\n\n\n\n<p>Mi gratitud, en nombre de la Comisi\u00f3n, y en el m\u00edo propio, al profesor Garcia Figueroa por contribuir, con su valiosa aportaci\u00f3n, al an\u00e1lisis de la realidad siempre compleja y que nunca implica a una sola generaci\u00f3n.<\/p>\n\n\n\n<figure class=\"wp-block-image\"><a href=\"https:\/\/blog.uclm.es\/igualdadfcjsto\/wp-content\/uploads\/sites\/229\/2018\/12\/ponencia-alfonso-garcia-figueroa.1-e1544622282289.jpg\"><img loading=\"lazy\" decoding=\"async\" width=\"225\" height=\"300\" src=\"https:\/\/blog.uclm.es\/igualdadfcjsto\/wp-content\/uploads\/sites\/229\/2018\/12\/ponencia-alfonso-garcia-figueroa.1-e1544622282289-225x300.jpg\" alt=\"\" class=\"wp-image-314\" srcset=\"https:\/\/blog.uclm.es\/igualdadfcjsto\/wp-content\/uploads\/sites\/229\/2018\/12\/ponencia-alfonso-garcia-figueroa.1-e1544622282289-225x300.jpg 225w, https:\/\/blog.uclm.es\/igualdadfcjsto\/wp-content\/uploads\/sites\/229\/2018\/12\/ponencia-alfonso-garcia-figueroa.1-e1544622282289-768x1024.jpg 768w, https:\/\/blog.uclm.es\/igualdadfcjsto\/wp-content\/uploads\/sites\/229\/2018\/12\/ponencia-alfonso-garcia-figueroa.1-e1544622282289-1152x1536.jpg 1152w, https:\/\/blog.uclm.es\/igualdadfcjsto\/wp-content\/uploads\/sites\/229\/2018\/12\/ponencia-alfonso-garcia-figueroa.1-e1544622282289-1536x2048.jpg 1536w, https:\/\/blog.uclm.es\/igualdadfcjsto\/wp-content\/uploads\/sites\/229\/2018\/12\/ponencia-alfonso-garcia-figueroa.1-e1544622282289-scaled.jpg 1920w\" sizes=\"auto, (max-width: 225px) 100vw, 225px\" \/><\/a><\/figure>\n\n\n<div class=\"wp-block-image\">\n<figure class=\"alignright\"><a href=\"https:\/\/blog.uclm.es\/igualdadfcjsto\/wp-content\/uploads\/sites\/229\/2018\/12\/ponencia-alfonso-garcia-figueroa.2-e1544622329341.jpg\"><img loading=\"lazy\" decoding=\"async\" width=\"225\" height=\"300\" src=\"https:\/\/blog.uclm.es\/igualdadfcjsto\/wp-content\/uploads\/sites\/229\/2018\/12\/ponencia-alfonso-garcia-figueroa.2-e1544622329341-225x300.jpg\" alt=\"\" class=\"wp-image-315\" srcset=\"https:\/\/blog.uclm.es\/igualdadfcjsto\/wp-content\/uploads\/sites\/229\/2018\/12\/ponencia-alfonso-garcia-figueroa.2-e1544622329341-225x300.jpg 225w, https:\/\/blog.uclm.es\/igualdadfcjsto\/wp-content\/uploads\/sites\/229\/2018\/12\/ponencia-alfonso-garcia-figueroa.2-e1544622329341-768x1024.jpg 768w, https:\/\/blog.uclm.es\/igualdadfcjsto\/wp-content\/uploads\/sites\/229\/2018\/12\/ponencia-alfonso-garcia-figueroa.2-e1544622329341-1152x1536.jpg 1152w, https:\/\/blog.uclm.es\/igualdadfcjsto\/wp-content\/uploads\/sites\/229\/2018\/12\/ponencia-alfonso-garcia-figueroa.2-e1544622329341-1536x2048.jpg 1536w, https:\/\/blog.uclm.es\/igualdadfcjsto\/wp-content\/uploads\/sites\/229\/2018\/12\/ponencia-alfonso-garcia-figueroa.2-e1544622329341-scaled.jpg 1920w\" sizes=\"auto, (max-width: 225px) 100vw, 225px\" \/><\/a><\/figure>\n<\/div>\n\n\n<figure class=\"wp-block-image\"><a href=\"https:\/\/blog.uclm.es\/igualdadfcjsto\/wp-content\/uploads\/sites\/229\/2018\/12\/ponencia-alfonso-garcia-figueroa.3.jpg\"><img loading=\"lazy\" decoding=\"async\" width=\"300\" height=\"225\" src=\"https:\/\/blog.uclm.es\/igualdadfcjsto\/wp-content\/uploads\/sites\/229\/2018\/12\/ponencia-alfonso-garcia-figueroa.3-300x225.jpg\" alt=\"\" class=\"wp-image-316\" srcset=\"https:\/\/blog.uclm.es\/igualdadfcjsto\/wp-content\/uploads\/sites\/229\/2018\/12\/ponencia-alfonso-garcia-figueroa.3-300x225.jpg 300w, https:\/\/blog.uclm.es\/igualdadfcjsto\/wp-content\/uploads\/sites\/229\/2018\/12\/ponencia-alfonso-garcia-figueroa.3-1024x768.jpg 1024w, https:\/\/blog.uclm.es\/igualdadfcjsto\/wp-content\/uploads\/sites\/229\/2018\/12\/ponencia-alfonso-garcia-figueroa.3-768x576.jpg 768w, https:\/\/blog.uclm.es\/igualdadfcjsto\/wp-content\/uploads\/sites\/229\/2018\/12\/ponencia-alfonso-garcia-figueroa.3-1536x1152.jpg 1536w, https:\/\/blog.uclm.es\/igualdadfcjsto\/wp-content\/uploads\/sites\/229\/2018\/12\/ponencia-alfonso-garcia-figueroa.3-2048x1536.jpg 2048w, https:\/\/blog.uclm.es\/igualdadfcjsto\/wp-content\/uploads\/sites\/229\/2018\/12\/ponencia-alfonso-garcia-figueroa.3-400x300.jpg 400w\" sizes=\"auto, (max-width: 300px) 100vw, 300px\" \/><\/a><\/figure>\n\n\n\n<figure class=\"wp-block-image\"><a href=\"https:\/\/blog.uclm.es\/igualdadfcjsto\/wp-content\/uploads\/sites\/229\/2018\/12\/ponencia-alfonso-garcia-figueroa.5-e1544622428858.jpg\"><img loading=\"lazy\" decoding=\"async\" width=\"225\" height=\"300\" src=\"https:\/\/blog.uclm.es\/igualdadfcjsto\/wp-content\/uploads\/sites\/229\/2018\/12\/ponencia-alfonso-garcia-figueroa.5-e1544622428858-225x300.jpg\" alt=\"\" class=\"wp-image-317\" srcset=\"https:\/\/blog.uclm.es\/igualdadfcjsto\/wp-content\/uploads\/sites\/229\/2018\/12\/ponencia-alfonso-garcia-figueroa.5-e1544622428858-225x300.jpg 225w, https:\/\/blog.uclm.es\/igualdadfcjsto\/wp-content\/uploads\/sites\/229\/2018\/12\/ponencia-alfonso-garcia-figueroa.5-e1544622428858-768x1024.jpg 768w, https:\/\/blog.uclm.es\/igualdadfcjsto\/wp-content\/uploads\/sites\/229\/2018\/12\/ponencia-alfonso-garcia-figueroa.5-e1544622428858-1152x1536.jpg 1152w, https:\/\/blog.uclm.es\/igualdadfcjsto\/wp-content\/uploads\/sites\/229\/2018\/12\/ponencia-alfonso-garcia-figueroa.5-e1544622428858-1536x2048.jpg 1536w, https:\/\/blog.uclm.es\/igualdadfcjsto\/wp-content\/uploads\/sites\/229\/2018\/12\/ponencia-alfonso-garcia-figueroa.5-e1544622428858-scaled.jpg 1920w\" sizes=\"auto, (max-width: 225px) 100vw, 225px\" \/><\/a><\/figure>\n\n\n<div class=\"wp-block-image\">\n<figure class=\"alignright\"><a href=\"https:\/\/blog.uclm.es\/igualdadfcjsto\/wp-content\/uploads\/sites\/229\/2018\/12\/ponencia-alfonso-garcia-figueroa.6.jpg\"><img loading=\"lazy\" decoding=\"async\" width=\"169\" height=\"300\" src=\"https:\/\/blog.uclm.es\/igualdadfcjsto\/wp-content\/uploads\/sites\/229\/2018\/12\/ponencia-alfonso-garcia-figueroa.6-169x300.jpg\" alt=\"\" class=\"wp-image-318\" srcset=\"https:\/\/blog.uclm.es\/igualdadfcjsto\/wp-content\/uploads\/sites\/229\/2018\/12\/ponencia-alfonso-garcia-figueroa.6-169x300.jpg 169w, https:\/\/blog.uclm.es\/igualdadfcjsto\/wp-content\/uploads\/sites\/229\/2018\/12\/ponencia-alfonso-garcia-figueroa.6-576x1024.jpg 576w, https:\/\/blog.uclm.es\/igualdadfcjsto\/wp-content\/uploads\/sites\/229\/2018\/12\/ponencia-alfonso-garcia-figueroa.6-768x1365.jpg 768w, https:\/\/blog.uclm.es\/igualdadfcjsto\/wp-content\/uploads\/sites\/229\/2018\/12\/ponencia-alfonso-garcia-figueroa.6-864x1536.jpg 864w, https:\/\/blog.uclm.es\/igualdadfcjsto\/wp-content\/uploads\/sites\/229\/2018\/12\/ponencia-alfonso-garcia-figueroa.6-1152x2048.jpg 1152w, https:\/\/blog.uclm.es\/igualdadfcjsto\/wp-content\/uploads\/sites\/229\/2018\/12\/ponencia-alfonso-garcia-figueroa.6.jpg 1242w\" sizes=\"auto, (max-width: 169px) 100vw, 169px\" \/><\/a><\/figure>\n<\/div>\n\n<div class=\"wp-block-image\">\n<figure class=\"aligncenter\"><a href=\"https:\/\/blog.uclm.es\/igualdadfcjsto\/wp-content\/uploads\/sites\/229\/2018\/12\/ponencia-alfonso-garcia-figueroa.4.jpg\"><img decoding=\"async\" src=\"https:\/\/blog.uclm.es\/igualdadfcjsto\/wp-content\/uploads\/sites\/229\/2018\/12\/ponencia-alfonso-garcia-figueroa.4-270x300.jpg\" alt=\"\" class=\"wp-image-319\" \/><\/a><\/figure>\n<\/div>\n\n\n<p>&nbsp;<strong>SESI\u00d3N&nbsp;<\/strong><strong>7 MARZO. D\u00cdA INTERNACIONAL DE LA MUJER.<\/strong><\/p>\n\n\n\n<p><strong>PONENCIA:&nbsp;<em>mujer, igualdad y g\u00e9nero en el poder judicial y en la jurisprudencia.<\/em><\/strong><\/p>\n\n\n\n<p><strong>PONENTE: Susana de la Sierra Mor\u00f3n, profesora titular de Derecho Administrativo. En la actualidad en comisi\u00f3n de servicios como letrada del TS<\/strong><\/p>\n\n\n\n<p>Si el Derecho Administrativo es el instrumento del Estado para gobernar y, con ello, configurar una sociedad con unos determinados principios y valores recogidos en el ordenamiento jur\u00eddico y en nuestra Constituci\u00f3n, la igualdad de hombres y mujeres ha de estar presente en la agenda pol\u00edtica de los diferentes gobiernos. S\u00f3lo as\u00ed ser\u00e1 posible lograr de la efectividad de la misma, que no es sino dar cumplimiento al mandato constitucional.<\/p>\n\n\n<div class=\"wp-block-image\">\n<figure class=\"aligncenter\"><a href=\"https:\/\/blog.uclm.es\/igualdadfcjsto\/wp-content\/uploads\/sites\/229\/2019\/03\/ponencia-Susana-de-la-Sierra.2-e1552573020584.jpg\"><img loading=\"lazy\" decoding=\"async\" width=\"225\" height=\"300\" src=\"https:\/\/blog.uclm.es\/igualdadfcjsto\/wp-content\/uploads\/sites\/229\/2019\/03\/ponencia-Susana-de-la-Sierra.2-e1552573020584-225x300.jpg\" alt=\"\" class=\"wp-image-324\" srcset=\"https:\/\/blog.uclm.es\/igualdadfcjsto\/wp-content\/uploads\/sites\/229\/2019\/03\/ponencia-Susana-de-la-Sierra.2-e1552573020584-225x300.jpg 225w, https:\/\/blog.uclm.es\/igualdadfcjsto\/wp-content\/uploads\/sites\/229\/2019\/03\/ponencia-Susana-de-la-Sierra.2-e1552573020584-768x1024.jpg 768w, https:\/\/blog.uclm.es\/igualdadfcjsto\/wp-content\/uploads\/sites\/229\/2019\/03\/ponencia-Susana-de-la-Sierra.2-e1552573020584-1152x1536.jpg 1152w, https:\/\/blog.uclm.es\/igualdadfcjsto\/wp-content\/uploads\/sites\/229\/2019\/03\/ponencia-Susana-de-la-Sierra.2-e1552573020584-1536x2048.jpg 1536w, https:\/\/blog.uclm.es\/igualdadfcjsto\/wp-content\/uploads\/sites\/229\/2019\/03\/ponencia-Susana-de-la-Sierra.2-e1552573020584-scaled.jpg 1920w\" sizes=\"auto, (max-width: 225px) 100vw, 225px\" \/><\/a><\/figure>\n<\/div>\n\n\n<p>La&nbsp;&nbsp;doctora y profesora de la UCLM&nbsp;Susana&nbsp;de la Sierra imparti\u00f3 una magnifica ponencia, acercando al p\u00fablico a la presencia de las mujeres en el \u00e1mbito del poder judicial, as\u00ed como a las decisiones que la jurisprudencia ha ido adoptando en la materia.<\/p>\n\n\n\n<p><strong>SESI\u00d3N 14 de marzo<\/strong><\/p>\n\n\n\n<p><strong>PONENCIA:&nbsp;<em>las fuerzas y cuerpos de seguridad del Estado en el entorno de la mujer. Mucho m\u00e1s que violencia de g\u00e9nero.<\/em><\/strong><\/p>\n\n\n\n<p><strong>PONENTE. Mar\u00eda del Pilar Allu\u00e9 Blasco, Directora general de recursos&nbsp; humanos y formaci\u00f3n de la Polic\u00eda Nacional.<\/strong><\/p>\n\n\n\n<p>997 mujeres desde 2003 son el n\u00famero de quienes han fallecido a manos de hombres.&nbsp; Los cuerpos y fuerzas de seguridad del Estado, y en particular, la Polic\u00eda Nacional trabajan en planes de actuaci\u00f3n conjuntos para luchar contra esta violencia que afecta adem\u00e1s a menores.<\/p>\n\n\n<div class=\"wp-block-image\">\n<figure class=\"aligncenter\"><a href=\"https:\/\/blog.uclm.es\/igualdadfcjsto\/wp-content\/uploads\/sites\/229\/2019\/03\/Ponencia-Pilar-Allue.1-e1553091668700.jpg\"><img loading=\"lazy\" decoding=\"async\" width=\"225\" height=\"300\" src=\"https:\/\/blog.uclm.es\/igualdadfcjsto\/wp-content\/uploads\/sites\/229\/2019\/03\/Ponencia-Pilar-Allue.1-e1553091668700-225x300.jpg\" alt=\"\" class=\"wp-image-345\" srcset=\"https:\/\/blog.uclm.es\/igualdadfcjsto\/wp-content\/uploads\/sites\/229\/2019\/03\/Ponencia-Pilar-Allue.1-e1553091668700-225x300.jpg 225w, https:\/\/blog.uclm.es\/igualdadfcjsto\/wp-content\/uploads\/sites\/229\/2019\/03\/Ponencia-Pilar-Allue.1-e1553091668700-768x1024.jpg 768w, https:\/\/blog.uclm.es\/igualdadfcjsto\/wp-content\/uploads\/sites\/229\/2019\/03\/Ponencia-Pilar-Allue.1-e1553091668700-1152x1536.jpg 1152w, https:\/\/blog.uclm.es\/igualdadfcjsto\/wp-content\/uploads\/sites\/229\/2019\/03\/Ponencia-Pilar-Allue.1-e1553091668700-1536x2048.jpg 1536w, https:\/\/blog.uclm.es\/igualdadfcjsto\/wp-content\/uploads\/sites\/229\/2019\/03\/Ponencia-Pilar-Allue.1-e1553091668700-scaled.jpg 1920w\" sizes=\"auto, (max-width: 225px) 100vw, 225px\" \/><\/a><\/figure>\n<\/div>\n\n\n<p>Nuestra ponente, que ha ocupado los puestos de m\u00e1xima responsabilidad en el cuerpo, siendo. asimismo, la primera mujer que en 2007 tuvo a su cargo la Comisar\u00eda Cient\u00edfica ha desarrollado una magn\u00edfica ponencia, subrayando la necesidad de contar con un esfuerzo dirigido por los poderes p\u00fablicos , pero sin olvidar el factor m\u00e1s importante: la formaci\u00f3n desde la infancia en la igualdad y perspectiva de g\u00e9nero<\/p>\n\n\n\n<p><strong>SESI\u00d3N 21 DE MARZO<\/strong><\/p>\n\n\n\n<p><strong>PONENCIA:&nbsp;&nbsp;<em>El Derecho Penal como guardi\u00e1n de la diferencia<\/em><\/strong><\/p>\n\n\n\n<p><strong>PONENTE:&nbsp;Dr\u00aa &nbsp;Ana Cristina Rodr\u00edguez Yag\u00fce, profesora de Derecho Penal de la Facultad de Ciencias Sociales de Ciudad Real (UCLM)<\/strong><\/p>\n\n\n\n<p>La magn\u00edfica intervenci\u00f3n de la ponente ha recorrido nuestro Derecho Penal desde hace 60 a\u00f1os, con el tr\u00e1nsito de una Derecho Punitivo resueltamente discriminatorio para la mujer, hasta la \u00faltima reforma del&nbsp; a\u00f1o 2015 y el Pacto de Estado contra la Violencia de G\u00e9nero.<\/p>\n\n\n<div class=\"wp-block-image\">\n<figure class=\"aligncenter\"><a href=\"https:\/\/blog.uclm.es\/igualdadfcjsto\/wp-content\/uploads\/sites\/229\/2019\/03\/ponencia-Ana-Cristina-Rodriguez-Yague.4-e1553369819819.jpg\"><img loading=\"lazy\" decoding=\"async\" width=\"225\" height=\"300\" src=\"https:\/\/blog.uclm.es\/igualdadfcjsto\/wp-content\/uploads\/sites\/229\/2019\/03\/ponencia-Ana-Cristina-Rodriguez-Yague.4-e1553369819819-225x300.jpg\" alt=\"\" class=\"wp-image-354\" srcset=\"https:\/\/blog.uclm.es\/igualdadfcjsto\/wp-content\/uploads\/sites\/229\/2019\/03\/ponencia-Ana-Cristina-Rodriguez-Yague.4-e1553369819819-225x300.jpg 225w, https:\/\/blog.uclm.es\/igualdadfcjsto\/wp-content\/uploads\/sites\/229\/2019\/03\/ponencia-Ana-Cristina-Rodriguez-Yague.4-e1553369819819-768x1024.jpg 768w, https:\/\/blog.uclm.es\/igualdadfcjsto\/wp-content\/uploads\/sites\/229\/2019\/03\/ponencia-Ana-Cristina-Rodriguez-Yague.4-e1553369819819-1152x1536.jpg 1152w, https:\/\/blog.uclm.es\/igualdadfcjsto\/wp-content\/uploads\/sites\/229\/2019\/03\/ponencia-Ana-Cristina-Rodriguez-Yague.4-e1553369819819-1536x2048.jpg 1536w, https:\/\/blog.uclm.es\/igualdadfcjsto\/wp-content\/uploads\/sites\/229\/2019\/03\/ponencia-Ana-Cristina-Rodriguez-Yague.4-e1553369819819-scaled.jpg 1920w\" sizes=\"auto, (max-width: 225px) 100vw, 225px\" \/><\/a><\/figure>\n<\/div>\n\n<div class=\"wp-block-image\">\n<figure class=\"aligncenter\"><a href=\"https:\/\/blog.uclm.es\/igualdadfcjsto\/wp-content\/uploads\/sites\/229\/2019\/03\/ponencia-Ana-Cristina-Rodriguez-Yague.7-e1553369679930.jpg\"><img loading=\"lazy\" decoding=\"async\" width=\"225\" height=\"300\" src=\"https:\/\/blog.uclm.es\/igualdadfcjsto\/wp-content\/uploads\/sites\/229\/2019\/03\/ponencia-Ana-Cristina-Rodriguez-Yague.7-e1553369679930-225x300.jpg\" alt=\"\" class=\"wp-image-353\" srcset=\"https:\/\/blog.uclm.es\/igualdadfcjsto\/wp-content\/uploads\/sites\/229\/2019\/03\/ponencia-Ana-Cristina-Rodriguez-Yague.7-e1553369679930-225x300.jpg 225w, https:\/\/blog.uclm.es\/igualdadfcjsto\/wp-content\/uploads\/sites\/229\/2019\/03\/ponencia-Ana-Cristina-Rodriguez-Yague.7-e1553369679930-768x1024.jpg 768w, https:\/\/blog.uclm.es\/igualdadfcjsto\/wp-content\/uploads\/sites\/229\/2019\/03\/ponencia-Ana-Cristina-Rodriguez-Yague.7-e1553369679930-1152x1536.jpg 1152w, https:\/\/blog.uclm.es\/igualdadfcjsto\/wp-content\/uploads\/sites\/229\/2019\/03\/ponencia-Ana-Cristina-Rodriguez-Yague.7-e1553369679930-1536x2048.jpg 1536w, https:\/\/blog.uclm.es\/igualdadfcjsto\/wp-content\/uploads\/sites\/229\/2019\/03\/ponencia-Ana-Cristina-Rodriguez-Yague.7-e1553369679930-scaled.jpg 1920w\" sizes=\"auto, (max-width: 225px) 100vw, 225px\" \/><\/a><\/figure>\n<\/div>\n\n<div class=\"wp-block-image\">\n<figure class=\"aligncenter\"><img loading=\"lazy\" decoding=\"async\" width=\"225\" height=\"300\" src=\"https:\/\/blog.uclm.es\/igualdadfcjsto\/wp-content\/uploads\/sites\/229\/2019\/03\/ponencia-Ana-Cristina-Rodriguez-Yague.5-e1553369603595-225x300.jpg\" alt=\"\" class=\"wp-image-352\" srcset=\"https:\/\/blog.uclm.es\/igualdadfcjsto\/wp-content\/uploads\/sites\/229\/2019\/03\/ponencia-Ana-Cristina-Rodriguez-Yague.5-e1553369603595-225x300.jpg 225w, https:\/\/blog.uclm.es\/igualdadfcjsto\/wp-content\/uploads\/sites\/229\/2019\/03\/ponencia-Ana-Cristina-Rodriguez-Yague.5-e1553369603595-768x1024.jpg 768w, https:\/\/blog.uclm.es\/igualdadfcjsto\/wp-content\/uploads\/sites\/229\/2019\/03\/ponencia-Ana-Cristina-Rodriguez-Yague.5-e1553369603595-1152x1536.jpg 1152w, https:\/\/blog.uclm.es\/igualdadfcjsto\/wp-content\/uploads\/sites\/229\/2019\/03\/ponencia-Ana-Cristina-Rodriguez-Yague.5-e1553369603595-1536x2048.jpg 1536w, https:\/\/blog.uclm.es\/igualdadfcjsto\/wp-content\/uploads\/sites\/229\/2019\/03\/ponencia-Ana-Cristina-Rodriguez-Yague.5-e1553369603595-scaled.jpg 1920w\" sizes=\"auto, (max-width: 225px) 100vw, 225px\" \/><\/figure>\n<\/div>\n\n\n<p>Un an\u00e1lisis completo y riguroso de la situaci\u00f3n presente, de las propuestas, as\u00ed como de los retos que habremos de enfrentar.<a href=\"https:\/\/blog.uclm.es\/igualdadfcjsto\/wp-content\/uploads\/sites\/229\/2019\/03\/ponencia-Ana-Cristina-Rodriguez-Yague.5-e1553369603595.jpg\"><strong>SESI\u00d3N&nbsp;3&nbsp;DE&nbsp;ABRIL<\/strong><\/a><\/p>\n\n\n\n<p><strong>PONENCIA:&nbsp;<em>Maternidad subrogada. Los derechos de la madre y el hijo. \u00bfExplotaci\u00f3n reproductiva?<\/em><\/strong><\/p>\n\n\n<div class=\"wp-block-image\">\n<figure class=\"aligncenter\"><a href=\"https:\/\/blog.uclm.es\/igualdadfcjsto\/wp-content\/uploads\/sites\/229\/2019\/04\/Conferencia-Marta-Maria-Albert-e1554666206745.jpg\"><img loading=\"lazy\" decoding=\"async\" width=\"225\" height=\"300\" src=\"https:\/\/blog.uclm.es\/igualdadfcjsto\/wp-content\/uploads\/sites\/229\/2019\/04\/Conferencia-Marta-Maria-Albert-e1554666206745-225x300.jpg\" alt=\"\" class=\"wp-image-360\" srcset=\"https:\/\/blog.uclm.es\/igualdadfcjsto\/wp-content\/uploads\/sites\/229\/2019\/04\/Conferencia-Marta-Maria-Albert-e1554666206745-225x300.jpg 225w, https:\/\/blog.uclm.es\/igualdadfcjsto\/wp-content\/uploads\/sites\/229\/2019\/04\/Conferencia-Marta-Maria-Albert-e1554666206745-768x1024.jpg 768w, https:\/\/blog.uclm.es\/igualdadfcjsto\/wp-content\/uploads\/sites\/229\/2019\/04\/Conferencia-Marta-Maria-Albert-e1554666206745-1152x1536.jpg 1152w, https:\/\/blog.uclm.es\/igualdadfcjsto\/wp-content\/uploads\/sites\/229\/2019\/04\/Conferencia-Marta-Maria-Albert-e1554666206745-1536x2048.jpg 1536w, https:\/\/blog.uclm.es\/igualdadfcjsto\/wp-content\/uploads\/sites\/229\/2019\/04\/Conferencia-Marta-Maria-Albert-e1554666206745-scaled.jpg 1920w\" sizes=\"auto, (max-width: 225px) 100vw, 225px\" \/><\/a><\/figure>\n<\/div>\n\n\n<p><strong>PONENTE: Dr\u00aa Marta Mar\u00eda Albert M\u00e1rquez, profesora de Filosof\u00eda del Derecho URJC<\/strong><\/p>\n\n\n\n<p>La doctora Albert ha planteado las cuestiones m\u00e1s relevantes en una magn\u00edfica conferencia. La explotaci\u00f3n de la gestante; m\u00e1s que un \u00fatero se trafica con un persona en su integridad y dignidad humana. Las agencias intermediarias y el negocio nulo. Los problemas que plantea la legislaci\u00f3n espa\u00f1ola, que declara nulo el contrato, de filiaci\u00f3n y registro del nacido. La legislaci\u00f3n de pa\u00edses permisivos o con vac\u00edo legal. Una materia, en fin, llena de espinas que debe ser abordada por los legisladores sin abandonar los Derechos Humanos y la tutela del ni\u00f1o.<\/p>\n\n\n\n<p><strong>SESION 25 DE ABRIL<\/strong><\/p>\n\n\n\n<p><strong>PONENCIA:&nbsp;<em>La revoluci\u00f3n masculina o ser\u00e1 feminista o no ser\u00e1<\/em><\/strong><\/p>\n\n\n\n<p><strong>PONENTE: Dr. &nbsp;Octavio Salazar Ben\u00edtez, catedr\u00e1tico de Derecho Constitucional de la Universidad de C\u00f3rdoba.<\/strong><\/p>\n\n\n\n<p>Un ponencia brillante, con un di\u00e1logo abierto e inclusivo para saltar las&nbsp; barreras que nos separan a hombres y mujeres, ciudadanos y ciudadanas en un Estado Social y Democr\u00e1tico de Derecho<\/p>\n\n\n\n<p>Nadie m\u00e1s beneficiado que el hombre, dijo el profesor Salazar, que el hombre en la lucha por la emancipaci\u00f3n de la mujer. A trav\u00e9s de la igualdad y el equilibrio, hombre y mujer son compa\u00f1eros en una sociedad que se pretende libre y en igualdad de oportunidades.<\/p>\n\n\n\n<p>La libertad individual no es posible en un contexto de desigualdad. S\u00f3lo en condiciones de igualdad, formal y material, las mujeres podr\u00e1n decidir libremente. Nos encontramos con un concepto devaluado de lo femenino y no necesitamos hombres nuevos, sino un proyecto nuevo de humanidad. Como record\u00f3 el profesor, Nancy Fraser habla en este sentido de identidad, redistribuci\u00f3n y participaci\u00f3n para que mujeres y hombres sean sujetos equivalentes.<\/p>\n\n\n\n<p>El feminismo fracasar\u00e1 si no lucha por una sociedad en todos lo \u00e1mbitos geogr\u00e1ficos del mundo, en el que la mujer no sea v\u00edctima de una cultura de violaciones permanentes de sus derechos.<\/p>\n\n\n\n<p>La comisi\u00f3n Mujer y Ciencia, agradece al profesor Salazar su disposici\u00f3n para participar en este ciclo que hoy concluimos en el presente curso acad\u00e9mico. Con el mismo, hemos querido contribuir modestamente al esfuerzo, que consideramos imprescindible, en la formaci\u00f3n universitaria de nuestro alumnado.<\/p>\n\n\n<div class=\"wp-block-image\">\n<figure class=\"aligncenter\"><a href=\"https:\/\/blog.uclm.es\/igualdadfcjsto\/wp-content\/uploads\/sites\/229\/2019\/04\/PONENCIA-OCTAVIO-SALAZAR.3.jpg\"><img loading=\"lazy\" decoding=\"async\" width=\"300\" height=\"158\" src=\"https:\/\/blog.uclm.es\/igualdadfcjsto\/wp-content\/uploads\/sites\/229\/2019\/04\/PONENCIA-OCTAVIO-SALAZAR.3-300x158.jpg\" alt=\"\" class=\"wp-image-371\" srcset=\"https:\/\/blog.uclm.es\/igualdadfcjsto\/wp-content\/uploads\/sites\/229\/2019\/04\/PONENCIA-OCTAVIO-SALAZAR.3-300x158.jpg 300w, https:\/\/blog.uclm.es\/igualdadfcjsto\/wp-content\/uploads\/sites\/229\/2019\/04\/PONENCIA-OCTAVIO-SALAZAR.3-1024x538.jpg 1024w, https:\/\/blog.uclm.es\/igualdadfcjsto\/wp-content\/uploads\/sites\/229\/2019\/04\/PONENCIA-OCTAVIO-SALAZAR.3-768x403.jpg 768w, https:\/\/blog.uclm.es\/igualdadfcjsto\/wp-content\/uploads\/sites\/229\/2019\/04\/PONENCIA-OCTAVIO-SALAZAR.3-1536x806.jpg 1536w, https:\/\/blog.uclm.es\/igualdadfcjsto\/wp-content\/uploads\/sites\/229\/2019\/04\/PONENCIA-OCTAVIO-SALAZAR.3-2048x1075.jpg 2048w, https:\/\/blog.uclm.es\/igualdadfcjsto\/wp-content\/uploads\/sites\/229\/2019\/04\/PONENCIA-OCTAVIO-SALAZAR.3-500x263.jpg 500w\" sizes=\"auto, (max-width: 300px) 100vw, 300px\" \/><\/a><\/figure>\n<\/div>\n\n<div class=\"wp-block-image\">\n<figure class=\"aligncenter\"><a href=\"https:\/\/blog.uclm.es\/igualdadfcjsto\/wp-content\/uploads\/sites\/229\/2019\/04\/PONENCIA-OCTAVIO-SALAZAR.2.jpg\"><img loading=\"lazy\" decoding=\"async\" width=\"169\" height=\"300\" src=\"https:\/\/blog.uclm.es\/igualdadfcjsto\/wp-content\/uploads\/sites\/229\/2019\/04\/PONENCIA-OCTAVIO-SALAZAR.2-169x300.jpg\" alt=\"\" class=\"wp-image-368\" srcset=\"https:\/\/blog.uclm.es\/igualdadfcjsto\/wp-content\/uploads\/sites\/229\/2019\/04\/PONENCIA-OCTAVIO-SALAZAR.2-169x300.jpg 169w, https:\/\/blog.uclm.es\/igualdadfcjsto\/wp-content\/uploads\/sites\/229\/2019\/04\/PONENCIA-OCTAVIO-SALAZAR.2-576x1024.jpg 576w, https:\/\/blog.uclm.es\/igualdadfcjsto\/wp-content\/uploads\/sites\/229\/2019\/04\/PONENCIA-OCTAVIO-SALAZAR.2.jpg 666w\" sizes=\"auto, (max-width: 169px) 100vw, 169px\" \/><\/a><\/figure>\n<\/div>\n\n<div class=\"wp-block-image\">\n<figure class=\"aligncenter\"><a href=\"https:\/\/blog.uclm.es\/igualdadfcjsto\/wp-content\/uploads\/sites\/229\/2019\/04\/PONENCIA-OCTAVIO-SALAZAR.1-e1556398273443.jpg\"><img loading=\"lazy\" decoding=\"async\" width=\"225\" height=\"300\" src=\"https:\/\/blog.uclm.es\/igualdadfcjsto\/wp-content\/uploads\/sites\/229\/2019\/04\/PONENCIA-OCTAVIO-SALAZAR.1-e1556398273443-225x300.jpg\" alt=\"\" class=\"wp-image-366\" srcset=\"https:\/\/blog.uclm.es\/igualdadfcjsto\/wp-content\/uploads\/sites\/229\/2019\/04\/PONENCIA-OCTAVIO-SALAZAR.1-e1556398273443-225x300.jpg 225w, https:\/\/blog.uclm.es\/igualdadfcjsto\/wp-content\/uploads\/sites\/229\/2019\/04\/PONENCIA-OCTAVIO-SALAZAR.1-e1556398273443-768x1024.jpg 768w, https:\/\/blog.uclm.es\/igualdadfcjsto\/wp-content\/uploads\/sites\/229\/2019\/04\/PONENCIA-OCTAVIO-SALAZAR.1-e1556398273443-1152x1536.jpg 1152w, https:\/\/blog.uclm.es\/igualdadfcjsto\/wp-content\/uploads\/sites\/229\/2019\/04\/PONENCIA-OCTAVIO-SALAZAR.1-e1556398273443-1536x2048.jpg 1536w, https:\/\/blog.uclm.es\/igualdadfcjsto\/wp-content\/uploads\/sites\/229\/2019\/04\/PONENCIA-OCTAVIO-SALAZAR.1-e1556398273443-scaled.jpg 1920w\" sizes=\"auto, (max-width: 225px) 100vw, 225px\" \/><\/a><\/figure>\n<\/div>\n\n\n<p>De igual modo, reiterar nuestra gratitud a todos los y las ponentes que nos han acompa\u00f1ado desde el mes de octubre para abordar los diversos temas que se propusieron .<\/p>\n\n\n\n<p><strong>GESTI\u00d3N DEL CONOCIMIENTO<\/strong><\/p>\n\n\n\n<p><a href=\"https:\/\/blog.uclm.es\/igualdadfcjsto\/wp-content\/uploads\/sites\/229\/2018\/10\/180307_PPL_Garantizar_la_igualdad_de_trato_y_de_oportunidades_entre_mujeres_y_hombres_en_el_empleo_y_la_ocupacixn-2018.-PROPUESTA-GRUPO-SOCIALISTA.pdf\">180307_PPL_Garantizar_la_igualdad_de_trato_y_de_oportunidades_entre_mujeres_y_hombres_en_el_empleo_y_la_ocupacixn 2018. PROPUESTA GRUPO SOCIALISTA<\/a><\/p>\n\n\n\n<p><a href=\"https:\/\/blog.uclm.es\/igualdadfcjsto\/wp-content\/uploads\/sites\/229\/2018\/10\/Informe-Perspectiva-de-genero-en-la-justicia.-mayo-2018.pdf\">Informe Perspectiva de g\u00e9nero en la justicia. mayo 2018<\/a><\/p>\n\n\n\n<h6 class=\"wp-block-heading\"><a href=\"https:\/\/blog.uclm.es\/igualdadfcjsto\/wp-content\/uploads\/sites\/229\/2018\/10\/nota-18.10.2018-CNMV-SOBRE-PRESENCIA-DE-MUJERES-EN-LOS-CONSEJOS-DE-ADMINISTRACION.pdf\">nota 18.10.2018 CNMV SOBRE PRESENCIA DE MUJERES EN LOS CONSEJOS DE ADMINISTRACI\u00d3N<\/a><\/h6>\n\n\n\n<h6 class=\"wp-block-heading\"><a href=\"https:\/\/blog.uclm.es\/igualdadfcjsto\/wp-content\/uploads\/sites\/229\/2019\/03\/Genero-en-la-contratacion-pblca.-Consuelo-Alonso.pdf\">G\u00e9nero en la contrataci\u00f3n pblca. Consuelo Alonso<\/a><\/h6>\n\n\n\n<h6 class=\"wp-block-heading\"><a href=\"https:\/\/blog.uclm.es\/igualdadfcjsto\/wp-content\/uploads\/sites\/229\/2019\/04\/maternidad-subrogada-diptico.-MARTA-ALBERT.pdf\">maternidad subrogada-diptico. MARTA ALBERT<\/a><\/h6>\n\n\n\n<p><strong>CURSO 2017-18<\/strong><\/p>\n\n\n\n<p><strong>NOTICIAS VARIAS<\/strong><\/p>\n\n\n\n<p><a href=\"http:\/\/blog.uclm.es\/igualdadfcjsto\/files\/2018\/07\/BOCG-12-B-231-1..pdf\">*BOCG-12-B-231-1.<\/a>&nbsp;Proposici\u00f3n de Ley para garantizar la igualdad de trato y de oportunidades entres mujeres y hombres en el empleo y la ocupaci\u00f3n.<\/p>\n\n\n\n<p><strong>&#8212;&#8212;&#8212;&#8212;&#8212;&#8212;&#8212;&#8212;&#8212;&#8212;&#8212;-<\/strong><\/p>\n\n\n\n<p>*En el d\u00eda de ayer, 6 de marzo de 2018, <strong>se ha inaugurado la exposici\u00f3n \u00abALIADAS<\/strong>\u00ab, en nuestra Facultad,&nbsp;con motivo de los actos dedicados al D\u00eda Internacional de la Mujer. El acto, fue presentado por la Directora del Instituto de la Mujer CLM y la Concejala de Igualdad del Ayuntamiento de Toledo<\/p>\n\n\n\n<figure class=\"wp-block-image\"><a href=\"https:\/\/blog.uclm.es\/igualdadfcjsto\/wp-content\/uploads\/sites\/229\/2018\/06\/Jornada_Soy_Mujer_18_831-1199x674-1.jpg\"><img loading=\"lazy\" decoding=\"async\" width=\"300\" height=\"169\" src=\"https:\/\/blog.uclm.es\/igualdadfcjsto\/wp-content\/uploads\/sites\/229\/2018\/06\/Jornada_Soy_Mujer_18_831-1199x674-1-300x169.jpg\" alt=\"\" class=\"wp-image-215\" srcset=\"https:\/\/blog.uclm.es\/igualdadfcjsto\/wp-content\/uploads\/sites\/229\/2018\/06\/Jornada_Soy_Mujer_18_831-1199x674-1-300x169.jpg 300w, https:\/\/blog.uclm.es\/igualdadfcjsto\/wp-content\/uploads\/sites\/229\/2018\/06\/Jornada_Soy_Mujer_18_831-1199x674-1-1024x576.jpg 1024w, https:\/\/blog.uclm.es\/igualdadfcjsto\/wp-content\/uploads\/sites\/229\/2018\/06\/Jornada_Soy_Mujer_18_831-1199x674-1-768x432.jpg 768w, https:\/\/blog.uclm.es\/igualdadfcjsto\/wp-content\/uploads\/sites\/229\/2018\/06\/Jornada_Soy_Mujer_18_831-1199x674-1-500x281.jpg 500w, https:\/\/blog.uclm.es\/igualdadfcjsto\/wp-content\/uploads\/sites\/229\/2018\/06\/Jornada_Soy_Mujer_18_831-1199x674-1.jpg 1199w\" sizes=\"auto, (max-width: 300px) 100vw, 300px\" \/><\/a><\/figure>\n\n\n\n<p>Nuestra compa\u00f1era, Consuelo Alonso Garc\u00eda, Catedr\u00e1tica de Derecho Administrativo de nuestra Facultad,&nbsp;alerta sobre la brecha de g\u00e9nero en los puestos de gesti\u00f3n de la Universidad; s\u00f3lo con un 2% de mujeres en los rectorados. As\u00ed lo puso de manifiesto en la jornada \u00abSoy Mujer\u00bb, organizada por encastillalamancha.es, en la que ha participado el pasado 26 de mayo.<\/p>\n\n\n\n<p><a href=\"http:\/\/www.encastillalamancha.es\/educacion\/solo-el-20-por-100-de-las-catedras-son-ocupadas-por-mujeres\/\">http:\/\/www.encastillalamancha.es\/educacion\/solo-el-20-por-100-de-las-catedras-son-ocupadas-por-mujeres\/<\/a><\/p>\n\n\n\n<p>Aqu\u00ed, se puede acceder al enlace:<\/p>\n\n\n\n<p>http:\/\/www.lacerca.com\/noticias\/toledo\/exposicion-aliadas-pedro-fem18-obras-marine-o-alberto-409092-1.HTML<\/p>\n\n\n\n<p><strong>&#8212;&#8212;&#8212;&#8212;&#8212;&#8212;&#8212;&#8212;&#8212;&#8212;<\/strong><\/p>\n\n\n\n<p><strong>CONFERENCIAS:<\/strong><\/p>\n\n\n\n<p><a href=\"https:\/\/blog.uclm.es\/igualdadfcjsto\/wp-content\/uploads\/sites\/229\/2017\/11\/Programa-ciclo-de-conferencias-curso-2017-2018-1.docx\">Programa ciclo de conferencias curso 2017-2018<\/a><\/p>\n\n\n\n<p><a href=\"https:\/\/blog.uclm.es\/igualdadfcjsto\/wp-content\/uploads\/sites\/229\/2018\/04\/Conferencia-Dra.-Capi-Corrales.pdf\">Conferencia Dra. Capi Corrales<\/a><\/p>\n\n\n\n<p><a href=\"https:\/\/blog.uclm.es\/igualdadfcjsto\/wp-content\/uploads\/sites\/229\/2018\/02\/CARTEL-DIA-INTERNACIONAL-DE-LA-MUJER-2018-002.docx\">C<\/a><a href=\"https:\/\/blog.uclm.es\/igualdadfcjsto\/wp-content\/uploads\/sites\/229\/2018\/02\/CARTEL-DIA-INTERNACIONAL-DE-LA-MUJER-2018-002.docx\">ARTEL D\u00cdA INTERNACIONAL DE LA MUJER 2018 (002)<\/a><\/p>\n\n\n\n<p>El d\u00eda 9 de marzo, con motivo del D\u00eda 8 de&nbsp;marzo, D\u00eda Internacional de la Mujer, la Comisi\u00f3n Mujer y Ciencia contar\u00e1 con la ponencia <strong><em>La igualdad de g\u00e9nero en la Administraci\u00f3n, <\/em><\/strong>de la Dra D\u00aa Carmen Plaza Mart\u00edn, profesora titular de Derecho Administrativo de nuestra Facultad y actual Letrada del TC.<\/p>\n\n\n\n<p><strong>&#8212;&#8212;&#8212;&#8212;&#8212;&#8212;&#8212;&#8212;&#8212;&#8212;-<\/strong><\/p>\n\n\n\n<p><strong>DOCUMENTOS<\/strong><\/p>\n\n\n\n<p><a href=\"https:\/\/blog.uclm.es\/igualdadfcjsto\/wp-content\/uploads\/sites\/229\/2018\/05\/Informe-Perspectiva-de-genero-en-la-justicia.-mayo-2018.pdf\">Informe Perspectiva de g\u00e9nero en la justicia. mayo 2018<\/a><\/p>\n\n\n\n<p><a href=\"https:\/\/blog.uclm.es\/igualdadfcjsto\/wp-content\/uploads\/sites\/229\/2017\/11\/Dialnet-LaMujerYLasFuerzasArmadasUnEstudioJuridicoconstitu-4614034-1.pdf\">Dialnet-LaMujerYLasFuerzasArmadasUnEstudioJuridicoconstitu-4614034&lt;\/<\/a><\/p>\n\n\n\n<p><a href=\"https:\/\/blog.uclm.es\/igualdadfcjsto\/wp-content\/uploads\/sites\/229\/2017\/11\/FuerzasArmadasUnidas_CESEDEN315_Alvarez-1.pdf\">FuerzasArmadasUnidas_CESEDEN315_Alvarez<\/a><\/p>\n\n\n\n<p><a href=\"https:\/\/blog.uclm.es\/igualdadfcjsto\/wp-content\/uploads\/sites\/229\/2017\/11\/stc-bibiana-1.pdf\">stc Bibiana&nbsp;Aido.<\/a><\/p>\n\n\n\n<p><a href=\"https:\/\/blog.uclm.es\/igualdadfcjsto\/wp-content\/uploads\/sites\/229\/2017\/11\/INFORME-REVISTA-SANIDAD-MILITAR-IMPORTANTE-1.pdf\">INFORME REVISTA SANIDAD MILITAR IMPORTANTE<\/a><\/p>\n\n\n\n<p><strong>FOTOGALERIA:<\/strong><\/p>\n\n\n<div class=\"wp-block-image\">\n<figure class=\"aligncenter\"><a href=\"https:\/\/blog.uclm.es\/igualdadfcjsto\/wp-content\/uploads\/sites\/229\/2017\/11\/IMG_7499-1.jpg\"><img loading=\"lazy\" decoding=\"async\" width=\"225\" height=\"300\" src=\"https:\/\/blog.uclm.es\/igualdadfcjsto\/wp-content\/uploads\/sites\/229\/2017\/11\/IMG_7499-1-225x300.jpg\" alt=\"\" class=\"wp-image-176\" srcset=\"https:\/\/blog.uclm.es\/igualdadfcjsto\/wp-content\/uploads\/sites\/229\/2017\/11\/IMG_7499-1-225x300.jpg 225w, https:\/\/blog.uclm.es\/igualdadfcjsto\/wp-content\/uploads\/sites\/229\/2017\/11\/IMG_7499-1-768x1024.jpg 768w, https:\/\/blog.uclm.es\/igualdadfcjsto\/wp-content\/uploads\/sites\/229\/2017\/11\/IMG_7499-1-1152x1536.jpg 1152w, https:\/\/blog.uclm.es\/igualdadfcjsto\/wp-content\/uploads\/sites\/229\/2017\/11\/IMG_7499-1-1536x2048.jpg 1536w, https:\/\/blog.uclm.es\/igualdadfcjsto\/wp-content\/uploads\/sites\/229\/2017\/11\/IMG_7499-1-scaled.jpg 1920w\" sizes=\"auto, (max-width: 225px) 100vw, 225px\" \/><\/a><figcaption class=\"wp-element-caption\">Conferencia de D\u00aa Mar\u00eda Carrillo de Albornoz Comandante Auditora. Asesora Jur\u00eddica de la Delegaci\u00f3n de Defensa en Castilla-La Mancha.<\/figcaption><\/figure>\n<\/div>\n\n<div class=\"wp-block-image\">\n<figure class=\"aligncenter\"><a href=\"https:\/\/blog.uclm.es\/igualdadfcjsto\/wp-content\/uploads\/sites\/229\/2017\/11\/IMG_7715.jpg\"><img loading=\"lazy\" decoding=\"async\" width=\"166\" height=\"300\" src=\"https:\/\/blog.uclm.es\/igualdadfcjsto\/wp-content\/uploads\/sites\/229\/2017\/11\/IMG_7715-166x300.jpg\" alt=\"\" class=\"wp-image-160\" srcset=\"https:\/\/blog.uclm.es\/igualdadfcjsto\/wp-content\/uploads\/sites\/229\/2017\/11\/IMG_7715-166x300.jpg 166w, https:\/\/blog.uclm.es\/igualdadfcjsto\/wp-content\/uploads\/sites\/229\/2017\/11\/IMG_7715-566x1024.jpg 566w, https:\/\/blog.uclm.es\/igualdadfcjsto\/wp-content\/uploads\/sites\/229\/2017\/11\/IMG_7715-768x1388.jpg 768w, https:\/\/blog.uclm.es\/igualdadfcjsto\/wp-content\/uploads\/sites\/229\/2017\/11\/IMG_7715-850x1536.jpg 850w, https:\/\/blog.uclm.es\/igualdadfcjsto\/wp-content\/uploads\/sites\/229\/2017\/11\/IMG_7715.jpg 1108w\" sizes=\"auto, (max-width: 166px) 100vw, 166px\" \/><\/a><figcaption class=\"wp-element-caption\">Profesora Mar\u00eda Eugenia Rodr\u00edguez Palop<\/figcaption><\/figure>\n<\/div>\n\n<div class=\"wp-block-image\">\n<figure class=\"aligncenter\"><a href=\"https:\/\/blog.uclm.es\/igualdadfcjsto\/wp-content\/uploads\/sites\/229\/2017\/11\/IMG_7366-1.jpg\"><img loading=\"lazy\" decoding=\"async\" width=\"300\" height=\"225\" src=\"https:\/\/blog.uclm.es\/igualdadfcjsto\/wp-content\/uploads\/sites\/229\/2017\/11\/IMG_7366-1-300x225.jpg\" alt=\"\" class=\"wp-image-178\" srcset=\"https:\/\/blog.uclm.es\/igualdadfcjsto\/wp-content\/uploads\/sites\/229\/2017\/11\/IMG_7366-1-300x225.jpg 300w, https:\/\/blog.uclm.es\/igualdadfcjsto\/wp-content\/uploads\/sites\/229\/2017\/11\/IMG_7366-1-1024x768.jpg 1024w, https:\/\/blog.uclm.es\/igualdadfcjsto\/wp-content\/uploads\/sites\/229\/2017\/11\/IMG_7366-1-768x576.jpg 768w, https:\/\/blog.uclm.es\/igualdadfcjsto\/wp-content\/uploads\/sites\/229\/2017\/11\/IMG_7366-1-1536x1152.jpg 1536w, https:\/\/blog.uclm.es\/igualdadfcjsto\/wp-content\/uploads\/sites\/229\/2017\/11\/IMG_7366-1-2048x1536.jpg 2048w, https:\/\/blog.uclm.es\/igualdadfcjsto\/wp-content\/uploads\/sites\/229\/2017\/11\/IMG_7366-1-400x300.jpg 400w\" sizes=\"auto, (max-width: 300px) 100vw, 300px\" \/><\/a><figcaption class=\"wp-element-caption\">Conferencia de D\u00aa Ana Requena. Periodista del Diario.es. Directora del Blog Micromachismos<\/figcaption><\/figure>\n<\/div>\n\n\n<figure class=\"wp-block-image alignnone\"><a href=\"https:\/\/blog.uclm.es\/igualdadfcjsto\/wp-content\/uploads\/sites\/229\/2018\/02\/conferencia-prof-Lucas-Montojo.jpg\"><img decoding=\"async\" src=\"https:\/\/blog.uclm.es\/igualdadfcjsto\/wp-content\/uploads\/sites\/229\/2018\/02\/conferencia-prof-Lucas-Montojo-225x300.jpg\" alt=\"\" class=\"wp-image-189\" \/><\/a><figcaption class=\"wp-element-caption\">Profesor Lucas Montojo<\/figcaption><\/figure>\n\n\n\n<figure class=\"wp-block-image alignnone\"><a href=\"https:\/\/blog.uclm.es\/igualdadfcjsto\/wp-content\/uploads\/sites\/229\/2018\/02\/conferencia-prof.-Cardells.jpg\"><img decoding=\"async\" src=\"https:\/\/blog.uclm.es\/igualdadfcjsto\/wp-content\/uploads\/sites\/229\/2018\/02\/conferencia-prof.-Cardells-300x225.jpg\" alt=\"\" class=\"wp-image-190\" \/><\/a><figcaption class=\"wp-element-caption\">Conferencia del Profesor Francisco Cardells<\/figcaption><\/figure>\n\n\n<div class=\"wp-block-image\">\n<figure class=\"aligncenter\"><a href=\"https:\/\/blog.uclm.es\/igualdadfcjsto\/wp-content\/uploads\/sites\/229\/2017\/11\/IMG_7349-1-e1518448975970.jpg\"><img loading=\"lazy\" decoding=\"async\" width=\"225\" height=\"300\" src=\"https:\/\/blog.uclm.es\/igualdadfcjsto\/wp-content\/uploads\/sites\/229\/2017\/11\/IMG_7349-1-e1518448975970-225x300.jpg\" alt=\"\" class=\"wp-image-180\" srcset=\"https:\/\/blog.uclm.es\/igualdadfcjsto\/wp-content\/uploads\/sites\/229\/2017\/11\/IMG_7349-1-e1518448975970-225x300.jpg 225w, https:\/\/blog.uclm.es\/igualdadfcjsto\/wp-content\/uploads\/sites\/229\/2017\/11\/IMG_7349-1-e1518448975970-768x1024.jpg 768w, https:\/\/blog.uclm.es\/igualdadfcjsto\/wp-content\/uploads\/sites\/229\/2017\/11\/IMG_7349-1-e1518448975970-1152x1536.jpg 1152w, https:\/\/blog.uclm.es\/igualdadfcjsto\/wp-content\/uploads\/sites\/229\/2017\/11\/IMG_7349-1-e1518448975970-1536x2048.jpg 1536w, https:\/\/blog.uclm.es\/igualdadfcjsto\/wp-content\/uploads\/sites\/229\/2017\/11\/IMG_7349-1-e1518448975970-scaled.jpg 1920w\" sizes=\"auto, (max-width: 225px) 100vw, 225px\" \/><\/a><\/figure>\n<\/div>\n\n<div class=\"wp-block-image\">\n<figure class=\"alignright\"><a href=\"https:\/\/blog.uclm.es\/igualdadfcjsto\/wp-content\/uploads\/sites\/229\/2017\/11\/IMG_7704-1-e1518448877480.jpg\"><img loading=\"lazy\" decoding=\"async\" width=\"225\" height=\"300\" src=\"https:\/\/blog.uclm.es\/igualdadfcjsto\/wp-content\/uploads\/sites\/229\/2017\/11\/IMG_7704-1-e1518448877480-225x300.jpg\" alt=\"\" class=\"wp-image-182\" srcset=\"https:\/\/blog.uclm.es\/igualdadfcjsto\/wp-content\/uploads\/sites\/229\/2017\/11\/IMG_7704-1-e1518448877480-225x300.jpg 225w, https:\/\/blog.uclm.es\/igualdadfcjsto\/wp-content\/uploads\/sites\/229\/2017\/11\/IMG_7704-1-e1518448877480-768x1024.jpg 768w, https:\/\/blog.uclm.es\/igualdadfcjsto\/wp-content\/uploads\/sites\/229\/2017\/11\/IMG_7704-1-e1518448877480-1152x1536.jpg 1152w, https:\/\/blog.uclm.es\/igualdadfcjsto\/wp-content\/uploads\/sites\/229\/2017\/11\/IMG_7704-1-e1518448877480-1536x2048.jpg 1536w, https:\/\/blog.uclm.es\/igualdadfcjsto\/wp-content\/uploads\/sites\/229\/2017\/11\/IMG_7704-1-e1518448877480-scaled.jpg 1920w\" sizes=\"auto, (max-width: 225px) 100vw, 225px\" \/><\/a><figcaption class=\"wp-element-caption\">Conferencia de la Dra Mar\u00eda Eugenia Rodr\u00edguez Palop. Profesora Titular de Filosof\u00eda del Derecho de la UC3<\/figcaption><\/figure>\n<\/div>\n\n\n<figure class=\"wp-block-image alignnone\"><a href=\"https:\/\/blog.uclm.es\/igualdadfcjsto\/wp-content\/uploads\/sites\/229\/2018\/03\/Conferencia-Dia-Internacional-de-la-Mujer.1.png\"><img loading=\"lazy\" decoding=\"async\" width=\"169\" height=\"300\" src=\"https:\/\/blog.uclm.es\/igualdadfcjsto\/wp-content\/uploads\/sites\/229\/2018\/03\/Conferencia-Dia-Internacional-de-la-Mujer.1-169x300.png\" alt=\"\" class=\"wp-image-203\" srcset=\"https:\/\/blog.uclm.es\/igualdadfcjsto\/wp-content\/uploads\/sites\/229\/2018\/03\/Conferencia-Dia-Internacional-de-la-Mujer.1-169x300.png 169w, https:\/\/blog.uclm.es\/igualdadfcjsto\/wp-content\/uploads\/sites\/229\/2018\/03\/Conferencia-Dia-Internacional-de-la-Mujer.1-576x1024.png 576w, https:\/\/blog.uclm.es\/igualdadfcjsto\/wp-content\/uploads\/sites\/229\/2018\/03\/Conferencia-Dia-Internacional-de-la-Mujer.1-768x1365.png 768w, https:\/\/blog.uclm.es\/igualdadfcjsto\/wp-content\/uploads\/sites\/229\/2018\/03\/Conferencia-Dia-Internacional-de-la-Mujer.1-864x1536.png 864w, https:\/\/blog.uclm.es\/igualdadfcjsto\/wp-content\/uploads\/sites\/229\/2018\/03\/Conferencia-Dia-Internacional-de-la-Mujer.1-1152x2048.png 1152w, https:\/\/blog.uclm.es\/igualdadfcjsto\/wp-content\/uploads\/sites\/229\/2018\/03\/Conferencia-Dia-Internacional-de-la-Mujer.1.png 1242w\" sizes=\"auto, (max-width: 169px) 100vw, 169px\" \/><\/a><figcaption class=\"wp-element-caption\">Conferencia D\u00eda Internacional de la Mujer Ponente: Dra Carmen Plaza Mart\u00edn Ponencia: La igualdad de g\u00e9nero en la Administaci\u00f3n<\/figcaption><\/figure>\n\n\n\n<figure class=\"wp-block-image alignnone\"><a href=\"https:\/\/blog.uclm.es\/igualdadfcjsto\/wp-content\/uploads\/sites\/229\/2018\/03\/Conferencia-Dia-Internacional-de-la-Mujer.2.jpg\"><img loading=\"lazy\" decoding=\"async\" width=\"279\" height=\"300\" src=\"https:\/\/blog.uclm.es\/igualdadfcjsto\/wp-content\/uploads\/sites\/229\/2018\/03\/Conferencia-Dia-Internacional-de-la-Mujer.2-279x300.jpg\" alt=\"\" class=\"wp-image-204\" srcset=\"https:\/\/blog.uclm.es\/igualdadfcjsto\/wp-content\/uploads\/sites\/229\/2018\/03\/Conferencia-Dia-Internacional-de-la-Mujer.2-279x300.jpg 279w, https:\/\/blog.uclm.es\/igualdadfcjsto\/wp-content\/uploads\/sites\/229\/2018\/03\/Conferencia-Dia-Internacional-de-la-Mujer.2-953x1024.jpg 953w, https:\/\/blog.uclm.es\/igualdadfcjsto\/wp-content\/uploads\/sites\/229\/2018\/03\/Conferencia-Dia-Internacional-de-la-Mujer.2-768x826.jpg 768w, https:\/\/blog.uclm.es\/igualdadfcjsto\/wp-content\/uploads\/sites\/229\/2018\/03\/Conferencia-Dia-Internacional-de-la-Mujer.2.jpg 1242w\" sizes=\"auto, (max-width: 279px) 100vw, 279px\" \/><\/a><figcaption class=\"wp-element-caption\">El Decano de la Facultad de Ciencias Jur\u00eddicas y Sociales de Toledo, el Prof. Dr. Alberto Sanz Palacios en el acto del D\u00eda Internacional de la Mujer<\/figcaption><\/figure>\n\n\n\n<h1 class=\"wp-block-heading\">CURSO  2015-2016<\/h1>\n\n\n\n<h2 class=\"wp-block-heading\"><strong>Ciclo de Conferencias<\/strong><\/h2>\n\n\n\n<ul class=\"wp-block-list\">\n<li><a href=\"https:\/\/blog.uclm.es\/igualdadfcjsto\/wp-content\/uploads\/sites\/229\/2016\/03\/cartel-seminario-especializacion-cine-definitivo.pdf\" target=\"_blank\" rel=\"noreferrer noopener\">\u00abEl derecho en el cine y el cine en el derecho: Alfabetizaci\u00f3n medi\u00e1tica, Educaci\u00f3n Audiovisual\u00bb<\/a><\/li>\n\n\n\n<li><a href=\"https:\/\/blog.uclm.es\/igualdadfcjsto\/wp-content\/uploads\/sites\/229\/2016\/03\/PROGRAMA-ACTO-16-DE-MARZO-2016.pdf\" target=\"_blank\" rel=\"noreferrer noopener\">PROGRAMA ACTO 16 DE MARZO 2016<\/a><\/li>\n<\/ul>\n\n\n\n<p><strong>CURSO 2014-2015<\/strong><\/p>\n\n\n<h2><span style=\"color: #993300\">Ciclo de Conferencias<\/span><\/h2>\n<p><strong>9 de marzo<\/strong>: <em>La evoluci\u00f3n de los derechos de la mujer en el Derecho de Familia. <\/em><\/p>\n<p>Ponente D\u00aa Encarnaci\u00f3n Roca Tr\u00edas, Catedr\u00e1tica de Derecho Civil, Magistrada del TS y Magistrada, desde el 2012, del TC.<\/p>\n<p><a href=\"https:\/\/blog.uclm.es\/igualdadfcjsto\/wp-content\/uploads\/sites\/229\/2015\/03\/ENCARNA-Y-XTINA.3.jpg\"><img loading=\"lazy\" decoding=\"async\" class=\" size-medium wp-image-30 alignleft\" src=\"https:\/\/blog.uclm.es\/igualdadfcjsto\/wp-content\/uploads\/sites\/229\/2015\/03\/ENCARNA-Y-XTINA.3-300x201.jpg\" alt=\"SONY DSC\" width=\"300\" height=\"201\" \/><\/a> <a href=\"https:\/\/blog.uclm.es\/igualdadfcjsto\/wp-content\/uploads\/sites\/229\/2015\/03\/alumnos.1.jpg\"><img loading=\"lazy\" decoding=\"async\" class=\" wp-image-31 alignright\" src=\"https:\/\/blog.uclm.es\/igualdadfcjsto\/wp-content\/uploads\/sites\/229\/2015\/03\/alumnos.1-300x201.jpg\" alt=\"SONY DSC\" width=\"296\" height=\"198\" srcset=\"https:\/\/blog.uclm.es\/igualdadfcjsto\/wp-content\/uploads\/sites\/229\/2015\/03\/alumnos.1-300x201.jpg 300w, https:\/\/blog.uclm.es\/igualdadfcjsto\/wp-content\/uploads\/sites\/229\/2015\/03\/alumnos.1-1024x685.jpg 1024w, https:\/\/blog.uclm.es\/igualdadfcjsto\/wp-content\/uploads\/sites\/229\/2015\/03\/alumnos.1-768x514.jpg 768w, https:\/\/blog.uclm.es\/igualdadfcjsto\/wp-content\/uploads\/sites\/229\/2015\/03\/alumnos.1-1536x1028.jpg 1536w, https:\/\/blog.uclm.es\/igualdadfcjsto\/wp-content\/uploads\/sites\/229\/2015\/03\/alumnos.1-2048x1371.jpg 2048w, https:\/\/blog.uclm.es\/igualdadfcjsto\/wp-content\/uploads\/sites\/229\/2015\/03\/alumnos.1-448x300.jpg 448w\" sizes=\"auto, (max-width: 296px) 100vw, 296px\" \/><\/a><\/p>\n\n\n<p><\/p>\n\n\n\n<p><\/p>\n\n\n\n<p><\/p>\n","protected":false},"excerpt":{"rendered":"<p>CURSO 2025-26: &#8211;26\/03\/2026: Falling in Law: Una visi\u00f3n jur\u00eddica y social de los matrimonios forzados &#8211;D\u00eda Internacional de la mujer: Lectura colectiva a partir de Claudia Goldin \u2013 Carrera y familia9 de marzo 2026 \u2013 Frente a la Biblioteca \u2013 &hellip; <a href=\"https:\/\/blog.uclm.es\/igualdadfcjsto\/pagina-ejemplo-2\/\">Sigue leyendo <span class=\"meta-nav\">&rarr;<\/span><\/a><\/p>\n","protected":false},"author":360,"featured_media":0,"parent":0,"menu_order":0,"comment_status":"open","ping_status":"open","template":"","meta":{"footnotes":""},"class_list":["post-396","page","type-page","status-publish","hentry"],"_links":{"self":[{"href":"https:\/\/blog.uclm.es\/igualdadfcjsto\/wp-json\/wp\/v2\/pages\/396","targetHints":{"allow":["GET"]}}],"collection":[{"href":"https:\/\/blog.uclm.es\/igualdadfcjsto\/wp-json\/wp\/v2\/pages"}],"about":[{"href":"https:\/\/blog.uclm.es\/igualdadfcjsto\/wp-json\/wp\/v2\/types\/page"}],"author":[{"embeddable":true,"href":"https:\/\/blog.uclm.es\/igualdadfcjsto\/wp-json\/wp\/v2\/users\/360"}],"replies":[{"embeddable":true,"href":"https:\/\/blog.uclm.es\/igualdadfcjsto\/wp-json\/wp\/v2\/comments?post=396"}],"version-history":[{"count":23,"href":"https:\/\/blog.uclm.es\/igualdadfcjsto\/wp-json\/wp\/v2\/pages\/396\/revisions"}],"predecessor-version":[{"id":823,"href":"https:\/\/blog.uclm.es\/igualdadfcjsto\/wp-json\/wp\/v2\/pages\/396\/revisions\/823"}],"wp:attachment":[{"href":"https:\/\/blog.uclm.es\/igualdadfcjsto\/wp-json\/wp\/v2\/media?parent=396"}],"curies":[{"name":"wp","href":"https:\/\/api.w.org\/{rel}","templated":true}]}}