{"id":1586,"date":"2022-11-03T16:40:18","date_gmt":"2022-11-03T16:40:18","guid":{"rendered":"https:\/\/blog.uclm.es\/grupogresam\/?page_id=1586"},"modified":"2022-11-03T16:47:18","modified_gmt":"2022-11-03T16:47:18","slug":"juan-jose-vagni","status":"publish","type":"page","link":"https:\/\/blog.uclm.es\/grupogresam\/juan-jose-vagni\/","title":{"rendered":"Juan Jos\u00e9 Vagni"},"content":{"rendered":"\n<div class=\"wp-block-media-text alignwide is-stacked-on-mobile\"><figure class=\"wp-block-media-text__media\"><img loading=\"lazy\" decoding=\"async\" width=\"265\" height=\"300\" src=\"https:\/\/blog.uclm.es\/grupogresam\/wp-content\/uploads\/sites\/194\/2022\/11\/Vagni-1-265x300.png\" alt=\"\" class=\"wp-image-1593 size-medium\" srcset=\"https:\/\/blog.uclm.es\/grupogresam\/wp-content\/uploads\/sites\/194\/2022\/11\/Vagni-1-265x300.png 265w, https:\/\/blog.uclm.es\/grupogresam\/wp-content\/uploads\/sites\/194\/2022\/11\/Vagni-1.png 588w\" sizes=\"auto, (max-width: 265px) 100vw, 265px\" \/><\/figure><div class=\"wp-block-media-text__content\">\n<p>Profesor de la Universidad Nacional de C\u00f3rdoba (Argentina)\/CONICET.<\/p>\n\n\n\n<p><strong>L\u00edneas de investigaci\u00f3n:<\/strong> mundo araboisl\u00e1mico, relaciones culturales, Am\u00e9rica Latina.<\/p>\n\n\n\n<p><strong>Correo electr\u00f3nico<\/strong>: juanjovagni@hotmail.com<\/p>\n<\/div><\/div>\n\n\n\n<p><strong>Publicaciones destacadas:<\/strong><\/p>\n\n\n\n<p>VAGNI, Juan Jos\u00e9 (2021): \u201c<a href=\"http:\/\/journals.openedition.org\/nuevomundo\/85403\" data-type=\"URL\" data-id=\"http:\/\/journals.openedition.org\/nuevomundo\/85403\">El colonialismo espa\u00f1ol en Marruecos y las migraciones \u00e1rabes y sefard\u00edes en el Cono Sur: primeros contactos a principios del siglo XX<\/a>\u201d,\u00a0<em>Nuevo Mundo Mundos Nuevos<\/em>.<\/p>\n\n\n\n<p>VAGNI, Juan Jos\u00e9 (2021): \u201c<a href=\"https:\/\/raco.cat\/index.php\/IllesImperis\/article\/view\/392425\/485911\">Visiones y actuaci\u00f3n de la diplomacia argentina en un escenario estrat\u00e9gico de la Segunda Guerra Mundial: el Protectorado espa\u00f1ol en Marruecos y la Zona del Estrecho de Gibraltar<\/a>\u201d, en\u00a0<em>lles i Imperis<\/em>, N\u00b0 23, pp. 319-343.<\/p>\n\n\n\n<p>\u00a0VAGNI, Juan Jos\u00e9 (2020): \u201c<a href=\"http:\/\/biblioteca.clacso.edu.ar\/clacso\/gt\/20201222053228\/Medio-Oriente.pdf\">Expansi\u00f3n colonial y renacimiento \u00e1rabe en el orden mundial de entreguerras: visiones desde los emigrantes \u00e1rabes del Cono Sur<\/a>\u201d, en CUADRO, Mariela y SETTON, Dami\u00e1n (coord.),\u00a0<em>Estudios sobre el Medio Oriente desde Am\u00e9rica Latina. Perspectivas desde el Sur<\/em>, CLACSO, Buenos Aires.<\/p>\n\n\n\n<p>VAGNI, Juan Jos\u00e9 (2019): \u201cCarlos de Baraibar: entre Europa, el mundo \u00e1rabe y sudam\u00e9rica. Itinerario de una figura compleja\u201d (Estudio cr\u00edtico introductorio), en BARAIBAR, Carlos,\u00a0<em>El problema de Marruecos<\/em>, Ed. Altazor, Vi\u00f1a del Mar, pp. 9-60.<\/p>\n\n\n\n<p>VAGNI, Juan Jos\u00e9 (2019):  \u201c<a href=\"http:\/\/biblioteca.clacso.edu.ar\/clacso\/gt\/20201222053228\/Medio-Oriente.pdf\">El resurgimiento \u00e1rabe e isl\u00e1mico en la obra de entreguerras de Salom\u00f3n Abud<\/a>\u201d,\u00a0<em>Sociedad y Religi\u00f3n<\/em>, N\u00ba 52, VOL XXIX, pp. 148-167. <\/p>\n","protected":false},"excerpt":{"rendered":"<p>Profesor de la Universidad Nacional de C\u00f3rdoba (Argentina)\/CONICET. L\u00edneas de investigaci\u00f3n: mundo araboisl\u00e1mico, relaciones culturales, Am\u00e9rica Latina. Correo electr\u00f3nico: juanjovagni@hotmail.com Publicaciones destacadas: VAGNI, Juan Jos\u00e9 (2021): \u201cEl colonialismo espa\u00f1ol en Marruecos y las migraciones \u00e1rabes y sefard\u00edes en el Cono Sur: primeros contactos a principios del siglo XX\u201d,\u00a0Nuevo Mundo Mundos Nuevos. VAGNI, Juan Jos\u00e9 (2021): &hellip; <\/p>\n<p class=\"link-more\"><a href=\"https:\/\/blog.uclm.es\/grupogresam\/juan-jose-vagni\/\" class=\"more-link\">Continuar leyendo<span class=\"screen-reader-text\"> \u00abJuan Jos\u00e9 Vagni\u00bb<\/span><\/a><\/p>\n","protected":false},"author":284,"featured_media":0,"parent":0,"menu_order":0,"comment_status":"closed","ping_status":"closed","template":"","meta":{"footnotes":""},"class_list":["post-1586","page","type-page","status-publish","hentry"],"_links":{"self":[{"href":"https:\/\/blog.uclm.es\/grupogresam\/wp-json\/wp\/v2\/pages\/1586","targetHints":{"allow":["GET"]}}],"collection":[{"href":"https:\/\/blog.uclm.es\/grupogresam\/wp-json\/wp\/v2\/pages"}],"about":[{"href":"https:\/\/blog.uclm.es\/grupogresam\/wp-json\/wp\/v2\/types\/page"}],"author":[{"embeddable":true,"href":"https:\/\/blog.uclm.es\/grupogresam\/wp-json\/wp\/v2\/users\/284"}],"replies":[{"embeddable":true,"href":"https:\/\/blog.uclm.es\/grupogresam\/wp-json\/wp\/v2\/comments?post=1586"}],"version-history":[{"count":4,"href":"https:\/\/blog.uclm.es\/grupogresam\/wp-json\/wp\/v2\/pages\/1586\/revisions"}],"predecessor-version":[{"id":1590,"href":"https:\/\/blog.uclm.es\/grupogresam\/wp-json\/wp\/v2\/pages\/1586\/revisions\/1590"}],"wp:attachment":[{"href":"https:\/\/blog.uclm.es\/grupogresam\/wp-json\/wp\/v2\/media?parent=1586"}],"curies":[{"name":"wp","href":"https:\/\/api.w.org\/{rel}","templated":true}]}}