{"id":351,"date":"2016-06-22T06:00:26","date_gmt":"2016-06-22T05:00:26","guid":{"rendered":"http:\/\/blog.uclm.es\/grupochico\/?page_id=351"},"modified":"2023-01-02T14:20:00","modified_gmt":"2023-01-02T14:20:00","slug":"proyecto-iapro","status":"publish","type":"page","link":"https:\/\/blog.uclm.es\/grupochico\/proyecto-iapro\/","title":{"rendered":"Proyecto IAPRO"},"content":{"rendered":"\n<p><a name=\"inicio\"><\/a><\/p>\n\n\n\n<p class=\"has-text-align-center\"><a name=\"inicio\"><\/a>[ <a href=\"#resumen\">Resumen<\/a> | <a href=\"#objetivo\">Objetivo<\/a> | <a href=\"#paquetes\">Paquetes<\/a> | <a href=\"#periodo\">Periodo<\/a> | <a href=\"#participantes\">Participantes<\/a> | <a href=\"#financiacion\">Financiaci\u00f3n<\/a> | <a href=\"#resultados\">Resultados<\/a> ]<\/p>\n\n\n\n<div style=\"height:40px\" aria-hidden=\"true\" class=\"wp-block-spacer\"><\/div>\n\n\n\n<figure class=\"wp-block-image size-large\"><img loading=\"lazy\" decoding=\"async\" width=\"1024\" height=\"692\" src=\"https:\/\/blog.uclm.es\/grupochico\/wp-content\/uploads\/sites\/41\/2016\/06\/iAPRO-1024x692.jpg\" alt=\"Resumen Proyecto IAPRO\" class=\"wp-image-364\" srcset=\"https:\/\/blog.uclm.es\/grupochico\/wp-content\/uploads\/sites\/41\/2016\/06\/iAPRO-1024x692.jpg 1024w, https:\/\/blog.uclm.es\/grupochico\/wp-content\/uploads\/sites\/41\/2016\/06\/iAPRO-300x203.jpg 300w, https:\/\/blog.uclm.es\/grupochico\/wp-content\/uploads\/sites\/41\/2016\/06\/iAPRO-768x519.jpg 768w, https:\/\/blog.uclm.es\/grupochico\/wp-content\/uploads\/sites\/41\/2016\/06\/iAPRO-444x300.jpg 444w, https:\/\/blog.uclm.es\/grupochico\/wp-content\/uploads\/sites\/41\/2016\/06\/iAPRO.jpg 1464w\" sizes=\"auto, (max-width: 706px) 89vw, (max-width: 767px) 82vw, 740px\" \/><\/figure>\n\n\n\n<h3 class=\"wp-block-heading\">Este proyecto es un subproducto de un proyecto coordinado (<strong>iProg<\/strong>) con el <a href=\"http:\/\/www.lite.etsii.urjc.es\">Grupo LITE <\/a>de la <a href=\"http:\/\/urjc.es\">Universidad Rey Juan Carlos<\/a>&nbsp;(URJC), en el que participan los miembros de&nbsp;los grupos <a href=\"http:\/\/blog.uclm.es\/grupochico\">CHICO<\/a> y <a href=\"http:\/\/air.esi.uclm.es\">AIR<\/a> de la <a href=\"http:\/\/www.uclm.es\">Universidad de Castilla &#8211; La Mancha<\/a>&nbsp;(UCLM), as\u00ed como miembros del <a href=\"http:\/\/www.unicauca.edu.co\/idis\/\">Grupo IDIS<\/a>&nbsp;de la <a href=\"http:\/\/www.unicauca.edu.co\">Universidad del Cauca<\/a> en Colombia.<br><br>Esta&nbsp;financiaci\u00f3n se ha obtenido en convocatoria p\u00fablica competitiva en el Programa Estatal de Investigaci\u00f3n, Desarrollo e Innovaci\u00f3n Orientada a los Retos de la Sociedad, en el marco del Plan Estatal de Investigaci\u00f3n Cient\u00edfica y T\u00e9cnica y de Innovaci\u00f3n 2013-2016.<\/h3>\n\n\n\n<h2 class=\"wp-block-heading\"><a name=\"resumen\"><\/a><strong>Resumen<\/strong><\/h2>\n\n\n\n<p>En los \u00faltimos a\u00f1os, se ha asentado en los pa\u00edses desarrollados la opini\u00f3n favorable a la conveniencia de formar en Inform\u00e1tica a los alumnos de la educaci\u00f3n preuniversitaria. Su aprendizaje ser\u00eda gradual, desde la adquisici\u00f3n de competencia digital en Educaci\u00f3n Primaria a conocimientos de programaci\u00f3n en Educaci\u00f3n Secundaria. Se considera que esta \u201calfabetizaci\u00f3n inform\u00e1tica\u201d b\u00e1sica es necesaria para todos los ciudadanos y adem\u00e1s proporciona una oportunidad para preparar, en un periodo m\u00e1s largo, a los futuros ingenieros en inform\u00e1tica.<\/p>\n\n\n\n<p>Atender esta iniciativa de forma eficaz conlleva unos retos ingentes, desde la necesaria formaci\u00f3n del profesorado y provisi\u00f3n de recursos suficientes a los aspectos pedag\u00f3gicos y t\u00e9cnicos que habr\u00e1 que desarrollar. Situ\u00e1ndonos en el plano cient\u00edfico, es necesario identificar los nuevos problemas de investigaci\u00f3n que se plantean, teniendo en cuenta los desarrollos y descubrimientos psicol\u00f3gicos, pedag\u00f3gicos y de Inform\u00e1tica Educativa de d\u00e9cadas pasadas, as\u00ed como de la propia ense\u00f1anza de la Programaci\u00f3n. Tambi\u00e9n hay que tener presentes las tecnolog\u00edas inform\u00e1ticas emergentes, que proporcionan nuevas formas de interacci\u00f3n.<\/p>\n\n\n\n<p>El proyecto coordinado <em><strong>iProg<\/strong><\/em> pretende dar respuestas a algunos de los retos de investigaci\u00f3n mencionados, aprovechando la especializaci\u00f3n de dos equipos de investigaci\u00f3n participantes y su historial de colaboraci\u00f3n mutua. As\u00ed pues, el proyecto <em>iProg<\/em> tiene como objetivos destacados: (1) dise\u00f1ar competencias detalladas relacionadas con la ense\u00f1anza de la Programaci\u00f3n, dirigidas a los distintos niveles educativos; (2) dise\u00f1ar entornos de aprendizaje que desarrollen las competencias para los distintos niveles educativos mediante tres elementos alineados entre s\u00ed: m\u00e9todos de aprendizaje activo, sistemas software y m\u00e9todos de evaluaci\u00f3n; (3) desarrollar sistemas software avanzados para el aprendizaje de la Programaci\u00f3n, orientados a los distintos niveles educativos y con enfoques tecnol\u00f3gicos y did\u00e1cticos adecuados; y (4) evaluar cada entorno de aprendizaje con respecto a distintos criterios.<\/p>\n\n\n\n<p>Este proyecto propone alcanzar el objetivo tercero mediante una variedad de aplicaciones para el aprendizaje de la Programaci\u00f3n basadas en diversas t\u00e9cnicas avanzadas de interacci\u00f3n y visualizaci\u00f3n, incluyendo realidad aumentada e interacci\u00f3n mediante gestos. Las aplicaciones variar\u00e1n seg\u00fan el nivel educativo, incluyendo agentes pedag\u00f3gicos conversacionales, juegos, herramientas de programaci\u00f3n y sistemas de visualizaci\u00f3n y de experimentaci\u00f3n. A nivel universitario, es importante la integraci\u00f3n de estas aplicaciones en Eclipse, como ejemplo de herramienta propia del entorno industrial al que debe dar salida la formaci\u00f3n universitaria. La evaluaci\u00f3n de Usabilidad y Experiencia de Usuario de estas nuevas formas de interacci\u00f3n requerir\u00e1 el uso de t\u00e9cnicas avanzadas de la Interacci\u00f3n Persona-Ordenador, incluyendo t\u00e9cnicas recientes de seguimiento ocular y de obtenci\u00f3n de informaci\u00f3n biom\u00e9trica.<\/p>\n\n\n\n<p>El proyecto ser\u00e1 abordado por equipos de investigaci\u00f3n de la URJC y de la UCLM. Ambos se complementan por sus distintos perfiles.&nbsp;Cabe destacar el inter\u00e9s de colaboraci\u00f3n de varios centros de los distintos niveles educativos, lo que facilitar\u00e1 la realizaci\u00f3n de pruebas piloto para implantar y evaluar las herramientas desarrolladas, as\u00ed como las posibilidades de transferencia. Para su ejecuci\u00f3n este proyecto coordinador se organiza en dos subproyectos: (1) <em>Nuevos entornos de aprendizaje de la Programaci\u00f3n centrados en el alumno, desde la Educaci\u00f3n Primaria hasta la Universidad<\/em>; <em><strong>(2) IAPRO:&nbsp;Desarrollo de sistemas inmersivos para el aprendizaje de la Programaci\u00f3n<\/strong><\/em>. Aqu\u00ed, podr\u00e1 encontrarse informaci\u00f3n, principalmente, del subproyecto <em>IAPRO<\/em> que ser\u00e1 el que se desarrolle por el equipo de la UCLM. Para obtener m\u00e1s informaci\u00f3n del otro subproyecto, debe visitarse la p\u00e1gina correspondiente del equipo de la URJC.<\/p>\n\n\n\n<p>[&nbsp;<a href=\"#inicio\">Volver<\/a>&nbsp;]<\/p>\n\n\n\n<h2 class=\"wp-block-heading\"><a name=\"objetivo\"><\/a><strong>Hip\u00f3tesis de investigaci\u00f3n y objetivos<\/strong><\/h2>\n\n\n\n<h3 class=\"wp-block-heading\">Hip\u00f3tesis de investigaci\u00f3n<\/h3>\n\n\n\n<pre class=\"wp-block-verse\">Es factible evaluar el impacto de la incorporaci\u00f3n de t\u00e9cnicas avanzadas de interacci\u00f3n y visualizaci\u00f3n en entornos de aprendizaje de la Programaci\u00f3n, y su uso permitir\u00e1 obtener mejores resultados que el empleo de t\u00e9cnicas m\u00e1s cl\u00e1sicas.<\/pre>\n\n\n\n<h3 class=\"wp-block-heading\">Objetivos<\/h3>\n\n\n\n<pre class=\"wp-block-verse\">Construcci\u00f3n y adaptaci\u00f3n una serie de herramientas para aprendizaje de la Programaci\u00f3n (desarrolladas por los equipos de investigaci\u00f3n participantes) para que puedan funcionar sobre plataforma <a href=\"https:\/\/eclipse.org\">Eclipse<\/a> (como ejemplo de herramienta empleada en el entorno industrial al que debe dar salida directa la formaci\u00f3n universitaria), desarrollando y a\u00f1adiendo <em>plugins<\/em> que materialicen el soporte a diversos paradigmas avanzados de visualizaci\u00f3n, interacci\u00f3n y colaboraci\u00f3n. Todo ello con el fin de evaluar y contrastar, desde diversas dimensiones, el impacto de estos paradigmas en el aprendizaje de la Programaci\u00f3n en diferentes niveles acad\u00e9micos, aunque fundamentalmente centr\u00e1ndonos en los primeros niveles universitarios.<\/pre>\n\n\n\n<p>[&nbsp;<a href=\"#inicio\">Volver<\/a>&nbsp;]<\/p>\n\n\n\n<h2 class=\"wp-block-heading\"><a name=\"paquetes\"><\/a><strong>Paquetes de trabajo (<em>referidos al proyecto en su conjunto<\/em>)<\/strong><\/h2>\n\n\n\n<p>PT1. Estudios previos bibliogr\u00e1ficos, revisi\u00f3n del estado del arte, organizaci\u00f3n y preparaci\u00f3n.<\/p>\n\n\n\n<p>PT2. Entornos de aprendizaje de Inform\u00e1tica en Educaci\u00f3n Primaria.<\/p>\n\n\n\n<p>PT3. Entornos de aprendizaje de Programaci\u00f3n en Educaci\u00f3n Secundaria.<\/p>\n\n\n\n<p>PT4. Entornos de aprendizaje de Algoritmia.<\/p>\n\n\n\n<p>PT5. Desarrollo de herramientas software para Eclipse y Apps para dispositivos m\u00f3viles.<\/p>\n\n\n\n<p>PT6. Dise\u00f1o de t\u00e9cnicas de evaluaci\u00f3n y an\u00e1lisis de datos.<\/p>\n\n\n\n<p>PT7. Experimentaci\u00f3n y evaluaci\u00f3n.<\/p>\n\n\n\n<p>PT8. An\u00e1lisis y contraste de resultados.<\/p>\n\n\n\n<p>PT9. Cierre del proyecto.<\/p>\n\n\n\n<p>[&nbsp;<a href=\"#inicio\">Volver<\/a>&nbsp;]<\/p>\n\n\n\n<h2 class=\"wp-block-heading\"><a name=\"periodo\"><\/a><strong>Periodo de ejecuci\u00f3n<\/strong><\/h2>\n\n\n\n<p>2016 a 2019<\/p>\n\n\n\n<p>[ <a href=\"#inicio\">Volver<\/a> ]<\/p>\n\n\n\n<h2 class=\"wp-block-heading\"><a name=\"participantes\"><\/a><strong>Participantes<\/strong><\/h2>\n\n\n\n<p>Dr. Manuel Ortega<\/p>\n\n\n\n<p>Dr. Jos\u00e9 J. C\u00e1stro-S\u00e1nchez<\/p>\n\n\n\n<p>Dr. Miguel \u00c1ngel Redondo<\/p>\n\n\n\n<p>Dr. Carlos Gonz\u00e1lez<\/p>\n\n\n\n<p>Dra. Ana Isabel Molina<\/p>\n\n\n\n<p>Dr. Javier Albusac<\/p>\n\n\n\n<p>Dr. Crescencio Bravo<\/p>\n\n\n\n<p>Dr. C\u00e9sar Collazos<\/p>\n\n\n\n<p>D. Jos\u00e9 R. S\u00e1nchez<\/p>\n\n\n\n<p>D. Santiago S\u00e1nchez<\/p>\n\n\n\n<p>D\u00f1a. Mar\u00eda \u00c1ngeles Garc\u00eda<\/p>\n\n\n\n<p>D. Cristian G\u00f3mez<\/p>\n\n\n\n<p>[ <a href=\"#inicio\">Volver<\/a> ]<\/p>\n\n\n\n<h2 class=\"wp-block-heading\"><a name=\"financiacion\"><\/a><strong>Financiaci\u00f3n externa a la UCLM<\/strong><\/h2>\n\n\n\n<p><strong>191.906&nbsp;\u20ac<\/strong>&nbsp;(incluyendo costes indirectos) aportados por el Ministerio de Econom\u00eda y Competitividad (MINECO) cofinanciados con el Fondo Europeo de Desarrollo Regional (FEDER),&nbsp;en materia de costes marginales obtenidos en convocatoria p\u00fablica competitiva con&nbsp;identificador de referencia <strong>TIN2015-66731-C2-2-R<\/strong>.<\/p>\n\n\n\n<p>[ <a href=\"#inicio\">Volver<\/a> ]<\/p>\n\n\n\n<h2 class=\"wp-block-heading\"><strong><a name=\"resultados\"><\/a>Resultados<\/strong><\/h2>\n\n\n\n<h3 class=\"wp-block-heading\">Publicaciones<\/h3>\n\n\n\n<p><em>Ver resultados previos en la&nbsp;<a href=\"http:\/\/blog.uclm.es\/grupochico\/publicaciones\/\">p\u00e1gina de publicaciones del Grupo CHICO<\/a>&nbsp;y en la <a href=\"http:\/\/air.esi.uclm.es\/publicaciones.php?y=2016\">p\u00e1gina del publicaciones&nbsp;del Grupo AIR<\/a>.<\/em><\/p>\n\n\n\n<h3 class=\"wp-block-heading\">Herramientas generadas<\/h3>\n\n\n\n<p><em><a href=\"http:\/\/blog.uclm.es\/grupochico\/proyecto-iapro\/collece-2-0\/\">COLLECE-2.0<\/a><\/em>: Herramienta de trabajo remoto orientada al aprendizaje de la programaci\u00f3n mediante la resoluci\u00f3n colaborativa de programas.<\/p>\n\n\n\n<p><em><a href=\"http:\/\/blog.uclm.es\/grupochico\/proyecto-iapro\/angela-visualizacion-multidimensional-de-programas-y-algoritmos-mediante-realidad-mixta\/\">ANGELA<\/a>: <\/em>Visualizaci\u00f3n multidimensional de programas y algoritmos mediante Realidad Mixta.<\/p>\n\n\n\n<p>[ <a href=\"#inicio\">Volver<\/a> ]<\/p>\n","protected":false},"excerpt":{"rendered":"<p>[ Resumen | Objetivo | Paquetes | Periodo | Participantes | Financiaci\u00f3n | Resultados ] Este proyecto es un subproducto de un proyecto coordinado (iProg) con el Grupo LITE de la Universidad Rey Juan Carlos&nbsp;(URJC), en el que participan los miembros de&nbsp;los grupos CHICO y AIR de la Universidad de Castilla &#8211; La Mancha&nbsp;(UCLM), as\u00ed &hellip; <\/p>\n<p class=\"link-more\"><a href=\"https:\/\/blog.uclm.es\/grupochico\/proyecto-iapro\/\" class=\"more-link\">Continuar leyendo<span class=\"screen-reader-text\"> \u00abProyecto IAPRO\u00bb<\/span><\/a><\/p>\n","protected":false},"author":67,"featured_media":0,"parent":0,"menu_order":0,"comment_status":"closed","ping_status":"closed","template":"","meta":{"footnotes":""},"class_list":["post-351","page","type-page","status-publish","hentry"],"_links":{"self":[{"href":"https:\/\/blog.uclm.es\/grupochico\/wp-json\/wp\/v2\/pages\/351","targetHints":{"allow":["GET"]}}],"collection":[{"href":"https:\/\/blog.uclm.es\/grupochico\/wp-json\/wp\/v2\/pages"}],"about":[{"href":"https:\/\/blog.uclm.es\/grupochico\/wp-json\/wp\/v2\/types\/page"}],"author":[{"embeddable":true,"href":"https:\/\/blog.uclm.es\/grupochico\/wp-json\/wp\/v2\/users\/67"}],"replies":[{"embeddable":true,"href":"https:\/\/blog.uclm.es\/grupochico\/wp-json\/wp\/v2\/comments?post=351"}],"version-history":[{"count":1,"href":"https:\/\/blog.uclm.es\/grupochico\/wp-json\/wp\/v2\/pages\/351\/revisions"}],"predecessor-version":[{"id":1572,"href":"https:\/\/blog.uclm.es\/grupochico\/wp-json\/wp\/v2\/pages\/351\/revisions\/1572"}],"wp:attachment":[{"href":"https:\/\/blog.uclm.es\/grupochico\/wp-json\/wp\/v2\/media?parent=351"}],"curies":[{"name":"wp","href":"https:\/\/api.w.org\/{rel}","templated":true}]}}