{"id":591,"date":"2026-02-23T18:46:33","date_gmt":"2026-02-23T17:46:33","guid":{"rendered":"https:\/\/blog.uclm.es\/delegacionesiiab\/?page_id=591"},"modified":"2026-04-28T09:45:22","modified_gmt":"2026-04-28T08:45:22","slug":"semana-cultural","status":"publish","type":"page","link":"https:\/\/blog.uclm.es\/delegacionesiiab\/semana-cultural\/","title":{"rendered":"Semana Cultural"},"content":{"rendered":"\n<p>Consulta aqu\u00ed el programa de actividades de la Semana Cultural 2026. Explora las charlas, talleres, torneos y eventos tecnol\u00f3gicos que hemos preparado para ti.<\/p>\n\n\n\n<p class=\"has-text-align-center\">Filtrar actividades por d\u00eda<\/p>\n\n\n\n<div class=\"wp-block-buttons is-content-justification-center is-layout-flex wp-container-core-buttons-is-layout-a89b3969 wp-block-buttons-is-layout-flex\">\n<div class=\"wp-block-button is-style-fill\"><a class=\"wp-block-button__link has-background wp-element-button\" href=\"#lunes\" style=\"border-top-left-radius:0px;border-top-right-radius:0px;border-bottom-left-radius:0px;border-bottom-right-radius:0px;background-color:#b30033\">Lunes<\/a><\/div>\n\n\n\n<div class=\"wp-block-button\"><a class=\"wp-block-button__link has-background wp-element-button\" href=\"#martes\" style=\"border-style:none;border-width:0px;border-top-left-radius:0px;border-top-right-radius:0px;border-bottom-left-radius:0px;border-bottom-right-radius:0px;background-color:#b30033\">Martes<\/a><\/div>\n\n\n\n<div class=\"wp-block-button\"><a class=\"wp-block-button__link has-background wp-element-button\" href=\"#miercoles\" style=\"border-top-left-radius:0px;border-top-right-radius:0px;border-bottom-left-radius:0px;border-bottom-right-radius:0px;background-color:#b30033\">Mi\u00e9rcoles<\/a><\/div>\n\n\n\n<div class=\"wp-block-button\"><a class=\"wp-block-button__link has-background wp-element-button\" href=\"#jueves\" style=\"border-top-left-radius:0px;border-top-right-radius:0px;border-bottom-left-radius:0px;border-bottom-right-radius:0px;background-color:#b30033\">Jueves<\/a><\/div>\n\n\n\n<div class=\"wp-block-button\"><a class=\"wp-block-button__link has-background wp-element-button\" href=\"#viernes\" style=\"border-top-left-radius:0px;border-top-right-radius:0px;border-bottom-left-radius:0px;border-bottom-right-radius:0px;background-color:#b30033\">Viernes<\/a><\/div>\n<\/div>\n\n\n\n<p class=\"is-style-default has-base-color has-contrast-background-color has-text-color has-background has-link-color has-xx-large-font-size wp-elements-64bd84e445ebfcbaa33090f4858314ef\" id=\"lunes\"><strong>Lunes<\/strong> 20 de abril<\/p>\n\n\n\n<div class=\"wp-block-group is-layout-flow wp-block-group-is-layout-flow\">\n<div class=\"wp-block-columns is-layout-flex wp-container-core-columns-is-layout-28f84493 wp-block-columns-is-layout-flex\">\n<div class=\"wp-block-column is-layout-flow wp-block-column-is-layout-flow\">\n<figure class=\"wp-block-image size-large\"><img loading=\"lazy\" decoding=\"async\" width=\"1024\" height=\"682\" src=\"https:\/\/blog.uclm.es\/delegacionesiiab\/wp-content\/uploads\/sites\/252\/2026\/04\/image-1024x682.png\" alt=\"\" class=\"wp-image-624\" style=\"aspect-ratio:16\/9;object-fit:cover\" srcset=\"https:\/\/blog.uclm.es\/delegacionesiiab\/wp-content\/uploads\/sites\/252\/2026\/04\/image-1024x682.png 1024w, https:\/\/blog.uclm.es\/delegacionesiiab\/wp-content\/uploads\/sites\/252\/2026\/04\/image-300x200.png 300w, https:\/\/blog.uclm.es\/delegacionesiiab\/wp-content\/uploads\/sites\/252\/2026\/04\/image-768x512.png 768w, https:\/\/blog.uclm.es\/delegacionesiiab\/wp-content\/uploads\/sites\/252\/2026\/04\/image.png 1280w\" sizes=\"auto, (max-width: 1024px) 100vw, 1024px\" \/><\/figure>\n<\/div>\n\n\n\n<div class=\"wp-block-column is-layout-flow wp-block-column-is-layout-flow\">\n<div style=\"margin-bottom: 32px\">\n  <h2><strong>Charla: Vapear es fumar: demostrando la estrategia de la industria<\/strong><\/h2>\n  <p>Charla divulgativa centrada en el impacto del vapeo y en c\u00f3mo la industria construye su estrategia de comunicaci\u00f3n y consumo alrededor de estos productos.<\/p>\n  <div style=\"height: 8px\"><\/div>\n  <p>\ud83d\uddd3\ufe0f Lunes 20 de abril, 09:45<\/p>\n  <p>\ud83d\udccd Lugar: Sal\u00f3n de Actos<\/p>\n  <p>\ud83e\udd1d Patrocinadores: SESCAM<\/p>\n<\/div>\n<\/div>\n<\/div>\n\n\n\n<hr class=\"wp-block-separator has-alpha-channel-opacity\" \/>\n<\/div>\n\n\n\n<div class=\"wp-block-group is-layout-flow wp-block-group-is-layout-flow\">\n<div class=\"wp-block-columns is-layout-flex wp-container-core-columns-is-layout-28f84493 wp-block-columns-is-layout-flex\">\n<div class=\"wp-block-column is-layout-flow wp-block-column-is-layout-flow\">\n<figure class=\"wp-block-image size-large\"><img loading=\"lazy\" decoding=\"async\" width=\"1024\" height=\"683\" src=\"https:\/\/blog.uclm.es\/delegacionesiiab\/wp-content\/uploads\/sites\/252\/2026\/04\/1_FS-1-1024x683.jpg\" alt=\"\" class=\"wp-image-627\" style=\"aspect-ratio:16\/9;object-fit:cover\" srcset=\"https:\/\/blog.uclm.es\/delegacionesiiab\/wp-content\/uploads\/sites\/252\/2026\/04\/1_FS-1-1024x683.jpg 1024w, https:\/\/blog.uclm.es\/delegacionesiiab\/wp-content\/uploads\/sites\/252\/2026\/04\/1_FS-1-300x200.jpg 300w, https:\/\/blog.uclm.es\/delegacionesiiab\/wp-content\/uploads\/sites\/252\/2026\/04\/1_FS-1-768x512.jpg 768w, https:\/\/blog.uclm.es\/delegacionesiiab\/wp-content\/uploads\/sites\/252\/2026\/04\/1_FS-1-1536x1024.jpg 1536w, https:\/\/blog.uclm.es\/delegacionesiiab\/wp-content\/uploads\/sites\/252\/2026\/04\/1_FS-1.jpg 1620w\" sizes=\"auto, (max-width: 1024px) 100vw, 1024px\" \/><\/figure>\n<\/div>\n\n\n\n<div class=\"wp-block-column is-layout-flow wp-block-column-is-layout-flow\">\n<div style=\"margin-bottom: 32px\">\n  <h2><strong>Charla: Presentaci\u00f3n del UCLM Racing Team<\/strong><\/h2>\n  <p>Presentaci\u00f3n del UCLM Racing Team para dar a conocer al equipo, su trabajo, sus proyectos y la experiencia de participar en una iniciativa universitaria de competici\u00f3n e ingenier\u00eda.<\/p>\n  <div style=\"height: 8px\"><\/div>\n  <p>\ud83d\uddd3\ufe0f Lunes 20 de abril, 13:15<\/p>\n  <p>\ud83d\udccd Lugar: Sal\u00f3n de Actos<\/p>\n  <p>\ud83c\udfa4 Ponentes: Integrantes UCLM Racing Team ESIIAB y ETSIIAB<\/p>\n  <p>\ud83e\udd1d Patrocinadores: UCLM Racing Team<\/p>\n<\/div>\n<\/div>\n<\/div>\n<\/div>\n\n\n\n<p class=\"is-style-default has-base-color has-contrast-background-color has-text-color has-background has-link-color has-xx-large-font-size wp-elements-f49f3709130b24f213a6790cc1740e0a\" id=\"martes\"><strong>Martes <\/strong>21 de abril<\/p>\n\n\n\n<div class=\"wp-block-group is-layout-flow wp-block-group-is-layout-flow\">\n<div class=\"wp-block-columns is-layout-flex wp-container-core-columns-is-layout-28f84493 wp-block-columns-is-layout-flex\">\n<div class=\"wp-block-column is-layout-flow wp-block-column-is-layout-flow\">\n<figure class=\"wp-block-image size-large\"><img loading=\"lazy\" decoding=\"async\" width=\"1024\" height=\"683\" src=\"https:\/\/blog.uclm.es\/delegacionesiiab\/wp-content\/uploads\/sites\/252\/2026\/04\/methodshop-hacking-2964100_1920-1024x683.jpg\" alt=\"\" class=\"wp-image-628\" style=\"aspect-ratio:16\/9;object-fit:cover\" srcset=\"https:\/\/blog.uclm.es\/delegacionesiiab\/wp-content\/uploads\/sites\/252\/2026\/04\/methodshop-hacking-2964100_1920-1024x683.jpg 1024w, https:\/\/blog.uclm.es\/delegacionesiiab\/wp-content\/uploads\/sites\/252\/2026\/04\/methodshop-hacking-2964100_1920-300x200.jpg 300w, https:\/\/blog.uclm.es\/delegacionesiiab\/wp-content\/uploads\/sites\/252\/2026\/04\/methodshop-hacking-2964100_1920-768x512.jpg 768w, https:\/\/blog.uclm.es\/delegacionesiiab\/wp-content\/uploads\/sites\/252\/2026\/04\/methodshop-hacking-2964100_1920-1536x1024.jpg 1536w, https:\/\/blog.uclm.es\/delegacionesiiab\/wp-content\/uploads\/sites\/252\/2026\/04\/methodshop-hacking-2964100_1920.jpg 1920w\" sizes=\"auto, (max-width: 1024px) 100vw, 1024px\" \/><\/figure>\n<\/div>\n\n\n\n<div class=\"wp-block-column is-layout-flow wp-block-column-is-layout-flow\">\n<span style=\"display:inline-block;padding:4px 10px;border-radius:999px;background:#e0edff;color:#1849a9;border:1px solid #b6ccff;font-size:12px;font-weight:bold\">\n  CTF\n<\/span>\n<div style=\"margin-bottom: 32px\">\n  <h2><strong>CTF : Acreditaci\u00f3n y bienvenida<\/strong><\/h2>\n  <p>Recepci\u00f3n inicial de participantes del CTF, entrega de material y bienvenida para dar comienzo a la jornada.<\/p>\n  <div style=\"height: 8px\"><\/div>\n  <p>\ud83d\uddd3\ufe0f Martes 21 de abril, 09:00<\/p>\n  <p>\ud83d\udccd Lugar: Sal\u00f3n de Actos<\/p>\n  <p>\ud83e\udd1d Patrocinadores: INCIBE, CEEI<\/p>\n<\/div>\n\n\n\n<div class=\"wp-block-buttons is-layout-flex wp-block-buttons-is-layout-flex\">\n<div class=\"wp-block-button\"><a class=\"wp-block-button__link has-background wp-element-button\" href=\"https:\/\/docs.google.com\/forms\/d\/e\/1FAIpQLSeB1IIcLATuoTF4ZOCdfzRfRPNp3W8dvYZ4QO_7kVLsdySItw\/viewform\" style=\"border-top-left-radius:0px;border-top-right-radius:0px;border-bottom-left-radius:0px;border-bottom-right-radius:0px;background-color:#b30033\">Inscripci\u00f3n CTF<\/a><\/div>\n<\/div>\n<\/div>\n<\/div>\n\n\n\n<hr class=\"wp-block-separator has-alpha-channel-opacity\" \/>\n<\/div>\n\n\n\n<div class=\"wp-block-group is-layout-flow wp-block-group-is-layout-flow\">\n<div class=\"wp-block-columns is-layout-flex wp-container-core-columns-is-layout-28f84493 wp-block-columns-is-layout-flex\">\n<div class=\"wp-block-column is-layout-flow wp-block-column-is-layout-flow\">\n<figure class=\"wp-block-image size-large\"><img loading=\"lazy\" decoding=\"async\" width=\"1024\" height=\"683\" src=\"https:\/\/blog.uclm.es\/delegacionesiiab\/wp-content\/uploads\/sites\/252\/2026\/04\/methodshop-hacking-2964100_1920-1024x683.jpg\" alt=\"\" class=\"wp-image-628\" style=\"aspect-ratio:16\/9;object-fit:cover\" srcset=\"https:\/\/blog.uclm.es\/delegacionesiiab\/wp-content\/uploads\/sites\/252\/2026\/04\/methodshop-hacking-2964100_1920-1024x683.jpg 1024w, https:\/\/blog.uclm.es\/delegacionesiiab\/wp-content\/uploads\/sites\/252\/2026\/04\/methodshop-hacking-2964100_1920-300x200.jpg 300w, https:\/\/blog.uclm.es\/delegacionesiiab\/wp-content\/uploads\/sites\/252\/2026\/04\/methodshop-hacking-2964100_1920-768x512.jpg 768w, https:\/\/blog.uclm.es\/delegacionesiiab\/wp-content\/uploads\/sites\/252\/2026\/04\/methodshop-hacking-2964100_1920-1536x1024.jpg 1536w, https:\/\/blog.uclm.es\/delegacionesiiab\/wp-content\/uploads\/sites\/252\/2026\/04\/methodshop-hacking-2964100_1920.jpg 1920w\" sizes=\"auto, (max-width: 1024px) 100vw, 1024px\" \/><\/figure>\n<\/div>\n\n\n\n<div class=\"wp-block-column is-layout-flow wp-block-column-is-layout-flow\">\n<span style=\"display:inline-block;padding:4px 10px;border-radius:999px;background:#e0edff;color:#1849a9;border:1px solid #b6ccff;font-size:12px;font-weight:bold\">\n  CTF\n<\/span>\n<div style=\"margin-bottom: 32px\">\n  <h2><strong>CTF : Mesa redonda de emprendimiento y empresas de ciberseguridad<\/strong><\/h2>\n  <p>Mesa redonda orientada al emprendimiento y al ecosistema empresarial de la ciberseguridad, con foco en oportunidades, tendencias y experiencias del sector.<\/p>\n  <div style=\"height: 8px\"><\/div>\n  <p>\ud83d\uddd3\ufe0f Martes 21 de abril, 09:30<\/p>\n  <p>\ud83d\udccd Lugar: Sal\u00f3n de Actos<\/p>\n  <p>\ud83e\udd1d Patrocinadores: INCIBE, CEEI<\/p>\n<\/div>\n\n\n\n<div class=\"wp-block-buttons is-layout-flex wp-block-buttons-is-layout-flex\">\n<div class=\"wp-block-button\"><a class=\"wp-block-button__link has-background wp-element-button\" href=\"https:\/\/docs.google.com\/forms\/d\/e\/1FAIpQLSeB1IIcLATuoTF4ZOCdfzRfRPNp3W8dvYZ4QO_7kVLsdySItw\/viewform\" style=\"border-top-left-radius:0px;border-top-right-radius:0px;border-bottom-left-radius:0px;border-bottom-right-radius:0px;background-color:#b30033\">Inscripci\u00f3n CTF<\/a><\/div>\n<\/div>\n<\/div>\n<\/div>\n\n\n\n<hr class=\"wp-block-separator has-alpha-channel-opacity\" \/>\n<\/div>\n\n\n\n<div class=\"wp-block-group is-layout-flow wp-block-group-is-layout-flow\">\n<div class=\"wp-block-columns is-layout-flex wp-container-core-columns-is-layout-28f84493 wp-block-columns-is-layout-flex\">\n<div class=\"wp-block-column is-layout-flow wp-block-column-is-layout-flow\">\n<figure class=\"wp-block-image size-large\"><img loading=\"lazy\" decoding=\"async\" width=\"1024\" height=\"683\" src=\"https:\/\/blog.uclm.es\/delegacionesiiab\/wp-content\/uploads\/sites\/252\/2026\/04\/methodshop-hacking-2964100_1920-1024x683.jpg\" alt=\"\" class=\"wp-image-628\" style=\"aspect-ratio:16\/9;object-fit:cover\" srcset=\"https:\/\/blog.uclm.es\/delegacionesiiab\/wp-content\/uploads\/sites\/252\/2026\/04\/methodshop-hacking-2964100_1920-1024x683.jpg 1024w, https:\/\/blog.uclm.es\/delegacionesiiab\/wp-content\/uploads\/sites\/252\/2026\/04\/methodshop-hacking-2964100_1920-300x200.jpg 300w, https:\/\/blog.uclm.es\/delegacionesiiab\/wp-content\/uploads\/sites\/252\/2026\/04\/methodshop-hacking-2964100_1920-768x512.jpg 768w, https:\/\/blog.uclm.es\/delegacionesiiab\/wp-content\/uploads\/sites\/252\/2026\/04\/methodshop-hacking-2964100_1920-1536x1024.jpg 1536w, https:\/\/blog.uclm.es\/delegacionesiiab\/wp-content\/uploads\/sites\/252\/2026\/04\/methodshop-hacking-2964100_1920.jpg 1920w\" sizes=\"auto, (max-width: 1024px) 100vw, 1024px\" \/><\/figure>\n<\/div>\n\n\n\n<div class=\"wp-block-column is-layout-flow wp-block-column-is-layout-flow\">\n<span style=\"display:inline-block;padding:4px 10px;border-radius:999px;background:#e0edff;color:#1849a9;border:1px solid #b6ccff;font-size:12px;font-weight:bold\">\n  CTF\n<\/span>\n<div style=\"margin-bottom: 32px\">\n  <h2><strong>Presentaci\u00f3n oficial del CTF<\/strong><\/h2>\n  <p>Sesi\u00f3n de apertura t\u00e9cnica del CTF en la que se presentan las normas, el sistema de puntuaci\u00f3n, el fair play y la composici\u00f3n de equipos.<\/p>\n  <div style=\"height: 8px\"><\/div>\n  <p>\ud83d\uddd3\ufe0f Martes 21 de abril, 10:30<\/p>\n  <p>\ud83d\udccd Lugar: Sal\u00f3n de Actos<\/p>\n  <p>\ud83c\udfa4 Ponentes: Jos\u00e9 Luis Mart\u00ednez<\/p>\n  <p>\ud83e\udd1d Patrocinadores: INCIBE, CEEI<\/p>\n<\/div>\n\n\n\n<div class=\"wp-block-buttons is-layout-flex wp-block-buttons-is-layout-flex\">\n<div class=\"wp-block-button\"><a class=\"wp-block-button__link has-background wp-element-button\" href=\"https:\/\/docs.google.com\/forms\/d\/e\/1FAIpQLSeB1IIcLATuoTF4ZOCdfzRfRPNp3W8dvYZ4QO_7kVLsdySItw\/viewform\" style=\"border-top-left-radius:0px;border-top-right-radius:0px;border-bottom-left-radius:0px;border-bottom-right-radius:0px;background-color:#b30033\">Inscripci\u00f3n CTF<\/a><\/div>\n<\/div>\n<\/div>\n<\/div>\n\n\n\n<hr class=\"wp-block-separator has-alpha-channel-opacity\" \/>\n<\/div>\n\n\n\n<div class=\"wp-block-group is-layout-flow wp-block-group-is-layout-flow\">\n<div class=\"wp-block-columns is-layout-flex wp-container-core-columns-is-layout-28f84493 wp-block-columns-is-layout-flex\">\n<div class=\"wp-block-column is-layout-flow wp-block-column-is-layout-flow\">\n<figure class=\"wp-block-image size-large\"><img loading=\"lazy\" decoding=\"async\" width=\"1024\" height=\"683\" src=\"https:\/\/blog.uclm.es\/delegacionesiiab\/wp-content\/uploads\/sites\/252\/2026\/04\/methodshop-hacking-2964100_1920-1024x683.jpg\" alt=\"\" class=\"wp-image-628\" style=\"aspect-ratio:16\/9;object-fit:cover\" srcset=\"https:\/\/blog.uclm.es\/delegacionesiiab\/wp-content\/uploads\/sites\/252\/2026\/04\/methodshop-hacking-2964100_1920-1024x683.jpg 1024w, https:\/\/blog.uclm.es\/delegacionesiiab\/wp-content\/uploads\/sites\/252\/2026\/04\/methodshop-hacking-2964100_1920-300x200.jpg 300w, https:\/\/blog.uclm.es\/delegacionesiiab\/wp-content\/uploads\/sites\/252\/2026\/04\/methodshop-hacking-2964100_1920-768x512.jpg 768w, https:\/\/blog.uclm.es\/delegacionesiiab\/wp-content\/uploads\/sites\/252\/2026\/04\/methodshop-hacking-2964100_1920-1536x1024.jpg 1536w, https:\/\/blog.uclm.es\/delegacionesiiab\/wp-content\/uploads\/sites\/252\/2026\/04\/methodshop-hacking-2964100_1920.jpg 1920w\" sizes=\"auto, (max-width: 1024px) 100vw, 1024px\" \/><\/figure>\n<\/div>\n\n\n\n<div class=\"wp-block-column is-layout-flow wp-block-column-is-layout-flow\">\n<span style=\"display:inline-block;padding:4px 10px;border-radius:999px;background:#e0edff;color:#1849a9;border:1px solid #b6ccff;font-size:12px;font-weight:bold\">\n  CTF\n<\/span>\n<div style=\"margin-bottom: 32px\">\n  <h2><strong>CTF : Coffee Networking y creaci\u00f3n de equipos<\/strong><\/h2>\n  <p>Pausa de networking para caf\u00e9 y contacto entre participantes, pensada tambi\u00e9n para facilitar la creaci\u00f3n de equipos del CTF.<\/p>\n  <div style=\"height: 8px\"><\/div>\n  <p>\ud83d\uddd3\ufe0f Martes 21 de abril, 11:00<\/p>\n  <p>\ud83d\udccd Lugar: Sal\u00f3n de Actos<\/p>\n  <p>\ud83e\udd1d Patrocinadores: INCIBE, CEEI<\/p>\n<\/div>\n\n\n\n<div class=\"wp-block-buttons is-layout-flex wp-block-buttons-is-layout-flex\">\n<div class=\"wp-block-button\"><a class=\"wp-block-button__link has-background wp-element-button\" href=\"https:\/\/docs.google.com\/forms\/d\/e\/1FAIpQLSeB1IIcLATuoTF4ZOCdfzRfRPNp3W8dvYZ4QO_7kVLsdySItw\/viewform\" style=\"border-top-left-radius:0px;border-top-right-radius:0px;border-bottom-left-radius:0px;border-bottom-right-radius:0px;background-color:#b30033\">Inscripci\u00f3n CTF<\/a><\/div>\n<\/div>\n<\/div>\n<\/div>\n\n\n\n<hr class=\"wp-block-separator has-alpha-channel-opacity\" \/>\n<\/div>\n\n\n\n<div class=\"wp-block-group is-layout-flow wp-block-group-is-layout-flow\">\n<div class=\"wp-block-columns is-layout-flex wp-container-core-columns-is-layout-28f84493 wp-block-columns-is-layout-flex\">\n<div class=\"wp-block-column is-layout-flow wp-block-column-is-layout-flow\">\n<figure class=\"wp-block-image size-large\"><img loading=\"lazy\" decoding=\"async\" width=\"1024\" height=\"683\" src=\"https:\/\/blog.uclm.es\/delegacionesiiab\/wp-content\/uploads\/sites\/252\/2026\/04\/methodshop-hacking-2964100_1920-1024x683.jpg\" alt=\"\" class=\"wp-image-628\" style=\"aspect-ratio:16\/9;object-fit:cover\" srcset=\"https:\/\/blog.uclm.es\/delegacionesiiab\/wp-content\/uploads\/sites\/252\/2026\/04\/methodshop-hacking-2964100_1920-1024x683.jpg 1024w, https:\/\/blog.uclm.es\/delegacionesiiab\/wp-content\/uploads\/sites\/252\/2026\/04\/methodshop-hacking-2964100_1920-300x200.jpg 300w, https:\/\/blog.uclm.es\/delegacionesiiab\/wp-content\/uploads\/sites\/252\/2026\/04\/methodshop-hacking-2964100_1920-768x512.jpg 768w, https:\/\/blog.uclm.es\/delegacionesiiab\/wp-content\/uploads\/sites\/252\/2026\/04\/methodshop-hacking-2964100_1920-1536x1024.jpg 1536w, https:\/\/blog.uclm.es\/delegacionesiiab\/wp-content\/uploads\/sites\/252\/2026\/04\/methodshop-hacking-2964100_1920.jpg 1920w\" sizes=\"auto, (max-width: 1024px) 100vw, 1024px\" \/><\/figure>\n<\/div>\n\n\n\n<div class=\"wp-block-column is-layout-flow wp-block-column-is-layout-flow\">\n<span style=\"display:inline-block;padding:4px 10px;border-radius:999px;background:#e0edff;color:#1849a9;border:1px solid #b6ccff;font-size:12px;font-weight:bold\">\n  CTF\n<\/span>\n<div style=\"margin-bottom: 32px\">\n  <h2><strong>CTF : P\u00edldora 1: Defensa inteligente y distribuida. Federated Learning en ciberseguridad<\/strong><\/h2>\n  <p>Sesi\u00f3n formativa sobre defensa inteligente y distribuida aplicada a ciberseguridad, introduciendo el uso de Federated Learning en este contexto.<\/p>\n  <div style=\"height: 8px\"><\/div>\n  <p>\ud83d\uddd3\ufe0f Martes 21 de abril, 11:30<\/p>\n  <p>\ud83d\udccd Lugar: Sal\u00f3n de Actos<\/p>\n  <p>\ud83c\udfa4 Ponentes: Luis Miguel Garc\u00eda<\/p>\n  <p>\ud83e\udd1d Patrocinadores: INCIBE, CEEI<\/p>\n<\/div>\n\n\n\n<div class=\"wp-block-buttons is-layout-flex wp-block-buttons-is-layout-flex\">\n<div class=\"wp-block-button\"><a class=\"wp-block-button__link has-background wp-element-button\" href=\"https:\/\/docs.google.com\/forms\/d\/e\/1FAIpQLSeB1IIcLATuoTF4ZOCdfzRfRPNp3W8dvYZ4QO_7kVLsdySItw\/viewform\" style=\"border-top-left-radius:0px;border-top-right-radius:0px;border-bottom-left-radius:0px;border-bottom-right-radius:0px;background-color:#b30033\">Inscripci\u00f3n CTF<\/a><\/div>\n<\/div>\n<\/div>\n<\/div>\n\n\n\n<hr class=\"wp-block-separator has-alpha-channel-opacity\" \/>\n<\/div>\n\n\n\n<div class=\"wp-block-group is-layout-flow wp-block-group-is-layout-flow\">\n<div class=\"wp-block-columns is-layout-flex wp-container-core-columns-is-layout-28f84493 wp-block-columns-is-layout-flex\">\n<div class=\"wp-block-column is-layout-flow wp-block-column-is-layout-flow\">\n<figure class=\"wp-block-image size-large\"><img loading=\"lazy\" decoding=\"async\" width=\"1024\" height=\"683\" src=\"https:\/\/blog.uclm.es\/delegacionesiiab\/wp-content\/uploads\/sites\/252\/2026\/04\/methodshop-hacking-2964100_1920-1024x683.jpg\" alt=\"\" class=\"wp-image-628\" style=\"aspect-ratio:16\/9;object-fit:cover\" srcset=\"https:\/\/blog.uclm.es\/delegacionesiiab\/wp-content\/uploads\/sites\/252\/2026\/04\/methodshop-hacking-2964100_1920-1024x683.jpg 1024w, https:\/\/blog.uclm.es\/delegacionesiiab\/wp-content\/uploads\/sites\/252\/2026\/04\/methodshop-hacking-2964100_1920-300x200.jpg 300w, https:\/\/blog.uclm.es\/delegacionesiiab\/wp-content\/uploads\/sites\/252\/2026\/04\/methodshop-hacking-2964100_1920-768x512.jpg 768w, https:\/\/blog.uclm.es\/delegacionesiiab\/wp-content\/uploads\/sites\/252\/2026\/04\/methodshop-hacking-2964100_1920-1536x1024.jpg 1536w, https:\/\/blog.uclm.es\/delegacionesiiab\/wp-content\/uploads\/sites\/252\/2026\/04\/methodshop-hacking-2964100_1920.jpg 1920w\" sizes=\"auto, (max-width: 1024px) 100vw, 1024px\" \/><\/figure>\n<\/div>\n\n\n\n<div class=\"wp-block-column is-layout-flow wp-block-column-is-layout-flow\">\n<span style=\"display:inline-block;padding:4px 10px;border-radius:999px;background:#e0edff;color:#1849a9;border:1px solid #b6ccff;font-size:12px;font-weight:bold\">\n  CTF\n<\/span>\n<div style=\"margin-bottom: 32px\">\n  <h2><strong>Tiempo libre CTF<\/strong><\/h2>\n  <p>Franja libre dentro del CTF para continuar resolviendo pruebas, organizar estrategias y avanzar en los retos de la competici\u00f3n.<\/p>\n  <div style=\"height: 8px\"><\/div>\n  <p>\ud83d\uddd3\ufe0f Martes 21 de abril, 13:00<\/p>\n  <p>\ud83d\udccd Lugar: Sal\u00f3n de Actos<\/p>\n  <p>\ud83e\udd1d Patrocinadores: INCIBE, CEEI<\/p>\n<\/div>\n\n\n\n<div class=\"wp-block-buttons is-layout-flex wp-block-buttons-is-layout-flex\">\n<div class=\"wp-block-button\"><a class=\"wp-block-button__link has-background wp-element-button\" href=\"https:\/\/docs.google.com\/forms\/d\/e\/1FAIpQLSeB1IIcLATuoTF4ZOCdfzRfRPNp3W8dvYZ4QO_7kVLsdySItw\/viewform\" style=\"border-top-left-radius:0px;border-top-right-radius:0px;border-bottom-left-radius:0px;border-bottom-right-radius:0px;background-color:#b30033\">Inscripci\u00f3n CTF<\/a><\/div>\n<\/div>\n<\/div>\n<\/div>\n\n\n\n<hr class=\"wp-block-separator has-alpha-channel-opacity\" \/>\n<\/div>\n\n\n\n<div class=\"wp-block-group is-layout-flow wp-block-group-is-layout-flow\">\n<div class=\"wp-block-columns is-layout-flex wp-container-core-columns-is-layout-28f84493 wp-block-columns-is-layout-flex\">\n<div class=\"wp-block-column is-layout-flow wp-block-column-is-layout-flow\">\n<figure class=\"wp-block-image size-large\"><img loading=\"lazy\" decoding=\"async\" width=\"1024\" height=\"683\" src=\"https:\/\/blog.uclm.es\/delegacionesiiab\/wp-content\/uploads\/sites\/252\/2026\/04\/methodshop-hacking-2964100_1920-1024x683.jpg\" alt=\"\" class=\"wp-image-628\" style=\"aspect-ratio:16\/9;object-fit:cover\" srcset=\"https:\/\/blog.uclm.es\/delegacionesiiab\/wp-content\/uploads\/sites\/252\/2026\/04\/methodshop-hacking-2964100_1920-1024x683.jpg 1024w, https:\/\/blog.uclm.es\/delegacionesiiab\/wp-content\/uploads\/sites\/252\/2026\/04\/methodshop-hacking-2964100_1920-300x200.jpg 300w, https:\/\/blog.uclm.es\/delegacionesiiab\/wp-content\/uploads\/sites\/252\/2026\/04\/methodshop-hacking-2964100_1920-768x512.jpg 768w, https:\/\/blog.uclm.es\/delegacionesiiab\/wp-content\/uploads\/sites\/252\/2026\/04\/methodshop-hacking-2964100_1920-1536x1024.jpg 1536w, https:\/\/blog.uclm.es\/delegacionesiiab\/wp-content\/uploads\/sites\/252\/2026\/04\/methodshop-hacking-2964100_1920.jpg 1920w\" sizes=\"auto, (max-width: 1024px) 100vw, 1024px\" \/><\/figure>\n<\/div>\n\n\n\n<div class=\"wp-block-column is-layout-flow wp-block-column-is-layout-flow\">\n<span style=\"display:inline-block;padding:4px 10px;border-radius:999px;background:#e0edff;color:#1849a9;border:1px solid #b6ccff;font-size:12px;font-weight:bold\">\n  EXCLUSIVO INSCRITOS EN CTF\n<\/span>\n<div style=\"margin-bottom: 32px\">\n  <h2><strong>CTF : Comida<\/strong><\/h2>\n  <p>Pausa para la comida dentro de la programaci\u00f3n del CTF antes de retomar las actividades de la tarde.<\/p>\n  <div style=\"height: 8px\"><\/div>\n  <p>\ud83d\uddd3\ufe0f Martes 21 de abril, 14:30<\/p>\n  <p>\ud83d\udccd Lugar: Sal\u00f3n de Actos<\/p>\n  <p>\ud83e\udd1d Patrocinadores: INCIBE, CEEI<\/p>\n<\/div>\n\n\n\n<div class=\"wp-block-buttons is-layout-flex wp-block-buttons-is-layout-flex\">\n<div class=\"wp-block-button\"><a class=\"wp-block-button__link has-background wp-element-button\" href=\"https:\/\/docs.google.com\/forms\/d\/e\/1FAIpQLSeB1IIcLATuoTF4ZOCdfzRfRPNp3W8dvYZ4QO_7kVLsdySItw\/viewform\" style=\"border-top-left-radius:0px;border-top-right-radius:0px;border-bottom-left-radius:0px;border-bottom-right-radius:0px;background-color:#b30033\">Inscripci\u00f3n CTF<\/a><\/div>\n<\/div>\n<\/div>\n<\/div>\n\n\n\n<hr class=\"wp-block-separator has-alpha-channel-opacity\" \/>\n<\/div>\n\n\n\n<div class=\"wp-block-group is-layout-flow wp-block-group-is-layout-flow\">\n<div class=\"wp-block-columns is-layout-flex wp-container-core-columns-is-layout-28f84493 wp-block-columns-is-layout-flex\">\n<div class=\"wp-block-column is-layout-flow wp-block-column-is-layout-flow\">\n<figure class=\"wp-block-image size-full is-resized\"><img loading=\"lazy\" decoding=\"async\" width=\"590\" height=\"336\" src=\"https:\/\/blog.uclm.es\/delegacionesiiab\/wp-content\/uploads\/sites\/252\/2026\/04\/mario-kart-world-file-348ac785.jpg.webp\" alt=\"\" class=\"wp-image-631\" style=\"aspect-ratio:16\/9;object-fit:cover;width:738px;height:auto\" srcset=\"https:\/\/blog.uclm.es\/delegacionesiiab\/wp-content\/uploads\/sites\/252\/2026\/04\/mario-kart-world-file-348ac785.jpg.webp 590w, https:\/\/blog.uclm.es\/delegacionesiiab\/wp-content\/uploads\/sites\/252\/2026\/04\/mario-kart-world-file-348ac785.jpg-300x171.webp 300w\" sizes=\"auto, (max-width: 590px) 100vw, 590px\" \/><\/figure>\n<\/div>\n\n\n\n<div class=\"wp-block-column is-layout-flow wp-block-column-is-layout-flow\">\n<div style=\"margin-bottom: 32px\">\n  <h2><strong>Torneo: Mario Kart Wii<\/strong><\/h2>\n  <p>Torneo de Mario Kart Wii abierto a participantes que quieran competir en una actividad l\u00fadica centrada en velocidad, habilidad y diversi\u00f3n.<\/p>\n  <div style=\"height: 8px\"><\/div>\n  <p>\ud83d\uddd3\ufe0f Martes 21 de abril, 16:00<\/p>\n  <p>\ud83d\udccd Lugar: Aula 1.13<\/p>\n<\/div>\n\n\n\n<div class=\"wp-block-buttons is-layout-flex wp-block-buttons-is-layout-flex\">\n<div class=\"wp-block-button\"><a class=\"wp-block-button__link has-background wp-element-button\" href=\"https:\/\/forms.cloud.microsoft\/e\/iMT7U7tJXE\" style=\"border-top-left-radius:0px;border-top-right-radius:0px;border-bottom-left-radius:0px;border-bottom-right-radius:0px;background-color:#b30033\">Inscripci\u00f3n Torneo (ABIERTA)<\/a><\/div>\n<\/div>\n<\/div>\n<\/div>\n\n\n\n<hr class=\"wp-block-separator has-alpha-channel-opacity\" \/>\n<\/div>\n\n\n\n<div class=\"wp-block-group is-layout-flow wp-block-group-is-layout-flow\">\n<div class=\"wp-block-columns is-layout-flex wp-container-core-columns-is-layout-28f84493 wp-block-columns-is-layout-flex\">\n<div class=\"wp-block-column is-layout-flow wp-block-column-is-layout-flow\">\n<figure class=\"wp-block-image size-full\"><img loading=\"lazy\" decoding=\"async\" width=\"1920\" height=\"1280\" src=\"https:\/\/blog.uclm.es\/delegacionesiiab\/wp-content\/uploads\/sites\/252\/2026\/04\/jeppesmednielsen-ball-1930189_1920.jpg\" alt=\"\" class=\"wp-image-633\" style=\"aspect-ratio:16\/9;object-fit:cover\" srcset=\"https:\/\/blog.uclm.es\/delegacionesiiab\/wp-content\/uploads\/sites\/252\/2026\/04\/jeppesmednielsen-ball-1930189_1920.jpg 1920w, https:\/\/blog.uclm.es\/delegacionesiiab\/wp-content\/uploads\/sites\/252\/2026\/04\/jeppesmednielsen-ball-1930189_1920-300x200.jpg 300w, https:\/\/blog.uclm.es\/delegacionesiiab\/wp-content\/uploads\/sites\/252\/2026\/04\/jeppesmednielsen-ball-1930189_1920-1024x683.jpg 1024w, https:\/\/blog.uclm.es\/delegacionesiiab\/wp-content\/uploads\/sites\/252\/2026\/04\/jeppesmednielsen-ball-1930189_1920-768x512.jpg 768w, https:\/\/blog.uclm.es\/delegacionesiiab\/wp-content\/uploads\/sites\/252\/2026\/04\/jeppesmednielsen-ball-1930189_1920-1536x1024.jpg 1536w\" sizes=\"auto, (max-width: 1920px) 100vw, 1920px\" \/><\/figure>\n<\/div>\n\n\n\n<div class=\"wp-block-column is-layout-flow wp-block-column-is-layout-flow\">\n<div style=\"margin-bottom: 32px\">\n  <h2><strong>Torneo: F\u00fatbol Sala<\/strong><\/h2>\n  <p>Torneo de f\u00fatbol sala para equipos participantes, pensado como actividad deportiva dentro de la programaci\u00f3n de la semana.<\/p>\n  <div style=\"height: 8px\"><\/div>\n  <p>\ud83d\uddd3\ufe0f Martes 21 de abril, 16:00<\/p>\n  <p>\ud83d\udccd Lugar: Pabell\u00f3n Polideportivo UCLM<\/p>\n<div style=\"margin-top: 12px;padding: 10px;border: 1px solid #b30033;border-left: 5px solid #b30033;background-color: #fff5f5;color: #b30033;font-size: 0.9em;border-radius: 4px\">\n    <strong>\u26a0\ufe0f Aviso:<\/strong> El horario es temporal a falta de confirmaci\u00f3n del servicio de deportes de la UCLM.\n  <\/div>\n<\/div>\n\n\n\n<div class=\"wp-block-buttons is-layout-flex wp-block-buttons-is-layout-flex\">\n<div class=\"wp-block-button\"><a class=\"wp-block-button__link has-background wp-element-button\" href=\"https:\/\/forms.cloud.microsoft\/e\/bkFAeLb238\" style=\"border-top-left-radius:0px;border-top-right-radius:0px;border-bottom-left-radius:0px;border-bottom-right-radius:0px;background-color:#b30033\">Inscripci\u00f3n Torneo (ABIERTA)<\/a><\/div>\n<\/div>\n<\/div>\n<\/div>\n\n\n\n<hr class=\"wp-block-separator has-alpha-channel-opacity\" \/>\n<\/div>\n\n\n\n<div class=\"wp-block-group is-layout-flow wp-block-group-is-layout-flow\">\n<div class=\"wp-block-columns is-layout-flex wp-container-core-columns-is-layout-28f84493 wp-block-columns-is-layout-flex\">\n<div class=\"wp-block-column is-layout-flow wp-block-column-is-layout-flow\">\n<figure class=\"wp-block-image size-large\"><img loading=\"lazy\" decoding=\"async\" width=\"1024\" height=\"683\" src=\"https:\/\/blog.uclm.es\/delegacionesiiab\/wp-content\/uploads\/sites\/252\/2026\/04\/methodshop-hacking-2964100_1920-1024x683.jpg\" alt=\"\" class=\"wp-image-628\" style=\"aspect-ratio:16\/9;object-fit:cover\" srcset=\"https:\/\/blog.uclm.es\/delegacionesiiab\/wp-content\/uploads\/sites\/252\/2026\/04\/methodshop-hacking-2964100_1920-1024x683.jpg 1024w, https:\/\/blog.uclm.es\/delegacionesiiab\/wp-content\/uploads\/sites\/252\/2026\/04\/methodshop-hacking-2964100_1920-300x200.jpg 300w, https:\/\/blog.uclm.es\/delegacionesiiab\/wp-content\/uploads\/sites\/252\/2026\/04\/methodshop-hacking-2964100_1920-768x512.jpg 768w, https:\/\/blog.uclm.es\/delegacionesiiab\/wp-content\/uploads\/sites\/252\/2026\/04\/methodshop-hacking-2964100_1920-1536x1024.jpg 1536w, https:\/\/blog.uclm.es\/delegacionesiiab\/wp-content\/uploads\/sites\/252\/2026\/04\/methodshop-hacking-2964100_1920.jpg 1920w\" sizes=\"auto, (max-width: 1024px) 100vw, 1024px\" \/><\/figure>\n<\/div>\n\n\n\n<div class=\"wp-block-column is-layout-flow wp-block-column-is-layout-flow\">\n<span style=\"display:inline-block;padding:4px 10px;border-radius:999px;background:#e0edff;color:#1849a9;border:1px solid #b6ccff;font-size:12px;font-weight:bold\">\n  CTF\n<\/span>\n<div style=\"margin-bottom: 32px\">\n  <h2><strong>CTF : P\u00edldora 2: Evaluaci\u00f3n de seguridad ofensiva: Pentesting y laboratorios tipo Hack The Box<\/strong><\/h2>\n  <p>P\u00edldora formativa centrada en seguridad ofensiva, pentesting y el uso de laboratorios tipo Hack The Box para aprendizaje pr\u00e1ctico.<\/p>\n  <div style=\"height: 8px\"><\/div>\n  <p>\ud83d\uddd3\ufe0f Martes 21 de abril, 16:30<\/p>\n  <p>\ud83d\udccd Lugar: Sal\u00f3n de Actos<\/p>\n  <p>\ud83c\udfa4 Ponentes: Jos\u00e9 Luis Mart\u00ednez<\/p>\n  <p>\ud83e\udd1d Patrocinadores: INCIBE, CEEI<\/p>\n<\/div>\n\n\n\n<div class=\"wp-block-buttons is-layout-flex wp-block-buttons-is-layout-flex\">\n<div class=\"wp-block-button\"><a class=\"wp-block-button__link has-background wp-element-button\" href=\"https:\/\/docs.google.com\/forms\/d\/e\/1FAIpQLSeB1IIcLATuoTF4ZOCdfzRfRPNp3W8dvYZ4QO_7kVLsdySItw\/viewform\" style=\"border-top-left-radius:0px;border-top-right-radius:0px;border-bottom-left-radius:0px;border-bottom-right-radius:0px;background-color:#b30033\">Inscripci\u00f3n CTF<\/a><\/div>\n<\/div>\n<\/div>\n<\/div>\n\n\n\n<hr class=\"wp-block-separator has-alpha-channel-opacity\" \/>\n<\/div>\n\n\n\n<div class=\"wp-block-group is-layout-flow wp-block-group-is-layout-flow\">\n<div class=\"wp-block-columns is-layout-flex wp-container-core-columns-is-layout-28f84493 wp-block-columns-is-layout-flex\">\n<div class=\"wp-block-column is-layout-flow wp-block-column-is-layout-flow\">\n<figure class=\"wp-block-image size-large\"><img loading=\"lazy\" decoding=\"async\" width=\"1024\" height=\"683\" src=\"https:\/\/blog.uclm.es\/delegacionesiiab\/wp-content\/uploads\/sites\/252\/2026\/04\/methodshop-hacking-2964100_1920-1024x683.jpg\" alt=\"\" class=\"wp-image-628\" style=\"aspect-ratio:16\/9;object-fit:cover\" srcset=\"https:\/\/blog.uclm.es\/delegacionesiiab\/wp-content\/uploads\/sites\/252\/2026\/04\/methodshop-hacking-2964100_1920-1024x683.jpg 1024w, https:\/\/blog.uclm.es\/delegacionesiiab\/wp-content\/uploads\/sites\/252\/2026\/04\/methodshop-hacking-2964100_1920-300x200.jpg 300w, https:\/\/blog.uclm.es\/delegacionesiiab\/wp-content\/uploads\/sites\/252\/2026\/04\/methodshop-hacking-2964100_1920-768x512.jpg 768w, https:\/\/blog.uclm.es\/delegacionesiiab\/wp-content\/uploads\/sites\/252\/2026\/04\/methodshop-hacking-2964100_1920-1536x1024.jpg 1536w, https:\/\/blog.uclm.es\/delegacionesiiab\/wp-content\/uploads\/sites\/252\/2026\/04\/methodshop-hacking-2964100_1920.jpg 1920w\" sizes=\"auto, (max-width: 1024px) 100vw, 1024px\" \/><\/figure>\n<\/div>\n\n\n\n<div class=\"wp-block-column is-layout-flow wp-block-column-is-layout-flow\">\n<span style=\"display:inline-block;padding:4px 10px;border-radius:999px;background:#e0edff;color:#1849a9;border:1px solid #b6ccff;font-size:12px;font-weight:bold\">\n  CTF\n<\/span>\n<div style=\"margin-bottom: 32px\">\n  <h2><strong>Tiempo libre CTF<\/strong><\/h2>\n  <p>Nuevo tramo libre de competici\u00f3n para continuar resolviendo pruebas y mejorar la posici\u00f3n en el ranking del CTF.<\/p>\n  <div style=\"height: 8px\"><\/div>\n  <p>\ud83d\uddd3\ufe0f Martes 21 de abril, 17:30<\/p>\n  <p>\ud83d\udccd Lugar: Sal\u00f3n de Actos<\/p>\n  <p>\ud83e\udd1d Patrocinadores: INCIBE, CEEI<\/p>\n<\/div>\n\n\n\n<div class=\"wp-block-buttons is-layout-flex wp-block-buttons-is-layout-flex\">\n<div class=\"wp-block-button\"><a class=\"wp-block-button__link has-background wp-element-button\" href=\"https:\/\/docs.google.com\/forms\/d\/e\/1FAIpQLSeB1IIcLATuoTF4ZOCdfzRfRPNp3W8dvYZ4QO_7kVLsdySItw\/viewform\" style=\"border-top-left-radius:0px;border-top-right-radius:0px;border-bottom-left-radius:0px;border-bottom-right-radius:0px;background-color:#b30033\">Inscripci\u00f3n CTF<\/a><\/div>\n<\/div>\n<\/div>\n<\/div>\n\n\n\n<hr class=\"wp-block-separator has-alpha-channel-opacity\" \/>\n<\/div>\n\n\n\n<div class=\"wp-block-group is-layout-flow wp-block-group-is-layout-flow\">\n<div class=\"wp-block-columns is-layout-flex wp-container-core-columns-is-layout-28f84493 wp-block-columns-is-layout-flex\">\n<div class=\"wp-block-column is-layout-flow wp-block-column-is-layout-flow\">\n<figure class=\"wp-block-image size-large\"><img loading=\"lazy\" decoding=\"async\" width=\"1024\" height=\"683\" src=\"https:\/\/blog.uclm.es\/delegacionesiiab\/wp-content\/uploads\/sites\/252\/2026\/04\/methodshop-hacking-2964100_1920-1024x683.jpg\" alt=\"\" class=\"wp-image-628\" style=\"aspect-ratio:16\/9;object-fit:cover\" srcset=\"https:\/\/blog.uclm.es\/delegacionesiiab\/wp-content\/uploads\/sites\/252\/2026\/04\/methodshop-hacking-2964100_1920-1024x683.jpg 1024w, https:\/\/blog.uclm.es\/delegacionesiiab\/wp-content\/uploads\/sites\/252\/2026\/04\/methodshop-hacking-2964100_1920-300x200.jpg 300w, https:\/\/blog.uclm.es\/delegacionesiiab\/wp-content\/uploads\/sites\/252\/2026\/04\/methodshop-hacking-2964100_1920-768x512.jpg 768w, https:\/\/blog.uclm.es\/delegacionesiiab\/wp-content\/uploads\/sites\/252\/2026\/04\/methodshop-hacking-2964100_1920-1536x1024.jpg 1536w, https:\/\/blog.uclm.es\/delegacionesiiab\/wp-content\/uploads\/sites\/252\/2026\/04\/methodshop-hacking-2964100_1920.jpg 1920w\" sizes=\"auto, (max-width: 1024px) 100vw, 1024px\" \/><\/figure>\n<\/div>\n\n\n\n<div class=\"wp-block-column is-layout-flow wp-block-column-is-layout-flow\">\n<span style=\"display:inline-block;padding:4px 10px;border-radius:999px;background:#e0edff;color:#1849a9;border:1px solid #b6ccff;font-size:12px;font-weight:bold\">\n  CTF\n<\/span>\n<div style=\"margin-bottom: 32px\">\n  <h2><strong>CTF : Ranking parcial y cierre<\/strong><\/h2>\n  <p>Cierre de la primera jornada del CTF con revisi\u00f3n parcial de resultados y resumen del estado de la competici\u00f3n.<\/p>\n  <div style=\"height: 8px\"><\/div>\n  <p>\ud83d\uddd3\ufe0f Martes 21 de abril, 18:15<\/p>\n  <p>\ud83d\udccd Lugar: Sal\u00f3n de Actos<\/p>\n  <p>\ud83e\udd1d Patrocinadores: INCIBE, CEEI<\/p>\n<\/div>\n\n\n\n<div class=\"wp-block-buttons is-layout-flex wp-block-buttons-is-layout-flex\">\n<div class=\"wp-block-button\"><a class=\"wp-block-button__link has-background wp-element-button\" href=\"https:\/\/docs.google.com\/forms\/d\/e\/1FAIpQLSeB1IIcLATuoTF4ZOCdfzRfRPNp3W8dvYZ4QO_7kVLsdySItw\/viewform\" style=\"border-top-left-radius:0px;border-top-right-radius:0px;border-bottom-left-radius:0px;border-bottom-right-radius:0px;background-color:#b30033\">Inscripci\u00f3n CTF<\/a><\/div>\n<\/div>\n<\/div>\n<\/div>\n<\/div>\n\n\n\n<p class=\"is-style-default has-base-color has-contrast-background-color has-text-color has-background has-link-color has-xx-large-font-size wp-elements-33f359e69daa2bf39068e8a431c2ccc8\" id=\"miercoles\"><strong>Mi\u00e9rcoles <\/strong>22 de abril<\/p>\n\n\n\n<div class=\"wp-block-group is-layout-flow wp-block-group-is-layout-flow\">\n<div class=\"wp-block-columns is-layout-flex wp-container-core-columns-is-layout-28f84493 wp-block-columns-is-layout-flex\">\n<div class=\"wp-block-column is-layout-flow wp-block-column-is-layout-flow\">\n<figure class=\"wp-block-image size-large\"><img loading=\"lazy\" decoding=\"async\" width=\"1024\" height=\"683\" src=\"https:\/\/blog.uclm.es\/delegacionesiiab\/wp-content\/uploads\/sites\/252\/2026\/04\/methodshop-hacking-2964100_1920-1024x683.jpg\" alt=\"\" class=\"wp-image-628\" style=\"aspect-ratio:16\/9;object-fit:cover\" srcset=\"https:\/\/blog.uclm.es\/delegacionesiiab\/wp-content\/uploads\/sites\/252\/2026\/04\/methodshop-hacking-2964100_1920-1024x683.jpg 1024w, https:\/\/blog.uclm.es\/delegacionesiiab\/wp-content\/uploads\/sites\/252\/2026\/04\/methodshop-hacking-2964100_1920-300x200.jpg 300w, https:\/\/blog.uclm.es\/delegacionesiiab\/wp-content\/uploads\/sites\/252\/2026\/04\/methodshop-hacking-2964100_1920-768x512.jpg 768w, https:\/\/blog.uclm.es\/delegacionesiiab\/wp-content\/uploads\/sites\/252\/2026\/04\/methodshop-hacking-2964100_1920-1536x1024.jpg 1536w, https:\/\/blog.uclm.es\/delegacionesiiab\/wp-content\/uploads\/sites\/252\/2026\/04\/methodshop-hacking-2964100_1920.jpg 1920w\" sizes=\"auto, (max-width: 1024px) 100vw, 1024px\" \/><\/figure>\n<\/div>\n\n\n\n<div class=\"wp-block-column is-layout-flow wp-block-column-is-layout-flow\">\n<span style=\"display:inline-block;padding:4px 10px;border-radius:999px;background:#e0edff;color:#1849a9;border:1px solid #b6ccff;font-size:12px;font-weight:bold\">\n  CTF\n<\/span>\n<div style=\"margin-bottom: 32px\">\n  <h2><strong>CTF : Coffee Networking<\/strong><\/h2>\n  <p>Pausa para caf\u00e9 y networking entre participantes antes de continuar con la programaci\u00f3n t\u00e9cnica del CTF.<\/p>\n  <div style=\"height: 8px\"><\/div>\n  <p>\ud83d\uddd3\ufe0f Mi\u00e9rcoles 22 de abril, 11:00<\/p>\n  <p>\ud83d\udccd Lugar: Sal\u00f3n de Actos<\/p>\n  <p>\ud83e\udd1d Patrocinadores: INCIBE, CEEI<\/p>\n<\/div>\n\n\n\n<div class=\"wp-block-buttons is-layout-flex wp-block-buttons-is-layout-flex\">\n<div class=\"wp-block-button\"><a class=\"wp-block-button__link has-background wp-element-button\" href=\"https:\/\/docs.google.com\/forms\/d\/e\/1FAIpQLSeB1IIcLATuoTF4ZOCdfzRfRPNp3W8dvYZ4QO_7kVLsdySItw\/viewform\" style=\"border-top-left-radius:0px;border-top-right-radius:0px;border-bottom-left-radius:0px;border-bottom-right-radius:0px;background-color:#b30033\">Inscripci\u00f3n CTF<\/a><\/div>\n<\/div>\n<\/div>\n<\/div>\n\n\n\n<hr class=\"wp-block-separator has-alpha-channel-opacity\" \/>\n<\/div>\n\n\n\n<div class=\"wp-block-group is-layout-flow wp-block-group-is-layout-flow\">\n<div class=\"wp-block-columns is-layout-flex wp-container-core-columns-is-layout-28f84493 wp-block-columns-is-layout-flex\">\n<div class=\"wp-block-column is-layout-flow wp-block-column-is-layout-flow\">\n<figure class=\"wp-block-image size-large\"><img loading=\"lazy\" decoding=\"async\" width=\"1024\" height=\"683\" src=\"https:\/\/blog.uclm.es\/delegacionesiiab\/wp-content\/uploads\/sites\/252\/2026\/04\/methodshop-hacking-2964100_1920-1024x683.jpg\" alt=\"\" class=\"wp-image-628\" style=\"aspect-ratio:16\/9;object-fit:cover\" srcset=\"https:\/\/blog.uclm.es\/delegacionesiiab\/wp-content\/uploads\/sites\/252\/2026\/04\/methodshop-hacking-2964100_1920-1024x683.jpg 1024w, https:\/\/blog.uclm.es\/delegacionesiiab\/wp-content\/uploads\/sites\/252\/2026\/04\/methodshop-hacking-2964100_1920-300x200.jpg 300w, https:\/\/blog.uclm.es\/delegacionesiiab\/wp-content\/uploads\/sites\/252\/2026\/04\/methodshop-hacking-2964100_1920-768x512.jpg 768w, https:\/\/blog.uclm.es\/delegacionesiiab\/wp-content\/uploads\/sites\/252\/2026\/04\/methodshop-hacking-2964100_1920-1536x1024.jpg 1536w, https:\/\/blog.uclm.es\/delegacionesiiab\/wp-content\/uploads\/sites\/252\/2026\/04\/methodshop-hacking-2964100_1920.jpg 1920w\" sizes=\"auto, (max-width: 1024px) 100vw, 1024px\" \/><\/figure>\n<\/div>\n\n\n\n<div class=\"wp-block-column is-layout-flow wp-block-column-is-layout-flow\">\n<span style=\"display:inline-block;padding:4px 10px;border-radius:999px;background:#e0edff;color:#1849a9;border:1px solid #b6ccff;font-size:12px;font-weight:bold\">\n  CTF\n<\/span>\n<div style=\"margin-bottom: 32px\">\n  <h2><strong>CTF : Mesa redonda: M\u00e1steres en Ciberseguridad y Certificaciones<\/strong><\/h2>\n  <p>Mesa redonda dedicada a m\u00e1steres en ciberseguridad y certificaciones profesionales, con orientaci\u00f3n acad\u00e9mica y de desarrollo profesional.<\/p>\n  <div style=\"height: 8px\"><\/div>\n  <p>\ud83d\uddd3\ufe0f Mi\u00e9rcoles 22 de abril, 11:30<\/p>\n  <p>\ud83d\udccd Lugar: Sal\u00f3n de Actos<\/p>\n  <p>\ud83c\udfa4 Ponentes: Jos\u00e9 Luis Mart\u00ednez, Raquel Mart\u00ednez<\/p>\n  <p>\ud83e\udd1d Patrocinadores: INCIBE, CEEI<\/p>\n<\/div>\n\n\n\n<div class=\"wp-block-buttons is-layout-flex wp-block-buttons-is-layout-flex\">\n<div class=\"wp-block-button\"><a class=\"wp-block-button__link has-background wp-element-button\" href=\"https:\/\/docs.google.com\/forms\/d\/e\/1FAIpQLSeB1IIcLATuoTF4ZOCdfzRfRPNp3W8dvYZ4QO_7kVLsdySItw\/viewform\" style=\"border-top-left-radius:0px;border-top-right-radius:0px;border-bottom-left-radius:0px;border-bottom-right-radius:0px;background-color:#b30033\">Inscripci\u00f3n CTF<\/a><\/div>\n<\/div>\n<\/div>\n<\/div>\n\n\n\n<hr class=\"wp-block-separator has-alpha-channel-opacity\" \/>\n<\/div>\n\n\n\n<div class=\"wp-block-group is-layout-flow wp-block-group-is-layout-flow\">\n<div class=\"wp-block-columns is-layout-flex wp-container-core-columns-is-layout-28f84493 wp-block-columns-is-layout-flex\">\n<div class=\"wp-block-column is-layout-flow wp-block-column-is-layout-flow\">\n<figure class=\"wp-block-image size-full is-resized\"><img loading=\"lazy\" decoding=\"async\" width=\"720\" height=\"405\" src=\"https:\/\/blog.uclm.es\/delegacionesiiab\/wp-content\/uploads\/sites\/252\/2026\/04\/WhatsApp-Image-2026-04-16-at-12.18.33.jpeg\" alt=\"\" class=\"wp-image-635\" style=\"aspect-ratio:16\/9;object-fit:cover;width:738px;height:auto\" srcset=\"https:\/\/blog.uclm.es\/delegacionesiiab\/wp-content\/uploads\/sites\/252\/2026\/04\/WhatsApp-Image-2026-04-16-at-12.18.33.jpeg 720w, https:\/\/blog.uclm.es\/delegacionesiiab\/wp-content\/uploads\/sites\/252\/2026\/04\/WhatsApp-Image-2026-04-16-at-12.18.33-300x169.jpeg 300w\" sizes=\"auto, (max-width: 720px) 100vw, 720px\" \/><\/figure>\n<\/div>\n\n\n\n<div class=\"wp-block-column is-layout-flow wp-block-column-is-layout-flow\">\n<div style=\"margin-bottom: 32px\">\n  <h2><strong>Charla: Campamentos en EEUU<\/strong><\/h2>\n  <p>Sesi\u00f3n informativa sobre campamentos en Estados Unidos, orientada a presentar la experiencia, las oportunidades y la informaci\u00f3n pr\u00e1ctica relacionada con esta actividad.<\/p>\n  <div style=\"height: 8px\"><\/div>\n  <p>\ud83d\uddd3\ufe0f Mi\u00e9rcoles 22 de abril, 11:30<\/p>\n  <p>\ud83d\udccd Lugar: Aula 1.4<\/p>\n  <p>\ud83c\udfa4 Ponentes: ACESPAIN\/CAMPSUMMERSUSA<\/p>\n<\/div>\n<\/div>\n<\/div>\n\n\n\n<hr class=\"wp-block-separator has-alpha-channel-opacity\" \/>\n<\/div>\n\n\n\n<div class=\"wp-block-group is-layout-flow wp-block-group-is-layout-flow\">\n<div class=\"wp-block-columns is-layout-flex wp-container-core-columns-is-layout-28f84493 wp-block-columns-is-layout-flex\">\n<div class=\"wp-block-column is-layout-flow wp-block-column-is-layout-flow\">\n<figure class=\"wp-block-image size-large\"><img loading=\"lazy\" decoding=\"async\" width=\"1024\" height=\"683\" src=\"https:\/\/blog.uclm.es\/delegacionesiiab\/wp-content\/uploads\/sites\/252\/2026\/04\/methodshop-hacking-2964100_1920-1024x683.jpg\" alt=\"\" class=\"wp-image-628\" style=\"aspect-ratio:16\/9;object-fit:cover\" srcset=\"https:\/\/blog.uclm.es\/delegacionesiiab\/wp-content\/uploads\/sites\/252\/2026\/04\/methodshop-hacking-2964100_1920-1024x683.jpg 1024w, https:\/\/blog.uclm.es\/delegacionesiiab\/wp-content\/uploads\/sites\/252\/2026\/04\/methodshop-hacking-2964100_1920-300x200.jpg 300w, https:\/\/blog.uclm.es\/delegacionesiiab\/wp-content\/uploads\/sites\/252\/2026\/04\/methodshop-hacking-2964100_1920-768x512.jpg 768w, https:\/\/blog.uclm.es\/delegacionesiiab\/wp-content\/uploads\/sites\/252\/2026\/04\/methodshop-hacking-2964100_1920-1536x1024.jpg 1536w, https:\/\/blog.uclm.es\/delegacionesiiab\/wp-content\/uploads\/sites\/252\/2026\/04\/methodshop-hacking-2964100_1920.jpg 1920w\" sizes=\"auto, (max-width: 1024px) 100vw, 1024px\" \/><\/figure>\n<\/div>\n\n\n\n<div class=\"wp-block-column is-layout-flow wp-block-column-is-layout-flow\">\n<span style=\"display:inline-block;padding:4px 10px;border-radius:999px;background:#e0edff;color:#1849a9;border:1px solid #b6ccff;font-size:12px;font-weight:bold\">\n  CTF\n<\/span>\n<div style=\"margin-bottom: 32px\">\n  <h2><strong>CTF : Tiempo libre CTF<\/strong><\/h2>\n  <p>Espacio libre para seguir avanzando en el CTF, resolver retos y reforzar la estrategia de equipo.<\/p>\n  <div style=\"height: 8px\"><\/div>\n  <p>\ud83d\uddd3\ufe0f Mi\u00e9rcoles 22 de abril, 13:00<\/p>\n  <p>\ud83d\udccd Lugar: Sal\u00f3n de Actos<\/p>\n  <p>\ud83e\udd1d Patrocinadores: INCIBE, CEEI<\/p>\n<\/div>\n\n\n\n<div class=\"wp-block-buttons is-layout-flex wp-block-buttons-is-layout-flex\">\n<div class=\"wp-block-button\"><a class=\"wp-block-button__link has-background wp-element-button\" href=\"https:\/\/docs.google.com\/forms\/d\/e\/1FAIpQLSeB1IIcLATuoTF4ZOCdfzRfRPNp3W8dvYZ4QO_7kVLsdySItw\/viewform\" style=\"border-top-left-radius:0px;border-top-right-radius:0px;border-bottom-left-radius:0px;border-bottom-right-radius:0px;background-color:#b30033\">Inscripci\u00f3n CTF<\/a><\/div>\n<\/div>\n<\/div>\n<\/div>\n\n\n\n<hr class=\"wp-block-separator has-alpha-channel-opacity\" \/>\n<\/div>\n\n\n\n<div class=\"wp-block-group is-layout-flow wp-block-group-is-layout-flow\">\n<div class=\"wp-block-columns is-layout-flex wp-container-core-columns-is-layout-28f84493 wp-block-columns-is-layout-flex\">\n<div class=\"wp-block-column is-layout-flow wp-block-column-is-layout-flow\">\n<figure class=\"wp-block-image size-large\"><img loading=\"lazy\" decoding=\"async\" width=\"1024\" height=\"683\" src=\"https:\/\/blog.uclm.es\/delegacionesiiab\/wp-content\/uploads\/sites\/252\/2026\/04\/methodshop-hacking-2964100_1920-1024x683.jpg\" alt=\"\" class=\"wp-image-628\" style=\"aspect-ratio:16\/9;object-fit:cover\" srcset=\"https:\/\/blog.uclm.es\/delegacionesiiab\/wp-content\/uploads\/sites\/252\/2026\/04\/methodshop-hacking-2964100_1920-1024x683.jpg 1024w, https:\/\/blog.uclm.es\/delegacionesiiab\/wp-content\/uploads\/sites\/252\/2026\/04\/methodshop-hacking-2964100_1920-300x200.jpg 300w, https:\/\/blog.uclm.es\/delegacionesiiab\/wp-content\/uploads\/sites\/252\/2026\/04\/methodshop-hacking-2964100_1920-768x512.jpg 768w, https:\/\/blog.uclm.es\/delegacionesiiab\/wp-content\/uploads\/sites\/252\/2026\/04\/methodshop-hacking-2964100_1920-1536x1024.jpg 1536w, https:\/\/blog.uclm.es\/delegacionesiiab\/wp-content\/uploads\/sites\/252\/2026\/04\/methodshop-hacking-2964100_1920.jpg 1920w\" sizes=\"auto, (max-width: 1024px) 100vw, 1024px\" \/><\/figure>\n<\/div>\n\n\n\n<div class=\"wp-block-column is-layout-flow wp-block-column-is-layout-flow\">\n<span style=\"display:inline-block;padding:4px 10px;border-radius:999px;background:#e0edff;color:#1849a9;border:1px solid #b6ccff;font-size:12px;font-weight:bold\">\n  CTF\n<\/span>\n<div style=\"margin-bottom: 32px\">\n  <h2><strong>CTF : Ranking parcial<\/strong><\/h2>\n  <p>Revisi\u00f3n intermedia de la clasificaci\u00f3n del CTF durante la segunda jornada.<\/p>\n  <div style=\"height: 8px\"><\/div>\n  <p>\ud83d\uddd3\ufe0f Mi\u00e9rcoles 22 de abril, 14:15<\/p>\n  <p>\ud83d\udccd Lugar: Sal\u00f3n de Actos<\/p>\n  <p>\ud83e\udd1d Patrocinadores: INCIBE, CEEI<\/p>\n<\/div>\n\n\n\n<div class=\"wp-block-buttons is-layout-flex wp-block-buttons-is-layout-flex\">\n<div class=\"wp-block-button\"><a class=\"wp-block-button__link has-background wp-element-button\" href=\"https:\/\/docs.google.com\/forms\/d\/e\/1FAIpQLSeB1IIcLATuoTF4ZOCdfzRfRPNp3W8dvYZ4QO_7kVLsdySItw\/viewform\" style=\"border-top-left-radius:0px;border-top-right-radius:0px;border-bottom-left-radius:0px;border-bottom-right-radius:0px;background-color:#b30033\">Inscripci\u00f3n CTF<\/a><\/div>\n<\/div>\n<\/div>\n<\/div>\n\n\n\n<hr class=\"wp-block-separator has-alpha-channel-opacity\" \/>\n<\/div>\n\n\n\n<div class=\"wp-block-group is-layout-flow wp-block-group-is-layout-flow\">\n<div class=\"wp-block-columns is-layout-flex wp-container-core-columns-is-layout-28f84493 wp-block-columns-is-layout-flex\">\n<div class=\"wp-block-column is-layout-flow wp-block-column-is-layout-flow\">\n<figure class=\"wp-block-image size-large\"><img loading=\"lazy\" decoding=\"async\" width=\"1024\" height=\"683\" src=\"https:\/\/blog.uclm.es\/delegacionesiiab\/wp-content\/uploads\/sites\/252\/2026\/04\/methodshop-hacking-2964100_1920-1024x683.jpg\" alt=\"\" class=\"wp-image-628\" style=\"aspect-ratio:16\/9;object-fit:cover\" srcset=\"https:\/\/blog.uclm.es\/delegacionesiiab\/wp-content\/uploads\/sites\/252\/2026\/04\/methodshop-hacking-2964100_1920-1024x683.jpg 1024w, https:\/\/blog.uclm.es\/delegacionesiiab\/wp-content\/uploads\/sites\/252\/2026\/04\/methodshop-hacking-2964100_1920-300x200.jpg 300w, https:\/\/blog.uclm.es\/delegacionesiiab\/wp-content\/uploads\/sites\/252\/2026\/04\/methodshop-hacking-2964100_1920-768x512.jpg 768w, https:\/\/blog.uclm.es\/delegacionesiiab\/wp-content\/uploads\/sites\/252\/2026\/04\/methodshop-hacking-2964100_1920-1536x1024.jpg 1536w, https:\/\/blog.uclm.es\/delegacionesiiab\/wp-content\/uploads\/sites\/252\/2026\/04\/methodshop-hacking-2964100_1920.jpg 1920w\" sizes=\"auto, (max-width: 1024px) 100vw, 1024px\" \/><\/figure>\n<\/div>\n\n\n\n<div class=\"wp-block-column is-layout-flow wp-block-column-is-layout-flow\">\n<span style=\"display:inline-block;padding:4px 10px;border-radius:999px;background:#e0edff;color:#1849a9;border:1px solid #b6ccff;font-size:12px;font-weight:bold\">\n  EXCLUSIVO INSCRITOS EN CTF\n<\/span>\n<div style=\"margin-bottom: 32px\">\n  <h2><strong>CTF : Comida<\/strong><\/h2>\n  <p>Pausa para la comida dentro de la programaci\u00f3n del CTF antes de retomar las actividades de la tarde.<\/p>\n  <div style=\"height: 8px\"><\/div>\n  <p>\ud83d\uddd3\ufe0f Mi\u00e9rcoles 22 de abril, 14:30<\/p>\n  <p>\ud83d\udccd Lugar: Sal\u00f3n de Actos<\/p>\n  <p>\ud83e\udd1d Patrocinadores: INCIBE, CEEI<\/p>\n<\/div>\n\n\n\n<div class=\"wp-block-buttons is-layout-flex wp-block-buttons-is-layout-flex\">\n<div class=\"wp-block-button\"><a class=\"wp-block-button__link has-background wp-element-button\" href=\"https:\/\/docs.google.com\/forms\/d\/e\/1FAIpQLSeB1IIcLATuoTF4ZOCdfzRfRPNp3W8dvYZ4QO_7kVLsdySItw\/viewform\" style=\"border-top-left-radius:0px;border-top-right-radius:0px;border-bottom-left-radius:0px;border-bottom-right-radius:0px;background-color:#b30033\">Inscripci\u00f3n CTF<\/a><\/div>\n<\/div>\n<\/div>\n<\/div>\n\n\n\n<hr class=\"wp-block-separator has-alpha-channel-opacity\" \/>\n<\/div>\n\n\n\n<div class=\"wp-block-group is-layout-flow wp-block-group-is-layout-flow\">\n<div class=\"wp-block-columns is-layout-flex wp-container-core-columns-is-layout-28f84493 wp-block-columns-is-layout-flex\">\n<div class=\"wp-block-column is-layout-flow wp-block-column-is-layout-flow\">\n<figure class=\"wp-block-image size-full is-resized\"><img loading=\"lazy\" decoding=\"async\" width=\"590\" height=\"336\" src=\"https:\/\/blog.uclm.es\/delegacionesiiab\/wp-content\/uploads\/sites\/252\/2026\/04\/mario-kart-world-file-348ac785.jpg.webp\" alt=\"\" class=\"wp-image-631\" style=\"aspect-ratio:16\/9;object-fit:cover;width:738px;height:auto\" srcset=\"https:\/\/blog.uclm.es\/delegacionesiiab\/wp-content\/uploads\/sites\/252\/2026\/04\/mario-kart-world-file-348ac785.jpg.webp 590w, https:\/\/blog.uclm.es\/delegacionesiiab\/wp-content\/uploads\/sites\/252\/2026\/04\/mario-kart-world-file-348ac785.jpg-300x171.webp 300w\" sizes=\"auto, (max-width: 590px) 100vw, 590px\" \/><\/figure>\n<\/div>\n\n\n\n<div class=\"wp-block-column is-layout-flow wp-block-column-is-layout-flow\">\n<div style=\"margin-bottom: 32px\">\n  <h2><strong>Torneo: Mario Kart Wii<\/strong><\/h2>\n  <p>Nueva sesi\u00f3n del torneo de Mario Kart Wii para competir en carreras y avanzar en el cuadro o clasificaci\u00f3n del torneo.<\/p>\n  <div style=\"height: 8px\"><\/div>\n  <p>\ud83d\uddd3\ufe0f Mi\u00e9rcoles 22 de abril, 16:00<\/p>\n  <p>\ud83d\udccd Lugar: Aula 1.13<\/p>\n<\/div>\n\n\n\n<div class=\"wp-block-buttons is-layout-flex wp-block-buttons-is-layout-flex\">\n<div class=\"wp-block-button\"><a class=\"wp-block-button__link has-background wp-element-button\" href=\"https:\/\/forms.cloud.microsoft\/e\/iMT7U7tJXE\" style=\"border-top-left-radius:0px;border-top-right-radius:0px;border-bottom-left-radius:0px;border-bottom-right-radius:0px;background-color:#b30033\">Inscripci\u00f3n Torneo (ABIERTA)<\/a><\/div>\n<\/div>\n<\/div>\n<\/div>\n\n\n\n<hr class=\"wp-block-separator has-alpha-channel-opacity\" \/>\n<\/div>\n\n\n\n<div class=\"wp-block-group is-layout-flow wp-block-group-is-layout-flow\">\n<div class=\"wp-block-columns is-layout-flex wp-container-core-columns-is-layout-28f84493 wp-block-columns-is-layout-flex\">\n<div class=\"wp-block-column is-layout-flow wp-block-column-is-layout-flow\">\n<figure class=\"wp-block-image size-full\"><img loading=\"lazy\" decoding=\"async\" width=\"1920\" height=\"1280\" src=\"https:\/\/blog.uclm.es\/delegacionesiiab\/wp-content\/uploads\/sites\/252\/2026\/04\/jeppesmednielsen-ball-1930189_1920.jpg\" alt=\"\" class=\"wp-image-633\" style=\"aspect-ratio:16\/9;object-fit:cover\" srcset=\"https:\/\/blog.uclm.es\/delegacionesiiab\/wp-content\/uploads\/sites\/252\/2026\/04\/jeppesmednielsen-ball-1930189_1920.jpg 1920w, https:\/\/blog.uclm.es\/delegacionesiiab\/wp-content\/uploads\/sites\/252\/2026\/04\/jeppesmednielsen-ball-1930189_1920-300x200.jpg 300w, https:\/\/blog.uclm.es\/delegacionesiiab\/wp-content\/uploads\/sites\/252\/2026\/04\/jeppesmednielsen-ball-1930189_1920-1024x683.jpg 1024w, https:\/\/blog.uclm.es\/delegacionesiiab\/wp-content\/uploads\/sites\/252\/2026\/04\/jeppesmednielsen-ball-1930189_1920-768x512.jpg 768w, https:\/\/blog.uclm.es\/delegacionesiiab\/wp-content\/uploads\/sites\/252\/2026\/04\/jeppesmednielsen-ball-1930189_1920-1536x1024.jpg 1536w\" sizes=\"auto, (max-width: 1920px) 100vw, 1920px\" \/><\/figure>\n<\/div>\n\n\n\n<div class=\"wp-block-column is-layout-flow wp-block-column-is-layout-flow\">\n<div style=\"margin-bottom: 32px\">\n  <h2><strong>Torneo: F\u00fatbol Sala<\/strong><\/h2>\n  <p>Jornada de torneo de f\u00fatbol sala con partidos entre equipos dentro de la programaci\u00f3n deportiva del evento.<\/p>\n  <div style=\"height: 8px\"><\/div>\n  <p>\ud83d\uddd3\ufe0f Mi\u00e9rcoles 22 de abril, 16:00<\/p>\n  <p>\ud83d\udccd Lugar: Pabell\u00f3n Polideportivo UCLM<\/p>\n<div style=\"margin-top: 12px;padding: 10px;border: 1px solid #b30033;border-left: 5px solid #b30033;background-color: #fff5f5;color: #b30033;font-size: 0.9em;border-radius: 4px\">\n    <strong>\u26a0\ufe0f Aviso:<\/strong> El horario es temporal a falta de confirmaci\u00f3n del servicio de deportes de la UCLM.\n  <\/div>\n<\/div>\n\n\n\n<div class=\"wp-block-buttons is-layout-flex wp-block-buttons-is-layout-flex\">\n<div class=\"wp-block-button\"><a class=\"wp-block-button__link has-background wp-element-button\" href=\"https:\/\/forms.cloud.microsoft\/e\/bkFAeLb238\" style=\"border-top-left-radius:0px;border-top-right-radius:0px;border-bottom-left-radius:0px;border-bottom-right-radius:0px;background-color:#b30033\">Inscripci\u00f3n Torneo (ABIERTA)<\/a><\/div>\n<\/div>\n<\/div>\n<\/div>\n\n\n\n<hr class=\"wp-block-separator has-alpha-channel-opacity\" \/>\n<\/div>\n\n\n\n<div class=\"wp-block-group is-layout-flow wp-block-group-is-layout-flow\">\n<div class=\"wp-block-columns is-layout-flex wp-container-core-columns-is-layout-28f84493 wp-block-columns-is-layout-flex\">\n<div class=\"wp-block-column is-layout-flow wp-block-column-is-layout-flow\">\n<figure class=\"wp-block-image size-large\"><img loading=\"lazy\" decoding=\"async\" width=\"1024\" height=\"683\" src=\"https:\/\/blog.uclm.es\/delegacionesiiab\/wp-content\/uploads\/sites\/252\/2026\/04\/methodshop-hacking-2964100_1920-1024x683.jpg\" alt=\"\" class=\"wp-image-628\" style=\"aspect-ratio:16\/9;object-fit:cover\" srcset=\"https:\/\/blog.uclm.es\/delegacionesiiab\/wp-content\/uploads\/sites\/252\/2026\/04\/methodshop-hacking-2964100_1920-1024x683.jpg 1024w, https:\/\/blog.uclm.es\/delegacionesiiab\/wp-content\/uploads\/sites\/252\/2026\/04\/methodshop-hacking-2964100_1920-300x200.jpg 300w, https:\/\/blog.uclm.es\/delegacionesiiab\/wp-content\/uploads\/sites\/252\/2026\/04\/methodshop-hacking-2964100_1920-768x512.jpg 768w, https:\/\/blog.uclm.es\/delegacionesiiab\/wp-content\/uploads\/sites\/252\/2026\/04\/methodshop-hacking-2964100_1920-1536x1024.jpg 1536w, https:\/\/blog.uclm.es\/delegacionesiiab\/wp-content\/uploads\/sites\/252\/2026\/04\/methodshop-hacking-2964100_1920.jpg 1920w\" sizes=\"auto, (max-width: 1024px) 100vw, 1024px\" \/><\/figure>\n<\/div>\n\n\n\n<div class=\"wp-block-column is-layout-flow wp-block-column-is-layout-flow\">\n<span style=\"display:inline-block;padding:4px 10px;border-radius:999px;background:#e0edff;color:#1849a9;border:1px solid #b6ccff;font-size:12px;font-weight:bold\">\nCTF\n<\/span>\n<div style=\"margin-bottom: 32px\">\n  <h2><strong>CTF : P\u00edldora 4: Hacking Web desde cero: encuentra y explota vulnerabilidades reales<\/strong><\/h2>\n  <p>Sesi\u00f3n introductoria y pr\u00e1ctica sobre hacking web, orientada a localizar y explotar vulnerabilidades reales desde una base accesible.<\/p>\n  <div style=\"height: 8px\"><\/div>\n  <p>\ud83d\uddd3\ufe0f Mi\u00e9rcoles 22 de abril, 16:45<\/p>\n  <p>\ud83d\udccd Lugar: Sal\u00f3n de Actos<\/p>\n  <p>\ud83c\udfa4 Ponentes: Javier Carrillo<\/p>\n  <p>\ud83e\udd1d Patrocinadores: INCIBE, CEEI<\/p>\n<\/div>\n\n\n\n<div class=\"wp-block-buttons is-layout-flex wp-block-buttons-is-layout-flex\">\n<div class=\"wp-block-button\"><a class=\"wp-block-button__link has-background wp-element-button\" href=\"https:\/\/docs.google.com\/forms\/d\/e\/1FAIpQLSeB1IIcLATuoTF4ZOCdfzRfRPNp3W8dvYZ4QO_7kVLsdySItw\/viewform\" style=\"border-top-left-radius:0px;border-top-right-radius:0px;border-bottom-left-radius:0px;border-bottom-right-radius:0px;background-color:#b30033\">Inscripci\u00f3n CTF<\/a><\/div>\n<\/div>\n<\/div>\n<\/div>\n\n\n\n<hr class=\"wp-block-separator has-alpha-channel-opacity\" \/>\n<\/div>\n\n\n\n<div class=\"wp-block-group is-layout-flow wp-block-group-is-layout-flow\">\n<div class=\"wp-block-columns is-layout-flex wp-container-core-columns-is-layout-28f84493 wp-block-columns-is-layout-flex\">\n<div class=\"wp-block-column is-layout-flow wp-block-column-is-layout-flow\">\n<figure class=\"wp-block-image size-large\"><img loading=\"lazy\" decoding=\"async\" width=\"1024\" height=\"683\" src=\"https:\/\/blog.uclm.es\/delegacionesiiab\/wp-content\/uploads\/sites\/252\/2026\/04\/methodshop-hacking-2964100_1920-1024x683.jpg\" alt=\"\" class=\"wp-image-628\" style=\"aspect-ratio:16\/9;object-fit:cover\" srcset=\"https:\/\/blog.uclm.es\/delegacionesiiab\/wp-content\/uploads\/sites\/252\/2026\/04\/methodshop-hacking-2964100_1920-1024x683.jpg 1024w, https:\/\/blog.uclm.es\/delegacionesiiab\/wp-content\/uploads\/sites\/252\/2026\/04\/methodshop-hacking-2964100_1920-300x200.jpg 300w, https:\/\/blog.uclm.es\/delegacionesiiab\/wp-content\/uploads\/sites\/252\/2026\/04\/methodshop-hacking-2964100_1920-768x512.jpg 768w, https:\/\/blog.uclm.es\/delegacionesiiab\/wp-content\/uploads\/sites\/252\/2026\/04\/methodshop-hacking-2964100_1920-1536x1024.jpg 1536w, https:\/\/blog.uclm.es\/delegacionesiiab\/wp-content\/uploads\/sites\/252\/2026\/04\/methodshop-hacking-2964100_1920.jpg 1920w\" sizes=\"auto, (max-width: 1024px) 100vw, 1024px\" \/><\/figure>\n<\/div>\n\n\n\n<div class=\"wp-block-column is-layout-flow wp-block-column-is-layout-flow\">\n<span style=\"display:inline-block;padding:4px 10px;border-radius:999px;background:#e0edff;color:#1849a9;border:1px solid #b6ccff;font-size:12px;font-weight:bold\">\nCTF\n<\/span>\n<div style=\"margin-bottom: 32px\">\n  <h2><strong>CTF : Tiempo libre CTF<\/strong><\/h2>\n  <p>\u00daltimo bloque libre del CTF para resolver retos pendientes y tratar de mejorar la posici\u00f3n final en la clasificaci\u00f3n.<\/p>\n  <div style=\"height: 8px\"><\/div>\n  <p>\ud83d\uddd3\ufe0f Mi\u00e9rcoles 22 de abril, 17:30<\/p>\n  <p>\ud83d\udccd Lugar: Sal\u00f3n de Actos<\/p>\n  <p>\ud83e\udd1d Patrocinadores: INCIBE, CEEI<\/p>\n<\/div>\n\n\n\n<div class=\"wp-block-buttons is-layout-flex wp-block-buttons-is-layout-flex\">\n<div class=\"wp-block-button\"><a class=\"wp-block-button__link has-background wp-element-button\" href=\"https:\/\/docs.google.com\/forms\/d\/e\/1FAIpQLSeB1IIcLATuoTF4ZOCdfzRfRPNp3W8dvYZ4QO_7kVLsdySItw\/viewform\" style=\"border-top-left-radius:0px;border-top-right-radius:0px;border-bottom-left-radius:0px;border-bottom-right-radius:0px;background-color:#b30033\">Inscripci\u00f3n CTF<\/a><\/div>\n<\/div>\n<\/div>\n<\/div>\n\n\n\n<hr class=\"wp-block-separator has-alpha-channel-opacity\" \/>\n<\/div>\n\n\n\n<div class=\"wp-block-group is-layout-flow wp-block-group-is-layout-flow\">\n<div class=\"wp-block-columns is-layout-flex wp-container-core-columns-is-layout-28f84493 wp-block-columns-is-layout-flex\">\n<div class=\"wp-block-column is-layout-flow wp-block-column-is-layout-flow\">\n<figure class=\"wp-block-image size-full\"><img loading=\"lazy\" decoding=\"async\" width=\"1024\" height=\"572\" src=\"https:\/\/blog.uclm.es\/delegacionesiiab\/wp-content\/uploads\/sites\/252\/2026\/04\/image-2.png\" alt=\"\" class=\"wp-image-637\" srcset=\"https:\/\/blog.uclm.es\/delegacionesiiab\/wp-content\/uploads\/sites\/252\/2026\/04\/image-2.png 1024w, https:\/\/blog.uclm.es\/delegacionesiiab\/wp-content\/uploads\/sites\/252\/2026\/04\/image-2-300x168.png 300w, https:\/\/blog.uclm.es\/delegacionesiiab\/wp-content\/uploads\/sites\/252\/2026\/04\/image-2-768x429.png 768w\" sizes=\"auto, (max-width: 1024px) 100vw, 1024px\" \/><\/figure>\n<\/div>\n\n\n\n<div class=\"wp-block-column is-layout-flow wp-block-column-is-layout-flow\">\n<span style=\"display:inline-block;padding:4px 10px;border-radius:999px;background:#e0edff;color:#1849a9;border:1px solid #b6ccff;font-size:12px;font-weight:bold\">\nDelegaci\u00f3n ESII\n<\/span>\n<div style=\"margin-bottom: 32px\">\n  <h2><strong>Charla: Intensificaciones y TFG desde el punto de vista de los alumnos<\/strong><\/h2>\n  <p>Charla en la que alumnado de la ESIIAB comparte su experiencia sobre intensificaciones y trabajos de fin de grado desde una perspectiva pr\u00e1ctica y cercana.<\/p>\n  <div style=\"height: 8px\"><\/div>\n  <p>\ud83d\uddd3\ufe0f Mi\u00e9rcoles 22 de abril, 17:30<\/p>\n  <p>\ud83d\udccd Lugar: Aula 1.11<\/p>\n  <p>\ud83c\udfa4 Ponentes: Alumnos ESIIAB<\/p>\n<\/div>\n\n\n\n<div class=\"wp-block-file\"><a id=\"wp-block-file--media-0c13b79c-0a24-4881-8e93-d863d453a59f\" href=\"https:\/\/blog.uclm.es\/delegacionesiiab\/wp-content\/uploads\/sites\/252\/2026\/04\/ramas_esii_delegacion.pdf\">Presentaci\u00f3n utilizada durante la charla<\/a><a href=\"https:\/\/blog.uclm.es\/delegacionesiiab\/wp-content\/uploads\/sites\/252\/2026\/04\/ramas_esii_delegacion.pdf\" class=\"wp-block-file__button wp-element-button\" download aria-describedby=\"wp-block-file--media-0c13b79c-0a24-4881-8e93-d863d453a59f\">Descarga<\/a><\/div>\n<\/div>\n<\/div>\n\n\n\n<hr class=\"wp-block-separator has-alpha-channel-opacity\" \/>\n<\/div>\n\n\n\n<div class=\"wp-block-group is-layout-flow wp-block-group-is-layout-flow\">\n<div class=\"wp-block-columns is-layout-flex wp-container-core-columns-is-layout-28f84493 wp-block-columns-is-layout-flex\">\n<div class=\"wp-block-column is-layout-flow wp-block-column-is-layout-flow\">\n<figure class=\"wp-block-image size-large\"><img loading=\"lazy\" decoding=\"async\" width=\"1024\" height=\"683\" src=\"https:\/\/blog.uclm.es\/delegacionesiiab\/wp-content\/uploads\/sites\/252\/2026\/04\/methodshop-hacking-2964100_1920-1024x683.jpg\" alt=\"\" class=\"wp-image-628\" style=\"aspect-ratio:16\/9;object-fit:cover\" srcset=\"https:\/\/blog.uclm.es\/delegacionesiiab\/wp-content\/uploads\/sites\/252\/2026\/04\/methodshop-hacking-2964100_1920-1024x683.jpg 1024w, https:\/\/blog.uclm.es\/delegacionesiiab\/wp-content\/uploads\/sites\/252\/2026\/04\/methodshop-hacking-2964100_1920-300x200.jpg 300w, https:\/\/blog.uclm.es\/delegacionesiiab\/wp-content\/uploads\/sites\/252\/2026\/04\/methodshop-hacking-2964100_1920-768x512.jpg 768w, https:\/\/blog.uclm.es\/delegacionesiiab\/wp-content\/uploads\/sites\/252\/2026\/04\/methodshop-hacking-2964100_1920-1536x1024.jpg 1536w, https:\/\/blog.uclm.es\/delegacionesiiab\/wp-content\/uploads\/sites\/252\/2026\/04\/methodshop-hacking-2964100_1920.jpg 1920w\" sizes=\"auto, (max-width: 1024px) 100vw, 1024px\" \/><\/figure>\n<\/div>\n\n\n\n<div class=\"wp-block-column is-layout-flow wp-block-column-is-layout-flow\">\n<span style=\"display:inline-block;padding:4px 10px;border-radius:999px;background:#e0edff;color:#1849a9;border:1px solid #b6ccff;font-size:12px;font-weight:bold\">\nCTF\n<\/span>\n<div style=\"margin-bottom: 32px\">\n  <h2><strong>CTF : Ranking final, entrega de premios y clausura<\/strong><\/h2>\n  <p>Cierre oficial del CTF con publicaci\u00f3n del ranking final, entrega de premios y clausura de la competici\u00f3n.<\/p>\n  <div style=\"height: 8px\"><\/div>\n  <p>\ud83d\uddd3\ufe0f Mi\u00e9rcoles 22 de abril, 18:30<\/p>\n  <p>\ud83d\udccd Lugar: Sal\u00f3n de Actos<\/p>\n  <p>\ud83e\udd1d Patrocinadores: INCIBE, CEEI<\/p>\n<\/div>\n\n\n\n<div class=\"wp-block-buttons is-layout-flex wp-block-buttons-is-layout-flex\">\n<div class=\"wp-block-button\"><a class=\"wp-block-button__link has-background wp-element-button\" href=\"https:\/\/docs.google.com\/forms\/d\/e\/1FAIpQLSeB1IIcLATuoTF4ZOCdfzRfRPNp3W8dvYZ4QO_7kVLsdySItw\/viewform\" style=\"border-top-left-radius:0px;border-top-right-radius:0px;border-bottom-left-radius:0px;border-bottom-right-radius:0px;background-color:#b30033\">Inscripci\u00f3n CTF<\/a><\/div>\n<\/div>\n<\/div>\n<\/div>\n\n\n\n<hr class=\"wp-block-separator has-alpha-channel-opacity\" \/>\n<\/div>\n\n\n\n<p class=\"is-style-default has-base-color has-contrast-background-color has-text-color has-background has-link-color has-xx-large-font-size wp-elements-0ac92d0f939457f96d77df01d6ceecc4\" id=\"jueves\"><strong>Jueves <\/strong>23 de abril<\/p>\n\n\n\n<div class=\"wp-block-group is-layout-flow wp-block-group-is-layout-flow\">\n<div class=\"wp-block-columns is-layout-flex wp-container-core-columns-is-layout-28f84493 wp-block-columns-is-layout-flex\">\n<div class=\"wp-block-column is-layout-flow wp-block-column-is-layout-flow\">\n<figure class=\"wp-block-image size-full\"><img loading=\"lazy\" decoding=\"async\" width=\"1080\" height=\"720\" src=\"https:\/\/blog.uclm.es\/delegacionesiiab\/wp-content\/uploads\/sites\/252\/2026\/04\/AIRBUS-HELICOPTERS.jpg\" alt=\"\" class=\"wp-image-649\" style=\"aspect-ratio:16\/9;object-fit:cover\" srcset=\"https:\/\/blog.uclm.es\/delegacionesiiab\/wp-content\/uploads\/sites\/252\/2026\/04\/AIRBUS-HELICOPTERS.jpg 1080w, https:\/\/blog.uclm.es\/delegacionesiiab\/wp-content\/uploads\/sites\/252\/2026\/04\/AIRBUS-HELICOPTERS-300x200.jpg 300w, https:\/\/blog.uclm.es\/delegacionesiiab\/wp-content\/uploads\/sites\/252\/2026\/04\/AIRBUS-HELICOPTERS-1024x683.jpg 1024w, https:\/\/blog.uclm.es\/delegacionesiiab\/wp-content\/uploads\/sites\/252\/2026\/04\/AIRBUS-HELICOPTERS-768x512.jpg 768w\" sizes=\"auto, (max-width: 1080px) 100vw, 1080px\" \/><\/figure>\n<\/div>\n\n\n\n<div class=\"wp-block-column is-layout-flow wp-block-column-is-layout-flow\">\n<div style=\"margin-bottom: 32px\">\n  <h2><strong>Innovaci\u00f3n Digital (IA, datos y tecnolog\u00edas inmersivas) en Airbus<\/strong><\/h2>\n  <p>Explora c\u00f3mo Airbus integra la IA, el an\u00e1lisis de datos y las tecnolog\u00edas inmersivas para redefinir el futuro de la industria aeroespacial. Descubre c\u00f3mo estas herramientas digitales optimizan el dise\u00f1o, la fabricaci\u00f3n y el mantenimiento de la aviaci\u00f3n moderna.<\/p>\n  <div style=\"height: 8px\"><\/div>\n  <p>\ud83d\uddd3\ufe0f Jueves 23 de abril, 11:30<\/p>\n  <p>\ud83d\udccd Lugar: Aula 1.13<\/p>\n  <p>\ud83c\udfa4 Ponentes: Manuel Villalba Cifuentes y Carlos L\u00f3pez Alfaro\n  <p> \ud83e\udd1d Patrocinadores: Airbus\n<\/div>\n<\/div>\n<\/div>\n\n\n\n<hr class=\"wp-block-separator has-alpha-channel-opacity\" \/>\n<\/div>\n\n\n\n<div class=\"wp-block-group is-layout-flow wp-block-group-is-layout-flow\">\n<div class=\"wp-block-columns is-layout-flex wp-container-core-columns-is-layout-28f84493 wp-block-columns-is-layout-flex\">\n<div class=\"wp-block-column is-layout-flow wp-block-column-is-layout-flow\">\n<figure class=\"wp-block-image size-full\"><img loading=\"lazy\" decoding=\"async\" width=\"1672\" height=\"941\" src=\"https:\/\/blog.uclm.es\/delegacionesiiab\/wp-content\/uploads\/sites\/252\/2026\/04\/ChatGPT-Image-23-abr-2026-10_03_07.png\" alt=\"\" class=\"wp-image-659\" style=\"aspect-ratio:16\/9;object-fit:cover\" srcset=\"https:\/\/blog.uclm.es\/delegacionesiiab\/wp-content\/uploads\/sites\/252\/2026\/04\/ChatGPT-Image-23-abr-2026-10_03_07.png 1672w, https:\/\/blog.uclm.es\/delegacionesiiab\/wp-content\/uploads\/sites\/252\/2026\/04\/ChatGPT-Image-23-abr-2026-10_03_07-300x169.png 300w, https:\/\/blog.uclm.es\/delegacionesiiab\/wp-content\/uploads\/sites\/252\/2026\/04\/ChatGPT-Image-23-abr-2026-10_03_07-1024x576.png 1024w, https:\/\/blog.uclm.es\/delegacionesiiab\/wp-content\/uploads\/sites\/252\/2026\/04\/ChatGPT-Image-23-abr-2026-10_03_07-768x432.png 768w, https:\/\/blog.uclm.es\/delegacionesiiab\/wp-content\/uploads\/sites\/252\/2026\/04\/ChatGPT-Image-23-abr-2026-10_03_07-1536x864.png 1536w\" sizes=\"auto, (max-width: 1672px) 100vw, 1672px\" \/><\/figure>\n<\/div>\n\n\n\n<div class=\"wp-block-column is-layout-flow wp-block-column-is-layout-flow\">\n<div style=\"margin-bottom: 32px\">\n  <h2><strong>Albacete Mesh y Meshtastic: Aplicaci\u00f3n pr\u00e1ctica de LoRa<\/strong><\/h2>\n  <p>Descubre Meshtastic, la red de mensajer\u00eda descentralizada y de c\u00f3digo abierto basada en tecnolog\u00eda LoRa. Aprender\u00e1s a establecer comunicaciones sin depender de las operadoras m\u00f3viles, a configurar tu propio nodo y a formar parte de la red mesh local.<\/p>\n  <div style=\"height: 8px\"><\/div>\n  <p>\ud83d\uddd3\ufe0f Jueves 23 de abril, 12:30<\/p>\n  <p>\ud83d\udccd Lugar: Aula 1.13<\/p>\n  <p>\ud83c\udfa4 Ponentes: Comunidad Albacete Mesh<\/p>\n  <p>\ud83d\udd17 M\u00e1s info: <a href=\"https:\/\/albacetemesh.es\/\">albacetemesh.es<\/a><\/p>\n<\/div>\n<\/div>\n<\/div>\n\n\n\n<hr class=\"wp-block-separator has-alpha-channel-opacity\" \/>\n<\/div>\n\n\n\n<div class=\"wp-block-group is-layout-flow wp-block-group-is-layout-flow\">\n<div class=\"wp-block-columns is-layout-flex wp-container-core-columns-is-layout-28f84493 wp-block-columns-is-layout-flex\">\n<div class=\"wp-block-column is-layout-flow wp-block-column-is-layout-flow\">\n<figure class=\"wp-block-image size-full is-resized\"><img loading=\"lazy\" decoding=\"async\" width=\"590\" height=\"336\" src=\"https:\/\/blog.uclm.es\/delegacionesiiab\/wp-content\/uploads\/sites\/252\/2026\/04\/mario-kart-world-file-348ac785.jpg.webp\" alt=\"\" class=\"wp-image-631\" style=\"aspect-ratio:1.7777777777777777;object-fit:cover;width:738px;height:auto\" srcset=\"https:\/\/blog.uclm.es\/delegacionesiiab\/wp-content\/uploads\/sites\/252\/2026\/04\/mario-kart-world-file-348ac785.jpg.webp 590w, https:\/\/blog.uclm.es\/delegacionesiiab\/wp-content\/uploads\/sites\/252\/2026\/04\/mario-kart-world-file-348ac785.jpg-300x171.webp 300w\" sizes=\"auto, (max-width: 590px) 100vw, 590px\" \/><\/figure>\n<\/div>\n\n\n\n<div class=\"wp-block-column is-layout-flow wp-block-column-is-layout-flow\">\n<div style=\"margin-bottom: 32px\">\n  <h2><strong>Torneo: Mario Kart Wii<\/strong><\/h2>\n  <p>Nueva jornada del torneo de Mario Kart Wii con pruebas y enfrentamientos para decidir posiciones y posibles finalistas.<\/p>\n  <div style=\"height: 8px\"><\/div>\n  <p>\ud83d\uddd3\ufe0f Jueves 23 de abril, 16:00<\/p>\n  <p>\ud83d\udccd Lugar: Aula 1.13<\/p>\n<\/div>\n\n\n\n<div class=\"wp-block-buttons is-layout-flex wp-block-buttons-is-layout-flex\">\n<div class=\"wp-block-button\"><a class=\"wp-block-button__link has-background wp-element-button\" href=\"https:\/\/forms.cloud.microsoft\/e\/iMT7U7tJXE\" style=\"border-top-left-radius:0px;border-top-right-radius:0px;border-bottom-left-radius:0px;border-bottom-right-radius:0px;background-color:#b30033\">Inscripci\u00f3n Torneo (ABIERTA)<\/a><\/div>\n<\/div>\n<\/div>\n<\/div>\n\n\n\n<hr class=\"wp-block-separator has-alpha-channel-opacity\" \/>\n<\/div>\n\n\n\n<div class=\"wp-block-group is-layout-flow wp-block-group-is-layout-flow\">\n<div class=\"wp-block-columns is-layout-flex wp-container-core-columns-is-layout-28f84493 wp-block-columns-is-layout-flex\">\n<div class=\"wp-block-column is-layout-flow wp-block-column-is-layout-flow\">\n<figure class=\"wp-block-image size-full\"><img loading=\"lazy\" decoding=\"async\" width=\"1920\" height=\"1280\" src=\"https:\/\/blog.uclm.es\/delegacionesiiab\/wp-content\/uploads\/sites\/252\/2026\/04\/jeppesmednielsen-ball-1930189_1920.jpg\" alt=\"\" class=\"wp-image-633\" style=\"aspect-ratio:16\/9;object-fit:cover\" srcset=\"https:\/\/blog.uclm.es\/delegacionesiiab\/wp-content\/uploads\/sites\/252\/2026\/04\/jeppesmednielsen-ball-1930189_1920.jpg 1920w, https:\/\/blog.uclm.es\/delegacionesiiab\/wp-content\/uploads\/sites\/252\/2026\/04\/jeppesmednielsen-ball-1930189_1920-300x200.jpg 300w, https:\/\/blog.uclm.es\/delegacionesiiab\/wp-content\/uploads\/sites\/252\/2026\/04\/jeppesmednielsen-ball-1930189_1920-1024x683.jpg 1024w, https:\/\/blog.uclm.es\/delegacionesiiab\/wp-content\/uploads\/sites\/252\/2026\/04\/jeppesmednielsen-ball-1930189_1920-768x512.jpg 768w, https:\/\/blog.uclm.es\/delegacionesiiab\/wp-content\/uploads\/sites\/252\/2026\/04\/jeppesmednielsen-ball-1930189_1920-1536x1024.jpg 1536w\" sizes=\"auto, (max-width: 1920px) 100vw, 1920px\" \/><\/figure>\n<\/div>\n\n\n\n<div class=\"wp-block-column is-layout-flow wp-block-column-is-layout-flow\">\n<div style=\"margin-bottom: 32px\">\n  <h2><strong>Torneo: F\u00fatbol Sala. Final<\/strong><\/h2>\n  <p>Fase final del torneo de f\u00fatbol sala, destinada a decidir el equipo ganador de la competici\u00f3n.<\/p>\n  <div style=\"height: 8px\"><\/div>\n  <p>\ud83d\uddd3\ufe0f Jueves 23 de abril, 16:00<\/p>\n  <p>\ud83d\udccd Lugar: Pabell\u00f3n Polideportivo UCLM<\/p>\n<div style=\"margin-top: 12px;padding: 10px;border: 1px solid #b30033;border-left: 5px solid #b30033;background-color: #fff5f5;color: #b30033;font-size: 0.9em;border-radius: 4px\">\n    <strong>\u26a0\ufe0f Aviso:<\/strong> El horario es temporal a falta de confirmaci\u00f3n del servicio de deportes de la UCLM.\n  <\/div>\n<\/div>\n\n\n\n<div class=\"wp-block-buttons is-layout-flex wp-block-buttons-is-layout-flex\">\n<div class=\"wp-block-button\"><a class=\"wp-block-button__link has-background wp-element-button\" href=\"https:\/\/forms.cloud.microsoft\/e\/bkFAeLb238\" style=\"border-top-left-radius:0px;border-top-right-radius:0px;border-bottom-left-radius:0px;border-bottom-right-radius:0px;background-color:#b30033\">Inscripci\u00f3n Torneo (ABIERTA)<\/a><\/div>\n<\/div>\n<\/div>\n<\/div>\n\n\n\n<hr class=\"wp-block-separator has-alpha-channel-opacity\" \/>\n<\/div>\n\n\n\n<div class=\"wp-block-group is-layout-flow wp-block-group-is-layout-flow\">\n<div class=\"wp-block-columns is-layout-flex wp-container-core-columns-is-layout-28f84493 wp-block-columns-is-layout-flex\">\n<div class=\"wp-block-column is-layout-flow wp-block-column-is-layout-flow\">\n<figure class=\"wp-block-image size-large\"><img loading=\"lazy\" decoding=\"async\" width=\"1024\" height=\"576\" src=\"https:\/\/blog.uclm.es\/delegacionesiiab\/wp-content\/uploads\/sites\/252\/2026\/04\/image-3-1024x576.png\" alt=\"\" class=\"wp-image-638\" srcset=\"https:\/\/blog.uclm.es\/delegacionesiiab\/wp-content\/uploads\/sites\/252\/2026\/04\/image-3-1024x576.png 1024w, https:\/\/blog.uclm.es\/delegacionesiiab\/wp-content\/uploads\/sites\/252\/2026\/04\/image-3-300x169.png 300w, https:\/\/blog.uclm.es\/delegacionesiiab\/wp-content\/uploads\/sites\/252\/2026\/04\/image-3-768x432.png 768w, https:\/\/blog.uclm.es\/delegacionesiiab\/wp-content\/uploads\/sites\/252\/2026\/04\/image-3.png 1280w\" sizes=\"auto, (max-width: 1024px) 100vw, 1024px\" \/><\/figure>\n<\/div>\n\n\n\n<div class=\"wp-block-column is-layout-flow wp-block-column-is-layout-flow\">\n<div style=\"margin-bottom: 32px\">\n  <h2><strong>Torneo: Pokemon Showdown<\/strong><\/h2>\n  <p>Torneo de Pokemon Showdown para participantes que quieran competir en combates estrat\u00e9gicos dentro del formato online.<\/p>\n  <div style=\"height: 8px\"><\/div>\n  <p>\ud83d\uddd3\ufe0f Jueves 23 de abril, 16:00<\/p>\n  <p>\ud83d\udccd Lugar: Aula 1.4<\/p>\n<\/div>\n\n\n\n<div class=\"wp-block-buttons is-layout-flex wp-block-buttons-is-layout-flex\">\n<div class=\"wp-block-button\"><a class=\"wp-block-button__link has-background wp-element-button\" href=\"https:\/\/forms.cloud.microsoft\/Pages\/ResponsePage.aspx?id=5rosxPRhjEmRB2qM9fAeVuD1TtBYAQZOkFydaaPD2CBUQTczUFlPR05IOFQwSUtOUjU2UzVGNlZBNS4u\" style=\"border-top-left-radius:0px;border-top-right-radius:0px;border-bottom-left-radius:0px;border-bottom-right-radius:0px;background-color:#b30033\">Inscripci\u00f3n Torneo (ABIERTA)<\/a><\/div>\n<\/div>\n<\/div>\n<\/div>\n\n\n\n<hr class=\"wp-block-separator has-alpha-channel-opacity\" \/>\n<\/div>\n\n\n\n<div class=\"wp-block-group is-layout-flow wp-block-group-is-layout-flow\">\n<div class=\"wp-block-columns is-layout-flex wp-container-core-columns-is-layout-28f84493 wp-block-columns-is-layout-flex\">\n<div class=\"wp-block-column is-layout-flow wp-block-column-is-layout-flow\">\n<figure class=\"wp-block-image size-large\"><img loading=\"lazy\" decoding=\"async\" width=\"1024\" height=\"683\" src=\"https:\/\/blog.uclm.es\/delegacionesiiab\/wp-content\/uploads\/sites\/252\/2026\/04\/jancickal-cats-5606202_1920-1024x683.jpg\" alt=\"\" class=\"wp-image-646\" style=\"aspect-ratio:16\/9;object-fit:cover\" srcset=\"https:\/\/blog.uclm.es\/delegacionesiiab\/wp-content\/uploads\/sites\/252\/2026\/04\/jancickal-cats-5606202_1920-1024x683.jpg 1024w, https:\/\/blog.uclm.es\/delegacionesiiab\/wp-content\/uploads\/sites\/252\/2026\/04\/jancickal-cats-5606202_1920-300x200.jpg 300w, https:\/\/blog.uclm.es\/delegacionesiiab\/wp-content\/uploads\/sites\/252\/2026\/04\/jancickal-cats-5606202_1920-768x512.jpg 768w, https:\/\/blog.uclm.es\/delegacionesiiab\/wp-content\/uploads\/sites\/252\/2026\/04\/jancickal-cats-5606202_1920-1536x1024.jpg 1536w, https:\/\/blog.uclm.es\/delegacionesiiab\/wp-content\/uploads\/sites\/252\/2026\/04\/jancickal-cats-5606202_1920.jpg 1920w\" sizes=\"auto, (max-width: 1024px) 100vw, 1024px\" \/><\/figure>\n<\/div>\n\n\n\n<div class=\"wp-block-column is-layout-flow wp-block-column-is-layout-flow\">\n<div style=\"margin-bottom: 32px\">\n  <h2><strong>Charla: Protectora \u00abEngatadas\u00bb<\/strong><\/h2>\n  <p>Descripci\u00f3n WIP.<\/p>\n  <div style=\"height: 8px\"><\/div>\n  <p>\ud83d\uddd3\ufe0f Jueves 23 de abril, 18:00<\/p>\n  <p>\ud83d\udccd Lugar: Aula 1.1<\/p>\n<\/div>\n<\/div>\n<\/div>\n<\/div>\n\n\n\n<p class=\"is-style-default has-base-color has-contrast-background-color has-text-color has-background has-link-color has-xx-large-font-size wp-elements-5fb9efe8c5548c9b4502e5b0f7843bbd\" id=\"viernes\"><strong>Viernes <\/strong>24 de abril<\/p>\n\n\n\n<div class=\"wp-block-group is-layout-flow wp-block-group-is-layout-flow\">\n<div class=\"wp-block-columns is-layout-flex wp-container-core-columns-is-layout-28f84493 wp-block-columns-is-layout-flex\">\n<div class=\"wp-block-column is-layout-flow wp-block-column-is-layout-flow\">\n<figure class=\"wp-block-image size-full\"><img loading=\"lazy\" decoding=\"async\" width=\"1920\" height=\"1280\" src=\"https:\/\/blog.uclm.es\/delegacionesiiab\/wp-content\/uploads\/sites\/252\/2026\/04\/sergeitokmakov-chatgpt-8101650_1920.jpg\" alt=\"\" class=\"wp-image-643\" style=\"aspect-ratio:16\/9;object-fit:cover\" srcset=\"https:\/\/blog.uclm.es\/delegacionesiiab\/wp-content\/uploads\/sites\/252\/2026\/04\/sergeitokmakov-chatgpt-8101650_1920.jpg 1920w, https:\/\/blog.uclm.es\/delegacionesiiab\/wp-content\/uploads\/sites\/252\/2026\/04\/sergeitokmakov-chatgpt-8101650_1920-300x200.jpg 300w, https:\/\/blog.uclm.es\/delegacionesiiab\/wp-content\/uploads\/sites\/252\/2026\/04\/sergeitokmakov-chatgpt-8101650_1920-1024x683.jpg 1024w, https:\/\/blog.uclm.es\/delegacionesiiab\/wp-content\/uploads\/sites\/252\/2026\/04\/sergeitokmakov-chatgpt-8101650_1920-768x512.jpg 768w, https:\/\/blog.uclm.es\/delegacionesiiab\/wp-content\/uploads\/sites\/252\/2026\/04\/sergeitokmakov-chatgpt-8101650_1920-1536x1024.jpg 1536w\" sizes=\"auto, (max-width: 1920px) 100vw, 1920px\" \/><\/figure>\n<\/div>\n\n\n\n<div class=\"wp-block-column is-layout-flow wp-block-column-is-layout-flow\">\n<div style=\"margin-bottom: 32px\">\n  <h2><strong>Charla: Inteligencia Artificial y TFG<\/strong><\/h2>\n  <p>Aclaramos c\u00f3mo utilizar herramientas de Inteligencia Artificial para tu Trabajo de Fin de Grado, de manera pr\u00e1ctica.<\/p>\n  <div style=\"height: 8px\"><\/div>\n  <p>\ud83d\uddd3\ufe0f Viernes 24 de abril, 10:00<\/p>\n  <p>\ud83d\udccd Lugar: Sal\u00f3n de Actos<\/p>\n  <p>\ud83c\udfa4 Ponentes: Francisco Parre\u00f1o<\/p>\n<\/div>\n<\/div>\n<\/div>\n\n\n\n<hr class=\"wp-block-separator has-alpha-channel-opacity\" \/>\n<\/div>\n\n\n\n<div class=\"wp-block-group is-layout-flow wp-block-group-is-layout-flow\">\n<div class=\"wp-block-columns is-layout-flex wp-container-core-columns-is-layout-28f84493 wp-block-columns-is-layout-flex\">\n<div class=\"wp-block-column is-layout-flow wp-block-column-is-layout-flow\">\n<figure class=\"wp-block-image size-full\"><img loading=\"lazy\" decoding=\"async\" width=\"1920\" height=\"1440\" src=\"https:\/\/blog.uclm.es\/delegacionesiiab\/wp-content\/uploads\/sites\/252\/2026\/04\/fancycrave1-coffee-819362_1920.jpg\" alt=\"\" class=\"wp-image-639\" style=\"aspect-ratio:16\/9;object-fit:cover\" srcset=\"https:\/\/blog.uclm.es\/delegacionesiiab\/wp-content\/uploads\/sites\/252\/2026\/04\/fancycrave1-coffee-819362_1920.jpg 1920w, https:\/\/blog.uclm.es\/delegacionesiiab\/wp-content\/uploads\/sites\/252\/2026\/04\/fancycrave1-coffee-819362_1920-300x225.jpg 300w, https:\/\/blog.uclm.es\/delegacionesiiab\/wp-content\/uploads\/sites\/252\/2026\/04\/fancycrave1-coffee-819362_1920-1024x768.jpg 1024w, https:\/\/blog.uclm.es\/delegacionesiiab\/wp-content\/uploads\/sites\/252\/2026\/04\/fancycrave1-coffee-819362_1920-768x576.jpg 768w, https:\/\/blog.uclm.es\/delegacionesiiab\/wp-content\/uploads\/sites\/252\/2026\/04\/fancycrave1-coffee-819362_1920-1536x1152.jpg 1536w\" sizes=\"auto, (max-width: 1920px) 100vw, 1920px\" \/><\/figure>\n<\/div>\n\n\n\n<div class=\"wp-block-column is-layout-flow wp-block-column-is-layout-flow\">\n<div style=\"margin-bottom: 32px\">\n  <h2><strong>Coffee Break<\/strong><\/h2>\n  <p>Pausa para caf\u00e9 y encuentro informal entre asistentes dentro de la programaci\u00f3n de la semana cultural. Caf\u00e9, zumo y boller\u00eda para los asistentes. While supplies last!<\/p>\n  <div style=\"height: 8px\"><\/div>\n  <p>\ud83d\uddd3\ufe0f Viernes 24 de abril, 11:15<\/p>\n  <p>\ud83d\udccd Lugar: Pasillo 1\u00aa Planta<\/p>\n  <p>\ud83e\udd1d Patrocinadores: ESIIAB<\/p>\n<\/div>\n<\/div>\n<\/div>\n\n\n\n<hr class=\"wp-block-separator has-alpha-channel-opacity\" \/>\n<\/div>\n\n\n\n<div class=\"wp-block-group is-layout-flow wp-block-group-is-layout-flow\">\n<div class=\"wp-block-columns is-layout-flex wp-container-core-columns-is-layout-28f84493 wp-block-columns-is-layout-flex\">\n<div class=\"wp-block-column is-layout-flow wp-block-column-is-layout-flow\">\n<figure class=\"wp-block-image size-full\"><img loading=\"lazy\" decoding=\"async\" width=\"696\" height=\"392\" src=\"https:\/\/blog.uclm.es\/delegacionesiiab\/wp-content\/uploads\/sites\/252\/2026\/04\/image-4.png\" alt=\"\" class=\"wp-image-640\" srcset=\"https:\/\/blog.uclm.es\/delegacionesiiab\/wp-content\/uploads\/sites\/252\/2026\/04\/image-4.png 696w, https:\/\/blog.uclm.es\/delegacionesiiab\/wp-content\/uploads\/sites\/252\/2026\/04\/image-4-300x169.png 300w\" sizes=\"auto, (max-width: 696px) 100vw, 696px\" \/><\/figure>\n<\/div>\n\n\n\n<div class=\"wp-block-column is-layout-flow wp-block-column-is-layout-flow\">\n<div style=\"margin-bottom: 32px\">\n  <h2><strong>Kahoot: \u00bfQui\u00e9n quiere ser inform\u00e1tico?<\/strong><\/h2>\n  <p>Actividad participativa en formato Kahoot con preguntas relacionadas con inform\u00e1tica, cultura tecnol\u00f3gica y entretenimiento.<\/p>\n  <div style=\"height: 8px\"><\/div>\n  <p>\ud83d\uddd3\ufe0f Viernes 24 de abril, 11:35<\/p>\n  <p>\ud83d\udccd Lugar: Sal\u00f3n de Actos<\/p>\n<\/div>\n<\/div>\n<\/div>\n\n\n\n<hr class=\"wp-block-separator has-alpha-channel-opacity\" \/>\n<\/div>\n\n\n\n<div class=\"wp-block-group is-layout-flow wp-block-group-is-layout-flow\">\n<div class=\"wp-block-columns is-layout-flex wp-container-core-columns-is-layout-28f84493 wp-block-columns-is-layout-flex\">\n<div class=\"wp-block-column is-layout-flow wp-block-column-is-layout-flow\">\n<figure class=\"wp-block-image size-full\"><img loading=\"lazy\" decoding=\"async\" width=\"1920\" height=\"1280\" src=\"https:\/\/blog.uclm.es\/delegacionesiiab\/wp-content\/uploads\/sites\/252\/2026\/04\/thegraphicman-cup-6698294_1920.jpg\" alt=\"\" class=\"wp-image-641\" style=\"aspect-ratio:16\/9;object-fit:cover\" srcset=\"https:\/\/blog.uclm.es\/delegacionesiiab\/wp-content\/uploads\/sites\/252\/2026\/04\/thegraphicman-cup-6698294_1920.jpg 1920w, https:\/\/blog.uclm.es\/delegacionesiiab\/wp-content\/uploads\/sites\/252\/2026\/04\/thegraphicman-cup-6698294_1920-300x200.jpg 300w, https:\/\/blog.uclm.es\/delegacionesiiab\/wp-content\/uploads\/sites\/252\/2026\/04\/thegraphicman-cup-6698294_1920-1024x683.jpg 1024w, https:\/\/blog.uclm.es\/delegacionesiiab\/wp-content\/uploads\/sites\/252\/2026\/04\/thegraphicman-cup-6698294_1920-768x512.jpg 768w, https:\/\/blog.uclm.es\/delegacionesiiab\/wp-content\/uploads\/sites\/252\/2026\/04\/thegraphicman-cup-6698294_1920-1536x1024.jpg 1536w\" sizes=\"auto, (max-width: 1920px) 100vw, 1920px\" \/><\/figure>\n<\/div>\n\n\n\n<div class=\"wp-block-column is-layout-flow wp-block-column-is-layout-flow\">\n<div style=\"margin-bottom: 32px\">\n  <h2><strong>Entrega de premios y clausura de la semana cultural<\/strong><\/h2>\n  <p>Acto final de la semana cultural con entrega de premios y clausura oficial. A continuaci\u00f3n nos dirigimos a la comida de campus.<\/p>\n  <div style=\"height: 8px\"><\/div>\n  <p>\ud83d\uddd3\ufe0f Viernes 24 de abril, 12:00<\/p>\n  <p>\ud83d\udccd Lugar: Sal\u00f3n de actos<\/p>\n<\/div>\n<\/div>\n<\/div>\n\n\n\n<hr class=\"wp-block-separator has-alpha-channel-opacity\" \/>\n<\/div>\n\n\n\n<div class=\"wp-block-group is-layout-flow wp-block-group-is-layout-flow\">\n<div class=\"wp-block-columns is-layout-flex wp-container-core-columns-is-layout-28f84493 wp-block-columns-is-layout-flex\">\n<div class=\"wp-block-column is-layout-flow wp-block-column-is-layout-flow\">\n<figure class=\"wp-block-image size-full is-resized\"><img loading=\"lazy\" decoding=\"async\" width=\"620\" height=\"330\" src=\"https:\/\/blog.uclm.es\/delegacionesiiab\/wp-content\/uploads\/sites\/252\/2026\/04\/image-5.png\" alt=\"\" class=\"wp-image-642\" style=\"aspect-ratio:1.7777777777777777;object-fit:cover;width:626px;height:auto\" srcset=\"https:\/\/blog.uclm.es\/delegacionesiiab\/wp-content\/uploads\/sites\/252\/2026\/04\/image-5.png 620w, https:\/\/blog.uclm.es\/delegacionesiiab\/wp-content\/uploads\/sites\/252\/2026\/04\/image-5-300x160.png 300w\" sizes=\"auto, (max-width: 620px) 100vw, 620px\" \/><\/figure>\n<\/div>\n\n\n\n<div class=\"wp-block-column is-layout-flow wp-block-column-is-layout-flow\">\n<div style=\"margin-bottom: 32px\">\n  <h2><strong>Comida de Campus<\/strong><\/h2>\n  <p>Comida de campus planteada como espacio de convivencia y cierre social de la programaci\u00f3n de actividades.<\/p>\n  <div style=\"height: 8px\"><\/div>\n  <p>\ud83d\uddd3\ufe0f Viernes 24 de abril, 14:00<\/p>\n  <p>\ud83d\udccd Lugar: Plaza de la Universidad<\/p>\n<\/div>\n<\/div>\n<\/div>\n\n\n\n<hr class=\"wp-block-separator has-alpha-channel-opacity\" \/>\n<\/div>\n\n\n\n<p class=\"has-small-font-size\"><em>El programa aqu\u00ed expuesto es de car\u00e1cter informativo. La organizaci\u00f3n se reserva la facultad de alterar, acortar o modificar los horarios y ponentes por causas ajenas o de log\u00edstica interna, sin que esto suponga una responsabilidad de reembolso o compensaci\u00f3n.<\/em><\/p>\n","protected":false},"excerpt":{"rendered":"<p>Consulta aqu\u00ed el programa de actividades de la Semana Cultural 2026. Explora las charlas, talleres, torneos y eventos tecnol\u00f3gicos que hemos preparado para ti. Filtrar actividades por d\u00eda Lunes 20 de abril Charla: Vapear es fumar: demostrando la estrategia de la industria Charla divulgativa centrada en el impacto del vapeo y en c\u00f3mo la industria [&hellip;]<\/p>\n","protected":false},"author":577,"featured_media":612,"parent":0,"menu_order":0,"comment_status":"closed","ping_status":"closed","template":"","meta":{"footnotes":""},"class_list":["post-591","page","type-page","status-publish","has-post-thumbnail","hentry"],"_links":{"self":[{"href":"https:\/\/blog.uclm.es\/delegacionesiiab\/wp-json\/wp\/v2\/pages\/591","targetHints":{"allow":["GET"]}}],"collection":[{"href":"https:\/\/blog.uclm.es\/delegacionesiiab\/wp-json\/wp\/v2\/pages"}],"about":[{"href":"https:\/\/blog.uclm.es\/delegacionesiiab\/wp-json\/wp\/v2\/types\/page"}],"author":[{"embeddable":true,"href":"https:\/\/blog.uclm.es\/delegacionesiiab\/wp-json\/wp\/v2\/users\/577"}],"replies":[{"embeddable":true,"href":"https:\/\/blog.uclm.es\/delegacionesiiab\/wp-json\/wp\/v2\/comments?post=591"}],"version-history":[{"count":29,"href":"https:\/\/blog.uclm.es\/delegacionesiiab\/wp-json\/wp\/v2\/pages\/591\/revisions"}],"predecessor-version":[{"id":665,"href":"https:\/\/blog.uclm.es\/delegacionesiiab\/wp-json\/wp\/v2\/pages\/591\/revisions\/665"}],"wp:featuredmedia":[{"embeddable":true,"href":"https:\/\/blog.uclm.es\/delegacionesiiab\/wp-json\/wp\/v2\/media\/612"}],"wp:attachment":[{"href":"https:\/\/blog.uclm.es\/delegacionesiiab\/wp-json\/wp\/v2\/media?parent=591"}],"curies":[{"name":"wp","href":"https:\/\/api.w.org\/{rel}","templated":true}]}}