{"id":327,"date":"2026-04-21T08:53:38","date_gmt":"2026-04-21T08:53:38","guid":{"rendered":"https:\/\/blog.uclm.es\/davidsanchezramos\/?page_id=327"},"modified":"2026-04-21T08:54:49","modified_gmt":"2026-04-21T08:54:49","slug":"trabajo-proyectual-energias-renovables-contenidos","status":"publish","type":"page","link":"https:\/\/blog.uclm.es\/davidsanchezramos\/docencia\/trabajo-proyectual-energias-renovables\/trabajo-proyectual-energias-renovables-contenidos\/","title":{"rendered":"TRABAJO PROYECTUAL: ENERG\u00cdAS RENOVABLES &#8211; Contenidos"},"content":{"rendered":"\n<h1 class=\"wp-block-heading\">1\u00a0\u00a0\u00a0\u00a0\u00a0\u00a0\u00a0\u00a0 <a href=\"https:\/\/blog.uclm.es\/davidsanchezramos\/wp-content\/uploads\/sites\/48\/2026\/04\/TPER_1_CondicionantesAmbientales_resumen.pdf\" data-type=\"attachment\" data-id=\"335\">Condicionantes Ambientales en Proyectos de Energ\u00eda Fotovoltaica<\/a><\/h1>\n\n\n\n<h1 class=\"wp-block-heading\">2\u00a0\u00a0\u00a0\u00a0\u00a0\u00a0\u00a0\u00a0 <a href=\"https:\/\/blog.uclm.es\/davidsanchezramos\/wp-content\/uploads\/sites\/48\/2026\/04\/TPER_2_Procedimiento_SIG_Mapa_Sensibilidad_Ambiental.pdf\" data-type=\"attachment\" data-id=\"336\">Procedimiento SIG para la elaboraci\u00f3n de un Mapa Sensibilidad Ambiental<\/a><\/h1>\n\n\n\n<h1 class=\"wp-block-heading\">3&nbsp;&nbsp;&nbsp;&nbsp;&nbsp;&nbsp;&nbsp;&nbsp; Gu\u00edas y manuales de referencia<\/h1>\n\n\n\n<h2 class=\"wp-block-heading\">3.1\u00a0\u00a0\u00a0\u00a0\u00a0\u00a0 <a href=\"https:\/\/blog.uclm.es\/davidsanchezramos\/wp-content\/uploads\/sites\/48\/2026\/04\/TPER_3.1_MITECO_2020_Zonificacion-ambiental-EERR_Resumen.pdf\" data-type=\"attachment\" data-id=\"332\">Zonificaci\u00f3n ambiental para la implantaci\u00f3n de energ\u00edas renovables: e\u00f3lica y fotovoltaica. Sensibilidad ambiental y clasificaci\u00f3n del territorio. Resumen ejecutivo<\/a> (MITECO, 2020)<\/h2>\n\n\n\n<h2 class=\"wp-block-heading\">3.2\u00a0\u00a0\u00a0\u00a0\u00a0\u00a0 <a href=\"https:\/\/blog.uclm.es\/davidsanchezramos\/wp-content\/uploads\/sites\/48\/2026\/04\/TPER_3.2_MITECO_2020_Zonificacion-ambiental-EERR_Memoria.pdf\" data-type=\"attachment\" data-id=\"337\">Zonificaci\u00f3n ambiental para la implantaci\u00f3n de energ\u00edas renovables: e\u00f3lica y fotovoltaica. Sensibilidad ambiental y clasificaci\u00f3n del territorio. Memoria<\/a> (MITECO, 2020)<\/h2>\n\n\n\n<h2 class=\"wp-block-heading\">3.3\u00a0\u00a0\u00a0\u00a0\u00a0\u00a0 <a href=\"https:\/\/blog.uclm.es\/davidsanchezramos\/wp-content\/uploads\/sites\/48\/2026\/04\/TPER_3.3_JCCM_2021_Buenas-practicas-ambientales-produccion-EERR.pdf\" data-type=\"attachment\" data-id=\"330\">Buenas pr\u00e1cticas ambientales para la implantaci\u00f3n y desarrollo de proyectos prioritarios. <strong>Instalaciones de producci\u00f3n de energ\u00eda. Plantas fotovoltaicas y Parques e\u00f3licos<\/strong><\/a> (JCCM, 2021)<\/h2>\n\n\n\n<h2 class=\"wp-block-heading\">3.4\u00a0\u00a0\u00a0\u00a0\u00a0\u00a0 <a href=\"https:\/\/blog.uclm.es\/davidsanchezramos\/wp-content\/uploads\/sites\/48\/2026\/04\/TPER_3.4_UNEF_22_Guia_mejores_practicas_ambientales_FV.pdf\" data-type=\"attachment\" data-id=\"334\">G<strong>u\u00eda de mejores pr\u00e1cticas para el desarrollo de plantas solares<\/strong><\/a> (UNEF, 2022)<\/h2>\n\n\n\n<h2 class=\"wp-block-heading\">3.5\u00a0\u00a0\u00a0\u00a0\u00a0\u00a0 <a href=\"https:\/\/blog.uclm.es\/davidsanchezramos\/wp-content\/uploads\/sites\/48\/2026\/04\/TPER_3.5_MITECO_2022_Guia_EsIA_plantas_FV.pdf\" data-type=\"attachment\" data-id=\"333\">Gu\u00eda para la elaboraci\u00f3n de Estudios de Impacto Ambiental de proyectos de plantas solares fotovoltaicas y sus infraestructuras de evacuaci\u00f3n<\/a> (MITECO, 2022)<\/h2>\n\n\n\n<p><a href=\"http:\/\/creativecommons.org\/licenses\/by-sa\/4.0\/\"><\/a><br>TRABAJO PROYECTUAL: ENERG\u00cdAS RENOVABLES (2026) por David S\u00e1nchez Ramos se distribuye bajo una&nbsp;<a href=\"http:\/\/creativecommons.org\/licenses\/by-sa\/4.0\/\">Licencia Creative Commons Atribuci\u00f3n-CompartirIgual 4.0 Internacional.<\/a><\/p>\n","protected":false},"excerpt":{"rendered":"<p>1\u00a0\u00a0\u00a0\u00a0\u00a0\u00a0\u00a0\u00a0 Condicionantes Ambientales en Proyectos de Energ\u00eda Fotovoltaica 2\u00a0\u00a0\u00a0\u00a0\u00a0\u00a0\u00a0\u00a0 Procedimiento SIG para la elaboraci\u00f3n de un Mapa Sensibilidad Ambiental 3&nbsp;&nbsp;&nbsp;&nbsp;&nbsp;&nbsp;&nbsp;&nbsp; Gu\u00edas y manuales de referencia 3.1\u00a0\u00a0\u00a0\u00a0\u00a0\u00a0 Zonificaci\u00f3n ambiental para la implantaci\u00f3n de energ\u00edas renovables: e\u00f3lica y fotovoltaica. Sensibilidad ambiental y clasificaci\u00f3n del territorio. Resumen ejecutivo (MITECO, 2020) 3.2\u00a0\u00a0\u00a0\u00a0\u00a0\u00a0 Zonificaci\u00f3n ambiental para la implantaci\u00f3n de energ\u00edas &hellip; <a href=\"https:\/\/blog.uclm.es\/davidsanchezramos\/docencia\/trabajo-proyectual-energias-renovables\/trabajo-proyectual-energias-renovables-contenidos\/\" class=\"more-link\">Seguir leyendo <span class=\"screen-reader-text\">TRABAJO PROYECTUAL: ENERG\u00cdAS RENOVABLES &#8211; Contenidos<\/span> <span class=\"meta-nav\">&rarr;<\/span><\/a><\/p>\n","protected":false},"author":47,"featured_media":0,"parent":325,"menu_order":0,"comment_status":"closed","ping_status":"closed","template":"","meta":{"footnotes":""},"class_list":["post-327","page","type-page","status-publish","hentry"],"_links":{"self":[{"href":"https:\/\/blog.uclm.es\/davidsanchezramos\/wp-json\/wp\/v2\/pages\/327","targetHints":{"allow":["GET"]}}],"collection":[{"href":"https:\/\/blog.uclm.es\/davidsanchezramos\/wp-json\/wp\/v2\/pages"}],"about":[{"href":"https:\/\/blog.uclm.es\/davidsanchezramos\/wp-json\/wp\/v2\/types\/page"}],"author":[{"embeddable":true,"href":"https:\/\/blog.uclm.es\/davidsanchezramos\/wp-json\/wp\/v2\/users\/47"}],"replies":[{"embeddable":true,"href":"https:\/\/blog.uclm.es\/davidsanchezramos\/wp-json\/wp\/v2\/comments?post=327"}],"version-history":[{"count":3,"href":"https:\/\/blog.uclm.es\/davidsanchezramos\/wp-json\/wp\/v2\/pages\/327\/revisions"}],"predecessor-version":[{"id":338,"href":"https:\/\/blog.uclm.es\/davidsanchezramos\/wp-json\/wp\/v2\/pages\/327\/revisions\/338"}],"up":[{"embeddable":true,"href":"https:\/\/blog.uclm.es\/davidsanchezramos\/wp-json\/wp\/v2\/pages\/325"}],"wp:attachment":[{"href":"https:\/\/blog.uclm.es\/davidsanchezramos\/wp-json\/wp\/v2\/media?parent=327"}],"curies":[{"name":"wp","href":"https:\/\/api.w.org\/{rel}","templated":true}]}}