{"id":283,"date":"2019-02-15T19:00:55","date_gmt":"2019-02-15T18:00:55","guid":{"rendered":"http:\/\/blog.uclm.es\/carmenlacave\/?page_id=283"},"modified":"2025-11-14T17:55:33","modified_gmt":"2025-11-14T17:55:33","slug":"pfcs-y-tfgs","status":"publish","type":"page","link":"https:\/\/blog.uclm.es\/carmenlacave\/pfcs-y-tfgs\/","title":{"rendered":"PFCs y TFGs"},"content":{"rendered":"\n<h1 class=\"wp-block-heading\"><strong>2025<\/strong><\/h1>\n\n\n\n<ul class=\"wp-block-list\">\n<li>Redise\u00f1o y evaluaci\u00f3n de la experiencia de usuario de un sistema web de generaci\u00f3n de c\u00f3digo cu\u00e1ntico. <em>Patr\u00edcia D\u00edez Herguido.<\/em> Matr\u00edcula de Honor.<\/li>\n\n\n\n<li>Connexa: Aplicaci\u00f3n web para la asignaci\u00f3n de asistentes personales a personas con TEA (TFG). <em>Adri\u00e1n Carrasco Espinosa<\/em>. Matr\u00edcula de Honor.<\/li>\n\n\n\n<li>PlanTEA-WM: Migraci\u00f3n y mejora de una aplicaci\u00f3n de planificaci\u00f3n para personas con TEA (TFG). <em>Jos\u00e9 Lara Navarro.<\/em> Matr\u00edcula de Honor. <strong>Premio al mejor TFG o TFM <\/strong>en la <strong>V Convocatoria de los Premios M\u00e1quina de Turing<\/strong> otorgado por <a href=\"http:\/\/www.cojali.com\/es\/\">Cojali<\/a>. <strong>Premio<\/strong> de TFG de <a href=\"https:\/\/aipo.es\/\">AIPO<\/a> en el <strong>10\u00ba Concurso de TFG y TFM en Interacci\u00f3n persona Ordenador<\/strong>.<\/li>\n<\/ul>\n\n\n\n<p><strong>2023<\/strong><\/p>\n\n\n\n<ul class=\"wp-block-list\">\n<li>PlanTEA 3.0: Evoluci\u00f3n de un cuaderno de anticipaci\u00f3n\/planificaci\u00f3n y comunicaci\u00f3n alternativa para personas con TEA que asisten a consultas m\u00e9dicas (TFG). <em>Laura Morales Caro<\/em>. Matr\u00edcula de Honor. <strong>1<sup>er <\/sup>Premio<\/strong> en la II Convocatoria de los Premios <strong>TFG sobre Discapacidad (UCLM).<\/strong><\/li>\n<\/ul>\n\n\n\n<h2 class=\"wp-block-heading\">2022<\/h2>\n\n\n\n<ul class=\"wp-block-list\">\n<li>Aplicaci\u00f3n m\u00f3vil para la creaci\u00f3n y gesti\u00f3n de ejercicios de gram\u00e1tica francesa adaptados (TFG). <em>Alberto D\u00edaz Mart\u00edn<\/em>. Notable<\/li>\n\n\n\n<li>Creaci\u00f3n de un sistema web para la gesti\u00f3n de un club de senderistas (TFG). <em>Aar\u00f3n Barrag\u00e1n G\u00f3mez<\/em>. Sobresaliente. <\/li>\n<\/ul>\n\n\n\n<p><strong>2021<\/strong><\/p>\n\n\n\n<ul class=\"wp-block-list\">\n<li><a href=\"https:\/\/blog.uclm.es\/carmenlacave\/wp-content\/uploads\/sites\/22\/2022\/01\/PLANTEA1_0.pdf\">Cuaderno de anticipaci\u00f3n\/planificaci\u00f3n y comunicaci\u00f3n aumentativa y alternativa para personas con TEA que asisten a consultas m\u00e9dicas (TFG)<\/a>. <em>Sara Lara Caro<\/em>. Sobresaliente<\/li>\n\n\n\n<li>Sistema de gesti\u00f3n de entradas para una asociaci\u00f3n cultural de organizaci\u00f3n de eventos art\u00edsticos (TFG). <em>\u00c1ngel S\u00e1nchez Gonz\u00e1lez<\/em>. Notable<\/li>\n\n\n\n<li>Sistema de ayuda al profesorado de ESO para la calificaci\u00f3n autom\u00e1tica de su alumnado (TFG).<em> Luc\u00eda Calzado Piedrabuena<\/em>. Notable<\/li>\n<\/ul>\n\n\n\n<h2 class=\"wp-block-heading\">2020<\/h2>\n\n\n\n<ul class=\"wp-block-list\">\n<li>Freeket: Un sistema web de gesti\u00f3n y adquisici\u00f3n de entradas para eventos culturales gratuitos (TFG). <em>Alberto Angulo Lucer\u00f3n<\/em>. Sobresaliente<\/li>\n<\/ul>\n\n\n\n<h2 class=\"wp-block-heading\">2019<\/h2>\n\n\n\n<ul class=\"wp-block-list\">\n<li><a href=\"https:\/\/ruidera.uclm.es\/xmlui\/handle\/10578\/23175\">COLLECE 2.0: Un sistema CSCL de soporte a la programaci\u00f3n en Eclipse<\/a>\u00a0(TFG)<strong>.\u00a0<\/strong><em>M\u00aa Angeles\u00a0Garc\u00eda\u00a0Mar\u00edn<\/em> (TFG): Matr\u00edcula de Honor<\/li>\n<\/ul>\n\n\n\n<h2 class=\"wp-block-heading\">2018<\/h2>\n\n\n\n<ul class=\"wp-block-list\">\n<li><a href=\"https:\/\/ruidera.uclm.es\/xmlui\/handle\/10578\/19074\">VISALIPSE: Plugin para el IDE Eclipse para la visualizaci\u00f3n de algoritmos  recursivos bajo el paradigma de la Programaci\u00f3n Orientada a Aspectos<\/a> (TFG). <em>Ra\u00fal Abad Gomez-Pastrana.<\/em> Matr\u00edcula de Honor<\/li>\n\n\n\n<li><a href=\"https:\/\/ruidera.uclm.es\/xmlui\/handle\/10578\/19013\">Aplicaci\u00f3n para dispositivos m\u00f3viles para el aprendizaje de matem\u00e1ticas en alumnos de primaria<\/a> (TFG). <em>Jaime P\u00e9rez S\u00e1nchez<\/em>. Sobresaliente <\/li>\n<\/ul>\n\n\n\n<h2 class=\"wp-block-heading\">2017<\/h2>\n\n\n\n<ul class=\"wp-block-list\">\n<li><a href=\"https:\/\/ruidera.uclm.es\/xmlui\/handle\/10578\/15447\">Aplicaci\u00f3n para dispositivos m\u00f3viles para el aprendizaje de an\u00e1lisis sint\u00e1ctico de oraciones en alumnos de primaria<\/a> (TFG). <em>Estefan\u00eda Barchino Quintana<\/em>. Sobresaliente<\/li>\n\n\n\n<li><a href=\"https:\/\/ruidera.uclm.es\/xmlui\/handle\/10578\/16275\">Herramienta para la edici\u00f3n y visualizaci\u00f3n de algoritmos de ordenaci\u00f3n<\/a> (TFG). <em>Iv\u00e1n Garc\u00eda Pulido<\/em>. Sobresaliente<\/li>\n\n\n\n<li><a href=\"https:\/\/ruidera.uclm.es\/xmlui\/handle\/10578\/15417\">Sistema multiplataforma de ayuda a la planificaci\u00f3n y gesti\u00f3n de tareas escolares<\/a> (TFG). <em>Andr\u00e9s Folgado Cod\u00f3n<\/em>. Sobresaliente<\/li>\n\n\n\n<li><\/li>\n<\/ul>\n\n\n\n<h2 class=\"wp-block-heading\">2015<\/h2>\n\n\n\n<ul class=\"wp-block-list\">\n<li><a href=\"https:\/\/ruidera.uclm.es\/xmlui\/handle\/10578\/6666\">Aplicaci\u00f3n para entrenamiento de la memoria en ni\u00f1os con TDAH<\/a> (TFG). <em>David Mu\u00f1oz S\u00e1nchez.<\/em>Sobresaliente<\/li>\n\n\n\n<li><a href=\"https:\/\/ruidera.uclm.es\/xmlui\/handle\/10578\/6665\">VisBack: herramienta para la visualizaci\u00f3n de algoritmos de backtracking<\/a> (TFG). <em>Jes\u00fas Francisco P\u00e9rez Mena.<\/em> Sobresaliente<\/li>\n<\/ul>\n\n\n\n<h2 class=\"wp-block-heading\">2009<\/h2>\n\n\n\n<ul class=\"wp-block-list\">\n<li>Tutorial Interactivo para la ense\u00f1anza de Estructuras de Datos y de la  Informaci\u00f3n (PFC). <em>Santiago Gonzalo Sillero.<\/em>\u00a0Sobresaliente<\/li>\n<\/ul>\n\n\n\n<h2 class=\"wp-block-heading\">2008<\/h2>\n\n\n\n<ul class=\"wp-block-list\">\n<li>An\u00e1lisis de sensibilidad en redes bayesianas en Elvira (PFC). <em>Alberto Manuel Ruiz Lafuente.<\/em> Notable<\/li>\n<\/ul>\n\n\n\n<h2 class=\"wp-block-heading\">2005<\/h2>\n\n\n\n<ul class=\"wp-block-list\">\n<li>Dise\u00f1o, implementaci\u00f3n e integraci\u00f3n en Elvira de una interfaz para un sistema de ayuda al diagn\u00f3stico m\u00e9dico (PFC). <em>Fernando Vara Braojos.<\/em> Sobresaliente<\/li>\n<\/ul>\n","protected":false},"excerpt":{"rendered":"<p>2025 2023 2022 2021 2020 2019 2018 2017 2015 2009 2008 2005<\/p>\n","protected":false},"author":127,"featured_media":33,"parent":0,"menu_order":0,"comment_status":"closed","ping_status":"closed","template":"","meta":{"footnotes":""},"class_list":["post-283","page","type-page","status-publish","has-post-thumbnail","hentry"],"_links":{"self":[{"href":"https:\/\/blog.uclm.es\/carmenlacave\/wp-json\/wp\/v2\/pages\/283","targetHints":{"allow":["GET"]}}],"collection":[{"href":"https:\/\/blog.uclm.es\/carmenlacave\/wp-json\/wp\/v2\/pages"}],"about":[{"href":"https:\/\/blog.uclm.es\/carmenlacave\/wp-json\/wp\/v2\/types\/page"}],"author":[{"embeddable":true,"href":"https:\/\/blog.uclm.es\/carmenlacave\/wp-json\/wp\/v2\/users\/127"}],"replies":[{"embeddable":true,"href":"https:\/\/blog.uclm.es\/carmenlacave\/wp-json\/wp\/v2\/comments?post=283"}],"version-history":[{"count":1,"href":"https:\/\/blog.uclm.es\/carmenlacave\/wp-json\/wp\/v2\/pages\/283\/revisions"}],"predecessor-version":[{"id":385,"href":"https:\/\/blog.uclm.es\/carmenlacave\/wp-json\/wp\/v2\/pages\/283\/revisions\/385"}],"wp:featuredmedia":[{"embeddable":true,"href":"https:\/\/blog.uclm.es\/carmenlacave\/wp-json\/wp\/v2\/media\/33"}],"wp:attachment":[{"href":"https:\/\/blog.uclm.es\/carmenlacave\/wp-json\/wp\/v2\/media?parent=283"}],"curies":[{"name":"wp","href":"https:\/\/api.w.org\/{rel}","templated":true}]}}