{"id":206,"date":"2022-06-25T07:12:03","date_gmt":"2022-06-25T06:12:03","guid":{"rendered":"https:\/\/blog.uclm.es\/anaisabelmolina\/?page_id=206"},"modified":"2023-12-23T07:49:49","modified_gmt":"2023-12-23T07:49:49","slug":"proyectos-de-investigacion-investigadora-principal","status":"publish","type":"page","link":"https:\/\/blog.uclm.es\/anaisabelmolina\/investigacion\/proyectos-de-investigacion-investigadora-principal\/","title":{"rendered":"Proyectos de Investigaci\u00f3n (Investigadora Principal)"},"content":{"rendered":"\n<ul class=\"wp-block-list\">\n<li><strong>Proyecto<\/strong>. PlanTEAAF: Desarrollo de una aplicaci\u00f3n de soporte a la planificaci\u00f3n para usuarios con autismo de alto funcionamiento (AAF). Convocatoria para la concesi\u00f3n de ayudas para la realizaci\u00f3n de proyectos de investigaci\u00f3n aplicada, en el marco del Plan Propio de Investigaci\u00f3n, cofinanciadas en un 85% por el Fondo Europeo de Desarrollo Regional (FEDER). IPs: Miguel \u00c1ngel Redondo y Ana Isabel Molina D\u00edaz. 2023-2025. <strong>Investigadora principal.<\/strong><\/li>\n\n\n\n<li><strong>Proyecto. <\/strong><a href=\"https:\/\/blog.uclm.es\/grupochico\/proyecto-aptea\/\">APTEA: Desarrollo y evaluaci\u00f3n de una soluci\u00f3n software de soporte a la autonom\u00eda personal en tareas cotidianas a personas TEA de alto funcionamiento<\/a>. Convocatoria de \u201cAyudas p\u00fablicas a proyectos estrat\u00e9gicos orientados a la transici\u00f3n ecol\u00f3gica y a la transici\u00f3n digital, del Plan Estatal de Investigaci\u00f3n Cient\u00edfica, T\u00e9cnica y de Innovaci\u00f3n para el per\u00edodo 2021-2023, en el marco del Plan de Recuperaci\u00f3n, Transformaci\u00f3n y Resiliencia\u201d. IPs: Ana Isabel Molina D\u00edaz y Carmen Lacave Rodero. 2023-2024. <strong>Investigadora principal<\/strong>.<\/li>\n\n\n\n<li><strong>Proyecto. <\/strong><a href=\"https:\/\/blog.uclm.es\/grupochico\/proyecto-codifica\/\">CODIFICA: Desarrollo y evaluaci\u00f3n de un entorno que soporte diferenciaci\u00f3n individual e interacci\u00f3n natural en tareas colaborativas de programaci\u00f3n<\/a>. Ministerio de Ciencia e Innovaci\u00f3n. Convocatoria de \u201cProyectos de Generaci\u00f3n de Conocimiento\u201d en el marco del Programa Estatal para Impulsar la Investigaci\u00f3n Cient\u00edfico-T\u00e9cnica y su Transferencia, del Plan Estatal de Investigaci\u00f3n Cient\u00edfica, T\u00e9cnica y de Innovaci\u00f3n 2022-2023. IPs: Miguel \u00c1ngel Redondo y Ana Isabel Molina D\u00edaz. 2023-2025. <strong>Investigadora principal<\/strong>.<\/li>\n\n\n\n<li><strong>Proyecto.<\/strong> <a href=\"https:\/\/blog.uclm.es\/grupochico\/proyecto-frawa\/\">FRAWA: Framework para el dise\u00f1o y la mejora del awareness en sistemas groupware. Aplicaciones en vitinicultura y ecoturismo<\/a>. Junta de Comunidades de Castilla-La Mancha (JCCM). Convocatoria de proyectos de investigaci\u00f3n cient\u00edfica y transferencia de tecnolog\u00eda. IPs: Crescencio Bravo Santos y Ana Isabel Molina D\u00edaz. 2022-2025. <strong>Investigadora principal.<\/strong><\/li>\n\n\n\n<li><strong>Proyecto.<\/strong> i-CoLab: Enriqueciendo el aula de secundaria mediante el aprendizaje en grupo y nuevos dispositivos de interacci\u00f3n Junta de Comunidades de Castilla-La Mancha (JCCM). Proyectos regionales de cooperaci\u00f3n en materia de investigaci\u00f3n entre Departamentos Universitarios y el Profesorado de los niveles previos a la Universidad. Ana Isabel Molina D\u00edaz (IP-UCLM). 2010-2012. <strong>Investigadora principal<\/strong>.<\/li>\n\n\n\n<li><strong>Proyecto<\/strong>. M-CUIDE (Mobile-Collaborative User Interfaces DEvelopment): Una propuesta metodol\u00f3gica para el desarrollo de la IU en aplicaciones groupware m\u00f3viles. Proyectos liderados por profesorado contratado a tiempo completo. IP: Ana Isabel Molina D\u00edaz. 2008-2009. <strong>Investigadora principal.<\/strong>  \u00a0<\/li>\n<\/ul>\n","protected":false},"excerpt":{"rendered":"","protected":false},"author":68,"featured_media":0,"parent":40,"menu_order":3,"comment_status":"closed","ping_status":"closed","template":"","meta":{"footnotes":""},"class_list":["post-206","page","type-page","status-publish","hentry"],"_links":{"self":[{"href":"https:\/\/blog.uclm.es\/anaisabelmolina\/wp-json\/wp\/v2\/pages\/206","targetHints":{"allow":["GET"]}}],"collection":[{"href":"https:\/\/blog.uclm.es\/anaisabelmolina\/wp-json\/wp\/v2\/pages"}],"about":[{"href":"https:\/\/blog.uclm.es\/anaisabelmolina\/wp-json\/wp\/v2\/types\/page"}],"author":[{"embeddable":true,"href":"https:\/\/blog.uclm.es\/anaisabelmolina\/wp-json\/wp\/v2\/users\/68"}],"replies":[{"embeddable":true,"href":"https:\/\/blog.uclm.es\/anaisabelmolina\/wp-json\/wp\/v2\/comments?post=206"}],"version-history":[{"count":5,"href":"https:\/\/blog.uclm.es\/anaisabelmolina\/wp-json\/wp\/v2\/pages\/206\/revisions"}],"predecessor-version":[{"id":458,"href":"https:\/\/blog.uclm.es\/anaisabelmolina\/wp-json\/wp\/v2\/pages\/206\/revisions\/458"}],"up":[{"embeddable":true,"href":"https:\/\/blog.uclm.es\/anaisabelmolina\/wp-json\/wp\/v2\/pages\/40"}],"wp:attachment":[{"href":"https:\/\/blog.uclm.es\/anaisabelmolina\/wp-json\/wp\/v2\/media?parent=206"}],"curies":[{"name":"wp","href":"https:\/\/api.w.org\/{rel}","templated":true}]}}