{"id":90,"date":"2017-05-23T11:16:19","date_gmt":"2017-05-23T10:16:19","guid":{"rendered":"http:\/\/blogdev.uclm.es\/albertomunoz\/?page_id=90"},"modified":"2026-01-21T17:47:12","modified_gmt":"2026-01-21T16:47:12","slug":"trabajos-fin-de-grado","status":"publish","type":"page","link":"https:\/\/blog.uclm.es\/albertomunoz\/trabajos-fin-de-grado\/","title":{"rendered":"Trabajos fin de estudios"},"content":{"rendered":"<p>En este espacio se ofrece, a los estudiantes que me han sido asignados, una orientaci\u00f3n b\u00e1sica para emprender la realizaci\u00f3n del trabajo fin de estudios correspondiente a los siguientes estudios:<\/p>\n<ul>\n<li><strong><em>Grado en Administraci\u00f3n y Direcci\u00f3n de Empresas.<\/em><\/strong><\/li>\n<li><strong><em>Grado de Relaciones Laborales y Desarrollo de Recursos Humanos.<\/em><\/strong><\/li>\n<li><strong><em>M\u00e1ster Universitario en Auditor\u00eda de Cuentas.<\/em><\/strong><\/li>\n<\/ul>\n<p>Es necesario que leas atentamente toda la informaci\u00f3n disponible en la <span style=\"color: #3366ff\">web de la Facultad<\/span> relacionada con la elaboraci\u00f3n de este trabajo (plazos, normas, extensi\u00f3n, estilo, etc).<\/p>\n<hr \/>\n<h1><span style=\"color: #000000\"><strong>TRABAJO FIN DE GRADO<\/strong><\/span><\/h1>\n<p><strong>1. Aspectos comunes a ambos Grados:<\/strong><\/p>\n<ul>\n<li class=\"item-page-title-field\"><strong><span class=\"dont-break-out\">Normativa: <\/span><\/strong><a href=\"https:\/\/ruidera.uclm.es\/items\/d537ec40-ba7c-4461-b984-70c2f08a043f\" target=\"_blank\" rel=\"noopener\"><em><span class=\"dont-break-out\">Reglamento sobre la elaboraci\u00f3n y defensa del Trabajo Fin de Grado<\/span> en la UCLM (2018)<\/em><\/a><\/li>\n<li><strong>Ideas b\u00e1sicas sobre la naturaleza del Trabajo fin de grado<\/strong> (extra\u00eddas de la normativa):\n<ul>\n<li>El Tfg es un proyecto, memoria o estudio original.<\/li>\n<li>El Tfg .<\/li>\n<li>El proceso de elaboraci\u00f3n del Tfg y su resultado ser\u00e1 supervisado y dirigido por un profesor.<\/li>\n<li>El Tfg debe integrar y desarrollar los contenidos formativos recibidos, capacidades, competencias y habilidades adquiridas durante el periodo de docencia del Grado.<\/li>\n<li>El Tfg debe estar orientado a la aplicaci\u00f3n de las competencias generales asociadas a la titulaci\u00f3n, a capacitar para la b\u00fasqueda, gesti\u00f3n, organizaci\u00f3n e interpretaci\u00f3n de datos relevantes, normalmente de su \u00e1rea de estudio, para emitir juicios que incluyan una reflexi\u00f3n sobre temas relevantes de \u00edndole social, cient\u00edfica, tecnol\u00f3gica o \u00e9tica, y que facilite el desarrollo de un pensamiento y juicio cr\u00edtico, l\u00f3gico y creativo.<\/li>\n<\/ul>\n<\/li>\n<\/ul>\n<p><span style=\"color: #ff6600\"><strong>2. Trabajo fin de Grado en Administraci\u00f3n y Direcci\u00f3n de Empresas<\/strong><\/span><\/p>\n<ul>\n<li><strong>Contenido <\/strong>(seg\u00fan la <a href=\"https:\/\/planea.apps.uclm.es\/web\/guia\/320\/54329\/\" target=\"_blank\" rel=\"noopener\"><strong><em><span style=\"color: #333333\"><span style=\"color: #333399\"><span style=\"color: #808080\"><span style=\"color: #3366ff\">Gu\u00eda docente<\/span><\/span><\/span><\/span><\/em><\/strong><\/a>)<\/li>\n<\/ul>\n<p style=\"padding-left: 80px\"><strong>Tema 1. Seminarios metodol\u00f3gicos.<\/strong><\/p>\n<p style=\"padding-left: 80px\"><em>Seminarios metodol\u00f3gicos que instruyan al alumno en habilidades y t\u00e9cnicas instrumentales necesarias para la correcta elaboraci\u00f3n del TFG.<\/em><\/p>\n<p style=\"padding-left: 80px\">La realizaci\u00f3n de este tipo de talleres o seminarios no es obligatoria, pero s\u00ed necesaria e imprescindible para la correcta elaboraci\u00f3n de un trabajo acad\u00e9mico con una garant\u00edas m\u00ednimas de calidad y rigor. Carecer de unos conocimientos metodol\u00f3gicos b\u00e1sicos supone una limitaci\u00f3n importante a la hora de redactar, exponer y defender un trabajo fin de grado y, por tanto, una dificultad para superar la evaluaci\u00f3n final.<\/p>\n<p style=\"padding-left: 80px\">Para ello, se recomienda la realizaci\u00f3n de estos cursos virtuales y gratuitos ofrecidos por la Biblioteca de la UCLM:<\/p>\n<p style=\"padding-left: 120px\"><em>Aprendizaje en la b\u00fasqueda y el uso de la informaci\u00f3n (Nivel inicial)<\/em><\/p>\n<p style=\"padding-left: 120px\"><em>Aprendizaje en la b\u00fasqueda y el uso de la informaci\u00f3n (Nivel avanzado)<\/em><\/p>\n<p style=\"padding-left: 80px\">Aqu\u00ed pod\u00e9is ver m\u00e1s informaci\u00f3n y la forma de inscripci\u00f3n: <a href=\"https:\/\/www.biblioteca.uclm.es\/Aprende-usar\/formacion-linea\" target=\"_blank\" rel=\"noopener\"><span style=\"color: #3366ff\"><strong><em>Cursos Biblioteca<\/em><\/strong><\/span><\/a><\/p>\n<p style=\"padding-left: 80px\">Una vez realizado el aprendizaje metodol\u00f3gico oportuno, <span style=\"color: #808080\"><strong><em>tienes que enviarme el correspondiente justificante de aprovechamiento<\/em><\/strong><\/span>.<\/p>\n<p style=\"padding-left: 80px\">Si opt\u00e1is por no realizar ning\u00fan seminario metodol\u00f3gico, cualquier deficiencia metodol\u00f3gica recurrente que se detecte podr\u00e1 conllevar que el profesor-tutor no autorice la presentaci\u00f3n del trabajo para su defensa o que, en su caso, se autorice por cuenta y riesgo del propio alumno.<\/p>\n<p style=\"padding-left: 80px\"><strong>Tema 2. Elaboraci\u00f3n de la memoria final del TFG en formato escrito.<\/strong><\/p>\n<p style=\"padding-left: 120px\">1\u00ba.\u00a0 <em><span style=\"color: #808080\"><strong>Elaboraci\u00f3n del primer borrador<\/strong><\/span> en el que, sobre la base de los conocimientos adquiridos en los Seminarios de Orientaci\u00f3n, se propongan un t\u00edtulo e \u00edndice tentativos, justificaci\u00f3n y relevancia del tema, primeras referencias bibliogr\u00e1ficas.<\/em><\/p>\n<p style=\"padding-left: 120px\">2\u00ba.<em><span style=\"color: #808080\"><strong> Reuniones peri\u00f3dicas con el tutor<\/strong><\/span>, de forma individual o en grupos peque\u00f1os, para el adecuado seguimiento y orientaci\u00f3n en la realizaci\u00f3n del trabajo.<\/em><\/p>\n<p style=\"padding-left: 120px\">3\u00ba. <em><span style=\"color: #808080\"><strong>Discusi\u00f3n colaborativa y recurrente<\/strong><\/span> de las sucesivas versiones del trabajo.<\/em><\/p>\n<p style=\"padding-left: 120px\">4\u00ba.<em><span style=\"color: #808080\"><strong> Elaboraci\u00f3n de la memoria final <\/strong><\/span>del TFG en formato escrito y versi\u00f3n electr\u00f3nica.<\/em><\/p>\n<p style=\"padding-left: 80px\">Para facilitar la realizaci\u00f3n de este contenido se proporciona un documento de trabajo que puede servir como guion para empezar a reflexionar sobre el tema y a esbozar un posible \u00edndice:\u00a0<a href=\"https:\/\/blog.uclm.es\/albertomunoz\/wp-content\/uploads\/sites\/99\/2026\/01\/Guion-de-trabajo-TFG-TFM.docx\" target=\"_blank\" rel=\"noopener\"><em><strong><span style=\"color: #3366ff\">Guion de trabajo<\/span><\/strong><\/em><\/a><\/p>\n<p style=\"padding-left: 80px\">De manera recurrente, realizaremos un seguimiento peri\u00f3dico de los avances del alumno\/a.<\/p>\n<p style=\"padding-left: 80px\"><strong>Tema 3. Preparaci\u00f3n de exposici\u00f3n y defensa ante la Comisi\u00f3n de Evaluaci\u00f3n.<\/strong><\/p>\n<p style=\"padding-left: 80px\">1.<em>\u00a0Preparaci\u00f3n de la exposici\u00f3n y defensa del TFG frente a la comisi\u00f3n evaluadora.<\/em><\/p>\n<p style=\"padding-left: 80px\">2. <em>Defensa p\u00fablica del TFG.<\/em><\/p>\n<p style=\"padding-left: 80px\">En esta fase, se dar\u00e1n al alumno\/a las indicaciones oportunas para exponer y defender de manera adecuada su Tfg. Se revisar\u00e1 el material de apoyo a utilizar en la exposici\u00f3n y se realizar\u00e1, en su caso, alg\u00fan ensayo de la prueba.\u00a0<\/p>\n<p><span style=\"color: #339966\"><strong>3. Trabajo fin de Grado en Relaciones Laborales y Desarrollo de Recursos Humanos.<\/strong><\/span><\/p>\n<hr \/>\n<h1><strong>TRABAJO FIN DE M\u00c1STER<\/strong><\/h1>\n<p><strong>Contenido <\/strong>(seg\u00fan la <a href=\"https:\/\/planea.apps.uclm.es\/web\/guia\/2365\/311114\/2025-26\/\" target=\"_blank\" rel=\"noopener\">Gu\u00eda docente<\/a>)<\/p>\n<p>MUAC. Normativa: <a href=\"http:\/\/Reglamento_sobre_la__elaboraci\u00f3n_y_defensa_de_los_trabajos_de_fin_de_M\u00e1ster_en_la_UCLM.pdf(576.8 KB)\">Reglamento&#8230;.<\/a><\/p>\n<hr \/>\n<p><strong>REFERENCIAS \u00daTILES<\/strong><\/p>\n<p style=\"padding-left: 40px\"><a href=\"https:\/\/www.um.es\/documents\/378246\/2093234\/GU%C3%8DA+PARA+CITAR+SIN+COMETER+PLAGIO.pdf\/e10e72ec-faae-4a41-9520-b186dc6096a5\"><strong><em>\u00bfC\u00f3mo citar bibliograf\u00eda?<\/em><\/strong><\/a><\/p>\n<p style=\"padding-left: 40px\"><em><a href=\"https:\/\/biblioteca.uclm.es\/\"><strong>Biblioteca de la UCLM<\/strong><\/a>.<\/em><\/p>\n<p style=\"padding-left: 40px\"><em><a href=\"http:\/\/scholar.google.es\/\"><strong>Buscador de art\u00edculos de google<\/strong><\/a>.<\/em><\/p>\n<p style=\"padding-left: 40px\"><em><a href=\"http:\/\/books.google.es\/\"><strong>Google.books<\/strong><\/a><\/em><\/p>\n<p><strong>Enfoque transversal: Orientaci\u00f3n cr\u00edtica.<\/strong><\/p>\n<p><em>Se valora especialmente que el TFG no aborde el tema desde un enfoque estrictamente descriptivo, sino que lo haga con una orientaci\u00f3n cr\u00edtica, analizando en profundidad las causas reales y materiales que condicionan y justifican los temas abordados en el trabajo.<\/em><\/p>\n\n\n<p><\/p>\n","protected":false},"excerpt":{"rendered":"<p>En este espacio se ofrece, a los estudiantes que me han sido asignados, una orientaci\u00f3n b\u00e1sica para emprender la realizaci\u00f3n del trabajo fin de estudios correspondiente a los siguientes estudios: Grado en Administraci\u00f3n y Direcci\u00f3n de Empresas. Grado de Relaciones &hellip; <a href=\"https:\/\/blog.uclm.es\/albertomunoz\/trabajos-fin-de-grado\/\">Sigue leyendo <span class=\"meta-nav\">&rarr;<\/span><\/a><\/p>\n","protected":false},"author":101,"featured_media":0,"parent":0,"menu_order":0,"comment_status":"closed","ping_status":"closed","template":"","meta":{"footnotes":""},"class_list":["post-90","page","type-page","status-publish","hentry"],"_links":{"self":[{"href":"https:\/\/blog.uclm.es\/albertomunoz\/wp-json\/wp\/v2\/pages\/90","targetHints":{"allow":["GET"]}}],"collection":[{"href":"https:\/\/blog.uclm.es\/albertomunoz\/wp-json\/wp\/v2\/pages"}],"about":[{"href":"https:\/\/blog.uclm.es\/albertomunoz\/wp-json\/wp\/v2\/types\/page"}],"author":[{"embeddable":true,"href":"https:\/\/blog.uclm.es\/albertomunoz\/wp-json\/wp\/v2\/users\/101"}],"replies":[{"embeddable":true,"href":"https:\/\/blog.uclm.es\/albertomunoz\/wp-json\/wp\/v2\/comments?post=90"}],"version-history":[{"count":31,"href":"https:\/\/blog.uclm.es\/albertomunoz\/wp-json\/wp\/v2\/pages\/90\/revisions"}],"predecessor-version":[{"id":603,"href":"https:\/\/blog.uclm.es\/albertomunoz\/wp-json\/wp\/v2\/pages\/90\/revisions\/603"}],"wp:attachment":[{"href":"https:\/\/blog.uclm.es\/albertomunoz\/wp-json\/wp\/v2\/media?parent=90"}],"curies":[{"name":"wp","href":"https:\/\/api.w.org\/{rel}","templated":true}]}}